{"id":167158,"date":"2018-04-01T23:28:01","date_gmt":"2018-04-02T03:28:01","guid":{"rendered":"http:\/\/episcopalchurch:8888\/bible_study\/estudio-biblico-dia-de-pascua-b-2018\/"},"modified":"2020-12-03T11:03:03","modified_gmt":"2020-12-03T16:03:03","slug":"estudio-biblico-dia-de-pascua-b-2018","status":"publish","type":"bible_study","link":"https:\/\/www.episcopalchurch.org\/es\/bible_study\/estudio-biblico-dia-de-pascua-b-2018\/","title":{"rendered":"Estudio B\u00edblico: D\u00eda de Pascua (B) &#8211; 2018"},"content":{"rendered":"\n<hr class=\"wp-block-separator is-style-wide\"\/>\n\n\n\n<h4 class=\"wp-block-heading\"><strong>Hechos 10:34-43<\/strong><\/h4>\n\n\n\n<p>Pedro visita la casa de Cornelio en respuesta a una visi\u00f3n que lo convence de la generosidad del mensaje de Dios, un mensaje que ahora entiende que est\u00e1 destinado por igual a jud\u00edos y gentiles. Cornelio es un centuri\u00f3n y un gentil, y, por lo tanto, no es alguien con quien un jud\u00edo piadoso normalmente se comunicar\u00eda. Pero Pedro lo visita, de todos modos. Al llegar, Pedro proclama las buenas nuevas de la vida, la muerte y la resurrecci\u00f3n de Jes\u00fas con la autoridad de alguien que ha sido testigo de todo lo que ocurri\u00f3.<\/p>\n\n\n\n<p>En el pasaje que sigue inmediatamente a la lectura de hoy, el Esp\u00edritu Santo desciende sobre la gente a la que Pedro est\u00e1 hablando, y ellos son bautizados. Pedro pregunta: \u201c\u00bfPuede alguien impedir el agua del bautismo a estas personas que han recibido el Esp\u00edritu Santo tal como nosotros lo hemos recibido?\u201d Aqu\u00ed se hace eco de la historia de la conversi\u00f3n del eunuco et\u00edope en los Hechos de los Ap\u00f3stoles 8, quien exclama: \u201c\u00a1Mira, aqu\u00ed hay agua! \u00bfQu\u00e9 es lo que me impide ser bautizado?\u201d En ambos pasajes, el forastero es bienvenido.<\/p>\n\n\n\n<p>El testimonio de Pedro de la historia de Pascua a los forasteros subraya la universalidad del mensaje del Evangelio el cual debe ser proclamado a todos.<\/p>\n\n\n\n<ul class=\"wp-block-list\"><li>\u00bfHay alguna manera en que limitamos el mensaje del Evangelio en estos tiempos de ahora? \u00bfHay personas a quienes fallamos en predicarles?<\/li><li>\u00bfQu\u00e9 podr\u00edamos aprender si nos vi\u00e9ramos a nosotros mismos no como Pedro sino como Cornelio, no como el testigo seguro de s\u00ed mismo en la vida y resurrecci\u00f3n de Jes\u00fas, sino como el forastero que busca comprender los caminos de Dios?<\/li><\/ul>\n\n\n\n<h4 class=\"wp-block-heading\"><strong>Salmo 118:1-2, 14:24<\/strong><\/h4>\n\n\n\n<p>El salmo 118 es una canci\u00f3n de regocijo y una proclamaci\u00f3n de victoria, una victoria que es obra de Dios. \u201c\u00a1La diestra del Se\u00f1or ha triunfado!\u201d \u201cEsto es obra del Se\u00f1or y es maravilloso a nuestros ojos\u201d.<\/p>\n\n\n\n<p>El salmo es una canci\u00f3n de victoria, pero obs\u00e9rvese que es una victoria sorprendente e inesperada. \u201cLa misma piedra que rechazaron los constructores se ha convertido en la principal piedra angular\u201d. La victoria de Dios revive lo que es rechazado y desechado.<\/p>\n\n\n\n<ul class=\"wp-block-list\"><li>\u00bfD\u00f3nde ve usted a Dios actuando de manera inesperada, haciendo uso de la piedra que los constructores han rechazado?<\/li><li>\u00bfQu\u00e9 nos llevar\u00eda a orar con el simple gozo del salmista [cuando dice] \u201cEste el d\u00eda en que actu\u00f3 el Se\u00f1or; nos regocijaremos y nos alegraremos en \u00e9l\u201d?<\/li><\/ul>\n\n\n\n<h4 class=\"wp-block-heading\"><strong>1 Corintios 15:1-11<\/strong><\/h4>\n\n\n\n<p>En lo que quiz\u00e1s sea la declaraci\u00f3n m\u00e1s clara de Pablo sobre la historia de la Pascua, \u00e9l les recuerda a los corintios lo que ya saben: que Cristo muri\u00f3, fue sepultado y resucit\u00f3. El domingo de Pascua, una vez m\u00e1s, volvemos a recordar este mismo hecho.<\/p>\n\n\n\n<p>El orgullo se mezcla con la humildad cuando Pablo se describe a s\u00ed mismo como \u201cel m\u00e1s peque\u00f1o de los ap\u00f3stoles, y que no merece ser llamado ap\u00f3stol\u201d. Pero ap\u00f3stol, s\u00ed que lo es. Y mediante la gracia de Dios, ha trabajado m\u00e1s duro que cualquiera de los otros testigos de la Resurrecci\u00f3n para compartir las buenas nuevas. No obstante, es m\u00e1s importante que se comparta la historia del Evangelio que el hecho de que sea \u00e9l quien la comparta.Top of Form<\/p>\n\n\n\n<ul class=\"wp-block-list\"><li>\u00bfQu\u00e9 necesitamos recordarnos este domingo de Pascua? \u00bfQu\u00e9 historia antigua necesitamos escuchar de nuevo?<\/li><li>\u00bfC\u00f3mo podr\u00edamos unirnos a Pablo para recordarnos a nosotros mismos y a los dem\u00e1s la verdad de la Resurrecci\u00f3n?<\/li><\/ul>\n\n\n\n<h4 class=\"wp-block-heading\"><strong>Juan 20:1-18<\/strong><\/h4>\n\n\n\n<p>Es una historia que todos conocemos. De hecho, es la historia central de la fe cristiana. Y, sin embargo, es una historia que todav\u00eda tiene el poder de conmocionarnos. Cristo ha resucitado. Y todo ha cambiado.<\/p>\n\n\n\n<p>En la narraci\u00f3n de Juan de la ma\u00f1ana de Pascua, Mar\u00eda Magdalena llega, descubre la tumba vac\u00eda e inmediatamente se imagina que el cuerpo de Jes\u00fas ha sido robado. Corre para encontrar a Pedro y al otro disc\u00edpulo \u201ca quien Jes\u00fas amaba\u201d. Vinieron a investigar, pero no lo entendieron del todo, y regresaron a sus hogares. Es Mar\u00eda la que permanece en la tumba el tiempo suficiente para hablarle al hombre que ella supone que es el jardinero.<\/p>\n\n\n\n<p>Solo cuando Jes\u00fas pronuncia el nombre de Mar\u00eda, ella reconoce quien es \u00c9l.<\/p>\n\n\n\n<p>Un nombre es algo poderoso. En otras partes de las Escrituras se nos dice que el Dios que nos cre\u00f3 y nos form\u00f3 tambi\u00e9n nos llama por nuestro nombre (v\u00e9ase Isa\u00edas 43:1). Cuando Jes\u00fas pronuncia el nombre de Mar\u00eda, ella lo conoce como su maestro, y trata de aferrarse a \u00e9l. Y \u00c9l la env\u00eda a proclamar la noticia de su resurrecci\u00f3n.<\/p>\n\n\n\n<ul class=\"wp-block-list\"><li>\u00bfAlguna vez has experimentado la presencia de Cristo en un rostro inesperado?<\/li><li>Jes\u00fas pronuncia el nombre de Mar\u00eda y ella lo reconoce en ese instante. \u00bfC\u00f3mo podemos reconocer los momentos en que Dios nos llama por nuestros propios nombres?<\/li><\/ul>\n\n\n\n<div class=\"wp-block-file\"><a href=\"https:\/\/www.episcopalchurch.org\/wp-content\/uploads\/2020\/10\/Bible-Study-Spanish-Easter-B-2018.pdf\"><strong>Bible-Study-Spanish-Easter-B-2018<\/strong><\/a><a href=\"https:\/\/www.episcopalchurch.org\/wp-content\/uploads\/2020\/10\/Bible-Study-Spanish-Easter-B-2018.pdf\" class=\"wp-block-file__button\" download>Download<\/a><\/div>\n","protected":false},"featured_media":201220,"template":"","meta":{"_acf_changed":false,"_uag_custom_page_level_css":"","_kad_blocks_custom_css":"","_kad_blocks_head_custom_js":"","_kad_blocks_body_custom_js":"","_kad_blocks_footer_custom_js":"","_kadence_starter_templates_imported_post":false,"_links_to":"","_links_to_target":""},"categories":[963,961],"class_list":["post-167158","bible_study","type-bible_study","status-publish","has-post-thumbnail","hentry","category-dia-de-pascua-b","category-pascua-b"],"acf":{"sermon_date":"2018-04-02","drupal_id":"321861","sermon_language":"es","lectionary_id":false,"author_id":169074,"sermon_other_translation":false},"yoast_head":"<!-- This site is optimized with the Yoast SEO Premium plugin v24.6 (Yoast SEO v26.3) - https:\/\/yoast.com\/wordpress\/plugins\/seo\/ -->\n<title>Estudio B\u00edblico: D\u00eda de Pascua (B) - 2018 &#8211; The Episcopal Church<\/title>\n<meta name=\"robots\" content=\"index, follow, max-snippet:-1, max-image-preview:large, max-video-preview:-1\" \/>\n<link rel=\"canonical\" href=\"https:\/\/www.episcopalchurch.org\/es\/bible_study\/estudio-biblico-dia-de-pascua-b-2018\/\" \/>\n<meta property=\"og:locale\" content=\"es_ES\" \/>\n<meta property=\"og:type\" content=\"article\" \/>\n<meta property=\"og:title\" content=\"Estudio B\u00edblico: D\u00eda de Pascua (B) - 2018\" \/>\n<meta property=\"og:description\" content=\"Hechos 10:34-43 Pedro visita la casa de Cornelio en respuesta a una visi\u00f3n que lo convence de la generosidad del mensaje de Dios, un mensaje que ahora entiende que est\u00e1 destinado por igual a jud\u00edos y gentiles. Cornelio es un centuri\u00f3n y un gentil, y, por lo tanto, no es alguien con quien un jud\u00edo [&hellip;]\" \/>\n<meta property=\"og:url\" content=\"https:\/\/www.episcopalchurch.org\/es\/bible_study\/estudio-biblico-dia-de-pascua-b-2018\/\" \/>\n<meta property=\"og:site_name\" content=\"The Episcopal Church\" \/>\n<meta property=\"article:publisher\" content=\"https:\/\/www.facebook.com\/episcopalian\" \/>\n<meta property=\"article:modified_time\" content=\"2020-12-03T16:03:03+00:00\" \/>\n<meta property=\"og:image\" content=\"https:\/\/www.episcopalchurch.org\/wp-content\/uploads\/2020\/12\/BSTW_Spanish_SQ.png\" \/>\n\t<meta property=\"og:image:width\" content=\"928\" \/>\n\t<meta property=\"og:image:height\" content=\"927\" \/>\n\t<meta property=\"og:image:type\" content=\"image\/png\" \/>\n<meta name=\"twitter:card\" content=\"summary_large_image\" \/>\n<meta name=\"twitter:site\" content=\"@iamepiscopalian\" \/>\n<meta name=\"twitter:label1\" content=\"Est. reading time\" \/>\n\t<meta name=\"twitter:data1\" content=\"4 minutes\" \/>\n<script type=\"application\/ld+json\" class=\"yoast-schema-graph\">{\"@context\":\"https:\/\/schema.org\",\"@graph\":[{\"@type\":\"WebPage\",\"@id\":\"https:\/\/www.episcopalchurch.org\/es\/bible_study\/estudio-biblico-dia-de-pascua-b-2018\/\",\"url\":\"https:\/\/www.episcopalchurch.org\/es\/bible_study\/estudio-biblico-dia-de-pascua-b-2018\/\",\"name\":\"Estudio B\u00edblico: D\u00eda de Pascua (B) - 2018 &#8211; The Episcopal Church\",\"isPartOf\":{\"@id\":\"https:\/\/www.episcopalchurch.org\/#website\"},\"primaryImageOfPage\":{\"@id\":\"https:\/\/www.episcopalchurch.org\/es\/bible_study\/estudio-biblico-dia-de-pascua-b-2018\/#primaryimage\"},\"image\":{\"@id\":\"https:\/\/www.episcopalchurch.org\/es\/bible_study\/estudio-biblico-dia-de-pascua-b-2018\/#primaryimage\"},\"thumbnailUrl\":\"https:\/\/www.episcopalchurch.org\/wp-content\/uploads\/2020\/12\/BSTW_Spanish_SQ.png\",\"datePublished\":\"2018-04-02T03:28:01+00:00\",\"dateModified\":\"2020-12-03T16:03:03+00:00\",\"breadcrumb\":{\"@id\":\"https:\/\/www.episcopalchurch.org\/es\/bible_study\/estudio-biblico-dia-de-pascua-b-2018\/#breadcrumb\"},\"inLanguage\":\"es-ES\",\"potentialAction\":[{\"@type\":\"ReadAction\",\"target\":[\"https:\/\/www.episcopalchurch.org\/es\/bible_study\/estudio-biblico-dia-de-pascua-b-2018\/\"]}]},{\"@type\":\"ImageObject\",\"inLanguage\":\"es-ES\",\"@id\":\"https:\/\/www.episcopalchurch.org\/es\/bible_study\/estudio-biblico-dia-de-pascua-b-2018\/#primaryimage\",\"url\":\"https:\/\/www.episcopalchurch.org\/wp-content\/uploads\/2020\/12\/BSTW_Spanish_SQ.png\",\"contentUrl\":\"https:\/\/www.episcopalchurch.org\/wp-content\/uploads\/2020\/12\/BSTW_Spanish_SQ.png\",\"width\":928,\"height\":927,\"caption\":\"Estudios Biblicos Que Iluminan\"},{\"@type\":\"BreadcrumbList\",\"@id\":\"https:\/\/www.episcopalchurch.org\/es\/bible_study\/estudio-biblico-dia-de-pascua-b-2018\/#breadcrumb\",\"itemListElement\":[{\"@type\":\"ListItem\",\"position\":1,\"name\":\"Home\",\"item\":\"https:\/\/www.episcopalchurch.org\/\"},{\"@type\":\"ListItem\",\"position\":2,\"name\":\"Estudio B\u00edblico: D\u00eda de Pascua (B) &#8211; 2018\"}]},{\"@type\":\"WebSite\",\"@id\":\"https:\/\/www.episcopalchurch.org\/#website\",\"url\":\"https:\/\/www.episcopalchurch.org\/\",\"name\":\"The Episcopal Church\",\"description\":\"Welcomes You\",\"publisher\":{\"@id\":\"https:\/\/www.episcopalchurch.org\/#organization\"},\"potentialAction\":[{\"@type\":\"SearchAction\",\"target\":{\"@type\":\"EntryPoint\",\"urlTemplate\":\"https:\/\/www.episcopalchurch.org\/?s={search_term_string}\"},\"query-input\":{\"@type\":\"PropertyValueSpecification\",\"valueRequired\":true,\"valueName\":\"search_term_string\"}}],\"inLanguage\":\"es-ES\"},{\"@type\":\"Organization\",\"@id\":\"https:\/\/www.episcopalchurch.org\/#organization\",\"name\":\"The Episcopal Church\",\"url\":\"https:\/\/www.episcopalchurch.org\/\",\"logo\":{\"@type\":\"ImageObject\",\"inLanguage\":\"es-ES\",\"@id\":\"https:\/\/www.episcopalchurch.org\/#\/schema\/logo\/image\/\",\"url\":\"https:\/\/www.episcopalchurch.org\/wp-content\/uploads\/2021\/01\/vertical_episcopal_logo.jpg\",\"contentUrl\":\"https:\/\/www.episcopalchurch.org\/wp-content\/uploads\/2021\/01\/vertical_episcopal_logo.jpg\",\"width\":770,\"height\":662,\"caption\":\"The Episcopal Church\"},\"image\":{\"@id\":\"https:\/\/www.episcopalchurch.org\/#\/schema\/logo\/image\/\"},\"sameAs\":[\"https:\/\/www.facebook.com\/episcopalian\",\"https:\/\/x.com\/iamepiscopalian\",\"https:\/\/www.youtube.com\/channel\/UCdVJpxCtK41c_-p6EaE4_2A\"]}]}<\/script>\n<!-- \/ Yoast SEO Premium plugin. -->","yoast_head_json":{"title":"Estudio B\u00edblico: D\u00eda de Pascua (B) - 2018 &#8211; The Episcopal Church","robots":{"index":"index","follow":"follow","max-snippet":"max-snippet:-1","max-image-preview":"max-image-preview:large","max-video-preview":"max-video-preview:-1"},"canonical":"https:\/\/www.episcopalchurch.org\/es\/bible_study\/estudio-biblico-dia-de-pascua-b-2018\/","og_locale":"es_ES","og_type":"article","og_title":"Estudio B\u00edblico: D\u00eda de Pascua (B) - 2018","og_description":"Hechos 10:34-43 Pedro visita la casa de Cornelio en respuesta a una visi\u00f3n que lo convence de la generosidad del mensaje de Dios, un mensaje que ahora entiende que est\u00e1 destinado por igual a jud\u00edos y gentiles. Cornelio es un centuri\u00f3n y un gentil, y, por lo tanto, no es alguien con quien un jud\u00edo [&hellip;]","og_url":"https:\/\/www.episcopalchurch.org\/es\/bible_study\/estudio-biblico-dia-de-pascua-b-2018\/","og_site_name":"The Episcopal Church","article_publisher":"https:\/\/www.facebook.com\/episcopalian","article_modified_time":"2020-12-03T16:03:03+00:00","og_image":[{"width":928,"height":927,"url":"https:\/\/www.episcopalchurch.org\/wp-content\/uploads\/2020\/12\/BSTW_Spanish_SQ.png","type":"image\/png"}],"twitter_card":"summary_large_image","twitter_site":"@iamepiscopalian","twitter_misc":{"Est. reading time":"4 minutes"},"schema":{"@context":"https:\/\/schema.org","@graph":[{"@type":"WebPage","@id":"https:\/\/www.episcopalchurch.org\/es\/bible_study\/estudio-biblico-dia-de-pascua-b-2018\/","url":"https:\/\/www.episcopalchurch.org\/es\/bible_study\/estudio-biblico-dia-de-pascua-b-2018\/","name":"Estudio B\u00edblico: D\u00eda de Pascua (B) - 2018 &#8211; The Episcopal Church","isPartOf":{"@id":"https:\/\/www.episcopalchurch.org\/#website"},"primaryImageOfPage":{"@id":"https:\/\/www.episcopalchurch.org\/es\/bible_study\/estudio-biblico-dia-de-pascua-b-2018\/#primaryimage"},"image":{"@id":"https:\/\/www.episcopalchurch.org\/es\/bible_study\/estudio-biblico-dia-de-pascua-b-2018\/#primaryimage"},"thumbnailUrl":"https:\/\/www.episcopalchurch.org\/wp-content\/uploads\/2020\/12\/BSTW_Spanish_SQ.png","datePublished":"2018-04-02T03:28:01+00:00","dateModified":"2020-12-03T16:03:03+00:00","breadcrumb":{"@id":"https:\/\/www.episcopalchurch.org\/es\/bible_study\/estudio-biblico-dia-de-pascua-b-2018\/#breadcrumb"},"inLanguage":"es-ES","potentialAction":[{"@type":"ReadAction","target":["https:\/\/www.episcopalchurch.org\/es\/bible_study\/estudio-biblico-dia-de-pascua-b-2018\/"]}]},{"@type":"ImageObject","inLanguage":"es-ES","@id":"https:\/\/www.episcopalchurch.org\/es\/bible_study\/estudio-biblico-dia-de-pascua-b-2018\/#primaryimage","url":"https:\/\/www.episcopalchurch.org\/wp-content\/uploads\/2020\/12\/BSTW_Spanish_SQ.png","contentUrl":"https:\/\/www.episcopalchurch.org\/wp-content\/uploads\/2020\/12\/BSTW_Spanish_SQ.png","width":928,"height":927,"caption":"Estudios Biblicos Que Iluminan"},{"@type":"BreadcrumbList","@id":"https:\/\/www.episcopalchurch.org\/es\/bible_study\/estudio-biblico-dia-de-pascua-b-2018\/#breadcrumb","itemListElement":[{"@type":"ListItem","position":1,"name":"Home","item":"https:\/\/www.episcopalchurch.org\/"},{"@type":"ListItem","position":2,"name":"Estudio B\u00edblico: D\u00eda de Pascua (B) &#8211; 2018"}]},{"@type":"WebSite","@id":"https:\/\/www.episcopalchurch.org\/#website","url":"https:\/\/www.episcopalchurch.org\/","name":"The Episcopal Church","description":"Welcomes You","publisher":{"@id":"https:\/\/www.episcopalchurch.org\/#organization"},"potentialAction":[{"@type":"SearchAction","target":{"@type":"EntryPoint","urlTemplate":"https:\/\/www.episcopalchurch.org\/?s={search_term_string}"},"query-input":{"@type":"PropertyValueSpecification","valueRequired":true,"valueName":"search_term_string"}}],"inLanguage":"es-ES"},{"@type":"Organization","@id":"https:\/\/www.episcopalchurch.org\/#organization","name":"The Episcopal Church","url":"https:\/\/www.episcopalchurch.org\/","logo":{"@type":"ImageObject","inLanguage":"es-ES","@id":"https:\/\/www.episcopalchurch.org\/#\/schema\/logo\/image\/","url":"https:\/\/www.episcopalchurch.org\/wp-content\/uploads\/2021\/01\/vertical_episcopal_logo.jpg","contentUrl":"https:\/\/www.episcopalchurch.org\/wp-content\/uploads\/2021\/01\/vertical_episcopal_logo.jpg","width":770,"height":662,"caption":"The Episcopal Church"},"image":{"@id":"https:\/\/www.episcopalchurch.org\/#\/schema\/logo\/image\/"},"sameAs":["https:\/\/www.facebook.com\/episcopalian","https:\/\/x.com\/iamepiscopalian","https:\/\/www.youtube.com\/channel\/UCdVJpxCtK41c_-p6EaE4_2A"]}]}},"taxonomy_info":{"category":[{"value":963,"label":"D\u00eda de Pascua B"},{"value":961,"label":"Pascua B"}]},"featured_image_src_large":["https:\/\/www.episcopalchurch.org\/wp-content\/uploads\/2020\/12\/BSTW_Spanish_SQ.png",928,927,false],"author_info":[],"comment_info":"","uagb_featured_image_src":{"full":["https:\/\/www.episcopalchurch.org\/wp-content\/uploads\/2020\/12\/BSTW_Spanish_SQ.png",928,927,false],"thumbnail":["https:\/\/www.episcopalchurch.org\/wp-content\/uploads\/2020\/12\/BSTW_Spanish_SQ-150x150.png",150,150,true],"medium":["https:\/\/www.episcopalchurch.org\/wp-content\/uploads\/2020\/12\/BSTW_Spanish_SQ-300x300.png",300,300,true],"medium_large":["https:\/\/www.episcopalchurch.org\/wp-content\/uploads\/2020\/12\/BSTW_Spanish_SQ-768x767.png",768,767,true],"large":["https:\/\/www.episcopalchurch.org\/wp-content\/uploads\/2020\/12\/BSTW_Spanish_SQ.png",928,927,false],"1536x1536":["https:\/\/www.episcopalchurch.org\/wp-content\/uploads\/2020\/12\/BSTW_Spanish_SQ.png",928,927,false],"2048x2048":["https:\/\/www.episcopalchurch.org\/wp-content\/uploads\/2020\/12\/BSTW_Spanish_SQ.png",928,927,false],"menu":["https:\/\/www.episcopalchurch.org\/wp-content\/uploads\/2020\/12\/BSTW_Spanish_SQ-330x200.png",330,200,true],"hero":["https:\/\/www.episcopalchurch.org\/wp-content\/uploads\/2020\/12\/BSTW_Spanish_SQ-928x550.png",928,550,true],"callout-image":["https:\/\/www.episcopalchurch.org\/wp-content\/uploads\/2020\/12\/BSTW_Spanish_SQ-480x479.png",480,479,true]},"uagb_author_info":{"display_name":"wwedderburn","author_link":"https:\/\/www.episcopalchurch.org\/es\/author\/"},"uagb_comment_info":0,"uagb_excerpt":"Hechos 10:34-43 Pedro visita la casa de Cornelio en respuesta a una visi\u00f3n que lo convence de la generosidad del mensaje de Dios, un mensaje que ahora entiende que est\u00e1 destinado por igual a jud\u00edos y gentiles. Cornelio es un centuri\u00f3n y un gentil, y, por lo tanto, no es alguien con quien un jud\u00edo&hellip;","_links":{"self":[{"href":"https:\/\/www.episcopalchurch.org\/es\/wp-json\/wp\/v2\/bible_study\/167158","targetHints":{"allow":["GET"]}}],"collection":[{"href":"https:\/\/www.episcopalchurch.org\/es\/wp-json\/wp\/v2\/bible_study"}],"about":[{"href":"https:\/\/www.episcopalchurch.org\/es\/wp-json\/wp\/v2\/types\/bible_study"}],"wp:featuredmedia":[{"embeddable":true,"href":"https:\/\/www.episcopalchurch.org\/es\/wp-json\/wp\/v2\/media\/201220"}],"wp:attachment":[{"href":"https:\/\/www.episcopalchurch.org\/es\/wp-json\/wp\/v2\/media?parent=167158"}],"wp:term":[{"taxonomy":"category","embeddable":true,"href":"https:\/\/www.episcopalchurch.org\/es\/wp-json\/wp\/v2\/categories?post=167158"}],"curies":[{"name":"wp","href":"https:\/\/api.w.org\/{rel}","templated":true}]}}