{"id":236476,"date":"2021-03-09T09:54:43","date_gmt":"2021-03-09T14:54:43","guid":{"rendered":"https:\/\/www.episcopalchurch.org\/?post_type=bible_study&#038;p=236476"},"modified":"2021-11-27T20:31:46","modified_gmt":"2021-11-28T01:31:46","slug":"estudio-biblico-domingo-de-ramos-b-28-de-marzo-de-2021","status":"publish","type":"bible_study","link":"https:\/\/www.episcopalchurch.org\/es\/bible_study\/estudio-biblico-domingo-de-ramos-b-28-de-marzo-de-2021\/","title":{"rendered":"Estudio B\u00edblico: Domingo de Ramos (B) \u2013 2021"},"content":{"rendered":"\n<p><a href=\"https:\/\/www.episcopalchurch.org\/es\/lectionary\/domingo-de-ramos-palabra-b\/\">LCR: Isa\u00edas 50: 4-9a, Salmo 31: 9-16, Filipenses 2: 5-11, Marcos 14: 1-15: 47<\/a><\/p>\n\n\n\n<div class=\"wp-block-image\"><figure class=\"alignright size-large is-resized\"><img loading=\"lazy\" decoding=\"async\" src=\"https:\/\/www.episcopalchurch.org\/wp-content\/uploads\/2021\/03\/SS-2021-Estudio-Biblico-Graphic-1024x536.png\" alt=\"\" class=\"wp-image-236508\" width=\"512\" height=\"268\" srcset=\"https:\/\/www.episcopalchurch.org\/wp-content\/uploads\/2021\/03\/SS-2021-Estudio-Biblico-Graphic-1024x536.png 1024w, https:\/\/www.episcopalchurch.org\/wp-content\/uploads\/2021\/03\/SS-2021-Estudio-Biblico-Graphic-300x157.png 300w, https:\/\/www.episcopalchurch.org\/wp-content\/uploads\/2021\/03\/SS-2021-Estudio-Biblico-Graphic-768x402.png 768w, https:\/\/www.episcopalchurch.org\/wp-content\/uploads\/2021\/03\/SS-2021-Estudio-Biblico-Graphic-480x251.png 480w, https:\/\/www.episcopalchurch.org\/wp-content\/uploads\/2021\/03\/SS-2021-Estudio-Biblico-Graphic.png 1200w\" sizes=\"auto, (max-width: 512px) 100vw, 512px\" \/><\/figure><\/div>\n\n\n\n<h4 class=\"wp-block-heading\"><strong>Isa\u00edas 50: 4-9a<\/strong><\/h4>\n\n\n\n<p>Este pasaje es del que los eruditos llaman \u201cSegundo Isa\u00edas\u201d, escrito mientras el pueblo de Israel viv\u00eda exiliado en Babilonia. Este texto es uno de los \u201cc\u00e1nticos del siervo\u201d, que habla del siervo de Dios, llamado a reunir de nuevo al pueblo exiliado y restaurar Si\u00f3n. En estos c\u00e1nticos, a veces el siervo parece representar a todo Israel, y a veces parece estar describiendo a una persona individual. Los cristianos han le\u00eddo durante mucho tiempo que estos textos apuntan a Cristo, pero ciertamente esta no es la \u00fanica manera de abordarlos, incluso para nosotros como cristianos.<\/p>\n\n\n\n<p>El orador en este pasaje habla de Dios que \u201cdespierta mi o\u00eddo para escuchar\u201d y \u201cme ha dado lengua de disc\u00edpulo,\u201d permitiendo que el orador escuche la palabra de Dios y se la diga a los dem\u00e1s. Pero la servidumbre tiene consecuencias: el siervo tiene que soportar la violencia, los insultos y la deshonra por decir la verdad de Dios. Esto es lo que Dietrich Bonhoeffer ha llamado el \u201ccosto del discipulado\u201d y sigue siendo cierto en nuestros tiempos actuales, donde luchar contra la desigualdad y la injusticia es incre\u00edblemente dif\u00edcil y puede conducir a dolorosas divisiones.<\/p>\n\n\n\n<ul class=\"wp-block-list\"><li>\u00bfD\u00f3nde est\u00e1n los siervos a los que usted observa en estos tiempos, y que ponen su \u201crostro como el pedernal\u201d y hacen el arduo trabajo de decir la verdad y la justicia?<\/li><li>\u00bfCu\u00e1les son las verdades dif\u00edciles a las que est\u00e1 siendo llamado a despertar su o\u00eddo? \u00bfY a d\u00f3nde le piden que hable?<\/li><\/ul>\n\n\n\n<h4 class=\"wp-block-heading\"><strong>Salmo 31: 9-16<\/strong><\/h4>\n\n\n\n<p>El salmista le ruega a Dios que le ayude en su sufrimiento. Este es un sentimiento muy f\u00edsico de dolor y tristeza, que se siente en la garganta y el vientre del orador, lo que le hace suspirar en voz alta y le consume los huesos. El orador tiene miedo de que otros est\u00e9n hablando de \u00e9l y conspirando contra \u00e9l. Pero quiz\u00e1s peor a\u00fan, se siente \u201colvidado como un muerto\u201d e \u201cin\u00fatil como un vaso quebrado.\u201d Adem\u00e1s de su dificultad y tristeza, tambi\u00e9n est\u00e1 experimentando el dolor del aislamiento.<\/p>\n\n\n\n<p>Muchos de nosotros podemos relacionarnos con sentirnos desconectados, solos e incluso olvidados durante este tiempo. La gente ha tenido que soportar quedarse en hospitales y hogares de ancianos sin sus seres queridos a su lado. La mayor\u00eda de nosotros nos hemos sentido solos en ocasiones, sin las interacciones cercanas habituales que ten\u00edamos antes de la pandemia. Leer un salmo como este puede brindar consuelo cuando nos sentimos solos en nuestro sufrimiento, lo que nos permite nombrar nuestros sentimientos, saber que la gente ha estado experimentando las mismas cosas durante miles de a\u00f1os y nos permite entregar nuestras penas a Dios.<\/p>\n\n\n\n<ul class=\"wp-block-list\"><li>\u00bfDe qu\u00e9 est\u00e1 usted afligido o triste en este momento?<\/li><li>\u00bfEs usted capaz de pedirle a Dios que se acerque y brille su rostro sobre usted?<\/li><\/ul>\n\n\n\n<h4 class=\"wp-block-heading\"><strong>Filipenses 2: 5-11<\/strong><\/h4>\n\n\n\n<p>Pablo escribe la carta, desde la prisi\u00f3n, a la iglesia de Filipos, en el norte de Grecia. Est\u00e1 tratando de unir a estos miembros de la iglesia, inst\u00e1ndolos a que abandonen sus diferencias. Para ilustrar esto, cita en este pasaje un himno cristiano muy temprano, que habla del completo auto-vaciamiento o <em>k\u00e9nosis<\/em> de Cristo. Este concepto de auto vaciamiento se ha utilizado err\u00f3neamente contra los marginados y oprimidos, para someter a las personas esclavizadas o para evitar que las personas en situaciones de abuso dom\u00e9stico dejen a sus abusadores. Pero aqu\u00ed, Pablo realmente est\u00e1 hablando a los fuertes de su congregaci\u00f3n, exhort\u00e1ndolos a no elevarse por encima de los miembros m\u00e1s d\u00e9biles. En diferentes momentos y lugares de nuestras vidas, podemos encontrarnos en una posici\u00f3n fuerte o d\u00e9bil. El auto-vaciamiento de Cristo ocurri\u00f3 desde una posici\u00f3n de poder &#8211; la igualdad con Dios &#8211; y es un recordatorio para nosotros de no jactarnos, sentirnos superiores o explotar a los que tienen menos ventajas cuando tenemos el poder.<\/p>\n\n\n\n<ul class=\"wp-block-list\"><li>\u00bfDe qu\u00e9 orgullo, rencor u otros sentimientos negativos necesita vaciarse hoy?<\/li><li>\u00bfC\u00f3mo puede el ejemplo de humildad de Jes\u00fas darle valor para acercarse a otros con humildad? Intente leer este pasaje lentamente en voz alta, meditando en la entrega de Cristo.<\/li><\/ul>\n\n\n\n<h4 class=\"wp-block-heading\"><strong>San Marcos 14: 1-15: 47<\/strong><\/h4>\n\n\n\n<p>Aqu\u00ed en el Evangelio de Marcos, vemos en acci\u00f3n la servidumbre de Jes\u00fas, su obediencia total a Dios. El relato de Marcos de esta historia es poco sentimental, v\u00edvido, r\u00e1pido y horrible. En este primer evangelio escrito, el trauma de la violenta destrucci\u00f3n de Jerusal\u00e9n y el Templo por parte de Roma en el a\u00f1o 70 d.C., todav\u00eda estaba fresco y se refleja en el tono embrujado de la narraci\u00f3n.<\/p>\n\n\n\n<p>Los disc\u00edpulos traicionan y niegan a Jes\u00fas. Lo abandonan cuando los necesita. Jes\u00fas clama en la cruz, citando el Salmo 22, un salmo a\u00fan m\u00e1s angustiado que el designado para hoy. Las mujeres que rodean a Jes\u00fas son las que se muestran capaces de acompa\u00f1ar a su maestro en su marcha hacia la cruz. Una mujer unge su cabeza, como tradicionalmente se derramaba aceite a los reyes, y como se ung\u00edan los cuerpos para el entierro. Las seguidoras de Jes\u00fas son testigos cerca de la cruz y la tumba. Al comenzar esta Semana Santa, tendremos la oportunidad de adentrarnos nosotros mismos en la historia de la Pasi\u00f3n. \u00bfNos pareceremos m\u00e1s a los disc\u00edpulos o a las mujeres?<\/p>\n\n\n\n<ul class=\"wp-block-list\"><li>Rece una oraci\u00f3n al comenzar la Semana Santa, pidiendo a Dios que abra el coraz\u00f3n de usted para estar presente en la historia de la pasi\u00f3n. Deje que surjan las emociones y ac\u00e9ptelas, sabiendo que Cristo est\u00e1 con usted en este caminar de una semana.<\/li><li>\u00bfQu\u00e9 dolores y cargas se le pide que abandone mientras camina con Jes\u00fas? \u00bfD\u00f3nde est\u00e1 invitado a que mire con compasi\u00f3n a otros que est\u00e1n sufriendo ahora en su vecindario y en el mundo ahora?<\/li><\/ul>\n\n\n\n<div class=\"wp-block-file\"><a id=\"wp-block-file--media-db214e58-727b-47b7-9042-5575ab8acea0\" href=\"https:\/\/www.episcopalchurch.org\/wp-content\/uploads\/2021\/03\/Domingo-de-Ramos-Bible-Study-Spanish.docx\">Word &#8211; Domingo de Ramos (B) &#8211; Estudio B\u00edblico<\/a><a href=\"https:\/\/www.episcopalchurch.org\/wp-content\/uploads\/2021\/03\/Domingo-de-Ramos-Bible-Study-Spanish.docx\" class=\"wp-block-file__button\" download aria-describedby=\"wp-block-file--media-db214e58-727b-47b7-9042-5575ab8acea0\">Download<\/a><\/div>\n\n\n\n<div class=\"wp-block-file\"><a id=\"wp-block-file--media-4550645d-4c0c-47bc-9454-776677a5da72\" href=\"https:\/\/www.episcopalchurch.org\/wp-content\/uploads\/2021\/03\/Domingo-de-Ramos-Bible-Study-Spanish.pdf\">PDF &#8211; Domingo de Ramos (B) &#8211; Estudio B\u00edblico<\/a><a href=\"https:\/\/www.episcopalchurch.org\/wp-content\/uploads\/2021\/03\/Domingo-de-Ramos-Bible-Study-Spanish.pdf\" class=\"wp-block-file__button\" download aria-describedby=\"wp-block-file--media-4550645d-4c0c-47bc-9454-776677a5da72\">Download<\/a><\/div>\n","protected":false},"featured_media":201220,"template":"","meta":{"_acf_changed":false,"_uag_custom_page_level_css":"","_kad_blocks_custom_css":"","_kad_blocks_head_custom_js":"","_kad_blocks_body_custom_js":"","_kad_blocks_footer_custom_js":"","_kadence_starter_templates_imported_post":false,"_links_to":"","_links_to_target":""},"categories":[959,676,737,898],"class_list":["post-236476","bible_study","type-bible_study","status-publish","has-post-thumbnail","hentry","category-domingo-de-ramos-b","category-holy-week","category-palm-sunday-b","category-semana-santa"],"acf":{"drupal_id":"","lectionary_id":false,"sermon_date":"2021-03-28","sermon_other_translation":false,"sermon_language":"","author_id":false},"yoast_head":"<!-- This site is optimized with the Yoast SEO Premium plugin v24.6 (Yoast SEO v26.3) - https:\/\/yoast.com\/wordpress\/plugins\/seo\/ -->\n<title>Estudio B\u00edblico: Domingo de Ramos (B) \u2013 2021 &#8211; The Episcopal Church<\/title>\n<meta name=\"robots\" content=\"index, follow, max-snippet:-1, max-image-preview:large, max-video-preview:-1\" \/>\n<link rel=\"canonical\" href=\"https:\/\/www.episcopalchurch.org\/bible_study\/bible-study-palm-sunday-b-march-28-2021\/\" \/>\n<meta property=\"og:locale\" content=\"es_ES\" \/>\n<meta property=\"og:type\" content=\"article\" \/>\n<meta property=\"og:title\" content=\"Estudio B\u00edblico: Domingo de Ramos (B) \u2013 28 de marzo de 2021\" \/>\n<meta property=\"og:description\" content=\"LCR: Isa\u00edas 50: 4-9a, Salmo 31: 9-16, Filipenses 2: 5-11, Marcos 14: 1-15: 47 Isa\u00edas 50: 4-9a Este pasaje es del que los eruditos llaman \u201cSegundo Isa\u00edas\u201d, escrito mientras el pueblo de Israel viv\u00eda exiliado en Babilonia. Este texto es uno de los \u201cc\u00e1nticos del siervo\u201d, que habla del siervo de Dios, llamado a reunir [&hellip;]\" \/>\n<meta property=\"og:url\" content=\"https:\/\/www.episcopalchurch.org\/bible_study\/bible-study-palm-sunday-b-march-28-2021\/\" \/>\n<meta property=\"og:site_name\" content=\"The Episcopal Church\" \/>\n<meta property=\"article:publisher\" content=\"https:\/\/www.facebook.com\/episcopalian\" \/>\n<meta property=\"article:modified_time\" content=\"2021-11-28T01:31:46+00:00\" \/>\n<meta property=\"og:image\" content=\"https:\/\/www.episcopalchurch.org\/wp-content\/uploads\/2021\/03\/SS-2021-Estudio-Biblico-Graphic.png\" \/>\n\t<meta property=\"og:image:width\" content=\"1200\" \/>\n\t<meta property=\"og:image:height\" content=\"628\" \/>\n\t<meta property=\"og:image:type\" content=\"image\/png\" \/>\n<meta name=\"twitter:card\" content=\"summary_large_image\" \/>\n<meta name=\"twitter:title\" content=\"Estudio B\u00edblico: Domingo de Ramos (B) \u2013 28 de marzo de 2021\" \/>\n<meta name=\"twitter:image\" content=\"https:\/\/www.episcopalchurch.org\/wp-content\/uploads\/2021\/03\/SS-2021-Estudio-Biblico-Graphic.png\" \/>\n<meta name=\"twitter:site\" content=\"@iamepiscopalian\" \/>\n<meta name=\"twitter:label1\" content=\"Est. reading time\" \/>\n\t<meta name=\"twitter:data1\" content=\"5 minutes\" \/>\n<script type=\"application\/ld+json\" class=\"yoast-schema-graph\">{\"@context\":\"https:\/\/schema.org\",\"@graph\":[{\"@type\":\"WebPage\",\"@id\":\"https:\/\/www.episcopalchurch.org\/bible_study\/bible-study-palm-sunday-b-march-28-2021\/\",\"url\":\"https:\/\/www.episcopalchurch.org\/bible_study\/bible-study-palm-sunday-b-march-28-2021\/\",\"name\":\"Estudio B\u00edblico: Domingo de Ramos (B) \u2013 2021 &#8211; The Episcopal Church\",\"isPartOf\":{\"@id\":\"https:\/\/www.episcopalchurch.org\/#website\"},\"primaryImageOfPage\":{\"@id\":\"https:\/\/www.episcopalchurch.org\/bible_study\/bible-study-palm-sunday-b-march-28-2021\/#primaryimage\"},\"image\":{\"@id\":\"https:\/\/www.episcopalchurch.org\/bible_study\/bible-study-palm-sunday-b-march-28-2021\/#primaryimage\"},\"thumbnailUrl\":\"https:\/\/www.episcopalchurch.org\/wp-content\/uploads\/2020\/12\/BSTW_Spanish_SQ.png\",\"datePublished\":\"2021-03-09T14:54:43+00:00\",\"dateModified\":\"2021-11-28T01:31:46+00:00\",\"breadcrumb\":{\"@id\":\"https:\/\/www.episcopalchurch.org\/bible_study\/bible-study-palm-sunday-b-march-28-2021\/#breadcrumb\"},\"inLanguage\":\"es-ES\",\"potentialAction\":[{\"@type\":\"ReadAction\",\"target\":[\"https:\/\/www.episcopalchurch.org\/bible_study\/bible-study-palm-sunday-b-march-28-2021\/\"]}]},{\"@type\":\"ImageObject\",\"inLanguage\":\"es-ES\",\"@id\":\"https:\/\/www.episcopalchurch.org\/bible_study\/bible-study-palm-sunday-b-march-28-2021\/#primaryimage\",\"url\":\"https:\/\/www.episcopalchurch.org\/wp-content\/uploads\/2020\/12\/BSTW_Spanish_SQ.png\",\"contentUrl\":\"https:\/\/www.episcopalchurch.org\/wp-content\/uploads\/2020\/12\/BSTW_Spanish_SQ.png\",\"width\":928,\"height\":927,\"caption\":\"Estudios Biblicos Que Iluminan\"},{\"@type\":\"BreadcrumbList\",\"@id\":\"https:\/\/www.episcopalchurch.org\/bible_study\/bible-study-palm-sunday-b-march-28-2021\/#breadcrumb\",\"itemListElement\":[{\"@type\":\"ListItem\",\"position\":1,\"name\":\"Home\",\"item\":\"https:\/\/www.episcopalchurch.org\/\"},{\"@type\":\"ListItem\",\"position\":2,\"name\":\"Estudio B\u00edblico: Domingo de Ramos (B) \u2013 2021\"}]},{\"@type\":\"WebSite\",\"@id\":\"https:\/\/www.episcopalchurch.org\/#website\",\"url\":\"https:\/\/www.episcopalchurch.org\/\",\"name\":\"The Episcopal Church\",\"description\":\"Welcomes You\",\"publisher\":{\"@id\":\"https:\/\/www.episcopalchurch.org\/#organization\"},\"potentialAction\":[{\"@type\":\"SearchAction\",\"target\":{\"@type\":\"EntryPoint\",\"urlTemplate\":\"https:\/\/www.episcopalchurch.org\/?s={search_term_string}\"},\"query-input\":{\"@type\":\"PropertyValueSpecification\",\"valueRequired\":true,\"valueName\":\"search_term_string\"}}],\"inLanguage\":\"es-ES\"},{\"@type\":\"Organization\",\"@id\":\"https:\/\/www.episcopalchurch.org\/#organization\",\"name\":\"The Episcopal Church\",\"url\":\"https:\/\/www.episcopalchurch.org\/\",\"logo\":{\"@type\":\"ImageObject\",\"inLanguage\":\"es-ES\",\"@id\":\"https:\/\/www.episcopalchurch.org\/#\/schema\/logo\/image\/\",\"url\":\"https:\/\/www.episcopalchurch.org\/wp-content\/uploads\/2021\/01\/vertical_episcopal_logo.jpg\",\"contentUrl\":\"https:\/\/www.episcopalchurch.org\/wp-content\/uploads\/2021\/01\/vertical_episcopal_logo.jpg\",\"width\":770,\"height\":662,\"caption\":\"The Episcopal Church\"},\"image\":{\"@id\":\"https:\/\/www.episcopalchurch.org\/#\/schema\/logo\/image\/\"},\"sameAs\":[\"https:\/\/www.facebook.com\/episcopalian\",\"https:\/\/x.com\/iamepiscopalian\",\"https:\/\/www.youtube.com\/channel\/UCdVJpxCtK41c_-p6EaE4_2A\"]}]}<\/script>\n<!-- \/ Yoast SEO Premium plugin. -->","yoast_head_json":{"title":"Estudio B\u00edblico: Domingo de Ramos (B) \u2013 2021 &#8211; The Episcopal Church","robots":{"index":"index","follow":"follow","max-snippet":"max-snippet:-1","max-image-preview":"max-image-preview:large","max-video-preview":"max-video-preview:-1"},"canonical":"https:\/\/www.episcopalchurch.org\/bible_study\/bible-study-palm-sunday-b-march-28-2021\/","og_locale":"es_ES","og_type":"article","og_title":"Estudio B\u00edblico: Domingo de Ramos (B) \u2013 28 de marzo de 2021","og_description":"LCR: Isa\u00edas 50: 4-9a, Salmo 31: 9-16, Filipenses 2: 5-11, Marcos 14: 1-15: 47 Isa\u00edas 50: 4-9a Este pasaje es del que los eruditos llaman \u201cSegundo Isa\u00edas\u201d, escrito mientras el pueblo de Israel viv\u00eda exiliado en Babilonia. Este texto es uno de los \u201cc\u00e1nticos del siervo\u201d, que habla del siervo de Dios, llamado a reunir [&hellip;]","og_url":"https:\/\/www.episcopalchurch.org\/bible_study\/bible-study-palm-sunday-b-march-28-2021\/","og_site_name":"The Episcopal Church","article_publisher":"https:\/\/www.facebook.com\/episcopalian","article_modified_time":"2021-11-28T01:31:46+00:00","og_image":[{"width":1200,"height":628,"url":"https:\/\/www.episcopalchurch.org\/wp-content\/uploads\/2021\/03\/SS-2021-Estudio-Biblico-Graphic.png","type":"image\/png"}],"twitter_card":"summary_large_image","twitter_title":"Estudio B\u00edblico: Domingo de Ramos (B) \u2013 28 de marzo de 2021","twitter_image":"https:\/\/www.episcopalchurch.org\/wp-content\/uploads\/2021\/03\/SS-2021-Estudio-Biblico-Graphic.png","twitter_site":"@iamepiscopalian","twitter_misc":{"Est. reading time":"5 minutes"},"schema":{"@context":"https:\/\/schema.org","@graph":[{"@type":"WebPage","@id":"https:\/\/www.episcopalchurch.org\/bible_study\/bible-study-palm-sunday-b-march-28-2021\/","url":"https:\/\/www.episcopalchurch.org\/bible_study\/bible-study-palm-sunday-b-march-28-2021\/","name":"Estudio B\u00edblico: Domingo de Ramos (B) \u2013 2021 &#8211; The Episcopal Church","isPartOf":{"@id":"https:\/\/www.episcopalchurch.org\/#website"},"primaryImageOfPage":{"@id":"https:\/\/www.episcopalchurch.org\/bible_study\/bible-study-palm-sunday-b-march-28-2021\/#primaryimage"},"image":{"@id":"https:\/\/www.episcopalchurch.org\/bible_study\/bible-study-palm-sunday-b-march-28-2021\/#primaryimage"},"thumbnailUrl":"https:\/\/www.episcopalchurch.org\/wp-content\/uploads\/2020\/12\/BSTW_Spanish_SQ.png","datePublished":"2021-03-09T14:54:43+00:00","dateModified":"2021-11-28T01:31:46+00:00","breadcrumb":{"@id":"https:\/\/www.episcopalchurch.org\/bible_study\/bible-study-palm-sunday-b-march-28-2021\/#breadcrumb"},"inLanguage":"es-ES","potentialAction":[{"@type":"ReadAction","target":["https:\/\/www.episcopalchurch.org\/bible_study\/bible-study-palm-sunday-b-march-28-2021\/"]}]},{"@type":"ImageObject","inLanguage":"es-ES","@id":"https:\/\/www.episcopalchurch.org\/bible_study\/bible-study-palm-sunday-b-march-28-2021\/#primaryimage","url":"https:\/\/www.episcopalchurch.org\/wp-content\/uploads\/2020\/12\/BSTW_Spanish_SQ.png","contentUrl":"https:\/\/www.episcopalchurch.org\/wp-content\/uploads\/2020\/12\/BSTW_Spanish_SQ.png","width":928,"height":927,"caption":"Estudios Biblicos Que Iluminan"},{"@type":"BreadcrumbList","@id":"https:\/\/www.episcopalchurch.org\/bible_study\/bible-study-palm-sunday-b-march-28-2021\/#breadcrumb","itemListElement":[{"@type":"ListItem","position":1,"name":"Home","item":"https:\/\/www.episcopalchurch.org\/"},{"@type":"ListItem","position":2,"name":"Estudio B\u00edblico: Domingo de Ramos (B) \u2013 2021"}]},{"@type":"WebSite","@id":"https:\/\/www.episcopalchurch.org\/#website","url":"https:\/\/www.episcopalchurch.org\/","name":"The Episcopal Church","description":"Welcomes You","publisher":{"@id":"https:\/\/www.episcopalchurch.org\/#organization"},"potentialAction":[{"@type":"SearchAction","target":{"@type":"EntryPoint","urlTemplate":"https:\/\/www.episcopalchurch.org\/?s={search_term_string}"},"query-input":{"@type":"PropertyValueSpecification","valueRequired":true,"valueName":"search_term_string"}}],"inLanguage":"es-ES"},{"@type":"Organization","@id":"https:\/\/www.episcopalchurch.org\/#organization","name":"The Episcopal Church","url":"https:\/\/www.episcopalchurch.org\/","logo":{"@type":"ImageObject","inLanguage":"es-ES","@id":"https:\/\/www.episcopalchurch.org\/#\/schema\/logo\/image\/","url":"https:\/\/www.episcopalchurch.org\/wp-content\/uploads\/2021\/01\/vertical_episcopal_logo.jpg","contentUrl":"https:\/\/www.episcopalchurch.org\/wp-content\/uploads\/2021\/01\/vertical_episcopal_logo.jpg","width":770,"height":662,"caption":"The Episcopal Church"},"image":{"@id":"https:\/\/www.episcopalchurch.org\/#\/schema\/logo\/image\/"},"sameAs":["https:\/\/www.facebook.com\/episcopalian","https:\/\/x.com\/iamepiscopalian","https:\/\/www.youtube.com\/channel\/UCdVJpxCtK41c_-p6EaE4_2A"]}]}},"taxonomy_info":{"category":[{"value":959,"label":"Domingo de Ramos B"},{"value":676,"label":"Holy Week"},{"value":737,"label":"Palm Sunday B"},{"value":898,"label":"Semana Santa"}]},"featured_image_src_large":["https:\/\/www.episcopalchurch.org\/wp-content\/uploads\/2020\/12\/BSTW_Spanish_SQ.png",928,927,false],"author_info":[],"comment_info":"","uagb_featured_image_src":{"full":["https:\/\/www.episcopalchurch.org\/wp-content\/uploads\/2020\/12\/BSTW_Spanish_SQ.png",928,927,false],"thumbnail":["https:\/\/www.episcopalchurch.org\/wp-content\/uploads\/2020\/12\/BSTW_Spanish_SQ-150x150.png",150,150,true],"medium":["https:\/\/www.episcopalchurch.org\/wp-content\/uploads\/2020\/12\/BSTW_Spanish_SQ-300x300.png",300,300,true],"medium_large":["https:\/\/www.episcopalchurch.org\/wp-content\/uploads\/2020\/12\/BSTW_Spanish_SQ-768x767.png",768,767,true],"large":["https:\/\/www.episcopalchurch.org\/wp-content\/uploads\/2020\/12\/BSTW_Spanish_SQ.png",928,927,false],"1536x1536":["https:\/\/www.episcopalchurch.org\/wp-content\/uploads\/2020\/12\/BSTW_Spanish_SQ.png",928,927,false],"2048x2048":["https:\/\/www.episcopalchurch.org\/wp-content\/uploads\/2020\/12\/BSTW_Spanish_SQ.png",928,927,false],"menu":["https:\/\/www.episcopalchurch.org\/wp-content\/uploads\/2020\/12\/BSTW_Spanish_SQ-330x200.png",330,200,true],"hero":["https:\/\/www.episcopalchurch.org\/wp-content\/uploads\/2020\/12\/BSTW_Spanish_SQ-928x550.png",928,550,true],"callout-image":["https:\/\/www.episcopalchurch.org\/wp-content\/uploads\/2020\/12\/BSTW_Spanish_SQ-480x479.png",480,479,true]},"uagb_author_info":{"display_name":"Christopher Sikkema","author_link":"https:\/\/www.episcopalchurch.org\/es\/author\/"},"uagb_comment_info":0,"uagb_excerpt":"LCR: Isa\u00edas 50: 4-9a, Salmo 31: 9-16, Filipenses 2: 5-11, Marcos 14: 1-15: 47 Isa\u00edas 50: 4-9a Este pasaje es del que los eruditos llaman \u201cSegundo Isa\u00edas\u201d, escrito mientras el pueblo de Israel viv\u00eda exiliado en Babilonia. Este texto es uno de los \u201cc\u00e1nticos del siervo\u201d, que habla del siervo de Dios, llamado a reunir&hellip;","_links":{"self":[{"href":"https:\/\/www.episcopalchurch.org\/es\/wp-json\/wp\/v2\/bible_study\/236476","targetHints":{"allow":["GET"]}}],"collection":[{"href":"https:\/\/www.episcopalchurch.org\/es\/wp-json\/wp\/v2\/bible_study"}],"about":[{"href":"https:\/\/www.episcopalchurch.org\/es\/wp-json\/wp\/v2\/types\/bible_study"}],"wp:featuredmedia":[{"embeddable":true,"href":"https:\/\/www.episcopalchurch.org\/es\/wp-json\/wp\/v2\/media\/201220"}],"wp:attachment":[{"href":"https:\/\/www.episcopalchurch.org\/es\/wp-json\/wp\/v2\/media?parent=236476"}],"wp:term":[{"taxonomy":"category","embeddable":true,"href":"https:\/\/www.episcopalchurch.org\/es\/wp-json\/wp\/v2\/categories?post=236476"}],"curies":[{"name":"wp","href":"https:\/\/api.w.org\/{rel}","templated":true}]}}