{"id":275390,"date":"2022-09-28T10:15:56","date_gmt":"2022-09-28T14:15:56","guid":{"rendered":"https:\/\/www.episcopalchurch.org\/?post_type=bible_study&#038;p=275390"},"modified":"2025-11-25T13:44:49","modified_gmt":"2025-11-25T18:44:49","slug":"estudio-biblico-pentecostes-19-c-16-de-octubre-de-2022","status":"publish","type":"bible_study","link":"https:\/\/www.episcopalchurch.org\/es\/bible_study\/estudio-biblico-pentecostes-19-c-16-de-octubre-de-2022\/","title":{"rendered":"Estudio B\u00edblico: Propio 24 (C) \u2013 2022"},"content":{"rendered":"\n<p><strong><a href=\"https:\/\/www.episcopalchurch.org\/es\/lectionary\/propio-24c\/\">LCR: Jerem\u00edas 31:27-34; Salmo 119:97-104; 2 Timoteo 3:14-4:5; Lucas 18:1-8<\/a><\/strong><\/p>\n\n\n<div class=\"wp-block-image\">\n<figure class=\"alignright size-large is-resized\"><img loading=\"lazy\" decoding=\"async\" src=\"https:\/\/www.episcopalchurch.org\/wp-content\/uploads\/2022\/09\/Pr24-2022-Bible-Study-Graphic-SP-1024x536.png\" alt=\"\" class=\"wp-image-275392\" width=\"512\" height=\"268\" srcset=\"https:\/\/www.episcopalchurch.org\/wp-content\/uploads\/2022\/09\/Pr24-2022-Bible-Study-Graphic-SP-1024x536.png 1024w, https:\/\/www.episcopalchurch.org\/wp-content\/uploads\/2022\/09\/Pr24-2022-Bible-Study-Graphic-SP-300x157.png 300w, https:\/\/www.episcopalchurch.org\/wp-content\/uploads\/2022\/09\/Pr24-2022-Bible-Study-Graphic-SP-768x402.png 768w, https:\/\/www.episcopalchurch.org\/wp-content\/uploads\/2022\/09\/Pr24-2022-Bible-Study-Graphic-SP-480x251.png 480w, https:\/\/www.episcopalchurch.org\/wp-content\/uploads\/2022\/09\/Pr24-2022-Bible-Study-Graphic-SP.png 1200w\" sizes=\"auto, (max-width: 512px) 100vw, 512px\" \/><\/figure><\/div>\n\n\n<h4 class=\"wp-block-heading\">Jerem\u00edas 31:27-34<\/h4>\n\n\n\n<p>Los d\u00edas seguramente est\u00e1n llegando. La frase en s\u00ed suena siniestra, incluso aterradora. Mientras observamos lo que llena nuestros d\u00edas actuales, el estr\u00e9s y la fatiga cr\u00f3nicos, la divisi\u00f3n pol\u00edtica, el malestar social, la crisis clim\u00e1tica y la pandemia en curso (solo por nombrar algunos), pensar en lo que deparar\u00e1n los d\u00edas futuros puede parecer un ejercicio de exploraci\u00f3n de nuestras propias pesadillas. Sin embargo, aqu\u00ed en Jerem\u00edas, escuchamos a Dios confirmar que, de hecho, los d\u00edas seguramente vendr\u00e1n, aunque no estar\u00e1n llenos del terror y de las calamidades que tememos. En cambio, Dios promete que llegar\u00e1 un d\u00eda en que no habr\u00e1 m\u00e1s uvas agrias, y la vi\u00f1a de Israel estar\u00e1 repleta de frutos que crecer\u00e1n de las semillas sembradas de la promesa de Dios. Se nos recuerda que, si bien la historia de la relaci\u00f3n de Dios con los elegidos de Israel es una historia de pacto roto, tambi\u00e9n es una historia de invitaci\u00f3n y compromiso continuos a la comuni\u00f3n unos con otros. Injertados en esa relaci\u00f3n de pacto, tambi\u00e9n somos invitados a la promesa de Dios. Seguramente llegar\u00e1n los d\u00edas, y aunque pueden estar maduros con los desastres y las tragedias de la vida, tambi\u00e9n ser\u00e1n d\u00edas en los que Dios proclame: \u201cYo ser\u00e9 su Dios, y ellos ser\u00e1n mi pueblo\u201d.<\/p>\n\n\n\n<ul class=\"wp-block-list\"><li>\u00bfCu\u00e1les son sus temores para el futuro, tanto inmediato como a largo plazo?<\/li><li>\u00bfC\u00f3mo afecta la promesa de Dios de un futuro de relaci\u00f3n redimida a esos temores?<\/li><li>\u00bfC\u00f3mo podr\u00eda afectar e influir en su presente la creencia en un futuro en el que Dios clama: \u201cYo ser\u00e9 su Dios, y ellos ser\u00e1n mi pueblo\u201d?<\/li><\/ul>\n\n\n\n<h4 class=\"wp-block-heading\">Salmo 119:97-104<\/h4>\n\n\n\n<p>\u00bfC\u00f3mo ser\u00eda tener la palabra, la ense\u00f1anza, los mandamientos y la ley de Dios siempre frescos en nuestra mente? \u00bfEs posible? Con las demandas constantes de nuestro trabajo, nuestras familias y nuestros compromisos que sirven para estirarnos demasiado, tal vez estemos tentados a decir que simplemente hay una falta de posibilidad y plausibilidad para que nuestras mentes permanezcan siempre en Dios. El mundo se mueve m\u00e1s r\u00e1pido que nunca y se espera que sigamos el ritmo. Cuando escuchamos al salmista proclamar un amor por la ley de Dios, diciendo: \u201cTodo el d\u00eda est\u00e1 en mi mente\u201d, tal vez asintamos en silencio mientras pensamos: \u201cEn verdad no tengo tiempo\u2026\u201d.<\/p>\n\n\n\n<p>Sin embargo, si permitimos que sea as\u00ed, el salmista extiende la oferta de una cosmovisi\u00f3n que trasciende y define las demandas constantes que componen la vida. Un compromiso con Dios es un lente y un estilo de vida a trav\u00e9s del cual estamos llamados a comprometernos, y tal compromiso tiene una forma de clasificar y priorizar lo que nos aleja de lo que es correcto y verdadero. Que podamos adscribirnos a seguir el llamado del mandamiento de Dios, uni\u00e9ndonos as\u00ed al salmista en la gozosa proclamaci\u00f3n de que \u201csiempre est\u00e1 conmigo\u201d.<\/p>\n\n\n\n<ul class=\"wp-block-list\"><li>\u00bfC\u00f3mo podr\u00eda el morar conscientemente en los mandamientos de Dios redefinir, reorientar y reorganizar sus deberes y responsabilidades en la vida?<\/li><li>\u00bfQu\u00e9 podr\u00eda ser llamado a reevaluar y volver a priorizar como parte de ese vivir consciente?<\/li><\/ul>\n\n\n\n<h4 class=\"wp-block-heading\">2 Timoteo 3:14-4:5<\/h4>\n\n\n\n<p>Paciencia, pero con urgencia. O tal vez sea mejor decir paciencia urgente. De cualquier manera, el llamado cristiano a proclamar el Evangelio como se define en 2 Timoteo es un llamado que requiere la misma cantidad de fuerza y gracia. De hecho, el escritor de la carta insta a una proclamaci\u00f3n persistente, una que \u201cconvenza, reprenda y anime\u201d. Sin embargo, al mismo tiempo, el autor de la carta instruye que todo esto debe hacerse \u201ccon la m\u00e1xima paciencia en la ense\u00f1anza\u201d. Tal es la naturaleza dual de la historia redentora de Dios a trav\u00e9s de Jesucristo, una historia de gracia abundante y compromiso radical. El llamado al discipulado no es un llamado de conveniencia o que deba aceptarse \u201cconforme a los propios deseos\u201d, sino m\u00e1s bien una sagrada comisi\u00f3n para proclamar la Buena Nueva de Jesucristo en todo tiempo y en todo lugar. \u201cLleva a cabo tu ministerio a cabalidad\u201d, se nos dice con urgencia y mucha paciencia.<\/p>\n\n\n\n<ul class=\"wp-block-list\"><li>\u00bfC\u00f3mo puede la gracia estar presente en la urgencia? \u00bfC\u00f3mo est\u00e1 presente la gracia en la paciencia?<\/li><li>\u00bfCu\u00e1ndo ha experimentado la gracia a trav\u00e9s de la urgencia o la paciencia?<\/li><li>\u00bfC\u00f3mo podr\u00eda ser llamado a transmitir esa gracia a trav\u00e9s de la proclamaci\u00f3n?<\/li><\/ul>\n\n\n\n<h4 class=\"wp-block-heading\">Lucas 18:1-8<\/h4>\n\n\n\n<p>Jes\u00fas cuenta la historia de una viuda y un juez y, al hacerlo, habla de la situaci\u00f3n y las circunstancias de la comunidad de Lucas, un pueblo posterior a la Pascua que esperaba la segunda venida y, por lo tanto, negociaba en tiempo real lo que significaba ser seguidores de Cristo. Y no solo seguidores de Cristo, sino seguidores de Cristo viviendo en un momento posterior a la resurrecci\u00f3n de Cristo, pero antes de la Parus\u00eda. Finamente, la insistencia de la viuda en la comunicaci\u00f3n logra recibir justicia, independientemente de la indiferencia personal del juez, y sirve como ejemplo del poder de la relaci\u00f3n continua. El Jes\u00fas de Lucas promete que, si un juez sin inter\u00e9s en la justicia la otorga debido a una petici\u00f3n implacable, imagina lo que nuestro Dios todopoderoso y misericordioso puede hacer por los que \u201coran siempre\u201d y se obligan a \u201cno desmayar\u201d. Avancemos m\u00e1s de 2000 a\u00f1os y nosotros tambi\u00e9n nos encontramos en la comunidad de Lucas: un pueblo posterior a la Pascua y anterior a la parus\u00eda. \u00bfC\u00f3mo existimos en esa realidad? El Jes\u00fas de Lucas dice que no miremos m\u00e1s all\u00e1 de la viuda y su disposici\u00f3n a correr el riesgo continuo de la relaci\u00f3n comunicativa. Siguiendo su ejemplo, podemos responder a la pregunta: \u201cCuando venga el Hijo del hombre, \u00bfhallar\u00e1 fe en la tierra?\u201d con un rotundo \u201c\u00a1S\u00ed!\u201d mientras presentamos a los que aceptaron el santo desaf\u00edo de \u201corar siempre sin desmayar\u201d.<\/p>\n\n\n\n<ul class=\"wp-block-list\"><li>\u00bfAlguna vez ha sentido que Dios contest\u00f3 a una oraci\u00f3n? \u00bfC\u00f3mo fue eso?<\/li><li>\u00bfAlguna vez ha sentido que Dios no respondi\u00f3 a una oraci\u00f3n? \u00bfC\u00f3mo?<\/li><li>\u00bfC\u00f3mo es para usted un compromiso de orar siempre?<\/li><\/ul>\n\n\n\n<div class=\"wp-block-file\"><a id=\"wp-block-file--media-3362c094-c924-4936-a777-6d2769de6e4c\" href=\"https:\/\/www.episcopalchurch.org\/wp-content\/uploads\/2022\/09\/Bible-Study-Propio-24C-Spanish.docx\">Word \u2013 Propio 24 (C) Estudio B\u00edblico<\/a><a href=\"https:\/\/www.episcopalchurch.org\/wp-content\/uploads\/2022\/09\/Bible-Study-Propio-24C-Spanish.docx\" class=\"wp-block-file__button\" download aria-describedby=\"wp-block-file--media-3362c094-c924-4936-a777-6d2769de6e4c\">Download<\/a><\/div>\n\n\n\n<div class=\"wp-block-file\"><a id=\"wp-block-file--media-8c3fa689-1ba6-47e1-b86e-dd150434d06e\" href=\"https:\/\/www.episcopalchurch.org\/wp-content\/uploads\/2022\/09\/Bible-Study-Propio-24C-Spanish.pdf\">PDF \u2013 Propio 24 (C) Estudio B\u00edblico<\/a><a href=\"https:\/\/www.episcopalchurch.org\/wp-content\/uploads\/2022\/09\/Bible-Study-Propio-24C-Spanish.pdf\" class=\"wp-block-file__button\" download aria-describedby=\"wp-block-file--media-8c3fa689-1ba6-47e1-b86e-dd150434d06e\">Download<\/a><\/div>\n","protected":false},"featured_media":201220,"template":"","meta":{"_acf_changed":false,"_uag_custom_page_level_css":"","_kad_blocks_custom_css":"","_kad_blocks_head_custom_js":"","_kad_blocks_body_custom_js":"","_kad_blocks_footer_custom_js":"","_kadence_starter_templates_imported_post":false,"_links_to":"","_links_to_target":""},"categories":[1029,1055],"class_list":["post-275390","bible_study","type-bible_study","status-publish","has-post-thumbnail","hentry","category-pentecostes-c","category-propio-24c"],"acf":{"drupal_id":"","lectionary_id":false,"sermon_date":"2022-10-16","sermon_other_translation":false,"sermon_language":"","author_id":false},"yoast_head":"<!-- This site is optimized with the Yoast SEO Premium plugin v24.6 (Yoast SEO v26.3) - https:\/\/yoast.com\/wordpress\/plugins\/seo\/ -->\n<title>Estudio B\u00edblico: Propio 24 (C) \u2013 2022 &#8211; The Episcopal Church<\/title>\n<meta name=\"robots\" content=\"index, follow, max-snippet:-1, max-image-preview:large, max-video-preview:-1\" \/>\n<link rel=\"canonical\" href=\"https:\/\/www.episcopalchurch.org\/es\/bible_study\/estudio-biblico-pentecostes-19-c-16-de-octubre-de-2022\/\" \/>\n<meta property=\"og:locale\" content=\"es_ES\" \/>\n<meta property=\"og:type\" content=\"article\" \/>\n<meta property=\"og:title\" content=\"Estudio B\u00edblico: Pentecost\u00e9s 19 (C) \u2013 16 de octubre de 2022\" \/>\n<meta property=\"og:description\" content=\"LCR: Jerem\u00edas 31:27-34; Salmo 119:97-104; 2 Timoteo 3:14-4:5; Lucas 18:1-8 Jerem\u00edas 31:27-34 Los d\u00edas seguramente est\u00e1n llegando. La frase en s\u00ed suena siniestra, incluso aterradora. Mientras observamos lo que llena nuestros d\u00edas actuales, el estr\u00e9s y la fatiga cr\u00f3nicos, la divisi\u00f3n pol\u00edtica, el malestar social, la crisis clim\u00e1tica y la pandemia en curso (solo por [&hellip;]\" \/>\n<meta property=\"og:url\" content=\"https:\/\/www.episcopalchurch.org\/es\/bible_study\/estudio-biblico-pentecostes-19-c-16-de-octubre-de-2022\/\" \/>\n<meta property=\"og:site_name\" content=\"The Episcopal Church\" \/>\n<meta property=\"article:publisher\" content=\"https:\/\/www.facebook.com\/episcopalian\" \/>\n<meta property=\"article:modified_time\" content=\"2025-11-25T18:44:49+00:00\" \/>\n<meta property=\"og:image\" content=\"https:\/\/www.episcopalchurch.org\/wp-content\/uploads\/2022\/09\/Pr24-2022-Bible-Study-Graphic-SP.png\" \/>\n\t<meta property=\"og:image:width\" content=\"1200\" \/>\n\t<meta property=\"og:image:height\" content=\"628\" \/>\n\t<meta property=\"og:image:type\" content=\"image\/png\" \/>\n<meta name=\"twitter:card\" content=\"summary_large_image\" \/>\n<meta name=\"twitter:title\" content=\"Estudio B\u00edblico: Pentecost\u00e9s 19 (C) \u2013 16 de octubre de 2022\" \/>\n<meta name=\"twitter:image\" content=\"https:\/\/www.episcopalchurch.org\/wp-content\/uploads\/2022\/09\/Pr24-2022-Bible-Study-Graphic-SP.png\" \/>\n<meta name=\"twitter:site\" content=\"@iamepiscopalian\" \/>\n<meta name=\"twitter:label1\" content=\"Est. reading time\" \/>\n\t<meta name=\"twitter:data1\" content=\"5 minutes\" \/>\n<script type=\"application\/ld+json\" class=\"yoast-schema-graph\">{\"@context\":\"https:\/\/schema.org\",\"@graph\":[{\"@type\":\"WebPage\",\"@id\":\"https:\/\/www.episcopalchurch.org\/es\/bible_study\/estudio-biblico-pentecostes-19-c-16-de-octubre-de-2022\/\",\"url\":\"https:\/\/www.episcopalchurch.org\/es\/bible_study\/estudio-biblico-pentecostes-19-c-16-de-octubre-de-2022\/\",\"name\":\"Estudio B\u00edblico: Propio 24 (C) \u2013 2022 &#8211; The Episcopal Church\",\"isPartOf\":{\"@id\":\"https:\/\/www.episcopalchurch.org\/#website\"},\"primaryImageOfPage\":{\"@id\":\"https:\/\/www.episcopalchurch.org\/es\/bible_study\/estudio-biblico-pentecostes-19-c-16-de-octubre-de-2022\/#primaryimage\"},\"image\":{\"@id\":\"https:\/\/www.episcopalchurch.org\/es\/bible_study\/estudio-biblico-pentecostes-19-c-16-de-octubre-de-2022\/#primaryimage\"},\"thumbnailUrl\":\"https:\/\/www.episcopalchurch.org\/wp-content\/uploads\/2020\/12\/BSTW_Spanish_SQ.png\",\"datePublished\":\"2022-09-28T14:15:56+00:00\",\"dateModified\":\"2025-11-25T18:44:49+00:00\",\"breadcrumb\":{\"@id\":\"https:\/\/www.episcopalchurch.org\/es\/bible_study\/estudio-biblico-pentecostes-19-c-16-de-octubre-de-2022\/#breadcrumb\"},\"inLanguage\":\"es-ES\",\"potentialAction\":[{\"@type\":\"ReadAction\",\"target\":[\"https:\/\/www.episcopalchurch.org\/es\/bible_study\/estudio-biblico-pentecostes-19-c-16-de-octubre-de-2022\/\"]}]},{\"@type\":\"ImageObject\",\"inLanguage\":\"es-ES\",\"@id\":\"https:\/\/www.episcopalchurch.org\/es\/bible_study\/estudio-biblico-pentecostes-19-c-16-de-octubre-de-2022\/#primaryimage\",\"url\":\"https:\/\/www.episcopalchurch.org\/wp-content\/uploads\/2020\/12\/BSTW_Spanish_SQ.png\",\"contentUrl\":\"https:\/\/www.episcopalchurch.org\/wp-content\/uploads\/2020\/12\/BSTW_Spanish_SQ.png\",\"width\":928,\"height\":927,\"caption\":\"Estudios Biblicos Que Iluminan\"},{\"@type\":\"BreadcrumbList\",\"@id\":\"https:\/\/www.episcopalchurch.org\/es\/bible_study\/estudio-biblico-pentecostes-19-c-16-de-octubre-de-2022\/#breadcrumb\",\"itemListElement\":[{\"@type\":\"ListItem\",\"position\":1,\"name\":\"Home\",\"item\":\"https:\/\/www.episcopalchurch.org\/\"},{\"@type\":\"ListItem\",\"position\":2,\"name\":\"Estudio B\u00edblico: Propio 24 (C) \u2013 2022\"}]},{\"@type\":\"WebSite\",\"@id\":\"https:\/\/www.episcopalchurch.org\/#website\",\"url\":\"https:\/\/www.episcopalchurch.org\/\",\"name\":\"The Episcopal Church\",\"description\":\"Welcomes You\",\"publisher\":{\"@id\":\"https:\/\/www.episcopalchurch.org\/#organization\"},\"potentialAction\":[{\"@type\":\"SearchAction\",\"target\":{\"@type\":\"EntryPoint\",\"urlTemplate\":\"https:\/\/www.episcopalchurch.org\/?s={search_term_string}\"},\"query-input\":{\"@type\":\"PropertyValueSpecification\",\"valueRequired\":true,\"valueName\":\"search_term_string\"}}],\"inLanguage\":\"es-ES\"},{\"@type\":\"Organization\",\"@id\":\"https:\/\/www.episcopalchurch.org\/#organization\",\"name\":\"The Episcopal Church\",\"url\":\"https:\/\/www.episcopalchurch.org\/\",\"logo\":{\"@type\":\"ImageObject\",\"inLanguage\":\"es-ES\",\"@id\":\"https:\/\/www.episcopalchurch.org\/#\/schema\/logo\/image\/\",\"url\":\"https:\/\/www.episcopalchurch.org\/wp-content\/uploads\/2021\/01\/vertical_episcopal_logo.jpg\",\"contentUrl\":\"https:\/\/www.episcopalchurch.org\/wp-content\/uploads\/2021\/01\/vertical_episcopal_logo.jpg\",\"width\":770,\"height\":662,\"caption\":\"The Episcopal Church\"},\"image\":{\"@id\":\"https:\/\/www.episcopalchurch.org\/#\/schema\/logo\/image\/\"},\"sameAs\":[\"https:\/\/www.facebook.com\/episcopalian\",\"https:\/\/x.com\/iamepiscopalian\",\"https:\/\/www.youtube.com\/channel\/UCdVJpxCtK41c_-p6EaE4_2A\"]}]}<\/script>\n<!-- \/ Yoast SEO Premium plugin. -->","yoast_head_json":{"title":"Estudio B\u00edblico: Propio 24 (C) \u2013 2022 &#8211; The Episcopal Church","robots":{"index":"index","follow":"follow","max-snippet":"max-snippet:-1","max-image-preview":"max-image-preview:large","max-video-preview":"max-video-preview:-1"},"canonical":"https:\/\/www.episcopalchurch.org\/es\/bible_study\/estudio-biblico-pentecostes-19-c-16-de-octubre-de-2022\/","og_locale":"es_ES","og_type":"article","og_title":"Estudio B\u00edblico: Pentecost\u00e9s 19 (C) \u2013 16 de octubre de 2022","og_description":"LCR: Jerem\u00edas 31:27-34; Salmo 119:97-104; 2 Timoteo 3:14-4:5; Lucas 18:1-8 Jerem\u00edas 31:27-34 Los d\u00edas seguramente est\u00e1n llegando. La frase en s\u00ed suena siniestra, incluso aterradora. Mientras observamos lo que llena nuestros d\u00edas actuales, el estr\u00e9s y la fatiga cr\u00f3nicos, la divisi\u00f3n pol\u00edtica, el malestar social, la crisis clim\u00e1tica y la pandemia en curso (solo por [&hellip;]","og_url":"https:\/\/www.episcopalchurch.org\/es\/bible_study\/estudio-biblico-pentecostes-19-c-16-de-octubre-de-2022\/","og_site_name":"The Episcopal Church","article_publisher":"https:\/\/www.facebook.com\/episcopalian","article_modified_time":"2025-11-25T18:44:49+00:00","og_image":[{"width":1200,"height":628,"url":"https:\/\/www.episcopalchurch.org\/wp-content\/uploads\/2022\/09\/Pr24-2022-Bible-Study-Graphic-SP.png","type":"image\/png"}],"twitter_card":"summary_large_image","twitter_title":"Estudio B\u00edblico: Pentecost\u00e9s 19 (C) \u2013 16 de octubre de 2022","twitter_image":"https:\/\/www.episcopalchurch.org\/wp-content\/uploads\/2022\/09\/Pr24-2022-Bible-Study-Graphic-SP.png","twitter_site":"@iamepiscopalian","twitter_misc":{"Est. reading time":"5 minutes"},"schema":{"@context":"https:\/\/schema.org","@graph":[{"@type":"WebPage","@id":"https:\/\/www.episcopalchurch.org\/es\/bible_study\/estudio-biblico-pentecostes-19-c-16-de-octubre-de-2022\/","url":"https:\/\/www.episcopalchurch.org\/es\/bible_study\/estudio-biblico-pentecostes-19-c-16-de-octubre-de-2022\/","name":"Estudio B\u00edblico: Propio 24 (C) \u2013 2022 &#8211; The Episcopal Church","isPartOf":{"@id":"https:\/\/www.episcopalchurch.org\/#website"},"primaryImageOfPage":{"@id":"https:\/\/www.episcopalchurch.org\/es\/bible_study\/estudio-biblico-pentecostes-19-c-16-de-octubre-de-2022\/#primaryimage"},"image":{"@id":"https:\/\/www.episcopalchurch.org\/es\/bible_study\/estudio-biblico-pentecostes-19-c-16-de-octubre-de-2022\/#primaryimage"},"thumbnailUrl":"https:\/\/www.episcopalchurch.org\/wp-content\/uploads\/2020\/12\/BSTW_Spanish_SQ.png","datePublished":"2022-09-28T14:15:56+00:00","dateModified":"2025-11-25T18:44:49+00:00","breadcrumb":{"@id":"https:\/\/www.episcopalchurch.org\/es\/bible_study\/estudio-biblico-pentecostes-19-c-16-de-octubre-de-2022\/#breadcrumb"},"inLanguage":"es-ES","potentialAction":[{"@type":"ReadAction","target":["https:\/\/www.episcopalchurch.org\/es\/bible_study\/estudio-biblico-pentecostes-19-c-16-de-octubre-de-2022\/"]}]},{"@type":"ImageObject","inLanguage":"es-ES","@id":"https:\/\/www.episcopalchurch.org\/es\/bible_study\/estudio-biblico-pentecostes-19-c-16-de-octubre-de-2022\/#primaryimage","url":"https:\/\/www.episcopalchurch.org\/wp-content\/uploads\/2020\/12\/BSTW_Spanish_SQ.png","contentUrl":"https:\/\/www.episcopalchurch.org\/wp-content\/uploads\/2020\/12\/BSTW_Spanish_SQ.png","width":928,"height":927,"caption":"Estudios Biblicos Que Iluminan"},{"@type":"BreadcrumbList","@id":"https:\/\/www.episcopalchurch.org\/es\/bible_study\/estudio-biblico-pentecostes-19-c-16-de-octubre-de-2022\/#breadcrumb","itemListElement":[{"@type":"ListItem","position":1,"name":"Home","item":"https:\/\/www.episcopalchurch.org\/"},{"@type":"ListItem","position":2,"name":"Estudio B\u00edblico: Propio 24 (C) \u2013 2022"}]},{"@type":"WebSite","@id":"https:\/\/www.episcopalchurch.org\/#website","url":"https:\/\/www.episcopalchurch.org\/","name":"The Episcopal Church","description":"Welcomes You","publisher":{"@id":"https:\/\/www.episcopalchurch.org\/#organization"},"potentialAction":[{"@type":"SearchAction","target":{"@type":"EntryPoint","urlTemplate":"https:\/\/www.episcopalchurch.org\/?s={search_term_string}"},"query-input":{"@type":"PropertyValueSpecification","valueRequired":true,"valueName":"search_term_string"}}],"inLanguage":"es-ES"},{"@type":"Organization","@id":"https:\/\/www.episcopalchurch.org\/#organization","name":"The Episcopal Church","url":"https:\/\/www.episcopalchurch.org\/","logo":{"@type":"ImageObject","inLanguage":"es-ES","@id":"https:\/\/www.episcopalchurch.org\/#\/schema\/logo\/image\/","url":"https:\/\/www.episcopalchurch.org\/wp-content\/uploads\/2021\/01\/vertical_episcopal_logo.jpg","contentUrl":"https:\/\/www.episcopalchurch.org\/wp-content\/uploads\/2021\/01\/vertical_episcopal_logo.jpg","width":770,"height":662,"caption":"The Episcopal Church"},"image":{"@id":"https:\/\/www.episcopalchurch.org\/#\/schema\/logo\/image\/"},"sameAs":["https:\/\/www.facebook.com\/episcopalian","https:\/\/x.com\/iamepiscopalian","https:\/\/www.youtube.com\/channel\/UCdVJpxCtK41c_-p6EaE4_2A"]}]}},"taxonomy_info":{"category":[{"value":1029,"label":"Pentecost\u00e9s C"},{"value":1055,"label":"Propio 24c"}]},"featured_image_src_large":["https:\/\/www.episcopalchurch.org\/wp-content\/uploads\/2020\/12\/BSTW_Spanish_SQ.png",928,927,false],"author_info":[],"comment_info":"","uagb_featured_image_src":{"full":["https:\/\/www.episcopalchurch.org\/wp-content\/uploads\/2020\/12\/BSTW_Spanish_SQ.png",928,927,false],"thumbnail":["https:\/\/www.episcopalchurch.org\/wp-content\/uploads\/2020\/12\/BSTW_Spanish_SQ-150x150.png",150,150,true],"medium":["https:\/\/www.episcopalchurch.org\/wp-content\/uploads\/2020\/12\/BSTW_Spanish_SQ-300x300.png",300,300,true],"medium_large":["https:\/\/www.episcopalchurch.org\/wp-content\/uploads\/2020\/12\/BSTW_Spanish_SQ-768x767.png",768,767,true],"large":["https:\/\/www.episcopalchurch.org\/wp-content\/uploads\/2020\/12\/BSTW_Spanish_SQ.png",928,927,false],"1536x1536":["https:\/\/www.episcopalchurch.org\/wp-content\/uploads\/2020\/12\/BSTW_Spanish_SQ.png",928,927,false],"2048x2048":["https:\/\/www.episcopalchurch.org\/wp-content\/uploads\/2020\/12\/BSTW_Spanish_SQ.png",928,927,false],"menu":["https:\/\/www.episcopalchurch.org\/wp-content\/uploads\/2020\/12\/BSTW_Spanish_SQ-330x200.png",330,200,true],"hero":["https:\/\/www.episcopalchurch.org\/wp-content\/uploads\/2020\/12\/BSTW_Spanish_SQ-928x550.png",928,550,true],"callout-image":["https:\/\/www.episcopalchurch.org\/wp-content\/uploads\/2020\/12\/BSTW_Spanish_SQ-480x479.png",480,479,true]},"uagb_author_info":{"display_name":"Christopher Sikkema","author_link":"https:\/\/www.episcopalchurch.org\/es\/author\/"},"uagb_comment_info":0,"uagb_excerpt":"LCR: Jerem\u00edas 31:27-34; Salmo 119:97-104; 2 Timoteo 3:14-4:5; Lucas 18:1-8 Jerem\u00edas 31:27-34 Los d\u00edas seguramente est\u00e1n llegando. La frase en s\u00ed suena siniestra, incluso aterradora. Mientras observamos lo que llena nuestros d\u00edas actuales, el estr\u00e9s y la fatiga cr\u00f3nicos, la divisi\u00f3n pol\u00edtica, el malestar social, la crisis clim\u00e1tica y la pandemia en curso (solo por&hellip;","_links":{"self":[{"href":"https:\/\/www.episcopalchurch.org\/es\/wp-json\/wp\/v2\/bible_study\/275390","targetHints":{"allow":["GET"]}}],"collection":[{"href":"https:\/\/www.episcopalchurch.org\/es\/wp-json\/wp\/v2\/bible_study"}],"about":[{"href":"https:\/\/www.episcopalchurch.org\/es\/wp-json\/wp\/v2\/types\/bible_study"}],"wp:featuredmedia":[{"embeddable":true,"href":"https:\/\/www.episcopalchurch.org\/es\/wp-json\/wp\/v2\/media\/201220"}],"wp:attachment":[{"href":"https:\/\/www.episcopalchurch.org\/es\/wp-json\/wp\/v2\/media?parent=275390"}],"wp:term":[{"taxonomy":"category","embeddable":true,"href":"https:\/\/www.episcopalchurch.org\/es\/wp-json\/wp\/v2\/categories?post=275390"}],"curies":[{"name":"wp","href":"https:\/\/api.w.org\/{rel}","templated":true}]}}