{"id":302079,"date":"2024-02-10T18:15:31","date_gmt":"2024-02-10T23:15:31","guid":{"rendered":"https:\/\/www.episcopalchurch.org\/?post_type=bible_study&#038;p=302079"},"modified":"2025-11-25T12:49:31","modified_gmt":"2025-11-25T17:49:31","slug":"estudio-biblico-domingo-de-ramos-b-24-de-marzo-de-2024","status":"publish","type":"bible_study","link":"https:\/\/www.episcopalchurch.org\/es\/bible_study\/estudio-biblico-domingo-de-ramos-b-24-de-marzo-de-2024\/","title":{"rendered":"Estudio B\u00edblico: Domingo de Ramos (B) \u2013 2024"},"content":{"rendered":"\n<p><strong><a href=\"https:\/\/www.episcopalchurch.org\/es\/lectionary\/domingo-de-ramos-palabra-b\/\">LCR: Isa\u00edas 50:4-9; Salmo 31:9-16; Filipenses 2:5-11; Marcos 14:1-15:47<\/a><\/strong><\/p>\n\n\n<div class=\"wp-block-image\">\n<figure class=\"alignright size-large is-resized\"><img loading=\"lazy\" decoding=\"async\" width=\"1024\" height=\"536\" src=\"https:\/\/www.episcopalchurch.org\/wp-content\/uploads\/2024\/02\/PS-2024-Bible-Study-Graphic-SP-1024x536.png\" alt=\"\" class=\"wp-image-302094\" style=\"width:512px\" srcset=\"https:\/\/www.episcopalchurch.org\/wp-content\/uploads\/2024\/02\/PS-2024-Bible-Study-Graphic-SP-1024x536.png 1024w, https:\/\/www.episcopalchurch.org\/wp-content\/uploads\/2024\/02\/PS-2024-Bible-Study-Graphic-SP-300x157.png 300w, https:\/\/www.episcopalchurch.org\/wp-content\/uploads\/2024\/02\/PS-2024-Bible-Study-Graphic-SP-768x402.png 768w, https:\/\/www.episcopalchurch.org\/wp-content\/uploads\/2024\/02\/PS-2024-Bible-Study-Graphic-SP-480x251.png 480w, https:\/\/www.episcopalchurch.org\/wp-content\/uploads\/2024\/02\/PS-2024-Bible-Study-Graphic-SP.png 1200w\" sizes=\"auto, (max-width: 1024px) 100vw, 1024px\" \/><\/figure><\/div>\n\n\n<h4 class=\"wp-block-heading\" id=\"h-isaias-50-4-9\"><strong>Isa\u00edas 50:4-9<\/strong><\/h4>\n\n\n\n<p>Los eruditos b\u00edblicos sit\u00faan en gran medida este pasaje dentro de lo que se denomina &#8220;Deutero-Isa\u00edas&#8221;, el segundo de los tres movimientos del Libro de Isa\u00edas que datan del final del Exilio babil\u00f3nico o de principios del per\u00edodo postex\u00edlico. El pasaje contiene el tercero de los cuatro cantos de Isa\u00edas sobre el &#8220;siervo sufriente&#8221;, que a menudo se identifica con el profeta titular del libro, el Mes\u00edas, el pueblo de Israel o alguna combinaci\u00f3n de ellos.<\/p>\n\n\n\n<p>En este pasaje, el siervo se identifica a s\u00ed mismo como estudiante y maestro, encargado de proporcionar al cansado pueblo de Dios palabras de apoyo durante su exilio. Dios ense\u00f1a estas palabras al siervo cada d\u00eda y el siervo transmite obedientemente las palabras de Dios al pueblo de Israel, incluso cuando al hacerlo sufre burlas o persecuciones violentas. Confiando en que Dios traer\u00e1 la justicia y la salvaci\u00f3n, el siervo soporta voluntariamente y con abnegaci\u00f3n este sufrimiento con un &#8220;firme como una roca&#8221;: una roca extremadamente densa utilizada en la antigua construcci\u00f3n de herramientas que significa la firme resoluci\u00f3n del siervo ante el sufrimiento. Pero como el pedernal tambi\u00e9n se ha utilizado desde la antig\u00fcedad para encender fuego, el sufrimiento voluntario del siervo sirve de ejemplo para Israel de amor firme y abnegado a Dios y al pr\u00f3jimo: un ejemplo que -cuando se emula- puede suscitar exponencialmente m\u00e1s ejemplos para que los vecinos de Israel lo sigan hasta que el mundo quede envuelto en el amor de Dios.<\/p>\n\n\n\n<ul class=\"wp-block-list\">\n<li>Como el siervo sufriente, los cristianos est\u00e1n llamados a proclamar la palabra de Dios a un mundo que a menudo se muestra hostil al Evangelio. \u00bfAlguna vez has experimentado hostilidad o has padecido sufrimiento al proclamar el Evangelio? \u00bfQu\u00e9 sucedi\u00f3? \u00bfC\u00f3mo has respondido? <strong><\/strong><\/li>\n\n\n\n<li>En nuestro Pacto Bautismal, prometemos proclamar con la palabra y el ejemplo la Buena Nueva de Dios en Cristo. \u00bfDe qu\u00e9 manera puedes proclamar esta semana el Evangelio con tu ejemplo? \u00bfC\u00f3mo puedes animar a otros a seguir este ejemplo? <\/li>\n<\/ul>\n\n\n\n<h4 class=\"wp-block-heading\" id=\"h-salmo-31-9-16\"><strong>Salmo <\/strong><strong>31:9-16<\/strong><\/h4>\n\n\n\n<p>El Salterio est\u00e1 lleno de expresiones de intensas emociones humanas: las m\u00e1s altas y las m\u00e1s bajas. En este pasaje del Salmo 31, encontramos al salmista expresando uno de sus momentos m\u00e1s bajos. La tristeza y el dolor agravados por la enemistad y la persecuci\u00f3n de amigos y enemigos por igual han dado lugar a una aflicci\u00f3n que ha consumido por completo al salmista, cuyo cuerpo mismo est\u00e1 siendo destruido por el trauma. El sufrimiento es omnipresente en la experiencia humana, y tanto si hemos sufrido como si no en la medida expresada en este pasaje, el dolor del salmista y las manifestaciones f\u00edsicas de ese dolor son profundamente identificables. Y en medio de un sufrimiento tan inmenso, quiz\u00e1 podamos comprender los sentimientos de inutilidad y abandono del salmista.<\/p>\n\n\n\n<p>Pero el Salmista sabe que su abandono no es absoluto. Aunque el salmista se ha convertido en un oprobio para todos, sabe que Dios no le ha abandonado. Aunque su cuerpo se est\u00e9 consumiendo, el salmista sigue confiando en que Dios est\u00e1 presente y tiene el control. A pesar del sufrimiento experimentado a manos de sus enemigos, el salmista afirma que s\u00f3lo Dios tiene el control de su vida y entrega todo su dolor y su pena en las manos salvadoras de Dios.<\/p>\n\n\n\n<ul class=\"wp-block-list\">\n<li>\u00bfHas tenido, como el salmista, una experiencia de dolor o pena intensos que te haya provocado s\u00edntomas f\u00edsicos? \u00bfC\u00f3mo encontr\u00f3 alivio?<\/li>\n\n\n\n<li>El salmista escribe en otra parte que &#8220;Dios acompa\u00f1a al de coraz\u00f3n quebrado&#8221; (Sal. 34:18). \u00bfD\u00f3nde has sido testigo de la presencia y el control de Dios en medio de un gran sufrimiento?<\/li>\n<\/ul>\n\n\n\n<h4 class=\"wp-block-heading\" id=\"h-filipenses-2-5-11\"><strong>Filipenses 2:5-11<\/strong><\/h4>\n\n\n\n<p>En este pasaje de la carta de Pablo a los filipenses, el ap\u00f3stol anima a la iglesia de Filipos a basar sus pensamientos, sus acciones y toda su vida en el ejemplo de Cristo. A continuaci\u00f3n, Pablo recurre a un himno de los primeros cristianos para articular la naturaleza del ejemplo de Cristo. El himno describe la encarnaci\u00f3n de Jes\u00fas como un proceso de vaciamiento de s\u00ed mismo (o kenosis), por el que lo divino adopt\u00f3 nuestra humanidad. Y en lugar de elegir nacer en una familia rica o poderosa, la k\u00e9nosis de Cristo va m\u00e1s all\u00e1, pues se cri\u00f3 en la humilde ciudad de Nazaret. A pesar de ser divino, el Se\u00f1or de todo, con un nombre por encima de todos los dem\u00e1s, Jes\u00fas pas\u00f3 su vida identific\u00e1ndose y sirviendo a los m\u00e1s peque\u00f1os, a los vulnerables y a los marginados. Pero la vida de vaciamiento de Cristo va m\u00e1s all\u00e1 y culmina con su muerte sacrificial en la cruz. <strong><\/strong><\/p>\n\n\n\n<p>Con este himno a Cristo, Pablo dice a los filipenses y a todos los cristianos que el ejemplo dado por Jesucristo es una vida de humildad, vaciamiento de s\u00ed mismo y abnegaci\u00f3n obediente por el bien de los dem\u00e1s. Pablo nos anima a modelar toda nuestra vida seg\u00fan este ejemplo, comenzando este pasaje con una exhortaci\u00f3n a &#8220;busque \u00fanicamente su propio bien, sino tambi\u00e9n el bien de los otros&#8221; (Fil. 2:4). Esto significa amar a nuestro pr\u00f3jimo -especialmente a los m\u00e1s vulnerables entre nosotros- incluso cuando hacerlo nos exija vaciarnos de nuestras nociones de estatus, conveniencia o comodidad.<\/p>\n\n\n\n<ul class=\"wp-block-list\">\n<li>\u00bfQui\u00e9nes son las personas vulnerables\/marginadas de tu comunidad? \u00bfC\u00f3mo te identificas con ellas? \u00bfQu\u00e9 barreras te impiden identificarte con ellas?<\/li>\n\n\n\n<li>\u00bfQu\u00e9 acto de servicio amoroso puedes ofrecer esta semana por el bien de las personas vulnerables\/marginadas de tu comunidad? \u00bfDe qu\u00e9 tendr\u00edas que despojarte para llevar a cabo este acto de servicio amoroso? \u2003<\/li>\n<\/ul>\n\n\n\n<h4 class=\"wp-block-heading\" id=\"h-marcos-14-1-15-47\"><strong>Marcos 14:1-15:47<\/strong><\/h4>\n\n\n\n<p>En el relato marcano de la Pasi\u00f3n, encontramos la culminaci\u00f3n de las lecturas de esta semana. Al igual que el salmista, Jes\u00fas es abandonado, negado y traicionado por sus amigos, y el alcance de su dolor queda patente en Getseman\u00ed. Pero incluso en su dolor (de nuevo como el salmista), Jes\u00fas se entrega obedientemente a la voluntad de Dios. Como el siervo sufriente de Isa\u00edas y como se dice en el himno a Cristo citado por Pablo, Jes\u00fas soporta voluntariamente el escarnio, el abuso y todo tipo de sufrimiento hasta su brutal muerte en la cruz: El ejemplo perfecto de amor abnegado de Cristo por el bien de todo el mundo. <strong><\/strong><\/p>\n\n\n\n<p>Por supuesto, Jes\u00fas hab\u00eda vivido toda su vida como tal ejemplo y este pasaje describe a varias personas que se han inspirado para seguir sus pasos abnegados. La mujer de la casa de Sim\u00f3n, que sacrifica el salario de casi un a\u00f1o para ungir a Jes\u00fas para su entierro; Sim\u00f3n de Cirene, que carga sobre sus hombros la cruz de Jes\u00fas; Jos\u00e9 de Arimatea, que pide con valent\u00eda el cuerpo sin vida de Jes\u00fas antes de vestirlo y depositarlo en su propia tumba; Mar\u00eda, Mar\u00eda y Solom\u00e9, que dan testimonio de la pasi\u00f3n de Cristo y se quedan para presenciar su entierro despu\u00e9s de la puesta de sol del d\u00eda de la Preparaci\u00f3n: cada uno de ellos ha empezado a seguir el ejemplo de Cristo ofreciendo su vida como sacrificio vivo a su Dios.<\/p>\n\n\n\n<ul class=\"wp-block-list\">\n<li>De las personas que aparecen en este pasaje y que han empezado a seguir el ejemplo abnegado de Cristo, \u00bfqui\u00e9n te parece m\u00e1s inspirador? \u00bfConoces a alguien que te haya inspirado en tu vida?<\/li>\n\n\n\n<li>Mientras conmemoramos la vida y muerte sacrificial de Cristo en esta Semana Santa, \u00bfqu\u00e9 sacrificios puede estar invit\u00e1ndote Dios a hacer para amar mejor tanto a Dios como al pr\u00f3jimo?<\/li>\n<\/ul>\n\n\n\n<p><\/p>\n\n\n\n<div class=\"wp-block-file\"><a id=\"wp-block-file--media-853e3886-0295-4d86-a570-52673c898947\" href=\"https:\/\/www.episcopalchurch.org\/wp-content\/uploads\/2024\/02\/Domingo-de-Ramos-SP.docx\">Word \u2013 Domingo de Ramos (B) Estudio B\u00edblico<\/a><a href=\"https:\/\/www.episcopalchurch.org\/wp-content\/uploads\/2024\/02\/Domingo-de-Ramos-SP.docx\" class=\"wp-block-file__button wp-element-button\" download aria-describedby=\"wp-block-file--media-853e3886-0295-4d86-a570-52673c898947\">Download<\/a><\/div>\n\n\n\n<div class=\"wp-block-file\"><a id=\"wp-block-file--media-ebee9dc4-cce0-4f44-90de-2ef01ffa0c14\" href=\"https:\/\/www.episcopalchurch.org\/wp-content\/uploads\/2024\/02\/Domingo-de-Ramos-SP.pdf\">PDF \u2013 Domingo de Ramos (B) Estudio B\u00edblico<\/a><a href=\"https:\/\/www.episcopalchurch.org\/wp-content\/uploads\/2024\/02\/Domingo-de-Ramos-SP.pdf\" class=\"wp-block-file__button wp-element-button\" download aria-describedby=\"wp-block-file--media-ebee9dc4-cce0-4f44-90de-2ef01ffa0c14\">Download<\/a><\/div>\n","protected":false},"featured_media":201218,"template":"","meta":{"_acf_changed":false,"_uag_custom_page_level_css":"","_kad_blocks_custom_css":"","_kad_blocks_head_custom_js":"","_kad_blocks_body_custom_js":"","_kad_blocks_footer_custom_js":"","_kadence_starter_templates_imported_post":false,"_links_to":"","_links_to_target":""},"categories":[959,898],"class_list":["post-302079","bible_study","type-bible_study","status-publish","has-post-thumbnail","hentry","category-domingo-de-ramos-b","category-semana-santa"],"acf":{"drupal_id":"","lectionary_id":false,"sermon_date":"","sermon_other_translation":false,"sermon_language":"","author_id":false},"yoast_head":"<!-- This site is optimized with the Yoast SEO Premium plugin v24.6 (Yoast SEO v26.3) - https:\/\/yoast.com\/wordpress\/plugins\/seo\/ -->\n<title>Estudio B\u00edblico: Domingo de Ramos (B) \u2013 2024 &#8211; The Episcopal Church<\/title>\n<meta name=\"robots\" content=\"index, follow, max-snippet:-1, max-image-preview:large, max-video-preview:-1\" \/>\n<link rel=\"canonical\" href=\"https:\/\/www.episcopalchurch.org\/es\/bible_study\/estudio-biblico-domingo-de-ramos-b-24-de-marzo-de-2024\/\" \/>\n<meta property=\"og:locale\" content=\"es_ES\" \/>\n<meta property=\"og:type\" content=\"article\" \/>\n<meta property=\"og:title\" content=\"Estudio B\u00edblico: Domingo de Ramos (B) \u2013 2024\" \/>\n<meta property=\"og:description\" content=\"LCR: Isa\u00edas 50:4-9; Salmo 31:9-16; Filipenses 2:5-11; Marcos 14:1-15:47 Isa\u00edas 50:4-9 Los eruditos b\u00edblicos sit\u00faan en gran medida este pasaje dentro de lo que se denomina &#8220;Deutero-Isa\u00edas&#8221;, el segundo de los tres movimientos del Libro de Isa\u00edas que datan del final del Exilio babil\u00f3nico o de principios del per\u00edodo postex\u00edlico. El pasaje contiene el tercero [&hellip;]\" \/>\n<meta property=\"og:url\" content=\"https:\/\/www.episcopalchurch.org\/es\/bible_study\/estudio-biblico-domingo-de-ramos-b-24-de-marzo-de-2024\/\" \/>\n<meta property=\"og:site_name\" content=\"The Episcopal Church\" \/>\n<meta property=\"article:publisher\" content=\"https:\/\/www.facebook.com\/episcopalian\" \/>\n<meta property=\"article:modified_time\" content=\"2025-11-25T17:49:31+00:00\" \/>\n<meta property=\"og:image\" content=\"https:\/\/www.episcopalchurch.org\/wp-content\/uploads\/2024\/02\/PS-2024-Bible-Study-Graphic-1024x536.png\" \/>\n<meta name=\"twitter:card\" content=\"summary_large_image\" \/>\n<meta name=\"twitter:image\" content=\"https:\/\/www.episcopalchurch.org\/wp-content\/uploads\/2024\/02\/PS-2024-Bible-Study-Graphic-1024x536.png\" \/>\n<meta name=\"twitter:site\" content=\"@iamepiscopalian\" \/>\n<meta name=\"twitter:label1\" content=\"Est. reading time\" \/>\n\t<meta name=\"twitter:data1\" content=\"6 minutes\" \/>\n<script type=\"application\/ld+json\" class=\"yoast-schema-graph\">{\"@context\":\"https:\/\/schema.org\",\"@graph\":[{\"@type\":\"WebPage\",\"@id\":\"https:\/\/www.episcopalchurch.org\/es\/bible_study\/estudio-biblico-domingo-de-ramos-b-24-de-marzo-de-2024\/\",\"url\":\"https:\/\/www.episcopalchurch.org\/es\/bible_study\/estudio-biblico-domingo-de-ramos-b-24-de-marzo-de-2024\/\",\"name\":\"Estudio B\u00edblico: Domingo de Ramos (B) \u2013 2024 &#8211; The Episcopal Church\",\"isPartOf\":{\"@id\":\"https:\/\/www.episcopalchurch.org\/#website\"},\"primaryImageOfPage\":{\"@id\":\"https:\/\/www.episcopalchurch.org\/es\/bible_study\/estudio-biblico-domingo-de-ramos-b-24-de-marzo-de-2024\/#primaryimage\"},\"image\":{\"@id\":\"https:\/\/www.episcopalchurch.org\/es\/bible_study\/estudio-biblico-domingo-de-ramos-b-24-de-marzo-de-2024\/#primaryimage\"},\"thumbnailUrl\":\"https:\/\/www.episcopalchurch.org\/wp-content\/uploads\/2020\/12\/BSTW_Spanish_SQ.png\",\"datePublished\":\"2024-02-10T23:15:31+00:00\",\"dateModified\":\"2025-11-25T17:49:31+00:00\",\"breadcrumb\":{\"@id\":\"https:\/\/www.episcopalchurch.org\/es\/bible_study\/estudio-biblico-domingo-de-ramos-b-24-de-marzo-de-2024\/#breadcrumb\"},\"inLanguage\":\"es-ES\",\"potentialAction\":[{\"@type\":\"ReadAction\",\"target\":[\"https:\/\/www.episcopalchurch.org\/es\/bible_study\/estudio-biblico-domingo-de-ramos-b-24-de-marzo-de-2024\/\"]}]},{\"@type\":\"ImageObject\",\"inLanguage\":\"es-ES\",\"@id\":\"https:\/\/www.episcopalchurch.org\/es\/bible_study\/estudio-biblico-domingo-de-ramos-b-24-de-marzo-de-2024\/#primaryimage\",\"url\":\"https:\/\/www.episcopalchurch.org\/wp-content\/uploads\/2020\/12\/BSTW_Spanish_SQ.png\",\"contentUrl\":\"https:\/\/www.episcopalchurch.org\/wp-content\/uploads\/2020\/12\/BSTW_Spanish_SQ.png\",\"width\":928,\"height\":927},{\"@type\":\"BreadcrumbList\",\"@id\":\"https:\/\/www.episcopalchurch.org\/es\/bible_study\/estudio-biblico-domingo-de-ramos-b-24-de-marzo-de-2024\/#breadcrumb\",\"itemListElement\":[{\"@type\":\"ListItem\",\"position\":1,\"name\":\"Home\",\"item\":\"https:\/\/www.episcopalchurch.org\/\"},{\"@type\":\"ListItem\",\"position\":2,\"name\":\"Estudio B\u00edblico: Domingo de Ramos (B) \u2013 2024\"}]},{\"@type\":\"WebSite\",\"@id\":\"https:\/\/www.episcopalchurch.org\/#website\",\"url\":\"https:\/\/www.episcopalchurch.org\/\",\"name\":\"The Episcopal Church\",\"description\":\"Welcomes You\",\"publisher\":{\"@id\":\"https:\/\/www.episcopalchurch.org\/#organization\"},\"potentialAction\":[{\"@type\":\"SearchAction\",\"target\":{\"@type\":\"EntryPoint\",\"urlTemplate\":\"https:\/\/www.episcopalchurch.org\/?s={search_term_string}\"},\"query-input\":{\"@type\":\"PropertyValueSpecification\",\"valueRequired\":true,\"valueName\":\"search_term_string\"}}],\"inLanguage\":\"es-ES\"},{\"@type\":\"Organization\",\"@id\":\"https:\/\/www.episcopalchurch.org\/#organization\",\"name\":\"The Episcopal Church\",\"url\":\"https:\/\/www.episcopalchurch.org\/\",\"logo\":{\"@type\":\"ImageObject\",\"inLanguage\":\"es-ES\",\"@id\":\"https:\/\/www.episcopalchurch.org\/#\/schema\/logo\/image\/\",\"url\":\"https:\/\/www.episcopalchurch.org\/wp-content\/uploads\/2021\/01\/vertical_episcopal_logo.jpg\",\"contentUrl\":\"https:\/\/www.episcopalchurch.org\/wp-content\/uploads\/2021\/01\/vertical_episcopal_logo.jpg\",\"width\":770,\"height\":662,\"caption\":\"The Episcopal Church\"},\"image\":{\"@id\":\"https:\/\/www.episcopalchurch.org\/#\/schema\/logo\/image\/\"},\"sameAs\":[\"https:\/\/www.facebook.com\/episcopalian\",\"https:\/\/x.com\/iamepiscopalian\",\"https:\/\/www.youtube.com\/channel\/UCdVJpxCtK41c_-p6EaE4_2A\"]}]}<\/script>\n<!-- \/ Yoast SEO Premium plugin. -->","yoast_head_json":{"title":"Estudio B\u00edblico: Domingo de Ramos (B) \u2013 2024 &#8211; The Episcopal Church","robots":{"index":"index","follow":"follow","max-snippet":"max-snippet:-1","max-image-preview":"max-image-preview:large","max-video-preview":"max-video-preview:-1"},"canonical":"https:\/\/www.episcopalchurch.org\/es\/bible_study\/estudio-biblico-domingo-de-ramos-b-24-de-marzo-de-2024\/","og_locale":"es_ES","og_type":"article","og_title":"Estudio B\u00edblico: Domingo de Ramos (B) \u2013 2024","og_description":"LCR: Isa\u00edas 50:4-9; Salmo 31:9-16; Filipenses 2:5-11; Marcos 14:1-15:47 Isa\u00edas 50:4-9 Los eruditos b\u00edblicos sit\u00faan en gran medida este pasaje dentro de lo que se denomina &#8220;Deutero-Isa\u00edas&#8221;, el segundo de los tres movimientos del Libro de Isa\u00edas que datan del final del Exilio babil\u00f3nico o de principios del per\u00edodo postex\u00edlico. El pasaje contiene el tercero [&hellip;]","og_url":"https:\/\/www.episcopalchurch.org\/es\/bible_study\/estudio-biblico-domingo-de-ramos-b-24-de-marzo-de-2024\/","og_site_name":"The Episcopal Church","article_publisher":"https:\/\/www.facebook.com\/episcopalian","article_modified_time":"2025-11-25T17:49:31+00:00","og_image":[{"url":"https:\/\/www.episcopalchurch.org\/wp-content\/uploads\/2024\/02\/PS-2024-Bible-Study-Graphic-1024x536.png","type":"","width":"","height":""}],"twitter_card":"summary_large_image","twitter_image":"https:\/\/www.episcopalchurch.org\/wp-content\/uploads\/2024\/02\/PS-2024-Bible-Study-Graphic-1024x536.png","twitter_site":"@iamepiscopalian","twitter_misc":{"Est. reading time":"6 minutes"},"schema":{"@context":"https:\/\/schema.org","@graph":[{"@type":"WebPage","@id":"https:\/\/www.episcopalchurch.org\/es\/bible_study\/estudio-biblico-domingo-de-ramos-b-24-de-marzo-de-2024\/","url":"https:\/\/www.episcopalchurch.org\/es\/bible_study\/estudio-biblico-domingo-de-ramos-b-24-de-marzo-de-2024\/","name":"Estudio B\u00edblico: Domingo de Ramos (B) \u2013 2024 &#8211; The Episcopal Church","isPartOf":{"@id":"https:\/\/www.episcopalchurch.org\/#website"},"primaryImageOfPage":{"@id":"https:\/\/www.episcopalchurch.org\/es\/bible_study\/estudio-biblico-domingo-de-ramos-b-24-de-marzo-de-2024\/#primaryimage"},"image":{"@id":"https:\/\/www.episcopalchurch.org\/es\/bible_study\/estudio-biblico-domingo-de-ramos-b-24-de-marzo-de-2024\/#primaryimage"},"thumbnailUrl":"https:\/\/www.episcopalchurch.org\/wp-content\/uploads\/2020\/12\/BSTW_Spanish_SQ.png","datePublished":"2024-02-10T23:15:31+00:00","dateModified":"2025-11-25T17:49:31+00:00","breadcrumb":{"@id":"https:\/\/www.episcopalchurch.org\/es\/bible_study\/estudio-biblico-domingo-de-ramos-b-24-de-marzo-de-2024\/#breadcrumb"},"inLanguage":"es-ES","potentialAction":[{"@type":"ReadAction","target":["https:\/\/www.episcopalchurch.org\/es\/bible_study\/estudio-biblico-domingo-de-ramos-b-24-de-marzo-de-2024\/"]}]},{"@type":"ImageObject","inLanguage":"es-ES","@id":"https:\/\/www.episcopalchurch.org\/es\/bible_study\/estudio-biblico-domingo-de-ramos-b-24-de-marzo-de-2024\/#primaryimage","url":"https:\/\/www.episcopalchurch.org\/wp-content\/uploads\/2020\/12\/BSTW_Spanish_SQ.png","contentUrl":"https:\/\/www.episcopalchurch.org\/wp-content\/uploads\/2020\/12\/BSTW_Spanish_SQ.png","width":928,"height":927},{"@type":"BreadcrumbList","@id":"https:\/\/www.episcopalchurch.org\/es\/bible_study\/estudio-biblico-domingo-de-ramos-b-24-de-marzo-de-2024\/#breadcrumb","itemListElement":[{"@type":"ListItem","position":1,"name":"Home","item":"https:\/\/www.episcopalchurch.org\/"},{"@type":"ListItem","position":2,"name":"Estudio B\u00edblico: Domingo de Ramos (B) \u2013 2024"}]},{"@type":"WebSite","@id":"https:\/\/www.episcopalchurch.org\/#website","url":"https:\/\/www.episcopalchurch.org\/","name":"The Episcopal Church","description":"Welcomes You","publisher":{"@id":"https:\/\/www.episcopalchurch.org\/#organization"},"potentialAction":[{"@type":"SearchAction","target":{"@type":"EntryPoint","urlTemplate":"https:\/\/www.episcopalchurch.org\/?s={search_term_string}"},"query-input":{"@type":"PropertyValueSpecification","valueRequired":true,"valueName":"search_term_string"}}],"inLanguage":"es-ES"},{"@type":"Organization","@id":"https:\/\/www.episcopalchurch.org\/#organization","name":"The Episcopal Church","url":"https:\/\/www.episcopalchurch.org\/","logo":{"@type":"ImageObject","inLanguage":"es-ES","@id":"https:\/\/www.episcopalchurch.org\/#\/schema\/logo\/image\/","url":"https:\/\/www.episcopalchurch.org\/wp-content\/uploads\/2021\/01\/vertical_episcopal_logo.jpg","contentUrl":"https:\/\/www.episcopalchurch.org\/wp-content\/uploads\/2021\/01\/vertical_episcopal_logo.jpg","width":770,"height":662,"caption":"The Episcopal Church"},"image":{"@id":"https:\/\/www.episcopalchurch.org\/#\/schema\/logo\/image\/"},"sameAs":["https:\/\/www.facebook.com\/episcopalian","https:\/\/x.com\/iamepiscopalian","https:\/\/www.youtube.com\/channel\/UCdVJpxCtK41c_-p6EaE4_2A"]}]}},"taxonomy_info":{"category":[{"value":959,"label":"Domingo de Ramos B"},{"value":898,"label":"Semana Santa"}]},"featured_image_src_large":["https:\/\/www.episcopalchurch.org\/wp-content\/uploads\/2020\/12\/BSTW_Spanish_SQ.png",928,927,false],"author_info":[],"comment_info":"","uagb_featured_image_src":{"full":["https:\/\/www.episcopalchurch.org\/wp-content\/uploads\/2020\/12\/BSTW_Spanish_SQ.png",928,927,false],"thumbnail":["https:\/\/www.episcopalchurch.org\/wp-content\/uploads\/2020\/12\/BSTW_Spanish_SQ-150x150.png",150,150,true],"medium":["https:\/\/www.episcopalchurch.org\/wp-content\/uploads\/2020\/12\/BSTW_Spanish_SQ-300x300.png",300,300,true],"medium_large":["https:\/\/www.episcopalchurch.org\/wp-content\/uploads\/2020\/12\/BSTW_Spanish_SQ-768x767.png",768,767,true],"large":["https:\/\/www.episcopalchurch.org\/wp-content\/uploads\/2020\/12\/BSTW_Spanish_SQ.png",928,927,false],"1536x1536":["https:\/\/www.episcopalchurch.org\/wp-content\/uploads\/2020\/12\/BSTW_Spanish_SQ.png",928,927,false],"2048x2048":["https:\/\/www.episcopalchurch.org\/wp-content\/uploads\/2020\/12\/BSTW_Spanish_SQ.png",928,927,false],"menu":["https:\/\/www.episcopalchurch.org\/wp-content\/uploads\/2020\/12\/BSTW_Spanish_SQ-330x200.png",330,200,true],"hero":["https:\/\/www.episcopalchurch.org\/wp-content\/uploads\/2020\/12\/BSTW_Spanish_SQ-928x550.png",928,550,true],"callout-image":["https:\/\/www.episcopalchurch.org\/wp-content\/uploads\/2020\/12\/BSTW_Spanish_SQ-480x479.png",480,479,true]},"uagb_author_info":{"display_name":"Christopher Sikkema","author_link":"https:\/\/www.episcopalchurch.org\/es\/author\/"},"uagb_comment_info":0,"uagb_excerpt":"LCR: Isa\u00edas 50:4-9; Salmo 31:9-16; Filipenses 2:5-11; Marcos 14:1-15:47 Isa\u00edas 50:4-9 Los eruditos b\u00edblicos sit\u00faan en gran medida este pasaje dentro de lo que se denomina &#8220;Deutero-Isa\u00edas&#8221;, el segundo de los tres movimientos del Libro de Isa\u00edas que datan del final del Exilio babil\u00f3nico o de principios del per\u00edodo postex\u00edlico. El pasaje contiene el tercero&hellip;","_links":{"self":[{"href":"https:\/\/www.episcopalchurch.org\/es\/wp-json\/wp\/v2\/bible_study\/302079","targetHints":{"allow":["GET"]}}],"collection":[{"href":"https:\/\/www.episcopalchurch.org\/es\/wp-json\/wp\/v2\/bible_study"}],"about":[{"href":"https:\/\/www.episcopalchurch.org\/es\/wp-json\/wp\/v2\/types\/bible_study"}],"wp:featuredmedia":[{"embeddable":true,"href":"https:\/\/www.episcopalchurch.org\/es\/wp-json\/wp\/v2\/media\/201218"}],"wp:attachment":[{"href":"https:\/\/www.episcopalchurch.org\/es\/wp-json\/wp\/v2\/media?parent=302079"}],"wp:term":[{"taxonomy":"category","embeddable":true,"href":"https:\/\/www.episcopalchurch.org\/es\/wp-json\/wp\/v2\/categories?post=302079"}],"curies":[{"name":"wp","href":"https:\/\/api.w.org\/{rel}","templated":true}]}}