{"id":331237,"date":"2025-04-08T13:09:58","date_gmt":"2025-04-08T17:09:58","guid":{"rendered":"https:\/\/www.episcopalchurch.org\/?post_type=bible_study&#038;p=331237"},"modified":"2025-11-25T12:51:34","modified_gmt":"2025-11-25T17:51:34","slug":"estudio-biblico-pascua-3-c-4-de-mayo-de-2025","status":"publish","type":"bible_study","link":"https:\/\/www.episcopalchurch.org\/es\/bible_study\/estudio-biblico-pascua-3-c-4-de-mayo-de-2025\/","title":{"rendered":"Estudio B\u00edblico: Pascua 3 (C) \u2013 2025"},"content":{"rendered":"\n<p><strong><a href=\"https:\/\/www.episcopalchurch.org\/es\/lectionary\/pascua-3c\/\">LCR: Hechos 9:1-6, (7-20); Salmo 30; Apocalipsis 5:11-14; Juan 21:1-19<\/a><\/strong><\/p>\n\n\n<div class=\"wp-block-image\">\n<figure class=\"alignright size-large is-resized\"><img loading=\"lazy\" decoding=\"async\" width=\"1024\" height=\"576\" src=\"https:\/\/www.episcopalchurch.org\/wp-content\/uploads\/2025\/04\/E3-2025-Bible-Study-Graphic-SP-1024x576.png\" alt=\"\" class=\"wp-image-331245\" style=\"width:512px\" srcset=\"https:\/\/www.episcopalchurch.org\/wp-content\/uploads\/2025\/04\/E3-2025-Bible-Study-Graphic-SP-1024x576.png 1024w, https:\/\/www.episcopalchurch.org\/wp-content\/uploads\/2025\/04\/E3-2025-Bible-Study-Graphic-SP-300x169.png 300w, https:\/\/www.episcopalchurch.org\/wp-content\/uploads\/2025\/04\/E3-2025-Bible-Study-Graphic-SP-768x432.png 768w, https:\/\/www.episcopalchurch.org\/wp-content\/uploads\/2025\/04\/E3-2025-Bible-Study-Graphic-SP-1536x864.png 1536w, https:\/\/www.episcopalchurch.org\/wp-content\/uploads\/2025\/04\/E3-2025-Bible-Study-Graphic-SP-480x270.png 480w, https:\/\/www.episcopalchurch.org\/wp-content\/uploads\/2025\/04\/E3-2025-Bible-Study-Graphic-SP.png 1920w\" sizes=\"auto, (max-width: 1024px) 100vw, 1024px\" \/><\/figure><\/div>\n\n\n<h4 class=\"wp-block-heading\" id=\"h-hechos-9-1-6-7-20\"><strong>Hechos 9:1-6, (7-20)<\/strong><\/h4>\n\n\n\n<p>Al reflexionar sobre la conversi\u00f3n de Saulo, me conmueve la profundidad de la gracia de Dios que se le manifiesta incluso en medio de la hostilidad. La experiencia de Saulo en el camino a Damasco es un poderoso recordatorio de que el llamado transformador de Dios puede penetrar incluso nuestra mayor resistencia y ceguera. Reconozco mis propios momentos de ceguera espiritual, momentos en los que mis prejuicios o suposiciones me impidieron ver realmente a Cristo en los dem\u00e1s. La curaci\u00f3n de Saulo a trav\u00e9s de Anan\u00edas tambi\u00e9n destaca la necesidad y la belleza de la comunidad cristiana, enfatizando que la obra transformadora de Dios a menudo implica el cuidado y el ministerio de los dem\u00e1s.<\/p>\n\n\n\n<ul class=\"wp-block-list\">\n<li>\u00bfDe qu\u00e9 manera te identificas con la experiencia de ceguera espiritual de Saulo y d\u00f3nde sientes la invitaci\u00f3n de Dios a una comprensi\u00f3n m\u00e1s profunda?<\/li>\n\n\n\n<li>\u00bfC\u00f3mo podr\u00eda Dios estar llam\u00e1ndote a participar en la transformaci\u00f3n espiritual de los dem\u00e1s, tal como Anan\u00edas lo hizo con Saulo?<\/li>\n<\/ul>\n\n\n\n<h4 class=\"wp-block-heading\" id=\"h-salmo-30\"><strong>Salmo 30<\/strong><\/h4>\n\n\n\n<p>El Salmo 30 habla directamente de mi experiencia de pasar de la desesperaci\u00f3n a la esperanza. El viaje del salmista del duelo a la danza se hace eco de mi propia historia de experimentar la sanaci\u00f3n y la restauraci\u00f3n de Dios en medio de las dificultades personales. Refuerza mi convicci\u00f3n de que la resurrecci\u00f3n no es solo un acontecimiento hist\u00f3rico, sino tambi\u00e9n una realidad continua experimentada a trav\u00e9s de la renovaci\u00f3n constante de Dios en nuestras vidas. Reflexionar sobre este salmo profundiza mi conciencia de que la fiel presencia de Dios transforma constantemente el dolor en alegr\u00eda, la desesperaci\u00f3n en gratitud.<strong><\/strong><\/p>\n\n\n\n<ul class=\"wp-block-list\">\n<li>\u00bfCu\u00e1ndo ha transformado Dios tu duelo en alegr\u00eda o tu desesperaci\u00f3n en esperanza? \u00bfC\u00f3mo ha moldeado eso tu camino de fe?<\/li>\n\n\n\n<li>\u00bfC\u00f3mo podr\u00eda afectar el hecho de ver la resurrecci\u00f3n como una realidad espiritual continua la forma en que respondes a futuros momentos de dificultad o desesperaci\u00f3n?<\/li>\n<\/ul>\n\n\n\n<h4 class=\"wp-block-heading\" id=\"h-apocalipsis-5-11-14\"><strong>Apocalipsis 5:11-14<\/strong><\/h4>\n\n\n\n<p>La escena del Apocalipsis despierta mi imaginaci\u00f3n, pintando una poderosa imagen de alabanza universal por el Cristo resucitado. La multitud de voces \u2014seres celestiales, humanidad y toda la creaci\u00f3n\u2014 me recuerda el significado c\u00f3smico de la Pascua. Esta visi\u00f3n me desaf\u00eda a ampliar mi comprensi\u00f3n de la adoraci\u00f3n, reconoci\u00e9ndola no solo como una pr\u00e1ctica personal, sino como una participaci\u00f3n en la alegre celebraci\u00f3n de la victoria de Cristo que abarca toda la creaci\u00f3n. Tambi\u00e9n me empuja a considerar c\u00f3mo mi discipulado puede reflejar el se\u00f1or\u00edo universal de Cristo a trav\u00e9s del cuidado compasivo del mundo.<strong><\/strong><\/p>\n\n\n\n<ul class=\"wp-block-list\">\n<li>\u00bfC\u00f3mo imaginarte a ti mismo como parte de esta reuni\u00f3n de adoraci\u00f3n c\u00f3smica ampl\u00eda o desaf\u00eda tus pr\u00e1cticas actuales de adoraci\u00f3n?<\/li>\n\n\n\n<li>Dada esta visi\u00f3n de la redenci\u00f3n universal, \u00bfqu\u00e9 acciones pr\u00e1cticas podr\u00edas tomar para alinear tu vida diaria m\u00e1s estrechamente con los prop\u00f3sitos redentores de Dios?<br><\/li>\n<\/ul>\n\n\n\n<h4 class=\"wp-block-heading\" id=\"h-juan-21-1-19\"><strong>Juan 21:1-19<\/strong><\/h4>\n\n\n\n<p>Leer el relato de Juan sobre la aparici\u00f3n de Jes\u00fas en la orilla tras su resurrecci\u00f3n me evoca una profunda gratitud por la persistente voluntad de Cristo de ofrecer restauraci\u00f3n. El gentil interrogatorio de Jes\u00fas a Pedro tras la dolorosa negaci\u00f3n de este \u00faltimo resulta profundamente personal, revelando a un salvador que nos encuentra exactamente en los espacios de nuestro mayor arrepentimiento y vulnerabilidad. La triple repetici\u00f3n de \u00ab\u00bfMe amas?\u00bb no solo reintegra a Pedro, sino que tambi\u00e9n le proporciona una direcci\u00f3n clara: \u00abApacienta mis ovejas\u00bb. Para m\u00ed, esta narrativa es un recordatorio alentador de que la restauraci\u00f3n y el perd\u00f3n conducen directamente a la misi\u00f3n y la responsabilidad.<strong><\/strong><\/p>\n\n\n\n<ul class=\"wp-block-list\">\n<li>\u00bfRecuerdas alg\u00fan momento en el que Jes\u00fas te haya encontrado con compasi\u00f3n en tus propios lugares de arrepentimiento o fracaso? \u00bfC\u00f3mo renov\u00f3 este encuentro tu sentido de prop\u00f3sito?<\/li>\n\n\n\n<li>En t\u00e9rminos pr\u00e1cticos, \u00bfc\u00f3mo podr\u00eda alimentar a las ovejas de Jes\u00fas en tus circunstancias o comunidad actuales?<\/li>\n<\/ul>\n\n\n\n<p><\/p>\n\n\n\n<div class=\"wp-block-file\"><a id=\"wp-block-file--media-b547e80d-df79-4785-8a82-b5c234c0fae4\" href=\"https:\/\/www.episcopalchurch.org\/wp-content\/uploads\/2025\/04\/Pascua-3-SP.docx\">Word \u2013 Pascua 3 (C) Estudio B\u00edblico<\/a><a href=\"https:\/\/www.episcopalchurch.org\/wp-content\/uploads\/2025\/04\/Pascua-3-SP.docx\" class=\"wp-block-file__button wp-element-button\" download aria-describedby=\"wp-block-file--media-b547e80d-df79-4785-8a82-b5c234c0fae4\">Download<\/a><\/div>\n\n\n\n<div class=\"wp-block-file\"><a id=\"wp-block-file--media-f5196671-8e2f-4271-8f16-03b24bbd8130\" href=\"https:\/\/www.episcopalchurch.org\/wp-content\/uploads\/2025\/04\/Pascua-3-SP.pdf\">PDF \u2013 Pascua 3 (C) Estudio B\u00edblico<\/a><a href=\"https:\/\/www.episcopalchurch.org\/wp-content\/uploads\/2025\/04\/Pascua-3-SP.pdf\" class=\"wp-block-file__button wp-element-button\" download aria-describedby=\"wp-block-file--media-f5196671-8e2f-4271-8f16-03b24bbd8130\">Download<\/a><\/div>\n","protected":false},"featured_media":0,"template":"","meta":{"_acf_changed":true,"_uag_custom_page_level_css":"","_kad_blocks_custom_css":"","_kad_blocks_head_custom_js":"","_kad_blocks_body_custom_js":"","_kad_blocks_footer_custom_js":"","_kadence_starter_templates_imported_post":false,"_links_to":"","_links_to_target":""},"categories":[1024,1019],"class_list":["post-331237","bible_study","type-bible_study","status-publish","hentry","category-pascua-3c","category-pascua-c"],"acf":{"drupal_id":"","lectionary_id":false,"sermon_date":"2025-05-04","sermon_other_translation":false,"sermon_language":"","author_id":false},"yoast_head":"<!-- This site is optimized with the Yoast SEO Premium plugin v24.6 (Yoast SEO v26.3) - https:\/\/yoast.com\/wordpress\/plugins\/seo\/ -->\n<title>Estudio B\u00edblico: Pascua 3 (C) \u2013 2025 &#8211; The Episcopal Church<\/title>\n<meta name=\"robots\" content=\"index, follow, max-snippet:-1, max-image-preview:large, max-video-preview:-1\" \/>\n<link rel=\"canonical\" href=\"https:\/\/www.episcopalchurch.org\/es\/bible_study\/estudio-biblico-pascua-3-c-4-de-mayo-de-2025\/\" \/>\n<meta property=\"og:locale\" content=\"es_ES\" \/>\n<meta property=\"og:type\" content=\"article\" \/>\n<meta property=\"og:title\" content=\"Estudio B\u00edblico: Pascua 3 (C) \u2013 2025\" \/>\n<meta property=\"og:description\" content=\"LCR: Hechos 9:1-6, (7-20); Salmo 30; Apocalipsis 5:11-14; Juan 21:1-19 Hechos 9:1-6, (7-20) Al reflexionar sobre la conversi\u00f3n de Saulo, me conmueve la profundidad de la gracia de Dios que se le manifiesta incluso en medio de la hostilidad. La experiencia de Saulo en el camino a Damasco es un poderoso recordatorio de que el [&hellip;]\" \/>\n<meta property=\"og:url\" content=\"https:\/\/www.episcopalchurch.org\/es\/bible_study\/estudio-biblico-pascua-3-c-4-de-mayo-de-2025\/\" \/>\n<meta property=\"og:site_name\" content=\"The Episcopal Church\" \/>\n<meta property=\"article:publisher\" content=\"https:\/\/www.facebook.com\/episcopalian\" \/>\n<meta property=\"article:modified_time\" content=\"2025-11-25T17:51:34+00:00\" \/>\n<meta property=\"og:image\" content=\"https:\/\/www.episcopalchurch.org\/wp-content\/uploads\/2025\/04\/E3-2025-Bible-Study-Graphic-SP.png\" \/>\n\t<meta property=\"og:image:width\" content=\"1920\" \/>\n\t<meta property=\"og:image:height\" content=\"1080\" \/>\n\t<meta property=\"og:image:type\" content=\"image\/png\" \/>\n<meta name=\"twitter:card\" content=\"summary_large_image\" \/>\n<meta name=\"twitter:site\" content=\"@iamepiscopalian\" \/>\n<meta name=\"twitter:label1\" content=\"Est. reading time\" \/>\n\t<meta name=\"twitter:data1\" content=\"3 minutes\" \/>\n<script type=\"application\/ld+json\" class=\"yoast-schema-graph\">{\"@context\":\"https:\/\/schema.org\",\"@graph\":[{\"@type\":\"WebPage\",\"@id\":\"https:\/\/www.episcopalchurch.org\/es\/bible_study\/estudio-biblico-pascua-3-c-4-de-mayo-de-2025\/\",\"url\":\"https:\/\/www.episcopalchurch.org\/es\/bible_study\/estudio-biblico-pascua-3-c-4-de-mayo-de-2025\/\",\"name\":\"Estudio B\u00edblico: Pascua 3 (C) \u2013 2025 &#8211; The Episcopal Church\",\"isPartOf\":{\"@id\":\"https:\/\/www.episcopalchurch.org\/#website\"},\"primaryImageOfPage\":{\"@id\":\"https:\/\/www.episcopalchurch.org\/es\/bible_study\/estudio-biblico-pascua-3-c-4-de-mayo-de-2025\/#primaryimage\"},\"image\":{\"@id\":\"https:\/\/www.episcopalchurch.org\/es\/bible_study\/estudio-biblico-pascua-3-c-4-de-mayo-de-2025\/#primaryimage\"},\"thumbnailUrl\":\"https:\/\/www.episcopalchurch.org\/wp-content\/uploads\/2025\/04\/E3-2025-Bible-Study-Graphic-SP-1024x576.png\",\"datePublished\":\"2025-04-08T17:09:58+00:00\",\"dateModified\":\"2025-11-25T17:51:34+00:00\",\"breadcrumb\":{\"@id\":\"https:\/\/www.episcopalchurch.org\/es\/bible_study\/estudio-biblico-pascua-3-c-4-de-mayo-de-2025\/#breadcrumb\"},\"inLanguage\":\"es-ES\",\"potentialAction\":[{\"@type\":\"ReadAction\",\"target\":[\"https:\/\/www.episcopalchurch.org\/es\/bible_study\/estudio-biblico-pascua-3-c-4-de-mayo-de-2025\/\"]}]},{\"@type\":\"ImageObject\",\"inLanguage\":\"es-ES\",\"@id\":\"https:\/\/www.episcopalchurch.org\/es\/bible_study\/estudio-biblico-pascua-3-c-4-de-mayo-de-2025\/#primaryimage\",\"url\":\"https:\/\/www.episcopalchurch.org\/wp-content\/uploads\/2025\/04\/E3-2025-Bible-Study-Graphic-SP-1024x576.png\",\"contentUrl\":\"https:\/\/www.episcopalchurch.org\/wp-content\/uploads\/2025\/04\/E3-2025-Bible-Study-Graphic-SP-1024x576.png\"},{\"@type\":\"BreadcrumbList\",\"@id\":\"https:\/\/www.episcopalchurch.org\/es\/bible_study\/estudio-biblico-pascua-3-c-4-de-mayo-de-2025\/#breadcrumb\",\"itemListElement\":[{\"@type\":\"ListItem\",\"position\":1,\"name\":\"Home\",\"item\":\"https:\/\/www.episcopalchurch.org\/\"},{\"@type\":\"ListItem\",\"position\":2,\"name\":\"Estudio B\u00edblico: Pascua 3 (C) \u2013 2025\"}]},{\"@type\":\"WebSite\",\"@id\":\"https:\/\/www.episcopalchurch.org\/#website\",\"url\":\"https:\/\/www.episcopalchurch.org\/\",\"name\":\"The Episcopal Church\",\"description\":\"Welcomes You\",\"publisher\":{\"@id\":\"https:\/\/www.episcopalchurch.org\/#organization\"},\"potentialAction\":[{\"@type\":\"SearchAction\",\"target\":{\"@type\":\"EntryPoint\",\"urlTemplate\":\"https:\/\/www.episcopalchurch.org\/?s={search_term_string}\"},\"query-input\":{\"@type\":\"PropertyValueSpecification\",\"valueRequired\":true,\"valueName\":\"search_term_string\"}}],\"inLanguage\":\"es-ES\"},{\"@type\":\"Organization\",\"@id\":\"https:\/\/www.episcopalchurch.org\/#organization\",\"name\":\"The Episcopal Church\",\"url\":\"https:\/\/www.episcopalchurch.org\/\",\"logo\":{\"@type\":\"ImageObject\",\"inLanguage\":\"es-ES\",\"@id\":\"https:\/\/www.episcopalchurch.org\/#\/schema\/logo\/image\/\",\"url\":\"https:\/\/www.episcopalchurch.org\/wp-content\/uploads\/2021\/01\/vertical_episcopal_logo.jpg\",\"contentUrl\":\"https:\/\/www.episcopalchurch.org\/wp-content\/uploads\/2021\/01\/vertical_episcopal_logo.jpg\",\"width\":770,\"height\":662,\"caption\":\"The Episcopal Church\"},\"image\":{\"@id\":\"https:\/\/www.episcopalchurch.org\/#\/schema\/logo\/image\/\"},\"sameAs\":[\"https:\/\/www.facebook.com\/episcopalian\",\"https:\/\/x.com\/iamepiscopalian\",\"https:\/\/www.youtube.com\/channel\/UCdVJpxCtK41c_-p6EaE4_2A\"]}]}<\/script>\n<!-- \/ Yoast SEO Premium plugin. -->","yoast_head_json":{"title":"Estudio B\u00edblico: Pascua 3 (C) \u2013 2025 &#8211; The Episcopal Church","robots":{"index":"index","follow":"follow","max-snippet":"max-snippet:-1","max-image-preview":"max-image-preview:large","max-video-preview":"max-video-preview:-1"},"canonical":"https:\/\/www.episcopalchurch.org\/es\/bible_study\/estudio-biblico-pascua-3-c-4-de-mayo-de-2025\/","og_locale":"es_ES","og_type":"article","og_title":"Estudio B\u00edblico: Pascua 3 (C) \u2013 2025","og_description":"LCR: Hechos 9:1-6, (7-20); Salmo 30; Apocalipsis 5:11-14; Juan 21:1-19 Hechos 9:1-6, (7-20) Al reflexionar sobre la conversi\u00f3n de Saulo, me conmueve la profundidad de la gracia de Dios que se le manifiesta incluso en medio de la hostilidad. La experiencia de Saulo en el camino a Damasco es un poderoso recordatorio de que el [&hellip;]","og_url":"https:\/\/www.episcopalchurch.org\/es\/bible_study\/estudio-biblico-pascua-3-c-4-de-mayo-de-2025\/","og_site_name":"The Episcopal Church","article_publisher":"https:\/\/www.facebook.com\/episcopalian","article_modified_time":"2025-11-25T17:51:34+00:00","og_image":[{"width":1920,"height":1080,"url":"https:\/\/www.episcopalchurch.org\/wp-content\/uploads\/2025\/04\/E3-2025-Bible-Study-Graphic-SP.png","type":"image\/png"}],"twitter_card":"summary_large_image","twitter_site":"@iamepiscopalian","twitter_misc":{"Est. reading time":"3 minutes"},"schema":{"@context":"https:\/\/schema.org","@graph":[{"@type":"WebPage","@id":"https:\/\/www.episcopalchurch.org\/es\/bible_study\/estudio-biblico-pascua-3-c-4-de-mayo-de-2025\/","url":"https:\/\/www.episcopalchurch.org\/es\/bible_study\/estudio-biblico-pascua-3-c-4-de-mayo-de-2025\/","name":"Estudio B\u00edblico: Pascua 3 (C) \u2013 2025 &#8211; The Episcopal Church","isPartOf":{"@id":"https:\/\/www.episcopalchurch.org\/#website"},"primaryImageOfPage":{"@id":"https:\/\/www.episcopalchurch.org\/es\/bible_study\/estudio-biblico-pascua-3-c-4-de-mayo-de-2025\/#primaryimage"},"image":{"@id":"https:\/\/www.episcopalchurch.org\/es\/bible_study\/estudio-biblico-pascua-3-c-4-de-mayo-de-2025\/#primaryimage"},"thumbnailUrl":"https:\/\/www.episcopalchurch.org\/wp-content\/uploads\/2025\/04\/E3-2025-Bible-Study-Graphic-SP-1024x576.png","datePublished":"2025-04-08T17:09:58+00:00","dateModified":"2025-11-25T17:51:34+00:00","breadcrumb":{"@id":"https:\/\/www.episcopalchurch.org\/es\/bible_study\/estudio-biblico-pascua-3-c-4-de-mayo-de-2025\/#breadcrumb"},"inLanguage":"es-ES","potentialAction":[{"@type":"ReadAction","target":["https:\/\/www.episcopalchurch.org\/es\/bible_study\/estudio-biblico-pascua-3-c-4-de-mayo-de-2025\/"]}]},{"@type":"ImageObject","inLanguage":"es-ES","@id":"https:\/\/www.episcopalchurch.org\/es\/bible_study\/estudio-biblico-pascua-3-c-4-de-mayo-de-2025\/#primaryimage","url":"https:\/\/www.episcopalchurch.org\/wp-content\/uploads\/2025\/04\/E3-2025-Bible-Study-Graphic-SP-1024x576.png","contentUrl":"https:\/\/www.episcopalchurch.org\/wp-content\/uploads\/2025\/04\/E3-2025-Bible-Study-Graphic-SP-1024x576.png"},{"@type":"BreadcrumbList","@id":"https:\/\/www.episcopalchurch.org\/es\/bible_study\/estudio-biblico-pascua-3-c-4-de-mayo-de-2025\/#breadcrumb","itemListElement":[{"@type":"ListItem","position":1,"name":"Home","item":"https:\/\/www.episcopalchurch.org\/"},{"@type":"ListItem","position":2,"name":"Estudio B\u00edblico: Pascua 3 (C) \u2013 2025"}]},{"@type":"WebSite","@id":"https:\/\/www.episcopalchurch.org\/#website","url":"https:\/\/www.episcopalchurch.org\/","name":"The Episcopal Church","description":"Welcomes You","publisher":{"@id":"https:\/\/www.episcopalchurch.org\/#organization"},"potentialAction":[{"@type":"SearchAction","target":{"@type":"EntryPoint","urlTemplate":"https:\/\/www.episcopalchurch.org\/?s={search_term_string}"},"query-input":{"@type":"PropertyValueSpecification","valueRequired":true,"valueName":"search_term_string"}}],"inLanguage":"es-ES"},{"@type":"Organization","@id":"https:\/\/www.episcopalchurch.org\/#organization","name":"The Episcopal Church","url":"https:\/\/www.episcopalchurch.org\/","logo":{"@type":"ImageObject","inLanguage":"es-ES","@id":"https:\/\/www.episcopalchurch.org\/#\/schema\/logo\/image\/","url":"https:\/\/www.episcopalchurch.org\/wp-content\/uploads\/2021\/01\/vertical_episcopal_logo.jpg","contentUrl":"https:\/\/www.episcopalchurch.org\/wp-content\/uploads\/2021\/01\/vertical_episcopal_logo.jpg","width":770,"height":662,"caption":"The Episcopal Church"},"image":{"@id":"https:\/\/www.episcopalchurch.org\/#\/schema\/logo\/image\/"},"sameAs":["https:\/\/www.facebook.com\/episcopalian","https:\/\/x.com\/iamepiscopalian","https:\/\/www.youtube.com\/channel\/UCdVJpxCtK41c_-p6EaE4_2A"]}]}},"taxonomy_info":{"category":[{"value":1024,"label":"Pascua 3c"},{"value":1019,"label":"Pascua C"}]},"featured_image_src_large":false,"author_info":[],"comment_info":"","uagb_featured_image_src":{"full":false,"thumbnail":false,"medium":false,"medium_large":false,"large":false,"1536x1536":false,"2048x2048":false,"menu":false,"hero":false,"callout-image":false},"uagb_author_info":{"display_name":"Christopher Sikkema","author_link":"https:\/\/www.episcopalchurch.org\/es\/author\/"},"uagb_comment_info":0,"uagb_excerpt":"LCR: Hechos 9:1-6, (7-20); Salmo 30; Apocalipsis 5:11-14; Juan 21:1-19 Hechos 9:1-6, (7-20) Al reflexionar sobre la conversi\u00f3n de Saulo, me conmueve la profundidad de la gracia de Dios que se le manifiesta incluso en medio de la hostilidad. La experiencia de Saulo en el camino a Damasco es un poderoso recordatorio de que el&hellip;","_links":{"self":[{"href":"https:\/\/www.episcopalchurch.org\/es\/wp-json\/wp\/v2\/bible_study\/331237","targetHints":{"allow":["GET"]}}],"collection":[{"href":"https:\/\/www.episcopalchurch.org\/es\/wp-json\/wp\/v2\/bible_study"}],"about":[{"href":"https:\/\/www.episcopalchurch.org\/es\/wp-json\/wp\/v2\/types\/bible_study"}],"wp:attachment":[{"href":"https:\/\/www.episcopalchurch.org\/es\/wp-json\/wp\/v2\/media?parent=331237"}],"wp:term":[{"taxonomy":"category","embeddable":true,"href":"https:\/\/www.episcopalchurch.org\/es\/wp-json\/wp\/v2\/categories?post=331237"}],"curies":[{"name":"wp","href":"https:\/\/api.w.org\/{rel}","templated":true}]}}