{"id":332120,"date":"2025-05-05T15:29:25","date_gmt":"2025-05-05T19:29:25","guid":{"rendered":"https:\/\/www.episcopalchurch.org\/?post_type=bible_study&#038;p=332120"},"modified":"2025-11-25T12:50:50","modified_gmt":"2025-11-25T17:50:50","slug":"estudio-biblico-dia-de-pentecostes-c-8-de-junio-de-2025","status":"publish","type":"bible_study","link":"https:\/\/www.episcopalchurch.org\/es\/bible_study\/estudio-biblico-dia-de-pentecostes-c-8-de-junio-de-2025\/","title":{"rendered":"Estudio B\u00edblico: D\u00eda de Pentecost\u00e9s (C) \u2013 2025"},"content":{"rendered":"\n<p><strong><a href=\"https:\/\/www.episcopalchurch.org\/es\/lectionary\/dia-de-pentecostes-c\/\">LCR: 2 Reyes 2:1-2, 6-16; Salmo 104:25-35, 37; Romanos 8:14-17; Juan 14:8-17, (25-27)<\/a><\/strong><\/p>\n\n\n<div class=\"wp-block-image\">\n<figure class=\"alignright size-large is-resized\"><img loading=\"lazy\" decoding=\"async\" width=\"1024\" height=\"576\" src=\"https:\/\/www.episcopalchurch.org\/wp-content\/uploads\/2025\/05\/Pent-2025-Bible-Study-Graphic-FB-SP-1024x576.png\" alt=\"\" class=\"wp-image-332126\" style=\"width:512px\" srcset=\"https:\/\/www.episcopalchurch.org\/wp-content\/uploads\/2025\/05\/Pent-2025-Bible-Study-Graphic-FB-SP-1024x576.png 1024w, https:\/\/www.episcopalchurch.org\/wp-content\/uploads\/2025\/05\/Pent-2025-Bible-Study-Graphic-FB-SP-300x169.png 300w, https:\/\/www.episcopalchurch.org\/wp-content\/uploads\/2025\/05\/Pent-2025-Bible-Study-Graphic-FB-SP-768x432.png 768w, https:\/\/www.episcopalchurch.org\/wp-content\/uploads\/2025\/05\/Pent-2025-Bible-Study-Graphic-FB-SP-1536x864.png 1536w, https:\/\/www.episcopalchurch.org\/wp-content\/uploads\/2025\/05\/Pent-2025-Bible-Study-Graphic-FB-SP-480x270.png 480w, https:\/\/www.episcopalchurch.org\/wp-content\/uploads\/2025\/05\/Pent-2025-Bible-Study-Graphic-FB-SP.png 1920w\" sizes=\"auto, (max-width: 1024px) 100vw, 1024px\" \/><\/figure><\/div>\n\n\n<h4 class=\"wp-block-heading\" id=\"h-2-reyes-2-1-2-6-16\"><strong>2 Reyes 2:1-2, 6-16<\/strong><\/h4>\n\n\n\n<p>En esta descripci\u00f3n del d\u00eda de Pentecost\u00e9s del libro de los Hechos, tenemos la moment\u00e1nea anulaci\u00f3n de la diferenciaci\u00f3n ling\u00fc\u00edstica y la consiguiente confusi\u00f3n y tribalismo que se produjo en la Torre de Babel, all\u00e1 por G\u00e9nesis 11. Pentecost\u00e9s tambi\u00e9n se considera el nacimiento de la Iglesia porque el Esp\u00edritu unge a los ap\u00f3stoles para sus diversos ministerios con la capacidad de hablar las lenguas ind\u00edgenas de los pueblos a los que est\u00e1n llamados a servir.<strong><\/strong><\/p>\n\n\n\n<p>A pesar de que en ocasiones se confunde con la embriaguez (como ocurri\u00f3 el d\u00eda de Pentecost\u00e9s), hablar en lenguas es uno de los varios \u00abdones espirituales\u00bb o carismas mencionados a lo largo del Nuevo Testamento (predominantemente en las ep\u00edstolas paulinas) que ayudan a los siervos de Dios a superar las condiciones de este mundo para acercarnos al reino de Dios. Se pueden encontrar listas de otros dones espirituales en Romanos 12:6-8, 1 Corintios 12:8-10 y 28-30, Efesios 4:11 y 1 Pedro 4:11.<strong><\/strong><\/p>\n\n\n\n<ul class=\"wp-block-list\">\n<li>\u00bfQu\u00e9 dones te ha dado el Esp\u00edritu que te capacitan para el ministerio en la Iglesia?<strong><\/strong><\/li>\n\n\n\n<li>\u00bfQu\u00e9 dones reconoces en los que te rodean?<\/li>\n<\/ul>\n\n\n\n<h4 class=\"wp-block-heading\" id=\"h-salmo-104-25-35-37\"><strong>Salmo 104:25-35, 37<\/strong><\/h4>\n\n\n\n<p>El leccionario omite un vers\u00edculo de este salmo que no parece encajar con el resto del tema de alabanza. El vers\u00edculo 36 implora: \u00abQue los malos se esfumen de la tierra y desaparezcan los malvados\u00bb. No es de extra\u00f1ar que no lo leamos en la iglesia en Pentecost\u00e9s.<\/p>\n\n\n\n<p>Pero no se puede negar que los salmos est\u00e1n llenos de violencia. Representan toda la gama de emociones humanas. En este caso, la imagen de los pecadores \u00abesfumen\u00bb es particularmente conmovedora porque el Salmo 104 tambi\u00e9n incluye una de las pocas referencias al Leviat\u00e1n, una monstruosa serpiente marina primordial que, seg\u00fan el salmista, Dios cre\u00f3 como un juguete. En otras partes de las Escrituras, Leviat\u00e1n aparece como un ser de m\u00faltiples cabezas, destinado a ser asesinado para servir de alimento a los que est\u00e1n en el desierto (Salmo 74:13), como met\u00e1fora de los perseguidores de Israel, destinados a ser castigados por Dios (Isa\u00edas 27:1), y como ejemplo del poder creativo de Dios (Job 41). Esto dice mucho sobre c\u00f3mo damos sentido a nuestros miedos y a la relaci\u00f3n de esos miedos con nuestro Dios creador. Hay muchas cosas monstruosas en el mundo y en nosotros mismos que nos dan miedo, y consideramos diferentes razones por las que Dios, que lo cre\u00f3 todo y es todo bondad, permitir\u00eda que existieran o c\u00f3mo Dios podr\u00eda ayudarnos a enfrentarlas. \u00bfEs solo por diversi\u00f3n o por alg\u00fan prop\u00f3sito superior?<strong><\/strong><\/p>\n\n\n\n<ul class=\"wp-block-list\">\n<li>\u00bfQu\u00e9 cabezas de Leviat\u00e1n reconoces en tu vida y en el mundo que te rodea?<\/li>\n\n\n\n<li>\u00bfPor qu\u00e9 crees que Dios las puso all\u00ed? \u00bfY c\u00f3mo crees que Dios te ayudar\u00e1 a lidiar con ellas?<\/li>\n<\/ul>\n\n\n\n<h4 class=\"wp-block-heading\" id=\"h-romanos-8-14-17\"><strong>Romanos 8:14-17<\/strong><\/h4>\n\n\n\n<p>Por lo general, cuando pensamos en ser \u00abhijos de Dios\u00bb, tenemos una asociaci\u00f3n positiva. Todos somos hijos amados de Dios, creados a su imagen, una buena creaci\u00f3n, etc. Este breve extracto de la Carta a los Romanos perturba un poco esa idea con el lenguaje del sufrimiento y la esclavitud. Despu\u00e9s de todo, ning\u00fan padre, por mucho que lo intente, puede ahorrar a su hijo el dolor inevitable de este mundo.<strong><\/strong><\/p>\n\n\n\n<p>Pablo escribi\u00f3 esta ep\u00edstola al final de su ministerio, cuando ya estaba siendo perseguido, por lo que sab\u00eda muy bien que ser adoptado por la familia de Dios no disminu\u00eda esos dolores inevitables; m\u00e1s bien, los exacerbaba. Quer\u00eda reconocer ante sus lectores que, en este mundo, seguir al Esp\u00edritu puede parecer una renuncia a la libertad, y que seguir a Cristo puede parecer que solo conduce al sufrimiento (\u00a1basta pensar en todos los santos y ap\u00f3stoles que fueron martirizados!). Pero tambi\u00e9n quer\u00eda recordarles que hay m\u00e1s, que hay m\u00e1s vida que la vida terrenal. Todas las cosas que nos hacen clamar a Dios tambi\u00e9n deben recordarnos que pertenecemos a Dios, que nos ama como un padre.<strong><\/strong><\/p>\n\n\n\n<ul class=\"wp-block-list\">\n<li>\u00bfTe relacionas con Dios como un ni\u00f1o con un padre? \u00bfPor qu\u00e9 s\u00ed o por qu\u00e9 no?<\/li>\n\n\n\n<li>\u00bfCu\u00e1ndo fue la \u00faltima vez que clamaste a Dios? \u00bfC\u00f3mo sientes que Dios te respondi\u00f3 o no te respondi\u00f3?<\/li>\n<\/ul>\n\n\n\n<h4 class=\"wp-block-heading\" id=\"h-juan-14-8-17-25-27\"><strong>Juan 14:8-17, (25-27)<\/strong><\/h4>\n\n\n\n<p>En esta lectura, Jes\u00fas llama al Esp\u00edritu Santo \u00abel Defensor\u00bb, a veces traducido como \u00abel Par\u00e1clito\u00bb, \u00abel Consejero\u00bb o \u00abel Consolador\u00bb. Esto nos recuerda una caracterizaci\u00f3n diferente, la del diablo como Satan\u00e1s, que significa \u00abel Acusador\u00bb o \u00abel Adversario\u00bb, a lo largo de toda la Biblia. Si combinamos esto con la tradici\u00f3n de Dios como juez divino, tenemos algo parecido a un drama judicial metaf\u00f3rico. Afortunadamente, sabemos que Dios es un juez misericordioso y clemente, \u00a1y tenemos al \u00abEsp\u00edritu de la verdad\u00bb de nuestro lado!<strong><\/strong><\/p>\n\n\n\n<p>Aun as\u00ed, la voz acusadora en nuestra mente puede afectarnos a veces. Probablemente por eso Jes\u00fas recuerda a sus disc\u00edpulos que no se turben ni teman. Como Iglesia nacida con la llegada del Esp\u00edritu en Pentecost\u00e9s, tenemos al Esp\u00edritu Santo para recordarnos lo que Jes\u00fas ense\u00f1\u00f3 y dijo.<strong><\/strong><\/p>\n\n\n\n<ul class=\"wp-block-list\">\n<li>\u00bfAlguna vez has sentido al Defensor y al Acusador en una discusi\u00f3n dentro de ti mismo?<\/li>\n\n\n\n<li>\u00bfC\u00f3mo se manifiesta el Esp\u00edritu Santo de la verdad en tu fe como Defensor, Consejero y\/o Consolador?<\/li>\n<\/ul>\n\n\n\n<p><\/p>\n\n\n\n<div class=\"wp-block-file\"><a id=\"wp-block-file--media-b7bc898c-8dab-418a-84d4-7df5688a8be0\" href=\"https:\/\/www.episcopalchurch.org\/wp-content\/uploads\/2025\/05\/Dia-de-Pentecostes-SP.docx\">Word \u2013 D\u00eda de Pentecost\u00e9s (C) Estudio B\u00edblico<\/a><a href=\"https:\/\/www.episcopalchurch.org\/wp-content\/uploads\/2025\/05\/Dia-de-Pentecostes-SP.docx\" class=\"wp-block-file__button wp-element-button\" download aria-describedby=\"wp-block-file--media-b7bc898c-8dab-418a-84d4-7df5688a8be0\">Download<\/a><\/div>\n\n\n\n<div class=\"wp-block-file\"><a id=\"wp-block-file--media-1dab13e0-9075-4111-9be0-33c570bf879d\" href=\"https:\/\/www.episcopalchurch.org\/wp-content\/uploads\/2025\/05\/Dia-de-Pentecostes-SP.pdf\">PDF \u2013 D\u00eda de Pentecost\u00e9s (C) Estudio B\u00edblico<\/a><a href=\"https:\/\/www.episcopalchurch.org\/wp-content\/uploads\/2025\/05\/Dia-de-Pentecostes-SP.pdf\" class=\"wp-block-file__button wp-element-button\" download aria-describedby=\"wp-block-file--media-1dab13e0-9075-4111-9be0-33c570bf879d\">Download<\/a><\/div>\n","protected":false},"featured_media":0,"template":"","meta":{"_acf_changed":true,"_uag_custom_page_level_css":"","_kad_blocks_custom_css":"","_kad_blocks_head_custom_js":"","_kad_blocks_body_custom_js":"","_kad_blocks_footer_custom_js":"","_kadence_starter_templates_imported_post":false,"_links_to":"","_links_to_target":""},"categories":[1032,1019],"class_list":["post-332120","bible_study","type-bible_study","status-publish","hentry","category-dia-de-pentecostes-c","category-pascua-c"],"acf":{"drupal_id":"","lectionary_id":false,"sermon_date":"2025-06-08","sermon_other_translation":false,"sermon_language":"","author_id":false},"yoast_head":"<!-- This site is optimized with the Yoast SEO Premium plugin v24.6 (Yoast SEO v26.3) - https:\/\/yoast.com\/wordpress\/plugins\/seo\/ -->\n<title>Estudio B\u00edblico: D\u00eda de Pentecost\u00e9s (C) \u2013 2025 &#8211; The Episcopal Church<\/title>\n<meta name=\"robots\" content=\"index, follow, max-snippet:-1, max-image-preview:large, max-video-preview:-1\" \/>\n<link rel=\"canonical\" href=\"https:\/\/www.episcopalchurch.org\/es\/bible_study\/estudio-biblico-dia-de-pentecostes-c-8-de-junio-de-2025\/\" \/>\n<meta property=\"og:locale\" content=\"es_ES\" \/>\n<meta property=\"og:type\" content=\"article\" \/>\n<meta property=\"og:title\" content=\"Estudio B\u00edblico: D\u00eda de Pentecost\u00e9s (C) \u2013 2025\" \/>\n<meta property=\"og:description\" content=\"LCR: 2 Reyes 2:1-2, 6-16; Salmo 104:25-35, 37; Romanos 8:14-17; Juan 14:8-17, (25-27) 2 Reyes 2:1-2, 6-16 En esta descripci\u00f3n del d\u00eda de Pentecost\u00e9s del libro de los Hechos, tenemos la moment\u00e1nea anulaci\u00f3n de la diferenciaci\u00f3n ling\u00fc\u00edstica y la consiguiente confusi\u00f3n y tribalismo que se produjo en la Torre de Babel, all\u00e1 por G\u00e9nesis 11. [&hellip;]\" \/>\n<meta property=\"og:url\" content=\"https:\/\/www.episcopalchurch.org\/es\/bible_study\/estudio-biblico-dia-de-pentecostes-c-8-de-junio-de-2025\/\" \/>\n<meta property=\"og:site_name\" content=\"The Episcopal Church\" \/>\n<meta property=\"article:publisher\" content=\"https:\/\/www.facebook.com\/episcopalian\" \/>\n<meta property=\"article:modified_time\" content=\"2025-11-25T17:50:50+00:00\" \/>\n<meta property=\"og:image\" content=\"https:\/\/www.episcopalchurch.org\/wp-content\/uploads\/2025\/05\/Pent-2025-Bible-Study-Graphic-FB-SP.png\" \/>\n\t<meta property=\"og:image:width\" content=\"1920\" \/>\n\t<meta property=\"og:image:height\" content=\"1080\" \/>\n\t<meta property=\"og:image:type\" content=\"image\/png\" \/>\n<meta name=\"twitter:card\" content=\"summary_large_image\" \/>\n<meta name=\"twitter:site\" content=\"@iamepiscopalian\" \/>\n<meta name=\"twitter:label1\" content=\"Est. reading time\" \/>\n\t<meta name=\"twitter:data1\" content=\"5 minutes\" \/>\n<script type=\"application\/ld+json\" class=\"yoast-schema-graph\">{\"@context\":\"https:\/\/schema.org\",\"@graph\":[{\"@type\":\"WebPage\",\"@id\":\"https:\/\/www.episcopalchurch.org\/es\/bible_study\/estudio-biblico-dia-de-pentecostes-c-8-de-junio-de-2025\/\",\"url\":\"https:\/\/www.episcopalchurch.org\/es\/bible_study\/estudio-biblico-dia-de-pentecostes-c-8-de-junio-de-2025\/\",\"name\":\"Estudio B\u00edblico: D\u00eda de Pentecost\u00e9s (C) \u2013 2025 &#8211; The Episcopal Church\",\"isPartOf\":{\"@id\":\"https:\/\/www.episcopalchurch.org\/#website\"},\"primaryImageOfPage\":{\"@id\":\"https:\/\/www.episcopalchurch.org\/es\/bible_study\/estudio-biblico-dia-de-pentecostes-c-8-de-junio-de-2025\/#primaryimage\"},\"image\":{\"@id\":\"https:\/\/www.episcopalchurch.org\/es\/bible_study\/estudio-biblico-dia-de-pentecostes-c-8-de-junio-de-2025\/#primaryimage\"},\"thumbnailUrl\":\"https:\/\/www.episcopalchurch.org\/wp-content\/uploads\/2025\/05\/Pent-2025-Bible-Study-Graphic-FB-SP-1024x576.png\",\"datePublished\":\"2025-05-05T19:29:25+00:00\",\"dateModified\":\"2025-11-25T17:50:50+00:00\",\"breadcrumb\":{\"@id\":\"https:\/\/www.episcopalchurch.org\/es\/bible_study\/estudio-biblico-dia-de-pentecostes-c-8-de-junio-de-2025\/#breadcrumb\"},\"inLanguage\":\"es-ES\",\"potentialAction\":[{\"@type\":\"ReadAction\",\"target\":[\"https:\/\/www.episcopalchurch.org\/es\/bible_study\/estudio-biblico-dia-de-pentecostes-c-8-de-junio-de-2025\/\"]}]},{\"@type\":\"ImageObject\",\"inLanguage\":\"es-ES\",\"@id\":\"https:\/\/www.episcopalchurch.org\/es\/bible_study\/estudio-biblico-dia-de-pentecostes-c-8-de-junio-de-2025\/#primaryimage\",\"url\":\"https:\/\/www.episcopalchurch.org\/wp-content\/uploads\/2025\/05\/Pent-2025-Bible-Study-Graphic-FB-SP-1024x576.png\",\"contentUrl\":\"https:\/\/www.episcopalchurch.org\/wp-content\/uploads\/2025\/05\/Pent-2025-Bible-Study-Graphic-FB-SP-1024x576.png\"},{\"@type\":\"BreadcrumbList\",\"@id\":\"https:\/\/www.episcopalchurch.org\/es\/bible_study\/estudio-biblico-dia-de-pentecostes-c-8-de-junio-de-2025\/#breadcrumb\",\"itemListElement\":[{\"@type\":\"ListItem\",\"position\":1,\"name\":\"Home\",\"item\":\"https:\/\/www.episcopalchurch.org\/\"},{\"@type\":\"ListItem\",\"position\":2,\"name\":\"Estudio B\u00edblico: D\u00eda de Pentecost\u00e9s (C) \u2013 2025\"}]},{\"@type\":\"WebSite\",\"@id\":\"https:\/\/www.episcopalchurch.org\/#website\",\"url\":\"https:\/\/www.episcopalchurch.org\/\",\"name\":\"The Episcopal Church\",\"description\":\"Welcomes You\",\"publisher\":{\"@id\":\"https:\/\/www.episcopalchurch.org\/#organization\"},\"potentialAction\":[{\"@type\":\"SearchAction\",\"target\":{\"@type\":\"EntryPoint\",\"urlTemplate\":\"https:\/\/www.episcopalchurch.org\/?s={search_term_string}\"},\"query-input\":{\"@type\":\"PropertyValueSpecification\",\"valueRequired\":true,\"valueName\":\"search_term_string\"}}],\"inLanguage\":\"es-ES\"},{\"@type\":\"Organization\",\"@id\":\"https:\/\/www.episcopalchurch.org\/#organization\",\"name\":\"The Episcopal Church\",\"url\":\"https:\/\/www.episcopalchurch.org\/\",\"logo\":{\"@type\":\"ImageObject\",\"inLanguage\":\"es-ES\",\"@id\":\"https:\/\/www.episcopalchurch.org\/#\/schema\/logo\/image\/\",\"url\":\"https:\/\/www.episcopalchurch.org\/wp-content\/uploads\/2021\/01\/vertical_episcopal_logo.jpg\",\"contentUrl\":\"https:\/\/www.episcopalchurch.org\/wp-content\/uploads\/2021\/01\/vertical_episcopal_logo.jpg\",\"width\":770,\"height\":662,\"caption\":\"The Episcopal Church\"},\"image\":{\"@id\":\"https:\/\/www.episcopalchurch.org\/#\/schema\/logo\/image\/\"},\"sameAs\":[\"https:\/\/www.facebook.com\/episcopalian\",\"https:\/\/x.com\/iamepiscopalian\",\"https:\/\/www.youtube.com\/channel\/UCdVJpxCtK41c_-p6EaE4_2A\"]}]}<\/script>\n<!-- \/ Yoast SEO Premium plugin. -->","yoast_head_json":{"title":"Estudio B\u00edblico: D\u00eda de Pentecost\u00e9s (C) \u2013 2025 &#8211; The Episcopal Church","robots":{"index":"index","follow":"follow","max-snippet":"max-snippet:-1","max-image-preview":"max-image-preview:large","max-video-preview":"max-video-preview:-1"},"canonical":"https:\/\/www.episcopalchurch.org\/es\/bible_study\/estudio-biblico-dia-de-pentecostes-c-8-de-junio-de-2025\/","og_locale":"es_ES","og_type":"article","og_title":"Estudio B\u00edblico: D\u00eda de Pentecost\u00e9s (C) \u2013 2025","og_description":"LCR: 2 Reyes 2:1-2, 6-16; Salmo 104:25-35, 37; Romanos 8:14-17; Juan 14:8-17, (25-27) 2 Reyes 2:1-2, 6-16 En esta descripci\u00f3n del d\u00eda de Pentecost\u00e9s del libro de los Hechos, tenemos la moment\u00e1nea anulaci\u00f3n de la diferenciaci\u00f3n ling\u00fc\u00edstica y la consiguiente confusi\u00f3n y tribalismo que se produjo en la Torre de Babel, all\u00e1 por G\u00e9nesis 11. [&hellip;]","og_url":"https:\/\/www.episcopalchurch.org\/es\/bible_study\/estudio-biblico-dia-de-pentecostes-c-8-de-junio-de-2025\/","og_site_name":"The Episcopal Church","article_publisher":"https:\/\/www.facebook.com\/episcopalian","article_modified_time":"2025-11-25T17:50:50+00:00","og_image":[{"width":1920,"height":1080,"url":"https:\/\/www.episcopalchurch.org\/wp-content\/uploads\/2025\/05\/Pent-2025-Bible-Study-Graphic-FB-SP.png","type":"image\/png"}],"twitter_card":"summary_large_image","twitter_site":"@iamepiscopalian","twitter_misc":{"Est. reading time":"5 minutes"},"schema":{"@context":"https:\/\/schema.org","@graph":[{"@type":"WebPage","@id":"https:\/\/www.episcopalchurch.org\/es\/bible_study\/estudio-biblico-dia-de-pentecostes-c-8-de-junio-de-2025\/","url":"https:\/\/www.episcopalchurch.org\/es\/bible_study\/estudio-biblico-dia-de-pentecostes-c-8-de-junio-de-2025\/","name":"Estudio B\u00edblico: D\u00eda de Pentecost\u00e9s (C) \u2013 2025 &#8211; The Episcopal Church","isPartOf":{"@id":"https:\/\/www.episcopalchurch.org\/#website"},"primaryImageOfPage":{"@id":"https:\/\/www.episcopalchurch.org\/es\/bible_study\/estudio-biblico-dia-de-pentecostes-c-8-de-junio-de-2025\/#primaryimage"},"image":{"@id":"https:\/\/www.episcopalchurch.org\/es\/bible_study\/estudio-biblico-dia-de-pentecostes-c-8-de-junio-de-2025\/#primaryimage"},"thumbnailUrl":"https:\/\/www.episcopalchurch.org\/wp-content\/uploads\/2025\/05\/Pent-2025-Bible-Study-Graphic-FB-SP-1024x576.png","datePublished":"2025-05-05T19:29:25+00:00","dateModified":"2025-11-25T17:50:50+00:00","breadcrumb":{"@id":"https:\/\/www.episcopalchurch.org\/es\/bible_study\/estudio-biblico-dia-de-pentecostes-c-8-de-junio-de-2025\/#breadcrumb"},"inLanguage":"es-ES","potentialAction":[{"@type":"ReadAction","target":["https:\/\/www.episcopalchurch.org\/es\/bible_study\/estudio-biblico-dia-de-pentecostes-c-8-de-junio-de-2025\/"]}]},{"@type":"ImageObject","inLanguage":"es-ES","@id":"https:\/\/www.episcopalchurch.org\/es\/bible_study\/estudio-biblico-dia-de-pentecostes-c-8-de-junio-de-2025\/#primaryimage","url":"https:\/\/www.episcopalchurch.org\/wp-content\/uploads\/2025\/05\/Pent-2025-Bible-Study-Graphic-FB-SP-1024x576.png","contentUrl":"https:\/\/www.episcopalchurch.org\/wp-content\/uploads\/2025\/05\/Pent-2025-Bible-Study-Graphic-FB-SP-1024x576.png"},{"@type":"BreadcrumbList","@id":"https:\/\/www.episcopalchurch.org\/es\/bible_study\/estudio-biblico-dia-de-pentecostes-c-8-de-junio-de-2025\/#breadcrumb","itemListElement":[{"@type":"ListItem","position":1,"name":"Home","item":"https:\/\/www.episcopalchurch.org\/"},{"@type":"ListItem","position":2,"name":"Estudio B\u00edblico: D\u00eda de Pentecost\u00e9s (C) \u2013 2025"}]},{"@type":"WebSite","@id":"https:\/\/www.episcopalchurch.org\/#website","url":"https:\/\/www.episcopalchurch.org\/","name":"The Episcopal Church","description":"Welcomes You","publisher":{"@id":"https:\/\/www.episcopalchurch.org\/#organization"},"potentialAction":[{"@type":"SearchAction","target":{"@type":"EntryPoint","urlTemplate":"https:\/\/www.episcopalchurch.org\/?s={search_term_string}"},"query-input":{"@type":"PropertyValueSpecification","valueRequired":true,"valueName":"search_term_string"}}],"inLanguage":"es-ES"},{"@type":"Organization","@id":"https:\/\/www.episcopalchurch.org\/#organization","name":"The Episcopal Church","url":"https:\/\/www.episcopalchurch.org\/","logo":{"@type":"ImageObject","inLanguage":"es-ES","@id":"https:\/\/www.episcopalchurch.org\/#\/schema\/logo\/image\/","url":"https:\/\/www.episcopalchurch.org\/wp-content\/uploads\/2021\/01\/vertical_episcopal_logo.jpg","contentUrl":"https:\/\/www.episcopalchurch.org\/wp-content\/uploads\/2021\/01\/vertical_episcopal_logo.jpg","width":770,"height":662,"caption":"The Episcopal Church"},"image":{"@id":"https:\/\/www.episcopalchurch.org\/#\/schema\/logo\/image\/"},"sameAs":["https:\/\/www.facebook.com\/episcopalian","https:\/\/x.com\/iamepiscopalian","https:\/\/www.youtube.com\/channel\/UCdVJpxCtK41c_-p6EaE4_2A"]}]}},"taxonomy_info":{"category":[{"value":1032,"label":"D\u00eda de Pentecost\u00e9s C"},{"value":1019,"label":"Pascua C"}]},"featured_image_src_large":false,"author_info":[],"comment_info":"","uagb_featured_image_src":{"full":false,"thumbnail":false,"medium":false,"medium_large":false,"large":false,"1536x1536":false,"2048x2048":false,"menu":false,"hero":false,"callout-image":false},"uagb_author_info":{"display_name":"Christopher Sikkema","author_link":"https:\/\/www.episcopalchurch.org\/es\/author\/"},"uagb_comment_info":0,"uagb_excerpt":"LCR: 2 Reyes 2:1-2, 6-16; Salmo 104:25-35, 37; Romanos 8:14-17; Juan 14:8-17, (25-27) 2 Reyes 2:1-2, 6-16 En esta descripci\u00f3n del d\u00eda de Pentecost\u00e9s del libro de los Hechos, tenemos la moment\u00e1nea anulaci\u00f3n de la diferenciaci\u00f3n ling\u00fc\u00edstica y la consiguiente confusi\u00f3n y tribalismo que se produjo en la Torre de Babel, all\u00e1 por G\u00e9nesis 11.&hellip;","_links":{"self":[{"href":"https:\/\/www.episcopalchurch.org\/es\/wp-json\/wp\/v2\/bible_study\/332120","targetHints":{"allow":["GET"]}}],"collection":[{"href":"https:\/\/www.episcopalchurch.org\/es\/wp-json\/wp\/v2\/bible_study"}],"about":[{"href":"https:\/\/www.episcopalchurch.org\/es\/wp-json\/wp\/v2\/types\/bible_study"}],"wp:attachment":[{"href":"https:\/\/www.episcopalchurch.org\/es\/wp-json\/wp\/v2\/media?parent=332120"}],"wp:term":[{"taxonomy":"category","embeddable":true,"href":"https:\/\/www.episcopalchurch.org\/es\/wp-json\/wp\/v2\/categories?post=332120"}],"curies":[{"name":"wp","href":"https:\/\/api.w.org\/{rel}","templated":true}]}}