{"id":340625,"date":"2025-11-13T13:46:07","date_gmt":"2025-11-13T18:46:07","guid":{"rendered":"https:\/\/www.episcopalchurch.org\/?post_type=bible_study&#038;p=340625"},"modified":"2025-11-13T13:46:09","modified_gmt":"2025-11-13T18:46:09","slug":"estudio-biblico-adviento-3-a-14-de-diciembre-de-2025","status":"publish","type":"bible_study","link":"https:\/\/www.episcopalchurch.org\/es\/bible_study\/estudio-biblico-adviento-3-a-14-de-diciembre-de-2025\/","title":{"rendered":"Estudio B\u00edblico: Adviento 3 (A) \u2013 14 de diciembre de 2025"},"content":{"rendered":"\n<p><strong>LCR: <\/strong><a href=\"https:\/\/www.episcopalchurch.org\/es\/lectionary\/adviento-3a\/\">Isa\u00edas 35:1-10;<strong>\u00a0<\/strong>Salmo 146:5-10; Santiago 5:7-10; Mateo 11:2-11<\/a><\/p>\n\n\n<div class=\"wp-block-image\">\n<figure class=\"alignright size-large is-resized\"><img loading=\"lazy\" decoding=\"async\" width=\"1024\" height=\"576\" src=\"https:\/\/www.episcopalchurch.org\/wp-content\/uploads\/2025\/11\/A3-2025-Bible-Study-Graphic-FB-SP-1024x576.png\" alt=\"\" class=\"wp-image-340632\" style=\"width:512px\" srcset=\"https:\/\/www.episcopalchurch.org\/wp-content\/uploads\/2025\/11\/A3-2025-Bible-Study-Graphic-FB-SP-1024x576.png 1024w, https:\/\/www.episcopalchurch.org\/wp-content\/uploads\/2025\/11\/A3-2025-Bible-Study-Graphic-FB-SP-300x169.png 300w, https:\/\/www.episcopalchurch.org\/wp-content\/uploads\/2025\/11\/A3-2025-Bible-Study-Graphic-FB-SP-768x432.png 768w, https:\/\/www.episcopalchurch.org\/wp-content\/uploads\/2025\/11\/A3-2025-Bible-Study-Graphic-FB-SP-1536x864.png 1536w, https:\/\/www.episcopalchurch.org\/wp-content\/uploads\/2025\/11\/A3-2025-Bible-Study-Graphic-FB-SP-480x270.png 480w, https:\/\/www.episcopalchurch.org\/wp-content\/uploads\/2025\/11\/A3-2025-Bible-Study-Graphic-FB-SP.png 1920w\" sizes=\"auto, (max-width: 1024px) 100vw, 1024px\" \/><\/figure><\/div>\n\n\n<p><strong>Oraci\u00f3n inicial<\/strong><\/p>\n\n\n\n<p>Desata tu fuerza, Se\u00f1or, y vis\u00edtanos con gran poder; que tu gracia abundante y tu clemencia nos ayuden pronto y nos libren del enredo de nuestros pecados; por Jesucristo nuestro Se\u00f1or, que contigo y el Esp\u00edritu Santo vive y reina, un solo Dios, ahora y siempre. Am\u00e9n.<\/p>\n\n\n\n<p><strong>Contexto<\/strong><\/p>\n\n\n\n<p>Toda buena historia tiene un giro inesperado. El cap\u00edtulo 34 de Isa\u00edas termina en llamas: humo, desolaci\u00f3n, juicio, el olor de la p\u00e9rdida flotando en el aire. El pueblo de Israel est\u00e1 exiliado, sus hogares destruidos, su fe desgastada. Si esto fuera un programa de televisi\u00f3n, el episodio terminar\u00eda en desesperaci\u00f3n.<\/p>\n\n\n\n<p>Pero entonces, pasamos a Isa\u00edas 35. La m\u00fasica cambia. El desierto comienza a zumbar. Contra toda l\u00f3gica, la alegr\u00eda entra en escena. Es como si el Esp\u00edritu hubiera deslizado este poema fuera de lugar: una palabra de alegr\u00eda introducida de contrabando en las ruinas. El giro es tan audaz que parece divino: del polvo a la m\u00fasica, as\u00ed sin m\u00e1s.<\/p>\n\n\n\n<p>La audiencia de Isa\u00edas es un pueblo disperso. Su templo est\u00e1 en ruinas. Son extranjeros en Babilonia, extra\u00f1an su hogar, extra\u00f1an a Dios, extra\u00f1an la versi\u00f3n de s\u00ed mismos que sol\u00edan reconocer. Pero el profeta no intenta explicar el sufrimiento ni arreglarlo. Hace algo m\u00e1s extra\u00f1o. Habla de alegr\u00eda en medio del silencio.<\/p>\n\n\n\n<p>\u00abQue se alegre el desierto, tierra seca\u00bb, proclama Isa\u00edas. Es absurdo y hermoso y, de alguna manera, cre\u00edble, todo al mismo tiempo. La palabra hebrea&nbsp;<em>yasisu<\/em>&nbsp;\u2014\u00abal\u00e9grate\u00bb\u2014 conlleva un estremecimiento de alegr\u00eda encarnada: la risa que rompe las l\u00e1grimas, el pulso que reinicia la esperanza.<\/p>\n\n\n\n<p>Este pasaje cae en el tercer domingo de Adviento, que tradicionalmente se llama&nbsp;<em>Domingo Gaudete<\/em>, utilizando la palabra latina para \u00abal\u00e9grate\u00bb. Es ese respiro a mitad del Adviento cuando la iglesia cambia los colores lit\u00fargicos violeta por rosa, como diciendo: \u00abS\u00ed, esperar es una tarea agotadora, pero la alegr\u00eda tambi\u00e9n forma parte de la espera\u00bb. Sin embargo, la alegr\u00eda que ofrece Isa\u00edas no es la t\u00edpica de Hallmark. No se trata de fingir que el desierto no es real. Es el tipo de alegr\u00eda que se toma en serio el desierto y a\u00fan as\u00ed cree que algo vivo puede crecer all\u00ed.<\/p>\n\n\n\n<p><strong>Reflexi\u00f3n teol\u00f3gica<\/strong><\/p>\n\n\n\n<p>La visi\u00f3n de Isa\u00edas redefine la salvaci\u00f3n como movimiento, no como escape. \u00abEntonces los ciegos ver\u00e1n y los sordos oir\u00e1n; los lisiados saltar\u00e1n como venados y los mudos gritar\u00e1n.\u00bb. Los verbos bailan en la p\u00e1gina. Pero este pasaje no trata de arreglar a las personas quebrantadas, sino de reparar la pertenencia quebrantada. El profeta sue\u00f1a con una comunidad en la que aquellos que antes estaban excluidos del c\u00edrculo sean restaurados a \u00e9l. La sanaci\u00f3n aqu\u00ed no se trata de perfecci\u00f3n, sino de participaci\u00f3n.<\/p>\n\n\n\n<p>A medida que seguimos leyendo, la historia cambia de nuevo. Surge una nueva imagen: una autopista de santidad que se extiende a trav\u00e9s del desierto, un camino para los&nbsp;<em>paduyim<\/em>, los rescatados, los que han sido comprados de la esclavitud. No es un camino privado para los piadosos; es el camino a casa para los perdidos y los cojos. Hist\u00f3ricamente, este camino llev\u00f3 a los exiliados de vuelta a Jerusal\u00e9n. Espiritualmente, serpentea a trav\u00e9s de todos los desiertos por los que puede vagar el coraz\u00f3n humano \u2014el dolor, la verg\u00fcenza, la adicci\u00f3n, el cansancio, la desesperaci\u00f3n\u2014 y, de alguna manera, sigue conduciendo a casa.<\/p>\n\n\n\n<p>Incluso los necios, dice Isa\u00edas, no pueden perderse en ese camino. Hay ternura en esa frase, como una broma privada divina. Es un recordatorio de que nadie est\u00e1 demasiado lejos, demasiado confundido o demasiado torpe para la redenci\u00f3n. Dios viaja con aquellos que pensaban que hab\u00edan sido abandonados, transformando la desolaci\u00f3n en di\u00e1logo.<\/p>\n\n\n\n<p>Y aqu\u00ed est\u00e1 la cuesti\u00f3n sobre la alegr\u00eda: no borra el dolor. El cap\u00edtulo termina diciendo: \u00abHallar\u00e1n felicidad y dicha, y desaparecer\u00e1n el llanto y el dolor.\u00bb. Pero incluso aqu\u00ed, el suspiro persiste. Cada coraz\u00f3n conoce esa tensi\u00f3n, esa sensaci\u00f3n a medio curar, a medio camino entre la promesa y el cumplimiento. Regocijarse no es olvidar el exilio, es confiar en que el dolor persistente es en s\u00ed mismo sagrado.<\/p>\n\n\n\n<p>Y as\u00ed, la c\u00e1mara hace una \u00faltima panor\u00e1mica. El desierto, ahora en flor. La gente, caminando por el Camino Santo, necia y amada, con risas y lamentos entrelazados.<\/p>\n\n\n\n<p>La profec\u00eda de Isa\u00edas a\u00fan resuena bajo el ruido del mundo actual. Nos insta a reconstruir lo que est\u00e1 roto, a reverdecer lo que est\u00e1 \u00e1rido, a reparar lo que se ha desmoronado. Esta es la invitaci\u00f3n del Adviento: practicar la resurrecci\u00f3n en miniatura. Elegir la alegr\u00eda como resistencia. Caminar juntos por el camino a casa. La luz ya est\u00e1 entrando. El desierto sigue cantando. La historia no ha terminado.<\/p>\n\n\n\n<p><strong>Preguntas para la reflexi\u00f3n<\/strong><\/p>\n\n\n\n<ul class=\"wp-block-list\">\n<li>\u00bfEn qu\u00e9 aspectos de tu vida podr\u00eda Dios estar haciendo espacio para que crezca algo nuevo?<\/li>\n\n\n\n<li>\u00bfC\u00f3mo sientes que Dios te invita a practicar la resurrecci\u00f3n \u00aben miniatura\u00bb?<\/li>\n\n\n\n<li>\u00bfCu\u00e1ndo has experimentado la sanaci\u00f3n de esta manera: como pertenencia en lugar de perfecci\u00f3n?<\/li>\n\n\n\n<li>\u00bfQui\u00e9n en tu vida o comunidad sigue vagando en el exilio? \u00bfC\u00f3mo ser\u00eda para ellos el Camino Santo a casa? \u00bfC\u00f3mo caminar juntos con ellos?<\/li>\n\n\n\n<li>\u00bfC\u00f3mo podemos practicar la alegr\u00eda como resistencia? \u00bfD\u00f3nde te sientes llamado a reparar lo que est\u00e1 roto?<\/li>\n<\/ul>\n\n\n\n<p><strong>La fe en la pr\u00e1ctica<\/strong><\/p>\n\n\n\n<p>Esta semana, haz algo peque\u00f1o pero sagrado, un acto que d\u00e9 un poco m\u00e1s de espacio para que la vida crezca. Escribe esa nota de disculpa, planta algo verde, repara lo que est\u00e9 roto o cocina para alguien que necesite consuelo. Cuando enciendas la vela de Adviento, nombra el dolor que a\u00fan permanece y d\u00e9jalo junto a tu alegr\u00eda. No te apresures a buscar certezas; en cambio, reza por el valor para seguir caminando por el camino entre la ruina y el florecimiento, confiando en que Dios ya est\u00e1 convirtiendo el desierto en di\u00e1logo.<\/p>\n\n\n\n<p><strong><em>Tina Francis&nbsp;<\/em><\/strong><em>es seminarista y escritora, y se est\u00e1 preparando para su ordenaci\u00f3n en la Iglesia Episcopal. Est\u00e1 terminando su m\u00e1ster en Teolog\u00eda en el Seminario del Suroeste, en Austin, Texas, donde vive con su esposo y su hijo. Nacida de padres del sur de la India y criada en Dub\u00e1i, Canad\u00e1 y Seattle, siente amor por las historias que traspasan fronteras. Encuentra a Dios en las conversaciones, las comidas compartidas y una buena taza de masala chai.<\/em><\/p>\n\n\n\n<div class=\"wp-block-file\"><a id=\"wp-block-file--media-3ac83c44-766f-49ca-8194-1324fa707b73\" href=\"https:\/\/www.episcopalchurch.org\/wp-content\/uploads\/2025\/11\/Adviento-3-Bible-Study.docx\">Word &#8211; Adviento 3 Estudio B\u00edblico<\/a><a href=\"https:\/\/www.episcopalchurch.org\/wp-content\/uploads\/2025\/11\/Adviento-3-Bible-Study.docx\" class=\"wp-block-file__button wp-element-button\" download aria-describedby=\"wp-block-file--media-3ac83c44-766f-49ca-8194-1324fa707b73\">Descargar<\/a><\/div>\n\n\n\n<div class=\"wp-block-file\"><a id=\"wp-block-file--media-d732cc0e-e82e-4d05-b6cc-b7e30b462ffc\" href=\"https:\/\/www.episcopalchurch.org\/wp-content\/uploads\/2025\/11\/Adviento-3-Bible-Study.pdf\">PDF &#8211; Adviento 3 Estudio B\u00edblico<\/a><a href=\"https:\/\/www.episcopalchurch.org\/wp-content\/uploads\/2025\/11\/Adviento-3-Bible-Study.pdf\" class=\"wp-block-file__button wp-element-button\" download aria-describedby=\"wp-block-file--media-d732cc0e-e82e-4d05-b6cc-b7e30b462ffc\">Descargar<\/a><\/div>\n","protected":false},"featured_media":0,"template":"","meta":{"_acf_changed":true,"_uag_custom_page_level_css":"","_kad_blocks_custom_css":"","_kad_blocks_head_custom_js":"","_kad_blocks_body_custom_js":"","_kad_blocks_footer_custom_js":"","_kadence_starter_templates_imported_post":false,"_links_to":"","_links_to_target":""},"categories":[862,859],"class_list":["post-340625","bible_study","type-bible_study","status-publish","hentry","category-adviento-3a","category-adviento-a"],"acf":{"drupal_id":"","lectionary_id":false,"sermon_date":"2025-12-14","sermon_other_translation":false,"sermon_language":"","author_id":330420},"yoast_head":"<!-- This site is optimized with the Yoast SEO Premium plugin v24.6 (Yoast SEO v26.3) - https:\/\/yoast.com\/wordpress\/plugins\/seo\/ -->\n<title>Estudio B\u00edblico: Adviento 3 (A) \u2013 14 de diciembre de 2025 &#8211; The Episcopal Church<\/title>\n<meta name=\"robots\" content=\"index, follow, max-snippet:-1, max-image-preview:large, max-video-preview:-1\" \/>\n<link rel=\"canonical\" href=\"https:\/\/www.episcopalchurch.org\/es\/bible_study\/estudio-biblico-adviento-3-a-14-de-diciembre-de-2025\/\" \/>\n<meta property=\"og:locale\" content=\"es_ES\" \/>\n<meta property=\"og:type\" content=\"article\" \/>\n<meta property=\"og:title\" content=\"Estudio B\u00edblico: Adviento 3 (A) \u2013 14 de diciembre de 2025\" \/>\n<meta property=\"og:description\" content=\"LCR: Isa\u00edas 35:1-10;\u00a0Salmo 146:5-10; Santiago 5:7-10; Mateo 11:2-11 Oraci\u00f3n inicial Desata tu fuerza, Se\u00f1or, y vis\u00edtanos con gran poder; que tu gracia abundante y tu clemencia nos ayuden pronto y nos libren del enredo de nuestros pecados; por Jesucristo nuestro Se\u00f1or, que contigo y el Esp\u00edritu Santo vive y reina, un solo Dios, ahora y [&hellip;]\" \/>\n<meta property=\"og:url\" content=\"https:\/\/www.episcopalchurch.org\/es\/bible_study\/estudio-biblico-adviento-3-a-14-de-diciembre-de-2025\/\" \/>\n<meta property=\"og:site_name\" content=\"The Episcopal Church\" \/>\n<meta property=\"article:publisher\" content=\"https:\/\/www.facebook.com\/episcopalian\" \/>\n<meta property=\"article:modified_time\" content=\"2025-11-13T18:46:09+00:00\" \/>\n<meta property=\"og:image\" content=\"https:\/\/www.episcopalchurch.org\/wp-content\/uploads\/2025\/11\/A3-2025-Bible-Study-Graphic-FB-SP.png\" \/>\n\t<meta property=\"og:image:width\" content=\"1920\" \/>\n\t<meta property=\"og:image:height\" content=\"1080\" \/>\n\t<meta property=\"og:image:type\" content=\"image\/png\" \/>\n<meta name=\"twitter:card\" content=\"summary_large_image\" \/>\n<meta name=\"twitter:site\" content=\"@iamepiscopalian\" \/>\n<meta name=\"twitter:label1\" content=\"Est. reading time\" \/>\n\t<meta name=\"twitter:data1\" content=\"5 minutes\" \/>\n<script type=\"application\/ld+json\" class=\"yoast-schema-graph\">{\"@context\":\"https:\/\/schema.org\",\"@graph\":[{\"@type\":\"WebPage\",\"@id\":\"https:\/\/www.episcopalchurch.org\/es\/bible_study\/estudio-biblico-adviento-3-a-14-de-diciembre-de-2025\/\",\"url\":\"https:\/\/www.episcopalchurch.org\/es\/bible_study\/estudio-biblico-adviento-3-a-14-de-diciembre-de-2025\/\",\"name\":\"Estudio B\u00edblico: Adviento 3 (A) \u2013 14 de diciembre de 2025 &#8211; The Episcopal Church\",\"isPartOf\":{\"@id\":\"https:\/\/www.episcopalchurch.org\/#website\"},\"primaryImageOfPage\":{\"@id\":\"https:\/\/www.episcopalchurch.org\/es\/bible_study\/estudio-biblico-adviento-3-a-14-de-diciembre-de-2025\/#primaryimage\"},\"image\":{\"@id\":\"https:\/\/www.episcopalchurch.org\/es\/bible_study\/estudio-biblico-adviento-3-a-14-de-diciembre-de-2025\/#primaryimage\"},\"thumbnailUrl\":\"https:\/\/www.episcopalchurch.org\/wp-content\/uploads\/2025\/11\/A3-2025-Bible-Study-Graphic-FB-SP-1024x576.png\",\"datePublished\":\"2025-11-13T18:46:07+00:00\",\"dateModified\":\"2025-11-13T18:46:09+00:00\",\"breadcrumb\":{\"@id\":\"https:\/\/www.episcopalchurch.org\/es\/bible_study\/estudio-biblico-adviento-3-a-14-de-diciembre-de-2025\/#breadcrumb\"},\"inLanguage\":\"es-ES\",\"potentialAction\":[{\"@type\":\"ReadAction\",\"target\":[\"https:\/\/www.episcopalchurch.org\/es\/bible_study\/estudio-biblico-adviento-3-a-14-de-diciembre-de-2025\/\"]}]},{\"@type\":\"ImageObject\",\"inLanguage\":\"es-ES\",\"@id\":\"https:\/\/www.episcopalchurch.org\/es\/bible_study\/estudio-biblico-adviento-3-a-14-de-diciembre-de-2025\/#primaryimage\",\"url\":\"https:\/\/www.episcopalchurch.org\/wp-content\/uploads\/2025\/11\/A3-2025-Bible-Study-Graphic-FB-SP-1024x576.png\",\"contentUrl\":\"https:\/\/www.episcopalchurch.org\/wp-content\/uploads\/2025\/11\/A3-2025-Bible-Study-Graphic-FB-SP-1024x576.png\"},{\"@type\":\"BreadcrumbList\",\"@id\":\"https:\/\/www.episcopalchurch.org\/es\/bible_study\/estudio-biblico-adviento-3-a-14-de-diciembre-de-2025\/#breadcrumb\",\"itemListElement\":[{\"@type\":\"ListItem\",\"position\":1,\"name\":\"Home\",\"item\":\"https:\/\/www.episcopalchurch.org\/\"},{\"@type\":\"ListItem\",\"position\":2,\"name\":\"Estudio B\u00edblico: Adviento 3 (A) \u2013 14 de diciembre de 2025\"}]},{\"@type\":\"WebSite\",\"@id\":\"https:\/\/www.episcopalchurch.org\/#website\",\"url\":\"https:\/\/www.episcopalchurch.org\/\",\"name\":\"The Episcopal Church\",\"description\":\"Welcomes You\",\"publisher\":{\"@id\":\"https:\/\/www.episcopalchurch.org\/#organization\"},\"potentialAction\":[{\"@type\":\"SearchAction\",\"target\":{\"@type\":\"EntryPoint\",\"urlTemplate\":\"https:\/\/www.episcopalchurch.org\/?s={search_term_string}\"},\"query-input\":{\"@type\":\"PropertyValueSpecification\",\"valueRequired\":true,\"valueName\":\"search_term_string\"}}],\"inLanguage\":\"es-ES\"},{\"@type\":\"Organization\",\"@id\":\"https:\/\/www.episcopalchurch.org\/#organization\",\"name\":\"The Episcopal Church\",\"url\":\"https:\/\/www.episcopalchurch.org\/\",\"logo\":{\"@type\":\"ImageObject\",\"inLanguage\":\"es-ES\",\"@id\":\"https:\/\/www.episcopalchurch.org\/#\/schema\/logo\/image\/\",\"url\":\"https:\/\/www.episcopalchurch.org\/wp-content\/uploads\/2021\/01\/vertical_episcopal_logo.jpg\",\"contentUrl\":\"https:\/\/www.episcopalchurch.org\/wp-content\/uploads\/2021\/01\/vertical_episcopal_logo.jpg\",\"width\":770,\"height\":662,\"caption\":\"The Episcopal Church\"},\"image\":{\"@id\":\"https:\/\/www.episcopalchurch.org\/#\/schema\/logo\/image\/\"},\"sameAs\":[\"https:\/\/www.facebook.com\/episcopalian\",\"https:\/\/x.com\/iamepiscopalian\",\"https:\/\/www.youtube.com\/channel\/UCdVJpxCtK41c_-p6EaE4_2A\"]}]}<\/script>\n<!-- \/ Yoast SEO Premium plugin. -->","yoast_head_json":{"title":"Estudio B\u00edblico: Adviento 3 (A) \u2013 14 de diciembre de 2025 &#8211; The Episcopal Church","robots":{"index":"index","follow":"follow","max-snippet":"max-snippet:-1","max-image-preview":"max-image-preview:large","max-video-preview":"max-video-preview:-1"},"canonical":"https:\/\/www.episcopalchurch.org\/es\/bible_study\/estudio-biblico-adviento-3-a-14-de-diciembre-de-2025\/","og_locale":"es_ES","og_type":"article","og_title":"Estudio B\u00edblico: Adviento 3 (A) \u2013 14 de diciembre de 2025","og_description":"LCR: Isa\u00edas 35:1-10;\u00a0Salmo 146:5-10; Santiago 5:7-10; Mateo 11:2-11 Oraci\u00f3n inicial Desata tu fuerza, Se\u00f1or, y vis\u00edtanos con gran poder; que tu gracia abundante y tu clemencia nos ayuden pronto y nos libren del enredo de nuestros pecados; por Jesucristo nuestro Se\u00f1or, que contigo y el Esp\u00edritu Santo vive y reina, un solo Dios, ahora y [&hellip;]","og_url":"https:\/\/www.episcopalchurch.org\/es\/bible_study\/estudio-biblico-adviento-3-a-14-de-diciembre-de-2025\/","og_site_name":"The Episcopal Church","article_publisher":"https:\/\/www.facebook.com\/episcopalian","article_modified_time":"2025-11-13T18:46:09+00:00","og_image":[{"width":1920,"height":1080,"url":"https:\/\/www.episcopalchurch.org\/wp-content\/uploads\/2025\/11\/A3-2025-Bible-Study-Graphic-FB-SP.png","type":"image\/png"}],"twitter_card":"summary_large_image","twitter_site":"@iamepiscopalian","twitter_misc":{"Est. reading time":"5 minutes"},"schema":{"@context":"https:\/\/schema.org","@graph":[{"@type":"WebPage","@id":"https:\/\/www.episcopalchurch.org\/es\/bible_study\/estudio-biblico-adviento-3-a-14-de-diciembre-de-2025\/","url":"https:\/\/www.episcopalchurch.org\/es\/bible_study\/estudio-biblico-adviento-3-a-14-de-diciembre-de-2025\/","name":"Estudio B\u00edblico: Adviento 3 (A) \u2013 14 de diciembre de 2025 &#8211; The Episcopal Church","isPartOf":{"@id":"https:\/\/www.episcopalchurch.org\/#website"},"primaryImageOfPage":{"@id":"https:\/\/www.episcopalchurch.org\/es\/bible_study\/estudio-biblico-adviento-3-a-14-de-diciembre-de-2025\/#primaryimage"},"image":{"@id":"https:\/\/www.episcopalchurch.org\/es\/bible_study\/estudio-biblico-adviento-3-a-14-de-diciembre-de-2025\/#primaryimage"},"thumbnailUrl":"https:\/\/www.episcopalchurch.org\/wp-content\/uploads\/2025\/11\/A3-2025-Bible-Study-Graphic-FB-SP-1024x576.png","datePublished":"2025-11-13T18:46:07+00:00","dateModified":"2025-11-13T18:46:09+00:00","breadcrumb":{"@id":"https:\/\/www.episcopalchurch.org\/es\/bible_study\/estudio-biblico-adviento-3-a-14-de-diciembre-de-2025\/#breadcrumb"},"inLanguage":"es-ES","potentialAction":[{"@type":"ReadAction","target":["https:\/\/www.episcopalchurch.org\/es\/bible_study\/estudio-biblico-adviento-3-a-14-de-diciembre-de-2025\/"]}]},{"@type":"ImageObject","inLanguage":"es-ES","@id":"https:\/\/www.episcopalchurch.org\/es\/bible_study\/estudio-biblico-adviento-3-a-14-de-diciembre-de-2025\/#primaryimage","url":"https:\/\/www.episcopalchurch.org\/wp-content\/uploads\/2025\/11\/A3-2025-Bible-Study-Graphic-FB-SP-1024x576.png","contentUrl":"https:\/\/www.episcopalchurch.org\/wp-content\/uploads\/2025\/11\/A3-2025-Bible-Study-Graphic-FB-SP-1024x576.png"},{"@type":"BreadcrumbList","@id":"https:\/\/www.episcopalchurch.org\/es\/bible_study\/estudio-biblico-adviento-3-a-14-de-diciembre-de-2025\/#breadcrumb","itemListElement":[{"@type":"ListItem","position":1,"name":"Home","item":"https:\/\/www.episcopalchurch.org\/"},{"@type":"ListItem","position":2,"name":"Estudio B\u00edblico: Adviento 3 (A) \u2013 14 de diciembre de 2025"}]},{"@type":"WebSite","@id":"https:\/\/www.episcopalchurch.org\/#website","url":"https:\/\/www.episcopalchurch.org\/","name":"The Episcopal Church","description":"Welcomes You","publisher":{"@id":"https:\/\/www.episcopalchurch.org\/#organization"},"potentialAction":[{"@type":"SearchAction","target":{"@type":"EntryPoint","urlTemplate":"https:\/\/www.episcopalchurch.org\/?s={search_term_string}"},"query-input":{"@type":"PropertyValueSpecification","valueRequired":true,"valueName":"search_term_string"}}],"inLanguage":"es-ES"},{"@type":"Organization","@id":"https:\/\/www.episcopalchurch.org\/#organization","name":"The Episcopal Church","url":"https:\/\/www.episcopalchurch.org\/","logo":{"@type":"ImageObject","inLanguage":"es-ES","@id":"https:\/\/www.episcopalchurch.org\/#\/schema\/logo\/image\/","url":"https:\/\/www.episcopalchurch.org\/wp-content\/uploads\/2021\/01\/vertical_episcopal_logo.jpg","contentUrl":"https:\/\/www.episcopalchurch.org\/wp-content\/uploads\/2021\/01\/vertical_episcopal_logo.jpg","width":770,"height":662,"caption":"The Episcopal Church"},"image":{"@id":"https:\/\/www.episcopalchurch.org\/#\/schema\/logo\/image\/"},"sameAs":["https:\/\/www.facebook.com\/episcopalian","https:\/\/x.com\/iamepiscopalian","https:\/\/www.youtube.com\/channel\/UCdVJpxCtK41c_-p6EaE4_2A"]}]}},"taxonomy_info":{"category":[{"value":862,"label":"Adviento 3a"},{"value":859,"label":"Adviento A"}]},"featured_image_src_large":false,"author_info":[],"comment_info":"","uagb_featured_image_src":{"full":false,"thumbnail":false,"medium":false,"medium_large":false,"large":false,"1536x1536":false,"2048x2048":false,"menu":false,"hero":false,"callout-image":false},"uagb_author_info":{"display_name":"Scott Rands","author_link":"https:\/\/www.episcopalchurch.org\/es\/author\/"},"uagb_comment_info":0,"uagb_excerpt":"LCR: Isa\u00edas 35:1-10;\u00a0Salmo 146:5-10; Santiago 5:7-10; Mateo 11:2-11 Oraci\u00f3n inicial Desata tu fuerza, Se\u00f1or, y vis\u00edtanos con gran poder; que tu gracia abundante y tu clemencia nos ayuden pronto y nos libren del enredo de nuestros pecados; por Jesucristo nuestro Se\u00f1or, que contigo y el Esp\u00edritu Santo vive y reina, un solo Dios, ahora y&hellip;","_links":{"self":[{"href":"https:\/\/www.episcopalchurch.org\/es\/wp-json\/wp\/v2\/bible_study\/340625","targetHints":{"allow":["GET"]}}],"collection":[{"href":"https:\/\/www.episcopalchurch.org\/es\/wp-json\/wp\/v2\/bible_study"}],"about":[{"href":"https:\/\/www.episcopalchurch.org\/es\/wp-json\/wp\/v2\/types\/bible_study"}],"wp:attachment":[{"href":"https:\/\/www.episcopalchurch.org\/es\/wp-json\/wp\/v2\/media?parent=340625"}],"wp:term":[{"taxonomy":"category","embeddable":true,"href":"https:\/\/www.episcopalchurch.org\/es\/wp-json\/wp\/v2\/categories?post=340625"}],"curies":[{"name":"wp","href":"https:\/\/api.w.org\/{rel}","templated":true}]}}