{"id":207615,"date":"2012-09-12T19:27:58","date_gmt":"2012-09-12T19:27:58","guid":{"rendered":"https:\/\/www2.episcopalchurch.org\/lectionary\/christmas-1\/"},"modified":"2025-10-31T16:20:39","modified_gmt":"2025-10-31T20:20:39","slug":"navidad-1-a","status":"publish","type":"lectionary","link":"https:\/\/www.episcopalchurch.org\/es\/lectionary\/navidad-1-a\/","title":{"rendered":"Primer Domingo despu\u00e9s de Navidad"},"content":{"rendered":"\n<p><strong><strong>La Colecta:<\/strong><\/strong><\/p>\n\n\n\n<p>Dios poderoso que has derramado sobre nosotros la nueva Luz de tu Palabra hecha carne: haz que esta Luz siga ardiendo en nuestros corazones y resplandezca siempre en nuestras vidas; por Jesucristo nuestro Se\u00f1or, que contigo vive y reina en la unidad del Esp\u00edritu Santo, un solo Dios ahora y siempre. Am\u00e9n.<\/p>\n\n\n\n<p><strong>El<\/strong> <strong>Antiguo Testamento:&nbsp;<\/strong>Isa\u00edas 61:10-62:3<\/p>\n\n\n\n<p><sup>10&nbsp;<\/sup>\u00a1C\u00f3mo me alegro en el Se\u00f1or!<br>Me lleno de gozo en mi Dios,<br>porque me ha brindado su salvaci\u00f3n,<br>\u00a1me ha cubierto de victoria!<br>Soy como un novio que se pone su corona<br>o una novia que se adorna con sus joyas.<br><sup>11&nbsp;<\/sup>Porque as\u00ed como nacen las plantas de la tierra<br>y brotan los reto\u00f1os en un jard\u00edn,<br>as\u00ed har\u00e1 el Se\u00f1or que brote su victoria<br>y que todas las naciones entonen cantos de alabanza.<\/p>\n\n\n\n<p><sup>1<\/sup> Por amor a ti, Si\u00f3n, no me quedar\u00e9 callado;<br>por amor a ti, Jerusal\u00e9n, no descansar\u00e9<br>hasta que tu victoria brille como el amanecer<br>y tu salvaci\u00f3n como una antorcha encendida.<br><sup>2&nbsp;<\/sup>Las naciones ver\u00e1n tu salvaci\u00f3n,<br>todos los reyes ver\u00e1n tu gloria.<br>Entonces tendr\u00e1s un nombre nuevo<br>que el Se\u00f1or mismo te dar\u00e1.<br><sup>3&nbsp;<\/sup>T\u00fa ser\u00e1s una hermosa corona real<br>en la mano del Se\u00f1or tu Dios.<\/p>\n\n\n\n<p><strong>Salmo:<\/strong> 147 o 147:13-21<\/p>\n\n\n\n<p>[<sup>1<\/sup>&nbsp;\u00a1Aleluya!<br>&nbsp;&nbsp;&nbsp;Qu\u00e9 bueno es cantarle a nuestro Dios; *<br>&nbsp;&nbsp;&nbsp;&nbsp;&nbsp;&nbsp;&nbsp;qu\u00e9 bello es celebrarlo en alabanza.<br><sup>2<\/sup>&nbsp;Dios edifica a Jerusal\u00e9n<br>&nbsp;&nbsp;&nbsp;&nbsp;&nbsp;&nbsp;&nbsp;y re\u00fane a los exiliados de Israel.<br><sup>3<\/sup>&nbsp;Sana al de quebrantado coraz\u00f3n *<br>&nbsp;&nbsp;&nbsp;&nbsp;&nbsp;&nbsp;&nbsp;y venda sus heridas.<br><sup>4<\/sup>&nbsp;Cuenta el n\u00famero de las estrellas *<br>&nbsp;&nbsp;&nbsp;&nbsp;&nbsp;&nbsp;&nbsp;y a todas les da nombre.<br><sup>5<\/sup>&nbsp;Nuestro Dios es grande y poderoso; *<br>&nbsp;&nbsp;&nbsp;&nbsp;&nbsp;&nbsp;&nbsp;su sabidur\u00eda es infinita.<br><sup>6<\/sup>&nbsp;Dios ayuda al pobre *<br>&nbsp;&nbsp;&nbsp;&nbsp;&nbsp;&nbsp;&nbsp;y revuelca por el polvo a la malvada.<br><sup>7<\/sup>&nbsp;C\u00e1ntenle a Dios agradecidos, *<br>&nbsp;&nbsp;&nbsp;&nbsp;&nbsp;&nbsp;&nbsp;a nuestro Dios al son de la guitarra.<br><sup>8<\/sup>&nbsp;Dios cubre de nubes el cielo *<br>&nbsp;&nbsp;&nbsp;&nbsp;&nbsp;&nbsp;&nbsp;y prepara la lluvia para la tierra.<br><sup>9<\/sup>&nbsp;Hace las monta\u00f1as florecer *<br>&nbsp;&nbsp;&nbsp;&nbsp;&nbsp;&nbsp;&nbsp;y la tierra cubrirse de hierba.<br><sup>10<\/sup>&nbsp;Da al ganado su alimento *<br>&nbsp;&nbsp;&nbsp;&nbsp;&nbsp;&nbsp;&nbsp;y a las cr\u00edas de cuervos cuando chillan.<br><sup>11<\/sup>&nbsp;No se complace en la fuerza del caballo *<br>&nbsp;&nbsp;&nbsp;&nbsp;&nbsp;&nbsp;&nbsp;ni en el vigor del ser humano:<br><sup>12<\/sup>&nbsp;Dios se complace en quienes lo honran, *<br>&nbsp;&nbsp;&nbsp;&nbsp;&nbsp;&nbsp;&nbsp;en quienes anhelan su bondad.]<br><sup>13<\/sup>&nbsp;\u00a1Glorifica a Dios, Jerusal\u00e9n! *<br>&nbsp;&nbsp;&nbsp;&nbsp;&nbsp;&nbsp;&nbsp;\u00a1Sion, a tu Dios dale alabanza!<br><sup>14<\/sup>&nbsp;\u00c9l refuerza el cerrojo de tus puertas *<br>&nbsp;&nbsp;&nbsp;&nbsp;&nbsp;&nbsp;&nbsp;y bendice a los peque\u00f1os de tu casa.<br><sup>15<\/sup>&nbsp;Ha tra\u00eddo paz a tu territorio; *<br>&nbsp;&nbsp;&nbsp;&nbsp;&nbsp;&nbsp;&nbsp;te sacia con el trigo m\u00e1s selecto.<br><sup>16<\/sup>&nbsp;Dios env\u00eda a la tierra su mensaje; *<br>&nbsp;&nbsp;&nbsp;&nbsp;&nbsp;&nbsp;&nbsp;r\u00e1pido corre su Palabra.<br><sup>17<\/sup>&nbsp;Hace caer la nieve como lana; *<br>&nbsp;&nbsp;&nbsp;&nbsp;&nbsp;&nbsp;&nbsp;derrama escarcha como cenizas.<br><sup>18<\/sup>&nbsp;Arroja su granizo como migas. *<br>&nbsp;&nbsp;&nbsp;&nbsp;&nbsp;&nbsp;&nbsp;\u00bfQui\u00e9n podr\u00e1 aguantar su fr\u00edo?<br><sup>19<\/sup>&nbsp;Dios env\u00eda su palabra y lo derrite; *<br>&nbsp;&nbsp;&nbsp;&nbsp;&nbsp;&nbsp;&nbsp;sopla, y las aguas corren.<br><sup>20<\/sup>&nbsp;Declara sus palabras a Jacob; *<br>&nbsp;&nbsp;&nbsp;&nbsp;&nbsp;&nbsp;&nbsp;sus leyes y, estatutos, a Israel.<br><sup>21<\/sup>&nbsp;No ha tratado as\u00ed a otras naciones, *<br>&nbsp;&nbsp;&nbsp;&nbsp;&nbsp;&nbsp;&nbsp;a quienes no les revel\u00f3 sus leyes.<br>&nbsp;&nbsp;&nbsp;&nbsp;&nbsp;&nbsp;&nbsp;\u00a1Aleluya!<\/p>\n\n\n\n<p><strong>El Nuevo Testamento:<\/strong>&nbsp;G\u00e1latas 3:23-25;4:4-7<\/p>\n\n\n\n<p><sup>23&nbsp;<\/sup>Antes de venir la fe, la ley nos ten\u00eda presos, esperando a que la fe fuera dada a conocer.&nbsp;<sup>24&nbsp;<\/sup>La ley era para nosotros como el esclavo que vigila a los ni\u00f1os, hasta que viniera Cristo, para que por la fe obtuvi\u00e9ramos la justicia.&nbsp;<sup>25&nbsp;<\/sup>Pero ahora que ha llegado la fe, ya no estamos a cargo de ese esclavo que era la ley.<\/p>\n\n\n\n<p><sup>4&nbsp;<\/sup>Pero cuando se cumpli\u00f3 el tiempo, Dios envi\u00f3 a su Hijo, que naci\u00f3 de una mujer, sometido a la ley de Mois\u00e9s,&nbsp;<sup>5&nbsp;<\/sup>para rescatarnos a los que est\u00e1bamos bajo esa ley y concedernos gozar de los derechos de hijos de Dios.&nbsp;<sup>6&nbsp;<\/sup>Y porque ya somos sus hijos, Dios mand\u00f3 el Esp\u00edritu de su Hijo a nuestros corazones; y el Esp\u00edritu clama: \u00ab\u00a1Abb\u00e1! \u00a1Padre!\u00bb&nbsp;<sup>7&nbsp;<\/sup>As\u00ed pues, t\u00fa ya no eres esclavo, sino hijo de Dios; y por ser hijo suyo, es voluntad de Dios que seas tambi\u00e9n su heredero.<\/p>\n\n\n\n<p><strong>El Evangelio:<\/strong>&nbsp;Juan 1:1-18<\/p>\n\n\n\n<p><sup>1<\/sup><strong>&nbsp;<\/strong>En el principio ya exist\u00eda la Palabra; y aquel que es la Palabra estaba con Dios y era Dios.&nbsp;<sup>2&nbsp;<\/sup>\u00c9l estaba en el principio con Dios.&nbsp;<sup>3&nbsp;<\/sup>Por medio de \u00e9l, Dios hizo todas las cosas; nada de lo que existe fue hecho sin \u00e9l.&nbsp;<sup>4&nbsp;<\/sup>En \u00e9l estaba la vida, y la vida era la luz de la humanidad.&nbsp;<sup>5&nbsp;<\/sup>Esta luz brilla en las tinieblas, y las tinieblas no han podido apagarla.<\/p>\n\n\n\n<p><sup>6&nbsp;<\/sup>Hubo un hombre llamado Juan, a quien Dios envi\u00f3&nbsp;<sup>7&nbsp;<\/sup>como testigo, para que diera testimonio de la luz y para que todos creyeran por lo que \u00e9l dec\u00eda.&nbsp;<sup>8&nbsp;<\/sup>Juan no era la luz, sino uno enviado a dar testimonio de la luz.&nbsp;<sup>9&nbsp;<\/sup>La luz verdadera que alumbra a toda la humanidad ven\u00eda a este mundo.<\/p>\n\n\n\n<p><sup>10&nbsp;<\/sup>Aquel que es la Palabra estaba en el mundo; y, aunque Dios hizo el mundo por medio de \u00e9l, los que son del mundo no lo reconocieron.&nbsp;<sup>11&nbsp;<\/sup>Vino a su propio mundo, pero los suyos no lo recibieron.&nbsp;<sup>12&nbsp;<\/sup>Pero a quienes lo recibieron y creyeron en \u00e9l, les concedi\u00f3 el privilegio de llegar a ser hijos de Dios.&nbsp;<sup>13&nbsp;<\/sup>Y son hijos de Dios, no por la naturaleza ni los deseos humanos, sino porque Dios los ha engendrado.<\/p>\n\n\n\n<p><sup>14&nbsp;<\/sup>Aquel que es la Palabra se hizo hombre y vivi\u00f3 entre nosotros. Y hemos visto su gloria, la gloria que recibi\u00f3 del Padre, por ser su Hijo \u00fanico, abundante en amor y verdad.&nbsp;<sup>15&nbsp;<\/sup>Juan dio testimonio de \u00e9l, diciendo: \u00ab\u00c9ste es aquel a quien yo me refer\u00eda cuando dije que el que viene despu\u00e9s de m\u00ed es m\u00e1s importante que yo, porque exist\u00eda antes que yo.\u00bb<\/p>\n\n\n\n<p><sup>16&nbsp;<\/sup>De su abundancia todos hemos recibido un don en vez de otro;&nbsp;<sup>17&nbsp;<\/sup>porque la ley fue dada por medio de Mois\u00e9s, pero el amor y la verdad se han hecho realidad por medio de Jesucristo.&nbsp;<sup>18&nbsp;<\/sup>Nadie ha visto jam\u00e1s a Dios; el Hijo \u00fanico, que es Dios y que vive en \u00edntima comuni\u00f3n con el Padre, es quien nos lo ha dado a conocer.<\/p>\n\n\n<style>.wp-block-kadence-spacer.kt-block-spacer-207615_f0cd63-ab .kt-block-spacer{height:30px;}.wp-block-kadence-spacer.kt-block-spacer-207615_f0cd63-ab .kt-divider{border-top-width:2px;border-top-color:#F1B434;width:100%;border-top-style:solid;}<\/style>\n<div class=\"wp-block-kadence-spacer aligncenter kt-block-spacer-207615_f0cd63-ab\"><div class=\"kt-block-spacer kt-block-spacer-halign-center\"><hr class=\"kt-divider\"\/><\/div><\/div>\n\n\n\n<h3 class=\"wp-block-heading\" id=\"h-lecturas-del-leccionario-imprimibles\"><strong>Lecturas del Leccionario imprimibles<\/strong><\/h3>\n\n\n\n<p>Descargue el PDF para usarlo como inserto en el bolet\u00edn, o descargue el documento de Word para formatearlo y editarlo f\u00e1cilmente para usarlo en el atril o en una carpeta de servicio religioso.<\/p>\n\n\n\n<div class=\"wp-block-columns is-layout-flex wp-container-core-columns-is-layout-9d6595d7 wp-block-columns-is-layout-flex\">\n<div class=\"wp-block-column is-layout-flow wp-block-column-is-layout-flow\">\n<div class=\"wp-block-file\"><a id=\"wp-block-file--media-3f0fce7a-802d-46e7-a9ae-f5e8c72e7763\" href=\"https:\/\/www.episcopalchurch.org\/wp-content\/uploads\/2012\/09\/Navidad-1.pdf\">Navidad 1 &#8211; PDF<\/a><a href=\"https:\/\/www.episcopalchurch.org\/wp-content\/uploads\/2012\/09\/Navidad-1.pdf\" class=\"wp-block-file__button wp-element-button\" download aria-describedby=\"wp-block-file--media-3f0fce7a-802d-46e7-a9ae-f5e8c72e7763\">Descargar<\/a><\/div>\n<\/div>\n\n\n\n<div class=\"wp-block-column is-layout-flow wp-block-column-is-layout-flow\">\n<div class=\"wp-block-file\"><a id=\"wp-block-file--media-cf302e3a-36ff-42f6-b1a5-ceffc3716661\" href=\"https:\/\/www.episcopalchurch.org\/wp-content\/uploads\/2012\/09\/Navidad-1.docx\">Navidad 1 &#8211; Word doc<\/a><a href=\"https:\/\/www.episcopalchurch.org\/wp-content\/uploads\/2012\/09\/Navidad-1.docx\" class=\"wp-block-file__button wp-element-button\" download aria-describedby=\"wp-block-file--media-cf302e3a-36ff-42f6-b1a5-ceffc3716661\">Descargar<\/a><\/div>\n<\/div>\n<\/div>\n\n\n<style>.wp-block-kadence-spacer.kt-block-spacer-207615_e57b8c-7b .kt-block-spacer{height:30px;}.wp-block-kadence-spacer.kt-block-spacer-207615_e57b8c-7b .kt-divider{border-top-width:2px;border-top-color:#F1B434;width:100%;border-top-style:solid;}<\/style>\n<div class=\"wp-block-kadence-spacer aligncenter kt-block-spacer-207615_e57b8c-7b\"><div class=\"kt-block-spacer kt-block-spacer-halign-center\"><hr class=\"kt-divider\"\/><\/div><\/div>\n\n\n\n<h3 class=\"wp-block-heading\" id=\"h-redes-sociales\"><strong>Redes sociales<\/strong><\/h3>\n\n\n\n<div class=\"wp-block-columns is-layout-flex wp-container-core-columns-is-layout-9d6595d7 wp-block-columns-is-layout-flex\">\n<div class=\"wp-block-column is-layout-flow wp-block-column-is-layout-flow\">\n<figure class=\"wp-block-image size-large\"><img loading=\"lazy\" decoding=\"async\" width=\"819\" height=\"1024\" src=\"https:\/\/www.episcopalchurch.org\/wp-content\/uploads\/2012\/09\/04-Navidad1-2-819x1024.png\" alt=\"\" class=\"wp-image-339182\" srcset=\"https:\/\/www.episcopalchurch.org\/wp-content\/uploads\/2012\/09\/04-Navidad1-2-819x1024.png 819w, https:\/\/www.episcopalchurch.org\/wp-content\/uploads\/2012\/09\/04-Navidad1-2-240x300.png 240w, https:\/\/www.episcopalchurch.org\/wp-content\/uploads\/2012\/09\/04-Navidad1-2-768x960.png 768w, https:\/\/www.episcopalchurch.org\/wp-content\/uploads\/2012\/09\/04-Navidad1-2-480x600.png 480w, https:\/\/www.episcopalchurch.org\/wp-content\/uploads\/2012\/09\/04-Navidad1-2.png 1080w\" sizes=\"auto, (max-width: 819px) 100vw, 819px\" \/><\/figure>\n<\/div>\n\n\n\n<div class=\"wp-block-column is-layout-flow wp-block-column-is-layout-flow\">\n<h4 class=\"wp-block-heading\" id=\"h-texto-de-muestra\"><strong>Texto de muestra<\/strong><\/h4>\n\n\n\n<p>En este primer domingo despu\u00e9s de Navidad, damos gracias a Dios, que ha derramado sobre nosotros la nueva luz del Palabra encarnado. El Palabra hecho carne sigue morando entre nosotros, brillando en la oscuridad con gracia y verdad. Que esta luz, encendida en nuestros corazones, brille en nuestras vidas para la gloria de Dios.<\/p>\n\n\n\n<p><em>Las colectas para la temporada navide\u00f1a fueron dise\u00f1adas por <\/em><strong><em>Jason Franklin,<\/em><\/strong><em> dise\u00f1ador y director de comunicaciones que ayuda a las iglesias y organizaciones episcopales a compartir sus historias a trav\u00e9s de un dise\u00f1o y una imagen de marca cuidadosamente pensados. Su trabajo se puede encontrar en <\/em><a href=\"https:\/\/franklinian.com\/\"><em>franklinian.com<\/em><\/a><em>.<\/em><\/p>\n<\/div>\n<\/div>\n\n\n<style>.wp-block-kadence-spacer.kt-block-spacer-207615_8284f2-f1 .kt-block-spacer{height:30px;}.wp-block-kadence-spacer.kt-block-spacer-207615_8284f2-f1 .kt-divider{border-top-width:2px;border-top-color:#F1B434;width:100%;border-top-style:solid;}<\/style>\n<div class=\"wp-block-kadence-spacer aligncenter kt-block-spacer-207615_8284f2-f1\"><div class=\"kt-block-spacer kt-block-spacer-halign-center\"><hr class=\"kt-divider\"\/><\/div><\/div>\n\n\n\n<h3 class=\"wp-block-heading\" id=\"h-sermones-para-navidad-1\"><strong>Sermones para Navidad 1<\/strong><\/h3>\n\n\n\n\t\t\t<div class=\"wp-block-uagb-post-carousel uagb-post-grid  uagb-post__image-position-top uagb-post__image-disabled uagb-block-8dd4aa0f     uagb-post__arrow-outside uagb-slick-carousel uagb-post__items uagb-post__columns-3 is-carousel uagb-post__columns-tablet-2 uagb-post__columns-mobile-1 uagb-post__carousel_equal-height\" data-total=\"3\" style=\"\">\n\n\t\t\t\t\t\t\t\t\t\t\t\t<article class=\"uagb-post__inner-wrap\">\t\t\t\t\t\t\t\t<h4 class=\"uagb-post__title uagb-post__text\">\n\t\t\t\t<a href=\"https:\/\/www.episcopalchurch.org\/es\/sermon\/navidad-1-28-de-diciembre-de-2025\/\" target=\"_self\" rel=\"bookmark noopener noreferrer\">Navidad 1 \u2013 28 de diciembre de 2025<\/a>\n\t\t\t<\/h4>\n\t\t\t\t\t\t<div class='uagb-post__text uagb-post-grid-byline'>\n\t\t\t\t\t\t\t<\/div>\n\t\t\t\t\t\t<div class=\"uagb-post__text uagb-post__cta wp-block-button\">\n\t\t\t\t<a class=\"wp-block-button__link uagb-text-link\" style=\"\" href=\"https:\/\/www.episcopalchurch.org\/es\/sermon\/navidad-1-28-de-diciembre-de-2025\/\" target=\"_self\" rel=\"bookmark noopener noreferrer\">Leer m\u00e1s<\/a>\n\t\t\t<\/div>\n\t\t\t\n\t\t\t\t\t\t\t\t\t<\/article>\n\t\t\t\t\t\t\t\t\t\t\t\t\t\t\t\t<article class=\"uagb-post__inner-wrap\">\t\t\t\t\t\t\t\t<h4 class=\"uagb-post__title uagb-post__text\">\n\t\t\t\t<a href=\"https:\/\/www.episcopalchurch.org\/es\/sermon\/1-navidad-29-de-diciembre-de-2024\/\" target=\"_self\" rel=\"bookmark noopener noreferrer\">1 Navidad \u2013 2024<\/a>\n\t\t\t<\/h4>\n\t\t\t\t\t\t<div class='uagb-post__text uagb-post-grid-byline'>\n\t\t\t\t\t\t\t<\/div>\n\t\t\t\t\t\t<div class=\"uagb-post__text uagb-post__cta wp-block-button\">\n\t\t\t\t<a class=\"wp-block-button__link uagb-text-link\" style=\"\" href=\"https:\/\/www.episcopalchurch.org\/es\/sermon\/1-navidad-29-de-diciembre-de-2024\/\" target=\"_self\" rel=\"bookmark noopener noreferrer\">Leer m\u00e1s<\/a>\n\t\t\t<\/div>\n\t\t\t\n\t\t\t\t\t\t\t\t\t<\/article>\n\t\t\t\t\t\t\t\t\t\t\t\t\t\t\t\t<article class=\"uagb-post__inner-wrap\">\t\t\t\t\t\t\t\t<h4 class=\"uagb-post__title uagb-post__text\">\n\t\t\t\t<a href=\"https:\/\/www.episcopalchurch.org\/es\/sermon\/navidad-1-31-de-diciembre-de-2023\/\" target=\"_self\" rel=\"bookmark noopener noreferrer\">Navidad 1 \u2013 2023<\/a>\n\t\t\t<\/h4>\n\t\t\t\t\t\t<div class='uagb-post__text uagb-post-grid-byline'>\n\t\t\t\t\t\t\t<\/div>\n\t\t\t\t\t\t<div class=\"uagb-post__text uagb-post__cta wp-block-button\">\n\t\t\t\t<a class=\"wp-block-button__link uagb-text-link\" style=\"\" href=\"https:\/\/www.episcopalchurch.org\/es\/sermon\/navidad-1-31-de-diciembre-de-2023\/\" target=\"_self\" rel=\"bookmark noopener noreferrer\">Leer m\u00e1s<\/a>\n\t\t\t<\/div>\n\t\t\t\n\t\t\t\t\t\t\t\t\t<\/article>\n\t\t\t\t\t\t\t\t\t\t\t\t\t\t\t\t<article class=\"uagb-post__inner-wrap\">\t\t\t\t\t\t\t\t<h4 class=\"uagb-post__title uagb-post__text\">\n\t\t\t\t<a href=\"https:\/\/www.episcopalchurch.org\/es\/sermon\/navidad-1-26-de-diciembre-de-2021\/\" target=\"_self\" rel=\"bookmark noopener noreferrer\">Navidad 1 \u2013 2021<\/a>\n\t\t\t<\/h4>\n\t\t\t\t\t\t<div class='uagb-post__text uagb-post-grid-byline'>\n\t\t\t\t\t\t\t<\/div>\n\t\t\t\t\t\t<div class=\"uagb-post__text uagb-post__cta wp-block-button\">\n\t\t\t\t<a class=\"wp-block-button__link uagb-text-link\" style=\"\" href=\"https:\/\/www.episcopalchurch.org\/es\/sermon\/navidad-1-26-de-diciembre-de-2021\/\" target=\"_self\" rel=\"bookmark noopener noreferrer\">Leer m\u00e1s<\/a>\n\t\t\t<\/div>\n\t\t\t\n\t\t\t\t\t\t\t\t\t<\/article>\n\t\t\t\t\t\t\t\t\t\t\t\t\t\t\t\t<article class=\"uagb-post__inner-wrap\">\t\t\t\t\t\t\t\t<h4 class=\"uagb-post__title uagb-post__text\">\n\t\t\t\t<a href=\"https:\/\/www.episcopalchurch.org\/es\/sermon\/1-navidad-27-de-diciembre-de-2020\/\" target=\"_self\" rel=\"bookmark noopener noreferrer\">1 Navidad &#8211; 2020<\/a>\n\t\t\t<\/h4>\n\t\t\t\t\t\t<div class='uagb-post__text uagb-post-grid-byline'>\n\t\t\t\t\t\t\t<\/div>\n\t\t\t\t\t\t<div class=\"uagb-post__text uagb-post__cta wp-block-button\">\n\t\t\t\t<a class=\"wp-block-button__link uagb-text-link\" style=\"\" href=\"https:\/\/www.episcopalchurch.org\/es\/sermon\/1-navidad-27-de-diciembre-de-2020\/\" target=\"_self\" rel=\"bookmark noopener noreferrer\">Leer m\u00e1s<\/a>\n\t\t\t<\/div>\n\t\t\t\n\t\t\t\t\t\t\t\t\t<\/article>\n\t\t\t\t\t\t\t\t\t\t\t\t\t\t\t\t<article class=\"uagb-post__inner-wrap\">\t\t\t\t\t\t\t\t<h4 class=\"uagb-post__title uagb-post__text\">\n\t\t\t\t<a href=\"https:\/\/www.episcopalchurch.org\/es\/sermon\/navidad-1-2019\/\" target=\"_self\" rel=\"bookmark noopener noreferrer\">Navidad 1 &#8211; 2019<\/a>\n\t\t\t<\/h4>\n\t\t\t\t\t\t<div class='uagb-post__text uagb-post-grid-byline'>\n\t\t\t\t\t\t\t<\/div>\n\t\t\t\t\t\t<div class=\"uagb-post__text uagb-post__cta wp-block-button\">\n\t\t\t\t<a class=\"wp-block-button__link uagb-text-link\" style=\"\" href=\"https:\/\/www.episcopalchurch.org\/es\/sermon\/navidad-1-2019\/\" target=\"_self\" rel=\"bookmark noopener noreferrer\">Leer m\u00e1s<\/a>\n\t\t\t<\/div>\n\t\t\t\n\t\t\t\t\t\t\t\t\t<\/article>\n\t\t\t\t\t\t\t\t\t\t\t<\/div>\n\t\t\t\n\n<style>.wp-block-kadence-spacer.kt-block-spacer-207615_5d21aa-df .kt-block-spacer{height:30px;}.wp-block-kadence-spacer.kt-block-spacer-207615_5d21aa-df .kt-divider{border-top-width:2px;border-top-color:#F1B434;width:100%;border-top-style:solid;}<\/style>\n<div class=\"wp-block-kadence-spacer aligncenter kt-block-spacer-207615_5d21aa-df\"><div class=\"kt-block-spacer kt-block-spacer-halign-center\"><hr class=\"kt-divider\"\/><\/div><\/div>\n\n\n\n<h3 class=\"wp-block-heading\" id=\"h-estudios-biblicos-para-1-navidad\"><strong>Estudios b\u00edblicos para 1 Navidad<\/strong><\/h3>\n\n\n\n\t\t\t<div class=\"wp-block-uagb-post-carousel uagb-post-grid  uagb-post__image-position-top uagb-post__image-disabled uagb-block-dfb9d606     uagb-post__arrow-outside uagb-slick-carousel uagb-post__items uagb-post__columns-3 is-carousel uagb-post__columns-tablet-2 uagb-post__columns-mobile-1 uagb-post__carousel_equal-height\" data-total=\"2\" style=\"\">\n\n\t\t\t\t\t\t\t\t\t\t\t\t<article class=\"uagb-post__inner-wrap\">\t\t\t\t\t\t\t\t<h4 class=\"uagb-post__title uagb-post__text\">\n\t\t\t\t<a href=\"https:\/\/www.episcopalchurch.org\/es\/bible_study\/bible-study-christmas-1-december-28-2025\/\" target=\"_self\" rel=\"bookmark noopener noreferrer\">Estudio B\u00edblico: Navidad 1 \u2013 28 de diciembre de 2025<\/a>\n\t\t\t<\/h4>\n\t\t\t\t\t\t<div class='uagb-post__text uagb-post-grid-byline'>\n\t\t\t\t\t\t\t<\/div>\n\t\t\t\t\t\t<div class=\"uagb-post__text uagb-post__cta wp-block-button\">\n\t\t\t\t<a class=\"wp-block-button__link uagb-text-link\" style=\"\" href=\"https:\/\/www.episcopalchurch.org\/es\/bible_study\/bible-study-christmas-1-december-28-2025\/\" target=\"_self\" rel=\"bookmark noopener noreferrer\">Leer m\u00e1s<\/a>\n\t\t\t<\/div>\n\t\t\t\n\t\t\t\t\t\t\t\t\t<\/article>\n\t\t\t\t\t\t\t\t\t\t\t\t\t\t\t\t<article class=\"uagb-post__inner-wrap\">\t\t\t\t\t\t\t\t<h4 class=\"uagb-post__title uagb-post__text\">\n\t\t\t\t<a href=\"https:\/\/www.episcopalchurch.org\/es\/bible_study\/estudio-biblico-1-navidad-29-de-diciembre-de-2024\/\" target=\"_self\" rel=\"bookmark noopener noreferrer\">Estudio B\u00edblico: 1 Navidad \u2013 2024<\/a>\n\t\t\t<\/h4>\n\t\t\t\t\t\t<div class='uagb-post__text uagb-post-grid-byline'>\n\t\t\t\t\t\t\t<\/div>\n\t\t\t\t\t\t<div class=\"uagb-post__text uagb-post__cta wp-block-button\">\n\t\t\t\t<a class=\"wp-block-button__link uagb-text-link\" style=\"\" href=\"https:\/\/www.episcopalchurch.org\/es\/bible_study\/estudio-biblico-1-navidad-29-de-diciembre-de-2024\/\" target=\"_self\" rel=\"bookmark noopener noreferrer\">Leer m\u00e1s<\/a>\n\t\t\t<\/div>\n\t\t\t\n\t\t\t\t\t\t\t\t\t<\/article>\n\t\t\t\t\t\t\t\t\t\t\t\t\t\t\t\t<article class=\"uagb-post__inner-wrap\">\t\t\t\t\t\t\t\t<h4 class=\"uagb-post__title uagb-post__text\">\n\t\t\t\t<a href=\"https:\/\/www.episcopalchurch.org\/es\/bible_study\/estudio-biblico-navidad-1-31-de-diciembre-de-2023\/\" target=\"_self\" rel=\"bookmark noopener noreferrer\">Estudio B\u00edblico: Navidad 1 \u2013 2023<\/a>\n\t\t\t<\/h4>\n\t\t\t\t\t\t<div class='uagb-post__text uagb-post-grid-byline'>\n\t\t\t\t\t\t\t<\/div>\n\t\t\t\t\t\t<div class=\"uagb-post__text uagb-post__cta wp-block-button\">\n\t\t\t\t<a class=\"wp-block-button__link uagb-text-link\" style=\"\" href=\"https:\/\/www.episcopalchurch.org\/es\/bible_study\/estudio-biblico-navidad-1-31-de-diciembre-de-2023\/\" target=\"_self\" rel=\"bookmark noopener noreferrer\">Leer m\u00e1s<\/a>\n\t\t\t<\/div>\n\t\t\t\n\t\t\t\t\t\t\t\t\t<\/article>\n\t\t\t\t\t\t\t\t\t\t\t\t\t\t\t\t<article class=\"uagb-post__inner-wrap\">\t\t\t\t\t\t\t\t<h4 class=\"uagb-post__title uagb-post__text\">\n\t\t\t\t<a href=\"https:\/\/www.episcopalchurch.org\/es\/bible_study\/estudio-biblico-1-navidad-26-de-diciembre-de-2021\/\" target=\"_self\" rel=\"bookmark noopener noreferrer\">Estudio B\u00edblico: 1 Navidad \u2013 2021<\/a>\n\t\t\t<\/h4>\n\t\t\t\t\t\t<div class='uagb-post__text uagb-post-grid-byline'>\n\t\t\t\t\t\t\t<\/div>\n\t\t\t\t\t\t<div class=\"uagb-post__text uagb-post__cta wp-block-button\">\n\t\t\t\t<a class=\"wp-block-button__link uagb-text-link\" style=\"\" href=\"https:\/\/www.episcopalchurch.org\/es\/bible_study\/estudio-biblico-1-navidad-26-de-diciembre-de-2021\/\" target=\"_self\" rel=\"bookmark noopener noreferrer\">Leer m\u00e1s<\/a>\n\t\t\t<\/div>\n\t\t\t\n\t\t\t\t\t\t\t\t\t<\/article>\n\t\t\t\t\t\t\t\t\t\t\t\t\t\t\t\t<article class=\"uagb-post__inner-wrap\">\t\t\t\t\t\t\t\t<h4 class=\"uagb-post__title uagb-post__text\">\n\t\t\t\t<a href=\"https:\/\/www.episcopalchurch.org\/es\/bible_study\/estudio-biblico-navidad-1-29-de-diciembre-de-2019\/\" target=\"_self\" rel=\"bookmark noopener noreferrer\">Estudio B\u00edblico: Navidad 1 &#8211; 2019<\/a>\n\t\t\t<\/h4>\n\t\t\t\t\t\t<div class='uagb-post__text uagb-post-grid-byline'>\n\t\t\t\t\t\t\t<\/div>\n\t\t\t\t\t\t<div class=\"uagb-post__text uagb-post__cta wp-block-button\">\n\t\t\t\t<a class=\"wp-block-button__link uagb-text-link\" style=\"\" href=\"https:\/\/www.episcopalchurch.org\/es\/bible_study\/estudio-biblico-navidad-1-29-de-diciembre-de-2019\/\" target=\"_self\" rel=\"bookmark noopener noreferrer\">Leer m\u00e1s<\/a>\n\t\t\t<\/div>\n\t\t\t\n\t\t\t\t\t\t\t\t\t<\/article>\n\t\t\t\t\t\t\t\t\t\t\t\t\t\t\t\t<article class=\"uagb-post__inner-wrap\">\t\t\t\t\t\t\t\t<h4 class=\"uagb-post__title uagb-post__text\">\n\t\t\t\t<a href=\"https:\/\/www.episcopalchurch.org\/es\/bible_study\/estudio-biblico-navidad-1-2018\/\" target=\"_self\" rel=\"bookmark noopener noreferrer\">Estudio B\u00edblico: Navidad 1 &#8211; 2018<\/a>\n\t\t\t<\/h4>\n\t\t\t\t\t\t<div class='uagb-post__text uagb-post-grid-byline'>\n\t\t\t\t\t\t\t<\/div>\n\t\t\t\t\t\t<div class=\"uagb-post__text uagb-post__cta wp-block-button\">\n\t\t\t\t<a class=\"wp-block-button__link uagb-text-link\" style=\"\" href=\"https:\/\/www.episcopalchurch.org\/es\/bible_study\/estudio-biblico-navidad-1-2018\/\" target=\"_self\" rel=\"bookmark noopener noreferrer\">Leer m\u00e1s<\/a>\n\t\t\t<\/div>\n\t\t\t\n\t\t\t\t\t\t\t\t\t<\/article>\n\t\t\t\t\t\t\t\t\t\t\t<\/div>\n\t\t\t\n\n<style>.wp-block-kadence-spacer.kt-block-spacer-207615_1f0e06-4b .kt-block-spacer{height:30px;}.wp-block-kadence-spacer.kt-block-spacer-207615_1f0e06-4b .kt-divider{border-top-width:2px;border-top-color:#F1B434;width:100%;border-top-style:solid;}<\/style>\n<div class=\"wp-block-kadence-spacer aligncenter kt-block-spacer-207615_1f0e06-4b\"><div class=\"kt-block-spacer kt-block-spacer-halign-center\"><hr class=\"kt-divider\"\/><\/div><\/div>\n","protected":false},"featured_media":203188,"template":"","meta":{"_acf_changed":false,"_uag_custom_page_level_css":"","_kad_blocks_custom_css":"","_kad_blocks_head_custom_js":"","_kad_blocks_body_custom_js":"","_kad_blocks_footer_custom_js":"","_kadence_starter_templates_imported_post":false,"_links_to":"","_links_to_target":""},"class_list":["post-207615","lectionary","type-lectionary","status-publish","has-post-thumbnail","hentry"],"acf":{"lectionary_cycle":["A"],"lectionary_type":"revised-common-lectionary","lectionary_date":"2019-12-29","lectionary_date_month":"12","lectionary_date_day":"28","drupal_id":"129228","lectionary_language":"en","lectionary_other_translation":false},"yoast_head":"<!-- This site is optimized with the Yoast SEO Premium plugin v24.6 (Yoast SEO v26.3) - https:\/\/yoast.com\/wordpress\/plugins\/seo\/ -->\n<title>Primer Domingo despu\u00e9s de Navidad &#8211; The Episcopal Church<\/title>\n<meta name=\"robots\" content=\"index, follow, max-snippet:-1, max-image-preview:large, max-video-preview:-1\" \/>\n<link rel=\"canonical\" href=\"https:\/\/www.episcopalchurch.org\/es\/lectionary\/navidad-1-a\/\" \/>\n<meta property=\"og:locale\" content=\"es_ES\" \/>\n<meta property=\"og:type\" content=\"article\" \/>\n<meta property=\"og:title\" content=\"Primer Domingo despu\u00e9s de Navidad\" \/>\n<meta property=\"og:description\" content=\"La Colecta: Dios poderoso que has derramado sobre nosotros la nueva Luz de tu Palabra hecha carne: haz que esta Luz siga ardiendo en nuestros corazones y resplandezca siempre en nuestras vidas; por Jesucristo nuestro Se\u00f1or, que contigo vive y reina en la unidad del Esp\u00edritu Santo, un solo Dios ahora y siempre. Am\u00e9n. El [&hellip;]\" \/>\n<meta property=\"og:url\" content=\"https:\/\/www.episcopalchurch.org\/es\/lectionary\/navidad-1-a\/\" \/>\n<meta property=\"og:site_name\" content=\"The Episcopal Church\" \/>\n<meta property=\"article:publisher\" content=\"https:\/\/www.facebook.com\/episcopalian\" \/>\n<meta property=\"article:modified_time\" content=\"2025-10-31T20:20:39+00:00\" \/>\n<meta property=\"og:image\" content=\"https:\/\/www.episcopalchurch.org\/wp-content\/uploads\/2020\/12\/annie-spratt-advent.jpg\" \/>\n\t<meta property=\"og:image:width\" content=\"1000\" \/>\n\t<meta property=\"og:image:height\" content=\"668\" \/>\n\t<meta property=\"og:image:type\" content=\"image\/jpeg\" \/>\n<meta name=\"twitter:card\" content=\"summary_large_image\" \/>\n<meta name=\"twitter:site\" content=\"@iamepiscopalian\" \/>\n<meta name=\"twitter:label1\" content=\"Est. reading time\" \/>\n\t<meta name=\"twitter:data1\" content=\"6 minutes\" \/>\n<script type=\"application\/ld+json\" class=\"yoast-schema-graph\">{\"@context\":\"https:\/\/schema.org\",\"@graph\":[{\"@type\":\"WebPage\",\"@id\":\"https:\/\/www.episcopalchurch.org\/es\/lectionary\/navidad-1-a\/\",\"url\":\"https:\/\/www.episcopalchurch.org\/es\/lectionary\/navidad-1-a\/\",\"name\":\"Primer Domingo despu\u00e9s de Navidad &#8211; The Episcopal Church\",\"isPartOf\":{\"@id\":\"https:\/\/www.episcopalchurch.org\/#website\"},\"primaryImageOfPage\":{\"@id\":\"https:\/\/www.episcopalchurch.org\/es\/lectionary\/navidad-1-a\/#primaryimage\"},\"image\":{\"@id\":\"https:\/\/www.episcopalchurch.org\/es\/lectionary\/navidad-1-a\/#primaryimage\"},\"thumbnailUrl\":\"https:\/\/www.episcopalchurch.org\/wp-content\/uploads\/2020\/12\/annie-spratt-advent.jpg\",\"datePublished\":\"2012-09-12T19:27:58+00:00\",\"dateModified\":\"2025-10-31T20:20:39+00:00\",\"breadcrumb\":{\"@id\":\"https:\/\/www.episcopalchurch.org\/es\/lectionary\/navidad-1-a\/#breadcrumb\"},\"inLanguage\":\"es-ES\",\"potentialAction\":[{\"@type\":\"ReadAction\",\"target\":[\"https:\/\/www.episcopalchurch.org\/es\/lectionary\/navidad-1-a\/\"]}]},{\"@type\":\"ImageObject\",\"inLanguage\":\"es-ES\",\"@id\":\"https:\/\/www.episcopalchurch.org\/es\/lectionary\/navidad-1-a\/#primaryimage\",\"url\":\"https:\/\/www.episcopalchurch.org\/wp-content\/uploads\/2020\/12\/annie-spratt-advent.jpg\",\"contentUrl\":\"https:\/\/www.episcopalchurch.org\/wp-content\/uploads\/2020\/12\/annie-spratt-advent.jpg\",\"width\":1000,\"height\":668},{\"@type\":\"BreadcrumbList\",\"@id\":\"https:\/\/www.episcopalchurch.org\/es\/lectionary\/navidad-1-a\/#breadcrumb\",\"itemListElement\":[{\"@type\":\"ListItem\",\"position\":1,\"name\":\"Home\",\"item\":\"https:\/\/www.episcopalchurch.org\/\"},{\"@type\":\"ListItem\",\"position\":2,\"name\":\"Primer Domingo despu\u00e9s de Navidad\"}]},{\"@type\":\"WebSite\",\"@id\":\"https:\/\/www.episcopalchurch.org\/#website\",\"url\":\"https:\/\/www.episcopalchurch.org\/\",\"name\":\"The Episcopal Church\",\"description\":\"Welcomes You\",\"publisher\":{\"@id\":\"https:\/\/www.episcopalchurch.org\/#organization\"},\"potentialAction\":[{\"@type\":\"SearchAction\",\"target\":{\"@type\":\"EntryPoint\",\"urlTemplate\":\"https:\/\/www.episcopalchurch.org\/?s={search_term_string}\"},\"query-input\":{\"@type\":\"PropertyValueSpecification\",\"valueRequired\":true,\"valueName\":\"search_term_string\"}}],\"inLanguage\":\"es-ES\"},{\"@type\":\"Organization\",\"@id\":\"https:\/\/www.episcopalchurch.org\/#organization\",\"name\":\"The Episcopal Church\",\"url\":\"https:\/\/www.episcopalchurch.org\/\",\"logo\":{\"@type\":\"ImageObject\",\"inLanguage\":\"es-ES\",\"@id\":\"https:\/\/www.episcopalchurch.org\/#\/schema\/logo\/image\/\",\"url\":\"https:\/\/www.episcopalchurch.org\/wp-content\/uploads\/2021\/01\/vertical_episcopal_logo.jpg\",\"contentUrl\":\"https:\/\/www.episcopalchurch.org\/wp-content\/uploads\/2021\/01\/vertical_episcopal_logo.jpg\",\"width\":770,\"height\":662,\"caption\":\"The Episcopal Church\"},\"image\":{\"@id\":\"https:\/\/www.episcopalchurch.org\/#\/schema\/logo\/image\/\"},\"sameAs\":[\"https:\/\/www.facebook.com\/episcopalian\",\"https:\/\/x.com\/iamepiscopalian\",\"https:\/\/www.youtube.com\/channel\/UCdVJpxCtK41c_-p6EaE4_2A\"]}]}<\/script>\n<!-- \/ Yoast SEO Premium plugin. -->","yoast_head_json":{"title":"Primer Domingo despu\u00e9s de Navidad &#8211; The Episcopal Church","robots":{"index":"index","follow":"follow","max-snippet":"max-snippet:-1","max-image-preview":"max-image-preview:large","max-video-preview":"max-video-preview:-1"},"canonical":"https:\/\/www.episcopalchurch.org\/es\/lectionary\/navidad-1-a\/","og_locale":"es_ES","og_type":"article","og_title":"Primer Domingo despu\u00e9s de Navidad","og_description":"La Colecta: Dios poderoso que has derramado sobre nosotros la nueva Luz de tu Palabra hecha carne: haz que esta Luz siga ardiendo en nuestros corazones y resplandezca siempre en nuestras vidas; por Jesucristo nuestro Se\u00f1or, que contigo vive y reina en la unidad del Esp\u00edritu Santo, un solo Dios ahora y siempre. Am\u00e9n. El [&hellip;]","og_url":"https:\/\/www.episcopalchurch.org\/es\/lectionary\/navidad-1-a\/","og_site_name":"The Episcopal Church","article_publisher":"https:\/\/www.facebook.com\/episcopalian","article_modified_time":"2025-10-31T20:20:39+00:00","og_image":[{"width":1000,"height":668,"url":"https:\/\/www.episcopalchurch.org\/wp-content\/uploads\/2020\/12\/annie-spratt-advent.jpg","type":"image\/jpeg"}],"twitter_card":"summary_large_image","twitter_site":"@iamepiscopalian","twitter_misc":{"Est. reading time":"6 minutes"},"schema":{"@context":"https:\/\/schema.org","@graph":[{"@type":"WebPage","@id":"https:\/\/www.episcopalchurch.org\/es\/lectionary\/navidad-1-a\/","url":"https:\/\/www.episcopalchurch.org\/es\/lectionary\/navidad-1-a\/","name":"Primer Domingo despu\u00e9s de Navidad &#8211; The Episcopal Church","isPartOf":{"@id":"https:\/\/www.episcopalchurch.org\/#website"},"primaryImageOfPage":{"@id":"https:\/\/www.episcopalchurch.org\/es\/lectionary\/navidad-1-a\/#primaryimage"},"image":{"@id":"https:\/\/www.episcopalchurch.org\/es\/lectionary\/navidad-1-a\/#primaryimage"},"thumbnailUrl":"https:\/\/www.episcopalchurch.org\/wp-content\/uploads\/2020\/12\/annie-spratt-advent.jpg","datePublished":"2012-09-12T19:27:58+00:00","dateModified":"2025-10-31T20:20:39+00:00","breadcrumb":{"@id":"https:\/\/www.episcopalchurch.org\/es\/lectionary\/navidad-1-a\/#breadcrumb"},"inLanguage":"es-ES","potentialAction":[{"@type":"ReadAction","target":["https:\/\/www.episcopalchurch.org\/es\/lectionary\/navidad-1-a\/"]}]},{"@type":"ImageObject","inLanguage":"es-ES","@id":"https:\/\/www.episcopalchurch.org\/es\/lectionary\/navidad-1-a\/#primaryimage","url":"https:\/\/www.episcopalchurch.org\/wp-content\/uploads\/2020\/12\/annie-spratt-advent.jpg","contentUrl":"https:\/\/www.episcopalchurch.org\/wp-content\/uploads\/2020\/12\/annie-spratt-advent.jpg","width":1000,"height":668},{"@type":"BreadcrumbList","@id":"https:\/\/www.episcopalchurch.org\/es\/lectionary\/navidad-1-a\/#breadcrumb","itemListElement":[{"@type":"ListItem","position":1,"name":"Home","item":"https:\/\/www.episcopalchurch.org\/"},{"@type":"ListItem","position":2,"name":"Primer Domingo despu\u00e9s de Navidad"}]},{"@type":"WebSite","@id":"https:\/\/www.episcopalchurch.org\/#website","url":"https:\/\/www.episcopalchurch.org\/","name":"The Episcopal Church","description":"Welcomes You","publisher":{"@id":"https:\/\/www.episcopalchurch.org\/#organization"},"potentialAction":[{"@type":"SearchAction","target":{"@type":"EntryPoint","urlTemplate":"https:\/\/www.episcopalchurch.org\/?s={search_term_string}"},"query-input":{"@type":"PropertyValueSpecification","valueRequired":true,"valueName":"search_term_string"}}],"inLanguage":"es-ES"},{"@type":"Organization","@id":"https:\/\/www.episcopalchurch.org\/#organization","name":"The Episcopal Church","url":"https:\/\/www.episcopalchurch.org\/","logo":{"@type":"ImageObject","inLanguage":"es-ES","@id":"https:\/\/www.episcopalchurch.org\/#\/schema\/logo\/image\/","url":"https:\/\/www.episcopalchurch.org\/wp-content\/uploads\/2021\/01\/vertical_episcopal_logo.jpg","contentUrl":"https:\/\/www.episcopalchurch.org\/wp-content\/uploads\/2021\/01\/vertical_episcopal_logo.jpg","width":770,"height":662,"caption":"The Episcopal Church"},"image":{"@id":"https:\/\/www.episcopalchurch.org\/#\/schema\/logo\/image\/"},"sameAs":["https:\/\/www.facebook.com\/episcopalian","https:\/\/x.com\/iamepiscopalian","https:\/\/www.youtube.com\/channel\/UCdVJpxCtK41c_-p6EaE4_2A"]}]}},"taxonomy_info":[],"featured_image_src_large":["https:\/\/www.episcopalchurch.org\/wp-content\/uploads\/2020\/12\/annie-spratt-advent.jpg",1000,668,false],"author_info":[],"comment_info":"","uagb_featured_image_src":{"full":["https:\/\/www.episcopalchurch.org\/wp-content\/uploads\/2020\/12\/annie-spratt-advent.jpg",1000,668,false],"thumbnail":["https:\/\/www.episcopalchurch.org\/wp-content\/uploads\/2020\/12\/annie-spratt-advent-150x150.jpg",150,150,true],"medium":["https:\/\/www.episcopalchurch.org\/wp-content\/uploads\/2020\/12\/annie-spratt-advent-300x200.jpg",300,200,true],"medium_large":["https:\/\/www.episcopalchurch.org\/wp-content\/uploads\/2020\/12\/annie-spratt-advent-768x513.jpg",768,513,true],"large":["https:\/\/www.episcopalchurch.org\/wp-content\/uploads\/2020\/12\/annie-spratt-advent.jpg",1000,668,false],"1536x1536":["https:\/\/www.episcopalchurch.org\/wp-content\/uploads\/2020\/12\/annie-spratt-advent.jpg",1000,668,false],"2048x2048":["https:\/\/www.episcopalchurch.org\/wp-content\/uploads\/2020\/12\/annie-spratt-advent.jpg",1000,668,false],"menu":["https:\/\/www.episcopalchurch.org\/wp-content\/uploads\/2020\/12\/annie-spratt-advent-330x200.jpg",330,200,true],"hero":["https:\/\/www.episcopalchurch.org\/wp-content\/uploads\/2020\/12\/annie-spratt-advent-1000x550.jpg",1000,550,true],"callout-image":["https:\/\/www.episcopalchurch.org\/wp-content\/uploads\/2020\/12\/annie-spratt-advent-480x321.jpg",480,321,true]},"uagb_author_info":{"display_name":"wwedderburn","author_link":"https:\/\/www.episcopalchurch.org\/es\/author\/"},"uagb_comment_info":0,"uagb_excerpt":"La Colecta: Dios poderoso que has derramado sobre nosotros la nueva Luz de tu Palabra hecha carne: haz que esta Luz siga ardiendo en nuestros corazones y resplandezca siempre en nuestras vidas; por Jesucristo nuestro Se\u00f1or, que contigo vive y reina en la unidad del Esp\u00edritu Santo, un solo Dios ahora y siempre. Am\u00e9n. El&hellip;","_links":{"self":[{"href":"https:\/\/www.episcopalchurch.org\/es\/wp-json\/wp\/v2\/lectionary\/207615","targetHints":{"allow":["GET"]}}],"collection":[{"href":"https:\/\/www.episcopalchurch.org\/es\/wp-json\/wp\/v2\/lectionary"}],"about":[{"href":"https:\/\/www.episcopalchurch.org\/es\/wp-json\/wp\/v2\/types\/lectionary"}],"wp:featuredmedia":[{"embeddable":true,"href":"https:\/\/www.episcopalchurch.org\/es\/wp-json\/wp\/v2\/media\/203188"}],"wp:attachment":[{"href":"https:\/\/www.episcopalchurch.org\/es\/wp-json\/wp\/v2\/media?parent=207615"}],"curies":[{"name":"wp","href":"https:\/\/api.w.org\/{rel}","templated":true}]}}