{"id":207757,"date":"2011-07-05T18:43:29","date_gmt":"2011-07-05T18:43:29","guid":{"rendered":"https:\/\/www2.episcopalchurch.org\/lectionary\/confession-of-saint-peter-the-apostle\/"},"modified":"2025-09-28T19:07:44","modified_gmt":"2025-09-28T23:07:44","slug":"confesion-de-san-pedro","status":"publish","type":"lectionary","link":"https:\/\/www.episcopalchurch.org\/es\/lectionary\/confesion-de-san-pedro\/","title":{"rendered":"La confesi\u00f3n de san Pedro ap\u00f3stol"},"content":{"rendered":"\n<p><strong>La Colecta:<\/strong><\/p>\n\n\n\n<p>Padre todopoderoso, que inspiraste a Sim\u00f3n Pedro, el primero entre los ap\u00f3stoles, a confesar a Jes\u00fas como Mes\u00edas e Hijo del Dios vivo: Mant\u00e9n a tu Iglesia firme sobre la roca de esta fe, para que, en paz y unidad, proclamemos la \u00fanica verdad y sigamos al \u00fanico Se\u00f1or, nuestro Salvador Jesucristo; que vive y reina contigo y el Esp\u00edritu Santo, un solo Dios, ahora y por siempre.&nbsp;&nbsp;<em>Am\u00e9n<\/em>.<\/p>\n\n\n\n<p><strong>Primera Lectura:<\/strong> Hechos 4:8-13<\/p>\n\n\n\n<p><strong>Salmo:<\/strong> 23<\/p>\n\n\n\n<p><strong>Segunda Lectura:<\/strong> 1 Pedro 5:1-4<\/p>\n\n\n\n<p><strong>El Evangelio:<\/strong> Mateo 16:13-20<\/p>\n\n\n\n<hr class=\"wp-block-separator has-text-color has-black-color has-alpha-channel-opacity has-black-background-color has-background is-style-wide\"\/>\n\n\n\n<h4 class=\"wp-block-heading\" id=\"h-redes-sociales\"><strong>Redes sociales<\/strong><\/h4>\n\n\n\n<p><strong>Texto de muestra: <\/strong>Hoy conmemoramos la Confesi\u00f3n de San Pedro.<\/p>\n\n\n\n<p>Dios de poder sin igual, que inspiraste a Sim\u00f3n Pedro, primero entre los ap\u00f3stoles, a confesar que Jes\u00fas era el Mes\u00edas, hijo del Dios vivo: Haz que tu iglesia permanezca firme sobre la roca de esta fe para que, en unidad, proclamemos una sola verdad y sigamos a un \u00fanico Se\u00f1or, Jesucristo nuestro Salvador; que contigo y el Esp\u00edritu Santo vive y reina, un solo Dios, ahora y siempre. Am\u00e9n.<\/p>\n\n\n\n<p>La Confesi\u00f3n de San Pedro Ap\u00f3stol, que se celebra el 18 de enero, recuerda la audaz declaraci\u00f3n de Sim\u00f3n Pedro: \u00abT\u00fa eres el Cristo\u00bb, y la respuesta de Jes\u00fas de que Pedro ser\u00eda la roca sobre la que se construir\u00eda la Iglesia. Pedro, el pescador llamado junto con su hermano Andr\u00e9s, aparece en los Evangelios como impetuoso, apasionado y a menudo tropezando: caminando sobre el agua solo para hundirse, deseando construir caba\u00f1as en la Transfiguraci\u00f3n y negando a Jes\u00fas tres veces antes de la crucifixi\u00f3n. Sin embargo, lleno del Esp\u00edritu en Pentecost\u00e9s, se convirti\u00f3 en un l\u00edder valiente, proclamando el evangelio y guiando a la Iglesia a trav\u00e9s de sus luchas por acoger a los gentiles, incluso cuando \u00e9l mismo luchaba con su propio conservadurismo. La tradici\u00f3n vincula a Pedro con Roma, donde se dice que fue crucificado boca abajo, afirmando su indignidad para morir de la misma manera que su Se\u00f1or. Su vida, marcada por la debilidad transformada en fortaleza, es un signo de la gracia de Dios que obra a trav\u00e9s de la gente com\u00fan. Desde 1908, los d\u00edas entre su fiesta y la Conversi\u00f3n de San Pablo se han reservado como la Semana de Oraci\u00f3n por la Unidad de los Cristianos, en honor a los dos ap\u00f3stoles que dieron tal testimonio de Cristo. #Episcopal<\/p>\n\n\n\n<div class=\"wp-block-columns is-layout-flex wp-container-core-columns-is-layout-9d6595d7 wp-block-columns-is-layout-flex\">\n<div class=\"wp-block-column is-layout-flow wp-block-column-is-layout-flow\">\n<p><strong>Instagram 1<\/strong><\/p>\n\n\n\n<figure class=\"wp-block-image size-large\"><img loading=\"lazy\" decoding=\"async\" width=\"819\" height=\"1024\" src=\"https:\/\/www.episcopalchurch.org\/wp-content\/uploads\/2011\/07\/Confession-of-St.-Peter-IG-1-1-819x1024.png\" alt=\"\" class=\"wp-image-338603\" srcset=\"https:\/\/www.episcopalchurch.org\/wp-content\/uploads\/2011\/07\/Confession-of-St.-Peter-IG-1-1-819x1024.png 819w, https:\/\/www.episcopalchurch.org\/wp-content\/uploads\/2011\/07\/Confession-of-St.-Peter-IG-1-1-240x300.png 240w, https:\/\/www.episcopalchurch.org\/wp-content\/uploads\/2011\/07\/Confession-of-St.-Peter-IG-1-1-768x960.png 768w, https:\/\/www.episcopalchurch.org\/wp-content\/uploads\/2011\/07\/Confession-of-St.-Peter-IG-1-1-480x600.png 480w, https:\/\/www.episcopalchurch.org\/wp-content\/uploads\/2011\/07\/Confession-of-St.-Peter-IG-1-1.png 1080w\" sizes=\"auto, (max-width: 819px) 100vw, 819px\" \/><\/figure>\n<\/div>\n\n\n\n<div class=\"wp-block-column is-layout-flow wp-block-column-is-layout-flow\">\n<p><strong>Instagram 2<\/strong><\/p>\n\n\n\n<figure class=\"wp-block-image size-large\"><img loading=\"lazy\" decoding=\"async\" width=\"819\" height=\"1024\" src=\"https:\/\/www.episcopalchurch.org\/wp-content\/uploads\/2011\/07\/Confession-of-St.-Peter-IG-2-1-819x1024.png\" alt=\"\" class=\"wp-image-338606\" srcset=\"https:\/\/www.episcopalchurch.org\/wp-content\/uploads\/2011\/07\/Confession-of-St.-Peter-IG-2-1-819x1024.png 819w, https:\/\/www.episcopalchurch.org\/wp-content\/uploads\/2011\/07\/Confession-of-St.-Peter-IG-2-1-240x300.png 240w, https:\/\/www.episcopalchurch.org\/wp-content\/uploads\/2011\/07\/Confession-of-St.-Peter-IG-2-1-768x960.png 768w, https:\/\/www.episcopalchurch.org\/wp-content\/uploads\/2011\/07\/Confession-of-St.-Peter-IG-2-1-480x600.png 480w, https:\/\/www.episcopalchurch.org\/wp-content\/uploads\/2011\/07\/Confession-of-St.-Peter-IG-2-1.png 1080w\" sizes=\"auto, (max-width: 819px) 100vw, 819px\" \/><\/figure>\n<\/div>\n\n\n\n<div class=\"wp-block-column is-layout-flow wp-block-column-is-layout-flow\">\n<p><strong><strong>Historias de Facebook\/Instagram 1<\/strong><\/strong><\/p>\n\n\n\n<figure class=\"wp-block-image size-large\"><img loading=\"lazy\" decoding=\"async\" width=\"576\" height=\"1024\" src=\"https:\/\/www.episcopalchurch.org\/wp-content\/uploads\/2011\/07\/Confession-of-St.-Peter-IGS-1-576x1024.png\" alt=\"\" class=\"wp-image-338609\" srcset=\"https:\/\/www.episcopalchurch.org\/wp-content\/uploads\/2011\/07\/Confession-of-St.-Peter-IGS-1-576x1024.png 576w, https:\/\/www.episcopalchurch.org\/wp-content\/uploads\/2011\/07\/Confession-of-St.-Peter-IGS-1-169x300.png 169w, https:\/\/www.episcopalchurch.org\/wp-content\/uploads\/2011\/07\/Confession-of-St.-Peter-IGS-1-768x1365.png 768w, https:\/\/www.episcopalchurch.org\/wp-content\/uploads\/2011\/07\/Confession-of-St.-Peter-IGS-1-864x1536.png 864w, https:\/\/www.episcopalchurch.org\/wp-content\/uploads\/2011\/07\/Confession-of-St.-Peter-IGS-1-480x853.png 480w, https:\/\/www.episcopalchurch.org\/wp-content\/uploads\/2011\/07\/Confession-of-St.-Peter-IGS-1.png 1080w\" sizes=\"auto, (max-width: 576px) 100vw, 576px\" \/><\/figure>\n<\/div>\n\n\n\n<div class=\"wp-block-column is-layout-flow wp-block-column-is-layout-flow\">\n<p><strong><strong>Historias de Facebook\/Instagram 2<\/strong><\/strong><\/p>\n\n\n\n<figure class=\"wp-block-image size-large\"><img loading=\"lazy\" decoding=\"async\" width=\"576\" height=\"1024\" src=\"https:\/\/www.episcopalchurch.org\/wp-content\/uploads\/2011\/07\/Confession-of-St.-Peter-IGS-2-1-576x1024.png\" alt=\"\" class=\"wp-image-338612\" srcset=\"https:\/\/www.episcopalchurch.org\/wp-content\/uploads\/2011\/07\/Confession-of-St.-Peter-IGS-2-1-576x1024.png 576w, https:\/\/www.episcopalchurch.org\/wp-content\/uploads\/2011\/07\/Confession-of-St.-Peter-IGS-2-1-169x300.png 169w, https:\/\/www.episcopalchurch.org\/wp-content\/uploads\/2011\/07\/Confession-of-St.-Peter-IGS-2-1-768x1365.png 768w, https:\/\/www.episcopalchurch.org\/wp-content\/uploads\/2011\/07\/Confession-of-St.-Peter-IGS-2-1-864x1536.png 864w, https:\/\/www.episcopalchurch.org\/wp-content\/uploads\/2011\/07\/Confession-of-St.-Peter-IGS-2-1-480x853.png 480w, https:\/\/www.episcopalchurch.org\/wp-content\/uploads\/2011\/07\/Confession-of-St.-Peter-IGS-2-1.png 1080w\" sizes=\"auto, (max-width: 576px) 100vw, 576px\" \/><\/figure>\n<\/div>\n<\/div>\n\n\n\n<hr class=\"wp-block-separator has-text-color has-black-color has-alpha-channel-opacity has-black-background-color has-background is-style-wide\"\/>\n","protected":false},"featured_media":207737,"template":"","meta":{"_acf_changed":false,"_uag_custom_page_level_css":"","_kad_blocks_custom_css":"","_kad_blocks_head_custom_js":"","_kad_blocks_body_custom_js":"","_kad_blocks_footer_custom_js":"","_kadence_starter_templates_imported_post":false,"_links_to":"","_links_to_target":""},"class_list":["post-207757","lectionary","type-lectionary","status-publish","has-post-thumbnail","hentry"],"acf":{"lectionary_cycle":["A"],"lectionary_type":"revised-common-lectionary","lectionary_date":"2019-01-18","lectionary_date_month":"1","lectionary_date_day":"19","drupal_id":"128588","lectionary_language":"en","lectionary_other_translation":false},"yoast_head":"<!-- This site is optimized with the Yoast SEO Premium plugin v24.6 (Yoast SEO v26.3) - https:\/\/yoast.com\/wordpress\/plugins\/seo\/ -->\n<title>La confesi\u00f3n de san Pedro ap\u00f3stol &#8211; The Episcopal Church<\/title>\n<meta name=\"robots\" content=\"index, follow, max-snippet:-1, max-image-preview:large, max-video-preview:-1\" \/>\n<link rel=\"canonical\" href=\"https:\/\/www.episcopalchurch.org\/es\/lectionary\/confesion-de-san-pedro\/\" \/>\n<meta property=\"og:locale\" content=\"es_ES\" \/>\n<meta property=\"og:type\" content=\"article\" \/>\n<meta property=\"og:title\" content=\"La confesi\u00f3n de san Pedro ap\u00f3stol\" \/>\n<meta property=\"og:description\" content=\"La Colecta: Padre todopoderoso, que inspiraste a Sim\u00f3n Pedro, el primero entre los ap\u00f3stoles, a confesar a Jes\u00fas como Mes\u00edas e Hijo del Dios vivo: Mant\u00e9n a tu Iglesia firme sobre la roca de esta fe, para que, en paz y unidad, proclamemos la \u00fanica verdad y sigamos al \u00fanico Se\u00f1or, nuestro Salvador Jesucristo; que [&hellip;]\" \/>\n<meta property=\"og:url\" content=\"https:\/\/www.episcopalchurch.org\/es\/lectionary\/confesion-de-san-pedro\/\" \/>\n<meta property=\"og:site_name\" content=\"The Episcopal Church\" \/>\n<meta property=\"article:publisher\" content=\"https:\/\/www.facebook.com\/episcopalian\" \/>\n<meta property=\"article:modified_time\" content=\"2025-09-28T23:07:44+00:00\" \/>\n<meta property=\"og:image\" content=\"https:\/\/www.episcopalchurch.org\/wp-content\/uploads\/2011\/07\/peter-jan-18.jpg\" \/>\n\t<meta property=\"og:image:width\" content=\"185\" \/>\n\t<meta property=\"og:image:height\" content=\"251\" \/>\n\t<meta property=\"og:image:type\" content=\"image\/jpeg\" \/>\n<meta name=\"twitter:card\" content=\"summary_large_image\" \/>\n<meta name=\"twitter:site\" content=\"@iamepiscopalian\" \/>\n<meta name=\"twitter:label1\" content=\"Est. reading time\" \/>\n\t<meta name=\"twitter:data1\" content=\"3 minutes\" \/>\n<script type=\"application\/ld+json\" class=\"yoast-schema-graph\">{\"@context\":\"https:\/\/schema.org\",\"@graph\":[{\"@type\":\"WebPage\",\"@id\":\"https:\/\/www.episcopalchurch.org\/es\/lectionary\/confesion-de-san-pedro\/\",\"url\":\"https:\/\/www.episcopalchurch.org\/es\/lectionary\/confesion-de-san-pedro\/\",\"name\":\"La confesi\u00f3n de san Pedro ap\u00f3stol &#8211; The Episcopal Church\",\"isPartOf\":{\"@id\":\"https:\/\/www.episcopalchurch.org\/#website\"},\"primaryImageOfPage\":{\"@id\":\"https:\/\/www.episcopalchurch.org\/es\/lectionary\/confesion-de-san-pedro\/#primaryimage\"},\"image\":{\"@id\":\"https:\/\/www.episcopalchurch.org\/es\/lectionary\/confesion-de-san-pedro\/#primaryimage\"},\"thumbnailUrl\":\"https:\/\/www.episcopalchurch.org\/wp-content\/uploads\/2011\/07\/peter-jan-18.jpg\",\"datePublished\":\"2011-07-05T18:43:29+00:00\",\"dateModified\":\"2025-09-28T23:07:44+00:00\",\"breadcrumb\":{\"@id\":\"https:\/\/www.episcopalchurch.org\/es\/lectionary\/confesion-de-san-pedro\/#breadcrumb\"},\"inLanguage\":\"es-ES\",\"potentialAction\":[{\"@type\":\"ReadAction\",\"target\":[\"https:\/\/www.episcopalchurch.org\/es\/lectionary\/confesion-de-san-pedro\/\"]}]},{\"@type\":\"ImageObject\",\"inLanguage\":\"es-ES\",\"@id\":\"https:\/\/www.episcopalchurch.org\/es\/lectionary\/confesion-de-san-pedro\/#primaryimage\",\"url\":\"https:\/\/www.episcopalchurch.org\/wp-content\/uploads\/2011\/07\/peter-jan-18.jpg\",\"contentUrl\":\"https:\/\/www.episcopalchurch.org\/wp-content\/uploads\/2011\/07\/peter-jan-18.jpg\",\"width\":185,\"height\":251},{\"@type\":\"BreadcrumbList\",\"@id\":\"https:\/\/www.episcopalchurch.org\/es\/lectionary\/confesion-de-san-pedro\/#breadcrumb\",\"itemListElement\":[{\"@type\":\"ListItem\",\"position\":1,\"name\":\"Home\",\"item\":\"https:\/\/www.episcopalchurch.org\/\"},{\"@type\":\"ListItem\",\"position\":2,\"name\":\"La confesi\u00f3n de san Pedro ap\u00f3stol\"}]},{\"@type\":\"WebSite\",\"@id\":\"https:\/\/www.episcopalchurch.org\/#website\",\"url\":\"https:\/\/www.episcopalchurch.org\/\",\"name\":\"The Episcopal Church\",\"description\":\"Welcomes You\",\"publisher\":{\"@id\":\"https:\/\/www.episcopalchurch.org\/#organization\"},\"potentialAction\":[{\"@type\":\"SearchAction\",\"target\":{\"@type\":\"EntryPoint\",\"urlTemplate\":\"https:\/\/www.episcopalchurch.org\/?s={search_term_string}\"},\"query-input\":{\"@type\":\"PropertyValueSpecification\",\"valueRequired\":true,\"valueName\":\"search_term_string\"}}],\"inLanguage\":\"es-ES\"},{\"@type\":\"Organization\",\"@id\":\"https:\/\/www.episcopalchurch.org\/#organization\",\"name\":\"The Episcopal Church\",\"url\":\"https:\/\/www.episcopalchurch.org\/\",\"logo\":{\"@type\":\"ImageObject\",\"inLanguage\":\"es-ES\",\"@id\":\"https:\/\/www.episcopalchurch.org\/#\/schema\/logo\/image\/\",\"url\":\"https:\/\/www.episcopalchurch.org\/wp-content\/uploads\/2021\/01\/vertical_episcopal_logo.jpg\",\"contentUrl\":\"https:\/\/www.episcopalchurch.org\/wp-content\/uploads\/2021\/01\/vertical_episcopal_logo.jpg\",\"width\":770,\"height\":662,\"caption\":\"The Episcopal Church\"},\"image\":{\"@id\":\"https:\/\/www.episcopalchurch.org\/#\/schema\/logo\/image\/\"},\"sameAs\":[\"https:\/\/www.facebook.com\/episcopalian\",\"https:\/\/x.com\/iamepiscopalian\",\"https:\/\/www.youtube.com\/channel\/UCdVJpxCtK41c_-p6EaE4_2A\"]}]}<\/script>\n<!-- \/ Yoast SEO Premium plugin. -->","yoast_head_json":{"title":"La confesi\u00f3n de san Pedro ap\u00f3stol &#8211; The Episcopal Church","robots":{"index":"index","follow":"follow","max-snippet":"max-snippet:-1","max-image-preview":"max-image-preview:large","max-video-preview":"max-video-preview:-1"},"canonical":"https:\/\/www.episcopalchurch.org\/es\/lectionary\/confesion-de-san-pedro\/","og_locale":"es_ES","og_type":"article","og_title":"La confesi\u00f3n de san Pedro ap\u00f3stol","og_description":"La Colecta: Padre todopoderoso, que inspiraste a Sim\u00f3n Pedro, el primero entre los ap\u00f3stoles, a confesar a Jes\u00fas como Mes\u00edas e Hijo del Dios vivo: Mant\u00e9n a tu Iglesia firme sobre la roca de esta fe, para que, en paz y unidad, proclamemos la \u00fanica verdad y sigamos al \u00fanico Se\u00f1or, nuestro Salvador Jesucristo; que [&hellip;]","og_url":"https:\/\/www.episcopalchurch.org\/es\/lectionary\/confesion-de-san-pedro\/","og_site_name":"The Episcopal Church","article_publisher":"https:\/\/www.facebook.com\/episcopalian","article_modified_time":"2025-09-28T23:07:44+00:00","og_image":[{"width":185,"height":251,"url":"https:\/\/www.episcopalchurch.org\/wp-content\/uploads\/2011\/07\/peter-jan-18.jpg","type":"image\/jpeg"}],"twitter_card":"summary_large_image","twitter_site":"@iamepiscopalian","twitter_misc":{"Est. reading time":"3 minutes"},"schema":{"@context":"https:\/\/schema.org","@graph":[{"@type":"WebPage","@id":"https:\/\/www.episcopalchurch.org\/es\/lectionary\/confesion-de-san-pedro\/","url":"https:\/\/www.episcopalchurch.org\/es\/lectionary\/confesion-de-san-pedro\/","name":"La confesi\u00f3n de san Pedro ap\u00f3stol &#8211; The Episcopal Church","isPartOf":{"@id":"https:\/\/www.episcopalchurch.org\/#website"},"primaryImageOfPage":{"@id":"https:\/\/www.episcopalchurch.org\/es\/lectionary\/confesion-de-san-pedro\/#primaryimage"},"image":{"@id":"https:\/\/www.episcopalchurch.org\/es\/lectionary\/confesion-de-san-pedro\/#primaryimage"},"thumbnailUrl":"https:\/\/www.episcopalchurch.org\/wp-content\/uploads\/2011\/07\/peter-jan-18.jpg","datePublished":"2011-07-05T18:43:29+00:00","dateModified":"2025-09-28T23:07:44+00:00","breadcrumb":{"@id":"https:\/\/www.episcopalchurch.org\/es\/lectionary\/confesion-de-san-pedro\/#breadcrumb"},"inLanguage":"es-ES","potentialAction":[{"@type":"ReadAction","target":["https:\/\/www.episcopalchurch.org\/es\/lectionary\/confesion-de-san-pedro\/"]}]},{"@type":"ImageObject","inLanguage":"es-ES","@id":"https:\/\/www.episcopalchurch.org\/es\/lectionary\/confesion-de-san-pedro\/#primaryimage","url":"https:\/\/www.episcopalchurch.org\/wp-content\/uploads\/2011\/07\/peter-jan-18.jpg","contentUrl":"https:\/\/www.episcopalchurch.org\/wp-content\/uploads\/2011\/07\/peter-jan-18.jpg","width":185,"height":251},{"@type":"BreadcrumbList","@id":"https:\/\/www.episcopalchurch.org\/es\/lectionary\/confesion-de-san-pedro\/#breadcrumb","itemListElement":[{"@type":"ListItem","position":1,"name":"Home","item":"https:\/\/www.episcopalchurch.org\/"},{"@type":"ListItem","position":2,"name":"La confesi\u00f3n de san Pedro ap\u00f3stol"}]},{"@type":"WebSite","@id":"https:\/\/www.episcopalchurch.org\/#website","url":"https:\/\/www.episcopalchurch.org\/","name":"The Episcopal Church","description":"Welcomes You","publisher":{"@id":"https:\/\/www.episcopalchurch.org\/#organization"},"potentialAction":[{"@type":"SearchAction","target":{"@type":"EntryPoint","urlTemplate":"https:\/\/www.episcopalchurch.org\/?s={search_term_string}"},"query-input":{"@type":"PropertyValueSpecification","valueRequired":true,"valueName":"search_term_string"}}],"inLanguage":"es-ES"},{"@type":"Organization","@id":"https:\/\/www.episcopalchurch.org\/#organization","name":"The Episcopal Church","url":"https:\/\/www.episcopalchurch.org\/","logo":{"@type":"ImageObject","inLanguage":"es-ES","@id":"https:\/\/www.episcopalchurch.org\/#\/schema\/logo\/image\/","url":"https:\/\/www.episcopalchurch.org\/wp-content\/uploads\/2021\/01\/vertical_episcopal_logo.jpg","contentUrl":"https:\/\/www.episcopalchurch.org\/wp-content\/uploads\/2021\/01\/vertical_episcopal_logo.jpg","width":770,"height":662,"caption":"The Episcopal Church"},"image":{"@id":"https:\/\/www.episcopalchurch.org\/#\/schema\/logo\/image\/"},"sameAs":["https:\/\/www.facebook.com\/episcopalian","https:\/\/x.com\/iamepiscopalian","https:\/\/www.youtube.com\/channel\/UCdVJpxCtK41c_-p6EaE4_2A"]}]}},"taxonomy_info":[],"featured_image_src_large":["https:\/\/www.episcopalchurch.org\/wp-content\/uploads\/2011\/07\/peter-jan-18.jpg",185,251,false],"author_info":[],"comment_info":"","uagb_featured_image_src":{"full":["https:\/\/www.episcopalchurch.org\/wp-content\/uploads\/2011\/07\/peter-jan-18.jpg",185,251,false],"thumbnail":["https:\/\/www.episcopalchurch.org\/wp-content\/uploads\/2011\/07\/peter-jan-18-150x150.jpg",150,150,true],"medium":["https:\/\/www.episcopalchurch.org\/wp-content\/uploads\/2011\/07\/peter-jan-18.jpg",185,251,false],"medium_large":["https:\/\/www.episcopalchurch.org\/wp-content\/uploads\/2011\/07\/peter-jan-18.jpg",185,251,false],"large":["https:\/\/www.episcopalchurch.org\/wp-content\/uploads\/2011\/07\/peter-jan-18.jpg",185,251,false],"1536x1536":["https:\/\/www.episcopalchurch.org\/wp-content\/uploads\/2011\/07\/peter-jan-18.jpg",185,251,false],"2048x2048":["https:\/\/www.episcopalchurch.org\/wp-content\/uploads\/2011\/07\/peter-jan-18.jpg",185,251,false],"menu":["https:\/\/www.episcopalchurch.org\/wp-content\/uploads\/2011\/07\/peter-jan-18-185x200.jpg",185,200,true],"hero":["https:\/\/www.episcopalchurch.org\/wp-content\/uploads\/2011\/07\/peter-jan-18.jpg",185,251,false],"callout-image":["https:\/\/www.episcopalchurch.org\/wp-content\/uploads\/2011\/07\/peter-jan-18.jpg",185,251,false]},"uagb_author_info":{"display_name":"Christopher Sikkema","author_link":"https:\/\/www.episcopalchurch.org\/es\/author\/"},"uagb_comment_info":0,"uagb_excerpt":"La Colecta: Padre todopoderoso, que inspiraste a Sim\u00f3n Pedro, el primero entre los ap\u00f3stoles, a confesar a Jes\u00fas como Mes\u00edas e Hijo del Dios vivo: Mant\u00e9n a tu Iglesia firme sobre la roca de esta fe, para que, en paz y unidad, proclamemos la \u00fanica verdad y sigamos al \u00fanico Se\u00f1or, nuestro Salvador Jesucristo; que&hellip;","_links":{"self":[{"href":"https:\/\/www.episcopalchurch.org\/es\/wp-json\/wp\/v2\/lectionary\/207757","targetHints":{"allow":["GET"]}}],"collection":[{"href":"https:\/\/www.episcopalchurch.org\/es\/wp-json\/wp\/v2\/lectionary"}],"about":[{"href":"https:\/\/www.episcopalchurch.org\/es\/wp-json\/wp\/v2\/types\/lectionary"}],"wp:featuredmedia":[{"embeddable":true,"href":"https:\/\/www.episcopalchurch.org\/es\/wp-json\/wp\/v2\/media\/207737"}],"wp:attachment":[{"href":"https:\/\/www.episcopalchurch.org\/es\/wp-json\/wp\/v2\/media?parent=207757"}],"curies":[{"name":"wp","href":"https:\/\/api.w.org\/{rel}","templated":true}]}}