{"id":208117,"date":"2011-07-05T18:43:25","date_gmt":"2011-07-05T18:43:25","guid":{"rendered":"https:\/\/www2.episcopalchurch.org\/lectionary\/saint-mark\/"},"modified":"2025-10-19T18:16:39","modified_gmt":"2025-10-19T22:16:39","slug":"san-marcos","status":"publish","type":"lectionary","link":"https:\/\/www.episcopalchurch.org\/es\/lectionary\/san-marcos\/","title":{"rendered":"San Marcos, evangelista"},"content":{"rendered":"\n<p><strong>La Colecta:<\/strong> <\/p>\n\n\n\n<p>Dios omnipotente, que por la mano del evangelista Marcos has entregado a tu Iglesia el Evangelio de Jesucristo el Hijo de Dios: Te damos gracias por este testimonio, y te rogamos nos mantengas firmes en su verdad; por Jesucristo nuestro Se\u00f1or, que vive y reina contigo y el Esp\u00edritu Santo, un solo Dios, por los siglos de los siglos.&nbsp;&nbsp;<em>Am\u00e9n<\/em>.<\/p>\n\n\n\n<p><strong>El Antiguo Testamento:<\/strong> Isa\u00edas 52:7-10<\/p>\n\n\n\n<p><sup>7&nbsp;<\/sup>\u00a1Qu\u00e9 hermoso es ver llegar por las colinas<br>al que trae buenas noticias,<br>al que trae noticias de paz,<br>al que anuncia la liberaci\u00f3n<br>y dice a Si\u00f3n: \u00abTu Dios es rey\u00bb!<br><sup>8&nbsp;<\/sup>\u00a1Escucha! Tus centinelas levantan la voz<br>y a una dan gritos de triunfo,<br>porque ven con sus propios ojos<br>c\u00f3mo vuelve el Se\u00f1or a Si\u00f3n.<br><sup>9&nbsp;<\/sup>\u00a1Estallen en gritos de triunfo,<br>ruinas de Jerusal\u00e9n,<br>porque el Se\u00f1or ha tenido compasi\u00f3n de su pueblo,<br>ha liberado a Jerusal\u00e9n!<br><sup>10&nbsp;<\/sup>El Se\u00f1or ha mostrado su poder<br>a la vista de todas las naciones.<br>Por toda la tierra se sabr\u00e1<br>que nuestro Dios nos ha salvado.<\/p>\n\n\n\n<p><strong>Salmo:<\/strong> 2 o 2:7-10<\/p>\n\n\n\n<p><strong>[<\/strong><sup>1<\/sup>&nbsp;&nbsp;&nbsp;&nbsp; \u00bfPor qu\u00e9 se amotinan las gentes, *<br>&nbsp;&nbsp;&nbsp;&nbsp;&nbsp;&nbsp;&nbsp;&nbsp;&nbsp;&nbsp;&nbsp;&nbsp; y los pueblos piensan cosas vanas?<br><sup>2<\/sup>&nbsp;&nbsp;&nbsp;&nbsp; \u00bfPor qu\u00e9 se levantan los reyes de la tierra, y pr\u00edncipes consultan unidos *<br>&nbsp;&nbsp;&nbsp;&nbsp;&nbsp;&nbsp;&nbsp;&nbsp;&nbsp;&nbsp;&nbsp;&nbsp; contra el Se\u00f1or y contra su Ungido?<br><sup>3<\/sup>&nbsp;&nbsp;&nbsp;&nbsp; \u201cRompamos sus ligaduras\u201d, dicen; *<br>&nbsp;&nbsp;&nbsp;&nbsp;&nbsp;&nbsp;&nbsp;&nbsp;&nbsp;&nbsp;&nbsp;&nbsp; \u201cechemos de nosotros sus cuerdas\u201d.<br><sup>4<\/sup>&nbsp;&nbsp;&nbsp;&nbsp; El que mora en los cielos se r\u00ede; *<br>&nbsp;&nbsp;&nbsp;&nbsp;&nbsp;&nbsp;&nbsp;&nbsp;&nbsp;&nbsp;&nbsp;&nbsp; el Se\u00f1or se burla de ellos.<br><sup>5<\/sup>&nbsp;&nbsp;&nbsp;&nbsp; Luego les habla en su furor, *<br>&nbsp;&nbsp;&nbsp;&nbsp;&nbsp;&nbsp;&nbsp;&nbsp;&nbsp;&nbsp;&nbsp;&nbsp; y los turba con su ira, diciendo:<br><sup>6<\/sup>&nbsp;&nbsp;&nbsp;&nbsp; \u201cYo mismo he puesto mi rey *<br>&nbsp;&nbsp;&nbsp;&nbsp;&nbsp;&nbsp;&nbsp;&nbsp;&nbsp;&nbsp;&nbsp;&nbsp; sobre Si\u00f3n, mi santo monte\u201d.<strong>&nbsp;]<\/strong><br><sup>7<\/sup>&nbsp;&nbsp;&nbsp;&nbsp; Yo publicar\u00e9 el decreto: *<br>&nbsp;&nbsp;&nbsp;&nbsp;&nbsp;&nbsp;&nbsp;&nbsp;&nbsp;&nbsp;&nbsp;&nbsp; El Se\u00f1or me ha dicho: \u201cMi Hijo eres t\u00fa; yo te engendr\u00e9 hoy.<br><sup>8<\/sup>&nbsp;&nbsp;&nbsp;&nbsp; P\u00eddeme, y te dar\u00e9 por herencia las naciones, *<br>&nbsp;&nbsp;&nbsp;&nbsp;&nbsp;&nbsp;&nbsp;&nbsp;&nbsp;&nbsp;&nbsp;&nbsp; y como posesi\u00f3n tuya los confines de la tierra.<br><sup>9<\/sup>&nbsp;&nbsp;&nbsp;&nbsp; Los quebrantar\u00e1s con vara de hierro, *<br>&nbsp;&nbsp;&nbsp;&nbsp;&nbsp;&nbsp;&nbsp;&nbsp;&nbsp;&nbsp;&nbsp;&nbsp; como vasija de alfarero los desmenuzar\u00e1s\u201d.<br><sup>10<\/sup>&nbsp;&nbsp;&nbsp;&nbsp; Ahora, pues, oh reyes, sean prudentes; *<br>&nbsp;&nbsp;&nbsp;&nbsp;&nbsp;&nbsp;&nbsp;&nbsp;&nbsp;&nbsp;&nbsp;&nbsp; admitan amonestaci\u00f3n, jueces de la tierra.<br><strong>[<\/strong><sup>11<\/sup>&nbsp;&nbsp; Sirvan al Se\u00f1or con temor, *<br>&nbsp;&nbsp;&nbsp;&nbsp;&nbsp;&nbsp;&nbsp;&nbsp;&nbsp;&nbsp;&nbsp;&nbsp; y al\u00e9grense con temblor.<br><sup>12<\/sup>&nbsp;&nbsp;&nbsp;&nbsp; Honren al Hijo, para que no se enoje, y perezcan en el camino; *<br>&nbsp;&nbsp;&nbsp;&nbsp;&nbsp;&nbsp;&nbsp; &nbsp;&nbsp;&nbsp;&nbsp; pues se inflama de pronto su ira.<br><sup>13<\/sup>&nbsp;&nbsp;&nbsp;&nbsp; Bienaventurados son *<br>&nbsp;&nbsp;&nbsp;&nbsp;&nbsp;&nbsp;&nbsp;&nbsp;&nbsp;&nbsp;&nbsp;&nbsp; todos los que en \u00e9l conf\u00edan.<strong>]<\/strong><\/p>\n\n\n\n<p><strong>El Nuevo Testamento:<\/strong> Efesios 4:7-8,11-16<\/p>\n\n\n\n<p><sup>7<\/sup>&nbsp;Pero cada uno de nosotros ha recibido los dones que Cristo le ha querido dar.&nbsp;<sup>8<\/sup>&nbsp;Por eso, la Escritura dice:<\/p>\n\n\n\n<p>\u00abSubi\u00f3 al cielo llevando consigo a los cautivos,<\/p>\n\n\n\n<p>y dio dones a los hombres.\u00bb<\/p>\n\n\n\n<p><sup>11<\/sup>&nbsp;Y \u00e9l mismo concedi\u00f3 a unos ser ap\u00f3stoles y a otros profetas, a otros anunciar el evangelio y a otros ser pastores y maestros.&nbsp;<sup>12<\/sup>&nbsp;As\u00ed prepar\u00f3 a los del pueblo santo para un trabajo de servicio, para la edificaci\u00f3n del cuerpo de Cristo&nbsp;<sup>13<\/sup>&nbsp;hasta que todos lleguemos a estar unidos por la fe y el conocimiento del Hijo de Dios, y alcancemos la edad adulta, que corresponde a la plena madurez de Cristo.&nbsp;<sup>14<\/sup>&nbsp;Ya no seremos como ni\u00f1os, que cambian f\u00e1cilmente de parecer y que son arrastrados por el viento de cualquier nueva ense\u00f1anza hasta dejarse enga\u00f1ar por gente astuta que anda por caminos equivocados.&nbsp;<sup>15<\/sup>&nbsp;M\u00e1s bien, profesando la verdad en el amor, debemos crecer en todo hacia Cristo, que es la cabeza del cuerpo.&nbsp;<sup>16<\/sup>&nbsp;Y por Cristo el cuerpo entero se ajusta y se liga bien mediante la uni\u00f3n entre s\u00ed de todas sus partes; y cuando cada parte funciona bien, todo va creciendo y edific\u00e1ndose en amor.<\/p>\n\n\n\n<p><strong>El Evangelio:<\/strong> Marcos 1:1-15 or Marcos 16:15-20<\/p>\n\n\n\n<p><sup>1<\/sup>&nbsp;Principio de la buena noticia de Jes\u00fas el Mes\u00edas, el Hijo de Dios.<\/p>\n\n\n\n<p><sup>2<\/sup>&nbsp;Est\u00e1 escrito en el libro del profeta Isa\u00edas:<\/p>\n\n\n\n<p>\u00abEnv\u00edo mi mensajero delante de ti,<br>para que te prepare el camino.<br><sup>3<\/sup>&nbsp;Una voz grita en el desierto:<br>\u201cPreparen el camino del Se\u00f1or;<br>\u00e1branle un camino recto.\u201d\u00bb<\/p>\n\n\n\n<p><sup>4<\/sup>&nbsp;Y as\u00ed se present\u00f3 Juan el Bautista en el desierto; dec\u00eda a todos que deb\u00edan volverse a Dios y ser bautizados, para que Dios les perdonara sus pecados.&nbsp;<sup>5<\/sup>&nbsp;Todos los de la regi\u00f3n de Judea y de la ciudad de Jerusal\u00e9n sal\u00edan a o\u00edrlo. Confesaban sus pecados, y Juan los bautizaba en el r\u00edo Jord\u00e1n.<\/p>\n\n\n\n<p><sup>6<\/sup>&nbsp;La ropa de Juan estaba hecha de pelo de camello, y se la sujetaba al cuerpo con un cintur\u00f3n de cuero; y com\u00eda langostas y miel del monte.&nbsp;<sup>7<\/sup>&nbsp;En su proclamaci\u00f3n dec\u00eda: \u00abDespu\u00e9s de m\u00ed viene uno m\u00e1s poderoso que yo, que ni siquiera merezco agacharme para desatarle la correa de sus sandalias.&nbsp;<sup>8<\/sup>&nbsp;Yo los he bautizado a ustedes con agua; pero \u00e9l los bautizar\u00e1 con el Esp\u00edritu Santo.\u00bb<\/p>\n\n\n\n<p><sup>9<\/sup>&nbsp;Por aquellos d\u00edas, Jes\u00fas sali\u00f3 de Nazaret, que est\u00e1 en la regi\u00f3n de Galilea, y Juan lo bautiz\u00f3 en el Jord\u00e1n.&nbsp;<sup>10<\/sup>&nbsp;En el momento de salir del agua, Jes\u00fas vio que el cielo se abr\u00eda y que el Esp\u00edritu bajaba sobre \u00e9l como una paloma.&nbsp;<sup>11<\/sup>&nbsp;Y se oy\u00f3 una voz del cielo, que dec\u00eda: \u00abT\u00fa eres mi Hijo amado, a quien he elegido.\u00bb<\/p>\n\n\n\n<p><sup>12<\/sup>&nbsp;Despu\u00e9s de esto, el Esp\u00edritu llev\u00f3 a Jes\u00fas al desierto.&nbsp;<sup>13<\/sup>&nbsp;All\u00ed estuvo cuarenta d\u00edas, viviendo entre las fieras y siendo puesto a prueba por Satan\u00e1s; y los \u00e1ngeles le serv\u00edan.<\/p>\n\n\n\n<p><sup>14<\/sup>&nbsp;Despu\u00e9s que metieron a Juan en la c\u00e1rcel, Jes\u00fas fue a Galilea a anunciar las buenas noticias de parte de Dios.&nbsp;<sup>15<\/sup>&nbsp;Dec\u00eda: \u00abYa se cumpli\u00f3 el plazo se\u00f1alado, y el reino de Dios est\u00e1 cerca. Vu\u00e9lvanse a Dios y acepten con fe sus buenas noticias.\u00bb<\/p>\n\n\n\n<p><em>o<\/em><\/p>\n\n\n\n<p><sup>15<\/sup>&nbsp;Jes\u00fas dijo a los once disc\u00edpulos: \u00abVayan por todo el mundo y anuncien a todos la buena noticia.&nbsp;<sup>16<\/sup>&nbsp;El que crea y sea bautizado, obtendr\u00e1 la salvaci\u00f3n; pero el que no crea, ser\u00e1 condenado.&nbsp;<sup>17<\/sup>&nbsp;Y estas se\u00f1ales acompa\u00f1ar\u00e1n a los que creen: en mi nombre expulsar\u00e1n demonios; hablar\u00e1n nuevas lenguas;&nbsp;<sup>18<\/sup>&nbsp;tomar\u00e1n en las manos serpientes; y si beben algo venenoso, no les har\u00e1 da\u00f1o; adem\u00e1s pondr\u00e1n las manos sobre los enfermos, y \u00e9stos sanar\u00e1n.\u00bb<\/p>\n\n\n\n<p><sup>19<\/sup>&nbsp;Despu\u00e9s de hablarles, el Se\u00f1or Jes\u00fas fue levantado al cielo y se sent\u00f3 a la derecha de Dios.&nbsp;<sup>20<\/sup>&nbsp;Ellos salieron a anunciar el mensaje por todas partes; y el Se\u00f1or los ayudaba, y confirmaba el mensaje acompa\u00f1\u00e1ndolo con se\u00f1ales milagrosas.<\/p>\n\n\n\n<hr class=\"wp-block-separator has-text-color has-red-color has-alpha-channel-opacity has-red-background-color has-background is-style-wide\"\/>\n\n\n\n<h4 class=\"wp-block-heading\" id=\"h-redes-sociales\"><strong>Redes sociales<\/strong><\/h4>\n\n\n\n<p><strong>Texto de muestra: <\/strong>Dios de poder, que por mano de Marcos, el evangelista, le has dado a la Iglesia la buena noticia de Dios en su Hijo Jesucristo: Te damos gracias por este testimonio y te rogamos que estemos siempre establecidos con firmeza en su verdad; por el mismo Jesucristo nuestro Se\u00f1or quien vive y reina contigo y el Esp\u00edritu Santo, un solo Dios ahora y por siempre. Am\u00e9n.<\/p>\n\n\n\n<p>La fiesta de San Marcos Evangelista, que se celebra el 25 de abril, honra al autor del segundo Evangelio y uno de los primeros testigos de la vida y el ministerio de Jes\u00fas. El Nuevo Testamento menciona varias veces a un disc\u00edpulo llamado Marcos, probablemente la misma persona que era primo de Bernab\u00e9 e hijo de una mujer cuya casa en Jerusal\u00e9n serv\u00eda de lugar de reuni\u00f3n para los primeros cristianos. La tradici\u00f3n sugiere que incluso pudo haber sido el joven que huy\u00f3 de Getseman\u00ed la noche del arresto de Jes\u00fas. Marcos acompa\u00f1\u00f3 a Pablo y Bernab\u00e9 en su viaje misionero, pero regres\u00f3 antes de tiempo, lo que provoc\u00f3 una breve ruptura con Pablo. Sin embargo, con el tiempo se produjo la reconciliaci\u00f3n y Marcos se convirti\u00f3 en un compa\u00f1ero de confianza tanto de Pablo como de Pedro, a quien este \u00faltimo llamaba cari\u00f1osamente \u00abmi hijo\u00bb. La tradici\u00f3n cristiana primitiva, conservada por Pap\u00edas, identifica a Marcos como el evangelista que registr\u00f3 los recuerdos y las ense\u00f1anzas de Pedro en su Evangelio. La Iglesia de Alejandr\u00eda lo venera como su primer obispo y m\u00e1rtir, y la gran bas\u00edlica de San Marcos en Venecia da testimonio de su perdurable legado. La vida de Marcos, marcada por el fracaso, el crecimiento, la reconciliaci\u00f3n y el testimonio inquebrantable, refleja el poder transformador de la gracia de Dios y el llamado a proclamar fielmente a Cristo en cada generaci\u00f3n. #Episcopal<\/p>\n\n\n\n<div class=\"wp-block-columns is-layout-flex wp-container-core-columns-is-layout-9d6595d7 wp-block-columns-is-layout-flex\">\n<div class=\"wp-block-column is-layout-flow wp-block-column-is-layout-flow\">\n<p><strong>Instagram 1<\/strong><\/p>\n\n\n\n<figure class=\"wp-block-image size-large\"><img loading=\"lazy\" decoding=\"async\" width=\"819\" height=\"1024\" src=\"https:\/\/www.episcopalchurch.org\/wp-content\/uploads\/2011\/07\/St.-Mark-IG-1-1-819x1024.png\" alt=\"\" class=\"wp-image-339401\" srcset=\"https:\/\/www.episcopalchurch.org\/wp-content\/uploads\/2011\/07\/St.-Mark-IG-1-1-819x1024.png 819w, https:\/\/www.episcopalchurch.org\/wp-content\/uploads\/2011\/07\/St.-Mark-IG-1-1-240x300.png 240w, https:\/\/www.episcopalchurch.org\/wp-content\/uploads\/2011\/07\/St.-Mark-IG-1-1-768x960.png 768w, https:\/\/www.episcopalchurch.org\/wp-content\/uploads\/2011\/07\/St.-Mark-IG-1-1-480x600.png 480w, https:\/\/www.episcopalchurch.org\/wp-content\/uploads\/2011\/07\/St.-Mark-IG-1-1.png 1080w\" sizes=\"auto, (max-width: 819px) 100vw, 819px\" \/><\/figure>\n<\/div>\n\n\n\n<div class=\"wp-block-column is-layout-flow wp-block-column-is-layout-flow\">\n<p><strong>Instagram 2<\/strong><\/p>\n\n\n\n<figure class=\"wp-block-image size-large\"><img loading=\"lazy\" decoding=\"async\" width=\"819\" height=\"1024\" src=\"https:\/\/www.episcopalchurch.org\/wp-content\/uploads\/2011\/07\/St.-Mark-IG-2-1-819x1024.png\" alt=\"\" class=\"wp-image-339404\" srcset=\"https:\/\/www.episcopalchurch.org\/wp-content\/uploads\/2011\/07\/St.-Mark-IG-2-1-819x1024.png 819w, https:\/\/www.episcopalchurch.org\/wp-content\/uploads\/2011\/07\/St.-Mark-IG-2-1-240x300.png 240w, https:\/\/www.episcopalchurch.org\/wp-content\/uploads\/2011\/07\/St.-Mark-IG-2-1-768x960.png 768w, https:\/\/www.episcopalchurch.org\/wp-content\/uploads\/2011\/07\/St.-Mark-IG-2-1-480x600.png 480w, https:\/\/www.episcopalchurch.org\/wp-content\/uploads\/2011\/07\/St.-Mark-IG-2-1.png 1080w\" sizes=\"auto, (max-width: 819px) 100vw, 819px\" \/><\/figure>\n<\/div>\n\n\n\n<div class=\"wp-block-column is-layout-flow wp-block-column-is-layout-flow\">\n<p><strong><strong>Historias de Facebook\/Instagram 1<\/strong><\/strong><\/p>\n\n\n\n<figure class=\"wp-block-image size-large\"><img loading=\"lazy\" decoding=\"async\" width=\"576\" height=\"1024\" src=\"https:\/\/www.episcopalchurch.org\/wp-content\/uploads\/2011\/07\/St.-Mark-IGS-1-1-576x1024.png\" alt=\"\" class=\"wp-image-339407\" srcset=\"https:\/\/www.episcopalchurch.org\/wp-content\/uploads\/2011\/07\/St.-Mark-IGS-1-1-576x1024.png 576w, https:\/\/www.episcopalchurch.org\/wp-content\/uploads\/2011\/07\/St.-Mark-IGS-1-1-169x300.png 169w, https:\/\/www.episcopalchurch.org\/wp-content\/uploads\/2011\/07\/St.-Mark-IGS-1-1-768x1365.png 768w, https:\/\/www.episcopalchurch.org\/wp-content\/uploads\/2011\/07\/St.-Mark-IGS-1-1-864x1536.png 864w, https:\/\/www.episcopalchurch.org\/wp-content\/uploads\/2011\/07\/St.-Mark-IGS-1-1-480x853.png 480w, https:\/\/www.episcopalchurch.org\/wp-content\/uploads\/2011\/07\/St.-Mark-IGS-1-1.png 1080w\" sizes=\"auto, (max-width: 576px) 100vw, 576px\" \/><\/figure>\n<\/div>\n\n\n\n<div class=\"wp-block-column is-layout-flow wp-block-column-is-layout-flow\">\n<p><strong><strong>Historias de Facebook\/Instagram 2<\/strong><\/strong><\/p>\n\n\n\n<figure class=\"wp-block-image size-large\"><img loading=\"lazy\" decoding=\"async\" width=\"576\" height=\"1024\" src=\"https:\/\/www.episcopalchurch.org\/wp-content\/uploads\/2011\/07\/St.-Mark-576x1024.png\" alt=\"\" class=\"wp-image-339410\" srcset=\"https:\/\/www.episcopalchurch.org\/wp-content\/uploads\/2011\/07\/St.-Mark-576x1024.png 576w, https:\/\/www.episcopalchurch.org\/wp-content\/uploads\/2011\/07\/St.-Mark-169x300.png 169w, https:\/\/www.episcopalchurch.org\/wp-content\/uploads\/2011\/07\/St.-Mark-768x1365.png 768w, https:\/\/www.episcopalchurch.org\/wp-content\/uploads\/2011\/07\/St.-Mark-864x1536.png 864w, https:\/\/www.episcopalchurch.org\/wp-content\/uploads\/2011\/07\/St.-Mark-480x853.png 480w, https:\/\/www.episcopalchurch.org\/wp-content\/uploads\/2011\/07\/St.-Mark.png 1080w\" sizes=\"auto, (max-width: 576px) 100vw, 576px\" \/><\/figure>\n<\/div>\n<\/div>\n\n\n\n<hr class=\"wp-block-separator has-text-color has-red-color has-alpha-channel-opacity has-red-background-color has-background is-style-wide\"\/>\n\n\n\n<p><\/p>\n","protected":false},"featured_media":208120,"template":"","meta":{"_acf_changed":false,"_uag_custom_page_level_css":"","_kad_blocks_custom_css":"","_kad_blocks_head_custom_js":"","_kad_blocks_body_custom_js":"","_kad_blocks_footer_custom_js":"","_kadence_starter_templates_imported_post":false,"_links_to":"","_links_to_target":""},"class_list":["post-208117","lectionary","type-lectionary","status-publish","has-post-thumbnail","hentry"],"acf":{"lectionary_cycle":["A","C"],"lectionary_type":"revised-common-lectionary","lectionary_date":"2019-04-29","lectionary_date_month":"4","lectionary_date_day":"25","drupal_id":"129130","lectionary_language":"en","lectionary_other_translation":false},"yoast_head":"<!-- This site is optimized with the Yoast SEO Premium plugin v24.6 (Yoast SEO v26.3) - https:\/\/yoast.com\/wordpress\/plugins\/seo\/ -->\n<title>San Marcos, evangelista &#8211; The Episcopal Church<\/title>\n<meta name=\"robots\" content=\"index, follow, max-snippet:-1, max-image-preview:large, max-video-preview:-1\" \/>\n<link rel=\"canonical\" href=\"https:\/\/www.episcopalchurch.org\/es\/lectionary\/san-marcos\/\" \/>\n<meta property=\"og:locale\" content=\"es_ES\" \/>\n<meta property=\"og:type\" content=\"article\" \/>\n<meta property=\"og:title\" content=\"San Marcos, evangelista\" \/>\n<meta property=\"og:description\" content=\"La Colecta: Dios omnipotente, que por la mano del evangelista Marcos has entregado a tu Iglesia el Evangelio de Jesucristo el Hijo de Dios: Te damos gracias por este testimonio, y te rogamos nos mantengas firmes en su verdad; por Jesucristo nuestro Se\u00f1or, que vive y reina contigo y el Esp\u00edritu Santo, un solo Dios, [&hellip;]\" \/>\n<meta property=\"og:url\" content=\"https:\/\/www.episcopalchurch.org\/es\/lectionary\/san-marcos\/\" \/>\n<meta property=\"og:site_name\" content=\"The Episcopal Church\" \/>\n<meta property=\"article:publisher\" content=\"https:\/\/www.facebook.com\/episcopalian\" \/>\n<meta property=\"article:modified_time\" content=\"2025-10-19T22:16:39+00:00\" \/>\n<meta property=\"og:image\" content=\"https:\/\/www.episcopalchurch.org\/wp-content\/uploads\/2011\/07\/st-mark-april-25.jpg\" \/>\n\t<meta property=\"og:image:width\" content=\"200\" \/>\n\t<meta property=\"og:image:height\" content=\"293\" \/>\n\t<meta property=\"og:image:type\" content=\"image\/jpeg\" \/>\n<meta name=\"twitter:card\" content=\"summary_large_image\" \/>\n<meta name=\"twitter:site\" content=\"@iamepiscopalian\" \/>\n<meta name=\"twitter:label1\" content=\"Est. reading time\" \/>\n\t<meta name=\"twitter:data1\" content=\"7 minutes\" \/>\n<script type=\"application\/ld+json\" class=\"yoast-schema-graph\">{\"@context\":\"https:\/\/schema.org\",\"@graph\":[{\"@type\":\"WebPage\",\"@id\":\"https:\/\/www.episcopalchurch.org\/es\/lectionary\/san-marcos\/\",\"url\":\"https:\/\/www.episcopalchurch.org\/es\/lectionary\/san-marcos\/\",\"name\":\"San Marcos, evangelista &#8211; The Episcopal Church\",\"isPartOf\":{\"@id\":\"https:\/\/www.episcopalchurch.org\/#website\"},\"primaryImageOfPage\":{\"@id\":\"https:\/\/www.episcopalchurch.org\/es\/lectionary\/san-marcos\/#primaryimage\"},\"image\":{\"@id\":\"https:\/\/www.episcopalchurch.org\/es\/lectionary\/san-marcos\/#primaryimage\"},\"thumbnailUrl\":\"https:\/\/www.episcopalchurch.org\/wp-content\/uploads\/2011\/07\/st-mark-april-25.jpg\",\"datePublished\":\"2011-07-05T18:43:25+00:00\",\"dateModified\":\"2025-10-19T22:16:39+00:00\",\"breadcrumb\":{\"@id\":\"https:\/\/www.episcopalchurch.org\/es\/lectionary\/san-marcos\/#breadcrumb\"},\"inLanguage\":\"es-ES\",\"potentialAction\":[{\"@type\":\"ReadAction\",\"target\":[\"https:\/\/www.episcopalchurch.org\/es\/lectionary\/san-marcos\/\"]}]},{\"@type\":\"ImageObject\",\"inLanguage\":\"es-ES\",\"@id\":\"https:\/\/www.episcopalchurch.org\/es\/lectionary\/san-marcos\/#primaryimage\",\"url\":\"https:\/\/www.episcopalchurch.org\/wp-content\/uploads\/2011\/07\/st-mark-april-25.jpg\",\"contentUrl\":\"https:\/\/www.episcopalchurch.org\/wp-content\/uploads\/2011\/07\/st-mark-april-25.jpg\",\"width\":200,\"height\":293},{\"@type\":\"BreadcrumbList\",\"@id\":\"https:\/\/www.episcopalchurch.org\/es\/lectionary\/san-marcos\/#breadcrumb\",\"itemListElement\":[{\"@type\":\"ListItem\",\"position\":1,\"name\":\"Home\",\"item\":\"https:\/\/www.episcopalchurch.org\/\"},{\"@type\":\"ListItem\",\"position\":2,\"name\":\"San Marcos, evangelista\"}]},{\"@type\":\"WebSite\",\"@id\":\"https:\/\/www.episcopalchurch.org\/#website\",\"url\":\"https:\/\/www.episcopalchurch.org\/\",\"name\":\"The Episcopal Church\",\"description\":\"Welcomes You\",\"publisher\":{\"@id\":\"https:\/\/www.episcopalchurch.org\/#organization\"},\"potentialAction\":[{\"@type\":\"SearchAction\",\"target\":{\"@type\":\"EntryPoint\",\"urlTemplate\":\"https:\/\/www.episcopalchurch.org\/?s={search_term_string}\"},\"query-input\":{\"@type\":\"PropertyValueSpecification\",\"valueRequired\":true,\"valueName\":\"search_term_string\"}}],\"inLanguage\":\"es-ES\"},{\"@type\":\"Organization\",\"@id\":\"https:\/\/www.episcopalchurch.org\/#organization\",\"name\":\"The Episcopal Church\",\"url\":\"https:\/\/www.episcopalchurch.org\/\",\"logo\":{\"@type\":\"ImageObject\",\"inLanguage\":\"es-ES\",\"@id\":\"https:\/\/www.episcopalchurch.org\/#\/schema\/logo\/image\/\",\"url\":\"https:\/\/www.episcopalchurch.org\/wp-content\/uploads\/2021\/01\/vertical_episcopal_logo.jpg\",\"contentUrl\":\"https:\/\/www.episcopalchurch.org\/wp-content\/uploads\/2021\/01\/vertical_episcopal_logo.jpg\",\"width\":770,\"height\":662,\"caption\":\"The Episcopal Church\"},\"image\":{\"@id\":\"https:\/\/www.episcopalchurch.org\/#\/schema\/logo\/image\/\"},\"sameAs\":[\"https:\/\/www.facebook.com\/episcopalian\",\"https:\/\/x.com\/iamepiscopalian\",\"https:\/\/www.youtube.com\/channel\/UCdVJpxCtK41c_-p6EaE4_2A\"]}]}<\/script>\n<!-- \/ Yoast SEO Premium plugin. -->","yoast_head_json":{"title":"San Marcos, evangelista &#8211; The Episcopal Church","robots":{"index":"index","follow":"follow","max-snippet":"max-snippet:-1","max-image-preview":"max-image-preview:large","max-video-preview":"max-video-preview:-1"},"canonical":"https:\/\/www.episcopalchurch.org\/es\/lectionary\/san-marcos\/","og_locale":"es_ES","og_type":"article","og_title":"San Marcos, evangelista","og_description":"La Colecta: Dios omnipotente, que por la mano del evangelista Marcos has entregado a tu Iglesia el Evangelio de Jesucristo el Hijo de Dios: Te damos gracias por este testimonio, y te rogamos nos mantengas firmes en su verdad; por Jesucristo nuestro Se\u00f1or, que vive y reina contigo y el Esp\u00edritu Santo, un solo Dios, [&hellip;]","og_url":"https:\/\/www.episcopalchurch.org\/es\/lectionary\/san-marcos\/","og_site_name":"The Episcopal Church","article_publisher":"https:\/\/www.facebook.com\/episcopalian","article_modified_time":"2025-10-19T22:16:39+00:00","og_image":[{"width":200,"height":293,"url":"https:\/\/www.episcopalchurch.org\/wp-content\/uploads\/2011\/07\/st-mark-april-25.jpg","type":"image\/jpeg"}],"twitter_card":"summary_large_image","twitter_site":"@iamepiscopalian","twitter_misc":{"Est. reading time":"7 minutes"},"schema":{"@context":"https:\/\/schema.org","@graph":[{"@type":"WebPage","@id":"https:\/\/www.episcopalchurch.org\/es\/lectionary\/san-marcos\/","url":"https:\/\/www.episcopalchurch.org\/es\/lectionary\/san-marcos\/","name":"San Marcos, evangelista &#8211; The Episcopal Church","isPartOf":{"@id":"https:\/\/www.episcopalchurch.org\/#website"},"primaryImageOfPage":{"@id":"https:\/\/www.episcopalchurch.org\/es\/lectionary\/san-marcos\/#primaryimage"},"image":{"@id":"https:\/\/www.episcopalchurch.org\/es\/lectionary\/san-marcos\/#primaryimage"},"thumbnailUrl":"https:\/\/www.episcopalchurch.org\/wp-content\/uploads\/2011\/07\/st-mark-april-25.jpg","datePublished":"2011-07-05T18:43:25+00:00","dateModified":"2025-10-19T22:16:39+00:00","breadcrumb":{"@id":"https:\/\/www.episcopalchurch.org\/es\/lectionary\/san-marcos\/#breadcrumb"},"inLanguage":"es-ES","potentialAction":[{"@type":"ReadAction","target":["https:\/\/www.episcopalchurch.org\/es\/lectionary\/san-marcos\/"]}]},{"@type":"ImageObject","inLanguage":"es-ES","@id":"https:\/\/www.episcopalchurch.org\/es\/lectionary\/san-marcos\/#primaryimage","url":"https:\/\/www.episcopalchurch.org\/wp-content\/uploads\/2011\/07\/st-mark-april-25.jpg","contentUrl":"https:\/\/www.episcopalchurch.org\/wp-content\/uploads\/2011\/07\/st-mark-april-25.jpg","width":200,"height":293},{"@type":"BreadcrumbList","@id":"https:\/\/www.episcopalchurch.org\/es\/lectionary\/san-marcos\/#breadcrumb","itemListElement":[{"@type":"ListItem","position":1,"name":"Home","item":"https:\/\/www.episcopalchurch.org\/"},{"@type":"ListItem","position":2,"name":"San Marcos, evangelista"}]},{"@type":"WebSite","@id":"https:\/\/www.episcopalchurch.org\/#website","url":"https:\/\/www.episcopalchurch.org\/","name":"The Episcopal Church","description":"Welcomes You","publisher":{"@id":"https:\/\/www.episcopalchurch.org\/#organization"},"potentialAction":[{"@type":"SearchAction","target":{"@type":"EntryPoint","urlTemplate":"https:\/\/www.episcopalchurch.org\/?s={search_term_string}"},"query-input":{"@type":"PropertyValueSpecification","valueRequired":true,"valueName":"search_term_string"}}],"inLanguage":"es-ES"},{"@type":"Organization","@id":"https:\/\/www.episcopalchurch.org\/#organization","name":"The Episcopal Church","url":"https:\/\/www.episcopalchurch.org\/","logo":{"@type":"ImageObject","inLanguage":"es-ES","@id":"https:\/\/www.episcopalchurch.org\/#\/schema\/logo\/image\/","url":"https:\/\/www.episcopalchurch.org\/wp-content\/uploads\/2021\/01\/vertical_episcopal_logo.jpg","contentUrl":"https:\/\/www.episcopalchurch.org\/wp-content\/uploads\/2021\/01\/vertical_episcopal_logo.jpg","width":770,"height":662,"caption":"The Episcopal Church"},"image":{"@id":"https:\/\/www.episcopalchurch.org\/#\/schema\/logo\/image\/"},"sameAs":["https:\/\/www.facebook.com\/episcopalian","https:\/\/x.com\/iamepiscopalian","https:\/\/www.youtube.com\/channel\/UCdVJpxCtK41c_-p6EaE4_2A"]}]}},"taxonomy_info":[],"featured_image_src_large":["https:\/\/www.episcopalchurch.org\/wp-content\/uploads\/2011\/07\/st-mark-april-25.jpg",200,293,false],"author_info":[],"comment_info":"","uagb_featured_image_src":{"full":["https:\/\/www.episcopalchurch.org\/wp-content\/uploads\/2011\/07\/st-mark-april-25.jpg",200,293,false],"thumbnail":["https:\/\/www.episcopalchurch.org\/wp-content\/uploads\/2011\/07\/st-mark-april-25-150x150.jpg",150,150,true],"medium":["https:\/\/www.episcopalchurch.org\/wp-content\/uploads\/2011\/07\/st-mark-april-25.jpg",200,293,false],"medium_large":["https:\/\/www.episcopalchurch.org\/wp-content\/uploads\/2011\/07\/st-mark-april-25.jpg",200,293,false],"large":["https:\/\/www.episcopalchurch.org\/wp-content\/uploads\/2011\/07\/st-mark-april-25.jpg",200,293,false],"1536x1536":["https:\/\/www.episcopalchurch.org\/wp-content\/uploads\/2011\/07\/st-mark-april-25.jpg",200,293,false],"2048x2048":["https:\/\/www.episcopalchurch.org\/wp-content\/uploads\/2011\/07\/st-mark-april-25.jpg",200,293,false],"menu":["https:\/\/www.episcopalchurch.org\/wp-content\/uploads\/2011\/07\/st-mark-april-25-200x200.jpg",200,200,true],"hero":["https:\/\/www.episcopalchurch.org\/wp-content\/uploads\/2011\/07\/st-mark-april-25.jpg",200,293,false],"callout-image":["https:\/\/www.episcopalchurch.org\/wp-content\/uploads\/2011\/07\/st-mark-april-25.jpg",200,293,false]},"uagb_author_info":{"display_name":"Christopher Sikkema","author_link":"https:\/\/www.episcopalchurch.org\/es\/author\/"},"uagb_comment_info":0,"uagb_excerpt":"La Colecta: Dios omnipotente, que por la mano del evangelista Marcos has entregado a tu Iglesia el Evangelio de Jesucristo el Hijo de Dios: Te damos gracias por este testimonio, y te rogamos nos mantengas firmes en su verdad; por Jesucristo nuestro Se\u00f1or, que vive y reina contigo y el Esp\u00edritu Santo, un solo Dios,&hellip;","_links":{"self":[{"href":"https:\/\/www.episcopalchurch.org\/es\/wp-json\/wp\/v2\/lectionary\/208117","targetHints":{"allow":["GET"]}}],"collection":[{"href":"https:\/\/www.episcopalchurch.org\/es\/wp-json\/wp\/v2\/lectionary"}],"about":[{"href":"https:\/\/www.episcopalchurch.org\/es\/wp-json\/wp\/v2\/types\/lectionary"}],"wp:featuredmedia":[{"embeddable":true,"href":"https:\/\/www.episcopalchurch.org\/es\/wp-json\/wp\/v2\/media\/208120"}],"wp:attachment":[{"href":"https:\/\/www.episcopalchurch.org\/es\/wp-json\/wp\/v2\/media?parent=208117"}],"curies":[{"name":"wp","href":"https:\/\/api.w.org\/{rel}","templated":true}]}}