{"id":211710,"date":"2012-09-26T14:49:58","date_gmt":"2012-09-26T14:49:58","guid":{"rendered":"https:\/\/www.episcopalchurch.org\/lectionary\/proper-16b\/"},"modified":"2026-03-19T11:41:47","modified_gmt":"2026-03-19T15:41:47","slug":"propio-16b","status":"publish","type":"lectionary","link":"https:\/\/www.episcopalchurch.org\/es\/lectionary\/propio-16b\/","title":{"rendered":"Decimocuarto Domingo despu\u00e9s de Pentecost\u00e9s"},"content":{"rendered":"\n<p><strong>Propio 16<\/strong><\/p>\n\n\n\n<p><strong>La Colecta:<\/strong> <\/p>\n\n\n\n<p>Dios bueno, haz que tu Iglesia, congregada y unida por tu Santo Esp\u00edritu, manifieste tu poder entre los pueblos para gloria de tu nombre; por Jesucristo nuestro Se\u00f1or, que contigo y el Esp\u00edritu Santo vive y reina, un solo Dios, ahora y siempre. Am\u00e9n<em>.<\/em><\/p>\n\n\n\n<div class=\"wp-block-getwid-tabs\" data-active-tab=\"0\"><ul class=\"wp-block-getwid-tabs__nav-links\"><\/ul>\n<div class=\"wp-block-getwid-tabs__nav-link\"><span class=\"wp-block-getwid-tabs__title-wrapper\"><a href=\"#\"><span class=\"wp-block-getwid-tabs__title\"><strong><strong>Semicontinuas<\/strong><\/strong><\/span><\/a><\/span><\/div><div class=\"wp-block-getwid-tabs__tab-content-wrapper\"><div class=\"wp-block-getwid-tabs__tab-content\">\n<p><strong>Antiguo Testamento:<\/strong> 1 Reyes 8:(1, 6, 10-11), 22-30, 41-43<\/p>\n\n\n\n<p><sup>1&nbsp;<\/sup>[Salom\u00f3n reuni\u00f3 ante s\u00ed en Jerusal\u00e9n a los ancianos de Israel, a todos los jefes de las tribus y a las personas principales de las familias israelitas, para trasladar el arca de la alianza del Se\u00f1or desde Si\u00f3n, la Ciudad de David. [\u2026]<\/p>\n\n\n\n<p><sup>6&nbsp;<\/sup>Despu\u00e9s llevaron los sacerdotes el arca de la alianza del Se\u00f1or al interior del templo, hasta el Lugar sant\u00edsimo, bajo las alas de los seres alados. [\u2026]<\/p>\n\n\n\n<p><sup>10&nbsp;<\/sup>Al salir los sacerdotes del Lugar santo, la nube llen\u00f3 el templo del Se\u00f1or,&nbsp;<sup>11&nbsp;<\/sup>y por causa de la nube los sacerdotes no pudieron quedarse para celebrar el culto, porque la gloria del Se\u00f1or hab\u00eda llenado su templo.] [\u2026]<\/p>\n\n\n\n<p><sup>22&nbsp;<\/sup>Despu\u00e9s se puso Salom\u00f3n delante del altar del Se\u00f1or, en presencia de toda la comunidad israelita, y extendiendo sus manos al cielo,&nbsp;<sup>23&nbsp;<\/sup>exclam\u00f3: \u00abSe\u00f1or, Dios de Israel: ni en el cielo ni en la tierra hay un Dios como t\u00fa, que cumples tu alianza y muestras tu bondad para con los que te sirven de todo coraz\u00f3n;&nbsp;<sup>24&nbsp;<\/sup>que has cumplido lo que prometiste a tu siervo David, mi padre, uniendo as\u00ed la acci\u00f3n a la palabra en este d\u00eda.&nbsp;<sup>25&nbsp;<\/sup>Por lo tanto, Se\u00f1or, Dios de Israel, cumple tambi\u00e9n lo que prometiste a tu siervo David, mi padre: que no le faltar\u00eda un descendiente que, con tu favor, subiera al trono de Israel, con tal de que sus hijos cuidaran su conducta y se comportaran en tu presencia como \u00e9l se comport\u00f3.&nbsp;<sup>26&nbsp;<\/sup>As\u00ed pues, Dios de Israel, haz que se cumpla la promesa que hiciste a mi padre, tu servidor David.&nbsp;<\/p>\n\n\n\n<p><sup>27&nbsp;<\/sup>\u00bbPero \u00bfser\u00e1 verdad que Dios puede vivir sobre la tierra? Si el cielo, en toda su inmensidad, no puede contenerte, \u00a1cu\u00e1nto menos este templo que he construido para ti!&nbsp;<sup>28&nbsp;<\/sup>No obstante, Se\u00f1or y Dios m\u00edo, atiende mi ruego y mi s\u00faplica; escucha el clamor y la oraci\u00f3n que este siervo tuyo te dirige hoy.&nbsp;<sup>29&nbsp;<\/sup>No dejes de mirar, ni de d\u00eda ni de noche, este templo, lugar donde t\u00fa has dicho que estar\u00e1s presente. Escucha la oraci\u00f3n que aqu\u00ed te dirige este siervo tuyo.&nbsp;<sup>30&nbsp;<\/sup>Escucha mis s\u00faplicas y las de tu pueblo Israel cuando oremos hacia este lugar. Esc\u00fachalas en el cielo, lugar donde vives, y conc\u00e9denos tu perd\u00f3n. [\u2026]<\/p>\n\n\n\n<p><sup>41&nbsp;<\/sup>\u00bbAun si un extranjero, uno que no sea de tu pueblo, por causa de tu nombre viene de tierras lejanas&nbsp;<sup>42&nbsp;<\/sup>y ora hacia este templo (ya que se oir\u00e1 hablar de tu nombre grandioso y de tu gran despliegue de poder),&nbsp;<sup>43&nbsp;<\/sup>escucha t\u00fa desde el cielo, desde el lugar donde habitas, y conc\u00e9dele todo lo que te pida, para que todas las naciones de la tierra te conozcan y te honren como lo hace tu pueblo Israel, y comprendan que tu nombre es invocado en este templo que yo te he construido.\u00bb&nbsp;&nbsp;&nbsp;&nbsp;&nbsp;<\/p>\n\n\n\n<p><strong>Salmo:<\/strong> 84<\/p>\n\n\n\n<p><sup>1<\/sup>&nbsp;\u00a1Dios de la huestes, qu\u00e9 hermosas tus moradas! *<br>&nbsp;&nbsp;&nbsp;&nbsp;&nbsp;&nbsp;&nbsp;Todo mi ser anhela los atrios de Se\u00f1or;<br>&nbsp;&nbsp;&nbsp;&nbsp;&nbsp;&nbsp;&nbsp;mi coraz\u00f3n y carne cantan de gozo al Dios vivo.<br><sup>2<\/sup>&nbsp;El gorri\u00f3n halla una morada<br>&nbsp;&nbsp;&nbsp;y la golondrina, un nido para sus polluelos *<br>&nbsp;&nbsp;&nbsp;&nbsp;&nbsp;&nbsp;&nbsp;cerca de tu altar, Dios de las Huestes,<br>&nbsp;&nbsp;&nbsp;&nbsp;&nbsp;&nbsp;&nbsp;Rey m\u00edo y Dios m\u00edo.<br><sup>3<\/sup>&nbsp;Dichosos los que habitan en tu casa; *<br>&nbsp;&nbsp;&nbsp;&nbsp;&nbsp;&nbsp;&nbsp;te alabar\u00e1n sin cesar.<br><sup>4<\/sup>&nbsp;Dichosos los que en ti encuentran su fuerza; *<br>&nbsp;&nbsp;&nbsp;&nbsp;&nbsp;&nbsp;&nbsp;sus corazones est\u00e1n siempre en tus caminos.<br><sup>5<\/sup>&nbsp;Cuando pasan por el valle de l\u00e1grimas, lo hacen un manantial; *<br>&nbsp;&nbsp;&nbsp;&nbsp;&nbsp;&nbsp;&nbsp;las lluvias tempranas los cubren de bendici\u00f3n.<br><sup>6<\/sup>&nbsp;Avanzar\u00e1n de baluarte en baluarte *<br>&nbsp;&nbsp;&nbsp;&nbsp;&nbsp;&nbsp;&nbsp;y en Sion ver\u00e1n al Dios de dioses.<br><sup>7<\/sup>&nbsp;\u00a1Ay Dios de las Huestes, escucha mi oraci\u00f3n! *<br>&nbsp;&nbsp;&nbsp;&nbsp;&nbsp;&nbsp;&nbsp;&nbsp;\u00a1Escucha, Se\u00f1or, Dios de Jacob!<br><sup>8<\/sup>&nbsp;Mira, Se\u00f1or, nuestro escudo; *<br>&nbsp;&nbsp;&nbsp;&nbsp;&nbsp;&nbsp;&nbsp;pon tu vista en el rostro de tu Ungido.<br><sup>9<\/sup>&nbsp;M\u00e1s vale un d\u00eda en tus atrios que mil en mi casa; *<br>&nbsp;&nbsp;&nbsp;&nbsp;&nbsp;&nbsp;&nbsp;y prefiero el umbral de tu morada<br>&nbsp;&nbsp;&nbsp;&nbsp;&nbsp;&nbsp;&nbsp;a vivir en tienda de malvados.<br><sup>10<\/sup>&nbsp;Porque sol y escudo es el Se\u00f1or; *<br>&nbsp;&nbsp;&nbsp;&nbsp;&nbsp;&nbsp;&nbsp;Dios imparte gracia y gloria.<br><sup>11<\/sup>&nbsp;Dios no privar\u00e1 de ning\u00fan bien *<br>&nbsp;&nbsp;&nbsp;&nbsp;&nbsp;&nbsp;&nbsp;a quienes andan en integridad.<br><sup>12<\/sup>&nbsp;\u00a1Se\u00f1or de los Ej\u00e9rcitos, *<br>&nbsp;&nbsp;&nbsp;&nbsp;&nbsp;&nbsp;&nbsp;dichoso quien en ti conf\u00eda!<\/p>\n<\/div><\/div>\n\n\n\n<div class=\"wp-block-getwid-tabs__nav-link\"><span class=\"wp-block-getwid-tabs__title-wrapper\"><a href=\"#\"><span class=\"wp-block-getwid-tabs__title\"><strong><strong>Complementarias<\/strong><\/strong><\/span><\/a><\/span><\/div><div class=\"wp-block-getwid-tabs__tab-content-wrapper\"><div class=\"wp-block-getwid-tabs__tab-content\">\n<p><strong>Antiguo Testamento:<\/strong> Josu\u00e9 24:1-2a, 14-18<\/p>\n\n\n\n<p><sup>1&nbsp;<\/sup>Josu\u00e9 reuni\u00f3 en Siquem a todas las tribus de Israel. Llam\u00f3 a los ancianos, jefes, jueces y oficiales y, en presencia del Se\u00f1or,&nbsp;<sup>2&nbsp;<\/sup>dijo a todo el pueblo: [\u2026]&nbsp;<sup>14&nbsp;<\/sup>\u2014Por todo esto, respeten al Se\u00f1or y s\u00edrvanle con sinceridad y lealtad. Ap\u00e1rtense de los dioses que sus antepasados adoraron a orillas del r\u00edo \u00c9ufrates y en Egipto, y sirvan al Se\u00f1or.&nbsp;<sup>15&nbsp;<\/sup>Pero si no quieren servir al Se\u00f1or, elijan hoy a qui\u00e9n van a servir: si a los dioses a los que sus antepasados serv\u00edan a orillas del \u00c9ufrates, o a los dioses de los amorreos que viven en esta tierra. Por mi parte, mi familia y yo serviremos al Se\u00f1or.<\/p>\n\n\n\n<p><sup>16&nbsp;<\/sup>Entonces el pueblo dijo: \u2014\u00a1No permita el Se\u00f1or que lo abandonemos por servir a otros dioses!&nbsp;<sup>17&nbsp;<\/sup>El Se\u00f1or fue quien nos sac\u00f3 a nosotros y a nuestros antepasados de Egipto, donde \u00e9ramos esclavos. \u00c9l fue quien hizo tantas maravillas delante de nuestros ojos, y quien nos protegi\u00f3 y nos defendi\u00f3 durante el camino, cuando pasamos entre tantos pueblos.&nbsp;<sup>18&nbsp;<\/sup>\u00c9l ech\u00f3 de delante de nosotros a todos los pueblos que estaban en nuestro camino, y a los amorreos que viv\u00edan aqu\u00ed. Por todo esto, nosotros tambi\u00e9n serviremos al Se\u00f1or, pues \u00e9l es nuestro Dios.&nbsp;&nbsp;&nbsp;&nbsp;&nbsp;<\/p>\n\n\n\n<p><strong>Salmo:<\/strong> 34:15-22<\/p>\n\n\n\n<p><sup>15<\/sup>&nbsp;Los ojos del Se\u00f1or ven a los justos *<br>y sus o\u00eddos atienden su clamor.<br><sup>16<\/sup>&nbsp;El Se\u00f1or enfrenta a todos los malvados; *<br>arranca y barre su memoria de la tierra.<br><sup>17<\/sup>&nbsp;Claman los justos, el Se\u00f1or escucha *<br>y los libra de todos sus aprietos.<br><sup>18<\/sup>&nbsp;Dios acompa\u00f1a al de coraz\u00f3n quebrado *<br>y salvar\u00e1 al desconsolado.<br><sup>19<\/sup>&nbsp;El justo sufre muchas aflicciones, *<br>pero el Se\u00f1or lo librar\u00e1 de todas ellas.<br><sup>20<\/sup>&nbsp;Le guardar\u00e1 todos sus huesos; *<br>no le quebrar\u00e1n ni uno.<br><sup>21<\/sup>&nbsp;La maldad matar\u00e1 a los malvados *<br>y quien odia al justo ser\u00e1 castigado.<br><sup>22<\/sup>&nbsp;Dios rescatar\u00e1 la vida de sus siervos *<br>y no castigar\u00e1 a quienes en \u00e9l conf\u00edan.<\/p>\n<\/div><\/div>\n<\/div>\n\n\n\n<p><strong>Nuevo Testamento:<\/strong> Efesios 6:10-20<\/p>\n\n\n\n<p><sup>10&nbsp;<\/sup>Ahora, hermanos, busquen su fuerza en el Se\u00f1or, en su poder irresistible.&nbsp;<sup>11&nbsp;<\/sup>Prot\u00e9janse con toda la armadura que Dios les ha dado, para que puedan estar firmes contra los enga\u00f1os del diablo.&nbsp;<sup>12&nbsp;<\/sup>Porque no estamos luchando contra poderes humanos, sino contra malignas fuerzas espirituales del cielo, las cuales tienen mando, autoridad y dominio sobre el mundo de tinieblas que nos rodea.&nbsp;<sup>13&nbsp;<\/sup>Por eso, tomen toda la armadura que Dios les ha dado, para que puedan resistir en el d\u00eda malo y, despu\u00e9s de haberse preparado bien, mantenerse firmes.&nbsp;<\/p>\n\n\n\n<p><sup>14&nbsp;<\/sup>As\u00ed que mant\u00e9nganse firmes, revestidos de la verdad y protegidos por la rectitud.&nbsp;<sup>15&nbsp;<\/sup>Est\u00e9n siempre listos para salir a anunciar el mensaje de la paz.&nbsp;<sup>16&nbsp;<\/sup>Sobre todo, que su fe sea el escudo que los libre de las flechas encendidas del maligno.&nbsp;<sup>17&nbsp;<\/sup>Que la salvaci\u00f3n sea el casco que proteja su cabeza, y que la palabra de Dios sea la espada que les da el Esp\u00edritu Santo.&nbsp;<sup>18&nbsp;<\/sup>No dejen ustedes de orar: rueguen y pidan a Dios siempre, guiados por el Esp\u00edritu. Mant\u00e9nganse alerta, sin desanimarse, y oren por todo el pueblo santo.&nbsp;<sup>19&nbsp;<\/sup>Oren tambi\u00e9n por m\u00ed, para que Dios me d\u00e9 las palabras que debo decir, y para que pueda hablar con valor y dar as\u00ed a conocer el designio secreto de Dios, contenido en el evangelio.&nbsp;<sup>20&nbsp;<\/sup>Dios me ha enviado como embajador de este mensaje, por el cual estoy preso ahora. Oren para que yo hable de \u00e9l sin temor alguno.&nbsp;&nbsp;&nbsp;&nbsp;&nbsp;<\/p>\n\n\n\n<p><strong>El Evangelio:<\/strong> Juan 6:56-69<\/p>\n\n\n\n<p><sup>56&nbsp;<\/sup>Jes\u00fas dijo: \u2014El que come mi carne y bebe mi sangre, vive unido a m\u00ed, y yo vivo unido a \u00e9l.&nbsp;<sup>57&nbsp;<\/sup>El Padre, que me ha enviado, tiene vida, y yo vivo por \u00e9l; de la misma manera, el que se alimenta de m\u00ed, vivir\u00e1 por m\u00ed.&nbsp;<sup>58&nbsp;<\/sup>Hablo del pan que ha bajado del cielo. Este pan no es como el man\u00e1 que comieron los antepasados de ustedes, que a pesar de haberlo comido murieron; el que come de este pan, vivir\u00e1 para siempre.&nbsp;<\/p>\n\n\n\n<p><sup>59&nbsp;<\/sup>Jes\u00fas ense\u00f1\u00f3 estas cosas en la sinagoga en Cafarna\u00fam.&nbsp;<\/p>\n\n\n\n<p><sup>60&nbsp;<\/sup>Al o\u00edr estas ense\u00f1anzas, muchos de los que segu\u00edan a Jes\u00fas dijeron: \u2014Esto que dice es muy dif\u00edcil de aceptar; \u00bfqui\u00e9n puede hacerle caso?&nbsp;<\/p>\n\n\n\n<p><sup>61&nbsp;<\/sup>Jes\u00fas, d\u00e1ndose cuenta de lo que estaban murmurando, les pregunt\u00f3: \u2014\u00bfEsto les ofende?&nbsp;<sup>62&nbsp;<\/sup>\u00bfQu\u00e9 pasar\u00eda entonces, si vieran al Hijo del hombre subir a donde antes estaba?&nbsp;<sup>63&nbsp;<\/sup>El esp\u00edritu es el que da vida; lo carnal no sirve para nada. Y las cosas que yo les he dicho son esp\u00edritu y vida.&nbsp;<sup>64&nbsp;<\/sup>Pero todav\u00eda hay algunos de ustedes que no creen.&nbsp;<\/p>\n\n\n\n<p>Es que Jes\u00fas sab\u00eda desde el principio qui\u00e9nes eran los que no cre\u00edan, y qui\u00e9n era el que lo iba a traicionar.&nbsp;<sup>65&nbsp;<\/sup>Y a\u00f1adi\u00f3: \u2014Por esto les he dicho que nadie puede venir a m\u00ed, si el Padre no se lo concede.&nbsp;<\/p>\n\n\n\n<p><sup>66&nbsp;<\/sup>Desde entonces, muchos de los que hab\u00edan seguido a Jes\u00fas lo dejaron, y ya no andaban con \u00e9l.&nbsp;<sup>67&nbsp;<\/sup>Jes\u00fas les pregunt\u00f3 a los doce disc\u00edpulos: \u2014\u00bfTambi\u00e9n ustedes quieren irse?&nbsp;<\/p>\n\n\n\n<p><sup>68&nbsp;<\/sup>Sim\u00f3n Pedro le contest\u00f3: \u2014Se\u00f1or, \u00bfa qui\u00e9n podemos ir? Tus palabras son palabras de vida eterna.&nbsp;<sup>69&nbsp;<\/sup>Nosotros ya hemos cre\u00eddo, y sabemos que t\u00fa eres el Santo de Dios.<\/p>\n\n\n\n<h3 class=\"wp-block-heading\" id=\"h-mas-recursos-para-propio-16b\"><strong>M\u00e1s recursos para Propio 16B<\/strong><\/h3>\n\n\n\n<div class=\"wp-block-columns is-layout-flex wp-container-core-columns-is-layout-9d6595d7 wp-block-columns-is-layout-flex\">\n<div class=\"wp-block-column is-layout-flow wp-block-column-is-layout-flow\">\n<div class=\"wp-block-buttons is-layout-flex wp-block-buttons-is-layout-flex\">\n<div class=\"wp-block-button\"><a class=\"wp-block-button__link has-blue-background-color has-background wp-element-button\" href=\"https:\/\/www.episcopalchurch.org\/es\/sermones-que-iluminan\/propio-16b\/\">Sermones<\/a><\/div>\n<\/div>\n<\/div>\n\n\n\n<div class=\"wp-block-column is-layout-flow wp-block-column-is-layout-flow\">\n<div class=\"wp-block-buttons is-layout-flex wp-block-buttons-is-layout-flex\">\n<div class=\"wp-block-button\"><a class=\"wp-block-button__link has-blue-background-color has-background wp-element-button\" href=\"https:\/\/www.episcopalchurch.org\/es\/estudio-biblico\/propio-16b\/\">Estudio B\u00edblico<\/a><\/div>\n<\/div>\n<\/div>\n<\/div>\n","protected":false},"featured_media":0,"template":"","meta":{"_acf_changed":false,"_uag_custom_page_level_css":"","_kad_blocks_custom_css":"","_kad_blocks_head_custom_js":"","_kad_blocks_body_custom_js":"","_kad_blocks_footer_custom_js":"","_kadence_starter_templates_imported_post":false,"_links_to":"","_links_to_target":""},"class_list":["post-211710","lectionary","type-lectionary","status-publish","hentry"],"acf":{"lectionary_cycle":["B"],"lectionary_type":"revised-common-lectionary","lectionary_date":"2021-08-22","lectionary_date_month":"8","lectionary_date_day":"22","drupal_id":"129184","lectionary_language":"en","lectionary_other_translation":false},"yoast_head":"<!-- This site is optimized with the Yoast SEO Premium plugin v24.6 (Yoast SEO v26.3) - https:\/\/yoast.com\/wordpress\/plugins\/seo\/ -->\n<title>Decimocuarto Domingo despu\u00e9s de Pentecost\u00e9s &#8211; The Episcopal Church<\/title>\n<meta name=\"robots\" content=\"index, follow, max-snippet:-1, max-image-preview:large, max-video-preview:-1\" \/>\n<link rel=\"canonical\" href=\"https:\/\/www.episcopalchurch.org\/es\/lectionary\/propio-16b\/\" \/>\n<meta property=\"og:locale\" content=\"es_ES\" \/>\n<meta property=\"og:type\" content=\"article\" \/>\n<meta property=\"og:title\" content=\"Decimocuarto Domingo despu\u00e9s de Pentecost\u00e9s\" \/>\n<meta property=\"og:description\" content=\"Propio 16 La Colecta: Dios bueno, haz que tu Iglesia, congregada y unida por tu Santo Esp\u00edritu, manifieste tu poder entre los pueblos para gloria de tu nombre; por Jesucristo nuestro Se\u00f1or, que contigo y el Esp\u00edritu Santo vive y reina, un solo Dios, ahora y siempre. Am\u00e9n. Nuevo Testamento: Efesios 6:10-20 10&nbsp;Ahora, hermanos, busquen [&hellip;]\" \/>\n<meta property=\"og:url\" content=\"https:\/\/www.episcopalchurch.org\/es\/lectionary\/propio-16b\/\" \/>\n<meta property=\"og:site_name\" content=\"The Episcopal Church\" \/>\n<meta property=\"article:publisher\" content=\"https:\/\/www.facebook.com\/episcopalian\" \/>\n<meta property=\"article:modified_time\" content=\"2026-03-19T15:41:47+00:00\" \/>\n<meta name=\"twitter:card\" content=\"summary_large_image\" \/>\n<meta name=\"twitter:site\" content=\"@iamepiscopalian\" \/>\n<meta name=\"twitter:label1\" content=\"Est. reading time\" \/>\n\t<meta name=\"twitter:data1\" content=\"8 minutes\" \/>\n<script type=\"application\/ld+json\" class=\"yoast-schema-graph\">{\"@context\":\"https:\/\/schema.org\",\"@graph\":[{\"@type\":\"WebPage\",\"@id\":\"https:\/\/www.episcopalchurch.org\/es\/lectionary\/propio-16b\/\",\"url\":\"https:\/\/www.episcopalchurch.org\/es\/lectionary\/propio-16b\/\",\"name\":\"Decimocuarto Domingo despu\u00e9s de Pentecost\u00e9s &#8211; The Episcopal Church\",\"isPartOf\":{\"@id\":\"https:\/\/www.episcopalchurch.org\/#website\"},\"datePublished\":\"2012-09-26T14:49:58+00:00\",\"dateModified\":\"2026-03-19T15:41:47+00:00\",\"breadcrumb\":{\"@id\":\"https:\/\/www.episcopalchurch.org\/es\/lectionary\/propio-16b\/#breadcrumb\"},\"inLanguage\":\"es-ES\",\"potentialAction\":[{\"@type\":\"ReadAction\",\"target\":[\"https:\/\/www.episcopalchurch.org\/es\/lectionary\/propio-16b\/\"]}]},{\"@type\":\"BreadcrumbList\",\"@id\":\"https:\/\/www.episcopalchurch.org\/es\/lectionary\/propio-16b\/#breadcrumb\",\"itemListElement\":[{\"@type\":\"ListItem\",\"position\":1,\"name\":\"Home\",\"item\":\"https:\/\/www.episcopalchurch.org\/\"},{\"@type\":\"ListItem\",\"position\":2,\"name\":\"Decimocuarto Domingo despu\u00e9s de Pentecost\u00e9s\"}]},{\"@type\":\"WebSite\",\"@id\":\"https:\/\/www.episcopalchurch.org\/#website\",\"url\":\"https:\/\/www.episcopalchurch.org\/\",\"name\":\"The Episcopal Church\",\"description\":\"Welcomes You\",\"publisher\":{\"@id\":\"https:\/\/www.episcopalchurch.org\/#organization\"},\"potentialAction\":[{\"@type\":\"SearchAction\",\"target\":{\"@type\":\"EntryPoint\",\"urlTemplate\":\"https:\/\/www.episcopalchurch.org\/?s={search_term_string}\"},\"query-input\":{\"@type\":\"PropertyValueSpecification\",\"valueRequired\":true,\"valueName\":\"search_term_string\"}}],\"inLanguage\":\"es-ES\"},{\"@type\":\"Organization\",\"@id\":\"https:\/\/www.episcopalchurch.org\/#organization\",\"name\":\"The Episcopal Church\",\"url\":\"https:\/\/www.episcopalchurch.org\/\",\"logo\":{\"@type\":\"ImageObject\",\"inLanguage\":\"es-ES\",\"@id\":\"https:\/\/www.episcopalchurch.org\/#\/schema\/logo\/image\/\",\"url\":\"https:\/\/www.episcopalchurch.org\/wp-content\/uploads\/2021\/01\/vertical_episcopal_logo.jpg\",\"contentUrl\":\"https:\/\/www.episcopalchurch.org\/wp-content\/uploads\/2021\/01\/vertical_episcopal_logo.jpg\",\"width\":770,\"height\":662,\"caption\":\"The Episcopal Church\"},\"image\":{\"@id\":\"https:\/\/www.episcopalchurch.org\/#\/schema\/logo\/image\/\"},\"sameAs\":[\"https:\/\/www.facebook.com\/episcopalian\",\"https:\/\/x.com\/iamepiscopalian\",\"https:\/\/www.youtube.com\/channel\/UCdVJpxCtK41c_-p6EaE4_2A\"]}]}<\/script>\n<!-- \/ Yoast SEO Premium plugin. -->","yoast_head_json":{"title":"Decimocuarto Domingo despu\u00e9s de Pentecost\u00e9s &#8211; The Episcopal Church","robots":{"index":"index","follow":"follow","max-snippet":"max-snippet:-1","max-image-preview":"max-image-preview:large","max-video-preview":"max-video-preview:-1"},"canonical":"https:\/\/www.episcopalchurch.org\/es\/lectionary\/propio-16b\/","og_locale":"es_ES","og_type":"article","og_title":"Decimocuarto Domingo despu\u00e9s de Pentecost\u00e9s","og_description":"Propio 16 La Colecta: Dios bueno, haz que tu Iglesia, congregada y unida por tu Santo Esp\u00edritu, manifieste tu poder entre los pueblos para gloria de tu nombre; por Jesucristo nuestro Se\u00f1or, que contigo y el Esp\u00edritu Santo vive y reina, un solo Dios, ahora y siempre. Am\u00e9n. Nuevo Testamento: Efesios 6:10-20 10&nbsp;Ahora, hermanos, busquen [&hellip;]","og_url":"https:\/\/www.episcopalchurch.org\/es\/lectionary\/propio-16b\/","og_site_name":"The Episcopal Church","article_publisher":"https:\/\/www.facebook.com\/episcopalian","article_modified_time":"2026-03-19T15:41:47+00:00","twitter_card":"summary_large_image","twitter_site":"@iamepiscopalian","twitter_misc":{"Est. reading time":"8 minutes"},"schema":{"@context":"https:\/\/schema.org","@graph":[{"@type":"WebPage","@id":"https:\/\/www.episcopalchurch.org\/es\/lectionary\/propio-16b\/","url":"https:\/\/www.episcopalchurch.org\/es\/lectionary\/propio-16b\/","name":"Decimocuarto Domingo despu\u00e9s de Pentecost\u00e9s &#8211; The Episcopal Church","isPartOf":{"@id":"https:\/\/www.episcopalchurch.org\/#website"},"datePublished":"2012-09-26T14:49:58+00:00","dateModified":"2026-03-19T15:41:47+00:00","breadcrumb":{"@id":"https:\/\/www.episcopalchurch.org\/es\/lectionary\/propio-16b\/#breadcrumb"},"inLanguage":"es-ES","potentialAction":[{"@type":"ReadAction","target":["https:\/\/www.episcopalchurch.org\/es\/lectionary\/propio-16b\/"]}]},{"@type":"BreadcrumbList","@id":"https:\/\/www.episcopalchurch.org\/es\/lectionary\/propio-16b\/#breadcrumb","itemListElement":[{"@type":"ListItem","position":1,"name":"Home","item":"https:\/\/www.episcopalchurch.org\/"},{"@type":"ListItem","position":2,"name":"Decimocuarto Domingo despu\u00e9s de Pentecost\u00e9s"}]},{"@type":"WebSite","@id":"https:\/\/www.episcopalchurch.org\/#website","url":"https:\/\/www.episcopalchurch.org\/","name":"The Episcopal Church","description":"Welcomes You","publisher":{"@id":"https:\/\/www.episcopalchurch.org\/#organization"},"potentialAction":[{"@type":"SearchAction","target":{"@type":"EntryPoint","urlTemplate":"https:\/\/www.episcopalchurch.org\/?s={search_term_string}"},"query-input":{"@type":"PropertyValueSpecification","valueRequired":true,"valueName":"search_term_string"}}],"inLanguage":"es-ES"},{"@type":"Organization","@id":"https:\/\/www.episcopalchurch.org\/#organization","name":"The Episcopal Church","url":"https:\/\/www.episcopalchurch.org\/","logo":{"@type":"ImageObject","inLanguage":"es-ES","@id":"https:\/\/www.episcopalchurch.org\/#\/schema\/logo\/image\/","url":"https:\/\/www.episcopalchurch.org\/wp-content\/uploads\/2021\/01\/vertical_episcopal_logo.jpg","contentUrl":"https:\/\/www.episcopalchurch.org\/wp-content\/uploads\/2021\/01\/vertical_episcopal_logo.jpg","width":770,"height":662,"caption":"The Episcopal Church"},"image":{"@id":"https:\/\/www.episcopalchurch.org\/#\/schema\/logo\/image\/"},"sameAs":["https:\/\/www.facebook.com\/episcopalian","https:\/\/x.com\/iamepiscopalian","https:\/\/www.youtube.com\/channel\/UCdVJpxCtK41c_-p6EaE4_2A"]}]}},"taxonomy_info":[],"featured_image_src_large":false,"author_info":[],"comment_info":"","uagb_featured_image_src":{"full":false,"thumbnail":false,"medium":false,"medium_large":false,"large":false,"1536x1536":false,"2048x2048":false,"menu":false,"hero":false,"callout-image":false},"uagb_author_info":{"display_name":"Scott Rands","author_link":"https:\/\/www.episcopalchurch.org\/es\/author\/"},"uagb_comment_info":0,"uagb_excerpt":"Propio 16 La Colecta: Dios bueno, haz que tu Iglesia, congregada y unida por tu Santo Esp\u00edritu, manifieste tu poder entre los pueblos para gloria de tu nombre; por Jesucristo nuestro Se\u00f1or, que contigo y el Esp\u00edritu Santo vive y reina, un solo Dios, ahora y siempre. Am\u00e9n. Nuevo Testamento: Efesios 6:10-20 10&nbsp;Ahora, hermanos, busquen&hellip;","_links":{"self":[{"href":"https:\/\/www.episcopalchurch.org\/es\/wp-json\/wp\/v2\/lectionary\/211710","targetHints":{"allow":["GET"]}}],"collection":[{"href":"https:\/\/www.episcopalchurch.org\/es\/wp-json\/wp\/v2\/lectionary"}],"about":[{"href":"https:\/\/www.episcopalchurch.org\/es\/wp-json\/wp\/v2\/types\/lectionary"}],"wp:attachment":[{"href":"https:\/\/www.episcopalchurch.org\/es\/wp-json\/wp\/v2\/media?parent=211710"}],"curies":[{"name":"wp","href":"https:\/\/api.w.org\/{rel}","templated":true}]}}