{"id":212473,"date":"2011-07-05T18:43:18","date_gmt":"2011-07-05T18:43:18","guid":{"rendered":"https:\/\/www.episcopalchurch.org\/lectionary\/saint-luke\/"},"modified":"2025-09-08T18:34:17","modified_gmt":"2025-09-08T22:34:17","slug":"san-lucas","status":"publish","type":"lectionary","link":"https:\/\/www.episcopalchurch.org\/es\/lectionary\/san-lucas\/","title":{"rendered":"San Lucas, evangelista"},"content":{"rendered":"\n<p><strong>La Colecta:<\/strong> <\/p>\n\n\n\n<p>Dios omnipotente, que inspiraste a tu siervo Lucas el m\u00e9dico a manifestar en el Evangelio el amor y poder sanativo de tu Hijo: Contin\u00faa en tu Iglesia, por tu gracia, el mismo amor y poder de sanidad, para alabanza y gloria de tu Nombre; por Jesucristo nuestro Se\u00f1or, que vive y reina contigo, en la unidad del Esp\u00edritu Santo, un solo Dios, ahora y por siempre.&nbsp;&nbsp;<em>Am\u00e9n<\/em>.<\/p>\n\n\n\n<p><strong>Primera Lectura:<\/strong> Sir\u00e1cida 38:1-4,6-10,12-14<\/p>\n\n\n\n<p><sup>1<\/sup>&nbsp;Respeta al m\u00e9dico por sus servicios,<br>pues tambi\u00e9n a \u00e9l lo instituy\u00f3 Dios.<br><sup>2<\/sup>&nbsp;El m\u00e9dico recibe de Dios su ciencia,<br>y del rey recibe su sustento.<br><sup>3<\/sup>&nbsp;Gracias a sus conocimientos, el m\u00e9dico goza de prestigio<br>y puede presentarse ante los nobles.<br><sup>4<\/sup>&nbsp;Dios hace que la tierra produzca sustancias medicinales,<br>y el hombre inteligente no debe despreciarlas.<br><sup>6<\/sup>&nbsp;\u00c9l dio la inteligencia a los hombres,<br>para que lo alaben por sus obras poderosas.<br><sup>7<\/sup>&nbsp;Con esas sustancias, el m\u00e9dico calma los dolores<br>y el boticario prepara sus remedios.<br><sup>8<\/sup>&nbsp;As\u00ed no desaparecen los seres creados por Dios,<br>ni falta a los hombres la salud.<br><sup>9<\/sup>&nbsp;Hijo m\u00edo, cuando est\u00e9s enfermo no seas impaciente;<br>p\u00eddele a Dios, y \u00e9l te dar\u00e1 la salud.<br><sup>10<\/sup>&nbsp;Huye del mal y de la injusticia,<br>y purifica tu coraz\u00f3n de todo pecado.<br><sup>12<\/sup>&nbsp;Pero llama tambi\u00e9n al m\u00e9dico;<br>no lo rechaces, pues tambi\u00e9n a \u00e9l lo necesitas.<br><sup>13<\/sup>&nbsp;Hay momentos en que el \u00e9xito depende de \u00e9l,<br><sup>14<\/sup>&nbsp;y \u00e9l tambi\u00e9n se encomienda a Dios,<br>para poder acertar en el diagn\u00f3stico<br>y aplicar los remedios eficaces.<\/p>\n\n\n\n<p><strong>Salmo:<\/strong> 147 o 147:1-7<\/p>\n\n\n\n<p>&nbsp;&nbsp;1 &nbsp;&nbsp;&nbsp; \u00a1Aleluya! \u00a1Cu\u00e1n bueno es cantar alabanzas a nuestro Dios! *<br>&nbsp;&nbsp;&nbsp;&nbsp;&nbsp;&nbsp;&nbsp;&nbsp;&nbsp;&nbsp;&nbsp;&nbsp; \u00a1Cu\u00e1n agradable es honrarle con loores!<br>&nbsp; 2 &nbsp;&nbsp;&nbsp; El Se\u00f1or reconstruye Jerusal\u00e9n; *<br>&nbsp;&nbsp;&nbsp;&nbsp;&nbsp;&nbsp;&nbsp;&nbsp;&nbsp;&nbsp;&nbsp;&nbsp; a los desterrados de Israel recoge.<br>&nbsp; 3 &nbsp;&nbsp;&nbsp; El sana a los quebrantados de coraz\u00f3n, *<br>&nbsp;&nbsp;&nbsp;&nbsp;&nbsp;&nbsp;&nbsp;&nbsp;&nbsp;&nbsp;&nbsp;&nbsp; y venda sus heridas.<br>&nbsp; 4 &nbsp;&nbsp;&nbsp; Cuenta el n\u00famero de las estrellas; *<br>&nbsp;&nbsp;&nbsp;&nbsp;&nbsp;&nbsp;&nbsp;&nbsp;&nbsp;&nbsp;&nbsp;&nbsp; a todas ellas llama por su nombre.<br>&nbsp; 5 &nbsp;&nbsp;&nbsp; Grande es el Se\u00f1or nuestro, incomparable su poder, *<br>&nbsp;&nbsp;&nbsp;&nbsp;&nbsp;&nbsp;&nbsp;&nbsp;&nbsp;&nbsp;&nbsp;&nbsp; infinita su sabidur\u00eda.<br>&nbsp; 6 &nbsp;&nbsp;&nbsp; El Se\u00f1or levanta a los humildes, *<br>&nbsp;&nbsp;&nbsp;&nbsp;&nbsp;&nbsp;&nbsp;&nbsp;&nbsp;&nbsp;&nbsp;&nbsp; mas humilla hasta el polvo a los malvados.<br>&nbsp; 7 &nbsp;&nbsp;&nbsp; Canten al Se\u00f1or con acci\u00f3n de gracias; *<br>&nbsp;&nbsp;&nbsp;&nbsp;&nbsp;&nbsp;&nbsp;&nbsp;&nbsp;&nbsp;&nbsp;&nbsp; toquen el arpa a nuestro Dios.<br><strong>[<\/strong>8 &nbsp;&nbsp;&nbsp; El cubre los cielos de nubes, *<br>&nbsp;&nbsp;&nbsp;&nbsp;&nbsp;&nbsp;&nbsp;&nbsp;&nbsp;&nbsp;&nbsp;&nbsp; y prepara la lluvia para la tierra;<br>&nbsp; 9 &nbsp;&nbsp;&nbsp; Hace brotar la hierba en los montes, *<br>&nbsp;&nbsp;&nbsp;&nbsp;&nbsp;&nbsp;&nbsp;&nbsp;&nbsp;&nbsp;&nbsp;&nbsp; y plantas verdes para la humanidad.<br>10 &nbsp;&nbsp;&nbsp; Da alimento a los ganados, *<br>&nbsp;&nbsp;&nbsp;&nbsp;&nbsp;&nbsp;&nbsp;&nbsp;&nbsp;&nbsp;&nbsp;&nbsp; y a las cr\u00edas de cuervo que graznan.<br>11 &nbsp;&nbsp;&nbsp; No se deleita en el vigor del caballo, *<br>&nbsp;&nbsp;&nbsp;&nbsp;&nbsp;&nbsp;&nbsp;&nbsp;&nbsp;&nbsp;&nbsp;&nbsp; ni se complace en la fortaleza del hombre.<br>12 &nbsp;&nbsp;&nbsp; Se complace el Se\u00f1or en los que le veneran, *<br>&nbsp;&nbsp;&nbsp;&nbsp;&nbsp;&nbsp;&nbsp;&nbsp;&nbsp;&nbsp;&nbsp;&nbsp; en los que conf\u00edan en su gracia y favor.<br>13 &nbsp;&nbsp;&nbsp; Glorifica al Se\u00f1or, oh Jerusal\u00e9n; *<br>&nbsp;&nbsp;&nbsp;&nbsp;&nbsp;&nbsp;&nbsp;&nbsp;&nbsp;&nbsp;&nbsp;&nbsp; alaba a tu Dios, oh Si\u00f3n;<br>14 &nbsp;&nbsp;&nbsp; Porque ha fortalecido los cerrojos de tus puertas; *<br>&nbsp;&nbsp;&nbsp;&nbsp;&nbsp;&nbsp;&nbsp;&nbsp;&nbsp;&nbsp;&nbsp;&nbsp; ha bendecido a tus hijos dentro de ti.<br>15 &nbsp;&nbsp;&nbsp; Ha establecido la paz en tus fronteras; *<br>&nbsp;&nbsp;&nbsp;&nbsp;&nbsp;&nbsp;&nbsp;&nbsp;&nbsp;&nbsp;&nbsp;&nbsp; te sacia con lo mejor del trigo.<br>16 &nbsp;&nbsp;&nbsp; El env\u00eda su decreto a la tierra, *<br>&nbsp;&nbsp;&nbsp;&nbsp;&nbsp;&nbsp;&nbsp;&nbsp;&nbsp;&nbsp;&nbsp;&nbsp; y su palabra corre veloz.<br>17 &nbsp;&nbsp;&nbsp; Despliega la nieve como lana; *<br>&nbsp;&nbsp;&nbsp;&nbsp;&nbsp;&nbsp;&nbsp;&nbsp;&nbsp;&nbsp;&nbsp;&nbsp; derrama la escarcha como ceniza.<br>18 &nbsp;&nbsp;&nbsp; Esparce su granizo como migajas; *<br>&nbsp;&nbsp;&nbsp;&nbsp;&nbsp;&nbsp;&nbsp;&nbsp;&nbsp;&nbsp;&nbsp;&nbsp; ante su fr\u00edo, \u00bfqui\u00e9n resistir\u00e1?<br>19 &nbsp;&nbsp;&nbsp; Env\u00eda su palabra, y se derriten; *<br>&nbsp;&nbsp;&nbsp;&nbsp;&nbsp;&nbsp;&nbsp;&nbsp;&nbsp;&nbsp;&nbsp;&nbsp; sopla su viento, y corren las aguas.<br>20 &nbsp;&nbsp;&nbsp; Declara su palabra a Jacob, *<br>&nbsp;&nbsp;&nbsp;&nbsp;&nbsp;&nbsp;&nbsp;&nbsp;&nbsp;&nbsp;&nbsp;&nbsp; sus estatutos y sus juicios a Israel.<br>21 &nbsp;&nbsp;&nbsp; No ha trtado as\u00ed a ninguna otra naci\u00f3n, *<br>&nbsp;&nbsp;&nbsp;&nbsp;&nbsp;&nbsp;&nbsp;&nbsp;&nbsp;&nbsp;&nbsp;&nbsp; ni les ha dado a conocer sus mandatos. Aleluya!<strong>]<\/strong><\/p>\n\n\n\n<p><strong>Nuevo Testamento:<\/strong> 2 Timoteo 4:5-13<\/p>\n\n\n\n<p><sup>5<\/sup>&nbsp;T\u00fa conserva siempre el buen juicio, soporta los sufrimientos, ded\u00edcate a anunciar el evangelio, cumple bien con tu trabajo.<\/p>\n\n\n\n<p><sup>6<\/sup>&nbsp;Yo ya estoy para ser ofrecido en sacrificio; ya se acerca la hora de mi muerte.&nbsp;<sup>7<\/sup>&nbsp;He peleado la buena batalla, he llegado al t\u00e9rmino de la carrera, me he mantenido fiel.&nbsp;<sup>8<\/sup>&nbsp;Ahora me espera la corona merecida que el Se\u00f1or, el Juez justo, me dar\u00e1 en aquel d\u00eda. Y no me la dar\u00e1 solamente a m\u00ed, sino tambi\u00e9n a todos los que con amor esperan su venida gloriosa.<\/p>\n\n\n\n<p><sup>9<\/sup>&nbsp;Haz lo posible por venir pronto a verme;&nbsp;<sup>10<\/sup>&nbsp;pues Demas, que amaba m\u00e1s las cosas de esta vida, me ha abandonado y se ha ido a Tesal\u00f3nica. Crescente se ha ido a la regi\u00f3n de Galacia, y Tito a la de Dalmacia.&nbsp;<sup>11<\/sup>&nbsp;Solamente Lucas est\u00e1 conmigo. Busca a Marcos y tr\u00e1elo contigo, porque puede ser una ayuda para m\u00ed en el trabajo.&nbsp;<sup>12<\/sup>&nbsp;A T\u00edquico lo mand\u00e9 a \u00c9feso.&nbsp;<sup>13<\/sup>&nbsp;Cuando vengas, tr\u00e1eme la capa que dej\u00e9 en Tr\u00f3ade, en casa de Carpo; tambi\u00e9n los libros, y especialmente los pergaminos.<\/p>\n\n\n\n<p><strong>El Evangelio:<\/strong> Lucas 4:14-21<\/p>\n\n\n\n<p><sup>14<\/sup>&nbsp;Jes\u00fas volvi\u00f3 a Galilea lleno del poder del Esp\u00edritu Santo, y se hablaba de \u00e9l por toda la tierra de alrededor.&nbsp;<sup>15<\/sup>&nbsp;Ense\u00f1aba en la sinagoga de cada lugar, y todos le alababan.<\/p>\n\n\n\n<p><sup>16<\/sup>&nbsp;Jes\u00fas fue a Nazaret, el pueblo donde se hab\u00eda criado. El s\u00e1bado entr\u00f3 en la sinagoga, como era su costumbre, y se puso de pie para leer las Escrituras.&nbsp;<sup>17<\/sup>&nbsp;Le dieron a leer el libro del profeta Isa\u00edas, y al abrirlo encontr\u00f3 el lugar donde estaba escrito:<\/p>\n\n\n\n<p><sup>18<\/sup>&nbsp;\u00abEl Esp\u00edritu del Se\u00f1or est\u00e1 sobre m\u00ed,<br>porque me ha consagrado<br>para llevar la buena noticia a los pobres;<br>me ha enviado a anunciar libertad a los presos<br>y dar vista a los ciegos;<br>a poner en libertad a los oprimidos;<br><sup>19<\/sup>&nbsp;a anunciar el a\u00f1o favorable del Se\u00f1or.\u00bb<\/p>\n\n\n\n<p><sup>20<\/sup>&nbsp;Luego Jes\u00fas cerr\u00f3 el libro, lo dio al ayudante de la sinagoga y se sent\u00f3. Todos los que estaban all\u00ed ten\u00edan la vista fija en \u00e9l.&nbsp;<sup>21<\/sup>&nbsp;\u00c9l comenz\u00f3 a hablar, diciendo: \u2014Hoy mismo se ha cumplido la Escritura que ustedes acaban de o\u00edr.<\/p>\n\n\n\n<hr class=\"wp-block-separator has-text-color has-red-color has-alpha-channel-opacity has-red-background-color has-background is-style-wide\"\/>\n\n\n\n<h4 class=\"wp-block-heading\" id=\"h-redes-sociales\"><strong>Redes sociales<\/strong><\/h4>\n\n\n\n<p><strong>Texto de muestra: <\/strong>Hoy celebramos la fiesta de San Lucas.<\/p>\n\n\n\n<p>Amoroso Dios, que inspiraste a tu siervo Lucas, el m\u00e9dico, a exponer, en el evangelio, el amor y el poder sanador de Jesucristo: Haz que tu iglesia siga practicando ese amor y poder de sanar para la gloria y alabanza de tu nombre; por Jesucristo, nuestro Se\u00f1or, que contigo y el Esp\u00edritu Santo vive y reina, un solo Dios, ahora y siempre. Am\u00e9n.<\/p>\n\n\n\n<p>San Lucas Evangelista, conmemorado el 18 de octubre, fue m\u00e9dico y compa\u00f1ero de Pablo en los primeros viajes misioneros de la Iglesia. La tradici\u00f3n le atribuye la autor\u00eda tanto del Evangelio de Lucas como de los Hechos de los Ap\u00f3stoles, escritos en griego para que los gentiles pudieran conocer la historia de Jes\u00fas. Solo el Evangelio de Lucas recoge historias tan preciadas como la anunciaci\u00f3n a Mar\u00eda, la visita a Isabel, el nacimiento de Jes\u00fas en el pesebre, la aparici\u00f3n de los \u00e1ngeles a los pastores y la bendici\u00f3n de Sime\u00f3n en el templo. Tambi\u00e9n incluye par\u00e1bolas y milagros que no se encuentran en ning\u00fan otro lugar, destacando la compasi\u00f3n y el poder sanador de Cristo. Los Hechos contin\u00faan la historia con la venida del Esp\u00edritu Santo, el testimonio de los ap\u00f3stoles ante la persecuci\u00f3n y la difusi\u00f3n de la Buena Nueva. Se dice que Lucas permaneci\u00f3 con Pablo hasta su muerte en Roma y, aunque los detalles de su propia muerte son inciertos, la tradici\u00f3n la sit\u00faa en Grecia. Honrado como santo patr\u00f3n de los m\u00e9dicos y los artistas, Lucas tambi\u00e9n es recordado en la tradici\u00f3n ortodoxa como el primer icon\u00f3grafo, dando testimonio con palabras e im\u00e1genes del amor de Cristo. #Episcopal<\/p>\n\n\n\n<div class=\"wp-block-columns is-layout-flex wp-container-core-columns-is-layout-9d6595d7 wp-block-columns-is-layout-flex\">\n<div class=\"wp-block-column is-layout-flow wp-block-column-is-layout-flow\">\n<p><strong>Instagram 1<\/strong><\/p>\n\n\n\n<figure class=\"wp-block-image size-large\"><img loading=\"lazy\" decoding=\"async\" width=\"819\" height=\"1024\" src=\"https:\/\/www.episcopalchurch.org\/wp-content\/uploads\/2011\/07\/St.-Luke-IG-1-1-819x1024.png\" alt=\"\" class=\"wp-image-337887\" srcset=\"https:\/\/www.episcopalchurch.org\/wp-content\/uploads\/2011\/07\/St.-Luke-IG-1-1-819x1024.png 819w, https:\/\/www.episcopalchurch.org\/wp-content\/uploads\/2011\/07\/St.-Luke-IG-1-1-240x300.png 240w, https:\/\/www.episcopalchurch.org\/wp-content\/uploads\/2011\/07\/St.-Luke-IG-1-1-768x960.png 768w, https:\/\/www.episcopalchurch.org\/wp-content\/uploads\/2011\/07\/St.-Luke-IG-1-1-480x600.png 480w, https:\/\/www.episcopalchurch.org\/wp-content\/uploads\/2011\/07\/St.-Luke-IG-1-1.png 1080w\" sizes=\"auto, (max-width: 819px) 100vw, 819px\" \/><\/figure>\n<\/div>\n\n\n\n<div class=\"wp-block-column is-layout-flow wp-block-column-is-layout-flow\">\n<p><strong>Instagram 2<\/strong><\/p>\n\n\n\n<figure class=\"wp-block-image size-large\"><img loading=\"lazy\" decoding=\"async\" width=\"819\" height=\"1024\" src=\"https:\/\/www.episcopalchurch.org\/wp-content\/uploads\/2011\/07\/St.-Luke-IG-2-1-819x1024.png\" alt=\"\" class=\"wp-image-337890\" srcset=\"https:\/\/www.episcopalchurch.org\/wp-content\/uploads\/2011\/07\/St.-Luke-IG-2-1-819x1024.png 819w, https:\/\/www.episcopalchurch.org\/wp-content\/uploads\/2011\/07\/St.-Luke-IG-2-1-240x300.png 240w, https:\/\/www.episcopalchurch.org\/wp-content\/uploads\/2011\/07\/St.-Luke-IG-2-1-768x960.png 768w, https:\/\/www.episcopalchurch.org\/wp-content\/uploads\/2011\/07\/St.-Luke-IG-2-1-480x600.png 480w, https:\/\/www.episcopalchurch.org\/wp-content\/uploads\/2011\/07\/St.-Luke-IG-2-1.png 1080w\" sizes=\"auto, (max-width: 819px) 100vw, 819px\" \/><\/figure>\n<\/div>\n\n\n\n<div class=\"wp-block-column is-layout-flow wp-block-column-is-layout-flow\">\n<p><strong><strong>Historias de Facebook\/Instagram 1<\/strong><\/strong><\/p>\n\n\n\n<figure class=\"wp-block-image size-large\"><img loading=\"lazy\" decoding=\"async\" width=\"576\" height=\"1024\" src=\"https:\/\/www.episcopalchurch.org\/wp-content\/uploads\/2011\/07\/St.-Luke-IGS-1-1-576x1024.png\" alt=\"\" class=\"wp-image-337893\" srcset=\"https:\/\/www.episcopalchurch.org\/wp-content\/uploads\/2011\/07\/St.-Luke-IGS-1-1-576x1024.png 576w, https:\/\/www.episcopalchurch.org\/wp-content\/uploads\/2011\/07\/St.-Luke-IGS-1-1-169x300.png 169w, https:\/\/www.episcopalchurch.org\/wp-content\/uploads\/2011\/07\/St.-Luke-IGS-1-1-768x1365.png 768w, https:\/\/www.episcopalchurch.org\/wp-content\/uploads\/2011\/07\/St.-Luke-IGS-1-1-864x1536.png 864w, https:\/\/www.episcopalchurch.org\/wp-content\/uploads\/2011\/07\/St.-Luke-IGS-1-1-480x853.png 480w, https:\/\/www.episcopalchurch.org\/wp-content\/uploads\/2011\/07\/St.-Luke-IGS-1-1.png 1080w\" sizes=\"auto, (max-width: 576px) 100vw, 576px\" \/><\/figure>\n<\/div>\n\n\n\n<div class=\"wp-block-column is-layout-flow wp-block-column-is-layout-flow\">\n<p><strong><strong>Historias de Facebook\/Instagram 2<\/strong><\/strong><\/p>\n\n\n\n<figure class=\"wp-block-image size-large\"><img loading=\"lazy\" decoding=\"async\" width=\"576\" height=\"1024\" src=\"https:\/\/www.episcopalchurch.org\/wp-content\/uploads\/2011\/07\/St.-Luke-IGS-2-1-576x1024.png\" alt=\"\" class=\"wp-image-337896\" srcset=\"https:\/\/www.episcopalchurch.org\/wp-content\/uploads\/2011\/07\/St.-Luke-IGS-2-1-576x1024.png 576w, https:\/\/www.episcopalchurch.org\/wp-content\/uploads\/2011\/07\/St.-Luke-IGS-2-1-169x300.png 169w, https:\/\/www.episcopalchurch.org\/wp-content\/uploads\/2011\/07\/St.-Luke-IGS-2-1-768x1365.png 768w, https:\/\/www.episcopalchurch.org\/wp-content\/uploads\/2011\/07\/St.-Luke-IGS-2-1-864x1536.png 864w, https:\/\/www.episcopalchurch.org\/wp-content\/uploads\/2011\/07\/St.-Luke-IGS-2-1-480x853.png 480w, https:\/\/www.episcopalchurch.org\/wp-content\/uploads\/2011\/07\/St.-Luke-IGS-2-1.png 1080w\" sizes=\"auto, (max-width: 576px) 100vw, 576px\" \/><\/figure>\n<\/div>\n<\/div>\n\n\n\n<hr class=\"wp-block-separator has-text-color has-red-color has-alpha-channel-opacity has-red-background-color has-background is-style-wide\"\/>\n","protected":false},"featured_media":210969,"template":"","meta":{"_acf_changed":false,"_uag_custom_page_level_css":"","_kad_blocks_custom_css":"","_kad_blocks_head_custom_js":"","_kad_blocks_body_custom_js":"","_kad_blocks_footer_custom_js":"","_kadence_starter_templates_imported_post":false,"_links_to":"","_links_to_target":""},"class_list":["post-212473","lectionary","type-lectionary","status-publish","has-post-thumbnail","hentry"],"acf":{"lectionary_cycle":["A","B","C"],"lectionary_type":"revised-common-lectionary","lectionary_date":"2019-10-18","lectionary_date_month":"10","lectionary_date_day":"18","drupal_id":"128954","lectionary_language":"en","lectionary_other_translation":false},"yoast_head":"<!-- This site is optimized with the Yoast SEO Premium plugin v24.6 (Yoast SEO v26.3) - https:\/\/yoast.com\/wordpress\/plugins\/seo\/ -->\n<title>San Lucas, evangelista &#8211; The Episcopal Church<\/title>\n<meta name=\"robots\" content=\"index, follow, max-snippet:-1, max-image-preview:large, max-video-preview:-1\" \/>\n<link rel=\"canonical\" href=\"https:\/\/www.episcopalchurch.org\/es\/lectionary\/san-lucas\/\" \/>\n<meta property=\"og:locale\" content=\"es_ES\" \/>\n<meta property=\"og:type\" content=\"article\" \/>\n<meta property=\"og:title\" content=\"San Lucas, evangelista\" \/>\n<meta property=\"og:description\" content=\"La Colecta: Dios omnipotente, que inspiraste a tu siervo Lucas el m\u00e9dico a manifestar en el Evangelio el amor y poder sanativo de tu Hijo: Contin\u00faa en tu Iglesia, por tu gracia, el mismo amor y poder de sanidad, para alabanza y gloria de tu Nombre; por Jesucristo nuestro Se\u00f1or, que vive y reina contigo, [&hellip;]\" \/>\n<meta property=\"og:url\" content=\"https:\/\/www.episcopalchurch.org\/es\/lectionary\/san-lucas\/\" \/>\n<meta property=\"og:site_name\" content=\"The Episcopal Church\" \/>\n<meta property=\"article:publisher\" content=\"https:\/\/www.facebook.com\/episcopalian\" \/>\n<meta property=\"article:modified_time\" content=\"2025-09-08T22:34:17+00:00\" \/>\n<meta property=\"og:image\" content=\"https:\/\/www.episcopalchurch.org\/wp-content\/uploads\/2021\/01\/saint-luke-the-evangelist.jpg\" \/>\n\t<meta property=\"og:image:width\" content=\"696\" \/>\n\t<meta property=\"og:image:height\" content=\"391\" \/>\n\t<meta property=\"og:image:type\" content=\"image\/jpeg\" \/>\n<meta name=\"twitter:card\" content=\"summary_large_image\" \/>\n<meta name=\"twitter:site\" content=\"@iamepiscopalian\" \/>\n<meta name=\"twitter:label1\" content=\"Est. reading time\" \/>\n\t<meta name=\"twitter:data1\" content=\"7 minutes\" \/>\n<script type=\"application\/ld+json\" class=\"yoast-schema-graph\">{\"@context\":\"https:\/\/schema.org\",\"@graph\":[{\"@type\":\"WebPage\",\"@id\":\"https:\/\/www.episcopalchurch.org\/es\/lectionary\/san-lucas\/\",\"url\":\"https:\/\/www.episcopalchurch.org\/es\/lectionary\/san-lucas\/\",\"name\":\"San Lucas, evangelista &#8211; The Episcopal Church\",\"isPartOf\":{\"@id\":\"https:\/\/www.episcopalchurch.org\/#website\"},\"primaryImageOfPage\":{\"@id\":\"https:\/\/www.episcopalchurch.org\/es\/lectionary\/san-lucas\/#primaryimage\"},\"image\":{\"@id\":\"https:\/\/www.episcopalchurch.org\/es\/lectionary\/san-lucas\/#primaryimage\"},\"thumbnailUrl\":\"https:\/\/www.episcopalchurch.org\/wp-content\/uploads\/2021\/01\/saint-luke-the-evangelist.jpg\",\"datePublished\":\"2011-07-05T18:43:18+00:00\",\"dateModified\":\"2025-09-08T22:34:17+00:00\",\"breadcrumb\":{\"@id\":\"https:\/\/www.episcopalchurch.org\/es\/lectionary\/san-lucas\/#breadcrumb\"},\"inLanguage\":\"es-ES\",\"potentialAction\":[{\"@type\":\"ReadAction\",\"target\":[\"https:\/\/www.episcopalchurch.org\/es\/lectionary\/san-lucas\/\"]}]},{\"@type\":\"ImageObject\",\"inLanguage\":\"es-ES\",\"@id\":\"https:\/\/www.episcopalchurch.org\/es\/lectionary\/san-lucas\/#primaryimage\",\"url\":\"https:\/\/www.episcopalchurch.org\/wp-content\/uploads\/2021\/01\/saint-luke-the-evangelist.jpg\",\"contentUrl\":\"https:\/\/www.episcopalchurch.org\/wp-content\/uploads\/2021\/01\/saint-luke-the-evangelist.jpg\",\"width\":696,\"height\":391},{\"@type\":\"BreadcrumbList\",\"@id\":\"https:\/\/www.episcopalchurch.org\/es\/lectionary\/san-lucas\/#breadcrumb\",\"itemListElement\":[{\"@type\":\"ListItem\",\"position\":1,\"name\":\"Home\",\"item\":\"https:\/\/www.episcopalchurch.org\/\"},{\"@type\":\"ListItem\",\"position\":2,\"name\":\"San Lucas, evangelista\"}]},{\"@type\":\"WebSite\",\"@id\":\"https:\/\/www.episcopalchurch.org\/#website\",\"url\":\"https:\/\/www.episcopalchurch.org\/\",\"name\":\"The Episcopal Church\",\"description\":\"Welcomes You\",\"publisher\":{\"@id\":\"https:\/\/www.episcopalchurch.org\/#organization\"},\"potentialAction\":[{\"@type\":\"SearchAction\",\"target\":{\"@type\":\"EntryPoint\",\"urlTemplate\":\"https:\/\/www.episcopalchurch.org\/?s={search_term_string}\"},\"query-input\":{\"@type\":\"PropertyValueSpecification\",\"valueRequired\":true,\"valueName\":\"search_term_string\"}}],\"inLanguage\":\"es-ES\"},{\"@type\":\"Organization\",\"@id\":\"https:\/\/www.episcopalchurch.org\/#organization\",\"name\":\"The Episcopal Church\",\"url\":\"https:\/\/www.episcopalchurch.org\/\",\"logo\":{\"@type\":\"ImageObject\",\"inLanguage\":\"es-ES\",\"@id\":\"https:\/\/www.episcopalchurch.org\/#\/schema\/logo\/image\/\",\"url\":\"https:\/\/www.episcopalchurch.org\/wp-content\/uploads\/2021\/01\/vertical_episcopal_logo.jpg\",\"contentUrl\":\"https:\/\/www.episcopalchurch.org\/wp-content\/uploads\/2021\/01\/vertical_episcopal_logo.jpg\",\"width\":770,\"height\":662,\"caption\":\"The Episcopal Church\"},\"image\":{\"@id\":\"https:\/\/www.episcopalchurch.org\/#\/schema\/logo\/image\/\"},\"sameAs\":[\"https:\/\/www.facebook.com\/episcopalian\",\"https:\/\/x.com\/iamepiscopalian\",\"https:\/\/www.youtube.com\/channel\/UCdVJpxCtK41c_-p6EaE4_2A\"]}]}<\/script>\n<!-- \/ Yoast SEO Premium plugin. -->","yoast_head_json":{"title":"San Lucas, evangelista &#8211; The Episcopal Church","robots":{"index":"index","follow":"follow","max-snippet":"max-snippet:-1","max-image-preview":"max-image-preview:large","max-video-preview":"max-video-preview:-1"},"canonical":"https:\/\/www.episcopalchurch.org\/es\/lectionary\/san-lucas\/","og_locale":"es_ES","og_type":"article","og_title":"San Lucas, evangelista","og_description":"La Colecta: Dios omnipotente, que inspiraste a tu siervo Lucas el m\u00e9dico a manifestar en el Evangelio el amor y poder sanativo de tu Hijo: Contin\u00faa en tu Iglesia, por tu gracia, el mismo amor y poder de sanidad, para alabanza y gloria de tu Nombre; por Jesucristo nuestro Se\u00f1or, que vive y reina contigo, [&hellip;]","og_url":"https:\/\/www.episcopalchurch.org\/es\/lectionary\/san-lucas\/","og_site_name":"The Episcopal Church","article_publisher":"https:\/\/www.facebook.com\/episcopalian","article_modified_time":"2025-09-08T22:34:17+00:00","og_image":[{"width":696,"height":391,"url":"https:\/\/www.episcopalchurch.org\/wp-content\/uploads\/2021\/01\/saint-luke-the-evangelist.jpg","type":"image\/jpeg"}],"twitter_card":"summary_large_image","twitter_site":"@iamepiscopalian","twitter_misc":{"Est. reading time":"7 minutes"},"schema":{"@context":"https:\/\/schema.org","@graph":[{"@type":"WebPage","@id":"https:\/\/www.episcopalchurch.org\/es\/lectionary\/san-lucas\/","url":"https:\/\/www.episcopalchurch.org\/es\/lectionary\/san-lucas\/","name":"San Lucas, evangelista &#8211; The Episcopal Church","isPartOf":{"@id":"https:\/\/www.episcopalchurch.org\/#website"},"primaryImageOfPage":{"@id":"https:\/\/www.episcopalchurch.org\/es\/lectionary\/san-lucas\/#primaryimage"},"image":{"@id":"https:\/\/www.episcopalchurch.org\/es\/lectionary\/san-lucas\/#primaryimage"},"thumbnailUrl":"https:\/\/www.episcopalchurch.org\/wp-content\/uploads\/2021\/01\/saint-luke-the-evangelist.jpg","datePublished":"2011-07-05T18:43:18+00:00","dateModified":"2025-09-08T22:34:17+00:00","breadcrumb":{"@id":"https:\/\/www.episcopalchurch.org\/es\/lectionary\/san-lucas\/#breadcrumb"},"inLanguage":"es-ES","potentialAction":[{"@type":"ReadAction","target":["https:\/\/www.episcopalchurch.org\/es\/lectionary\/san-lucas\/"]}]},{"@type":"ImageObject","inLanguage":"es-ES","@id":"https:\/\/www.episcopalchurch.org\/es\/lectionary\/san-lucas\/#primaryimage","url":"https:\/\/www.episcopalchurch.org\/wp-content\/uploads\/2021\/01\/saint-luke-the-evangelist.jpg","contentUrl":"https:\/\/www.episcopalchurch.org\/wp-content\/uploads\/2021\/01\/saint-luke-the-evangelist.jpg","width":696,"height":391},{"@type":"BreadcrumbList","@id":"https:\/\/www.episcopalchurch.org\/es\/lectionary\/san-lucas\/#breadcrumb","itemListElement":[{"@type":"ListItem","position":1,"name":"Home","item":"https:\/\/www.episcopalchurch.org\/"},{"@type":"ListItem","position":2,"name":"San Lucas, evangelista"}]},{"@type":"WebSite","@id":"https:\/\/www.episcopalchurch.org\/#website","url":"https:\/\/www.episcopalchurch.org\/","name":"The Episcopal Church","description":"Welcomes You","publisher":{"@id":"https:\/\/www.episcopalchurch.org\/#organization"},"potentialAction":[{"@type":"SearchAction","target":{"@type":"EntryPoint","urlTemplate":"https:\/\/www.episcopalchurch.org\/?s={search_term_string}"},"query-input":{"@type":"PropertyValueSpecification","valueRequired":true,"valueName":"search_term_string"}}],"inLanguage":"es-ES"},{"@type":"Organization","@id":"https:\/\/www.episcopalchurch.org\/#organization","name":"The Episcopal Church","url":"https:\/\/www.episcopalchurch.org\/","logo":{"@type":"ImageObject","inLanguage":"es-ES","@id":"https:\/\/www.episcopalchurch.org\/#\/schema\/logo\/image\/","url":"https:\/\/www.episcopalchurch.org\/wp-content\/uploads\/2021\/01\/vertical_episcopal_logo.jpg","contentUrl":"https:\/\/www.episcopalchurch.org\/wp-content\/uploads\/2021\/01\/vertical_episcopal_logo.jpg","width":770,"height":662,"caption":"The Episcopal Church"},"image":{"@id":"https:\/\/www.episcopalchurch.org\/#\/schema\/logo\/image\/"},"sameAs":["https:\/\/www.facebook.com\/episcopalian","https:\/\/x.com\/iamepiscopalian","https:\/\/www.youtube.com\/channel\/UCdVJpxCtK41c_-p6EaE4_2A"]}]}},"taxonomy_info":[],"featured_image_src_large":["https:\/\/www.episcopalchurch.org\/wp-content\/uploads\/2021\/01\/saint-luke-the-evangelist.jpg",696,391,false],"author_info":[],"comment_info":"","uagb_featured_image_src":{"full":["https:\/\/www.episcopalchurch.org\/wp-content\/uploads\/2021\/01\/saint-luke-the-evangelist.jpg",696,391,false],"thumbnail":["https:\/\/www.episcopalchurch.org\/wp-content\/uploads\/2021\/01\/saint-luke-the-evangelist-150x150.jpg",150,150,true],"medium":["https:\/\/www.episcopalchurch.org\/wp-content\/uploads\/2021\/01\/saint-luke-the-evangelist-300x169.jpg",300,169,true],"medium_large":["https:\/\/www.episcopalchurch.org\/wp-content\/uploads\/2021\/01\/saint-luke-the-evangelist.jpg",696,391,false],"large":["https:\/\/www.episcopalchurch.org\/wp-content\/uploads\/2021\/01\/saint-luke-the-evangelist.jpg",696,391,false],"1536x1536":["https:\/\/www.episcopalchurch.org\/wp-content\/uploads\/2021\/01\/saint-luke-the-evangelist.jpg",696,391,false],"2048x2048":["https:\/\/www.episcopalchurch.org\/wp-content\/uploads\/2021\/01\/saint-luke-the-evangelist.jpg",696,391,false],"menu":["https:\/\/www.episcopalchurch.org\/wp-content\/uploads\/2021\/01\/saint-luke-the-evangelist-330x200.jpg",330,200,true],"hero":["https:\/\/www.episcopalchurch.org\/wp-content\/uploads\/2021\/01\/saint-luke-the-evangelist.jpg",696,391,false],"callout-image":["https:\/\/www.episcopalchurch.org\/wp-content\/uploads\/2021\/01\/saint-luke-the-evangelist-480x270.jpg",480,270,true]},"uagb_author_info":{"display_name":"Christopher Sikkema","author_link":"https:\/\/www.episcopalchurch.org\/es\/author\/"},"uagb_comment_info":0,"uagb_excerpt":"La Colecta: Dios omnipotente, que inspiraste a tu siervo Lucas el m\u00e9dico a manifestar en el Evangelio el amor y poder sanativo de tu Hijo: Contin\u00faa en tu Iglesia, por tu gracia, el mismo amor y poder de sanidad, para alabanza y gloria de tu Nombre; por Jesucristo nuestro Se\u00f1or, que vive y reina contigo,&hellip;","_links":{"self":[{"href":"https:\/\/www.episcopalchurch.org\/es\/wp-json\/wp\/v2\/lectionary\/212473","targetHints":{"allow":["GET"]}}],"collection":[{"href":"https:\/\/www.episcopalchurch.org\/es\/wp-json\/wp\/v2\/lectionary"}],"about":[{"href":"https:\/\/www.episcopalchurch.org\/es\/wp-json\/wp\/v2\/types\/lectionary"}],"wp:featuredmedia":[{"embeddable":true,"href":"https:\/\/www.episcopalchurch.org\/es\/wp-json\/wp\/v2\/media\/210969"}],"wp:attachment":[{"href":"https:\/\/www.episcopalchurch.org\/es\/wp-json\/wp\/v2\/media?parent=212473"}],"curies":[{"name":"wp","href":"https:\/\/api.w.org\/{rel}","templated":true}]}}