{"id":222614,"date":"2012-09-10T13:40:28","date_gmt":"2012-09-10T13:40:28","guid":{"rendered":"https:\/\/www.episcopalchurch.org\/lectionary\/advent-2c\/"},"modified":"2026-04-01T11:57:24","modified_gmt":"2026-04-01T15:57:24","slug":"adviento-2c","status":"publish","type":"lectionary","link":"https:\/\/www.episcopalchurch.org\/es\/lectionary\/adviento-2c\/","title":{"rendered":"Segundo Domingo de Adviento"},"content":{"rendered":"\n<p><strong>La Colecta:<\/strong> <\/p>\n\n\n\n<p>Dios misericordioso, que enviaste a tus profetas para llamarnos a la conversi\u00f3n y preparar el camino de nuestra liberaci\u00f3n: Danos el don de escuchar sus advertencias y abandonar nuestros pecados, para que recibamos con alegr\u00eda la venida de Cristo nuestro Redentor; que contigo y el Esp\u00edritu Santo vive y reina, un solo Dios, ahora y siempre. Am\u00e9n.<\/p>\n\n\n\n<p><strong>Antiguo Testamento:<\/strong> Baruc 5:1-9 o Malaqu\u00edas 3:1-4<\/p>\n\n\n\n<p><sup>1&nbsp;<\/sup>\u00a1Jerusal\u00e9n, qu\u00edtate tu ropa de luto y aflicci\u00f3n,&nbsp;<br>y v\u00edstete de gala con el esplendor eterno que Dios te da!&nbsp;<br><sup>2&nbsp;<\/sup>V\u00edstete la t\u00fanica de la victoria de Dios,&nbsp;<br>y ponte en la cabeza la corona de gloria del Eterno.&nbsp;<br><sup>3&nbsp;<\/sup>Dios mostrar\u00e1 en toda la tierra tu esplendor,&nbsp;<br><sup>4&nbsp;<\/sup>pues el nombre eterno que Dios te dar\u00e1 es:&nbsp;<br>\u00abPaz en la justicia y gloria en el servicio a Dios.\u00bb&nbsp;<br><sup>5&nbsp;<\/sup>\u00a1Lev\u00e1ntate, Jerusal\u00e9n, col\u00f3cate en lugar alto,&nbsp;<br>mira hacia el oriente y ver\u00e1s&nbsp;<br>c\u00f3mo vienen tus hijos de oriente y occidente,&nbsp;<br>reunidos por orden del Dios santo,&nbsp;<br>alegres al ver que Dios se acord\u00f3 de ellos!&nbsp;<br><sup>6&nbsp;<\/sup>Cuando se alejaron de ti, iban a pie,&nbsp;<br>llevados por sus enemigos;&nbsp;<br>pero Dios te los traer\u00e1 gloriosamente,&nbsp;<br>como reyes en su trono.&nbsp;<br><sup>7&nbsp;<\/sup>Dios ha ordenado que se aplanen&nbsp;<br>los altos montes y las colinas eternas,&nbsp;<br>que las ca\u00f1adas se rellenen&nbsp;<br>y la tierra quede plana,&nbsp;<br>para que Israel pase por ellos tranquilamente,&nbsp;<br>guiado por la gloria de Dios.&nbsp;<br><sup>8&nbsp;<\/sup>Los bosques y todos los \u00e1rboles olorosos&nbsp;<br>dar\u00e1n sombra a Israel por orden de Dios,&nbsp;<br><sup>9&nbsp;<\/sup>porque \u00e9l guiar\u00e1 a Israel con alegr\u00eda,&nbsp;<br>a la luz de su gloria,&nbsp;<br>y le mostrar\u00e1 su amor y su justicia.&nbsp;&nbsp;&nbsp;&nbsp;&nbsp;<\/p>\n\n\n\n<p><em>o<\/em><\/p>\n\n\n\n<p><sup>1&nbsp;<\/sup>El Se\u00f1or todopoderoso dice: \u00abVoy a enviar mi mensajero para que me prepare el camino. El Se\u00f1or, a quien ustedes est\u00e1n buscando, va a entrar de pronto en su templo. \u00a1Ya llega el mensajero de la alianza que ustedes desean!\u00bb&nbsp;<\/p>\n\n\n\n<p><sup>2&nbsp;<\/sup>Pero \u00bfqui\u00e9n podr\u00e1 resistir el d\u00eda de su venida? \u00bfQui\u00e9n podr\u00e1 entonces permanecer en pie? Pues llegar\u00e1 como un fuego, para purificarnos; ser\u00e1 como un jab\u00f3n que quitar\u00e1 nuestras manchas.&nbsp;<sup>3&nbsp;<\/sup>El Se\u00f1or se sentar\u00e1 a purificar a los sacerdotes, los descendientes de Lev\u00ed, como quien purifica la plata y el oro en el fuego. Despu\u00e9s ellos podr\u00e1n presentar su ofrenda al Se\u00f1or, tal como deben hacerlo.&nbsp;<sup>4&nbsp;<\/sup>El Se\u00f1or se alegrar\u00e1 entonces de la ofrenda de Jud\u00e1 y Jerusal\u00e9n, igual que se alegraba de ella en otros tiempos.&nbsp;&nbsp;&nbsp;&nbsp;&nbsp;<\/p>\n\n\n\n<p><strong>Salmo:<\/strong> C\u00e1ntico 16 &#8211; C\u00e1ntico de Zacar\u00edas<\/p>\n\n\n\n<p>Bendito es el Se\u00f1or Dios de Israel *<br>&nbsp;&nbsp;&nbsp;&nbsp;&nbsp;&nbsp;&nbsp;que ha venido a liberar su pueblo.<br>Nos levant\u00f3 un poderoso liberador *<br>&nbsp;&nbsp;&nbsp;&nbsp;&nbsp;&nbsp;&nbsp;de la casa de David, su siervo,<br>seg\u00fan hab\u00eda prometido desde anta\u00f1o *<br>&nbsp;&nbsp;&nbsp;&nbsp;&nbsp;&nbsp;&nbsp;por boca de sus fieles profetas<br>para salvarnos de nuestros enemigos, *<br>&nbsp;&nbsp;&nbsp;&nbsp;&nbsp;&nbsp;&nbsp;de la mano de los que nos odian.<br>A nuestros antepasados prometi\u00f3 misericordia *<br>&nbsp;&nbsp;&nbsp;&nbsp;&nbsp;&nbsp;&nbsp;y siempre recordar su pacto santo.<br>A nuestro padre Abrah\u00e1n le prometi\u00f3 *<br>&nbsp;&nbsp;&nbsp;&nbsp;&nbsp;&nbsp;&nbsp;que, librados del poder del enemigo,<br>podr\u00edamos adorarlo toda la vida sin temor *<br>&nbsp;&nbsp;&nbsp;&nbsp;&nbsp;&nbsp;&nbsp;en santidad y justicia ante sus ojos.<br>Y a ti, ni\u00f1o, te llamar\u00e1n profeta del Alt\u00edsimo; *<br>&nbsp;&nbsp;&nbsp;&nbsp;&nbsp;&nbsp;&nbsp;porque abrir\u00e1s el camino delante del Se\u00f1or<br>y a su pueblo le dar\u00e1s a conocer *<br>&nbsp;&nbsp;&nbsp;&nbsp;&nbsp;&nbsp;&nbsp;la salvaci\u00f3n por el perd\u00f3n de sus pecados.<br>En la entra\u00f1able compasi\u00f3n de nuestro Dios, *<br>&nbsp;&nbsp;&nbsp;&nbsp;&nbsp;&nbsp;&nbsp;la aurora romper\u00e1 y brillar\u00e1<br>para quienes viven bajo la sombra de muerte, *<br>&nbsp;&nbsp;&nbsp;&nbsp;&nbsp;&nbsp;&nbsp;y guiar\u00e1 nuestros pasos por caminos de paz.<\/p>\n\n\n\n<p><strong>Gloria al Padre, y al Hijo y al Esp\u00edritu Santo; *<br>&nbsp;&nbsp;&nbsp;&nbsp;&nbsp;&nbsp;&nbsp;como era en el principio, ahora y siempre<br>&nbsp;&nbsp;&nbsp;&nbsp;&nbsp;&nbsp;&nbsp;por los siglos de los siglos. Am\u00e9n.<\/strong><\/p>\n\n\n\n<p><strong>Nuevo Testamento:<\/strong> Filipenses 1:3-11<\/p>\n\n\n\n<p><sup>3&nbsp;<\/sup>Cada vez que me acuerdo de ustedes doy gracias a mi Dios;&nbsp;<sup>4&nbsp;<\/sup>y cuando oro, siempre pido con alegr\u00eda por todos ustedes;&nbsp;<sup>5&nbsp;<\/sup>pues ustedes se han hecho solidarios con la causa del evangelio, desde el primer d\u00eda hasta hoy.&nbsp;<sup>6&nbsp;<\/sup>Estoy seguro de que Dios, que comenz\u00f3 a hacer su buena obra en ustedes, la ir\u00e1 llevando a buen fin hasta el d\u00eda en que Jesucristo regrese.&nbsp;<sup>7&nbsp;<\/sup>Es muy justo que yo piense as\u00ed de todos ustedes, porque los llevo dentro de mi coraz\u00f3n y porque todos ustedes son solidarios conmigo de la bondad que Dios me ha mostrado, ya sea que est\u00e9 yo en la c\u00e1rcel o que me presente delante de las autoridades para defender y confirmar el anuncio del evangelio.&nbsp;<sup>8&nbsp;<\/sup>Pues Dios sabe cu\u00e1nta nostalgia siento de todos ustedes, con el tierno amor que me infunde Cristo Jes\u00fas.&nbsp;<sup>9&nbsp;<\/sup>Pido en mi oraci\u00f3n que su amor siga creciendo m\u00e1s y m\u00e1s todav\u00eda, y que Dios les d\u00e9 sabidur\u00eda y entendimiento,&nbsp;<sup>10&nbsp;<\/sup>para que sepan escoger siempre lo mejor. As\u00ed podr\u00e1n vivir una vida limpia, y avanzar sin tropiezos hasta el d\u00eda en que Cristo vuelva;&nbsp;<sup>11&nbsp;<\/sup>pues ustedes presentar\u00e1n una abundante cosecha de buenas acciones gracias a Jesucristo, para honra y gloria de Dios.<\/p>\n\n\n\n<p><strong>El Evangelio:<\/strong> Lucas 3:1-6<\/p>\n\n\n\n<p><sup>1&nbsp;<\/sup>Era el a\u00f1o quince del gobierno del emperador Tiberio, y Poncio Pilato era gobernador de Judea. Herodes gobernaba en Galilea, su hermano Filipo gobernaba en Iturea y Tracon\u00edtide, y Lisanias gobernaba en Abilene.&nbsp;<sup>2&nbsp;<\/sup>An\u00e1s y Caif\u00e1s eran los sumos sacerdotes. Por aquel tiempo, Dios habl\u00f3 en el desierto a Juan, el hijo de Zacar\u00edas,&nbsp;<sup>3&nbsp;<\/sup>y Juan pas\u00f3 por todos los lugares junto al r\u00edo Jord\u00e1n, diciendo a la gente que ellos deb\u00edan volverse a Dios y ser bautizados, para que Dios les perdonara sus pecados.&nbsp;<sup>4&nbsp;<\/sup>Esto sucedi\u00f3 como est\u00e1 escrito en el libro del profeta Isa\u00edas:&nbsp;<\/p>\n\n\n\n<p>\u00abUna voz grita en el desierto:&nbsp;<br>\u201cPreparen el camino del Se\u00f1or;&nbsp;<br>\u00e1branle un camino recto.&nbsp;<br><sup>5&nbsp;<\/sup>Todo valle ser\u00e1 rellenado,&nbsp;<br>todo cerro y colina ser\u00e1 nivelado,&nbsp;<br>los caminos torcidos ser\u00e1n enderezados,&nbsp;<br>y allanados los caminos disparejos.&nbsp;<br><sup>6&nbsp;<\/sup>Todo el mundo ver\u00e1 la salvaci\u00f3n que Dios env\u00eda.\u201d\u00bb<\/p>\n\n\n\n<h3 class=\"wp-block-heading\" id=\"h-mas-recursos-para-adviento-2c\"><strong>M\u00e1s recursos para Adviento 2C<\/strong><\/h3>\n\n\n\n<div class=\"wp-block-columns is-layout-flex wp-container-core-columns-is-layout-9d6595d7 wp-block-columns-is-layout-flex\">\n<div class=\"wp-block-column is-layout-flow wp-block-column-is-layout-flow\">\n<div class=\"wp-block-buttons is-layout-flex wp-block-buttons-is-layout-flex\">\n<div class=\"wp-block-button\"><a class=\"wp-block-button__link has-blue-background-color has-background wp-element-button\" href=\"https:\/\/www.episcopalchurch.org\/es\/sermones-que-iluminan\/adviento-2c\/\">Sermones<\/a><\/div>\n<\/div>\n<\/div>\n\n\n\n<div class=\"wp-block-column is-layout-flow wp-block-column-is-layout-flow\">\n<div class=\"wp-block-buttons is-layout-flex wp-block-buttons-is-layout-flex\">\n<div class=\"wp-block-button\"><a class=\"wp-block-button__link has-blue-background-color has-background wp-element-button\" href=\"https:\/\/www.episcopalchurch.org\/es\/estudio-biblico\/adviento-2c\/\">Estudio B\u00edblico<\/a><\/div>\n<\/div>\n<\/div>\n<\/div>\n","protected":false},"featured_media":0,"template":"","meta":{"_acf_changed":false,"_uag_custom_page_level_css":"","_kad_blocks_custom_css":"","_kad_blocks_head_custom_js":"","_kad_blocks_body_custom_js":"","_kad_blocks_footer_custom_js":"","_kadence_starter_templates_imported_post":false,"_links_to":"","_links_to_target":""},"class_list":["post-222614","lectionary","type-lectionary","status-publish","hentry"],"acf":{"lectionary_cycle":["C"],"lectionary_type":"revised-common-lectionary","lectionary_date":"2021-12-05","lectionary_date_month":"12","lectionary_date_day":"8","drupal_id":"129030","lectionary_language":"en","lectionary_other_translation":false},"yoast_head":"<!-- This site is optimized with the Yoast SEO Premium plugin v24.6 (Yoast SEO v26.3) - https:\/\/yoast.com\/wordpress\/plugins\/seo\/ -->\n<title>Segundo Domingo de Adviento &#8211; The Episcopal Church<\/title>\n<meta name=\"robots\" content=\"index, follow, max-snippet:-1, max-image-preview:large, max-video-preview:-1\" \/>\n<link rel=\"canonical\" href=\"https:\/\/www.episcopalchurch.org\/es\/lectionary\/adviento-2c\/\" \/>\n<meta property=\"og:locale\" content=\"es_ES\" \/>\n<meta property=\"og:type\" content=\"article\" \/>\n<meta property=\"og:title\" content=\"Segundo Domingo de Adviento\" \/>\n<meta property=\"og:description\" content=\"La Colecta: Dios misericordioso, que enviaste a tus profetas para llamarnos a la conversi\u00f3n y preparar el camino de nuestra liberaci\u00f3n: Danos el don de escuchar sus advertencias y abandonar nuestros pecados, para que recibamos con alegr\u00eda la venida de Cristo nuestro Redentor; que contigo y el Esp\u00edritu Santo vive y reina, un solo Dios, [&hellip;]\" \/>\n<meta property=\"og:url\" content=\"https:\/\/www.episcopalchurch.org\/es\/lectionary\/adviento-2c\/\" \/>\n<meta property=\"og:site_name\" content=\"The Episcopal Church\" \/>\n<meta property=\"article:publisher\" content=\"https:\/\/www.facebook.com\/episcopalian\" \/>\n<meta property=\"article:modified_time\" content=\"2026-04-01T15:57:24+00:00\" \/>\n<meta name=\"twitter:card\" content=\"summary_large_image\" \/>\n<meta name=\"twitter:site\" content=\"@iamepiscopalian\" \/>\n<meta name=\"twitter:label1\" content=\"Est. reading time\" \/>\n\t<meta name=\"twitter:data1\" content=\"5 minutes\" \/>\n<script type=\"application\/ld+json\" class=\"yoast-schema-graph\">{\"@context\":\"https:\/\/schema.org\",\"@graph\":[{\"@type\":\"WebPage\",\"@id\":\"https:\/\/www.episcopalchurch.org\/es\/lectionary\/adviento-2c\/\",\"url\":\"https:\/\/www.episcopalchurch.org\/es\/lectionary\/adviento-2c\/\",\"name\":\"Segundo Domingo de Adviento &#8211; The Episcopal Church\",\"isPartOf\":{\"@id\":\"https:\/\/www.episcopalchurch.org\/#website\"},\"datePublished\":\"2012-09-10T13:40:28+00:00\",\"dateModified\":\"2026-04-01T15:57:24+00:00\",\"breadcrumb\":{\"@id\":\"https:\/\/www.episcopalchurch.org\/es\/lectionary\/adviento-2c\/#breadcrumb\"},\"inLanguage\":\"es-ES\",\"potentialAction\":[{\"@type\":\"ReadAction\",\"target\":[\"https:\/\/www.episcopalchurch.org\/es\/lectionary\/adviento-2c\/\"]}]},{\"@type\":\"BreadcrumbList\",\"@id\":\"https:\/\/www.episcopalchurch.org\/es\/lectionary\/adviento-2c\/#breadcrumb\",\"itemListElement\":[{\"@type\":\"ListItem\",\"position\":1,\"name\":\"Home\",\"item\":\"https:\/\/www.episcopalchurch.org\/\"},{\"@type\":\"ListItem\",\"position\":2,\"name\":\"Segundo Domingo de Adviento\"}]},{\"@type\":\"WebSite\",\"@id\":\"https:\/\/www.episcopalchurch.org\/#website\",\"url\":\"https:\/\/www.episcopalchurch.org\/\",\"name\":\"The Episcopal Church\",\"description\":\"Welcomes You\",\"publisher\":{\"@id\":\"https:\/\/www.episcopalchurch.org\/#organization\"},\"potentialAction\":[{\"@type\":\"SearchAction\",\"target\":{\"@type\":\"EntryPoint\",\"urlTemplate\":\"https:\/\/www.episcopalchurch.org\/?s={search_term_string}\"},\"query-input\":{\"@type\":\"PropertyValueSpecification\",\"valueRequired\":true,\"valueName\":\"search_term_string\"}}],\"inLanguage\":\"es-ES\"},{\"@type\":\"Organization\",\"@id\":\"https:\/\/www.episcopalchurch.org\/#organization\",\"name\":\"The Episcopal Church\",\"url\":\"https:\/\/www.episcopalchurch.org\/\",\"logo\":{\"@type\":\"ImageObject\",\"inLanguage\":\"es-ES\",\"@id\":\"https:\/\/www.episcopalchurch.org\/#\/schema\/logo\/image\/\",\"url\":\"https:\/\/www.episcopalchurch.org\/wp-content\/uploads\/2021\/01\/vertical_episcopal_logo.jpg\",\"contentUrl\":\"https:\/\/www.episcopalchurch.org\/wp-content\/uploads\/2021\/01\/vertical_episcopal_logo.jpg\",\"width\":770,\"height\":662,\"caption\":\"The Episcopal Church\"},\"image\":{\"@id\":\"https:\/\/www.episcopalchurch.org\/#\/schema\/logo\/image\/\"},\"sameAs\":[\"https:\/\/www.facebook.com\/episcopalian\",\"https:\/\/x.com\/iamepiscopalian\",\"https:\/\/www.youtube.com\/channel\/UCdVJpxCtK41c_-p6EaE4_2A\"]}]}<\/script>\n<!-- \/ Yoast SEO Premium plugin. -->","yoast_head_json":{"title":"Segundo Domingo de Adviento &#8211; The Episcopal Church","robots":{"index":"index","follow":"follow","max-snippet":"max-snippet:-1","max-image-preview":"max-image-preview:large","max-video-preview":"max-video-preview:-1"},"canonical":"https:\/\/www.episcopalchurch.org\/es\/lectionary\/adviento-2c\/","og_locale":"es_ES","og_type":"article","og_title":"Segundo Domingo de Adviento","og_description":"La Colecta: Dios misericordioso, que enviaste a tus profetas para llamarnos a la conversi\u00f3n y preparar el camino de nuestra liberaci\u00f3n: Danos el don de escuchar sus advertencias y abandonar nuestros pecados, para que recibamos con alegr\u00eda la venida de Cristo nuestro Redentor; que contigo y el Esp\u00edritu Santo vive y reina, un solo Dios, [&hellip;]","og_url":"https:\/\/www.episcopalchurch.org\/es\/lectionary\/adviento-2c\/","og_site_name":"The Episcopal Church","article_publisher":"https:\/\/www.facebook.com\/episcopalian","article_modified_time":"2026-04-01T15:57:24+00:00","twitter_card":"summary_large_image","twitter_site":"@iamepiscopalian","twitter_misc":{"Est. reading time":"5 minutes"},"schema":{"@context":"https:\/\/schema.org","@graph":[{"@type":"WebPage","@id":"https:\/\/www.episcopalchurch.org\/es\/lectionary\/adviento-2c\/","url":"https:\/\/www.episcopalchurch.org\/es\/lectionary\/adviento-2c\/","name":"Segundo Domingo de Adviento &#8211; The Episcopal Church","isPartOf":{"@id":"https:\/\/www.episcopalchurch.org\/#website"},"datePublished":"2012-09-10T13:40:28+00:00","dateModified":"2026-04-01T15:57:24+00:00","breadcrumb":{"@id":"https:\/\/www.episcopalchurch.org\/es\/lectionary\/adviento-2c\/#breadcrumb"},"inLanguage":"es-ES","potentialAction":[{"@type":"ReadAction","target":["https:\/\/www.episcopalchurch.org\/es\/lectionary\/adviento-2c\/"]}]},{"@type":"BreadcrumbList","@id":"https:\/\/www.episcopalchurch.org\/es\/lectionary\/adviento-2c\/#breadcrumb","itemListElement":[{"@type":"ListItem","position":1,"name":"Home","item":"https:\/\/www.episcopalchurch.org\/"},{"@type":"ListItem","position":2,"name":"Segundo Domingo de Adviento"}]},{"@type":"WebSite","@id":"https:\/\/www.episcopalchurch.org\/#website","url":"https:\/\/www.episcopalchurch.org\/","name":"The Episcopal Church","description":"Welcomes You","publisher":{"@id":"https:\/\/www.episcopalchurch.org\/#organization"},"potentialAction":[{"@type":"SearchAction","target":{"@type":"EntryPoint","urlTemplate":"https:\/\/www.episcopalchurch.org\/?s={search_term_string}"},"query-input":{"@type":"PropertyValueSpecification","valueRequired":true,"valueName":"search_term_string"}}],"inLanguage":"es-ES"},{"@type":"Organization","@id":"https:\/\/www.episcopalchurch.org\/#organization","name":"The Episcopal Church","url":"https:\/\/www.episcopalchurch.org\/","logo":{"@type":"ImageObject","inLanguage":"es-ES","@id":"https:\/\/www.episcopalchurch.org\/#\/schema\/logo\/image\/","url":"https:\/\/www.episcopalchurch.org\/wp-content\/uploads\/2021\/01\/vertical_episcopal_logo.jpg","contentUrl":"https:\/\/www.episcopalchurch.org\/wp-content\/uploads\/2021\/01\/vertical_episcopal_logo.jpg","width":770,"height":662,"caption":"The Episcopal Church"},"image":{"@id":"https:\/\/www.episcopalchurch.org\/#\/schema\/logo\/image\/"},"sameAs":["https:\/\/www.facebook.com\/episcopalian","https:\/\/x.com\/iamepiscopalian","https:\/\/www.youtube.com\/channel\/UCdVJpxCtK41c_-p6EaE4_2A"]}]}},"taxonomy_info":[],"featured_image_src_large":false,"author_info":[],"comment_info":"","uagb_featured_image_src":{"full":false,"thumbnail":false,"medium":false,"medium_large":false,"large":false,"1536x1536":false,"2048x2048":false,"menu":false,"hero":false,"callout-image":false},"uagb_author_info":{"display_name":"Scott Rands","author_link":"https:\/\/www.episcopalchurch.org\/es\/author\/"},"uagb_comment_info":0,"uagb_excerpt":"La Colecta: Dios misericordioso, que enviaste a tus profetas para llamarnos a la conversi\u00f3n y preparar el camino de nuestra liberaci\u00f3n: Danos el don de escuchar sus advertencias y abandonar nuestros pecados, para que recibamos con alegr\u00eda la venida de Cristo nuestro Redentor; que contigo y el Esp\u00edritu Santo vive y reina, un solo Dios,&hellip;","_links":{"self":[{"href":"https:\/\/www.episcopalchurch.org\/es\/wp-json\/wp\/v2\/lectionary\/222614","targetHints":{"allow":["GET"]}}],"collection":[{"href":"https:\/\/www.episcopalchurch.org\/es\/wp-json\/wp\/v2\/lectionary"}],"about":[{"href":"https:\/\/www.episcopalchurch.org\/es\/wp-json\/wp\/v2\/types\/lectionary"}],"wp:attachment":[{"href":"https:\/\/www.episcopalchurch.org\/es\/wp-json\/wp\/v2\/media?parent=222614"}],"curies":[{"name":"wp","href":"https:\/\/api.w.org\/{rel}","templated":true}]}}