{"id":222815,"date":"2011-07-05T18:43:35","date_gmt":"2011-07-05T18:43:35","guid":{"rendered":"https:\/\/www.episcopalchurch.org\/lectionary\/saint-john\/"},"modified":"2025-09-28T19:07:36","modified_gmt":"2025-09-28T23:07:36","slug":"san-juan","status":"publish","type":"lectionary","link":"https:\/\/www.episcopalchurch.org\/es\/lectionary\/san-juan\/","title":{"rendered":"San Juan, ap\u00f3stol y evangelista"},"content":{"rendered":"\n<p><strong>La Colecta:<\/strong> <\/p>\n\n\n\n<p>Derrama, oh Se\u00f1or, sobre tu Iglesia el resplandor de tu luz, para que, iluminados por la ense\u00f1anza de tu ap\u00f3stol y evangelista Juan, andemos en la luz de tu verdad de tal manera que al fin alcancemos la plenitud de la vida eterna; por Jesucristo nuestro Se\u00f1or, que vive y reina contigo y el Esp\u00edritu Santo, un solo Dios, por los siglos de los siglos.&nbsp;&nbsp;<em>Am\u00e9n<\/em>.<\/p>\n\n\n\n<p><strong>Antiguo Testamento:<\/strong> \u00c9xodo 33:18-23<\/p>\n\n\n\n<p><sup>18<\/sup>&nbsp;\u2014\u00a1D\u00e9jame ver tu gloria! \u2014suplic\u00f3 Mois\u00e9s.<\/p>\n\n\n\n<p><sup>19<\/sup>&nbsp;Pero el Se\u00f1or contest\u00f3: \u2014Voy a hacer pasar toda mi bondad delante de ti, y delante de ti pronunciar\u00e9 mi nombre. Tendr\u00e9 misericordia de quien yo quiera, y tendr\u00e9 compasi\u00f3n tambi\u00e9n de quien yo quiera.&nbsp;<sup>20<\/sup>&nbsp;Pero te aclaro que no podr\u00e1s ver mi rostro, porque ning\u00fan hombre podr\u00e1 verme y seguir viviendo.<\/p>\n\n\n\n<p><sup>21<\/sup>&nbsp;Dijo tambi\u00e9n el Se\u00f1or: \u2014Mira, aqu\u00ed junto a m\u00ed hay un lugar. Ponte de pie sobre la roca.&nbsp;<sup>22<\/sup>&nbsp;Cuando pase mi gloria, te pondr\u00e9 en un hueco de la roca y te cubrir\u00e9 con mi mano hasta que yo haya pasado.&nbsp;<sup>23<\/sup>&nbsp;Despu\u00e9s quitar\u00e9 mi mano, y podr\u00e1s ver mis espaldas; pero mi rostro no debe ser visto.&nbsp;&nbsp;<\/p>\n\n\n\n<p><strong>Salmo:<\/strong> 92:1-4,11-14<\/p>\n\n\n\n<p>&nbsp;&nbsp;<sup>1<\/sup>&nbsp;&nbsp;&nbsp;&nbsp; Bueno es darte gracias, oh Se\u00f1or, *<br>&nbsp;&nbsp;&nbsp;&nbsp;&nbsp;&nbsp;&nbsp;&nbsp;&nbsp;&nbsp;&nbsp;&nbsp; y cantar alabanzas a tu Nombre, oh Alt\u00edsimo;<br>&nbsp;&nbsp;<sup>2<\/sup>&nbsp;&nbsp;&nbsp;&nbsp; Anunciar por la ma\u00f1ana tu misericordia, *<br>&nbsp;&nbsp;&nbsp;&nbsp;&nbsp;&nbsp;&nbsp;&nbsp;&nbsp;&nbsp;&nbsp;&nbsp; y tu fidelidad por la noche;<br>&nbsp;&nbsp;<sup>3<\/sup>&nbsp;&nbsp;&nbsp;&nbsp; En la c\u00edtara y en la lira, *<br>&nbsp;&nbsp;&nbsp;&nbsp;&nbsp;&nbsp;&nbsp;&nbsp;&nbsp;&nbsp;&nbsp;&nbsp; y con la melod\u00eda del arpa;<br>&nbsp;&nbsp;<sup>4<\/sup>&nbsp;&nbsp;&nbsp;&nbsp; Por cuanto me has alegrado, oh Se\u00f1or, con tus haza\u00f1as; *<br>&nbsp;&nbsp;&nbsp;&nbsp;&nbsp;&nbsp;&nbsp;&nbsp;&nbsp;&nbsp;&nbsp;&nbsp; las obras de tus manos aclamo con j\u00fabilo.<br><sup>11<\/sup>&nbsp;&nbsp;&nbsp;&nbsp; Los justos florecer\u00e1n como palmera; *<br>&nbsp;&nbsp;&nbsp;&nbsp;&nbsp;&nbsp;&nbsp;&nbsp;&nbsp;&nbsp;&nbsp;&nbsp; se alzar\u00e1n como cedros del L\u00edbano;<br><sup>12<\/sup>&nbsp;&nbsp;&nbsp;&nbsp; Los plantados en la casa del Se\u00f1or *<br>&nbsp;&nbsp;&nbsp;&nbsp;&nbsp;&nbsp;&nbsp;&nbsp;&nbsp;&nbsp;&nbsp;&nbsp; florecer\u00e1n en los atrios de nuestro Dios.<br><sup>13<\/sup>&nbsp;&nbsp;&nbsp;&nbsp; En la vejez seguir\u00e1n dando fruto, *<br>&nbsp;&nbsp;&nbsp;&nbsp;&nbsp;&nbsp;&nbsp;&nbsp;&nbsp;&nbsp;&nbsp;&nbsp; y estar\u00e1n lozanos y frondosos,<br><sup>14<\/sup>&nbsp;&nbsp;&nbsp;&nbsp; Para proclamar la rectitud del Se\u00f1or, *<br>&nbsp;&nbsp;&nbsp;&nbsp;&nbsp;&nbsp;&nbsp;&nbsp;&nbsp;&nbsp;&nbsp;&nbsp; mi Roca, en quien no existe falta.<\/p>\n\n\n\n<p><strong>Nuevo Testamento:<\/strong> 1 Juan 1:1-9<\/p>\n\n\n\n<p><sup>1<\/sup>&nbsp;Les escribimos a ustedes acerca de aquello que ya exist\u00eda desde el principio, de lo que hemos o\u00eddo y de lo que hemos visto con nuestros propios ojos. Porque lo hemos visto y lo hemos tocado con nuestras manos. Se trata de la Palabra de vida.&nbsp;<sup>2<\/sup>&nbsp;Esta vida se manifest\u00f3: nosotros la vimos y damos testimonio de ella, y les anunciamos a ustedes esta vida eterna, la cual estaba con el Padre y se nos ha manifestado.&nbsp;<sup>3<\/sup>&nbsp;Les anunciamos, pues, lo que hemos visto y o\u00eddo, para que ustedes est\u00e9n unidos con nosotros, como nosotros estamos unidos con Dios el Padre y con su Hijo Jesucristo.&nbsp;<sup>4<\/sup>&nbsp;Escribimos estas cosas para que nuestra alegr\u00eda sea completa.<\/p>\n\n\n\n<p><sup>5<\/sup>&nbsp;\u00c9ste es el mensaje que Jesucristo nos ense\u00f1\u00f3 y que les anunciamos a ustedes: que Dios es luz y que en \u00e9l no hay ninguna oscuridad.&nbsp;<sup>6<\/sup>&nbsp;Si decimos que estamos unidos a \u00e9l, y al mismo tiempo vivimos en la oscuridad, mentimos y no practicamos la verdad.&nbsp;<sup>7<\/sup>&nbsp;Pero si vivimos en la luz, as\u00ed como Dios est\u00e1 en la luz, entonces hay uni\u00f3n entre nosotros, y la sangre de su Hijo Jes\u00fas nos limpia de todo pecado.<\/p>\n\n\n\n<p><sup>8<\/sup>&nbsp;Si decimos que no tenemos pecado, nos enga\u00f1amos a nosotros mismos y no hay verdad en nosotros; 9&nbsp;pero si confesamos nuestros pecados, podemos confiar en que Dios, que es justo, nos perdonar\u00e1 nuestros pecados y nos limpiar\u00e1 de toda maldad.<\/p>\n\n\n\n<p><strong>El Evangelio:<\/strong> Juan 21:19b-24<\/p>\n\n\n\n<p>Jes\u00fas dijo a Pedro: \u2014\u00a1S\u00edgueme!<\/p>\n\n\n\n<p><sup>20<\/sup>&nbsp;Al volverse, Pedro vio que detr\u00e1s ven\u00eda el disc\u00edpulo a quien Jes\u00fas quer\u00eda mucho, el mismo que en la cena hab\u00eda estado a su lado y le hab\u00eda preguntado: \u00abSe\u00f1or, \u00bfqui\u00e9n es el que te va a traicionar?\u00bb&nbsp;<sup>21<\/sup>&nbsp;Cuando Pedro lo vio, pregunt\u00f3 a Jes\u00fas: \u2014Se\u00f1or, y a \u00e9ste, \u00bfqu\u00e9 le va a pasar?<\/p>\n\n\n\n<p><sup>22<\/sup>&nbsp;Jes\u00fas le contest\u00f3: \u2014Si quiero que \u00e9l permanezca hasta que yo vuelva, \u00bfqu\u00e9 te importa a ti? T\u00fa s\u00edgueme.<\/p>\n\n\n\n<p><sup>23<\/sup>&nbsp;Por esto corri\u00f3 entre los hermanos el rumor de que aquel disc\u00edpulo no morir\u00eda. Pero Jes\u00fas no dijo que no morir\u00eda. Lo que dijo fue: \u00abSi quiero que \u00e9l permanezca hasta que yo vuelva, \u00bfqu\u00e9 te importa a ti?\u00bb<\/p>\n\n\n\n<p><sup>24<\/sup>&nbsp;\u00c9ste es el mismo disc\u00edpulo que da testimonio de estas cosas, y que las ha escrito. Y sabemos que dice la verdad.<\/p>\n\n\n\n<hr class=\"wp-block-separator has-text-color has-red-color has-alpha-channel-opacity has-red-background-color has-background is-style-wide\"\/>\n\n\n\n<h4 class=\"wp-block-heading\" id=\"h-redes-sociales\"><strong>Redes sociales<\/strong><\/h4>\n\n\n\n<p><strong>Texto de muestra: <\/strong>Hoy es la fiesta de San Juan, ap\u00f3stol y evangelista.<\/p>\n\n\n\n<p>Derrama, Dios, sobre tu Iglesia el brillo tu luz para que, iluminados por la ense\u00f1anza de Juan, tu ap\u00f3stol y evangelista, caminemos a la luz de tu verdad hasta alcanzar, al fin, la plenitud de vida eterna; por Jesucristo nuestro Se\u00f1or, que contigo y el Esp\u00edritu Santo vive y reina, un solo Dios, ahora y siempre. Am\u00e9n.<\/p>\n\n\n\n<p>San Juan, ap\u00f3stol y evangelista, recordado el 27 de diciembre, era hijo de Zebedeo y hermano de Santiago, llamado desde su trabajo como pescador a seguir a Jes\u00fas. Junto con Pedro y Santiago, form\u00f3 el c\u00edrculo \u00edntimo de disc\u00edpulos que fueron testigos de algunos de los momentos m\u00e1s profundos del ministerio de Jes\u00fas: la resurrecci\u00f3n de la hija de Jairo, la Transfiguraci\u00f3n y la agon\u00eda en Getseman\u00ed. Apodado junto con su hermano \u00abhijos del trueno\u00bb por su temperamento fogoso, Juan era, sin embargo, profundamente devoto, y si realmente es el \u00abdisc\u00edpulo amado\u00bb, comparti\u00f3 una relaci\u00f3n \u00fanica y cercana con Cristo: descansando a su lado en la \u00daltima Cena, de pie al pie de la cruz para recibir el cuidado de Mar\u00eda y siendo el primero en comprender el significado de la tumba vac\u00eda. Los Hechos de los Ap\u00f3stoles registran su valiente testimonio junto a Pedro en la curaci\u00f3n, la predicaci\u00f3n y la imposici\u00f3n de manos a los nuevos creyentes. La tradici\u00f3n sostiene que Juan vivi\u00f3 m\u00e1s tarde en \u00c9feso, fue exiliado a Patmos, donde recibi\u00f3 las visiones del Apocalipsis, y en su vejez dio testimonio de Cristo hasta su muerte natural. \u00danico entre los Doce que se dice que escap\u00f3 del martirio, Juan es recordado como ap\u00f3stol y evangelista, que proclam\u00f3 la Palabra hecha carne con claridad, amor y fe. #Episcopal<\/p>\n\n\n\n<div class=\"wp-block-columns is-layout-flex wp-container-core-columns-is-layout-9d6595d7 wp-block-columns-is-layout-flex\">\n<div class=\"wp-block-column is-layout-flow wp-block-column-is-layout-flow\">\n<p><strong>Instagram 1<\/strong><\/p>\n\n\n\n<figure class=\"wp-block-image size-large\"><img loading=\"lazy\" decoding=\"async\" width=\"819\" height=\"1024\" src=\"https:\/\/www.episcopalchurch.org\/wp-content\/uploads\/2011\/07\/St.-John-the-Evangelist-IG-1-1-819x1024.png\" alt=\"\" class=\"wp-image-338555\" srcset=\"https:\/\/www.episcopalchurch.org\/wp-content\/uploads\/2011\/07\/St.-John-the-Evangelist-IG-1-1-819x1024.png 819w, https:\/\/www.episcopalchurch.org\/wp-content\/uploads\/2011\/07\/St.-John-the-Evangelist-IG-1-1-240x300.png 240w, https:\/\/www.episcopalchurch.org\/wp-content\/uploads\/2011\/07\/St.-John-the-Evangelist-IG-1-1-768x960.png 768w, https:\/\/www.episcopalchurch.org\/wp-content\/uploads\/2011\/07\/St.-John-the-Evangelist-IG-1-1-480x600.png 480w, https:\/\/www.episcopalchurch.org\/wp-content\/uploads\/2011\/07\/St.-John-the-Evangelist-IG-1-1.png 1080w\" sizes=\"auto, (max-width: 819px) 100vw, 819px\" \/><\/figure>\n<\/div>\n\n\n\n<div class=\"wp-block-column is-layout-flow wp-block-column-is-layout-flow\">\n<p><strong>Instagram 2<\/strong><\/p>\n\n\n\n<figure class=\"wp-block-image size-large\"><img loading=\"lazy\" decoding=\"async\" width=\"819\" height=\"1024\" src=\"https:\/\/www.episcopalchurch.org\/wp-content\/uploads\/2011\/07\/St.-John-the-Evangelist-IG-2-1-819x1024.png\" alt=\"\" class=\"wp-image-338558\" srcset=\"https:\/\/www.episcopalchurch.org\/wp-content\/uploads\/2011\/07\/St.-John-the-Evangelist-IG-2-1-819x1024.png 819w, https:\/\/www.episcopalchurch.org\/wp-content\/uploads\/2011\/07\/St.-John-the-Evangelist-IG-2-1-240x300.png 240w, https:\/\/www.episcopalchurch.org\/wp-content\/uploads\/2011\/07\/St.-John-the-Evangelist-IG-2-1-768x960.png 768w, https:\/\/www.episcopalchurch.org\/wp-content\/uploads\/2011\/07\/St.-John-the-Evangelist-IG-2-1-480x600.png 480w, https:\/\/www.episcopalchurch.org\/wp-content\/uploads\/2011\/07\/St.-John-the-Evangelist-IG-2-1.png 1080w\" sizes=\"auto, (max-width: 819px) 100vw, 819px\" \/><\/figure>\n<\/div>\n\n\n\n<div class=\"wp-block-column is-layout-flow wp-block-column-is-layout-flow\">\n<p><strong><strong>Historias de Facebook\/Instagram 1<\/strong><\/strong><\/p>\n\n\n\n<figure class=\"wp-block-image size-large\"><img loading=\"lazy\" decoding=\"async\" width=\"576\" height=\"1024\" src=\"https:\/\/www.episcopalchurch.org\/wp-content\/uploads\/2011\/07\/St.-John-the-Evangelist-IGS-1-576x1024.png\" alt=\"\" class=\"wp-image-338561\" srcset=\"https:\/\/www.episcopalchurch.org\/wp-content\/uploads\/2011\/07\/St.-John-the-Evangelist-IGS-1-576x1024.png 576w, https:\/\/www.episcopalchurch.org\/wp-content\/uploads\/2011\/07\/St.-John-the-Evangelist-IGS-1-169x300.png 169w, https:\/\/www.episcopalchurch.org\/wp-content\/uploads\/2011\/07\/St.-John-the-Evangelist-IGS-1-768x1365.png 768w, https:\/\/www.episcopalchurch.org\/wp-content\/uploads\/2011\/07\/St.-John-the-Evangelist-IGS-1-864x1536.png 864w, https:\/\/www.episcopalchurch.org\/wp-content\/uploads\/2011\/07\/St.-John-the-Evangelist-IGS-1-480x853.png 480w, https:\/\/www.episcopalchurch.org\/wp-content\/uploads\/2011\/07\/St.-John-the-Evangelist-IGS-1.png 1080w\" sizes=\"auto, (max-width: 576px) 100vw, 576px\" \/><\/figure>\n<\/div>\n\n\n\n<div class=\"wp-block-column is-layout-flow wp-block-column-is-layout-flow\">\n<p><strong><strong>Historias de Facebook\/Instagram 2<\/strong><\/strong><\/p>\n\n\n\n<figure class=\"wp-block-image size-large\"><img loading=\"lazy\" decoding=\"async\" width=\"576\" height=\"1024\" src=\"https:\/\/www.episcopalchurch.org\/wp-content\/uploads\/2011\/07\/St.-John-the-Evangelist-IGS-2-1-576x1024.png\" alt=\"\" class=\"wp-image-338564\" srcset=\"https:\/\/www.episcopalchurch.org\/wp-content\/uploads\/2011\/07\/St.-John-the-Evangelist-IGS-2-1-576x1024.png 576w, https:\/\/www.episcopalchurch.org\/wp-content\/uploads\/2011\/07\/St.-John-the-Evangelist-IGS-2-1-169x300.png 169w, https:\/\/www.episcopalchurch.org\/wp-content\/uploads\/2011\/07\/St.-John-the-Evangelist-IGS-2-1-768x1365.png 768w, https:\/\/www.episcopalchurch.org\/wp-content\/uploads\/2011\/07\/St.-John-the-Evangelist-IGS-2-1-864x1536.png 864w, https:\/\/www.episcopalchurch.org\/wp-content\/uploads\/2011\/07\/St.-John-the-Evangelist-IGS-2-1-480x853.png 480w, https:\/\/www.episcopalchurch.org\/wp-content\/uploads\/2011\/07\/St.-John-the-Evangelist-IGS-2-1.png 1080w\" sizes=\"auto, (max-width: 576px) 100vw, 576px\" \/><\/figure>\n<\/div>\n<\/div>\n\n\n\n<hr class=\"wp-block-separator has-text-color has-red-color has-alpha-channel-opacity has-red-background-color has-background is-style-wide\"\/>\n","protected":false},"featured_media":210966,"template":"","meta":{"_acf_changed":false,"_uag_custom_page_level_css":"","_kad_blocks_custom_css":"","_kad_blocks_head_custom_js":"","_kad_blocks_body_custom_js":"","_kad_blocks_footer_custom_js":"","_kadence_starter_templates_imported_post":false,"_links_to":"","_links_to_target":""},"class_list":["post-222815","lectionary","type-lectionary","status-publish","has-post-thumbnail","hentry"],"acf":{"lectionary_cycle":["A","C"],"lectionary_type":"revised-common-lectionary","lectionary_date":"2019-12-27","lectionary_date_month":"12","lectionary_date_day":"27","drupal_id":"128558","lectionary_language":"en","lectionary_other_translation":false},"yoast_head":"<!-- This site is optimized with the Yoast SEO Premium plugin v24.6 (Yoast SEO v26.3) - https:\/\/yoast.com\/wordpress\/plugins\/seo\/ -->\n<title>San Juan, ap\u00f3stol y evangelista &#8211; The Episcopal Church<\/title>\n<meta name=\"robots\" content=\"index, follow, max-snippet:-1, max-image-preview:large, max-video-preview:-1\" \/>\n<link rel=\"canonical\" href=\"https:\/\/www.episcopalchurch.org\/es\/lectionary\/san-juan\/\" \/>\n<meta property=\"og:locale\" content=\"es_ES\" \/>\n<meta property=\"og:type\" content=\"article\" \/>\n<meta property=\"og:title\" content=\"San Juan, ap\u00f3stol y evangelista\" \/>\n<meta property=\"og:description\" content=\"La Colecta: Derrama, oh Se\u00f1or, sobre tu Iglesia el resplandor de tu luz, para que, iluminados por la ense\u00f1anza de tu ap\u00f3stol y evangelista Juan, andemos en la luz de tu verdad de tal manera que al fin alcancemos la plenitud de la vida eterna; por Jesucristo nuestro Se\u00f1or, que vive y reina contigo y [&hellip;]\" \/>\n<meta property=\"og:url\" content=\"https:\/\/www.episcopalchurch.org\/es\/lectionary\/san-juan\/\" \/>\n<meta property=\"og:site_name\" content=\"The Episcopal Church\" \/>\n<meta property=\"article:publisher\" content=\"https:\/\/www.facebook.com\/episcopalian\" \/>\n<meta property=\"article:modified_time\" content=\"2025-09-28T23:07:36+00:00\" \/>\n<meta property=\"og:image\" content=\"https:\/\/www.episcopalchurch.org\/wp-content\/uploads\/2021\/01\/st_john.jpg\" \/>\n\t<meta property=\"og:image:width\" content=\"163\" \/>\n\t<meta property=\"og:image:height\" content=\"340\" \/>\n\t<meta property=\"og:image:type\" content=\"image\/jpeg\" \/>\n<meta name=\"twitter:card\" content=\"summary_large_image\" \/>\n<meta name=\"twitter:site\" content=\"@iamepiscopalian\" \/>\n<meta name=\"twitter:label1\" content=\"Est. reading time\" \/>\n\t<meta name=\"twitter:data1\" content=\"6 minutes\" \/>\n<script type=\"application\/ld+json\" class=\"yoast-schema-graph\">{\"@context\":\"https:\/\/schema.org\",\"@graph\":[{\"@type\":\"WebPage\",\"@id\":\"https:\/\/www.episcopalchurch.org\/es\/lectionary\/san-juan\/\",\"url\":\"https:\/\/www.episcopalchurch.org\/es\/lectionary\/san-juan\/\",\"name\":\"San Juan, ap\u00f3stol y evangelista &#8211; The Episcopal Church\",\"isPartOf\":{\"@id\":\"https:\/\/www.episcopalchurch.org\/#website\"},\"primaryImageOfPage\":{\"@id\":\"https:\/\/www.episcopalchurch.org\/es\/lectionary\/san-juan\/#primaryimage\"},\"image\":{\"@id\":\"https:\/\/www.episcopalchurch.org\/es\/lectionary\/san-juan\/#primaryimage\"},\"thumbnailUrl\":\"https:\/\/www.episcopalchurch.org\/wp-content\/uploads\/2021\/01\/st_john.jpg\",\"datePublished\":\"2011-07-05T18:43:35+00:00\",\"dateModified\":\"2025-09-28T23:07:36+00:00\",\"breadcrumb\":{\"@id\":\"https:\/\/www.episcopalchurch.org\/es\/lectionary\/san-juan\/#breadcrumb\"},\"inLanguage\":\"es-ES\",\"potentialAction\":[{\"@type\":\"ReadAction\",\"target\":[\"https:\/\/www.episcopalchurch.org\/es\/lectionary\/san-juan\/\"]}]},{\"@type\":\"ImageObject\",\"inLanguage\":\"es-ES\",\"@id\":\"https:\/\/www.episcopalchurch.org\/es\/lectionary\/san-juan\/#primaryimage\",\"url\":\"https:\/\/www.episcopalchurch.org\/wp-content\/uploads\/2021\/01\/st_john.jpg\",\"contentUrl\":\"https:\/\/www.episcopalchurch.org\/wp-content\/uploads\/2021\/01\/st_john.jpg\",\"width\":163,\"height\":340},{\"@type\":\"BreadcrumbList\",\"@id\":\"https:\/\/www.episcopalchurch.org\/es\/lectionary\/san-juan\/#breadcrumb\",\"itemListElement\":[{\"@type\":\"ListItem\",\"position\":1,\"name\":\"Home\",\"item\":\"https:\/\/www.episcopalchurch.org\/\"},{\"@type\":\"ListItem\",\"position\":2,\"name\":\"San Juan, ap\u00f3stol y evangelista\"}]},{\"@type\":\"WebSite\",\"@id\":\"https:\/\/www.episcopalchurch.org\/#website\",\"url\":\"https:\/\/www.episcopalchurch.org\/\",\"name\":\"The Episcopal Church\",\"description\":\"Welcomes You\",\"publisher\":{\"@id\":\"https:\/\/www.episcopalchurch.org\/#organization\"},\"potentialAction\":[{\"@type\":\"SearchAction\",\"target\":{\"@type\":\"EntryPoint\",\"urlTemplate\":\"https:\/\/www.episcopalchurch.org\/?s={search_term_string}\"},\"query-input\":{\"@type\":\"PropertyValueSpecification\",\"valueRequired\":true,\"valueName\":\"search_term_string\"}}],\"inLanguage\":\"es-ES\"},{\"@type\":\"Organization\",\"@id\":\"https:\/\/www.episcopalchurch.org\/#organization\",\"name\":\"The Episcopal Church\",\"url\":\"https:\/\/www.episcopalchurch.org\/\",\"logo\":{\"@type\":\"ImageObject\",\"inLanguage\":\"es-ES\",\"@id\":\"https:\/\/www.episcopalchurch.org\/#\/schema\/logo\/image\/\",\"url\":\"https:\/\/www.episcopalchurch.org\/wp-content\/uploads\/2021\/01\/vertical_episcopal_logo.jpg\",\"contentUrl\":\"https:\/\/www.episcopalchurch.org\/wp-content\/uploads\/2021\/01\/vertical_episcopal_logo.jpg\",\"width\":770,\"height\":662,\"caption\":\"The Episcopal Church\"},\"image\":{\"@id\":\"https:\/\/www.episcopalchurch.org\/#\/schema\/logo\/image\/\"},\"sameAs\":[\"https:\/\/www.facebook.com\/episcopalian\",\"https:\/\/x.com\/iamepiscopalian\",\"https:\/\/www.youtube.com\/channel\/UCdVJpxCtK41c_-p6EaE4_2A\"]}]}<\/script>\n<!-- \/ Yoast SEO Premium plugin. -->","yoast_head_json":{"title":"San Juan, ap\u00f3stol y evangelista &#8211; The Episcopal Church","robots":{"index":"index","follow":"follow","max-snippet":"max-snippet:-1","max-image-preview":"max-image-preview:large","max-video-preview":"max-video-preview:-1"},"canonical":"https:\/\/www.episcopalchurch.org\/es\/lectionary\/san-juan\/","og_locale":"es_ES","og_type":"article","og_title":"San Juan, ap\u00f3stol y evangelista","og_description":"La Colecta: Derrama, oh Se\u00f1or, sobre tu Iglesia el resplandor de tu luz, para que, iluminados por la ense\u00f1anza de tu ap\u00f3stol y evangelista Juan, andemos en la luz de tu verdad de tal manera que al fin alcancemos la plenitud de la vida eterna; por Jesucristo nuestro Se\u00f1or, que vive y reina contigo y [&hellip;]","og_url":"https:\/\/www.episcopalchurch.org\/es\/lectionary\/san-juan\/","og_site_name":"The Episcopal Church","article_publisher":"https:\/\/www.facebook.com\/episcopalian","article_modified_time":"2025-09-28T23:07:36+00:00","og_image":[{"width":163,"height":340,"url":"https:\/\/www.episcopalchurch.org\/wp-content\/uploads\/2021\/01\/st_john.jpg","type":"image\/jpeg"}],"twitter_card":"summary_large_image","twitter_site":"@iamepiscopalian","twitter_misc":{"Est. reading time":"6 minutes"},"schema":{"@context":"https:\/\/schema.org","@graph":[{"@type":"WebPage","@id":"https:\/\/www.episcopalchurch.org\/es\/lectionary\/san-juan\/","url":"https:\/\/www.episcopalchurch.org\/es\/lectionary\/san-juan\/","name":"San Juan, ap\u00f3stol y evangelista &#8211; The Episcopal Church","isPartOf":{"@id":"https:\/\/www.episcopalchurch.org\/#website"},"primaryImageOfPage":{"@id":"https:\/\/www.episcopalchurch.org\/es\/lectionary\/san-juan\/#primaryimage"},"image":{"@id":"https:\/\/www.episcopalchurch.org\/es\/lectionary\/san-juan\/#primaryimage"},"thumbnailUrl":"https:\/\/www.episcopalchurch.org\/wp-content\/uploads\/2021\/01\/st_john.jpg","datePublished":"2011-07-05T18:43:35+00:00","dateModified":"2025-09-28T23:07:36+00:00","breadcrumb":{"@id":"https:\/\/www.episcopalchurch.org\/es\/lectionary\/san-juan\/#breadcrumb"},"inLanguage":"es-ES","potentialAction":[{"@type":"ReadAction","target":["https:\/\/www.episcopalchurch.org\/es\/lectionary\/san-juan\/"]}]},{"@type":"ImageObject","inLanguage":"es-ES","@id":"https:\/\/www.episcopalchurch.org\/es\/lectionary\/san-juan\/#primaryimage","url":"https:\/\/www.episcopalchurch.org\/wp-content\/uploads\/2021\/01\/st_john.jpg","contentUrl":"https:\/\/www.episcopalchurch.org\/wp-content\/uploads\/2021\/01\/st_john.jpg","width":163,"height":340},{"@type":"BreadcrumbList","@id":"https:\/\/www.episcopalchurch.org\/es\/lectionary\/san-juan\/#breadcrumb","itemListElement":[{"@type":"ListItem","position":1,"name":"Home","item":"https:\/\/www.episcopalchurch.org\/"},{"@type":"ListItem","position":2,"name":"San Juan, ap\u00f3stol y evangelista"}]},{"@type":"WebSite","@id":"https:\/\/www.episcopalchurch.org\/#website","url":"https:\/\/www.episcopalchurch.org\/","name":"The Episcopal Church","description":"Welcomes You","publisher":{"@id":"https:\/\/www.episcopalchurch.org\/#organization"},"potentialAction":[{"@type":"SearchAction","target":{"@type":"EntryPoint","urlTemplate":"https:\/\/www.episcopalchurch.org\/?s={search_term_string}"},"query-input":{"@type":"PropertyValueSpecification","valueRequired":true,"valueName":"search_term_string"}}],"inLanguage":"es-ES"},{"@type":"Organization","@id":"https:\/\/www.episcopalchurch.org\/#organization","name":"The Episcopal Church","url":"https:\/\/www.episcopalchurch.org\/","logo":{"@type":"ImageObject","inLanguage":"es-ES","@id":"https:\/\/www.episcopalchurch.org\/#\/schema\/logo\/image\/","url":"https:\/\/www.episcopalchurch.org\/wp-content\/uploads\/2021\/01\/vertical_episcopal_logo.jpg","contentUrl":"https:\/\/www.episcopalchurch.org\/wp-content\/uploads\/2021\/01\/vertical_episcopal_logo.jpg","width":770,"height":662,"caption":"The Episcopal Church"},"image":{"@id":"https:\/\/www.episcopalchurch.org\/#\/schema\/logo\/image\/"},"sameAs":["https:\/\/www.facebook.com\/episcopalian","https:\/\/x.com\/iamepiscopalian","https:\/\/www.youtube.com\/channel\/UCdVJpxCtK41c_-p6EaE4_2A"]}]}},"taxonomy_info":[],"featured_image_src_large":["https:\/\/www.episcopalchurch.org\/wp-content\/uploads\/2021\/01\/st_john.jpg",163,340,false],"author_info":[],"comment_info":"","uagb_featured_image_src":{"full":["https:\/\/www.episcopalchurch.org\/wp-content\/uploads\/2021\/01\/st_john.jpg",163,340,false],"thumbnail":["https:\/\/www.episcopalchurch.org\/wp-content\/uploads\/2021\/01\/st_john-150x150.jpg",150,150,true],"medium":["https:\/\/www.episcopalchurch.org\/wp-content\/uploads\/2021\/01\/st_john-144x300.jpg",144,300,true],"medium_large":["https:\/\/www.episcopalchurch.org\/wp-content\/uploads\/2021\/01\/st_john.jpg",163,340,false],"large":["https:\/\/www.episcopalchurch.org\/wp-content\/uploads\/2021\/01\/st_john.jpg",163,340,false],"1536x1536":["https:\/\/www.episcopalchurch.org\/wp-content\/uploads\/2021\/01\/st_john.jpg",163,340,false],"2048x2048":["https:\/\/www.episcopalchurch.org\/wp-content\/uploads\/2021\/01\/st_john.jpg",163,340,false],"menu":["https:\/\/www.episcopalchurch.org\/wp-content\/uploads\/2021\/01\/st_john-163x200.jpg",163,200,true],"hero":["https:\/\/www.episcopalchurch.org\/wp-content\/uploads\/2021\/01\/st_john.jpg",163,340,false],"callout-image":["https:\/\/www.episcopalchurch.org\/wp-content\/uploads\/2021\/01\/st_john.jpg",163,340,false]},"uagb_author_info":{"display_name":"Christopher Sikkema","author_link":"https:\/\/www.episcopalchurch.org\/es\/author\/"},"uagb_comment_info":0,"uagb_excerpt":"La Colecta: Derrama, oh Se\u00f1or, sobre tu Iglesia el resplandor de tu luz, para que, iluminados por la ense\u00f1anza de tu ap\u00f3stol y evangelista Juan, andemos en la luz de tu verdad de tal manera que al fin alcancemos la plenitud de la vida eterna; por Jesucristo nuestro Se\u00f1or, que vive y reina contigo y&hellip;","_links":{"self":[{"href":"https:\/\/www.episcopalchurch.org\/es\/wp-json\/wp\/v2\/lectionary\/222815","targetHints":{"allow":["GET"]}}],"collection":[{"href":"https:\/\/www.episcopalchurch.org\/es\/wp-json\/wp\/v2\/lectionary"}],"about":[{"href":"https:\/\/www.episcopalchurch.org\/es\/wp-json\/wp\/v2\/types\/lectionary"}],"wp:featuredmedia":[{"embeddable":true,"href":"https:\/\/www.episcopalchurch.org\/es\/wp-json\/wp\/v2\/media\/210966"}],"wp:attachment":[{"href":"https:\/\/www.episcopalchurch.org\/es\/wp-json\/wp\/v2\/media?parent=222815"}],"curies":[{"name":"wp","href":"https:\/\/api.w.org\/{rel}","templated":true}]}}