{"id":222953,"date":"2018-08-13T17:31:28","date_gmt":"2018-08-13T17:31:28","guid":{"rendered":"https:\/\/www.episcopalchurch.org\/lectionary\/epiphany-6c\/"},"modified":"2025-12-31T13:46:16","modified_gmt":"2025-12-31T18:46:16","slug":"epifania-6c","status":"publish","type":"lectionary","link":"https:\/\/www.episcopalchurch.org\/es\/lectionary\/epifania-6c\/","title":{"rendered":"Sexto Domingo despu\u00e9s de Epifan\u00eda"},"content":{"rendered":"\n<p><strong>La Colecta:<\/strong> <\/p>\n\n\n\n<p>Oh Dios, fortaleza de los que ponen su confianza en ti: Acepta con misericordia nuestras s\u00faplicas, y puesto que, por nuestra flaqueza, no podemos hacer nada bueno sin ti, danos el auxilio de tu gracia; para que, al guardar tus mandamientos, te agrademos, tanto de voluntad como de hecho; por nuestro Se\u00f1or Jesucristo, que vive y reina contigo y el Esp\u00edritu Santo, un solo Dios, por los siglos de los siglos.&nbsp;&nbsp;Am\u00e9n.<\/p>\n\n\n\n<p><strong>Antiguo Testamento:<\/strong> Jeremiah 17:5-10<\/p>\n\n\n\n<p><sup>5&nbsp;<\/sup>El Se\u00f1or dice:&nbsp;<br>\u00abMaldito aquel que aparta de m\u00ed su coraz\u00f3n,&nbsp;<br>que pone su confianza en los hombres&nbsp;<br>y en ellos busca apoyo.&nbsp;<br><sup>6&nbsp;<\/sup>Ser\u00e1 como la zarza del desierto,&nbsp;<br>que nunca recibe cuidados:&nbsp;<br>que crece entre las piedras,&nbsp;<br>en tierras de sal, donde nadie vive.&nbsp;<\/p>\n\n\n\n<p><sup>7&nbsp;<\/sup>\u00bbPero bendito el hombre que conf\u00eda en m\u00ed,&nbsp;<br>que pone en m\u00ed su esperanza.&nbsp;<br><sup>8&nbsp;<\/sup>Ser\u00e1 como un \u00e1rbol plantado a la orilla de un r\u00edo,&nbsp;<br>que extiende sus ra\u00edces hacia la corriente&nbsp;<br>y no teme cuando llegan los calores,&nbsp;<br>pues su follaje est\u00e1 siempre frondoso.&nbsp;<br>En tiempo de sequ\u00eda no se inquieta,&nbsp;<br>y nunca deja de dar fruto.&nbsp;<\/p>\n\n\n\n<p><sup>9&nbsp;<\/sup>\u00bbNada hay tan enga\u00f1oso y perverso&nbsp;<br>como el coraz\u00f3n humano.&nbsp;<br>\u00bfQui\u00e9n es capaz de comprenderlo?&nbsp;<br><sup>10&nbsp;<\/sup>Yo, el Se\u00f1or, que investigo el coraz\u00f3n&nbsp;<br>y conozco a fondo los sentimientos;&nbsp;<br>que doy a cada cual lo que se merece,&nbsp;<br>de acuerdo con sus acciones.\u00bb&nbsp;&nbsp;&nbsp;&nbsp;&nbsp;<\/p>\n\n\n\n<p><strong>Salmo:<\/strong> 1<\/p>\n\n\n\n<p><sup>1<\/sup>&nbsp;&nbsp;&nbsp;&nbsp;&nbsp;Bienaventurado el que no anduvo en consejo de malos, *<br>&nbsp;&nbsp;&nbsp;&nbsp;&nbsp;&nbsp;&nbsp;&nbsp;&nbsp;&nbsp;&nbsp;ni estuvo en camino de Pecadores, ni en silla de escarnecedores se ha sentado;<br><sup>2<\/sup>&nbsp;&nbsp;&nbsp;&nbsp;&nbsp;Sino que en la ley del Se\u00f1or est\u00e1 su delicia, *<br>&nbsp;&nbsp;&nbsp;&nbsp;&nbsp;&nbsp;&nbsp;&nbsp;&nbsp;&nbsp;&nbsp;y en su ley medita de d\u00eda y de noche.<br><sup>3<\/sup>&nbsp;&nbsp;&nbsp;&nbsp;&nbsp;Ser\u00e1 como el \u00e1rbol plantado junto a corrientes de aguas,<br>&nbsp;&nbsp;&nbsp;&nbsp;&nbsp;&nbsp;&nbsp;que da su fruto en su tiempo, y su hoja no cae, *<br>&nbsp;&nbsp;&nbsp;&nbsp;&nbsp;&nbsp;&nbsp;&nbsp;&nbsp;&nbsp;&nbsp;y todo lo que hace prosperar\u00e1.<br><sup>4<\/sup>&nbsp;&nbsp;&nbsp;&nbsp;&nbsp;No as\u00ed los malos, no as\u00ed, *<br>&nbsp;&nbsp;&nbsp;&nbsp;&nbsp;&nbsp;&nbsp;&nbsp;&nbsp;&nbsp;&nbsp;que son como el tamo que arrebata el viento.<br><sup>5<\/sup>&nbsp;&nbsp;&nbsp;&nbsp;&nbsp;Por tanto, no se levantar\u00e1n los malos en el juicio, *<br>&nbsp;&nbsp;&nbsp;&nbsp;&nbsp;&nbsp;&nbsp;&nbsp;&nbsp;&nbsp;&nbsp;ni los pecadores en la congregaci\u00f3n de los justos;<br><sup>6<\/sup>&nbsp;&nbsp;&nbsp;&nbsp;&nbsp;Porque el Se\u00f1or conoce el camino de los justos, *<br>&nbsp;&nbsp;&nbsp;&nbsp;&nbsp;&nbsp;&nbsp;&nbsp;&nbsp;&nbsp;&nbsp;mas la senda de los malos perecer\u00e1.<\/p>\n\n\n\n<p><strong>Nuevo Testamento:<\/strong> 1 Corintios 15:12-20<\/p>\n\n\n\n<p><sup>12&nbsp;<\/sup>Si nuestro mensaje es que Cristo resucit\u00f3, \u00bfpor qu\u00e9 dicen algunos de ustedes que los muertos no resucitan?&nbsp;<sup>13&nbsp;<\/sup>Porque si los muertos no resucitan, entonces tampoco Cristo resucit\u00f3;&nbsp;<sup>14&nbsp;<\/sup>y si Cristo no resucit\u00f3, el mensaje que predicamos no vale para nada, ni tampoco vale para nada la fe que ustedes tienen.&nbsp;<sup>15&nbsp;<\/sup>Si esto fuera as\u00ed, nosotros resultar\u00edamos ser testigos falsos de Dios, puesto que estar\u00edamos afirmando en contra de Dios que \u00e9l resucit\u00f3 a Cristo, cuando en realidad no lo habr\u00eda resucitado si fuera verdad que los muertos no resucitan.&nbsp;<sup>16&nbsp;<\/sup>Porque si los muertos no resucitan, entonces tampoco Cristo resucit\u00f3;&nbsp;<sup>17&nbsp;<\/sup>y si Cristo no resucit\u00f3, la fe de ustedes no vale para nada: todav\u00eda siguen en sus pecados.&nbsp;<sup>18&nbsp;<\/sup>En este caso, tambi\u00e9n est\u00e1n perdidos los que murieron creyendo en Cristo.&nbsp;<sup>19&nbsp;<\/sup>Si nuestra esperanza en Cristo solamente vale para esta vida, somos los m\u00e1s desdichados de todos.&nbsp;<\/p>\n\n\n\n<p><sup>20&nbsp;<\/sup>Pero lo cierto es que Cristo ha resucitado. \u00c9l es el primer fruto de la cosecha: ha sido el primero en resucitar.&nbsp;&nbsp;&nbsp;&nbsp;&nbsp;<\/p>\n\n\n\n<p><strong>El Evangelio:<\/strong> Lucas 6:17-26<\/p>\n\n\n\n<p><sup>17&nbsp;<\/sup>Jes\u00fas baj\u00f3 del cerro con ellos y se detuvo en un llano. Se hab\u00edan juntado all\u00ed muchos de sus seguidores y mucha gente de toda la regi\u00f3n de Judea, de Jerusal\u00e9n y de la costa de Tiro y Sid\u00f3n.&nbsp;<sup>18&nbsp;<\/sup>Hab\u00edan llegado para o\u00edr a Jes\u00fas y para que los curara de sus enfermedades. Los que sufr\u00edan a causa de esp\u00edritus impuros, tambi\u00e9n quedaban sanos.&nbsp;<sup>19&nbsp;<\/sup>As\u00ed que toda la gente quer\u00eda tocar a Jes\u00fas, porque los sanaba a todos con el poder que de \u00e9l sal\u00eda.&nbsp;<\/p>\n\n\n\n<p><sup>20&nbsp;<\/sup>Jes\u00fas mir\u00f3 a sus disc\u00edpulos, y les dijo:&nbsp;<\/p>\n\n\n\n<p>\u00abDichosos ustedes los pobres, pues de ustedes es el reino de Dios.&nbsp;<\/p>\n\n\n\n<p><sup>21&nbsp;<\/sup>\u00bbDichosos ustedes los que ahora tienen hambre, pues quedar\u00e1n satisfechos.&nbsp;<\/p>\n\n\n\n<p>\u00bbDichosos ustedes los que ahora lloran, pues despu\u00e9s reir\u00e1n.&nbsp;<\/p>\n\n\n\n<p><sup>22&nbsp;<\/sup>\u00bbDichosos ustedes cuando la gente los odie, cuando los expulsen, cuando los insulten y cuando desprecien su nombre como cosa mala, por causa del Hijo del hombre.&nbsp;<sup>23&nbsp;<\/sup>Al\u00e9grense mucho, ll\u00e9nense de gozo en ese d\u00eda, porque ustedes recibir\u00e1n un gran premio en el cielo; pues tambi\u00e9n as\u00ed maltrataron los antepasados de esa gente a los profetas.&nbsp;<\/p>\n\n\n\n<p><sup>24&nbsp;<\/sup>\u00bbPero \u00a1ay de ustedes los ricos, pues ya han tenido su alegr\u00eda!&nbsp;<\/p>\n\n\n\n<p><sup>25&nbsp;<\/sup>\u00bb\u00a1Ay de ustedes los que ahora est\u00e1n satisfechos, pues tendr\u00e1n hambre!&nbsp;<\/p>\n\n\n\n<p>\u00bb\u00a1Ay de ustedes los que ahora r\u00eden, pues van a llorar de tristeza!&nbsp;<\/p>\n\n\n\n<p><sup>26\u00a0<\/sup>\u00bb\u00a1Ay de ustedes cuando todo el mundo los alabe, pues as\u00ed hac\u00edan los antepasados de esa gente con los falsos profetas!\u00bb<\/p>\n\n\n<style>.wp-block-kadence-spacer.kt-block-spacer-222953_f11d2a-ad .kt-block-spacer{height:60px;}.wp-block-kadence-spacer.kt-block-spacer-222953_f11d2a-ad .kt-divider{border-top-width:2px;border-top-color:#84BD00;width:100%;border-top-style:solid;}<\/style>\n<div class=\"wp-block-kadence-spacer aligncenter kt-block-spacer-222953_f11d2a-ad\"><div class=\"kt-block-spacer kt-block-spacer-halign-center\"><hr class=\"kt-divider\"\/><\/div><\/div>\n\n\n\n<h3 class=\"wp-block-heading\" id=\"h-redes-sociales\"><strong>Redes sociales<\/strong><\/h3>\n\n\n\n<div class=\"wp-block-columns is-layout-flex wp-container-core-columns-is-layout-9d6595d7 wp-block-columns-is-layout-flex\">\n<div class=\"wp-block-column is-layout-flow wp-block-column-is-layout-flow\">\n<figure class=\"wp-block-image size-large\"><img loading=\"lazy\" decoding=\"async\" width=\"819\" height=\"1024\" src=\"https:\/\/www.episcopalchurch.org\/wp-content\/uploads\/2018\/08\/Sexto-Domingo-despues-de-Epifania-819x1024.png\" alt=\"\" class=\"wp-image-342059\" srcset=\"https:\/\/www.episcopalchurch.org\/wp-content\/uploads\/2018\/08\/Sexto-Domingo-despues-de-Epifania-819x1024.png 819w, https:\/\/www.episcopalchurch.org\/wp-content\/uploads\/2018\/08\/Sexto-Domingo-despues-de-Epifania-240x300.png 240w, https:\/\/www.episcopalchurch.org\/wp-content\/uploads\/2018\/08\/Sexto-Domingo-despues-de-Epifania-768x960.png 768w, https:\/\/www.episcopalchurch.org\/wp-content\/uploads\/2018\/08\/Sexto-Domingo-despues-de-Epifania-480x600.png 480w, https:\/\/www.episcopalchurch.org\/wp-content\/uploads\/2018\/08\/Sexto-Domingo-despues-de-Epifania.png 1080w\" sizes=\"auto, (max-width: 819px) 100vw, 819px\" \/><\/figure>\n<\/div>\n\n\n\n<div class=\"wp-block-column is-layout-flow wp-block-column-is-layout-flow\">\n<h4 class=\"wp-block-heading\" id=\"h-texto-de-muestra\"><strong>Texto de muestra<\/strong><\/h4>\n\n\n\n<p>En este domingo nos dirigimos al Dios que es la fuerza de todos los que conf\u00edan en \u00e9l. Reconociendo que en nuestra debilidad no podemos hacer nada bueno sin la ayuda divina, pedimos la gracia de cumplir los mandamientos de Dios con la voluntad y las obras. Mientras Jes\u00fas nos llama a profundizar en la reconciliaci\u00f3n, la integridad y el amor sincero, elegimos el camino de la vida, confiando en Aquel que nos da el crecimiento y nos gu\u00eda por el camino de sus mandamientos vivificantes. #Episcopal<\/p>\n\n\n\n<p><em><em>Las colectas para la Epifan\u00eda y la temporada posterior fueron dise\u00f1adas por <\/em><a href=\"https:\/\/www.linkedin.com\/in\/loriblewett\/\"><strong><em>Lori Blewett<\/em><\/strong><\/a><em>, una galardonada dise\u00f1adora y comunicadora. Lori es directora de comunicaciones de la iglesia St. David&#8217;s, en el centro de Austin, Texas, y miembro de la junta directiva de <\/em><a href=\"https:\/\/episcopal-communicators.wildapricot.org\/\"><em>Episcopal Communicators<\/em><\/a><em>.<\/em><br><br><br><br><br><\/em><\/p>\n<\/div>\n<\/div>\n\n\n<style>.wp-block-kadence-spacer.kt-block-spacer-222953_65f205-46 .kt-block-spacer{height:30px;}.wp-block-kadence-spacer.kt-block-spacer-222953_65f205-46 .kt-divider{border-top-width:2px;border-top-color:#84BD00;width:100%;border-top-style:solid;}<\/style>\n<div class=\"wp-block-kadence-spacer aligncenter kt-block-spacer-222953_65f205-46\"><div class=\"kt-block-spacer kt-block-spacer-halign-center\"><hr class=\"kt-divider\"\/><\/div><\/div>\n\n\n\n<h3 class=\"wp-block-heading\" id=\"h-sermones\"><strong>Sermones<\/strong><\/h3>\n\n\n\n\t\t\t<div class=\"wp-block-uagb-post-carousel uagb-post-grid  uagb-post__image-position-top uagb-post__image-disabled uagb-block-c81e491f     uagb-post__arrow-outside uagb-slick-carousel uagb-post__items uagb-post__columns-3 is-carousel uagb-post__columns-tablet-2 uagb-post__columns-mobile-1\" data-total=\"1\" style=\"\">\n\n\t\t\t\t\t\t\t\t\t\t\t\t<article class=\"uagb-post__inner-wrap\">\t\t\t\t\t\t\t\t<h4 class=\"uagb-post__title uagb-post__text\">\n\t\t\t\t<a href=\"https:\/\/www.episcopalchurch.org\/es\/sermon\/epifania-6-a-12-de-febrero-de-2023\/\" target=\"_self\" rel=\"bookmark noopener noreferrer\">Epifan\u00eda 6 (A) \u2013 12 de febrero de 2023<\/a>\n\t\t\t<\/h4>\n\t\t\t\t\t\t<div class='uagb-post__text uagb-post-grid-byline'>\n\t\t\t\t\t\t\t<\/div>\n\t\t\t\t\t\t<div class=\"uagb-post__text uagb-post__cta wp-block-button\">\n\t\t\t\t<a class=\"wp-block-button__link uagb-text-link\" style=\"\" href=\"https:\/\/www.episcopalchurch.org\/es\/sermon\/epifania-6-a-12-de-febrero-de-2023\/\" target=\"_self\" rel=\"bookmark noopener noreferrer\">Leer m\u00e1s<\/a>\n\t\t\t<\/div>\n\t\t\t\n\t\t\t\t\t\t\t\t\t<\/article>\n\t\t\t\t\t\t\t\t\t\t\t\t\t\t\t\t<article class=\"uagb-post__inner-wrap\">\t\t\t\t\t\t\t\t<h4 class=\"uagb-post__title uagb-post__text\">\n\t\t\t\t<a href=\"https:\/\/www.episcopalchurch.org\/es\/sermon\/epifania-6-a-2020\/\" target=\"_self\" rel=\"bookmark noopener noreferrer\">Epifan\u00eda 6 (A) &#8211; 2020<\/a>\n\t\t\t<\/h4>\n\t\t\t\t\t\t<div class='uagb-post__text uagb-post-grid-byline'>\n\t\t\t\t\t\t\t<\/div>\n\t\t\t\t\t\t<div class=\"uagb-post__text uagb-post__cta wp-block-button\">\n\t\t\t\t<a class=\"wp-block-button__link uagb-text-link\" style=\"\" href=\"https:\/\/www.episcopalchurch.org\/es\/sermon\/epifania-6-a-2020\/\" target=\"_self\" rel=\"bookmark noopener noreferrer\">Leer m\u00e1s<\/a>\n\t\t\t<\/div>\n\t\t\t\n\t\t\t\t\t\t\t\t\t<\/article>\n\t\t\t\t\t\t\t\t\t\t\t\t\t\t\t\t<article class=\"uagb-post__inner-wrap\">\t\t\t\t\t\t\t\t<h4 class=\"uagb-post__title uagb-post__text\">\n\t\t\t\t<a href=\"https:\/\/www.episcopalchurch.org\/es\/sermon\/epifania-6-a-2017\/\" target=\"_self\" rel=\"bookmark noopener noreferrer\">Epifan\u00eda 6 (A) &#8211; 2017<\/a>\n\t\t\t<\/h4>\n\t\t\t\t\t\t<div class='uagb-post__text uagb-post-grid-byline'>\n\t\t\t\t\t\t\t<\/div>\n\t\t\t\t\t\t<div class=\"uagb-post__text uagb-post__cta wp-block-button\">\n\t\t\t\t<a class=\"wp-block-button__link uagb-text-link\" style=\"\" href=\"https:\/\/www.episcopalchurch.org\/es\/sermon\/epifania-6-a-2017\/\" target=\"_self\" rel=\"bookmark noopener noreferrer\">Leer m\u00e1s<\/a>\n\t\t\t<\/div>\n\t\t\t\n\t\t\t\t\t\t\t\t\t<\/article>\n\t\t\t\t\t\t\t\t\t\t\t\t\t\t\t\t<article class=\"uagb-post__inner-wrap\">\t\t\t\t\t\t\t\t<h4 class=\"uagb-post__title uagb-post__text\">\n\t\t\t\t<a href=\"https:\/\/www.episcopalchurch.org\/es\/sermon\/epifania-6-a-2014\/\" target=\"_self\" rel=\"bookmark noopener noreferrer\">Epifan\u00eda 6 (A) \u2013 2014<\/a>\n\t\t\t<\/h4>\n\t\t\t\t\t\t<div class='uagb-post__text uagb-post-grid-byline'>\n\t\t\t\t\t\t\t<\/div>\n\t\t\t\t\t\t<div class=\"uagb-post__text uagb-post__cta wp-block-button\">\n\t\t\t\t<a class=\"wp-block-button__link uagb-text-link\" style=\"\" href=\"https:\/\/www.episcopalchurch.org\/es\/sermon\/epifania-6-a-2014\/\" target=\"_self\" rel=\"bookmark noopener noreferrer\">Leer m\u00e1s<\/a>\n\t\t\t<\/div>\n\t\t\t\n\t\t\t\t\t\t\t\t\t<\/article>\n\t\t\t\t\t\t\t\t\t\t\t\t\t\t\t\t<article class=\"uagb-post__inner-wrap\">\t\t\t\t\t\t\t\t<h4 class=\"uagb-post__title uagb-post__text\">\n\t\t\t\t<a href=\"https:\/\/www.episcopalchurch.org\/es\/sermon\/epifania-6-a-2011\/\" target=\"_self\" rel=\"bookmark noopener noreferrer\">Epifan\u00eda 6 (A) \u2013 2011<\/a>\n\t\t\t<\/h4>\n\t\t\t\t\t\t<div class='uagb-post__text uagb-post-grid-byline'>\n\t\t\t\t\t\t\t<\/div>\n\t\t\t\t\t\t<div class=\"uagb-post__text uagb-post__cta wp-block-button\">\n\t\t\t\t<a class=\"wp-block-button__link uagb-text-link\" style=\"\" href=\"https:\/\/www.episcopalchurch.org\/es\/sermon\/epifania-6-a-2011\/\" target=\"_self\" rel=\"bookmark noopener noreferrer\">Leer m\u00e1s<\/a>\n\t\t\t<\/div>\n\t\t\t\n\t\t\t\t\t\t\t\t\t<\/article>\n\t\t\t\t\t\t\t\t\t\t\t<\/div>\n\t\t\t\n\n\n<h3 class=\"wp-block-heading\" id=\"h-estudios-biblicos\"><strong>Estudios B\u00edblicos<\/strong><\/h3>\n\n\n\n\t\t\t<div class=\"wp-block-uagb-post-carousel uagb-post-grid  uagb-post__image-position-top uagb-post__image-disabled uagb-block-de9ed840     uagb-post__arrow-outside uagb-slick-carousel uagb-post__items uagb-post__columns-3 is-carousel uagb-post__columns-tablet-2 uagb-post__columns-mobile-1\" data-total=\"1\" style=\"\">\n\n\t\t\t\t\t\t\t\t\t\t\t\t<article class=\"uagb-post__inner-wrap\">\t\t\t\t\t\t\t\t<h4 class=\"uagb-post__title uagb-post__text\">\n\t\t\t\t<a href=\"https:\/\/www.episcopalchurch.org\/es\/bible_study\/estudio-biblico-epifania-6-a-12-de-febrero-de-2023\/\" target=\"_self\" rel=\"bookmark noopener noreferrer\">Estudio B\u00edblico: Epifan\u00eda 6 (A) \u2013 2023<\/a>\n\t\t\t<\/h4>\n\t\t\t\t\t\t<div class='uagb-post__text uagb-post-grid-byline'>\n\t\t\t\t\t\t\t<\/div>\n\t\t\t\t\t\t<div class=\"uagb-post__text uagb-post__cta wp-block-button\">\n\t\t\t\t<a class=\"wp-block-button__link uagb-text-link\" style=\"\" href=\"https:\/\/www.episcopalchurch.org\/es\/bible_study\/estudio-biblico-epifania-6-a-12-de-febrero-de-2023\/\" target=\"_self\" rel=\"bookmark noopener noreferrer\">Leer m\u00e1s<\/a>\n\t\t\t<\/div>\n\t\t\t\n\t\t\t\t\t\t\t\t\t<\/article>\n\t\t\t\t\t\t\t\t\t\t\t\t\t\t\t\t<article class=\"uagb-post__inner-wrap\">\t\t\t\t\t\t\t\t<h4 class=\"uagb-post__title uagb-post__text\">\n\t\t\t\t<a href=\"https:\/\/www.episcopalchurch.org\/es\/bible_study\/estudio-biblico-epifania-6-a-16-de-febrero-de-2020\/\" target=\"_self\" rel=\"bookmark noopener noreferrer\">Estudio B\u00edblico: Epifan\u00eda 6 (A) &#8211; 2020<\/a>\n\t\t\t<\/h4>\n\t\t\t\t\t\t<div class='uagb-post__text uagb-post-grid-byline'>\n\t\t\t\t\t\t\t<\/div>\n\t\t\t\t\t\t<div class=\"uagb-post__text uagb-post__cta wp-block-button\">\n\t\t\t\t<a class=\"wp-block-button__link uagb-text-link\" style=\"\" href=\"https:\/\/www.episcopalchurch.org\/es\/bible_study\/estudio-biblico-epifania-6-a-16-de-febrero-de-2020\/\" target=\"_self\" rel=\"bookmark noopener noreferrer\">Leer m\u00e1s<\/a>\n\t\t\t<\/div>\n\t\t\t\n\t\t\t\t\t\t\t\t\t<\/article>\n\t\t\t\t\t\t\t\t\t\t\t\t\t\t\t\t<article class=\"uagb-post__inner-wrap\">\t\t\t\t\t\t\t\t<h4 class=\"uagb-post__title uagb-post__text\">\n\t\t\t\t<a href=\"https:\/\/www.episcopalchurch.org\/es\/bible_study\/estudio-biblico-epifania-6-a-2017\/\" target=\"_self\" rel=\"bookmark noopener noreferrer\">Estudio B\u00edblico: Epifan\u00eda 6 (A) &#8211; 2017<\/a>\n\t\t\t<\/h4>\n\t\t\t\t\t\t<div class='uagb-post__text uagb-post-grid-byline'>\n\t\t\t\t\t\t\t<\/div>\n\t\t\t\t\t\t<div class=\"uagb-post__text uagb-post__cta wp-block-button\">\n\t\t\t\t<a class=\"wp-block-button__link uagb-text-link\" style=\"\" href=\"https:\/\/www.episcopalchurch.org\/es\/bible_study\/estudio-biblico-epifania-6-a-2017\/\" target=\"_self\" rel=\"bookmark noopener noreferrer\">Leer m\u00e1s<\/a>\n\t\t\t<\/div>\n\t\t\t\n\t\t\t\t\t\t\t\t\t<\/article>\n\t\t\t\t\t\t\t\t\t\t\t\t\t\t\t\t<article class=\"uagb-post__inner-wrap\">\t\t\t\t\t\t\t\t<h4 class=\"uagb-post__title uagb-post__text\">\n\t\t\t\t<a href=\"https:\/\/www.episcopalchurch.org\/es\/bible_study\/estudio-biblico-epifania-6-a-2014\/\" target=\"_self\" rel=\"bookmark noopener noreferrer\">Estudio B\u00edblico: Epifan\u00eda 6 (A) &#8211; 2014<\/a>\n\t\t\t<\/h4>\n\t\t\t\t\t\t<div class='uagb-post__text uagb-post-grid-byline'>\n\t\t\t\t\t\t\t<\/div>\n\t\t\t\t\t\t<div class=\"uagb-post__text uagb-post__cta wp-block-button\">\n\t\t\t\t<a class=\"wp-block-button__link uagb-text-link\" style=\"\" href=\"https:\/\/www.episcopalchurch.org\/es\/bible_study\/estudio-biblico-epifania-6-a-2014\/\" target=\"_self\" rel=\"bookmark noopener noreferrer\">Leer m\u00e1s<\/a>\n\t\t\t<\/div>\n\t\t\t\n\t\t\t\t\t\t\t\t\t<\/article>\n\t\t\t\t\t\t\t\t\t\t\t<\/div>\n\t\t\t\n\n<style>.wp-block-kadence-spacer.kt-block-spacer-222953_0a590b-e0 .kt-block-spacer{height:60px;}.wp-block-kadence-spacer.kt-block-spacer-222953_0a590b-e0 .kt-divider{border-top-width:2px;border-top-color:#84BD00;width:100%;border-top-style:solid;}<\/style>\n<div class=\"wp-block-kadence-spacer aligncenter kt-block-spacer-222953_0a590b-e0\"><div class=\"kt-block-spacer kt-block-spacer-halign-center\"><hr class=\"kt-divider\"\/><\/div><\/div>\n\n\n\n<h3 class=\"wp-block-heading\" id=\"h-mas-recursos-para-epifania-6c\"><strong>M\u00e1s recursos para Epifan\u00eda 6C<\/strong><\/h3>\n\n\n\n<div class=\"wp-block-columns is-layout-flex wp-container-core-columns-is-layout-9d6595d7 wp-block-columns-is-layout-flex\">\n<div class=\"wp-block-column is-layout-flow wp-block-column-is-layout-flow\">\n<div class=\"wp-block-buttons is-layout-flex wp-block-buttons-is-layout-flex\">\n<div class=\"wp-block-button\"><a class=\"wp-block-button__link has-blue-background-color has-background wp-element-button\" href=\"https:\/\/www.episcopalchurch.org\/es\/sermones-que-iluminan\/epifania-6c\/\">Sermones<\/a><\/div>\n<\/div>\n<\/div>\n\n\n\n<div class=\"wp-block-column is-layout-flow wp-block-column-is-layout-flow\">\n<div class=\"wp-block-buttons is-layout-flex wp-block-buttons-is-layout-flex\">\n<div class=\"wp-block-button\"><a class=\"wp-block-button__link has-blue-background-color has-background wp-element-button\" href=\"https:\/\/www.episcopalchurch.org\/es\/estudio-biblico\/epifania-6c\/\">Estudio B\u00edblico<\/a><\/div>\n<\/div>\n<\/div>\n<\/div>\n","protected":false},"featured_media":0,"template":"","meta":{"_acf_changed":false,"_uag_custom_page_level_css":"","_kad_blocks_custom_css":"","_kad_blocks_head_custom_js":"","_kad_blocks_body_custom_js":"","_kad_blocks_footer_custom_js":"","_kadence_starter_templates_imported_post":false,"_links_to":"","_links_to_target":""},"class_list":["post-222953","lectionary","type-lectionary","status-publish","hentry"],"acf":{"lectionary_cycle":["C"],"lectionary_type":"revised-common-lectionary","lectionary_date":"2019-02-17","lectionary_date_month":"2","lectionary_date_day":"16","drupal_id":"300331","lectionary_language":"en","lectionary_other_translation":false},"yoast_head":"<!-- This site is optimized with the Yoast SEO Premium plugin v24.6 (Yoast SEO v26.3) - https:\/\/yoast.com\/wordpress\/plugins\/seo\/ -->\n<title>Sexto Domingo despu\u00e9s de Epifan\u00eda &#8211; The Episcopal Church<\/title>\n<meta name=\"robots\" content=\"index, follow, max-snippet:-1, max-image-preview:large, max-video-preview:-1\" \/>\n<link rel=\"canonical\" href=\"https:\/\/www.episcopalchurch.org\/es\/lectionary\/epifania-6c\/\" \/>\n<meta property=\"og:locale\" content=\"es_ES\" \/>\n<meta property=\"og:type\" content=\"article\" \/>\n<meta property=\"og:title\" content=\"Sexto Domingo despu\u00e9s de Epifan\u00eda\" \/>\n<meta property=\"og:description\" content=\"La Colecta: Oh Dios, fortaleza de los que ponen su confianza en ti: Acepta con misericordia nuestras s\u00faplicas, y puesto que, por nuestra flaqueza, no podemos hacer nada bueno sin ti, danos el auxilio de tu gracia; para que, al guardar tus mandamientos, te agrademos, tanto de voluntad como de hecho; por nuestro Se\u00f1or Jesucristo, [&hellip;]\" \/>\n<meta property=\"og:url\" content=\"https:\/\/www.episcopalchurch.org\/es\/lectionary\/epifania-6c\/\" \/>\n<meta property=\"og:site_name\" content=\"The Episcopal Church\" \/>\n<meta property=\"article:publisher\" content=\"https:\/\/www.facebook.com\/episcopalian\" \/>\n<meta property=\"article:modified_time\" content=\"2025-12-31T18:46:16+00:00\" \/>\n<meta property=\"og:image\" content=\"https:\/\/www.episcopalchurch.org\/wp-content\/uploads\/2018\/08\/Sexto-Domingo-despues-de-Epifania.png\" \/>\n\t<meta property=\"og:image:width\" content=\"1080\" \/>\n\t<meta property=\"og:image:height\" content=\"1350\" \/>\n\t<meta property=\"og:image:type\" content=\"image\/png\" \/>\n<meta name=\"twitter:card\" content=\"summary_large_image\" \/>\n<meta name=\"twitter:site\" content=\"@iamepiscopalian\" \/>\n<meta name=\"twitter:label1\" content=\"Est. reading time\" \/>\n\t<meta name=\"twitter:data1\" content=\"5 minutes\" \/>\n<script type=\"application\/ld+json\" class=\"yoast-schema-graph\">{\"@context\":\"https:\/\/schema.org\",\"@graph\":[{\"@type\":\"WebPage\",\"@id\":\"https:\/\/www.episcopalchurch.org\/es\/lectionary\/epifania-6c\/\",\"url\":\"https:\/\/www.episcopalchurch.org\/es\/lectionary\/epifania-6c\/\",\"name\":\"Sexto Domingo despu\u00e9s de Epifan\u00eda &#8211; The Episcopal Church\",\"isPartOf\":{\"@id\":\"https:\/\/www.episcopalchurch.org\/#website\"},\"primaryImageOfPage\":{\"@id\":\"https:\/\/www.episcopalchurch.org\/es\/lectionary\/epifania-6c\/#primaryimage\"},\"image\":{\"@id\":\"https:\/\/www.episcopalchurch.org\/es\/lectionary\/epifania-6c\/#primaryimage\"},\"thumbnailUrl\":\"https:\/\/www.episcopalchurch.org\/wp-content\/uploads\/2018\/08\/Sexto-Domingo-despues-de-Epifania-819x1024.png\",\"datePublished\":\"2018-08-13T17:31:28+00:00\",\"dateModified\":\"2025-12-31T18:46:16+00:00\",\"breadcrumb\":{\"@id\":\"https:\/\/www.episcopalchurch.org\/es\/lectionary\/epifania-6c\/#breadcrumb\"},\"inLanguage\":\"es-ES\",\"potentialAction\":[{\"@type\":\"ReadAction\",\"target\":[\"https:\/\/www.episcopalchurch.org\/es\/lectionary\/epifania-6c\/\"]}]},{\"@type\":\"ImageObject\",\"inLanguage\":\"es-ES\",\"@id\":\"https:\/\/www.episcopalchurch.org\/es\/lectionary\/epifania-6c\/#primaryimage\",\"url\":\"https:\/\/www.episcopalchurch.org\/wp-content\/uploads\/2018\/08\/Sexto-Domingo-despues-de-Epifania-819x1024.png\",\"contentUrl\":\"https:\/\/www.episcopalchurch.org\/wp-content\/uploads\/2018\/08\/Sexto-Domingo-despues-de-Epifania-819x1024.png\"},{\"@type\":\"BreadcrumbList\",\"@id\":\"https:\/\/www.episcopalchurch.org\/es\/lectionary\/epifania-6c\/#breadcrumb\",\"itemListElement\":[{\"@type\":\"ListItem\",\"position\":1,\"name\":\"Home\",\"item\":\"https:\/\/www.episcopalchurch.org\/\"},{\"@type\":\"ListItem\",\"position\":2,\"name\":\"Sexto Domingo despu\u00e9s de Epifan\u00eda\"}]},{\"@type\":\"WebSite\",\"@id\":\"https:\/\/www.episcopalchurch.org\/#website\",\"url\":\"https:\/\/www.episcopalchurch.org\/\",\"name\":\"The Episcopal Church\",\"description\":\"Welcomes You\",\"publisher\":{\"@id\":\"https:\/\/www.episcopalchurch.org\/#organization\"},\"potentialAction\":[{\"@type\":\"SearchAction\",\"target\":{\"@type\":\"EntryPoint\",\"urlTemplate\":\"https:\/\/www.episcopalchurch.org\/?s={search_term_string}\"},\"query-input\":{\"@type\":\"PropertyValueSpecification\",\"valueRequired\":true,\"valueName\":\"search_term_string\"}}],\"inLanguage\":\"es-ES\"},{\"@type\":\"Organization\",\"@id\":\"https:\/\/www.episcopalchurch.org\/#organization\",\"name\":\"The Episcopal Church\",\"url\":\"https:\/\/www.episcopalchurch.org\/\",\"logo\":{\"@type\":\"ImageObject\",\"inLanguage\":\"es-ES\",\"@id\":\"https:\/\/www.episcopalchurch.org\/#\/schema\/logo\/image\/\",\"url\":\"https:\/\/www.episcopalchurch.org\/wp-content\/uploads\/2021\/01\/vertical_episcopal_logo.jpg\",\"contentUrl\":\"https:\/\/www.episcopalchurch.org\/wp-content\/uploads\/2021\/01\/vertical_episcopal_logo.jpg\",\"width\":770,\"height\":662,\"caption\":\"The Episcopal Church\"},\"image\":{\"@id\":\"https:\/\/www.episcopalchurch.org\/#\/schema\/logo\/image\/\"},\"sameAs\":[\"https:\/\/www.facebook.com\/episcopalian\",\"https:\/\/x.com\/iamepiscopalian\",\"https:\/\/www.youtube.com\/channel\/UCdVJpxCtK41c_-p6EaE4_2A\"]}]}<\/script>\n<!-- \/ Yoast SEO Premium plugin. -->","yoast_head_json":{"title":"Sexto Domingo despu\u00e9s de Epifan\u00eda &#8211; The Episcopal Church","robots":{"index":"index","follow":"follow","max-snippet":"max-snippet:-1","max-image-preview":"max-image-preview:large","max-video-preview":"max-video-preview:-1"},"canonical":"https:\/\/www.episcopalchurch.org\/es\/lectionary\/epifania-6c\/","og_locale":"es_ES","og_type":"article","og_title":"Sexto Domingo despu\u00e9s de Epifan\u00eda","og_description":"La Colecta: Oh Dios, fortaleza de los que ponen su confianza en ti: Acepta con misericordia nuestras s\u00faplicas, y puesto que, por nuestra flaqueza, no podemos hacer nada bueno sin ti, danos el auxilio de tu gracia; para que, al guardar tus mandamientos, te agrademos, tanto de voluntad como de hecho; por nuestro Se\u00f1or Jesucristo, [&hellip;]","og_url":"https:\/\/www.episcopalchurch.org\/es\/lectionary\/epifania-6c\/","og_site_name":"The Episcopal Church","article_publisher":"https:\/\/www.facebook.com\/episcopalian","article_modified_time":"2025-12-31T18:46:16+00:00","og_image":[{"width":1080,"height":1350,"url":"https:\/\/www.episcopalchurch.org\/wp-content\/uploads\/2018\/08\/Sexto-Domingo-despues-de-Epifania.png","type":"image\/png"}],"twitter_card":"summary_large_image","twitter_site":"@iamepiscopalian","twitter_misc":{"Est. reading time":"5 minutes"},"schema":{"@context":"https:\/\/schema.org","@graph":[{"@type":"WebPage","@id":"https:\/\/www.episcopalchurch.org\/es\/lectionary\/epifania-6c\/","url":"https:\/\/www.episcopalchurch.org\/es\/lectionary\/epifania-6c\/","name":"Sexto Domingo despu\u00e9s de Epifan\u00eda &#8211; The Episcopal Church","isPartOf":{"@id":"https:\/\/www.episcopalchurch.org\/#website"},"primaryImageOfPage":{"@id":"https:\/\/www.episcopalchurch.org\/es\/lectionary\/epifania-6c\/#primaryimage"},"image":{"@id":"https:\/\/www.episcopalchurch.org\/es\/lectionary\/epifania-6c\/#primaryimage"},"thumbnailUrl":"https:\/\/www.episcopalchurch.org\/wp-content\/uploads\/2018\/08\/Sexto-Domingo-despues-de-Epifania-819x1024.png","datePublished":"2018-08-13T17:31:28+00:00","dateModified":"2025-12-31T18:46:16+00:00","breadcrumb":{"@id":"https:\/\/www.episcopalchurch.org\/es\/lectionary\/epifania-6c\/#breadcrumb"},"inLanguage":"es-ES","potentialAction":[{"@type":"ReadAction","target":["https:\/\/www.episcopalchurch.org\/es\/lectionary\/epifania-6c\/"]}]},{"@type":"ImageObject","inLanguage":"es-ES","@id":"https:\/\/www.episcopalchurch.org\/es\/lectionary\/epifania-6c\/#primaryimage","url":"https:\/\/www.episcopalchurch.org\/wp-content\/uploads\/2018\/08\/Sexto-Domingo-despues-de-Epifania-819x1024.png","contentUrl":"https:\/\/www.episcopalchurch.org\/wp-content\/uploads\/2018\/08\/Sexto-Domingo-despues-de-Epifania-819x1024.png"},{"@type":"BreadcrumbList","@id":"https:\/\/www.episcopalchurch.org\/es\/lectionary\/epifania-6c\/#breadcrumb","itemListElement":[{"@type":"ListItem","position":1,"name":"Home","item":"https:\/\/www.episcopalchurch.org\/"},{"@type":"ListItem","position":2,"name":"Sexto Domingo despu\u00e9s de Epifan\u00eda"}]},{"@type":"WebSite","@id":"https:\/\/www.episcopalchurch.org\/#website","url":"https:\/\/www.episcopalchurch.org\/","name":"The Episcopal Church","description":"Welcomes You","publisher":{"@id":"https:\/\/www.episcopalchurch.org\/#organization"},"potentialAction":[{"@type":"SearchAction","target":{"@type":"EntryPoint","urlTemplate":"https:\/\/www.episcopalchurch.org\/?s={search_term_string}"},"query-input":{"@type":"PropertyValueSpecification","valueRequired":true,"valueName":"search_term_string"}}],"inLanguage":"es-ES"},{"@type":"Organization","@id":"https:\/\/www.episcopalchurch.org\/#organization","name":"The Episcopal Church","url":"https:\/\/www.episcopalchurch.org\/","logo":{"@type":"ImageObject","inLanguage":"es-ES","@id":"https:\/\/www.episcopalchurch.org\/#\/schema\/logo\/image\/","url":"https:\/\/www.episcopalchurch.org\/wp-content\/uploads\/2021\/01\/vertical_episcopal_logo.jpg","contentUrl":"https:\/\/www.episcopalchurch.org\/wp-content\/uploads\/2021\/01\/vertical_episcopal_logo.jpg","width":770,"height":662,"caption":"The Episcopal Church"},"image":{"@id":"https:\/\/www.episcopalchurch.org\/#\/schema\/logo\/image\/"},"sameAs":["https:\/\/www.facebook.com\/episcopalian","https:\/\/x.com\/iamepiscopalian","https:\/\/www.youtube.com\/channel\/UCdVJpxCtK41c_-p6EaE4_2A"]}]}},"taxonomy_info":[],"featured_image_src_large":false,"author_info":[],"comment_info":"","uagb_featured_image_src":{"full":false,"thumbnail":false,"medium":false,"medium_large":false,"large":false,"1536x1536":false,"2048x2048":false,"menu":false,"hero":false,"callout-image":false},"uagb_author_info":{"display_name":"Christopher Sikkema","author_link":"https:\/\/www.episcopalchurch.org\/es\/author\/"},"uagb_comment_info":0,"uagb_excerpt":"La Colecta: Oh Dios, fortaleza de los que ponen su confianza en ti: Acepta con misericordia nuestras s\u00faplicas, y puesto que, por nuestra flaqueza, no podemos hacer nada bueno sin ti, danos el auxilio de tu gracia; para que, al guardar tus mandamientos, te agrademos, tanto de voluntad como de hecho; por nuestro Se\u00f1or Jesucristo,&hellip;","_links":{"self":[{"href":"https:\/\/www.episcopalchurch.org\/es\/wp-json\/wp\/v2\/lectionary\/222953","targetHints":{"allow":["GET"]}}],"collection":[{"href":"https:\/\/www.episcopalchurch.org\/es\/wp-json\/wp\/v2\/lectionary"}],"about":[{"href":"https:\/\/www.episcopalchurch.org\/es\/wp-json\/wp\/v2\/types\/lectionary"}],"wp:attachment":[{"href":"https:\/\/www.episcopalchurch.org\/es\/wp-json\/wp\/v2\/media?parent=222953"}],"curies":[{"name":"wp","href":"https:\/\/api.w.org\/{rel}","templated":true}]}}