{"id":228515,"date":"2011-07-05T18:43:32","date_gmt":"2011-07-05T18:43:32","guid":{"rendered":"https:\/\/www.episcopalchurch.org\/lectionary\/epiphany-4a\/"},"modified":"2025-12-06T21:25:04","modified_gmt":"2025-12-07T02:25:04","slug":"epifania-4a","status":"publish","type":"lectionary","link":"https:\/\/www.episcopalchurch.org\/es\/lectionary\/epifania-4a\/","title":{"rendered":"Cuarto Domingo despu\u00e9s de Epifan\u00eda"},"content":{"rendered":"\n<p><strong>La Colecta:<\/strong> <\/p>\n\n\n\n<p>Dios de poder y vida eterna, que todo lo gobiernas en el cielo y en la tierra: Escucha con piedad nuestras s\u00faplicas y en nuestro tiempo conc\u00e9denos la paz; por Jesucristo nuestro Salvador, que contigo y con el Esp\u00edritu Santo vive y reina, un solo Dios, ahora y siempre. Am\u00e9n.<\/p>\n\n\n\n<p><strong>Antiguo Testamento:<\/strong> Miqueas 6:1-8<\/p>\n\n\n\n<p><sup>1<\/sup>&nbsp;Oigan ustedes ahora lo que dice el Se\u00f1or:<br>\u00ab\u00a1Lev\u00e1ntate y exp\u00f3n tu caso ante los montes,<br>y que los cerros oigan tu voz!\u00bb<br><sup>2<\/sup>&nbsp;Escuchen ustedes, montes<br>y firmes cimientos de la tierra:<br>el Se\u00f1or va a entablar un juicio contra su pueblo,<br>va a entablar un pleito contra Israel.<\/p>\n\n\n\n<p><sup>3<\/sup>&nbsp;Esto dice el Se\u00f1or:<br>\u00abResp\u00f3ndeme, pueblo m\u00edo,<br>\u00bfqu\u00e9 te he hecho o en qu\u00e9 te he molestado?<br><sup>4<\/sup>&nbsp;Yo te saqu\u00e9 de Egipto, libr\u00e1ndote de la esclavitud;<br>yo envi\u00e9 a Mois\u00e9s, Aar\u00f3n y Mar\u00eda,<br>para que te dirigieran.<br><sup>5<\/sup>&nbsp;Pueblo m\u00edo, recuerda ahora<br>los planes de Balac, rey de Moab,<br>y la respuesta que le dio Balaam, hijo de Beor.<br>Recuerda cuando pasaste de Sitim a Guilgal,<br>y reconoce las victorias del Se\u00f1or.\u00bb<\/p>\n\n\n\n<p><sup>6<\/sup>&nbsp;\u00bfCon qu\u00e9 me presentar\u00e9 a adorar<br>al Se\u00f1or, Dios de las alturas?<br>\u00bfMe presentar\u00e9 ante \u00e9l con becerros de un a\u00f1o,<br>para ofrec\u00e9rselos en holocausto?<br><sup>7<\/sup>&nbsp;\u00bfSe alegrar\u00e1 el Se\u00f1or, si le ofrezco mil carneros<br>o diez mil r\u00edos de aceite?<br>\u00bfO si le ofrezco a mi hijo mayor<br>en pago de mi rebeli\u00f3n y mi pecado?<\/p>\n\n\n\n<p><sup>8<\/sup>&nbsp;El Se\u00f1or ya te ha dicho, oh hombre,<br>en qu\u00e9 consiste lo bueno<br>y qu\u00e9 es lo que \u00e9l espera de ti:<br>que hagas justicia, que seas fiel y leal<br>y que obedezcas humildemente a tu Dios.<\/p>\n\n\n\n<p><strong>Salmo:<\/strong> 15<\/p>\n\n\n\n<p><sup>1<\/sup>&nbsp;Se\u00f1or, \u00bfqui\u00e9n se alojar\u00e1 en tu tienda? *<br>&nbsp;&nbsp;&nbsp;&nbsp;&nbsp;&nbsp;\u00bfqui\u00e9n habitar\u00e1 en tu santo monte?<br><sup>2<\/sup>&nbsp;El que vive sin mancha y hace lo que es justo; *<br>&nbsp;&nbsp;&nbsp;&nbsp;&nbsp;&nbsp;&nbsp;la que dice la verdad de coraz\u00f3n.<br><sup>3<\/sup>&nbsp;En su lengua no hay malicia; *<br>&nbsp;&nbsp;&nbsp;&nbsp;&nbsp;&nbsp;&nbsp;no les hace maldad a sus vecinos<br>&nbsp;&nbsp;&nbsp;&nbsp;&nbsp;&nbsp;&nbsp;ni trata con desprecio al pr\u00f3jimo.<br><sup>4<\/sup>&nbsp;Le da la espalda a los malvados, *<br>&nbsp;&nbsp;&nbsp;&nbsp;&nbsp;&nbsp;&nbsp;pero acoge a los que honran al Se\u00f1or.<br><sup>5<\/sup>&nbsp;Ha jurado que no har\u00e1 maldad *<br>&nbsp;&nbsp;&nbsp;&nbsp;&nbsp;&nbsp;&nbsp;y no retracta su palabra.<br><sup>6<\/sup>&nbsp;No presta dinero con intereses *<br>&nbsp;&nbsp;&nbsp;&nbsp;&nbsp;&nbsp;&nbsp;ni acepta sobornos contra el inocente.<br><sup>7<\/sup>&nbsp;Quien act\u00faa de este modo *<br>&nbsp;&nbsp;&nbsp;&nbsp;&nbsp;&nbsp;&nbsp;no tropezar\u00e1 jam\u00e1s.<\/p>\n\n\n\n<p><strong>Nuevo Testamento:<\/strong> 1 Corintios 1:18-31<\/p>\n\n\n\n<p><sup>18<\/sup>&nbsp;El mensaje de la muerte de Cristo en la cruz parece una tonter\u00eda a los que van a la perdici\u00f3n; pero este mensaje es poder de Dios para los que vamos a la salvaci\u00f3n.&nbsp;<sup>19<\/sup>&nbsp;Como dice la Escritura:<br>\u00abHar\u00e9 que los sabios pierdan su sabidur\u00eda<br>y que desaparezca la inteligencia de los inteligentes.\u00bb<\/p>\n\n\n\n<p><sup>20<\/sup>&nbsp;\u00bfEn qu\u00e9 pararon el sabio, y el maestro, y el que sabe discutir sobre cosas de este mundo? \u00a1Dios ha convertido en tonter\u00eda la sabidur\u00eda de este mundo!&nbsp;<sup>21<\/sup>&nbsp;Puesto que el mundo no us\u00f3 su sabidur\u00eda para reconocer a Dios donde \u00e9l ha mostrado su sabidur\u00eda, dispuso Dios en su bondad salvar por medio de su mensaje a los que tienen fe, aunque este mensaje parezca una tonter\u00eda.<\/p>\n\n\n\n<p><sup>22<\/sup>&nbsp;Los jud\u00edos quieren ver se\u00f1ales milagrosas, y los griegos buscan sabidur\u00eda;&nbsp;<sup>23<\/sup>&nbsp;pero nosotros anunciamos a un Mes\u00edas crucificado. Esto les resulta ofensivo a los jud\u00edos, y a los no jud\u00edos les parece una tonter\u00eda;&nbsp;<sup>24<\/sup>&nbsp;pero para los que Dios ha llamado, sean jud\u00edos o griegos, este Mes\u00edas es el poder y la sabidur\u00eda de Dios.&nbsp;<sup>25<\/sup>&nbsp;Pues lo que en Dios puede parecer una tonter\u00eda, es mucho m\u00e1s sabio que toda sabidur\u00eda humana; y lo que en Dios puede parecer debilidad, es m\u00e1s fuerte que toda fuerza humana.<\/p>\n\n\n\n<p><sup>26<\/sup>&nbsp;Hermanos, deben darse cuenta de que Dios los ha llamado a pesar de que pocos de ustedes son sabios seg\u00fan los criterios humanos, y pocos de ustedes son gente con autoridad o pertenecientes a familias importantes.&nbsp;<sup>27<\/sup>&nbsp;Y es que, para avergonzar a los sabios, Dios ha escogido a los que el mundo tiene por tontos; y para avergonzar a los fuertes, ha escogido a los que el mundo tiene por d\u00e9biles.&nbsp;<sup>28<\/sup>&nbsp;Dios ha escogido a la gente despreciada y sin importancia de este mundo, es decir, a los que no son nada, para anular a los que son algo.&nbsp;<sup>29<\/sup>&nbsp;As\u00ed nadie podr\u00e1 presumir delante de Dios.&nbsp;<sup>30<\/sup>&nbsp;Pero Dios mismo los ha unido a ustedes con Cristo Jes\u00fas, y ha hecho tambi\u00e9n que Cristo sea nuestra sabidur\u00eda, nuestra justicia, nuestra santificaci\u00f3n y nuestra liberaci\u00f3n.&nbsp;<sup>31<\/sup>&nbsp;De esta manera, como dice la Escritura: \u00abSi alguno quiere enorgullecerse, que se enorgullezca del Se\u00f1or.\u00bb&nbsp;&nbsp;<\/p>\n\n\n\n<p><strong>El Evangelio:<\/strong> Mateo 5:1-12<\/p>\n\n\n\n<p><sup>1<\/sup>&nbsp;Al ver la multitud, Jes\u00fas subi\u00f3 al monte y se sent\u00f3. Sus disc\u00edpulos se le acercaron,&nbsp;<sup>2<\/sup>&nbsp;y \u00e9l tom\u00f3 la palabra y comenz\u00f3 a ense\u00f1arles, diciendo:<br><sup>3<\/sup>&nbsp;\u00abDichosos los que tienen esp\u00edritu de pobres,<br>porque de ellos es el reino de los cielos.<br><sup>4<\/sup>&nbsp;\u00bbDichosos los que sufren,<br>porque ser\u00e1n consolados.<br><sup>5<\/sup>&nbsp;\u00bbDichosos los humildes,<br>porque heredar\u00e1n la tierra prometida.<br><sup>6<\/sup>&nbsp;\u00bbDichosos los que tienen hambre y sed de la justicia,<br>porque ser\u00e1n satisfechos.<br><sup>7<\/sup>&nbsp;\u00bbDichosos los compasivos,<br>porque Dios tendr\u00e1 compasi\u00f3n de ellos.<br><sup>8<\/sup>&nbsp;\u00bbDichosos los de coraz\u00f3n limpio,<br>porque ver\u00e1n a Dios.<br><sup>9<\/sup>&nbsp;\u00bbDichosos los que trabajan por la paz,<br>porque Dios los llamar\u00e1 hijos suyos.<br><sup>10<\/sup>&nbsp;\u00bbDichosos los perseguidos por hacer lo que es justo,<br>porque de ellos es el reino de los cielos.<\/p>\n\n\n\n<p><sup>11<\/sup>&nbsp;\u00bbDichosos ustedes, cuando la gente los insulte y los maltrate, y cuando por causa m\u00eda los ataquen con toda clase de mentiras.&nbsp;<sup>12<\/sup>&nbsp;Al\u00e9grense, est\u00e9n contentos, porque van a recibir un gran premio en el cielo; pues as\u00ed tambi\u00e9n persiguieron a los profetas que vivieron antes que ustedes.\u00bb&nbsp;&nbsp;<\/p>\n\n\n<style>.wp-block-kadence-spacer.kt-block-spacer-228515_4f846e-8e .kt-block-spacer{height:60px;}.wp-block-kadence-spacer.kt-block-spacer-228515_4f846e-8e .kt-divider{border-top-width:2px;border-top-color:#84BD00;width:100%;border-top-style:solid;}<\/style>\n<div class=\"wp-block-kadence-spacer aligncenter kt-block-spacer-228515_4f846e-8e\"><div class=\"kt-block-spacer kt-block-spacer-halign-center\"><hr class=\"kt-divider\"\/><\/div><\/div>\n\n\n\n<h3 class=\"wp-block-heading\" id=\"h-lecturas-del-leccionario-imprimibles\"><strong>Lecturas del Leccionario imprimibles<\/strong><\/h3>\n\n\n\n<p>Descargue el PDF para usarlo como inserto en el bolet\u00edn, o descargue el documento de Word para formatearlo y editarlo f\u00e1cilmente para usarlo en el atril o en una carpeta de servicio religioso.<\/p>\n\n\n\n<div class=\"wp-block-columns is-layout-flex wp-container-core-columns-is-layout-9d6595d7 wp-block-columns-is-layout-flex\">\n<div class=\"wp-block-column is-layout-flow wp-block-column-is-layout-flow\">\n<div class=\"wp-block-file\"><a id=\"wp-block-file--media-40c7876c-4b43-4483-9727-10c7f6dd1307\" href=\"https:\/\/www.episcopalchurch.org\/wp-content\/uploads\/2011\/07\/Epifania-4A.pdf\">Epifan\u00eda 4A &#8211; PDF<\/a><a href=\"https:\/\/www.episcopalchurch.org\/wp-content\/uploads\/2011\/07\/Epifania-4A.pdf\" class=\"wp-block-file__button wp-element-button\" download aria-describedby=\"wp-block-file--media-40c7876c-4b43-4483-9727-10c7f6dd1307\">Descargar<\/a><\/div>\n<\/div>\n\n\n\n<div class=\"wp-block-column is-layout-flow wp-block-column-is-layout-flow\">\n<div class=\"wp-block-file\"><a id=\"wp-block-file--media-b0273e78-fde8-407f-9456-9c80ed109f6c\" href=\"https:\/\/www.episcopalchurch.org\/wp-content\/uploads\/2011\/07\/Epifania-4A.docx\">Epifan\u00eda 4A &#8211; Word doc<\/a><a href=\"https:\/\/www.episcopalchurch.org\/wp-content\/uploads\/2011\/07\/Epifania-4A.docx\" class=\"wp-block-file__button wp-element-button\" download aria-describedby=\"wp-block-file--media-b0273e78-fde8-407f-9456-9c80ed109f6c\">Descargar<\/a><\/div>\n<\/div>\n<\/div>\n\n\n<style>.wp-block-kadence-spacer.kt-block-spacer-228515_afafa6-f2 .kt-block-spacer{height:60px;}.wp-block-kadence-spacer.kt-block-spacer-228515_afafa6-f2 .kt-divider{border-top-width:2px;border-top-color:#84BD00;width:100%;border-top-style:solid;}<\/style>\n<div class=\"wp-block-kadence-spacer aligncenter kt-block-spacer-228515_afafa6-f2\"><div class=\"kt-block-spacer kt-block-spacer-halign-center\"><hr class=\"kt-divider\"\/><\/div><\/div>\n\n\n\n<h3 class=\"wp-block-heading\" id=\"h-redes-sociales\"><strong>Redes sociales<\/strong><\/h3>\n\n\n\n<div class=\"wp-block-columns is-layout-flex wp-container-core-columns-is-layout-9d6595d7 wp-block-columns-is-layout-flex\">\n<div class=\"wp-block-column is-layout-flow wp-block-column-is-layout-flow\">\n<figure class=\"wp-block-image size-large\"><img loading=\"lazy\" decoding=\"async\" width=\"819\" height=\"1024\" src=\"https:\/\/www.episcopalchurch.org\/wp-content\/uploads\/2011\/07\/Cuarto-Domingo-despues-de-Epifania-819x1024.png\" alt=\"\" class=\"wp-image-341383\" srcset=\"https:\/\/www.episcopalchurch.org\/wp-content\/uploads\/2011\/07\/Cuarto-Domingo-despues-de-Epifania-819x1024.png 819w, https:\/\/www.episcopalchurch.org\/wp-content\/uploads\/2011\/07\/Cuarto-Domingo-despues-de-Epifania-240x300.png 240w, https:\/\/www.episcopalchurch.org\/wp-content\/uploads\/2011\/07\/Cuarto-Domingo-despues-de-Epifania-768x960.png 768w, https:\/\/www.episcopalchurch.org\/wp-content\/uploads\/2011\/07\/Cuarto-Domingo-despues-de-Epifania-480x600.png 480w, https:\/\/www.episcopalchurch.org\/wp-content\/uploads\/2011\/07\/Cuarto-Domingo-despues-de-Epifania.png 1080w\" sizes=\"auto, (max-width: 819px) 100vw, 819px\" \/><\/figure>\n<\/div>\n\n\n\n<div class=\"wp-block-column is-layout-flow wp-block-column-is-layout-flow\">\n<h4 class=\"wp-block-heading\" id=\"h-texto-de-muestra\"><strong>Texto de muestra<\/strong><\/h4>\n\n\n\n<p>Oramos al Dios que gobierna todas las cosas en el cielo y en la tierra, pidi\u00e9ndole que en nuestro tiempo nos conceda misericordiosamente su paz. En las bendiciones de Jes\u00fas, se nos muestra c\u00f3mo es su paz: justicia, bondad, humildad y vidas moldeadas por la sabidur\u00eda de la cruz. #Episcopal<\/p>\n\n\n\n<p><em><em>Las colectas para la Epifan\u00eda y la temporada posterior fueron dise\u00f1adas por <\/em><a href=\"https:\/\/www.linkedin.com\/in\/loriblewett\/\"><strong><em>Lori Blewett<\/em><\/strong><\/a><em>, una galardonada dise\u00f1adora y comunicadora. Lori es directora de comunicaciones de la iglesia St. David&#8217;s, en el centro de Austin, Texas, y miembro de la junta directiva de <\/em><a href=\"https:\/\/episcopal-communicators.wildapricot.org\/\"><em>Episcopal Communicators<\/em><\/a><em>.<\/em><br><br><br><br><br><\/em><\/p>\n<\/div>\n<\/div>\n\n\n<style>.wp-block-kadence-spacer.kt-block-spacer-228515_366136-7c .kt-block-spacer{height:30px;}.wp-block-kadence-spacer.kt-block-spacer-228515_366136-7c .kt-divider{border-top-width:2px;border-top-color:#84BD00;width:100%;border-top-style:solid;}<\/style>\n<div class=\"wp-block-kadence-spacer aligncenter kt-block-spacer-228515_366136-7c\"><div class=\"kt-block-spacer kt-block-spacer-halign-center\"><hr class=\"kt-divider\"\/><\/div><\/div>\n\n\n\n<h3 class=\"wp-block-heading\" id=\"h-sermones\"><strong>Sermones<\/strong><\/h3>\n\n\n\n\t\t\t<div class=\"wp-block-uagb-post-carousel uagb-post-grid  uagb-post__image-position-top uagb-post__image-disabled uagb-block-c81e491f     uagb-post__arrow-outside uagb-slick-carousel uagb-post__items uagb-post__columns-3 is-carousel uagb-post__columns-tablet-2 uagb-post__columns-mobile-1\" data-total=\"1\" style=\"\">\n\n\t\t\t\t\t\t\t\t\t\t\t\t<article class=\"uagb-post__inner-wrap\">\t\t\t\t\t\t\t\t<h4 class=\"uagb-post__title uagb-post__text\">\n\t\t\t\t<a href=\"https:\/\/www.episcopalchurch.org\/es\/sermon\/epifania-4-a-1-de-febrero-de-2026\/\" target=\"_self\" rel=\"bookmark noopener noreferrer\">Epifan\u00eda 4 (A)\u00a0\u2013 1 de febrero de 2026<\/a>\n\t\t\t<\/h4>\n\t\t\t\t\t\t<div class='uagb-post__text uagb-post-grid-byline'>\n\t\t\t\t\t\t\t<\/div>\n\t\t\t\t\t\t<div class=\"uagb-post__text uagb-post__cta wp-block-button\">\n\t\t\t\t<a class=\"wp-block-button__link uagb-text-link\" style=\"\" href=\"https:\/\/www.episcopalchurch.org\/es\/sermon\/epifania-4-a-1-de-febrero-de-2026\/\" target=\"_self\" rel=\"bookmark noopener noreferrer\">Leer m\u00e1s<\/a>\n\t\t\t<\/div>\n\t\t\t\n\t\t\t\t\t\t\t\t\t<\/article>\n\t\t\t\t\t\t\t\t\t\t\t\t\t\t\t\t<article class=\"uagb-post__inner-wrap\">\t\t\t\t\t\t\t\t<h4 class=\"uagb-post__title uagb-post__text\">\n\t\t\t\t<a href=\"https:\/\/www.episcopalchurch.org\/es\/sermon\/epifania-4-a-29-de-enero-de-2023\/\" target=\"_self\" rel=\"bookmark noopener noreferrer\">Epifan\u00eda 4 (A) \u2013 29 de enero de 2023<\/a>\n\t\t\t<\/h4>\n\t\t\t\t\t\t<div class='uagb-post__text uagb-post-grid-byline'>\n\t\t\t\t\t\t\t<\/div>\n\t\t\t\t\t\t<div class=\"uagb-post__text uagb-post__cta wp-block-button\">\n\t\t\t\t<a class=\"wp-block-button__link uagb-text-link\" style=\"\" href=\"https:\/\/www.episcopalchurch.org\/es\/sermon\/epifania-4-a-29-de-enero-de-2023\/\" target=\"_self\" rel=\"bookmark noopener noreferrer\">Leer m\u00e1s<\/a>\n\t\t\t<\/div>\n\t\t\t\n\t\t\t\t\t\t\t\t\t<\/article>\n\t\t\t\t\t\t\t\t\t\t\t\t\t\t\t\t<article class=\"uagb-post__inner-wrap\">\t\t\t\t\t\t\t\t<h4 class=\"uagb-post__title uagb-post__text\">\n\t\t\t\t<a href=\"https:\/\/www.episcopalchurch.org\/es\/sermon\/epifania-4-a-2017\/\" target=\"_self\" rel=\"bookmark noopener noreferrer\">Epifan\u00eda 4 (A) &#8211; 2017<\/a>\n\t\t\t<\/h4>\n\t\t\t\t\t\t<div class='uagb-post__text uagb-post-grid-byline'>\n\t\t\t\t\t\t\t<\/div>\n\t\t\t\t\t\t<div class=\"uagb-post__text uagb-post__cta wp-block-button\">\n\t\t\t\t<a class=\"wp-block-button__link uagb-text-link\" style=\"\" href=\"https:\/\/www.episcopalchurch.org\/es\/sermon\/epifania-4-a-2017\/\" target=\"_self\" rel=\"bookmark noopener noreferrer\">Leer m\u00e1s<\/a>\n\t\t\t<\/div>\n\t\t\t\n\t\t\t\t\t\t\t\t\t<\/article>\n\t\t\t\t\t\t\t\t\t\t\t\t\t\t\t\t<article class=\"uagb-post__inner-wrap\">\t\t\t\t\t\t\t\t<h4 class=\"uagb-post__title uagb-post__text\">\n\t\t\t\t<a href=\"https:\/\/www.episcopalchurch.org\/es\/sermon\/epifania-4-a-2011\/\" target=\"_self\" rel=\"bookmark noopener noreferrer\">Epifan\u00eda 4 (A) \u2013 2011<\/a>\n\t\t\t<\/h4>\n\t\t\t\t\t\t<div class='uagb-post__text uagb-post-grid-byline'>\n\t\t\t\t\t\t\t<\/div>\n\t\t\t\t\t\t<div class=\"uagb-post__text uagb-post__cta wp-block-button\">\n\t\t\t\t<a class=\"wp-block-button__link uagb-text-link\" style=\"\" href=\"https:\/\/www.episcopalchurch.org\/es\/sermon\/epifania-4-a-2011\/\" target=\"_self\" rel=\"bookmark noopener noreferrer\">Leer m\u00e1s<\/a>\n\t\t\t<\/div>\n\t\t\t\n\t\t\t\t\t\t\t\t\t<\/article>\n\t\t\t\t\t\t\t\t\t\t\t<\/div>\n\t\t\t\n\n\n<h3 class=\"wp-block-heading\" id=\"h-estudios-biblicos\"><strong>Estudios B\u00edblicos<\/strong><\/h3>\n\n\n\n\t\t\t<div class=\"wp-block-uagb-post-carousel uagb-post-grid  uagb-post__image-position-top uagb-post__image-disabled uagb-block-de9ed840     uagb-post__arrow-outside uagb-post__items uagb-post__columns-3 is-carousel uagb-post__columns-tablet-2 uagb-post__columns-mobile-1\" data-total=\"1\" style=\"\">\n\n\t\t\t\t\t\t\t\t\t\t\t\t<article class=\"uagb-post__inner-wrap\">\t\t\t\t\t\t\t\t<h4 class=\"uagb-post__title uagb-post__text\">\n\t\t\t\t<a href=\"https:\/\/www.episcopalchurch.org\/es\/bible_study\/bible-study-epiphany-4-a-february-1-2026\/\" target=\"_self\" rel=\"bookmark noopener noreferrer\">Estudio B\u00edblico: Epifan\u00eda 4 (A) \u2013 1 de febrero de 2026<\/a>\n\t\t\t<\/h4>\n\t\t\t\t\t\t<div class='uagb-post__text uagb-post-grid-byline'>\n\t\t\t\t\t\t\t<\/div>\n\t\t\t\t\t\t<div class=\"uagb-post__text uagb-post__cta wp-block-button\">\n\t\t\t\t<a class=\"wp-block-button__link uagb-text-link\" style=\"\" href=\"https:\/\/www.episcopalchurch.org\/es\/bible_study\/bible-study-epiphany-4-a-february-1-2026\/\" target=\"_self\" rel=\"bookmark noopener noreferrer\">Leer m\u00e1s<\/a>\n\t\t\t<\/div>\n\t\t\t\n\t\t\t\t\t\t\t\t\t<\/article>\n\t\t\t\t\t\t\t\t\t\t\t\t\t\t\t\t<article class=\"uagb-post__inner-wrap\">\t\t\t\t\t\t\t\t<h4 class=\"uagb-post__title uagb-post__text\">\n\t\t\t\t<a href=\"https:\/\/www.episcopalchurch.org\/es\/bible_study\/estudio-biblico-epifania-4-a-29-de-enero-de-2023\/\" target=\"_self\" rel=\"bookmark noopener noreferrer\">Estudio B\u00edblico: Epifan\u00eda 4 (A) \u2013 2023<\/a>\n\t\t\t<\/h4>\n\t\t\t\t\t\t<div class='uagb-post__text uagb-post-grid-byline'>\n\t\t\t\t\t\t\t<\/div>\n\t\t\t\t\t\t<div class=\"uagb-post__text uagb-post__cta wp-block-button\">\n\t\t\t\t<a class=\"wp-block-button__link uagb-text-link\" style=\"\" href=\"https:\/\/www.episcopalchurch.org\/es\/bible_study\/estudio-biblico-epifania-4-a-29-de-enero-de-2023\/\" target=\"_self\" rel=\"bookmark noopener noreferrer\">Leer m\u00e1s<\/a>\n\t\t\t<\/div>\n\t\t\t\n\t\t\t\t\t\t\t\t\t<\/article>\n\t\t\t\t\t\t\t\t\t\t\t\t\t\t\t\t<article class=\"uagb-post__inner-wrap\">\t\t\t\t\t\t\t\t<h4 class=\"uagb-post__title uagb-post__text\">\n\t\t\t\t<a href=\"https:\/\/www.episcopalchurch.org\/es\/bible_study\/estudio-biblico-epifania-4-a-2017\/\" target=\"_self\" rel=\"bookmark noopener noreferrer\">Estudio B\u00edblico: Epifan\u00eda 4 (A) &#8211; 2017<\/a>\n\t\t\t<\/h4>\n\t\t\t\t\t\t<div class='uagb-post__text uagb-post-grid-byline'>\n\t\t\t\t\t\t\t<\/div>\n\t\t\t\t\t\t<div class=\"uagb-post__text uagb-post__cta wp-block-button\">\n\t\t\t\t<a class=\"wp-block-button__link uagb-text-link\" style=\"\" href=\"https:\/\/www.episcopalchurch.org\/es\/bible_study\/estudio-biblico-epifania-4-a-2017\/\" target=\"_self\" rel=\"bookmark noopener noreferrer\">Leer m\u00e1s<\/a>\n\t\t\t<\/div>\n\t\t\t\n\t\t\t\t\t\t\t\t\t<\/article>\n\t\t\t\t\t\t\t\t\t\t\t<\/div>\n\t\t\t\n\n<style>.wp-block-kadence-spacer.kt-block-spacer-228515_59f26d-f1 .kt-block-spacer{height:60px;}.wp-block-kadence-spacer.kt-block-spacer-228515_59f26d-f1 .kt-divider{border-top-width:2px;border-top-color:#84BD00;width:100%;border-top-style:solid;}<\/style>\n<div class=\"wp-block-kadence-spacer aligncenter kt-block-spacer-228515_59f26d-f1\"><div class=\"kt-block-spacer kt-block-spacer-halign-center\"><hr class=\"kt-divider\"\/><\/div><\/div>\n","protected":false},"featured_media":0,"template":"","meta":{"_acf_changed":false,"_uag_custom_page_level_css":"","_kad_blocks_custom_css":"","_kad_blocks_head_custom_js":"","_kad_blocks_body_custom_js":"","_kad_blocks_footer_custom_js":"","_kadence_starter_templates_imported_post":false,"_links_to":"","_links_to_target":""},"class_list":["post-228515","lectionary","type-lectionary","status-publish","hentry"],"acf":{"lectionary_cycle":["A"],"lectionary_type":"revised-common-lectionary","lectionary_date":"2017-02-05","lectionary_date_month":"2","lectionary_date_day":"1","drupal_id":"128356","lectionary_language":"en","lectionary_other_translation":false},"yoast_head":"<!-- This site is optimized with the Yoast SEO Premium plugin v24.6 (Yoast SEO v26.3) - https:\/\/yoast.com\/wordpress\/plugins\/seo\/ -->\n<title>Cuarto Domingo despu\u00e9s de Epifan\u00eda &#8211; The Episcopal Church<\/title>\n<meta name=\"robots\" content=\"index, follow, max-snippet:-1, max-image-preview:large, max-video-preview:-1\" \/>\n<link rel=\"canonical\" href=\"https:\/\/www.episcopalchurch.org\/es\/lectionary\/epifania-4a\/\" \/>\n<meta property=\"og:locale\" content=\"es_ES\" \/>\n<meta property=\"og:type\" content=\"article\" \/>\n<meta property=\"og:title\" content=\"Cuarto Domingo despu\u00e9s de Epifan\u00eda\" \/>\n<meta property=\"og:description\" content=\"La Colecta: Dios de poder y vida eterna, que todo lo gobiernas en el cielo y en la tierra: Escucha con piedad nuestras s\u00faplicas y en nuestro tiempo conc\u00e9denos la paz; por Jesucristo nuestro Salvador, que contigo y con el Esp\u00edritu Santo vive y reina, un solo Dios, ahora y siempre. Am\u00e9n. Antiguo Testamento: Miqueas [&hellip;]\" \/>\n<meta property=\"og:url\" content=\"https:\/\/www.episcopalchurch.org\/es\/lectionary\/epifania-4a\/\" \/>\n<meta property=\"og:site_name\" content=\"The Episcopal Church\" \/>\n<meta property=\"article:publisher\" content=\"https:\/\/www.facebook.com\/episcopalian\" \/>\n<meta property=\"article:modified_time\" content=\"2025-12-07T02:25:04+00:00\" \/>\n<meta property=\"og:image\" content=\"https:\/\/www.episcopalchurch.org\/wp-content\/uploads\/2011\/07\/Cuarto-Domingo-despues-de-Epifania.png\" \/>\n\t<meta property=\"og:image:width\" content=\"1080\" \/>\n\t<meta property=\"og:image:height\" content=\"1350\" \/>\n\t<meta property=\"og:image:type\" content=\"image\/png\" \/>\n<meta name=\"twitter:card\" content=\"summary_large_image\" \/>\n<meta name=\"twitter:site\" content=\"@iamepiscopalian\" \/>\n<meta name=\"twitter:label1\" content=\"Est. reading time\" \/>\n\t<meta name=\"twitter:data1\" content=\"5 minutes\" \/>\n<script type=\"application\/ld+json\" class=\"yoast-schema-graph\">{\"@context\":\"https:\/\/schema.org\",\"@graph\":[{\"@type\":\"WebPage\",\"@id\":\"https:\/\/www.episcopalchurch.org\/es\/lectionary\/epifania-4a\/\",\"url\":\"https:\/\/www.episcopalchurch.org\/es\/lectionary\/epifania-4a\/\",\"name\":\"Cuarto Domingo despu\u00e9s de Epifan\u00eda &#8211; The Episcopal Church\",\"isPartOf\":{\"@id\":\"https:\/\/www.episcopalchurch.org\/#website\"},\"primaryImageOfPage\":{\"@id\":\"https:\/\/www.episcopalchurch.org\/es\/lectionary\/epifania-4a\/#primaryimage\"},\"image\":{\"@id\":\"https:\/\/www.episcopalchurch.org\/es\/lectionary\/epifania-4a\/#primaryimage\"},\"thumbnailUrl\":\"https:\/\/www.episcopalchurch.org\/wp-content\/uploads\/2011\/07\/Cuarto-Domingo-despues-de-Epifania-819x1024.png\",\"datePublished\":\"2011-07-05T18:43:32+00:00\",\"dateModified\":\"2025-12-07T02:25:04+00:00\",\"breadcrumb\":{\"@id\":\"https:\/\/www.episcopalchurch.org\/es\/lectionary\/epifania-4a\/#breadcrumb\"},\"inLanguage\":\"es-ES\",\"potentialAction\":[{\"@type\":\"ReadAction\",\"target\":[\"https:\/\/www.episcopalchurch.org\/es\/lectionary\/epifania-4a\/\"]}]},{\"@type\":\"ImageObject\",\"inLanguage\":\"es-ES\",\"@id\":\"https:\/\/www.episcopalchurch.org\/es\/lectionary\/epifania-4a\/#primaryimage\",\"url\":\"https:\/\/www.episcopalchurch.org\/wp-content\/uploads\/2011\/07\/Cuarto-Domingo-despues-de-Epifania-819x1024.png\",\"contentUrl\":\"https:\/\/www.episcopalchurch.org\/wp-content\/uploads\/2011\/07\/Cuarto-Domingo-despues-de-Epifania-819x1024.png\"},{\"@type\":\"BreadcrumbList\",\"@id\":\"https:\/\/www.episcopalchurch.org\/es\/lectionary\/epifania-4a\/#breadcrumb\",\"itemListElement\":[{\"@type\":\"ListItem\",\"position\":1,\"name\":\"Home\",\"item\":\"https:\/\/www.episcopalchurch.org\/\"},{\"@type\":\"ListItem\",\"position\":2,\"name\":\"Cuarto Domingo despu\u00e9s de Epifan\u00eda\"}]},{\"@type\":\"WebSite\",\"@id\":\"https:\/\/www.episcopalchurch.org\/#website\",\"url\":\"https:\/\/www.episcopalchurch.org\/\",\"name\":\"The Episcopal Church\",\"description\":\"Welcomes You\",\"publisher\":{\"@id\":\"https:\/\/www.episcopalchurch.org\/#organization\"},\"potentialAction\":[{\"@type\":\"SearchAction\",\"target\":{\"@type\":\"EntryPoint\",\"urlTemplate\":\"https:\/\/www.episcopalchurch.org\/?s={search_term_string}\"},\"query-input\":{\"@type\":\"PropertyValueSpecification\",\"valueRequired\":true,\"valueName\":\"search_term_string\"}}],\"inLanguage\":\"es-ES\"},{\"@type\":\"Organization\",\"@id\":\"https:\/\/www.episcopalchurch.org\/#organization\",\"name\":\"The Episcopal Church\",\"url\":\"https:\/\/www.episcopalchurch.org\/\",\"logo\":{\"@type\":\"ImageObject\",\"inLanguage\":\"es-ES\",\"@id\":\"https:\/\/www.episcopalchurch.org\/#\/schema\/logo\/image\/\",\"url\":\"https:\/\/www.episcopalchurch.org\/wp-content\/uploads\/2021\/01\/vertical_episcopal_logo.jpg\",\"contentUrl\":\"https:\/\/www.episcopalchurch.org\/wp-content\/uploads\/2021\/01\/vertical_episcopal_logo.jpg\",\"width\":770,\"height\":662,\"caption\":\"The Episcopal Church\"},\"image\":{\"@id\":\"https:\/\/www.episcopalchurch.org\/#\/schema\/logo\/image\/\"},\"sameAs\":[\"https:\/\/www.facebook.com\/episcopalian\",\"https:\/\/x.com\/iamepiscopalian\",\"https:\/\/www.youtube.com\/channel\/UCdVJpxCtK41c_-p6EaE4_2A\"]}]}<\/script>\n<!-- \/ Yoast SEO Premium plugin. -->","yoast_head_json":{"title":"Cuarto Domingo despu\u00e9s de Epifan\u00eda &#8211; The Episcopal Church","robots":{"index":"index","follow":"follow","max-snippet":"max-snippet:-1","max-image-preview":"max-image-preview:large","max-video-preview":"max-video-preview:-1"},"canonical":"https:\/\/www.episcopalchurch.org\/es\/lectionary\/epifania-4a\/","og_locale":"es_ES","og_type":"article","og_title":"Cuarto Domingo despu\u00e9s de Epifan\u00eda","og_description":"La Colecta: Dios de poder y vida eterna, que todo lo gobiernas en el cielo y en la tierra: Escucha con piedad nuestras s\u00faplicas y en nuestro tiempo conc\u00e9denos la paz; por Jesucristo nuestro Salvador, que contigo y con el Esp\u00edritu Santo vive y reina, un solo Dios, ahora y siempre. Am\u00e9n. Antiguo Testamento: Miqueas [&hellip;]","og_url":"https:\/\/www.episcopalchurch.org\/es\/lectionary\/epifania-4a\/","og_site_name":"The Episcopal Church","article_publisher":"https:\/\/www.facebook.com\/episcopalian","article_modified_time":"2025-12-07T02:25:04+00:00","og_image":[{"width":1080,"height":1350,"url":"https:\/\/www.episcopalchurch.org\/wp-content\/uploads\/2011\/07\/Cuarto-Domingo-despues-de-Epifania.png","type":"image\/png"}],"twitter_card":"summary_large_image","twitter_site":"@iamepiscopalian","twitter_misc":{"Est. reading time":"5 minutes"},"schema":{"@context":"https:\/\/schema.org","@graph":[{"@type":"WebPage","@id":"https:\/\/www.episcopalchurch.org\/es\/lectionary\/epifania-4a\/","url":"https:\/\/www.episcopalchurch.org\/es\/lectionary\/epifania-4a\/","name":"Cuarto Domingo despu\u00e9s de Epifan\u00eda &#8211; The Episcopal Church","isPartOf":{"@id":"https:\/\/www.episcopalchurch.org\/#website"},"primaryImageOfPage":{"@id":"https:\/\/www.episcopalchurch.org\/es\/lectionary\/epifania-4a\/#primaryimage"},"image":{"@id":"https:\/\/www.episcopalchurch.org\/es\/lectionary\/epifania-4a\/#primaryimage"},"thumbnailUrl":"https:\/\/www.episcopalchurch.org\/wp-content\/uploads\/2011\/07\/Cuarto-Domingo-despues-de-Epifania-819x1024.png","datePublished":"2011-07-05T18:43:32+00:00","dateModified":"2025-12-07T02:25:04+00:00","breadcrumb":{"@id":"https:\/\/www.episcopalchurch.org\/es\/lectionary\/epifania-4a\/#breadcrumb"},"inLanguage":"es-ES","potentialAction":[{"@type":"ReadAction","target":["https:\/\/www.episcopalchurch.org\/es\/lectionary\/epifania-4a\/"]}]},{"@type":"ImageObject","inLanguage":"es-ES","@id":"https:\/\/www.episcopalchurch.org\/es\/lectionary\/epifania-4a\/#primaryimage","url":"https:\/\/www.episcopalchurch.org\/wp-content\/uploads\/2011\/07\/Cuarto-Domingo-despues-de-Epifania-819x1024.png","contentUrl":"https:\/\/www.episcopalchurch.org\/wp-content\/uploads\/2011\/07\/Cuarto-Domingo-despues-de-Epifania-819x1024.png"},{"@type":"BreadcrumbList","@id":"https:\/\/www.episcopalchurch.org\/es\/lectionary\/epifania-4a\/#breadcrumb","itemListElement":[{"@type":"ListItem","position":1,"name":"Home","item":"https:\/\/www.episcopalchurch.org\/"},{"@type":"ListItem","position":2,"name":"Cuarto Domingo despu\u00e9s de Epifan\u00eda"}]},{"@type":"WebSite","@id":"https:\/\/www.episcopalchurch.org\/#website","url":"https:\/\/www.episcopalchurch.org\/","name":"The Episcopal Church","description":"Welcomes You","publisher":{"@id":"https:\/\/www.episcopalchurch.org\/#organization"},"potentialAction":[{"@type":"SearchAction","target":{"@type":"EntryPoint","urlTemplate":"https:\/\/www.episcopalchurch.org\/?s={search_term_string}"},"query-input":{"@type":"PropertyValueSpecification","valueRequired":true,"valueName":"search_term_string"}}],"inLanguage":"es-ES"},{"@type":"Organization","@id":"https:\/\/www.episcopalchurch.org\/#organization","name":"The Episcopal Church","url":"https:\/\/www.episcopalchurch.org\/","logo":{"@type":"ImageObject","inLanguage":"es-ES","@id":"https:\/\/www.episcopalchurch.org\/#\/schema\/logo\/image\/","url":"https:\/\/www.episcopalchurch.org\/wp-content\/uploads\/2021\/01\/vertical_episcopal_logo.jpg","contentUrl":"https:\/\/www.episcopalchurch.org\/wp-content\/uploads\/2021\/01\/vertical_episcopal_logo.jpg","width":770,"height":662,"caption":"The Episcopal Church"},"image":{"@id":"https:\/\/www.episcopalchurch.org\/#\/schema\/logo\/image\/"},"sameAs":["https:\/\/www.facebook.com\/episcopalian","https:\/\/x.com\/iamepiscopalian","https:\/\/www.youtube.com\/channel\/UCdVJpxCtK41c_-p6EaE4_2A"]}]}},"taxonomy_info":[],"featured_image_src_large":false,"author_info":[],"comment_info":"","uagb_featured_image_src":{"full":false,"thumbnail":false,"medium":false,"medium_large":false,"large":false,"1536x1536":false,"2048x2048":false,"menu":false,"hero":false,"callout-image":false},"uagb_author_info":{"display_name":"Christopher Sikkema","author_link":"https:\/\/www.episcopalchurch.org\/es\/author\/"},"uagb_comment_info":0,"uagb_excerpt":"La Colecta: Dios de poder y vida eterna, que todo lo gobiernas en el cielo y en la tierra: Escucha con piedad nuestras s\u00faplicas y en nuestro tiempo conc\u00e9denos la paz; por Jesucristo nuestro Salvador, que contigo y con el Esp\u00edritu Santo vive y reina, un solo Dios, ahora y siempre. Am\u00e9n. Antiguo Testamento: Miqueas&hellip;","_links":{"self":[{"href":"https:\/\/www.episcopalchurch.org\/es\/wp-json\/wp\/v2\/lectionary\/228515","targetHints":{"allow":["GET"]}}],"collection":[{"href":"https:\/\/www.episcopalchurch.org\/es\/wp-json\/wp\/v2\/lectionary"}],"about":[{"href":"https:\/\/www.episcopalchurch.org\/es\/wp-json\/wp\/v2\/types\/lectionary"}],"wp:attachment":[{"href":"https:\/\/www.episcopalchurch.org\/es\/wp-json\/wp\/v2\/media?parent=228515"}],"curies":[{"name":"wp","href":"https:\/\/api.w.org\/{rel}","templated":true}]}}