{"id":239127,"date":"2011-07-05T18:43:24","date_gmt":"2011-07-05T18:43:24","guid":{"rendered":"https:\/\/www.episcopalchurch.org\/lectionary\/proper-21a\/"},"modified":"2026-02-11T10:48:12","modified_gmt":"2026-02-11T15:48:12","slug":"propio-21a","status":"publish","type":"lectionary","link":"https:\/\/www.episcopalchurch.org\/es\/lectionary\/propio-21a\/","title":{"rendered":"Decimoctavo Domingo despu\u00e9s de Pentecost\u00e9s"},"content":{"rendered":"\n<p><strong>Propio 21<\/strong><\/p>\n\n\n\n<p><strong>La Colecta:<\/strong> <\/p>\n\n\n\n<p>Dios, que manifiestas tu gran poder principalmente en tu gran misericordia: Conc\u00e9denos tu gracia en plenitude para que, corriendo en pos de tus promesas, tengamos parte en tu tesoro celestial; por Jesucristo nuestro Se\u00f1or, que contigo y el Esp\u00edritu Santo vive y reina, un solo Dios, ahora y siempre. Am\u00e9n.<\/p>\n\n\n\n<div class=\"wp-block-getwid-tabs\" data-active-tab=\"0\"><ul class=\"wp-block-getwid-tabs__nav-links\"><\/ul>\n<div class=\"wp-block-getwid-tabs__nav-link\"><span class=\"wp-block-getwid-tabs__title-wrapper\"><a href=\"#\"><span class=\"wp-block-getwid-tabs__title\"><strong><strong>Semicontinuas<\/strong><\/strong><\/span><\/a><\/span><\/div><div class=\"wp-block-getwid-tabs__tab-content-wrapper\"><div class=\"wp-block-getwid-tabs__tab-content\">\n<p><strong>Antiguo Testamento:<\/strong> \u00c9xodo 17:1-7<\/p>\n\n\n\n<p><sup>1<\/sup>&nbsp;Toda la comunidad israelita sali\u00f3 del desierto de Sin, siguiendo su camino poco a poco, de acuerdo con las \u00f3rdenes del Se\u00f1or. Despu\u00e9s acamparon en Refidim, pero no hab\u00eda agua para que el pueblo bebiera,&nbsp;<sup>2<\/sup>&nbsp;as\u00ed que le reclamaron a Mois\u00e9s, dici\u00e9ndole: \u2014\u00a1Danos agua para beber!<\/p>\n\n\n\n<p>\u2014\u00bfPor qu\u00e9 me hacen reclamaciones a m\u00ed? \u00bfPor qu\u00e9 ponen a prueba a Dios? \u2014contest\u00f3 Mois\u00e9s.<\/p>\n\n\n\n<p><sup>3<\/sup>&nbsp;Pero el pueblo ten\u00eda sed, y hablaron en contra de Mois\u00e9s. Dec\u00edan: \u2014\u00bfPara qu\u00e9 nos hiciste salir de Egipto? \u00bfPara matarnos de sed, junto con nuestros hijos y nuestros animales?<\/p>\n\n\n\n<p><sup>4<\/sup>&nbsp;Mois\u00e9s clam\u00f3 entonces al Se\u00f1or, y le dijo: \u2014\u00bfQu\u00e9 voy a hacer con esta gente? \u00a1Un poco m\u00e1s y me matan a pedradas!<\/p>\n\n\n\n<p><sup>5<\/sup>&nbsp;Y el Se\u00f1or le contest\u00f3: \u2014Pasa delante del pueblo, y hazte acompa\u00f1ar de algunos ancianos de Israel. Ll\u00e9vate tambi\u00e9n el bast\u00f3n con que golpeaste el r\u00edo, y ponte en marcha.&nbsp;<sup>6<\/sup>&nbsp;Yo estar\u00e9 esper\u00e1ndote all\u00e1 en el monte Horeb, sobre la roca. Cuando golpees la roca, saldr\u00e1 agua de ella para que beba la gente.<\/p>\n\n\n\n<p>Mois\u00e9s lo hizo as\u00ed, a la vista de los ancianos de Israel,&nbsp;<sup>7<\/sup>&nbsp;y llam\u00f3 a aquel lugar Merib\u00e1 porque los israelitas le hab\u00edan hecho reclamaciones, y tambi\u00e9n lo llam\u00f3 Mas\u00e1 porque hab\u00edan puesto a prueba a Dios, al decir: \u00ab\u00bfEst\u00e1 o no est\u00e1 el Se\u00f1or con nosotros?\u00bb<\/p>\n\n\n\n<p><strong>Salmo:<\/strong> 78:1-4, 12-16<\/p>\n\n\n\n<p><sup>1<\/sup>&nbsp;Escucha, pueblo m\u00edo, mi ense\u00f1anza; *<br>&nbsp;&nbsp;&nbsp;&nbsp;&nbsp;&nbsp;&nbsp;inclina el o\u00eddo a las palabras de mi boca.<br><sup>2<\/sup>&nbsp;Mi boca les contar\u00e1 una par\u00e1bola; *<br>&nbsp;&nbsp;&nbsp;&nbsp;&nbsp;&nbsp;&nbsp;evocar\u00e9 los misterios del pasado.<br><sup>3<\/sup>&nbsp;Lo que o\u00edmos y entendimos,<br>&nbsp;&nbsp;&nbsp;que nuestras abuelas nos contaron, *<br>&nbsp;&nbsp;&nbsp;&nbsp;&nbsp;&nbsp;&nbsp;no lo ocultaremos a nuestros descendientes.<br><sup>4<\/sup>&nbsp;Le contaremos a la juventud<br>&nbsp;&nbsp;&nbsp;las obras poderosas del Se\u00f1or *<br>&nbsp;&nbsp;&nbsp;&nbsp;&nbsp;&nbsp;&nbsp;y sus maravillas dignas de alabanza.<br><sup>12<\/sup>&nbsp;Les mostr\u00f3 portentos a sus padres, *<br>&nbsp;&nbsp;&nbsp;&nbsp;&nbsp;&nbsp;&nbsp;en tierra de Egipto, en campos de Zo\u00e1n.<br><sup>13<\/sup>&nbsp;Parti\u00f3 el mar en dos y los dej\u00f3 pasar; *<br>&nbsp;&nbsp;&nbsp;&nbsp;&nbsp;&nbsp;&nbsp;contuvo las aguas como un dique.<br><sup>14<\/sup>&nbsp;De d\u00eda los guio con una nube *<br>&nbsp;&nbsp;&nbsp;&nbsp;&nbsp;&nbsp;&nbsp;y toda la noche con el resplandor del fuego.<br><sup>15<\/sup>&nbsp;Parti\u00f3 en dos la roca en el desierto *<br>&nbsp;&nbsp;&nbsp;&nbsp;&nbsp;&nbsp;&nbsp;y les dio agua de las profundidades.<br><sup>16<\/sup>&nbsp;Hizo brotar arroyos de las pe\u00f1as *<br>&nbsp;&nbsp;&nbsp;&nbsp;&nbsp;&nbsp;&nbsp;y vertieron agua como r\u00edos.<\/p>\n<\/div><\/div>\n\n\n\n<div class=\"wp-block-getwid-tabs__nav-link\"><span class=\"wp-block-getwid-tabs__title-wrapper\"><a href=\"#\"><span class=\"wp-block-getwid-tabs__title\"><strong><strong>Complementarias<\/strong><\/strong><\/span><\/a><\/span><\/div><div class=\"wp-block-getwid-tabs__tab-content-wrapper\"><div class=\"wp-block-getwid-tabs__tab-content\">\n<p><strong>Antiguo Testamento:<\/strong> Ezequiel 18:1-4, 25-32<\/p>\n\n\n\n<p><sup>1<\/sup>&nbsp;El Se\u00f1or se dirigi\u00f3 a m\u00ed, y me dijo:&nbsp;<sup>2<\/sup>&nbsp;\u00ab\u00bfPor qu\u00e9 en Israel no deja de repetirse aquel refr\u00e1n que dice: \u201cLos padres comen uvas agrias y a los hijos se les destemplan los dientes\u201d?&nbsp;<sup>3<\/sup>&nbsp;Yo, el Se\u00f1or, juro por mi vida que nunca volver\u00e1n ustedes a repetir este refr\u00e1n en Israel.&nbsp;<sup>4<\/sup>&nbsp;A m\u00ed me pertenece todo ser humano, lo mismo el padre que el hijo. Aquel que peque, morir\u00e1. [\u2026]<\/p>\n\n\n\n<p><sup>25<\/sup>&nbsp;\u00bbUstedes dir\u00e1n que yo no estoy actuando con justicia; pero escucha, pueblo de Israel, \u00bfpiensan ustedes que yo no estoy actuando bien? \u00bfNo ser\u00e1 m\u00e1s bien lo contrario, que son ustedes los que est\u00e1n actuando mal?&nbsp;<sup>26<\/sup>&nbsp;Si el justo deja de hacer lo bueno y hace lo malo, morir\u00e1 por culpa de sus malas acciones.&nbsp;<sup>27<\/sup>&nbsp;Por el contrario, si el malvado se aparta de su maldad y hace lo que es recto y justo, salvar\u00e1 su vida.&nbsp;<sup>28<\/sup>&nbsp;Si abre los ojos y se aparta de todas las maldades que hab\u00eda hecho, ciertamente vivir\u00e1 y no morir\u00e1.<\/p>\n\n\n\n<p><sup>29<\/sup>&nbsp;\u00bbPero el pueblo de Israel dir\u00e1 que yo no act\u00fao con justicia. \u00bfQue yo no act\u00fao con justicia? \u00bfNo ser\u00e1 m\u00e1s bien el pueblo de Israel el que no act\u00faa con justicia?&nbsp;<sup>30<\/sup>&nbsp;Yo los juzgo a cada uno de ustedes, israelitas, de acuerdo con sus acciones. Yo, el Se\u00f1or, lo afirmo. Abandonen de una vez por todas sus maldades, para que no se hagan culpables de su propia ruina.&nbsp;<sup>31<\/sup>&nbsp;Ap\u00e1rtense de todas las maldades que han cometido contra m\u00ed, y h\u00e1ganse de un coraz\u00f3n y un esp\u00edritu nuevos. \u00bfPor qu\u00e9 habr\u00e1s de morir, pueblo de Israel,&nbsp;<sup>32<\/sup>&nbsp;si yo no quiero que nadie muera? Ap\u00e1rtense del mal y vivir\u00e1n. Yo, el Se\u00f1or, lo afirmo.\u00bb&nbsp;<\/p>\n\n\n\n<p><strong>Salmo:<\/strong> 25:1-8<\/p>\n\n\n\n<p><sup>1<\/sup>&nbsp;A ti, Se\u00f1or, elevo el alma;<br>&nbsp;&nbsp;&nbsp;Dios m\u00edo: Pongo mi confianza en ti; *<br>&nbsp;&nbsp;&nbsp;&nbsp;&nbsp;&nbsp;&nbsp;no permitas que sea avergonzado<br>&nbsp;&nbsp;&nbsp;&nbsp;&nbsp;&nbsp;&nbsp;ni que mis enemigos me derroten.<br><sup>2<\/sup>&nbsp;Que nadie que en ti conf\u00eda sea humillado; *<br>&nbsp;&nbsp;&nbsp;&nbsp;&nbsp;&nbsp;&nbsp;que sea humillado el traidor en sus ardides.<br><sup>3<\/sup>&nbsp;Mu\u00e9strame, Se\u00f1or, tus sendas *<br>&nbsp;&nbsp;&nbsp;&nbsp;&nbsp;&nbsp;&nbsp;y ens\u00e9\u00f1ame todos tus caminos.<br><sup>4<\/sup>&nbsp;Ense\u00f1a y gu\u00edame con tu verdad *<br>&nbsp;&nbsp;&nbsp;&nbsp;&nbsp;&nbsp;&nbsp;porque t\u00fa eres mi Dios de salvaci\u00f3n<br>&nbsp;&nbsp;&nbsp;&nbsp;&nbsp;&nbsp;&nbsp;y en ti he confiado el d\u00eda entero.<br><sup>5<\/sup>&nbsp;Recuerda, Se\u00f1or, tu compasi\u00f3n y amor *<br>&nbsp;&nbsp;&nbsp;&nbsp;&nbsp;&nbsp;&nbsp;porque perduran para siempre.<br><sup>6<\/sup>&nbsp;No recuerdes mis pecados juveniles ni mis culpas; *<br>&nbsp;&nbsp;&nbsp;&nbsp;&nbsp;&nbsp;&nbsp;recu\u00e9rdame conforme a tu Piedad<br>&nbsp;&nbsp;&nbsp;&nbsp;&nbsp;&nbsp;&nbsp;por amor de tu bondad, Se\u00f1or.<br><sup>7<\/sup>&nbsp;Dios es bondadoso y recto; *<br>&nbsp;&nbsp;&nbsp;&nbsp;&nbsp;&nbsp;&nbsp;le ense\u00f1a su camino al pecador;<br><sup>8<\/sup>&nbsp;lleva al humilde a hacer lo justo *<br>&nbsp;&nbsp;&nbsp;&nbsp;&nbsp;&nbsp;&nbsp;y al sumiso le muestra su sendero.<\/p>\n<\/div><\/div>\n<\/div>\n\n\n\n<p><strong>Nuevo Testamento:<\/strong> Filipenses 2:1-13<\/p>\n\n\n\n<p><sup>1<\/sup>&nbsp;As\u00ed que, si Cristo les ha dado el poder de animar, si el amor los impulsa a consolar a otros, si todos participan del mismo Esp\u00edritu, si tienen un coraz\u00f3n compasivo,&nbsp;<sup>2<\/sup>&nbsp;ll\u00e9nenme de alegr\u00eda viviendo todos en armon\u00eda, unidos por un mismo amor, por un mismo esp\u00edritu y por un mismo prop\u00f3sito.&nbsp;<sup>3<\/sup>&nbsp;No hagan nada por rivalidad o por orgullo, sino con humildad, y que cada uno considere a los dem\u00e1s como mejores que \u00e9l mismo.&nbsp;<sup>4<\/sup>&nbsp;Ninguno busque \u00fanicamente su propio bien, sino tambi\u00e9n el bien de los otros.<\/p>\n\n\n\n<p><sup>5<\/sup>&nbsp;Tengan unos con otros la manera de pensar propia de quien est\u00e1 unido a Cristo Jes\u00fas,&nbsp;<sup>6<\/sup>&nbsp;el cual:<\/p>\n\n\n\n<p>Aunque exist\u00eda con el mismo ser de Dios,<br>no se aferr\u00f3 a su igualdad con \u00e9l,<br><sup>7<\/sup>&nbsp;sino que renunci\u00f3 a lo que era suyo<br>y tom\u00f3 naturaleza de siervo.<br>Haci\u00e9ndose como todos los hombres<br>y present\u00e1ndose como un hombre cualquiera,<br><sup>8<\/sup>&nbsp;se humill\u00f3 a s\u00ed mismo,<br>haci\u00e9ndose obediente hasta la muerte,<br>hasta la muerte en la cruz.<\/p>\n\n\n\n<p><sup>9<\/sup>&nbsp;Por eso Dios le dio el m\u00e1s alto honor<br>y el m\u00e1s excelente de todos los nombres,<br><sup>10<\/sup>&nbsp;para que, ante ese nombre concedido a Jes\u00fas,<br>doblen todos las rodillas<br>en el cielo, en la tierra y debajo de la tierra,<br><sup>11<\/sup>&nbsp;y todos reconozcan que Jesucristo es Se\u00f1or,<br>para gloria de Dios Padre.<\/p>\n\n\n\n<p><sup>12<\/sup>&nbsp;Por tanto, mis queridos hermanos, as\u00ed como ustedes me han obedecido siempre, y no s\u00f3lo cuando he estado entre ustedes, obed\u00e9zcanme m\u00e1s ahora que estoy lejos. Hagan efectiva su propia salvaci\u00f3n con profunda reverencia;&nbsp;<sup>13<\/sup>&nbsp;pues Dios, seg\u00fan su bondadosa determinaci\u00f3n, es quien hace nacer en ustedes los buenos deseos y quien los ayuda a llevarlos a cabo.&nbsp;&nbsp;&nbsp;&nbsp;<\/p>\n\n\n\n<p><strong>El Evangelio:<\/strong> Mateo 21:23-32<\/p>\n\n\n\n<p><sup>23<\/sup>&nbsp;Jes\u00fas entr\u00f3 en el templo. Mientras estaba all\u00ed, ense\u00f1ando, se le acercaron los jefes de los sacerdotes y los ancianos de los jud\u00edos, y le preguntaron: \u2014\u00bfCon qu\u00e9 autoridad haces esto? \u00bfQui\u00e9n te dio esta autoridad?<\/p>\n\n\n\n<p><sup>24-25<\/sup>&nbsp;Jes\u00fas les contest\u00f3: \u2014Yo tambi\u00e9n les voy a hacer una pregunta: \u00bfQui\u00e9n envi\u00f3 a Juan a bautizar, Dios o los hombres? Si ustedes me responden, yo les dir\u00e9 con qu\u00e9 autoridad hago esto.<\/p>\n\n\n\n<p>Comenzaron a discutir unos con otros: \u00abSi respondemos que Dios lo envi\u00f3, nos dir\u00e1: \u201cEntonces, \u00bfpor qu\u00e9 no le creyeron?\u201d&nbsp;<sup>26<\/sup>&nbsp;Y no podemos decir que fueron los hombres, porque tenemos miedo de la gente, ya que todos creen que Juan era un profeta.\u00bb&nbsp;<sup>27<\/sup>&nbsp;As\u00ed que respondieron a Jes\u00fas: \u2014No lo sabemos.<\/p>\n\n\n\n<p>Entonces \u00e9l les contest\u00f3: \u2014Pues yo tampoco les digo con qu\u00e9 autoridad hago esto.<\/p>\n\n\n\n<p><sup>28<\/sup>&nbsp;Jes\u00fas les pregunt\u00f3: \u2014\u00bfQu\u00e9 opinan ustedes de esto? Un hombre ten\u00eda dos hijos, y le dijo a uno de ellos: \u201cHijo, ve hoy a trabajar a mi vi\u00f1edo.\u201d&nbsp;<sup>29<\/sup>&nbsp;El hijo le contest\u00f3: \u201c\u00a1No quiero ir!\u201d Pero despu\u00e9s cambi\u00f3 de parecer, y fue.&nbsp;<sup>30<\/sup>&nbsp;Luego el padre se dirigi\u00f3 al otro, y le dijo lo mismo. \u00c9ste contest\u00f3: \u201cS\u00ed, se\u00f1or, yo ir\u00e9.\u201d Pero no fue.&nbsp;<sup>31<\/sup>&nbsp;\u00bfCu\u00e1l de los dos hizo lo que su padre quer\u00eda?<\/p>\n\n\n\n<p>\u2014El primero \u2014contestaron ellos.<\/p>\n\n\n\n<p>Y Jes\u00fas les dijo: \u2014Les aseguro que los que cobran impuestos para Roma, y las prostitutas, entrar\u00e1n antes que ustedes en el reino de los cielos.&nbsp;<sup>32<\/sup>&nbsp;Porque Juan el Bautista vino a ense\u00f1arles el camino de la justicia, y ustedes no le creyeron; en cambio, esos cobradores de impuestos y esas prostitutas s\u00ed le creyeron. Pero ustedes, aunque vieron todo esto, no cambiaron de actitud para creerle.&nbsp;<\/p>\n","protected":false},"featured_media":0,"template":"","meta":{"_acf_changed":true,"_uag_custom_page_level_css":"","_kad_blocks_custom_css":"","_kad_blocks_head_custom_js":"","_kad_blocks_body_custom_js":"","_kad_blocks_footer_custom_js":"","_kadence_starter_templates_imported_post":false,"_links_to":"","_links_to_target":""},"class_list":["post-239127","lectionary","type-lectionary","status-publish","hentry"],"acf":{"lectionary_cycle":["A"],"lectionary_type":"revised-common-lectionary","lectionary_date":"2020-09-27","lectionary_date_month":"9","lectionary_date_day":"27","drupal_id":"129314","lectionary_language":"en","lectionary_other_translation":false},"yoast_head":"<!-- This site is optimized with the Yoast SEO Premium plugin v24.6 (Yoast SEO v26.3) - https:\/\/yoast.com\/wordpress\/plugins\/seo\/ -->\n<title>Decimoctavo Domingo despu\u00e9s de Pentecost\u00e9s &#8211; The Episcopal Church<\/title>\n<meta name=\"robots\" content=\"index, follow, max-snippet:-1, max-image-preview:large, max-video-preview:-1\" \/>\n<link rel=\"canonical\" href=\"https:\/\/www.episcopalchurch.org\/es\/lectionary\/propio-21a\/\" \/>\n<meta property=\"og:locale\" content=\"es_ES\" \/>\n<meta property=\"og:type\" content=\"article\" \/>\n<meta property=\"og:title\" content=\"Decimoctavo Domingo despu\u00e9s de Pentecost\u00e9s\" \/>\n<meta property=\"og:description\" content=\"Propio 21 La Colecta: Dios, que manifiestas tu gran poder principalmente en tu gran misericordia: Conc\u00e9denos tu gracia en plenitude para que, corriendo en pos de tus promesas, tengamos parte en tu tesoro celestial; por Jesucristo nuestro Se\u00f1or, que contigo y el Esp\u00edritu Santo vive y reina, un solo Dios, ahora y siempre. Am\u00e9n. Nuevo [&hellip;]\" \/>\n<meta property=\"og:url\" content=\"https:\/\/www.episcopalchurch.org\/es\/lectionary\/propio-21a\/\" \/>\n<meta property=\"og:site_name\" content=\"The Episcopal Church\" \/>\n<meta property=\"article:publisher\" content=\"https:\/\/www.facebook.com\/episcopalian\" \/>\n<meta property=\"article:modified_time\" content=\"2026-02-11T15:48:12+00:00\" \/>\n<meta name=\"twitter:card\" content=\"summary_large_image\" \/>\n<meta name=\"twitter:site\" content=\"@iamepiscopalian\" \/>\n<meta name=\"twitter:label1\" content=\"Est. reading time\" \/>\n\t<meta name=\"twitter:data1\" content=\"7 minutes\" \/>\n<script type=\"application\/ld+json\" class=\"yoast-schema-graph\">{\"@context\":\"https:\/\/schema.org\",\"@graph\":[{\"@type\":\"WebPage\",\"@id\":\"https:\/\/www.episcopalchurch.org\/es\/lectionary\/propio-21a\/\",\"url\":\"https:\/\/www.episcopalchurch.org\/es\/lectionary\/propio-21a\/\",\"name\":\"Decimoctavo Domingo despu\u00e9s de Pentecost\u00e9s &#8211; The Episcopal Church\",\"isPartOf\":{\"@id\":\"https:\/\/www.episcopalchurch.org\/#website\"},\"datePublished\":\"2011-07-05T18:43:24+00:00\",\"dateModified\":\"2026-02-11T15:48:12+00:00\",\"breadcrumb\":{\"@id\":\"https:\/\/www.episcopalchurch.org\/es\/lectionary\/propio-21a\/#breadcrumb\"},\"inLanguage\":\"es-ES\",\"potentialAction\":[{\"@type\":\"ReadAction\",\"target\":[\"https:\/\/www.episcopalchurch.org\/es\/lectionary\/propio-21a\/\"]}]},{\"@type\":\"BreadcrumbList\",\"@id\":\"https:\/\/www.episcopalchurch.org\/es\/lectionary\/propio-21a\/#breadcrumb\",\"itemListElement\":[{\"@type\":\"ListItem\",\"position\":1,\"name\":\"Home\",\"item\":\"https:\/\/www.episcopalchurch.org\/\"},{\"@type\":\"ListItem\",\"position\":2,\"name\":\"Decimoctavo Domingo despu\u00e9s de Pentecost\u00e9s\"}]},{\"@type\":\"WebSite\",\"@id\":\"https:\/\/www.episcopalchurch.org\/#website\",\"url\":\"https:\/\/www.episcopalchurch.org\/\",\"name\":\"The Episcopal Church\",\"description\":\"Welcomes You\",\"publisher\":{\"@id\":\"https:\/\/www.episcopalchurch.org\/#organization\"},\"potentialAction\":[{\"@type\":\"SearchAction\",\"target\":{\"@type\":\"EntryPoint\",\"urlTemplate\":\"https:\/\/www.episcopalchurch.org\/?s={search_term_string}\"},\"query-input\":{\"@type\":\"PropertyValueSpecification\",\"valueRequired\":true,\"valueName\":\"search_term_string\"}}],\"inLanguage\":\"es-ES\"},{\"@type\":\"Organization\",\"@id\":\"https:\/\/www.episcopalchurch.org\/#organization\",\"name\":\"The Episcopal Church\",\"url\":\"https:\/\/www.episcopalchurch.org\/\",\"logo\":{\"@type\":\"ImageObject\",\"inLanguage\":\"es-ES\",\"@id\":\"https:\/\/www.episcopalchurch.org\/#\/schema\/logo\/image\/\",\"url\":\"https:\/\/www.episcopalchurch.org\/wp-content\/uploads\/2021\/01\/vertical_episcopal_logo.jpg\",\"contentUrl\":\"https:\/\/www.episcopalchurch.org\/wp-content\/uploads\/2021\/01\/vertical_episcopal_logo.jpg\",\"width\":770,\"height\":662,\"caption\":\"The Episcopal Church\"},\"image\":{\"@id\":\"https:\/\/www.episcopalchurch.org\/#\/schema\/logo\/image\/\"},\"sameAs\":[\"https:\/\/www.facebook.com\/episcopalian\",\"https:\/\/x.com\/iamepiscopalian\",\"https:\/\/www.youtube.com\/channel\/UCdVJpxCtK41c_-p6EaE4_2A\"]}]}<\/script>\n<!-- \/ Yoast SEO Premium plugin. -->","yoast_head_json":{"title":"Decimoctavo Domingo despu\u00e9s de Pentecost\u00e9s &#8211; The Episcopal Church","robots":{"index":"index","follow":"follow","max-snippet":"max-snippet:-1","max-image-preview":"max-image-preview:large","max-video-preview":"max-video-preview:-1"},"canonical":"https:\/\/www.episcopalchurch.org\/es\/lectionary\/propio-21a\/","og_locale":"es_ES","og_type":"article","og_title":"Decimoctavo Domingo despu\u00e9s de Pentecost\u00e9s","og_description":"Propio 21 La Colecta: Dios, que manifiestas tu gran poder principalmente en tu gran misericordia: Conc\u00e9denos tu gracia en plenitude para que, corriendo en pos de tus promesas, tengamos parte en tu tesoro celestial; por Jesucristo nuestro Se\u00f1or, que contigo y el Esp\u00edritu Santo vive y reina, un solo Dios, ahora y siempre. Am\u00e9n. Nuevo [&hellip;]","og_url":"https:\/\/www.episcopalchurch.org\/es\/lectionary\/propio-21a\/","og_site_name":"The Episcopal Church","article_publisher":"https:\/\/www.facebook.com\/episcopalian","article_modified_time":"2026-02-11T15:48:12+00:00","twitter_card":"summary_large_image","twitter_site":"@iamepiscopalian","twitter_misc":{"Est. reading time":"7 minutes"},"schema":{"@context":"https:\/\/schema.org","@graph":[{"@type":"WebPage","@id":"https:\/\/www.episcopalchurch.org\/es\/lectionary\/propio-21a\/","url":"https:\/\/www.episcopalchurch.org\/es\/lectionary\/propio-21a\/","name":"Decimoctavo Domingo despu\u00e9s de Pentecost\u00e9s &#8211; The Episcopal Church","isPartOf":{"@id":"https:\/\/www.episcopalchurch.org\/#website"},"datePublished":"2011-07-05T18:43:24+00:00","dateModified":"2026-02-11T15:48:12+00:00","breadcrumb":{"@id":"https:\/\/www.episcopalchurch.org\/es\/lectionary\/propio-21a\/#breadcrumb"},"inLanguage":"es-ES","potentialAction":[{"@type":"ReadAction","target":["https:\/\/www.episcopalchurch.org\/es\/lectionary\/propio-21a\/"]}]},{"@type":"BreadcrumbList","@id":"https:\/\/www.episcopalchurch.org\/es\/lectionary\/propio-21a\/#breadcrumb","itemListElement":[{"@type":"ListItem","position":1,"name":"Home","item":"https:\/\/www.episcopalchurch.org\/"},{"@type":"ListItem","position":2,"name":"Decimoctavo Domingo despu\u00e9s de Pentecost\u00e9s"}]},{"@type":"WebSite","@id":"https:\/\/www.episcopalchurch.org\/#website","url":"https:\/\/www.episcopalchurch.org\/","name":"The Episcopal Church","description":"Welcomes You","publisher":{"@id":"https:\/\/www.episcopalchurch.org\/#organization"},"potentialAction":[{"@type":"SearchAction","target":{"@type":"EntryPoint","urlTemplate":"https:\/\/www.episcopalchurch.org\/?s={search_term_string}"},"query-input":{"@type":"PropertyValueSpecification","valueRequired":true,"valueName":"search_term_string"}}],"inLanguage":"es-ES"},{"@type":"Organization","@id":"https:\/\/www.episcopalchurch.org\/#organization","name":"The Episcopal Church","url":"https:\/\/www.episcopalchurch.org\/","logo":{"@type":"ImageObject","inLanguage":"es-ES","@id":"https:\/\/www.episcopalchurch.org\/#\/schema\/logo\/image\/","url":"https:\/\/www.episcopalchurch.org\/wp-content\/uploads\/2021\/01\/vertical_episcopal_logo.jpg","contentUrl":"https:\/\/www.episcopalchurch.org\/wp-content\/uploads\/2021\/01\/vertical_episcopal_logo.jpg","width":770,"height":662,"caption":"The Episcopal Church"},"image":{"@id":"https:\/\/www.episcopalchurch.org\/#\/schema\/logo\/image\/"},"sameAs":["https:\/\/www.facebook.com\/episcopalian","https:\/\/x.com\/iamepiscopalian","https:\/\/www.youtube.com\/channel\/UCdVJpxCtK41c_-p6EaE4_2A"]}]}},"taxonomy_info":[],"featured_image_src_large":false,"author_info":[],"comment_info":"","uagb_featured_image_src":{"full":false,"thumbnail":false,"medium":false,"medium_large":false,"large":false,"1536x1536":false,"2048x2048":false,"menu":false,"hero":false,"callout-image":false},"uagb_author_info":{"display_name":"Scott Rands","author_link":"https:\/\/www.episcopalchurch.org\/es\/author\/"},"uagb_comment_info":0,"uagb_excerpt":"Propio 21 La Colecta: Dios, que manifiestas tu gran poder principalmente en tu gran misericordia: Conc\u00e9denos tu gracia en plenitude para que, corriendo en pos de tus promesas, tengamos parte en tu tesoro celestial; por Jesucristo nuestro Se\u00f1or, que contigo y el Esp\u00edritu Santo vive y reina, un solo Dios, ahora y siempre. Am\u00e9n. Nuevo&hellip;","_links":{"self":[{"href":"https:\/\/www.episcopalchurch.org\/es\/wp-json\/wp\/v2\/lectionary\/239127","targetHints":{"allow":["GET"]}}],"collection":[{"href":"https:\/\/www.episcopalchurch.org\/es\/wp-json\/wp\/v2\/lectionary"}],"about":[{"href":"https:\/\/www.episcopalchurch.org\/es\/wp-json\/wp\/v2\/types\/lectionary"}],"wp:attachment":[{"href":"https:\/\/www.episcopalchurch.org\/es\/wp-json\/wp\/v2\/media?parent=239127"}],"curies":[{"name":"wp","href":"https:\/\/api.w.org\/{rel}","templated":true}]}}