{"id":259420,"date":"2022-01-13T12:44:03","date_gmt":"2022-01-13T17:44:03","guid":{"rendered":"https:\/\/www.episcopalchurch.org\/?post_type=lectionary&#038;p=259420"},"modified":"2026-03-18T12:12:42","modified_gmt":"2026-03-18T16:12:42","slug":"miercoles-semana-santa-a","status":"publish","type":"lectionary","link":"https:\/\/www.episcopalchurch.org\/es\/lectionary\/miercoles-semana-santa-a\/","title":{"rendered":"Mi\u00e9rcoles de Semana Santa"},"content":{"rendered":"\n<p><strong>La Colecta:<\/strong><\/p>\n\n\n\n<p>Dios Padre, cuyo Hijo nuestro Salvador ofreci\u00f3 su cuerpo a los latigazos y su cara a los escupitajos: Danos la gracia de aceptar con gozo los sufrimientos del presente, confiando en la gloria que ha de revelarse; por Jesucristo nuestro Se\u00f1or, que contigo y el Esp\u00edritu Santo vive y reina, un solo Dios, ahora y siempre. Am\u00e9n.<\/p>\n\n\n\n<p><strong>El Antiguo Testamento:<\/strong> Isaiah 50:4-9a<\/p>\n\n\n\n<p><sup>4<\/sup>&nbsp;El Se\u00f1or me ha instruido<br>para que yo consuele a los cansados<br>con palabras de aliento.<br>Todas las ma\u00f1anas me hace estar atento<br>para que escuche d\u00f3cilmente.<br><sup>5<\/sup>&nbsp;El Se\u00f1or me ha dado entendimiento,<br>y yo no me he resistido<br>ni le he vuelto las espaldas.<br><sup>6<\/sup>&nbsp;Ofrec\u00ed mis espaldas para que me azotaran<br>y dej\u00e9 que me arrancaran la barba.<br>No retir\u00e9 la cara<br>de los que me insultaban y escup\u00edan.<br><sup>7<\/sup>&nbsp;El Se\u00f1or es quien me ayuda:<br>por eso no me hieren los insultos;<br>por eso me mantengo firme como una roca,<br>pues s\u00e9 que no quedar\u00e9 en rid\u00edculo.<br><sup>8<\/sup>&nbsp;A mi lado est\u00e1 mi defensor:<br>\u00bfAlguien tiene algo en mi contra?<br>\u00a1Vayamos juntos ante el juez!<br>\u00bfAlguien se cree con derecho a acusarme?<br>\u00a1Que venga y me lo diga!<br><sup>9<\/sup>&nbsp;El Se\u00f1or es quien me ayuda;<br>\u00bfqui\u00e9n podr\u00e1 condenarme?<\/p>\n\n\n\n<p><strong>Salmo:<\/strong> 70<\/p>\n\n\n\n<p><sup>1<\/sup>&nbsp;\u00a1Date prisa, mi Dios, para librarme, *<br>&nbsp;&nbsp;&nbsp;&nbsp;&nbsp;&nbsp;&nbsp;apres\u00farate, Se\u00f1or, a socorrerme!<br><sup>2<\/sup>&nbsp;Humilla a los que quieren destruirme,<br>&nbsp;&nbsp;&nbsp;que sean avergonzados; *<br>&nbsp;&nbsp;&nbsp;&nbsp;&nbsp;&nbsp;&nbsp;que los que desean mi ruina<br>&nbsp;&nbsp;&nbsp;&nbsp;&nbsp;&nbsp;&nbsp;retrocedan fracasados;<br><sup>3<\/sup>&nbsp;Que quienes se burlan diciendo \u00abaj\u00e1\u00bb, *<br>&nbsp;&nbsp;&nbsp;&nbsp;&nbsp;&nbsp;&nbsp;se retiren humillados.<br><sup>4<\/sup>&nbsp;Pero que se alegre quien te busca *<br>&nbsp;&nbsp;&nbsp;&nbsp;&nbsp;&nbsp;&nbsp;y quienes aman tu salvaci\u00f3n digan:<br>&nbsp;&nbsp;&nbsp;&nbsp;&nbsp;&nbsp;&nbsp;\u00ab\u00a1Dios es grande!\u00bb.<br><sup>5<\/sup>&nbsp;Y yo, que soy necesitado y pobre, *<br>&nbsp;&nbsp;&nbsp;&nbsp;&nbsp;&nbsp;&nbsp;\u2014\u00a1Ay Dios, ven a m\u00ed pronto!<br><sup>6<\/sup>&nbsp;T\u00fa eres mi ayuda y mi libertador; *<br>&nbsp;&nbsp;&nbsp;&nbsp;&nbsp;&nbsp;&nbsp;Se\u00f1or, no tardes en venir.<\/p>\n\n\n\n<p><strong>El Nuevo Testamento:<\/strong> Hebreos 12:1-3<\/p>\n\n\n\n<p><sup>1<\/sup>&nbsp;Por eso, nosotros, teniendo a nuestro alrededor tantas personas que han demostrado su fe, dejemos a un lado todo lo que nos estorba y el pecado que nos enreda, y corramos con fortaleza la carrera que tenemos por delante.&nbsp;<sup>2<\/sup>&nbsp;Fijemos nuestra mirada en Jes\u00fas, pues de \u00e9l procede nuestra fe y \u00e9l es quien la perfecciona. Jes\u00fas soport\u00f3 la cruz, sin hacer caso de lo vergonzoso de esa muerte, porque sab\u00eda que despu\u00e9s del sufrimiento tendr\u00eda gozo y alegr\u00eda; y se sent\u00f3 a la derecha del trono de Dios.<\/p>\n\n\n\n<p><sup>3<\/sup>&nbsp;Por lo tanto, mediten en el ejemplo de Jes\u00fas, que sufri\u00f3 tanta contradicci\u00f3n de parte de los pecadores; por eso, no se cansen ni se desanimen.&nbsp;<\/p>\n\n\n\n<p><strong>El Evangelio:<\/strong> Juan 13:21-32<\/p>\n\n\n\n<p><sup>21<\/sup>&nbsp;Despu\u00e9s de decir esto, Jes\u00fas se sinti\u00f3 profundamente conmovido, y a\u00f1adi\u00f3 con toda claridad: \u2014Les aseguro que uno de ustedes me va a traicionar.<\/p>\n\n\n\n<p><sup>22<\/sup>&nbsp;Los disc\u00edpulos comenzaron entonces a mirarse unos a otros, sin saber de qui\u00e9n estaba hablando.&nbsp;<sup>23<\/sup>&nbsp;Uno de ellos, a qui\u00e9n Jes\u00fas quer\u00eda mucho, estaba junto a \u00e9l, mientras cenaban,&nbsp;<sup>24<\/sup>&nbsp;y Sim\u00f3n Pedro le dijo por se\u00f1as que le preguntara de qui\u00e9n estaba hablando.&nbsp;<sup>25<\/sup>&nbsp;\u00c9l, acerc\u00e1ndose m\u00e1s a Jes\u00fas, le pregunt\u00f3: \u2014Se\u00f1or, \u00bfqui\u00e9n es?<\/p>\n\n\n\n<p><sup>26<\/sup>&nbsp;Jes\u00fas le contest\u00f3: \u2014Voy a mojar un pedazo de pan, y a quien se lo d\u00e9, \u00e9se es.<\/p>\n\n\n\n<p>En seguida moj\u00f3 un pedazo de pan y se lo dio a Judas, hijo de Sim\u00f3n Iscariote.&nbsp;<sup>27<\/sup>&nbsp;Y tan pronto como Judas recibi\u00f3 el pan, Satan\u00e1s entr\u00f3 en su coraz\u00f3n. Jes\u00fas le dijo: \u2014Lo que vas a hacer, hazlo pronto.<\/p>\n\n\n\n<p><sup>28<\/sup>&nbsp;Pero ninguno de los que estaban cenando a la mesa entendi\u00f3 por qu\u00e9 le dec\u00eda eso.&nbsp;<sup>29<\/sup>&nbsp;Como Judas era el encargado de la bolsa del dinero, algunos pensaron que Jes\u00fas le quer\u00eda decir que comprara algo para la fiesta, o que diera algo a los pobres.<\/p>\n\n\n\n<p><sup>30<\/sup>&nbsp;Una vez que Judas hubo recibido el pan, sali\u00f3. Ya era de noche.<\/p>\n\n\n\n<p><sup>31<\/sup>&nbsp;Despu\u00e9s que Judas hubo salido, Jes\u00fas dijo: \u2014Ahora se muestra la gloria del Hijo del hombre, y la gloria de Dios se muestra en \u00e9l.&nbsp;<sup>32<\/sup>&nbsp;Y si el Hijo del hombre muestra la gloria de Dios, tambi\u00e9n Dios mostrar\u00e1 la gloria de \u00e9l; y lo har\u00e1 pronto.<\/p>\n\n\n<style>.wp-block-kadence-spacer.kt-block-spacer-259420_590b02-28 .kt-block-spacer{height:60px;}.wp-block-kadence-spacer.kt-block-spacer-259420_590b02-28 .kt-divider{border-top-width:2px;border-top-color:#BF0D3E;width:100%;border-top-style:solid;}<\/style>\n<div class=\"wp-block-kadence-spacer aligncenter kt-block-spacer-259420_590b02-28\"><div class=\"kt-block-spacer kt-block-spacer-halign-center\"><hr class=\"kt-divider\"\/><\/div><\/div>\n\n\n\n<h3 class=\"wp-block-heading\" id=\"h-lecturas-del-leccionario-imprimibles\"><strong>Lecturas del Leccionario imprimibles<\/strong><\/h3>\n\n\n\n<p>Descargue el PDF para usarlo como inserto en el bolet\u00edn, o descargue el documento de Word para formatearlo y editarlo f\u00e1cilmente para usarlo en el atril o en una carpeta de servicio religioso.<\/p>\n\n\n\n<div class=\"wp-block-columns is-layout-flex wp-container-core-columns-is-layout-9d6595d7 wp-block-columns-is-layout-flex\">\n<div class=\"wp-block-column is-layout-flow wp-block-column-is-layout-flow\">\n<div class=\"wp-block-file\"><a id=\"wp-block-file--media-fd1f32b5-b71f-40f2-aea2-b439031ae9e3\" href=\"https:\/\/www.episcopalchurch.org\/wp-content\/uploads\/2022\/01\/SS-Miercoles.pdf\">Mi\u00e9rcoles de Semana Santa<\/a><a href=\"https:\/\/www.episcopalchurch.org\/wp-content\/uploads\/2022\/01\/SS-Miercoles.pdf\" class=\"wp-block-file__button wp-element-button\" download aria-describedby=\"wp-block-file--media-fd1f32b5-b71f-40f2-aea2-b439031ae9e3\">Descargar<\/a><\/div>\n<\/div>\n\n\n\n<div class=\"wp-block-column is-layout-flow wp-block-column-is-layout-flow\">\n<div class=\"wp-block-file\"><a id=\"wp-block-file--media-709c3166-8e6f-4fc7-b93c-83ffbe247428\" href=\"https:\/\/www.episcopalchurch.org\/wp-content\/uploads\/2022\/01\/SS-Miercoles.docx\">Mi\u00e9rcoles de Semana Santa<\/a><a href=\"https:\/\/www.episcopalchurch.org\/wp-content\/uploads\/2022\/01\/SS-Miercoles.docx\" class=\"wp-block-file__button wp-element-button\" download aria-describedby=\"wp-block-file--media-709c3166-8e6f-4fc7-b93c-83ffbe247428\">Descargar<\/a><\/div>\n<\/div>\n<\/div>\n\n\n<style>.wp-block-kadence-spacer.kt-block-spacer-259420_3247da-a9 .kt-block-spacer{height:60px;}.wp-block-kadence-spacer.kt-block-spacer-259420_3247da-a9 .kt-divider{border-top-width:2px;border-top-color:#BF0D3E;width:100%;border-top-style:solid;}<\/style>\n<div class=\"wp-block-kadence-spacer aligncenter kt-block-spacer-259420_3247da-a9\"><div class=\"kt-block-spacer kt-block-spacer-halign-center\"><hr class=\"kt-divider\"\/><\/div><\/div>\n\n\n\n<h3 class=\"wp-block-heading\" id=\"h-redes-sociales\"><strong>Redes sociales<\/strong><\/h3>\n\n\n\n<div class=\"wp-block-columns is-layout-flex wp-container-core-columns-is-layout-9d6595d7 wp-block-columns-is-layout-flex\">\n<div class=\"wp-block-column is-layout-flow wp-block-column-is-layout-flow\">\n<figure class=\"wp-block-image size-large\"><img loading=\"lazy\" decoding=\"async\" width=\"819\" height=\"1024\" src=\"https:\/\/www.episcopalchurch.org\/wp-content\/uploads\/2022\/01\/4-Wednesday-in-HW-ES-819x1024.png\" alt=\"\" class=\"wp-image-344894\" srcset=\"https:\/\/www.episcopalchurch.org\/wp-content\/uploads\/2022\/01\/4-Wednesday-in-HW-ES-819x1024.png 819w, https:\/\/www.episcopalchurch.org\/wp-content\/uploads\/2022\/01\/4-Wednesday-in-HW-ES-240x300.png 240w, https:\/\/www.episcopalchurch.org\/wp-content\/uploads\/2022\/01\/4-Wednesday-in-HW-ES-768x960.png 768w, https:\/\/www.episcopalchurch.org\/wp-content\/uploads\/2022\/01\/4-Wednesday-in-HW-ES-480x600.png 480w, https:\/\/www.episcopalchurch.org\/wp-content\/uploads\/2022\/01\/4-Wednesday-in-HW-ES.png 1080w\" sizes=\"auto, (max-width: 819px) 100vw, 819px\" \/><\/figure>\n<\/div>\n\n\n\n<div class=\"wp-block-column is-layout-flow wp-block-column-is-layout-flow\">\n<h3 class=\"wp-block-heading\" id=\"h-texto-de-muestra\"><strong>Texto de muestra<\/strong><\/h3>\n\n\n\n<p>A medida que el peso de esta semana se intensifica, vemos m\u00e1s claramente el costo del amor: la traici\u00f3n, el sufrimiento y la larga noche que se cierne sobre nosotros. Y, sin embargo, Jes\u00fas recorre este camino con un coraz\u00f3n firme, confiando en la gloria que yace m\u00e1s all\u00e1 de la cruz. Pedimos la gracia de seguirlo, sin desanimarnos, sino aferr\u00e1ndonos a la promesa de que, incluso en el sufrimiento, Dios ya est\u00e1 obrando para traer vida.<\/p>\n\n\n\n<p>Los gr\u00e1ficos de las colectas de la Semana Santa fueron dise\u00f1ados por Liz Williams, directora de comunicaciones de la Di\u00f3cesis Episcopal de Georgia, con sede en Savannah. Es miembro de la junta directiva de Episcopal Communicators y le apasiona animar y empoderar a las congregaciones para que compartan el Evangelio con creatividad y amor. #Episcopal<\/p>\n<\/div>\n<\/div>\n\n\n<style>.wp-block-kadence-spacer.kt-block-spacer-259420_91df03-92 .kt-block-spacer{height:60px;}.wp-block-kadence-spacer.kt-block-spacer-259420_91df03-92 .kt-divider{border-top-width:2px;border-top-color:#BF0D3E;width:100%;border-top-style:solid;}<\/style>\n<div class=\"wp-block-kadence-spacer aligncenter kt-block-spacer-259420_91df03-92\"><div class=\"kt-block-spacer kt-block-spacer-halign-center\"><hr class=\"kt-divider\"\/><\/div><\/div>\n\n\n\n<h3 class=\"wp-block-heading\" id=\"h-estudios-biblicos-para-miercoles-santo\"><strong>Estudios B\u00edblicos para Mi\u00e9rcoles Santo<\/strong><\/h3>\n\n\n\n\t\t\t<div class=\"wp-block-uagb-post-carousel uagb-post-grid  uagb-post__image-position-top uagb-post__image-disabled uagb-block-b9833d60     uagb-post__arrow-outside uagb-post__items uagb-post__columns-3 is-carousel uagb-post__columns-tablet-2 uagb-post__columns-mobile-1\" data-total=\"1\" style=\"\">\n\n\t\t\t\t\t\t\t\t\t\t\t\t<article class=\"uagb-post__inner-wrap\">\t\t\t\t\t\t\t\t<h4 class=\"uagb-post__title uagb-post__text\">\n\t\t\t\t<a href=\"https:\/\/www.episcopalchurch.org\/es\/bible_study\/bible-study-wednesday-in-holy-week-april-8-2020\/\" target=\"_self\" rel=\"bookmark noopener noreferrer\">Estudio B\u00edblico: Mi\u00e9rcoles Santo &#8211; 2020<\/a>\n\t\t\t<\/h4>\n\t\t\t\t\t\t<div class='uagb-post__text uagb-post-grid-byline'>\n\t\t\t\t\t\t\t<\/div>\n\t\t\t\t\t\t<div class=\"uagb-post__text uagb-post__cta wp-block-button\">\n\t\t\t\t<a class=\"wp-block-button__link uagb-text-link\" style=\"\" href=\"https:\/\/www.episcopalchurch.org\/es\/bible_study\/bible-study-wednesday-in-holy-week-april-8-2020\/\" target=\"_self\" rel=\"bookmark noopener noreferrer\">Leer m\u00e1s<\/a>\n\t\t\t<\/div>\n\t\t\t\n\t\t\t\t\t\t\t\t\t<\/article>\n\t\t\t\t\t\t\t\t\t\t\t\t\t\t\t\t<article class=\"uagb-post__inner-wrap\">\t\t\t\t\t\t\t\t<h4 class=\"uagb-post__title uagb-post__text\">\n\t\t\t\t<a href=\"https:\/\/www.episcopalchurch.org\/es\/bible_study\/estudio-biblico-miercoles-santo-2019\/\" target=\"_self\" rel=\"bookmark noopener noreferrer\">Estudio B\u00edblico: Mi\u00e9rcoles Santo &#8211; 2019<\/a>\n\t\t\t<\/h4>\n\t\t\t\t\t\t<div class='uagb-post__text uagb-post-grid-byline'>\n\t\t\t\t\t\t\t<\/div>\n\t\t\t\t\t\t<div class=\"uagb-post__text uagb-post__cta wp-block-button\">\n\t\t\t\t<a class=\"wp-block-button__link uagb-text-link\" style=\"\" href=\"https:\/\/www.episcopalchurch.org\/es\/bible_study\/estudio-biblico-miercoles-santo-2019\/\" target=\"_self\" rel=\"bookmark noopener noreferrer\">Leer m\u00e1s<\/a>\n\t\t\t<\/div>\n\t\t\t\n\t\t\t\t\t\t\t\t\t<\/article>\n\t\t\t\t\t\t\t\t\t\t\t<\/div>\n\t\t\t\n\n<style>.wp-block-kadence-spacer.kt-block-spacer-259420_5341aa-1a .kt-block-spacer{height:60px;}.wp-block-kadence-spacer.kt-block-spacer-259420_5341aa-1a .kt-divider{border-top-width:2px;border-top-color:#BF0D3E;width:100%;border-top-style:solid;}<\/style>\n<div class=\"wp-block-kadence-spacer aligncenter kt-block-spacer-259420_5341aa-1a\"><div class=\"kt-block-spacer kt-block-spacer-halign-center\"><hr class=\"kt-divider\"\/><\/div><\/div>\n","protected":false},"featured_media":0,"template":"","meta":{"_acf_changed":false,"_uag_custom_page_level_css":"","_kad_blocks_custom_css":"","_kad_blocks_head_custom_js":"","_kad_blocks_body_custom_js":"","_kad_blocks_footer_custom_js":"","_kadence_starter_templates_imported_post":false,"_links_to":"","_links_to_target":""},"class_list":["post-259420","lectionary","type-lectionary","status-publish","hentry"],"acf":{"drupal_id":"","lectionary_cycle":["A"],"lectionary_type":"revised-common-lectionary","lectionary_date_month":"4","lectionary_date_day":"1","lectionary_other_translation":false,"lectionary_language":"en"},"yoast_head":"<!-- This site is optimized with the Yoast SEO Premium plugin v24.6 (Yoast SEO v26.3) - https:\/\/yoast.com\/wordpress\/plugins\/seo\/ -->\n<title>Mi\u00e9rcoles de Semana Santa &#8211; The Episcopal Church<\/title>\n<meta name=\"robots\" content=\"index, follow, max-snippet:-1, max-image-preview:large, max-video-preview:-1\" \/>\n<link rel=\"canonical\" href=\"https:\/\/www.episcopalchurch.org\/es\/lectionary\/miercoles-semana-santa-a\/\" \/>\n<meta property=\"og:locale\" content=\"es_ES\" \/>\n<meta property=\"og:type\" content=\"article\" \/>\n<meta property=\"og:title\" content=\"Mi\u00e9rcoles de Semana Santa\" \/>\n<meta property=\"og:description\" content=\"La Colecta: Dios Padre, cuyo Hijo nuestro Salvador ofreci\u00f3 su cuerpo a los latigazos y su cara a los escupitajos: Danos la gracia de aceptar con gozo los sufrimientos del presente, confiando en la gloria que ha de revelarse; por Jesucristo nuestro Se\u00f1or, que contigo y el Esp\u00edritu Santo vive y reina, un solo Dios, [&hellip;]\" \/>\n<meta property=\"og:url\" content=\"https:\/\/www.episcopalchurch.org\/es\/lectionary\/miercoles-semana-santa-a\/\" \/>\n<meta property=\"og:site_name\" content=\"The Episcopal Church\" \/>\n<meta property=\"article:publisher\" content=\"https:\/\/www.facebook.com\/episcopalian\" \/>\n<meta property=\"article:modified_time\" content=\"2026-03-18T16:12:42+00:00\" \/>\n<meta property=\"og:image\" content=\"https:\/\/www.episcopalchurch.org\/wp-content\/uploads\/2022\/01\/4-Wednesday-in-HW-ES-819x1024.png\" \/>\n\t<meta property=\"og:image:width\" content=\"819\" \/>\n\t<meta property=\"og:image:height\" content=\"1024\" \/>\n\t<meta property=\"og:image:type\" content=\"image\/png\" \/>\n<meta name=\"twitter:card\" content=\"summary_large_image\" \/>\n<meta name=\"twitter:site\" content=\"@iamepiscopalian\" \/>\n<meta name=\"twitter:label1\" content=\"Est. reading time\" \/>\n\t<meta name=\"twitter:data1\" content=\"5 minutes\" \/>\n<script type=\"application\/ld+json\" class=\"yoast-schema-graph\">{\"@context\":\"https:\/\/schema.org\",\"@graph\":[{\"@type\":\"WebPage\",\"@id\":\"https:\/\/www.episcopalchurch.org\/es\/lectionary\/miercoles-semana-santa-a\/\",\"url\":\"https:\/\/www.episcopalchurch.org\/es\/lectionary\/miercoles-semana-santa-a\/\",\"name\":\"Mi\u00e9rcoles de Semana Santa &#8211; The Episcopal Church\",\"isPartOf\":{\"@id\":\"https:\/\/www.episcopalchurch.org\/#website\"},\"primaryImageOfPage\":{\"@id\":\"https:\/\/www.episcopalchurch.org\/es\/lectionary\/miercoles-semana-santa-a\/#primaryimage\"},\"image\":{\"@id\":\"https:\/\/www.episcopalchurch.org\/es\/lectionary\/miercoles-semana-santa-a\/#primaryimage\"},\"thumbnailUrl\":\"https:\/\/www.episcopalchurch.org\/wp-content\/uploads\/2022\/01\/4-Wednesday-in-HW-ES-819x1024.png\",\"datePublished\":\"2022-01-13T17:44:03+00:00\",\"dateModified\":\"2026-03-18T16:12:42+00:00\",\"breadcrumb\":{\"@id\":\"https:\/\/www.episcopalchurch.org\/es\/lectionary\/miercoles-semana-santa-a\/#breadcrumb\"},\"inLanguage\":\"es-ES\",\"potentialAction\":[{\"@type\":\"ReadAction\",\"target\":[\"https:\/\/www.episcopalchurch.org\/es\/lectionary\/miercoles-semana-santa-a\/\"]}]},{\"@type\":\"ImageObject\",\"inLanguage\":\"es-ES\",\"@id\":\"https:\/\/www.episcopalchurch.org\/es\/lectionary\/miercoles-semana-santa-a\/#primaryimage\",\"url\":\"https:\/\/www.episcopalchurch.org\/wp-content\/uploads\/2022\/01\/4-Wednesday-in-HW-ES-819x1024.png\",\"contentUrl\":\"https:\/\/www.episcopalchurch.org\/wp-content\/uploads\/2022\/01\/4-Wednesday-in-HW-ES-819x1024.png\"},{\"@type\":\"BreadcrumbList\",\"@id\":\"https:\/\/www.episcopalchurch.org\/es\/lectionary\/miercoles-semana-santa-a\/#breadcrumb\",\"itemListElement\":[{\"@type\":\"ListItem\",\"position\":1,\"name\":\"Home\",\"item\":\"https:\/\/www.episcopalchurch.org\/\"},{\"@type\":\"ListItem\",\"position\":2,\"name\":\"Mi\u00e9rcoles de Semana Santa\"}]},{\"@type\":\"WebSite\",\"@id\":\"https:\/\/www.episcopalchurch.org\/#website\",\"url\":\"https:\/\/www.episcopalchurch.org\/\",\"name\":\"The Episcopal Church\",\"description\":\"Welcomes You\",\"publisher\":{\"@id\":\"https:\/\/www.episcopalchurch.org\/#organization\"},\"potentialAction\":[{\"@type\":\"SearchAction\",\"target\":{\"@type\":\"EntryPoint\",\"urlTemplate\":\"https:\/\/www.episcopalchurch.org\/?s={search_term_string}\"},\"query-input\":{\"@type\":\"PropertyValueSpecification\",\"valueRequired\":true,\"valueName\":\"search_term_string\"}}],\"inLanguage\":\"es-ES\"},{\"@type\":\"Organization\",\"@id\":\"https:\/\/www.episcopalchurch.org\/#organization\",\"name\":\"The Episcopal Church\",\"url\":\"https:\/\/www.episcopalchurch.org\/\",\"logo\":{\"@type\":\"ImageObject\",\"inLanguage\":\"es-ES\",\"@id\":\"https:\/\/www.episcopalchurch.org\/#\/schema\/logo\/image\/\",\"url\":\"https:\/\/www.episcopalchurch.org\/wp-content\/uploads\/2021\/01\/vertical_episcopal_logo.jpg\",\"contentUrl\":\"https:\/\/www.episcopalchurch.org\/wp-content\/uploads\/2021\/01\/vertical_episcopal_logo.jpg\",\"width\":770,\"height\":662,\"caption\":\"The Episcopal Church\"},\"image\":{\"@id\":\"https:\/\/www.episcopalchurch.org\/#\/schema\/logo\/image\/\"},\"sameAs\":[\"https:\/\/www.facebook.com\/episcopalian\",\"https:\/\/x.com\/iamepiscopalian\",\"https:\/\/www.youtube.com\/channel\/UCdVJpxCtK41c_-p6EaE4_2A\"]}]}<\/script>\n<!-- \/ Yoast SEO Premium plugin. -->","yoast_head_json":{"title":"Mi\u00e9rcoles de Semana Santa &#8211; The Episcopal Church","robots":{"index":"index","follow":"follow","max-snippet":"max-snippet:-1","max-image-preview":"max-image-preview:large","max-video-preview":"max-video-preview:-1"},"canonical":"https:\/\/www.episcopalchurch.org\/es\/lectionary\/miercoles-semana-santa-a\/","og_locale":"es_ES","og_type":"article","og_title":"Mi\u00e9rcoles de Semana Santa","og_description":"La Colecta: Dios Padre, cuyo Hijo nuestro Salvador ofreci\u00f3 su cuerpo a los latigazos y su cara a los escupitajos: Danos la gracia de aceptar con gozo los sufrimientos del presente, confiando en la gloria que ha de revelarse; por Jesucristo nuestro Se\u00f1or, que contigo y el Esp\u00edritu Santo vive y reina, un solo Dios, [&hellip;]","og_url":"https:\/\/www.episcopalchurch.org\/es\/lectionary\/miercoles-semana-santa-a\/","og_site_name":"The Episcopal Church","article_publisher":"https:\/\/www.facebook.com\/episcopalian","article_modified_time":"2026-03-18T16:12:42+00:00","og_image":[{"width":819,"height":1024,"url":"https:\/\/www.episcopalchurch.org\/wp-content\/uploads\/2022\/01\/4-Wednesday-in-HW-ES-819x1024.png","type":"image\/png"}],"twitter_card":"summary_large_image","twitter_site":"@iamepiscopalian","twitter_misc":{"Est. reading time":"5 minutes"},"schema":{"@context":"https:\/\/schema.org","@graph":[{"@type":"WebPage","@id":"https:\/\/www.episcopalchurch.org\/es\/lectionary\/miercoles-semana-santa-a\/","url":"https:\/\/www.episcopalchurch.org\/es\/lectionary\/miercoles-semana-santa-a\/","name":"Mi\u00e9rcoles de Semana Santa &#8211; The Episcopal Church","isPartOf":{"@id":"https:\/\/www.episcopalchurch.org\/#website"},"primaryImageOfPage":{"@id":"https:\/\/www.episcopalchurch.org\/es\/lectionary\/miercoles-semana-santa-a\/#primaryimage"},"image":{"@id":"https:\/\/www.episcopalchurch.org\/es\/lectionary\/miercoles-semana-santa-a\/#primaryimage"},"thumbnailUrl":"https:\/\/www.episcopalchurch.org\/wp-content\/uploads\/2022\/01\/4-Wednesday-in-HW-ES-819x1024.png","datePublished":"2022-01-13T17:44:03+00:00","dateModified":"2026-03-18T16:12:42+00:00","breadcrumb":{"@id":"https:\/\/www.episcopalchurch.org\/es\/lectionary\/miercoles-semana-santa-a\/#breadcrumb"},"inLanguage":"es-ES","potentialAction":[{"@type":"ReadAction","target":["https:\/\/www.episcopalchurch.org\/es\/lectionary\/miercoles-semana-santa-a\/"]}]},{"@type":"ImageObject","inLanguage":"es-ES","@id":"https:\/\/www.episcopalchurch.org\/es\/lectionary\/miercoles-semana-santa-a\/#primaryimage","url":"https:\/\/www.episcopalchurch.org\/wp-content\/uploads\/2022\/01\/4-Wednesday-in-HW-ES-819x1024.png","contentUrl":"https:\/\/www.episcopalchurch.org\/wp-content\/uploads\/2022\/01\/4-Wednesday-in-HW-ES-819x1024.png"},{"@type":"BreadcrumbList","@id":"https:\/\/www.episcopalchurch.org\/es\/lectionary\/miercoles-semana-santa-a\/#breadcrumb","itemListElement":[{"@type":"ListItem","position":1,"name":"Home","item":"https:\/\/www.episcopalchurch.org\/"},{"@type":"ListItem","position":2,"name":"Mi\u00e9rcoles de Semana Santa"}]},{"@type":"WebSite","@id":"https:\/\/www.episcopalchurch.org\/#website","url":"https:\/\/www.episcopalchurch.org\/","name":"The Episcopal Church","description":"Welcomes You","publisher":{"@id":"https:\/\/www.episcopalchurch.org\/#organization"},"potentialAction":[{"@type":"SearchAction","target":{"@type":"EntryPoint","urlTemplate":"https:\/\/www.episcopalchurch.org\/?s={search_term_string}"},"query-input":{"@type":"PropertyValueSpecification","valueRequired":true,"valueName":"search_term_string"}}],"inLanguage":"es-ES"},{"@type":"Organization","@id":"https:\/\/www.episcopalchurch.org\/#organization","name":"The Episcopal Church","url":"https:\/\/www.episcopalchurch.org\/","logo":{"@type":"ImageObject","inLanguage":"es-ES","@id":"https:\/\/www.episcopalchurch.org\/#\/schema\/logo\/image\/","url":"https:\/\/www.episcopalchurch.org\/wp-content\/uploads\/2021\/01\/vertical_episcopal_logo.jpg","contentUrl":"https:\/\/www.episcopalchurch.org\/wp-content\/uploads\/2021\/01\/vertical_episcopal_logo.jpg","width":770,"height":662,"caption":"The Episcopal Church"},"image":{"@id":"https:\/\/www.episcopalchurch.org\/#\/schema\/logo\/image\/"},"sameAs":["https:\/\/www.facebook.com\/episcopalian","https:\/\/x.com\/iamepiscopalian","https:\/\/www.youtube.com\/channel\/UCdVJpxCtK41c_-p6EaE4_2A"]}]}},"taxonomy_info":[],"featured_image_src_large":false,"author_info":[],"comment_info":"","uagb_featured_image_src":{"full":false,"thumbnail":false,"medium":false,"medium_large":false,"large":false,"1536x1536":false,"2048x2048":false,"menu":false,"hero":false,"callout-image":false},"uagb_author_info":{"display_name":"wwedderburn","author_link":"https:\/\/www.episcopalchurch.org\/es\/author\/"},"uagb_comment_info":0,"uagb_excerpt":"La Colecta: Dios Padre, cuyo Hijo nuestro Salvador ofreci\u00f3 su cuerpo a los latigazos y su cara a los escupitajos: Danos la gracia de aceptar con gozo los sufrimientos del presente, confiando en la gloria que ha de revelarse; por Jesucristo nuestro Se\u00f1or, que contigo y el Esp\u00edritu Santo vive y reina, un solo Dios,&hellip;","_links":{"self":[{"href":"https:\/\/www.episcopalchurch.org\/es\/wp-json\/wp\/v2\/lectionary\/259420","targetHints":{"allow":["GET"]}}],"collection":[{"href":"https:\/\/www.episcopalchurch.org\/es\/wp-json\/wp\/v2\/lectionary"}],"about":[{"href":"https:\/\/www.episcopalchurch.org\/es\/wp-json\/wp\/v2\/types\/lectionary"}],"wp:attachment":[{"href":"https:\/\/www.episcopalchurch.org\/es\/wp-json\/wp\/v2\/media?parent=259420"}],"curies":[{"name":"wp","href":"https:\/\/api.w.org\/{rel}","templated":true}]}}