{"id":205474,"date":"2020-11-24T12:38:27","date_gmt":"2020-11-24T17:38:27","guid":{"rendered":"https:\/\/www2.episcopalchurch.org\/holding-hope\/"},"modified":"2022-05-09T12:53:57","modified_gmt":"2022-05-09T16:53:57","slug":"persistir-en-la-esperanza","status":"publish","type":"page","link":"https:\/\/www.episcopalchurch.org\/es\/persistir-en-la-esperanza\/","title":{"rendered":"Persistir en la esperanza"},"content":{"rendered":"    <div\n      class=\"wp-block-episcopal-hero-banner alignfull\"\n            style=\"background-image: url(https:\/\/www.episcopalchurch.org\/wp-content\/uploads\/2021\/01\/wnceventhero.png)\"\n          >\n      <div\n        class=\"hero-banner\"\n      >\n        <div class=\"hero-banner-wrapper\">\n          <h1 class=\"episcopal-hero-title\">\n                          Persistir en la esperanza                      <\/h1>\n                      <div class=\"episcopal-hero-description\">\n              Un officio nacional por la recuperaci\u00f3n y la integridad: en vivo desde la Catedral Nacional de Washington, el domingo 1 de noviembre de 2020.            <\/div>\n          \n                  <\/div>\n      <\/div>\n    <\/div>\n\n  \n\n\n<figure class=\"wp-block-embed is-type-video is-provider-vimeo wp-block-embed-vimeo\"><div class=\"wp-block-embed__wrapper\">\n<div class=\"embed-container\"><iframe loading=\"lazy\" title=\"Persistir en la esperanza - Un officio nacional por la recuperaci\u00f3n y la integridad\" src=\"https:\/\/player.vimeo.com\/video\/471072112?dnt=1&amp;app_id=122963\" width=\"500\" height=\"281\" frameborder=\"0\" allow=\"autoplay; fullscreen; picture-in-picture; clipboard-write\"><\/iframe><\/div>\n<\/div><\/figure>\n\n\n\n<div class=\"wp-block-file\"><a href=\"https:\/\/www.episcopalchurch.org\/wp-content\/uploads\/2021\/01\/holding_on_to_hope_11_1_2020.pdf\"><strong>Holding on to Hope Service Leaflet<\/strong><\/a><a href=\"https:\/\/www.episcopalchurch.org\/wp-content\/uploads\/2021\/01\/holding_on_to_hope_11_1_2020.pdf\" class=\"wp-block-file__button\" download>Download<\/a><\/div>\n\n\n\n<p>El obispo primado Michael Curry dirigir\u00e1 un oficio de oraci\u00f3n transmitido en vivo desde la&nbsp;<a href=\"https:\/\/cathedral.org\/\" target=\"_blank\" rel=\"noreferrer noopener\">Catedral&nbsp;Nacional de Washington<\/a>,&nbsp;Persistir en la esperanza: un oficio nacional para la recuperaci\u00f3n y la integridad, el domingo de Todos los Santos, 1 de noviembre, de 4:00 a 5:30 P.M. (hora del Este). En medio de la pandemia, la hora de la verdad racial y una elecci\u00f3n hist\u00f3rica, el oficio transmitido en vivo reunir\u00e1 a los estadounidenses para orar, cantar, lamentarse, esperar y [hacer] un llamado a amar a Dios y al pr\u00f3jimo.<\/p>\n\n\n\n<p>Adem\u00e1s del serm\u00f3n del obispo Curry, el oficio incluir\u00e1 reflexiones del&nbsp;<a href=\"https:\/\/www.americamagazine.org\/voices\/james-martin-sj\" target=\"_blank\" rel=\"noreferrer noopener\">padre James Martin<\/a>, destacado comentarista cat\u00f3lico sobre la vida y los valores estadounidenses, y de&nbsp;<a href=\"https:\/\/valariekaur.com\/\" target=\"_blank\" rel=\"noreferrer noopener\">Valarie Kaur<\/a>, inspirada autora, cineasta y abogada de derechos civiles sij. Participar\u00e1n en la celebraci\u00f3n la obispa de Washington, Mariann Edgar Budde, el de\u00e1n de la catedral Randy Hollerith y la Rda. Stephanie Spellers, can\u00f3niga del Obispo Primado.<\/p>\n\n\n\n<p>Las oraciones por la naci\u00f3n vendr\u00e1n de l\u00edderes como&nbsp;<a href=\"https:\/\/www.interfaithamerica.org\/people\/eboo-patel\/\" target=\"_blank\" rel=\"noreferrer noopener\">Eboo&nbsp;Patel<\/a>, fundador y presidente del N\u00facleo Juvenil Interreligioso (IFY, por su sigla en ingl\u00e9s),&nbsp;<a href=\"https:\/\/www.elca.org\/about\/leadership\/churchwide-officers\/presiding-bishop\" target=\"_blank\" rel=\"noreferrer noopener\">la obispa presidente Elizabeth Eaton<\/a>&nbsp;de la Iglesia Evang\u00e9lica Luterana en Am\u00e9rica,&nbsp;<a href=\"https:\/\/www.sholomchicago.org\/clergy\" target=\"_blank\" rel=\"noreferrer noopener\">la rabina Shoshana Conover<\/a>&nbsp;del Templo Sholom en Chicago, y&nbsp;<a href=\"http:\/\/www.shaneclaiborne.com\/\" target=\"_blank\" rel=\"noreferrer noopener\">Shane Claiborne<\/a>, orador, activista y autor de \u00e9xito. La m\u00fasica del coro de la iglesia catedral de Cristo en Indian\u00e1polis y de la Catedral Nacional de Washington ayudar\u00e1 a levantar y abrir corazones.&nbsp;<a href=\"https:\/\/www.episcopalchurch.org\/holding-hope\/participants\/\">M\u00e1s informaci\u00f3n acerca de los oradores y participantes&nbsp;aqu\u00ed.<\/a><\/p>\n\n\n\n<p>Una l\u00ednea directa de oraci\u00f3n en vivo, en ingl\u00e9s y espa\u00f1ol, estar\u00e1 abierta durante el oficio, atendida por cl\u00e9rigos y capellanes episcopales, en asociaci\u00f3n con TryTank en el Seminario Teol\u00f3gico de Virginia y en el Seminario Teol\u00f3gico General. La l\u00ednea directa estar\u00e1 abierta desde las 8:00 A.M. hasta las 8:00 P.M. (hora del Este) del 1 al 5 de noviembre.<\/p>\n\n\n\n<h3 class=\"wp-block-heading\">C\u00f3mo participar<\/h3>\n\n\n\n<p><strong>Congregaciones:<\/strong>&nbsp;se proporciona un c\u00f3digo de inserci\u00f3n para la transmisi\u00f3n en vivo que estar\u00e1 disponible para cualquier congregaci\u00f3n que desee agregar la transmisi\u00f3n a su propio sitio web o compartirla desde la p\u00e1gina de&nbsp;Facebook&nbsp;de&nbsp;laIglesia Episcopal. Se invita a las congregaciones a organizar vigilias como parte de la observancia del D\u00eda de Todos los Santos y en preparaci\u00f3n para el D\u00eda de las Elecciones. Pueden encontrar el c\u00f3digo de inserci\u00f3n haciendo clic en \u00abcompartir\u00bb [share] en el reproductor de video de la esquina superior derecha al tope de esta p\u00e1gina.<\/p>\n\n\n\n<p><strong>Individuos:<\/strong>&nbsp;\u00dananse a nosotros en vivo aqu\u00ed en esta p\u00e1gina, el domingo 1 de noviembre a las 4 pm EST, o en nuestra p\u00e1gina de Facebook. Contemplen organizar una vigilia e invitar a amigos y vecinos a un\u00edrseles en l\u00ednea para el oficio.<\/p>\n\n\n\n<p><strong>Grupos peque\u00f1os:<\/strong>&nbsp;Participen como grupo mediante una plataforma como&nbsp;Zoom&nbsp;y \u00fananse en oraci\u00f3n por nuestro pa\u00eds.<\/p>\n\n\n\n<h3 class=\"wp-block-heading\">Recursos de participaci\u00f3n<\/h3>\n\n\n\n<p>El llamado a cuidar de nuestra naci\u00f3n se extiende m\u00e1s all\u00e1 de una jornada o de un oficio. A continuaci\u00f3n encontrar\u00e1n recursos adicionales sobre c\u00f3mo luchar fielmente por la justicia y la paz entre todas las personas, respetando la dignidad de todos.<\/p>\n\n\n\n<p><a href=\"https:\/\/www.episcopalchurch.org\/ministries\/office-government-relations\/civil-discourse\/\">Oportunidades&nbsp;para la participaci\u00f3n c\u00edvica&nbsp;<\/a><br>Justicia social y compromiso\u202f\u202f&nbsp;<br><a href=\"https:\/\/www.episcopalchurch.org\/ogr\/election-prayer-resources-episcopal-church-and-our-partners\/\">Orar por nuestro pa\u00eds&nbsp;<\/a><\/p>\n\n\n\n<h3 class=\"wp-block-heading\">Materiales de prensa y medios de informaci\u00f3n<\/h3>\n\n\n\n<p>Comunicado&nbsp;de prensa&nbsp;(Oficina de Asuntos P\u00fablicos de la Iglesia Episcopal)<br><a href=\"https:\/\/www.episcopalnewsservice.org\/es\/2020\/10\/12\/national-cathedral-to-host-national-interfaith-prayer-service-on-nov-1\/\" target=\"_blank\" rel=\"noreferrer noopener\">La&nbsp;Catedral Nacional sede de un oficio de oraci\u00f3n interreligioso el 1 de noviembre<\/a>\u202f (Episcopal News Service)<\/p>\n\n\n\n<figure class=\"wp-block-embed is-type-wp-embed is-provider-wistia-inc wp-block-embed-wistia-inc\"><div class=\"wp-block-embed__wrapper\">\n<div class=\"embed-container\"><iframe loading=\"lazy\" class=\"wp-embedded-content\" sandbox=\"allow-scripts\" security=\"restricted\" title=\"All Saints Prayer 4K Video\" src=\"https:\/\/fast.wistia.net\/embed\/iframe\/y85yckb6ko?dnt=1#?secret=TkOq6dzKEP\" data-secret=\"TkOq6dzKEP\" frameborder=\"0\" scrolling=\"no\" width=\"500\" height=\"281\"><\/iframe><\/div>\n<\/div><\/figure>\n","protected":false},"excerpt":{"rendered":"<p>El obispo primado Michael Curry dirigir\u00e1 un oficio de oraci\u00f3n transmitido en vivo desde la&nbsp;Catedral&nbsp;Nacional de Washington,&nbsp;Persistir en la esperanza: un oficio nacional para la recuperaci\u00f3n y la integridad, el domingo de Todos los Santos, 1 de noviembre, de 4:00 a 5:30 P.M. (hora del Este). En medio de la pandemia, la hora de la [&hellip;]<\/p>\n","protected":false},"author":444,"featured_media":205453,"parent":0,"menu_order":0,"comment_status":"closed","ping_status":"closed","template":"","meta":{"_acf_changed":false,"_uag_custom_page_level_css":"","_kad_blocks_custom_css":"","_kad_blocks_head_custom_js":"","_kad_blocks_body_custom_js":"","_kad_blocks_footer_custom_js":"","_kadence_starter_templates_imported_post":false,"footnotes":"","_links_to":"","_links_to_target":""},"class_list":["post-205474","page","type-page","status-publish","has-post-thumbnail","hentry"],"acf":[],"yoast_head":"<!-- This site is optimized with the Yoast SEO Premium plugin v24.6 (Yoast SEO v26.3) - https:\/\/yoast.com\/wordpress\/plugins\/seo\/ -->\n<title>Persistir en la esperanza &#8211; The Episcopal Church<\/title>\n<meta name=\"robots\" content=\"index, follow, max-snippet:-1, max-image-preview:large, max-video-preview:-1\" \/>\n<link rel=\"canonical\" href=\"https:\/\/www.episcopalchurch.org\/es\/persistir-en-la-esperanza\/\" \/>\n<meta property=\"og:locale\" content=\"es_ES\" \/>\n<meta property=\"og:type\" content=\"article\" \/>\n<meta property=\"og:title\" content=\"Persistir en la esperanza\" \/>\n<meta property=\"og:description\" content=\"El obispo primado Michael Curry dirigir\u00e1 un oficio de oraci\u00f3n transmitido en vivo desde la&nbsp;Catedral&nbsp;Nacional de Washington,&nbsp;Persistir en la esperanza: un oficio nacional para la recuperaci\u00f3n y la integridad, el domingo de Todos los Santos, 1 de noviembre, de 4:00 a 5:30 P.M. (hora del Este). En medio de la pandemia, la hora de la [&hellip;]\" \/>\n<meta property=\"og:url\" content=\"https:\/\/www.episcopalchurch.org\/es\/persistir-en-la-esperanza\/\" \/>\n<meta property=\"og:site_name\" content=\"The Episcopal Church\" \/>\n<meta property=\"article:publisher\" content=\"https:\/\/www.facebook.com\/episcopalian\" \/>\n<meta property=\"article:modified_time\" content=\"2022-05-09T16:53:57+00:00\" \/>\n<meta property=\"og:image\" content=\"https:\/\/www.episcopalchurch.org\/wp-content\/uploads\/2021\/01\/wnceventhero.png\" \/>\n\t<meta property=\"og:image:width\" content=\"1500\" \/>\n\t<meta property=\"og:image:height\" content=\"474\" \/>\n\t<meta property=\"og:image:type\" content=\"image\/png\" \/>\n<meta name=\"twitter:card\" content=\"summary_large_image\" \/>\n<meta name=\"twitter:site\" content=\"@iamepiscopalian\" \/>\n<meta name=\"twitter:label1\" content=\"Est. reading time\" \/>\n\t<meta name=\"twitter:data1\" content=\"3 minutes\" \/>\n<script type=\"application\/ld+json\" class=\"yoast-schema-graph\">{\"@context\":\"https:\/\/schema.org\",\"@graph\":[{\"@type\":\"WebPage\",\"@id\":\"https:\/\/www.episcopalchurch.org\/es\/persistir-en-la-esperanza\/\",\"url\":\"https:\/\/www.episcopalchurch.org\/es\/persistir-en-la-esperanza\/\",\"name\":\"Persistir en la esperanza &#8211; The Episcopal Church\",\"isPartOf\":{\"@id\":\"https:\/\/www.episcopalchurch.org\/#website\"},\"primaryImageOfPage\":{\"@id\":\"https:\/\/www.episcopalchurch.org\/es\/persistir-en-la-esperanza\/#primaryimage\"},\"image\":{\"@id\":\"https:\/\/www.episcopalchurch.org\/es\/persistir-en-la-esperanza\/#primaryimage\"},\"thumbnailUrl\":\"https:\/\/www.episcopalchurch.org\/wp-content\/uploads\/2021\/01\/wnceventhero.png\",\"datePublished\":\"2020-11-24T17:38:27+00:00\",\"dateModified\":\"2022-05-09T16:53:57+00:00\",\"breadcrumb\":{\"@id\":\"https:\/\/www.episcopalchurch.org\/es\/persistir-en-la-esperanza\/#breadcrumb\"},\"inLanguage\":\"es-ES\",\"potentialAction\":[{\"@type\":\"ReadAction\",\"target\":[\"https:\/\/www.episcopalchurch.org\/es\/persistir-en-la-esperanza\/\"]}]},{\"@type\":\"ImageObject\",\"inLanguage\":\"es-ES\",\"@id\":\"https:\/\/www.episcopalchurch.org\/es\/persistir-en-la-esperanza\/#primaryimage\",\"url\":\"https:\/\/www.episcopalchurch.org\/wp-content\/uploads\/2021\/01\/wnceventhero.png\",\"contentUrl\":\"https:\/\/www.episcopalchurch.org\/wp-content\/uploads\/2021\/01\/wnceventhero.png\",\"width\":1500,\"height\":474},{\"@type\":\"BreadcrumbList\",\"@id\":\"https:\/\/www.episcopalchurch.org\/es\/persistir-en-la-esperanza\/#breadcrumb\",\"itemListElement\":[{\"@type\":\"ListItem\",\"position\":1,\"name\":\"Home\",\"item\":\"https:\/\/www.episcopalchurch.org\/\"},{\"@type\":\"ListItem\",\"position\":2,\"name\":\"Persistir en la esperanza\"}]},{\"@type\":\"WebSite\",\"@id\":\"https:\/\/www.episcopalchurch.org\/#website\",\"url\":\"https:\/\/www.episcopalchurch.org\/\",\"name\":\"The Episcopal Church\",\"description\":\"Welcomes You\",\"publisher\":{\"@id\":\"https:\/\/www.episcopalchurch.org\/#organization\"},\"potentialAction\":[{\"@type\":\"SearchAction\",\"target\":{\"@type\":\"EntryPoint\",\"urlTemplate\":\"https:\/\/www.episcopalchurch.org\/?s={search_term_string}\"},\"query-input\":{\"@type\":\"PropertyValueSpecification\",\"valueRequired\":true,\"valueName\":\"search_term_string\"}}],\"inLanguage\":\"es-ES\"},{\"@type\":\"Organization\",\"@id\":\"https:\/\/www.episcopalchurch.org\/#organization\",\"name\":\"The Episcopal Church\",\"url\":\"https:\/\/www.episcopalchurch.org\/\",\"logo\":{\"@type\":\"ImageObject\",\"inLanguage\":\"es-ES\",\"@id\":\"https:\/\/www.episcopalchurch.org\/#\/schema\/logo\/image\/\",\"url\":\"https:\/\/www.episcopalchurch.org\/wp-content\/uploads\/2021\/01\/vertical_episcopal_logo.jpg\",\"contentUrl\":\"https:\/\/www.episcopalchurch.org\/wp-content\/uploads\/2021\/01\/vertical_episcopal_logo.jpg\",\"width\":770,\"height\":662,\"caption\":\"The Episcopal Church\"},\"image\":{\"@id\":\"https:\/\/www.episcopalchurch.org\/#\/schema\/logo\/image\/\"},\"sameAs\":[\"https:\/\/www.facebook.com\/episcopalian\",\"https:\/\/x.com\/iamepiscopalian\",\"https:\/\/www.youtube.com\/channel\/UCdVJpxCtK41c_-p6EaE4_2A\"]}]}<\/script>\n<!-- \/ Yoast SEO Premium plugin. -->","yoast_head_json":{"title":"Persistir en la esperanza &#8211; The Episcopal Church","robots":{"index":"index","follow":"follow","max-snippet":"max-snippet:-1","max-image-preview":"max-image-preview:large","max-video-preview":"max-video-preview:-1"},"canonical":"https:\/\/www.episcopalchurch.org\/es\/persistir-en-la-esperanza\/","og_locale":"es_ES","og_type":"article","og_title":"Persistir en la esperanza","og_description":"El obispo primado Michael Curry dirigir\u00e1 un oficio de oraci\u00f3n transmitido en vivo desde la&nbsp;Catedral&nbsp;Nacional de Washington,&nbsp;Persistir en la esperanza: un oficio nacional para la recuperaci\u00f3n y la integridad, el domingo de Todos los Santos, 1 de noviembre, de 4:00 a 5:30 P.M. (hora del Este). En medio de la pandemia, la hora de la [&hellip;]","og_url":"https:\/\/www.episcopalchurch.org\/es\/persistir-en-la-esperanza\/","og_site_name":"The Episcopal Church","article_publisher":"https:\/\/www.facebook.com\/episcopalian","article_modified_time":"2022-05-09T16:53:57+00:00","og_image":[{"width":1500,"height":474,"url":"https:\/\/www.episcopalchurch.org\/wp-content\/uploads\/2021\/01\/wnceventhero.png","type":"image\/png"}],"twitter_card":"summary_large_image","twitter_site":"@iamepiscopalian","twitter_misc":{"Est. reading time":"3 minutes"},"schema":{"@context":"https:\/\/schema.org","@graph":[{"@type":"WebPage","@id":"https:\/\/www.episcopalchurch.org\/es\/persistir-en-la-esperanza\/","url":"https:\/\/www.episcopalchurch.org\/es\/persistir-en-la-esperanza\/","name":"Persistir en la esperanza &#8211; The Episcopal Church","isPartOf":{"@id":"https:\/\/www.episcopalchurch.org\/#website"},"primaryImageOfPage":{"@id":"https:\/\/www.episcopalchurch.org\/es\/persistir-en-la-esperanza\/#primaryimage"},"image":{"@id":"https:\/\/www.episcopalchurch.org\/es\/persistir-en-la-esperanza\/#primaryimage"},"thumbnailUrl":"https:\/\/www.episcopalchurch.org\/wp-content\/uploads\/2021\/01\/wnceventhero.png","datePublished":"2020-11-24T17:38:27+00:00","dateModified":"2022-05-09T16:53:57+00:00","breadcrumb":{"@id":"https:\/\/www.episcopalchurch.org\/es\/persistir-en-la-esperanza\/#breadcrumb"},"inLanguage":"es-ES","potentialAction":[{"@type":"ReadAction","target":["https:\/\/www.episcopalchurch.org\/es\/persistir-en-la-esperanza\/"]}]},{"@type":"ImageObject","inLanguage":"es-ES","@id":"https:\/\/www.episcopalchurch.org\/es\/persistir-en-la-esperanza\/#primaryimage","url":"https:\/\/www.episcopalchurch.org\/wp-content\/uploads\/2021\/01\/wnceventhero.png","contentUrl":"https:\/\/www.episcopalchurch.org\/wp-content\/uploads\/2021\/01\/wnceventhero.png","width":1500,"height":474},{"@type":"BreadcrumbList","@id":"https:\/\/www.episcopalchurch.org\/es\/persistir-en-la-esperanza\/#breadcrumb","itemListElement":[{"@type":"ListItem","position":1,"name":"Home","item":"https:\/\/www.episcopalchurch.org\/"},{"@type":"ListItem","position":2,"name":"Persistir en la esperanza"}]},{"@type":"WebSite","@id":"https:\/\/www.episcopalchurch.org\/#website","url":"https:\/\/www.episcopalchurch.org\/","name":"The Episcopal Church","description":"Welcomes You","publisher":{"@id":"https:\/\/www.episcopalchurch.org\/#organization"},"potentialAction":[{"@type":"SearchAction","target":{"@type":"EntryPoint","urlTemplate":"https:\/\/www.episcopalchurch.org\/?s={search_term_string}"},"query-input":{"@type":"PropertyValueSpecification","valueRequired":true,"valueName":"search_term_string"}}],"inLanguage":"es-ES"},{"@type":"Organization","@id":"https:\/\/www.episcopalchurch.org\/#organization","name":"The Episcopal Church","url":"https:\/\/www.episcopalchurch.org\/","logo":{"@type":"ImageObject","inLanguage":"es-ES","@id":"https:\/\/www.episcopalchurch.org\/#\/schema\/logo\/image\/","url":"https:\/\/www.episcopalchurch.org\/wp-content\/uploads\/2021\/01\/vertical_episcopal_logo.jpg","contentUrl":"https:\/\/www.episcopalchurch.org\/wp-content\/uploads\/2021\/01\/vertical_episcopal_logo.jpg","width":770,"height":662,"caption":"The Episcopal Church"},"image":{"@id":"https:\/\/www.episcopalchurch.org\/#\/schema\/logo\/image\/"},"sameAs":["https:\/\/www.facebook.com\/episcopalian","https:\/\/x.com\/iamepiscopalian","https:\/\/www.youtube.com\/channel\/UCdVJpxCtK41c_-p6EaE4_2A"]}]}},"taxonomy_info":[],"featured_image_src_large":["https:\/\/www.episcopalchurch.org\/wp-content\/uploads\/2021\/01\/wnceventhero-1024x324.png",1024,324,true],"author_info":{"display_name":"wwedderburn","author_link":"https:\/\/www.episcopalchurch.org\/es\/author\/wwedderburn\/"},"comment_info":"","uagb_featured_image_src":{"full":["https:\/\/www.episcopalchurch.org\/wp-content\/uploads\/2021\/01\/wnceventhero.png",1500,474,false],"thumbnail":["https:\/\/www.episcopalchurch.org\/wp-content\/uploads\/2021\/01\/wnceventhero-150x150.png",150,150,true],"medium":["https:\/\/www.episcopalchurch.org\/wp-content\/uploads\/2021\/01\/wnceventhero-300x95.png",300,95,true],"medium_large":["https:\/\/www.episcopalchurch.org\/wp-content\/uploads\/2021\/01\/wnceventhero-768x243.png",768,243,true],"large":["https:\/\/www.episcopalchurch.org\/wp-content\/uploads\/2021\/01\/wnceventhero-1024x324.png",1024,324,true],"1536x1536":["https:\/\/www.episcopalchurch.org\/wp-content\/uploads\/2021\/01\/wnceventhero.png",1500,474,false],"2048x2048":["https:\/\/www.episcopalchurch.org\/wp-content\/uploads\/2021\/01\/wnceventhero.png",1500,474,false],"menu":["https:\/\/www.episcopalchurch.org\/wp-content\/uploads\/2021\/01\/wnceventhero-330x200.png",330,200,true],"hero":["https:\/\/www.episcopalchurch.org\/wp-content\/uploads\/2021\/01\/wnceventhero.png",1500,474,false],"callout-image":["https:\/\/www.episcopalchurch.org\/wp-content\/uploads\/2021\/01\/wnceventhero-480x152.png",480,152,true]},"uagb_author_info":{"display_name":"wwedderburn","author_link":"https:\/\/www.episcopalchurch.org\/es\/author\/wwedderburn\/"},"uagb_comment_info":0,"uagb_excerpt":"El obispo primado Michael Curry dirigir\u00e1 un oficio de oraci\u00f3n transmitido en vivo desde la&nbsp;Catedral&nbsp;Nacional de Washington,&nbsp;Persistir en la esperanza: un oficio nacional para la recuperaci\u00f3n y la integridad, el domingo de Todos los Santos, 1 de noviembre, de 4:00 a 5:30 P.M. (hora del Este). En medio de la pandemia, la hora de la&hellip;","_links":{"self":[{"href":"https:\/\/www.episcopalchurch.org\/es\/wp-json\/wp\/v2\/pages\/205474","targetHints":{"allow":["GET"]}}],"collection":[{"href":"https:\/\/www.episcopalchurch.org\/es\/wp-json\/wp\/v2\/pages"}],"about":[{"href":"https:\/\/www.episcopalchurch.org\/es\/wp-json\/wp\/v2\/types\/page"}],"author":[{"embeddable":true,"href":"https:\/\/www.episcopalchurch.org\/es\/wp-json\/wp\/v2\/users\/444"}],"replies":[{"embeddable":true,"href":"https:\/\/www.episcopalchurch.org\/es\/wp-json\/wp\/v2\/comments?post=205474"}],"version-history":[{"count":0,"href":"https:\/\/www.episcopalchurch.org\/es\/wp-json\/wp\/v2\/pages\/205474\/revisions"}],"wp:featuredmedia":[{"embeddable":true,"href":"https:\/\/www.episcopalchurch.org\/es\/wp-json\/wp\/v2\/media\/205453"}],"wp:attachment":[{"href":"https:\/\/www.episcopalchurch.org\/es\/wp-json\/wp\/v2\/media?parent=205474"}],"curies":[{"name":"wp","href":"https:\/\/api.w.org\/{rel}","templated":true}]}}