{"id":236278,"date":"2021-03-08T15:53:51","date_gmt":"2021-03-08T20:53:51","guid":{"rendered":"https:\/\/www.episcopalchurch.org\/ministerios\/reconciliacion-racial\/audit-background\/"},"modified":"2021-04-15T16:09:05","modified_gmt":"2021-04-15T20:09:05","slug":"antecedentes","status":"publish","type":"page","link":"https:\/\/www.episcopalchurch.org\/es\/ministerios\/reconciliacion-racial\/antecedentes\/","title":{"rendered":"Racial Justice Audit Background"},"content":{"rendered":"    <div\n      class=\"wp-block-episcopal-hero-banner alignfull\"\n            style=\"background-image: url(https:\/\/www.episcopalchurch.org\/wp-content\/uploads\/2020\/08\/racial_rec_vigil.jpg)\"\n          >\n      <div\n        class=\"hero-banner\"\n      >\n        <div class=\"hero-banner-wrapper\">\n          <h1 class=\"episcopal-hero-title\">\n                          Auditor\u00eda de justicia racial de lo \u00f3rganos de liderazgo de la Iglesia Episcopal                      <\/h1>\n                      <div class=\"episcopal-hero-description\">\n              \u00bfBuscar\u00e1s y servir\u00e1s a Cristo en todas las personas, amando a tu pr\u00f3jimo como a ti mismo? \u00bfLuchar\u00e1s por la justicia y la paz entre todos los pueblos, y respetar\u00e1s la dignidad de todo ser humano?            <\/div>\n          \n                  <\/div>\n      <\/div>\n    <\/div>\n\n  \n\n\n<div class=\"wp-block-image\"><figure class=\"alignright size-large is-resized\"><img loading=\"lazy\" decoding=\"async\" src=\"https:\/\/www.episcopalchurch.org\/wp-content\/uploads\/2021\/03\/RJAEL_Spanish_Color-1024x1024.png\" alt=\"\" class=\"wp-image-239134\" width=\"400\" height=\"400\" srcset=\"https:\/\/www.episcopalchurch.org\/wp-content\/uploads\/2021\/03\/RJAEL_Spanish_Color-1024x1024.png 1024w, https:\/\/www.episcopalchurch.org\/wp-content\/uploads\/2021\/03\/RJAEL_Spanish_Color-300x300.png 300w, https:\/\/www.episcopalchurch.org\/wp-content\/uploads\/2021\/03\/RJAEL_Spanish_Color-150x150.png 150w, https:\/\/www.episcopalchurch.org\/wp-content\/uploads\/2021\/03\/RJAEL_Spanish_Color-768x768.png 768w, https:\/\/www.episcopalchurch.org\/wp-content\/uploads\/2021\/03\/RJAEL_Spanish_Color-1536x1536.png 1536w, https:\/\/www.episcopalchurch.org\/wp-content\/uploads\/2021\/03\/RJAEL_Spanish_Color-2048x2048.png 2048w, https:\/\/www.episcopalchurch.org\/wp-content\/uploads\/2021\/03\/RJAEL_Spanish_Color-480x480.png 480w\" sizes=\"auto, (max-width: 400px) 100vw, 400px\" \/><\/figure><\/div>\n\n\n\n<h1 class=\"wp-block-heading\">Antecedentes<\/h1>\n\n\n\n<p>La presente auditor\u00eda sobre el tema de la justicia racial naci\u00f3 de la Resoluci\u00f3n A182 aprobada durante la Convenci\u00f3n General de 2015: Abordar la injusticia racial sist\u00e9mica y la Resoluci\u00f3n C019: Trabajo por la justicia y la reconciliaci\u00f3n racial.<\/p>\n\n\n\n<p>Trabajando con estas dos resoluciones, el liderazgo de la iglesia y una gran cantidad de socios dieron vida al proyecto &#8220;<a href=\"https:\/\/www.episcopalchurch.org\/beloved-community\/\">Convertirse en una Comunidad Amada<\/a>: Compromiso de largo plazo de la Iglesia Episcopal para con la sanaci\u00f3n racial, la reconciliaci\u00f3n y la justicia (BBC)&#8221;. Este documento sobre la visi\u00f3n y los recursos relacionados invitaban a los episcopales a emprender el camino hacia la sanaci\u00f3n racial de por vida, como si se transitara por un laberinto dividido en cuatro cuadrantes: <\/p>\n\n\n\n<ul class=\"wp-block-list\"><li>Decir la verdad sobre la Iglesia y la raza, <\/li><li>Proclamar el sue\u00f1o de la Comunidad Amada, <\/li><li>Practicar el amor sanador de Jes\u00fas y <\/li><li>Reparar la brecha en la sociedad y las instituciones.<\/li><\/ul>\n\n\n\n<p>Esta auditoria es una respuesta a la primera disciplina de &#8220;Convertirse en una Comunidad Amada&#8221;: Decir la verdad sobre la Iglesia y la raza. <\/p>\n\n\n\n<p>Las preguntas centrales fueron: \u00bfQui\u00e9nes componen el liderazgo de la Iglesia Episcopal y cu\u00e1l es su experiencia en cuanto a la raza y el racismo en sus funciones de liderazgo?<\/p>\n\n\n\n<p>Las encuestas se adaptaron a cada \u00f3rgano de liderazgo. Vea un ejemplo de<strong>\u00a0<a href=\"https:\/\/www.episcopalchurch.org\/wp-content\/uploads\/2021\/04\/SP-Diocesan-Leadership-Survey_sample.pdf\" target=\"_blank\" rel=\"noreferrer noopener\">la encuesta de liderazgo diocesano<\/a><\/strong>.<\/p>\n\n\n\n<p>La auditor\u00eda se llev\u00f3 a cabo en dos secciones: un instrumento de encuesta, para recopilar datos tanto cuantitativos como cualitativos, y una serie de entrevistas para recopilar datos cualitativos adicionales. Las dos herramientas distintas de recopilaci\u00f3n de datos se utilizaron con diferentes \u00f3rganos de liderazgo de la Iglesia Episcopal: la C\u00e1mara de Obispos, la C\u00e1mara de Diputados, el Consejo Ejecutivo, el personal del Centro de la Iglesia Episcopal y los l\u00edderes de una muestra de di\u00f3cesis de toda la denominaci\u00f3n, incluyendo varias de Am\u00e9rica Latina.<\/p>\n\n\n\n<p>En cuanto a la muestra representativa de las di\u00f3cesis, se eligieron inicialmente tres di\u00f3cesis de cada una de las nueve provincias de la Iglesia, lo que dio como resultado 27 di\u00f3cesis de toda la Iglesia (28 participaron finalmente). Las di\u00f3cesis fueron seleccionadas en consulta estrecha con el Grupo de Pensiones de la Iglesia, prestando especial atenci\u00f3n a una serie de factores como por ejemplo el tama\u00f1o de la di\u00f3cesis, la ubicaci\u00f3n geogr\u00e1fica, el entorno socioecon\u00f3mico, los contextos urbanos y rurales y otros. Dentro de cada di\u00f3cesis, distribuimos encuestas entre los miembros del personal diocesano, al Consejo Diocesano, los fideicomisarios, la Comisi\u00f3n de Ministerio, el Comit\u00e9 Permanente o los \u00f3rganos equivalentes.<\/p>\n\n\n\n<p>La encuesta fue enviada a casi 3,000 personas de los \u00f3rganos de liderazgo previamente mencionados a nivel de la iglesia y diocesano. En total, hubo un total de 1,326 personas que llen\u00f3 la encuesta, lo que produjo un \u00edndice de respuesta del 45%.&nbsp;<\/p>\n\n\n\n<p>Al finalizar la encuesta, se pidi\u00f3 a los participantes que expresaran su disposici\u00f3n de formar parte de una entrevista con un equipo del <a href=\"http:\/\/themissioninstitute.org\/\" target=\"_blank\" rel=\"noreferrer noopener\">Instituto de Misiones<\/a>. Las entrevistas duraron entre 45 y 60 minutos. El objetivo de los investigadores no era imponer su propia comprensi\u00f3n del racismo sist\u00e9mico sino escuchar a fondo y poder puntualizar c\u00f3mo cada una de las personas entiende el racismo y su significado para la Iglesia.<\/p>\n\n\n\n<p>Parte del trabajo que se hizo fue revisar los datos cualitativos, prestando atenci\u00f3n a lo que aparec\u00eda m\u00e1s a menudo, en lugar de lo que era de inter\u00e9s para los investigadores. Surgieron m\u00e1s de 50 patrones, de los que se seleccionaron los nueve patrones m\u00e1s frecuentes y dominantes.<\/p>\n\n\n\n<div class=\"wp-block-columns is-style-default is-layout-flex wp-container-core-columns-is-layout-9d6595d7 wp-block-columns-is-layout-flex\">\n<div class=\"wp-block-column is-layout-flow wp-block-column-is-layout-flow\">\n<figure class=\"wp-block-image size-large is-resized\"><a href=\"https:\/\/www.episcopalchurch.org\/ministries\/racial-reconciliation\/\"><img loading=\"lazy\" decoding=\"async\" src=\"https:\/\/www.episcopalchurch.org\/wp-content\/uploads\/2020\/06\/Racial_Reconciliation-1024x633.png\" alt=\"\" class=\"wp-image-131582\" width=\"320\" height=\"197\" srcset=\"https:\/\/www.episcopalchurch.org\/wp-content\/uploads\/2020\/06\/Racial_Reconciliation-1024x633.png 1024w, https:\/\/www.episcopalchurch.org\/wp-content\/uploads\/2020\/06\/Racial_Reconciliation-300x185.png 300w, https:\/\/www.episcopalchurch.org\/wp-content\/uploads\/2020\/06\/Racial_Reconciliation-768x475.png 768w, https:\/\/www.episcopalchurch.org\/wp-content\/uploads\/2020\/06\/Racial_Reconciliation-480x297.png 480w, https:\/\/www.episcopalchurch.org\/wp-content\/uploads\/2020\/06\/Racial_Reconciliation.png 1500w\" sizes=\"auto, (max-width: 320px) 100vw, 320px\" \/><\/a><\/figure>\n<\/div>\n\n\n\n<div class=\"wp-block-column is-layout-flow wp-block-column-is-layout-flow\">\n<div class=\"wp-block-uagb-team uagb-team uagb-team__outer-wrap uagb-team__image-position-above uagb-team__align-center uagb-team__stack-tablet uagb-block-d40f5e14 mt-20\"><div class=\"uagb-team__wrap\"><div class=\"uagb-team__content\"><div class=\"uagb-team__title-wrap\"><h3 class=\"uagb-team__title\">Contact:<br>The Rev. Isaiah \u201cShaneequa\u201d Brokenleg<\/h3><span class=\"uagb-team__prefix\">Staff Officer for Racial Reconciliation<\/span><\/div><div class=\"uagb-team__desc-wrap\"><p class=\"uagb-team__desc\"><a href=\"https:\/\/www.episcopalchurch.org\/staff\/rev-isaiah-shaneequa-brokenleg\/\" class=\"rank-math-link\">Click here<\/a><\/p><\/div><\/div><\/div><\/div>\n<\/div>\n\n\n\n<div class=\"wp-block-column is-layout-flow wp-block-column-is-layout-flow\"><\/div>\n<\/div>\n","protected":false},"excerpt":{"rendered":"<p>Antecedentes La presente auditor\u00eda sobre el tema de la justicia racial naci\u00f3 de la Resoluci\u00f3n A182 aprobada durante la Convenci\u00f3n General de 2015: Abordar la injusticia racial sist\u00e9mica y la Resoluci\u00f3n C019: Trabajo por la justicia y la reconciliaci\u00f3n racial. Trabajando con estas dos resoluciones, el liderazgo de la iglesia y una gran cantidad de [&hellip;]<\/p>\n","protected":false},"author":12,"featured_media":198074,"parent":177441,"menu_order":0,"comment_status":"closed","ping_status":"closed","template":"","meta":{"_acf_changed":false,"_uag_custom_page_level_css":"","_kad_blocks_custom_css":"","_kad_blocks_head_custom_js":"","_kad_blocks_body_custom_js":"","_kad_blocks_footer_custom_js":"","_kadence_starter_templates_imported_post":false,"footnotes":"","_links_to":"","_links_to_target":""},"class_list":["post-236278","page","type-page","status-publish","has-post-thumbnail","hentry"],"acf":[],"yoast_head":"<!-- This site is optimized with the Yoast SEO Premium plugin v24.6 (Yoast SEO v26.3) - https:\/\/yoast.com\/wordpress\/plugins\/seo\/ -->\n<title>Racial Justice Audit Background &#8211; The Episcopal Church<\/title>\n<meta name=\"robots\" content=\"index, follow, max-snippet:-1, max-image-preview:large, max-video-preview:-1\" \/>\n<link rel=\"canonical\" href=\"https:\/\/www.episcopalchurch.org\/es\/ministerios\/reconciliacion-racial\/antecedentes\/\" \/>\n<meta property=\"og:locale\" content=\"es_ES\" \/>\n<meta property=\"og:type\" content=\"article\" \/>\n<meta property=\"og:title\" content=\"Racial Justice Audit Background\" \/>\n<meta property=\"og:description\" content=\"Antecedentes La presente auditor\u00eda sobre el tema de la justicia racial naci\u00f3 de la Resoluci\u00f3n A182 aprobada durante la Convenci\u00f3n General de 2015: Abordar la injusticia racial sist\u00e9mica y la Resoluci\u00f3n C019: Trabajo por la justicia y la reconciliaci\u00f3n racial. Trabajando con estas dos resoluciones, el liderazgo de la iglesia y una gran cantidad de [&hellip;]\" \/>\n<meta property=\"og:url\" content=\"https:\/\/www.episcopalchurch.org\/es\/ministerios\/reconciliacion-racial\/antecedentes\/\" \/>\n<meta property=\"og:site_name\" content=\"The Episcopal Church\" \/>\n<meta property=\"article:publisher\" content=\"https:\/\/www.facebook.com\/episcopalian\" \/>\n<meta property=\"article:modified_time\" content=\"2021-04-15T20:09:05+00:00\" \/>\n<meta property=\"og:image\" content=\"https:\/\/www.episcopalchurch.org\/wp-content\/uploads\/2020\/11\/Racial_Reconciliation_Square.png\" \/>\n\t<meta property=\"og:image:width\" content=\"751\" \/>\n\t<meta property=\"og:image:height\" content=\"751\" \/>\n\t<meta property=\"og:image:type\" content=\"image\/png\" \/>\n<meta name=\"twitter:card\" content=\"summary_large_image\" \/>\n<meta name=\"twitter:site\" content=\"@iamepiscopalian\" \/>\n<meta name=\"twitter:label1\" content=\"Est. reading time\" \/>\n\t<meta name=\"twitter:data1\" content=\"3 minutes\" \/>\n<script type=\"application\/ld+json\" class=\"yoast-schema-graph\">{\"@context\":\"https:\/\/schema.org\",\"@graph\":[{\"@type\":\"WebPage\",\"@id\":\"https:\/\/www.episcopalchurch.org\/es\/ministerios\/reconciliacion-racial\/antecedentes\/\",\"url\":\"https:\/\/www.episcopalchurch.org\/es\/ministerios\/reconciliacion-racial\/antecedentes\/\",\"name\":\"Racial Justice Audit Background &#8211; The Episcopal Church\",\"isPartOf\":{\"@id\":\"https:\/\/www.episcopalchurch.org\/#website\"},\"primaryImageOfPage\":{\"@id\":\"https:\/\/www.episcopalchurch.org\/es\/ministerios\/reconciliacion-racial\/antecedentes\/#primaryimage\"},\"image\":{\"@id\":\"https:\/\/www.episcopalchurch.org\/es\/ministerios\/reconciliacion-racial\/antecedentes\/#primaryimage\"},\"thumbnailUrl\":\"https:\/\/www.episcopalchurch.org\/wp-content\/uploads\/2020\/11\/Racial_Reconciliation_Square.png\",\"datePublished\":\"2021-03-08T20:53:51+00:00\",\"dateModified\":\"2021-04-15T20:09:05+00:00\",\"breadcrumb\":{\"@id\":\"https:\/\/www.episcopalchurch.org\/es\/ministerios\/reconciliacion-racial\/antecedentes\/#breadcrumb\"},\"inLanguage\":\"es-ES\",\"potentialAction\":[{\"@type\":\"ReadAction\",\"target\":[\"https:\/\/www.episcopalchurch.org\/es\/ministerios\/reconciliacion-racial\/antecedentes\/\"]}]},{\"@type\":\"ImageObject\",\"inLanguage\":\"es-ES\",\"@id\":\"https:\/\/www.episcopalchurch.org\/es\/ministerios\/reconciliacion-racial\/antecedentes\/#primaryimage\",\"url\":\"https:\/\/www.episcopalchurch.org\/wp-content\/uploads\/2020\/11\/Racial_Reconciliation_Square.png\",\"contentUrl\":\"https:\/\/www.episcopalchurch.org\/wp-content\/uploads\/2020\/11\/Racial_Reconciliation_Square.png\",\"width\":751,\"height\":751},{\"@type\":\"BreadcrumbList\",\"@id\":\"https:\/\/www.episcopalchurch.org\/es\/ministerios\/reconciliacion-racial\/antecedentes\/#breadcrumb\",\"itemListElement\":[{\"@type\":\"ListItem\",\"position\":1,\"name\":\"Home\",\"item\":\"https:\/\/www.episcopalchurch.org\/\"},{\"@type\":\"ListItem\",\"position\":2,\"name\":\"Ministerios\",\"item\":\"https:\/\/www.episcopalchurch.org\/es\/ministerios\/\"},{\"@type\":\"ListItem\",\"position\":3,\"name\":\"Reconciliaci\u00f3n Racial\",\"item\":\"https:\/\/www.episcopalchurch.org\/es\/ministerios\/reconciliacion-racial\/\"},{\"@type\":\"ListItem\",\"position\":4,\"name\":\"Racial Justice Audit Background\"}]},{\"@type\":\"WebSite\",\"@id\":\"https:\/\/www.episcopalchurch.org\/#website\",\"url\":\"https:\/\/www.episcopalchurch.org\/\",\"name\":\"The Episcopal Church\",\"description\":\"Welcomes You\",\"publisher\":{\"@id\":\"https:\/\/www.episcopalchurch.org\/#organization\"},\"potentialAction\":[{\"@type\":\"SearchAction\",\"target\":{\"@type\":\"EntryPoint\",\"urlTemplate\":\"https:\/\/www.episcopalchurch.org\/?s={search_term_string}\"},\"query-input\":{\"@type\":\"PropertyValueSpecification\",\"valueRequired\":true,\"valueName\":\"search_term_string\"}}],\"inLanguage\":\"es-ES\"},{\"@type\":\"Organization\",\"@id\":\"https:\/\/www.episcopalchurch.org\/#organization\",\"name\":\"The Episcopal Church\",\"url\":\"https:\/\/www.episcopalchurch.org\/\",\"logo\":{\"@type\":\"ImageObject\",\"inLanguage\":\"es-ES\",\"@id\":\"https:\/\/www.episcopalchurch.org\/#\/schema\/logo\/image\/\",\"url\":\"https:\/\/www.episcopalchurch.org\/wp-content\/uploads\/2021\/01\/vertical_episcopal_logo.jpg\",\"contentUrl\":\"https:\/\/www.episcopalchurch.org\/wp-content\/uploads\/2021\/01\/vertical_episcopal_logo.jpg\",\"width\":770,\"height\":662,\"caption\":\"The Episcopal Church\"},\"image\":{\"@id\":\"https:\/\/www.episcopalchurch.org\/#\/schema\/logo\/image\/\"},\"sameAs\":[\"https:\/\/www.facebook.com\/episcopalian\",\"https:\/\/x.com\/iamepiscopalian\",\"https:\/\/www.youtube.com\/channel\/UCdVJpxCtK41c_-p6EaE4_2A\"]}]}<\/script>\n<!-- \/ Yoast SEO Premium plugin. -->","yoast_head_json":{"title":"Racial Justice Audit Background &#8211; The Episcopal Church","robots":{"index":"index","follow":"follow","max-snippet":"max-snippet:-1","max-image-preview":"max-image-preview:large","max-video-preview":"max-video-preview:-1"},"canonical":"https:\/\/www.episcopalchurch.org\/es\/ministerios\/reconciliacion-racial\/antecedentes\/","og_locale":"es_ES","og_type":"article","og_title":"Racial Justice Audit Background","og_description":"Antecedentes La presente auditor\u00eda sobre el tema de la justicia racial naci\u00f3 de la Resoluci\u00f3n A182 aprobada durante la Convenci\u00f3n General de 2015: Abordar la injusticia racial sist\u00e9mica y la Resoluci\u00f3n C019: Trabajo por la justicia y la reconciliaci\u00f3n racial. Trabajando con estas dos resoluciones, el liderazgo de la iglesia y una gran cantidad de [&hellip;]","og_url":"https:\/\/www.episcopalchurch.org\/es\/ministerios\/reconciliacion-racial\/antecedentes\/","og_site_name":"The Episcopal Church","article_publisher":"https:\/\/www.facebook.com\/episcopalian","article_modified_time":"2021-04-15T20:09:05+00:00","og_image":[{"width":751,"height":751,"url":"https:\/\/www.episcopalchurch.org\/wp-content\/uploads\/2020\/11\/Racial_Reconciliation_Square.png","type":"image\/png"}],"twitter_card":"summary_large_image","twitter_site":"@iamepiscopalian","twitter_misc":{"Est. reading time":"3 minutes"},"schema":{"@context":"https:\/\/schema.org","@graph":[{"@type":"WebPage","@id":"https:\/\/www.episcopalchurch.org\/es\/ministerios\/reconciliacion-racial\/antecedentes\/","url":"https:\/\/www.episcopalchurch.org\/es\/ministerios\/reconciliacion-racial\/antecedentes\/","name":"Racial Justice Audit Background &#8211; The Episcopal Church","isPartOf":{"@id":"https:\/\/www.episcopalchurch.org\/#website"},"primaryImageOfPage":{"@id":"https:\/\/www.episcopalchurch.org\/es\/ministerios\/reconciliacion-racial\/antecedentes\/#primaryimage"},"image":{"@id":"https:\/\/www.episcopalchurch.org\/es\/ministerios\/reconciliacion-racial\/antecedentes\/#primaryimage"},"thumbnailUrl":"https:\/\/www.episcopalchurch.org\/wp-content\/uploads\/2020\/11\/Racial_Reconciliation_Square.png","datePublished":"2021-03-08T20:53:51+00:00","dateModified":"2021-04-15T20:09:05+00:00","breadcrumb":{"@id":"https:\/\/www.episcopalchurch.org\/es\/ministerios\/reconciliacion-racial\/antecedentes\/#breadcrumb"},"inLanguage":"es-ES","potentialAction":[{"@type":"ReadAction","target":["https:\/\/www.episcopalchurch.org\/es\/ministerios\/reconciliacion-racial\/antecedentes\/"]}]},{"@type":"ImageObject","inLanguage":"es-ES","@id":"https:\/\/www.episcopalchurch.org\/es\/ministerios\/reconciliacion-racial\/antecedentes\/#primaryimage","url":"https:\/\/www.episcopalchurch.org\/wp-content\/uploads\/2020\/11\/Racial_Reconciliation_Square.png","contentUrl":"https:\/\/www.episcopalchurch.org\/wp-content\/uploads\/2020\/11\/Racial_Reconciliation_Square.png","width":751,"height":751},{"@type":"BreadcrumbList","@id":"https:\/\/www.episcopalchurch.org\/es\/ministerios\/reconciliacion-racial\/antecedentes\/#breadcrumb","itemListElement":[{"@type":"ListItem","position":1,"name":"Home","item":"https:\/\/www.episcopalchurch.org\/"},{"@type":"ListItem","position":2,"name":"Ministerios","item":"https:\/\/www.episcopalchurch.org\/es\/ministerios\/"},{"@type":"ListItem","position":3,"name":"Reconciliaci\u00f3n Racial","item":"https:\/\/www.episcopalchurch.org\/es\/ministerios\/reconciliacion-racial\/"},{"@type":"ListItem","position":4,"name":"Racial Justice Audit Background"}]},{"@type":"WebSite","@id":"https:\/\/www.episcopalchurch.org\/#website","url":"https:\/\/www.episcopalchurch.org\/","name":"The Episcopal Church","description":"Welcomes You","publisher":{"@id":"https:\/\/www.episcopalchurch.org\/#organization"},"potentialAction":[{"@type":"SearchAction","target":{"@type":"EntryPoint","urlTemplate":"https:\/\/www.episcopalchurch.org\/?s={search_term_string}"},"query-input":{"@type":"PropertyValueSpecification","valueRequired":true,"valueName":"search_term_string"}}],"inLanguage":"es-ES"},{"@type":"Organization","@id":"https:\/\/www.episcopalchurch.org\/#organization","name":"The Episcopal Church","url":"https:\/\/www.episcopalchurch.org\/","logo":{"@type":"ImageObject","inLanguage":"es-ES","@id":"https:\/\/www.episcopalchurch.org\/#\/schema\/logo\/image\/","url":"https:\/\/www.episcopalchurch.org\/wp-content\/uploads\/2021\/01\/vertical_episcopal_logo.jpg","contentUrl":"https:\/\/www.episcopalchurch.org\/wp-content\/uploads\/2021\/01\/vertical_episcopal_logo.jpg","width":770,"height":662,"caption":"The Episcopal Church"},"image":{"@id":"https:\/\/www.episcopalchurch.org\/#\/schema\/logo\/image\/"},"sameAs":["https:\/\/www.facebook.com\/episcopalian","https:\/\/x.com\/iamepiscopalian","https:\/\/www.youtube.com\/channel\/UCdVJpxCtK41c_-p6EaE4_2A"]}]}},"taxonomy_info":[],"featured_image_src_large":["https:\/\/www.episcopalchurch.org\/wp-content\/uploads\/2020\/11\/Racial_Reconciliation_Square.png",751,751,false],"author_info":{"display_name":"Scott Rands","author_link":"https:\/\/www.episcopalchurch.org\/es\/author\/srandsepiscopalchurch-org\/"},"comment_info":"","uagb_featured_image_src":{"full":["https:\/\/www.episcopalchurch.org\/wp-content\/uploads\/2020\/11\/Racial_Reconciliation_Square.png",751,751,false],"thumbnail":["https:\/\/www.episcopalchurch.org\/wp-content\/uploads\/2020\/11\/Racial_Reconciliation_Square-150x150.png",150,150,true],"medium":["https:\/\/www.episcopalchurch.org\/wp-content\/uploads\/2020\/11\/Racial_Reconciliation_Square-300x300.png",300,300,true],"medium_large":["https:\/\/www.episcopalchurch.org\/wp-content\/uploads\/2020\/11\/Racial_Reconciliation_Square.png",751,751,false],"large":["https:\/\/www.episcopalchurch.org\/wp-content\/uploads\/2020\/11\/Racial_Reconciliation_Square.png",751,751,false],"1536x1536":["https:\/\/www.episcopalchurch.org\/wp-content\/uploads\/2020\/11\/Racial_Reconciliation_Square.png",751,751,false],"2048x2048":["https:\/\/www.episcopalchurch.org\/wp-content\/uploads\/2020\/11\/Racial_Reconciliation_Square.png",751,751,false],"menu":["https:\/\/www.episcopalchurch.org\/wp-content\/uploads\/2020\/11\/Racial_Reconciliation_Square-330x200.png",330,200,true],"hero":["https:\/\/www.episcopalchurch.org\/wp-content\/uploads\/2020\/11\/Racial_Reconciliation_Square-751x550.png",751,550,true],"callout-image":["https:\/\/www.episcopalchurch.org\/wp-content\/uploads\/2020\/11\/Racial_Reconciliation_Square-480x480.png",480,480,true]},"uagb_author_info":{"display_name":"Scott Rands","author_link":"https:\/\/www.episcopalchurch.org\/es\/author\/srandsepiscopalchurch-org\/"},"uagb_comment_info":0,"uagb_excerpt":"Antecedentes La presente auditor\u00eda sobre el tema de la justicia racial naci\u00f3 de la Resoluci\u00f3n A182 aprobada durante la Convenci\u00f3n General de 2015: Abordar la injusticia racial sist\u00e9mica y la Resoluci\u00f3n C019: Trabajo por la justicia y la reconciliaci\u00f3n racial. Trabajando con estas dos resoluciones, el liderazgo de la iglesia y una gran cantidad de&hellip;","_links":{"self":[{"href":"https:\/\/www.episcopalchurch.org\/es\/wp-json\/wp\/v2\/pages\/236278","targetHints":{"allow":["GET"]}}],"collection":[{"href":"https:\/\/www.episcopalchurch.org\/es\/wp-json\/wp\/v2\/pages"}],"about":[{"href":"https:\/\/www.episcopalchurch.org\/es\/wp-json\/wp\/v2\/types\/page"}],"author":[{"embeddable":true,"href":"https:\/\/www.episcopalchurch.org\/es\/wp-json\/wp\/v2\/users\/12"}],"replies":[{"embeddable":true,"href":"https:\/\/www.episcopalchurch.org\/es\/wp-json\/wp\/v2\/comments?post=236278"}],"version-history":[{"count":0,"href":"https:\/\/www.episcopalchurch.org\/es\/wp-json\/wp\/v2\/pages\/236278\/revisions"}],"up":[{"embeddable":true,"href":"https:\/\/www.episcopalchurch.org\/es\/wp-json\/wp\/v2\/pages\/177441"}],"wp:featuredmedia":[{"embeddable":true,"href":"https:\/\/www.episcopalchurch.org\/es\/wp-json\/wp\/v2\/media\/198074"}],"wp:attachment":[{"href":"https:\/\/www.episcopalchurch.org\/es\/wp-json\/wp\/v2\/media?parent=236278"}],"curies":[{"name":"wp","href":"https:\/\/api.w.org\/{rel}","templated":true}]}}