{"id":297798,"date":"2023-11-20T10:32:40","date_gmt":"2023-11-20T15:32:40","guid":{"rendered":"https:\/\/www.episcopalchurch.org\/ministerios\/cuidado-de-la-creacion\/cop28\/"},"modified":"2023-11-22T15:50:45","modified_gmt":"2023-11-22T20:50:45","slug":"cop28","status":"publish","type":"page","link":"https:\/\/www.episcopalchurch.org\/es\/ministerios\/cuidado-de-la-creacion\/cop28\/","title":{"rendered":"COP28"},"content":{"rendered":"    <div\n      class=\"wp-block-episcopal-hero-banner alignfull\"\n            style=\"background-image: url(https:\/\/www.episcopalchurch.org\/wp-content\/uploads\/2020\/07\/cc_hero.jpg)\"\n          >\n      <div\n        class=\"hero-banner\"\n      >\n        <div class=\"hero-banner-wrapper\">\n          <h1 class=\"episcopal-hero-title\">\n                          Creation Care                      <\/h1>\n          \n                  <\/div>\n      <\/div>\n    <\/div>\n\n  \n\n\n<div class=\"wp-block-buttons is-layout-flex wp-block-buttons-is-layout-flex\">\n<div class=\"wp-block-button\"><a class=\"wp-block-button__link has-background\" href=\"https:\/\/www.episcopalchurch.org\/ministries\/creation-care\/\" style=\"background-color:#087448\">Home<\/a><\/div>\n\n\n\n<div class=\"wp-block-button\"><a class=\"wp-block-button__link has-background\" href=\"https:\/\/www.episcopalchurch.org\/ministries\/creation-care\/loving-formation\/\" style=\"background-color:#087448\">Loving Formation<\/a><\/div>\n\n\n\n<div class=\"wp-block-button\"><a class=\"wp-block-button__link has-background\" href=\"https:\/\/www.episcopalchurch.org\/ministries\/creation-care\/liberating-advocacy\/\" style=\"background-color:#087448\">Liberating Advocacy<\/a><\/div>\n\n\n\n<div class=\"wp-block-button\"><a class=\"wp-block-button__link has-background\" href=\"https:\/\/www.episcopalchurch.org\/ministries\/creation-care\/life-giving-conservation\/\" style=\"background-color:#087448\">Life-Giving Conservation<\/a><\/div>\n<\/div>\n\n\n\n<h1 class=\"wp-block-heading\"><strong>Conferencia de las Naciones Unidas sobre el Cambio Clim\u00e1tico (COP28)<\/strong>&nbsp;<\/h1>\n\n\n\n<p>A ra\u00edz de la hist\u00f3rica cumbre del Acuerdo de Par\u00eds en 2015, el Obispo Presidente de la Iglesia Episcopal envi\u00f3 una delegaci\u00f3n a la Conferencia de las Partes (COP), la cumbre anual de las Naciones Unidas sobre el cambio clim\u00e1tico. La 28\u00aa sesi\u00f3n de la Conferencia de las Partes de la Convenci\u00f3n Marco de las Naciones Unidas sobre el Cambio Clim\u00e1tico, tambi\u00e9n conocida como COP28, se llevar\u00e1 a cabo del 30 de noviembre al 12 de diciembre en Dub\u00e1i, Emiratos \u00c1rabes Unidos.<\/p>\n\n\n\n<div class=\"wp-block-columns is-layout-flex wp-container-core-columns-is-layout-9d6595d7 wp-block-columns-is-layout-flex\">\n<div class=\"wp-block-column is-layout-flow wp-block-column-is-layout-flow\">\n<hr class=\"wp-block-separator has-alpha-channel-opacity\"\/>\n<\/div>\n<\/div>\n\n\n\n<h3 class=\"wp-block-heading\"><strong><strong>Anuncio de la delegaci\u00f3n del Obispo Presidente en la COP28&nbsp;<\/strong>&nbsp;<\/strong><\/h3>\n\n\n\n<p>El Obispo Presidente de la Iglesia Episcopal, Michael Curry, design\u00f3 a 21 delegados para representar a su oficina durante la conferencia de las Naciones Unidas sobre el cambio clim\u00e1tico de 2022. Es el octavo a\u00f1o que el Obispo Presidente convoca a los episcopales para la urgente labor de defensa del cambio clim\u00e1tico en el foro mundial.&nbsp;<\/p>\n\n\n\n<p>La plataforma h\u00edbrida de este a\u00f1o permite una representaci\u00f3n m\u00e1s amplia de los delegados episcopales, quienes participar\u00e1n tanto de manera virtual como en persona. Lea m\u00e1s sobre la Delegaci\u00f3n del Obispo Presidente en el <a href=\"https:\/\/www.episcopalchurch.org\/publicaffairs\/presiding-bishop-announces-episcopal-church-delegation-to-united-nations-cop28-conference\/?fbclid=IwAR0s5ifJiOWsf7hSkWlqDa3hiJxswQqTE71Dk4jmZp_G7HD-vLbEA-j2he4\">Comunicado de Prensa de Asuntos P\u00fablicos<\/a>.<\/p>\n\n\n\n<hr class=\"wp-block-separator has-alpha-channel-opacity\"\/>\n\n\n\n<div style=\"height:14px\" aria-hidden=\"true\" class=\"wp-block-spacer\"><\/div>\n\n\n\n<h3 class=\"wp-block-heading\"><strong>Prioridades pol\u00edticas para la 28\u00aa. Conferencia de las Partes de la Convenci\u00f3n Marco de las Naciones Unidas sobre el Cambio Clim\u00e1tico&nbsp;<\/strong><\/h3>\n\n\n\n<p>La Iglesia Episcopal est\u00e1 comprometida a desarrollar relaciones amorosas, liberadoras y vivificadoras con toda la familia humana y con toda la creaci\u00f3n de Dios. Nuestro compromiso con el llamado de Jes\u00fas nos ha llevado a implicarnos en la mitigaci\u00f3n y dimensionar correctamente nuestras vidas como individuos y en nuestros ministerios, estando junto a las comunidades m\u00e1s expuestas en el trabajo por la justicia ambiental, poni\u00e9ndole fin al racismo ambiental y encontrando una soluci\u00f3n r\u00e1pida y justa a la crisis clim\u00e1tica. .&nbsp;<\/p>\n\n\n\n<p>Durante las negociaciones de la COP28, instamos a las Partes y a todos los interesados a adoptar estas prioridades:&nbsp;<\/p>\n\n\n\n<div class=\"wp-block-file\"><a id=\"wp-block-file--media-61c90bad-dacb-411f-9175-68e6e879fd66\" href=\"https:\/\/www.episcopalchurch.org\/wp-content\/uploads\/2023\/11\/COP28-Policy-Priorities-The-Episcopal-Church-espanol.pdf\">COP28 Policy Priorities &#8211; The Episcopal Church espanol<\/a><a href=\"https:\/\/www.episcopalchurch.org\/wp-content\/uploads\/2023\/11\/COP28-Policy-Priorities-The-Episcopal-Church-espanol.pdf\" class=\"wp-block-file__button wp-element-button\" download aria-describedby=\"wp-block-file--media-61c90bad-dacb-411f-9175-68e6e879fd66\">Download<\/a><\/div>\n\n\n\n<hr class=\"wp-block-separator has-alpha-channel-opacity\"\/>\n\n\n\n<div style=\"height:17px\" aria-hidden=\"true\" class=\"wp-block-spacer\"><\/div>\n\n\n\n<h3 class=\"wp-block-heading\"><strong>Eventos de la Iglesia Episcopal<\/strong>&nbsp;<\/h3>\n\n\n\n<p>Lo invitamos cordialmente a participar en estos eventos organizados por la Iglesia Episcopal. Puede confirmar su asistencia al inscribirse en los enlaces que se indican a continuaci\u00f3n. Se ir\u00e1n a\u00f1adiendo m\u00e1s eventos a medida que se acerque la fecha de la conferencia. Si usted o su iglesia est\u00e1n organizando un evento virtual, por favor comparta la informaci\u00f3n con todos al enviar su listado de eventos a la p\u00e1gina de Eventos del <a href=\"https:\/\/www.episcopalnewsservice.org\/events\/\" target=\"_blank\" rel=\"noreferrer noopener\">Servicio Episcopal de Noticias<\/a> y al compartirlo con <a href=\"mailto:creation@episcopalchurch.org\" target=\"_blank\" rel=\"noreferrer noopener\">creation@episcopalchurch.org<\/a>.&nbsp;<\/p>\n\n\n\n<ul class=\"wp-block-list\">\n<li>Lunes 27 de noviembre a las 12 PM Hora del Este:<strong> Defensa Episcopal del Clima en Naciones Unidas: Lanzamiento de la COP28 con la Delegaci\u00f3n del Obispo Presidente<\/strong>. Inscr\u00edbase aqu\u00ed: <a href=\"https:\/\/tinyurl.com\/COP28Kickoff\" target=\"_blank\" rel=\"noreferrer noopener\">https:\/\/tinyurl.com\/COP28Kickoff<\/a>&nbsp;<\/li>\n<\/ul>\n\n\n\n<ul class=\"wp-block-list\">\n<li>Viernes 15 de diciembre 3 PM hora del Este: <strong>Evento Episcopal de Clausura de la COP28 y Presentaci\u00f3n de Informe de los delegados. <\/strong>Inscr\u00edbase aqu\u00ed: <a href=\"https:\/\/tinyurl.com\/COP28Closing\" target=\"_blank\" rel=\"noreferrer noopener\">https:\/\/tinyurl.com\/COP28Closing<\/a>&nbsp;<\/li>\n<\/ul>\n\n\n\n<hr class=\"wp-block-separator has-alpha-channel-opacity\"\/>\n\n\n\n<div style=\"height:18px\" aria-hidden=\"true\" class=\"wp-block-spacer\"><\/div>\n\n\n\n<hr class=\"wp-block-separator has-alpha-channel-opacity\"\/>\n\n\n\n<h3 class=\"wp-block-heading\"><strong>Follow on Social Media:<\/strong><\/h3>\n\n\n\n<div class=\"wp-block-columns is-layout-flex wp-container-core-columns-is-layout-9d6595d7 wp-block-columns-is-layout-flex\">\n<div class=\"wp-block-column is-layout-flow wp-block-column-is-layout-flow\">\n<figure class=\"wp-block-embed is-type-rich is-provider-twitter wp-block-embed-twitter\"><div class=\"wp-block-embed__wrapper\">\n<div class=\"embed-container\"><a class=\"twitter-timeline\" data-width=\"500\" data-height=\"750\" data-dnt=\"true\" href=\"https:\/\/twitter.com\/EpiscoClimate?ref_src=twsrc%5Etfw\">Tweets by EpiscoClimate<\/a><script async src=\"https:\/\/platform.twitter.com\/widgets.js\" charset=\"utf-8\"><\/script><\/div>\n<\/div><\/figure>\n<\/div>\n\n\n\n<div class=\"wp-block-column is-layout-flow wp-block-column-is-layout-flow\">\n<figure class=\"wp-block-embed is-type-rich is-provider-twitter wp-block-embed-twitter\"><div class=\"wp-block-embed__wrapper\">\n<div class=\"embed-container\"><a class=\"twitter-timeline\" data-width=\"500\" data-height=\"750\" data-dnt=\"true\" href=\"https:\/\/twitter.com\/EpiscopalUN?ref_src=twsrc%5Etfw\">Tweets by EpiscopalUN<\/a><script async src=\"https:\/\/platform.twitter.com\/widgets.js\" charset=\"utf-8\"><\/script><\/div>\n<\/div><\/figure>\n<\/div>\n<\/div>\n\n\n\n<h3 class=\"wp-block-heading\"><strong>Previous COP Conferences<\/strong><\/h3>\n\n\n\n<div class=\"wp-block-columns is-layout-flex wp-container-core-columns-is-layout-9d6595d7 wp-block-columns-is-layout-flex\">\n<div class=\"wp-block-column is-layout-flow wp-block-column-is-layout-flow\">    <div\n      class=\"wp-block-episcopal-callout default\"\n      style=\"background-color: #84BD00;color: #fff;justify-content: flex-end;\"\n    >\n      <div\n        class=\"callout-content\"\n        style=\"justify-content: flex-end;\"\n      >\n                  <a href=\"https:\/\/www.episcopalchurch.org\/ministries\/creation-care\/cop27\/\" class=\"callout-url\"><\/a>\n                \n\n<h2 class=\"wp-block-heading\">COP27<\/h2>\n\n      <\/div>\n    <\/div>\n\n  <\/div>\n\n\n\n<div class=\"wp-block-column is-layout-flow wp-block-column-is-layout-flow\">    <div\n      class=\"wp-block-episcopal-callout default\"\n      style=\"background-color: #407EC9;color: #fff;justify-content: flex-end;\"\n    >\n      <div\n        class=\"callout-content\"\n        style=\"justify-content: flex-end;\"\n      >\n                  <a href=\"https:\/\/www.episcopalchurch.org\/ministries\/creation-care\/cop26\/\" class=\"callout-url\"><\/a>\n                \n\n<h2 class=\"wp-block-heading\">COP26<\/h2>\n\n      <\/div>\n    <\/div>\n\n  <\/div>\n\n\n\n<div class=\"wp-block-column is-layout-flow wp-block-column-is-layout-flow\"><\/div>\n<\/div>\n\n\n\n<p>Questions? Feel free to&nbsp;<a href=\"https:\/\/www.episcopalchurch.org\/staff\/creation-care\/\" target=\"_blank\" rel=\"noreferrer noopener\">contact us<\/a>.<\/p>\n\n\n\n<div class=\"wp-block-columns is-style-default is-layout-flex wp-container-core-columns-is-layout-9d6595d7 wp-block-columns-is-layout-flex\">\n<div class=\"wp-block-column is-layout-flow wp-block-column-is-layout-flow\">\n<figure class=\"wp-block-image size-large\"><a href=\"https:\/\/www.episcopalchurch.org\/ministries\/global-partnerships\/episcopal-church-united-nations\/\"><img loading=\"lazy\" decoding=\"async\" width=\"1024\" height=\"633\" src=\"https:\/\/www.episcopalchurch.org\/wp-content\/uploads\/2024\/01\/Episcopal_UN-1024x633.png\" alt=\"\" class=\"wp-image-300953\" srcset=\"https:\/\/www.episcopalchurch.org\/wp-content\/uploads\/2024\/01\/Episcopal_UN-1024x633.png 1024w, https:\/\/www.episcopalchurch.org\/wp-content\/uploads\/2024\/01\/Episcopal_UN-300x185.png 300w, https:\/\/www.episcopalchurch.org\/wp-content\/uploads\/2024\/01\/Episcopal_UN-768x475.png 768w, https:\/\/www.episcopalchurch.org\/wp-content\/uploads\/2024\/01\/Episcopal_UN-1536x949.png 1536w, https:\/\/www.episcopalchurch.org\/wp-content\/uploads\/2024\/01\/Episcopal_UN-2048x1266.png 2048w, https:\/\/www.episcopalchurch.org\/wp-content\/uploads\/2024\/01\/Episcopal_UN-480x297.png 480w\" sizes=\"auto, (max-width: 1024px) 100vw, 1024px\" \/><\/a><\/figure>\n<\/div>\n\n\n\n<div class=\"wp-block-column is-layout-flow wp-block-column-is-layout-flow\">\n<div class=\"wp-block-uagb-team uagb-team__image-position-above uagb-team__align-center uagb-team__stack-tablet uagb-block-ed56010c mt-20\"><div class=\"uagb-team__content\"><h3 class=\"uagb-team__title\">Contact:<br>Creation Care<\/h3><span class=\"uagb-team__prefix\"><\/span><p class=\"uagb-team__desc\"><a href=\"https:\/\/www.episcopalchurch.org\/staff\/creation-care\/\">Click here<\/a><\/p><\/div><\/div>\n<\/div>\n\n\n\n<div class=\"wp-block-column is-layout-flow wp-block-column-is-layout-flow\">\n<figure class=\"wp-block-image size-large\"><a href=\"https:\/\/www.episcopalchurch.org\/ministries\/creation-care\/\"><img loading=\"lazy\" decoding=\"async\" width=\"1024\" height=\"633\" src=\"https:\/\/www.episcopalchurch.org\/wp-content\/uploads\/2020\/06\/mark_creation_care-1024x633.png\" alt=\"Creation Care Logo\" class=\"wp-image-131539\" srcset=\"https:\/\/www.episcopalchurch.org\/wp-content\/uploads\/2020\/06\/mark_creation_care-1024x633.png 1024w, https:\/\/www.episcopalchurch.org\/wp-content\/uploads\/2020\/06\/mark_creation_care-300x185.png 300w, https:\/\/www.episcopalchurch.org\/wp-content\/uploads\/2020\/06\/mark_creation_care-768x475.png 768w, https:\/\/www.episcopalchurch.org\/wp-content\/uploads\/2020\/06\/mark_creation_care-480x297.png 480w, https:\/\/www.episcopalchurch.org\/wp-content\/uploads\/2020\/06\/mark_creation_care.png 1500w\" sizes=\"auto, (max-width: 1024px) 100vw, 1024px\" \/><\/a><\/figure>\n<\/div>\n<\/div>\n","protected":false},"excerpt":{"rendered":"<p>Conferencia de las Naciones Unidas sobre el Cambio Clim\u00e1tico (COP28)&nbsp; A ra\u00edz de la hist\u00f3rica cumbre del Acuerdo de Par\u00eds en 2015, el Obispo Presidente de la Iglesia Episcopal envi\u00f3 una delegaci\u00f3n a la Conferencia de las Partes (COP), la cumbre anual de las Naciones Unidas sobre el cambio clim\u00e1tico. La 28\u00aa sesi\u00f3n de la [&hellip;]<\/p>\n","protected":false},"author":12,"featured_media":198084,"parent":177437,"menu_order":0,"comment_status":"closed","ping_status":"closed","template":"","meta":{"_acf_changed":false,"_uag_custom_page_level_css":"","_kad_blocks_custom_css":"","_kad_blocks_head_custom_js":"","_kad_blocks_body_custom_js":"","_kad_blocks_footer_custom_js":"","_kadence_starter_templates_imported_post":false,"footnotes":"","_links_to":"","_links_to_target":""},"class_list":["post-297798","page","type-page","status-publish","has-post-thumbnail","hentry"],"acf":[],"yoast_head":"<!-- This site is optimized with the Yoast SEO Premium plugin v24.6 (Yoast SEO v26.3) - https:\/\/yoast.com\/wordpress\/plugins\/seo\/ -->\n<title>COP28 &#8211; The Episcopal Church<\/title>\n<meta name=\"robots\" content=\"index, follow, max-snippet:-1, max-image-preview:large, max-video-preview:-1\" \/>\n<link rel=\"canonical\" href=\"https:\/\/www.episcopalchurch.org\/es\/ministerios\/cuidado-de-la-creacion\/cop28\/\" \/>\n<meta property=\"og:locale\" content=\"es_ES\" \/>\n<meta property=\"og:type\" content=\"article\" \/>\n<meta property=\"og:title\" content=\"COP28\" \/>\n<meta property=\"og:description\" content=\"Conferencia de las Naciones Unidas sobre el Cambio Clim\u00e1tico (COP28)&nbsp; A ra\u00edz de la hist\u00f3rica cumbre del Acuerdo de Par\u00eds en 2015, el Obispo Presidente de la Iglesia Episcopal envi\u00f3 una delegaci\u00f3n a la Conferencia de las Partes (COP), la cumbre anual de las Naciones Unidas sobre el cambio clim\u00e1tico. La 28\u00aa sesi\u00f3n de la [&hellip;]\" \/>\n<meta property=\"og:url\" content=\"https:\/\/www.episcopalchurch.org\/es\/ministerios\/cuidado-de-la-creacion\/cop28\/\" \/>\n<meta property=\"og:site_name\" content=\"The Episcopal Church\" \/>\n<meta property=\"article:publisher\" content=\"https:\/\/www.facebook.com\/episcopalian\" \/>\n<meta property=\"article:modified_time\" content=\"2023-11-22T20:50:45+00:00\" \/>\n<meta property=\"og:image\" content=\"https:\/\/www.episcopalchurch.org\/wp-content\/uploads\/2020\/11\/Creation_Care_Square_Social_Media_Only.png\" \/>\n\t<meta property=\"og:image:width\" content=\"751\" \/>\n\t<meta property=\"og:image:height\" content=\"751\" \/>\n\t<meta property=\"og:image:type\" content=\"image\/png\" \/>\n<meta name=\"twitter:card\" content=\"summary_large_image\" \/>\n<meta name=\"twitter:site\" content=\"@iamepiscopalian\" \/>\n<meta name=\"twitter:label1\" content=\"Est. reading time\" \/>\n\t<meta name=\"twitter:data1\" content=\"3 minutes\" \/>\n<script type=\"application\/ld+json\" class=\"yoast-schema-graph\">{\"@context\":\"https:\/\/schema.org\",\"@graph\":[{\"@type\":\"WebPage\",\"@id\":\"https:\/\/www.episcopalchurch.org\/es\/ministerios\/cuidado-de-la-creacion\/cop28\/\",\"url\":\"https:\/\/www.episcopalchurch.org\/es\/ministerios\/cuidado-de-la-creacion\/cop28\/\",\"name\":\"COP28 &#8211; The Episcopal Church\",\"isPartOf\":{\"@id\":\"https:\/\/www.episcopalchurch.org\/#website\"},\"primaryImageOfPage\":{\"@id\":\"https:\/\/www.episcopalchurch.org\/es\/ministerios\/cuidado-de-la-creacion\/cop28\/#primaryimage\"},\"image\":{\"@id\":\"https:\/\/www.episcopalchurch.org\/es\/ministerios\/cuidado-de-la-creacion\/cop28\/#primaryimage\"},\"thumbnailUrl\":\"https:\/\/www.episcopalchurch.org\/wp-content\/uploads\/2020\/11\/Creation_Care_Square_Social_Media_Only.png\",\"datePublished\":\"2023-11-20T15:32:40+00:00\",\"dateModified\":\"2023-11-22T20:50:45+00:00\",\"breadcrumb\":{\"@id\":\"https:\/\/www.episcopalchurch.org\/es\/ministerios\/cuidado-de-la-creacion\/cop28\/#breadcrumb\"},\"inLanguage\":\"es-ES\",\"potentialAction\":[{\"@type\":\"ReadAction\",\"target\":[\"https:\/\/www.episcopalchurch.org\/es\/ministerios\/cuidado-de-la-creacion\/cop28\/\"]}]},{\"@type\":\"ImageObject\",\"inLanguage\":\"es-ES\",\"@id\":\"https:\/\/www.episcopalchurch.org\/es\/ministerios\/cuidado-de-la-creacion\/cop28\/#primaryimage\",\"url\":\"https:\/\/www.episcopalchurch.org\/wp-content\/uploads\/2020\/11\/Creation_Care_Square_Social_Media_Only.png\",\"contentUrl\":\"https:\/\/www.episcopalchurch.org\/wp-content\/uploads\/2020\/11\/Creation_Care_Square_Social_Media_Only.png\",\"width\":751,\"height\":751},{\"@type\":\"BreadcrumbList\",\"@id\":\"https:\/\/www.episcopalchurch.org\/es\/ministerios\/cuidado-de-la-creacion\/cop28\/#breadcrumb\",\"itemListElement\":[{\"@type\":\"ListItem\",\"position\":1,\"name\":\"Home\",\"item\":\"https:\/\/www.episcopalchurch.org\/\"},{\"@type\":\"ListItem\",\"position\":2,\"name\":\"Ministerios\",\"item\":\"https:\/\/www.episcopalchurch.org\/es\/ministerios\/\"},{\"@type\":\"ListItem\",\"position\":3,\"name\":\"Cuidado de la Creaci\u00f3n\",\"item\":\"https:\/\/www.episcopalchurch.org\/es\/ministerios\/cuidado-de-la-creacion\/\"},{\"@type\":\"ListItem\",\"position\":4,\"name\":\"COP28\"}]},{\"@type\":\"WebSite\",\"@id\":\"https:\/\/www.episcopalchurch.org\/#website\",\"url\":\"https:\/\/www.episcopalchurch.org\/\",\"name\":\"The Episcopal Church\",\"description\":\"Welcomes You\",\"publisher\":{\"@id\":\"https:\/\/www.episcopalchurch.org\/#organization\"},\"potentialAction\":[{\"@type\":\"SearchAction\",\"target\":{\"@type\":\"EntryPoint\",\"urlTemplate\":\"https:\/\/www.episcopalchurch.org\/?s={search_term_string}\"},\"query-input\":{\"@type\":\"PropertyValueSpecification\",\"valueRequired\":true,\"valueName\":\"search_term_string\"}}],\"inLanguage\":\"es-ES\"},{\"@type\":\"Organization\",\"@id\":\"https:\/\/www.episcopalchurch.org\/#organization\",\"name\":\"The Episcopal Church\",\"url\":\"https:\/\/www.episcopalchurch.org\/\",\"logo\":{\"@type\":\"ImageObject\",\"inLanguage\":\"es-ES\",\"@id\":\"https:\/\/www.episcopalchurch.org\/#\/schema\/logo\/image\/\",\"url\":\"https:\/\/www.episcopalchurch.org\/wp-content\/uploads\/2021\/01\/vertical_episcopal_logo.jpg\",\"contentUrl\":\"https:\/\/www.episcopalchurch.org\/wp-content\/uploads\/2021\/01\/vertical_episcopal_logo.jpg\",\"width\":770,\"height\":662,\"caption\":\"The Episcopal Church\"},\"image\":{\"@id\":\"https:\/\/www.episcopalchurch.org\/#\/schema\/logo\/image\/\"},\"sameAs\":[\"https:\/\/www.facebook.com\/episcopalian\",\"https:\/\/x.com\/iamepiscopalian\",\"https:\/\/www.youtube.com\/channel\/UCdVJpxCtK41c_-p6EaE4_2A\"]}]}<\/script>\n<!-- \/ Yoast SEO Premium plugin. -->","yoast_head_json":{"title":"COP28 &#8211; The Episcopal Church","robots":{"index":"index","follow":"follow","max-snippet":"max-snippet:-1","max-image-preview":"max-image-preview:large","max-video-preview":"max-video-preview:-1"},"canonical":"https:\/\/www.episcopalchurch.org\/es\/ministerios\/cuidado-de-la-creacion\/cop28\/","og_locale":"es_ES","og_type":"article","og_title":"COP28","og_description":"Conferencia de las Naciones Unidas sobre el Cambio Clim\u00e1tico (COP28)&nbsp; A ra\u00edz de la hist\u00f3rica cumbre del Acuerdo de Par\u00eds en 2015, el Obispo Presidente de la Iglesia Episcopal envi\u00f3 una delegaci\u00f3n a la Conferencia de las Partes (COP), la cumbre anual de las Naciones Unidas sobre el cambio clim\u00e1tico. La 28\u00aa sesi\u00f3n de la [&hellip;]","og_url":"https:\/\/www.episcopalchurch.org\/es\/ministerios\/cuidado-de-la-creacion\/cop28\/","og_site_name":"The Episcopal Church","article_publisher":"https:\/\/www.facebook.com\/episcopalian","article_modified_time":"2023-11-22T20:50:45+00:00","og_image":[{"width":751,"height":751,"url":"https:\/\/www.episcopalchurch.org\/wp-content\/uploads\/2020\/11\/Creation_Care_Square_Social_Media_Only.png","type":"image\/png"}],"twitter_card":"summary_large_image","twitter_site":"@iamepiscopalian","twitter_misc":{"Est. reading time":"3 minutes"},"schema":{"@context":"https:\/\/schema.org","@graph":[{"@type":"WebPage","@id":"https:\/\/www.episcopalchurch.org\/es\/ministerios\/cuidado-de-la-creacion\/cop28\/","url":"https:\/\/www.episcopalchurch.org\/es\/ministerios\/cuidado-de-la-creacion\/cop28\/","name":"COP28 &#8211; The Episcopal Church","isPartOf":{"@id":"https:\/\/www.episcopalchurch.org\/#website"},"primaryImageOfPage":{"@id":"https:\/\/www.episcopalchurch.org\/es\/ministerios\/cuidado-de-la-creacion\/cop28\/#primaryimage"},"image":{"@id":"https:\/\/www.episcopalchurch.org\/es\/ministerios\/cuidado-de-la-creacion\/cop28\/#primaryimage"},"thumbnailUrl":"https:\/\/www.episcopalchurch.org\/wp-content\/uploads\/2020\/11\/Creation_Care_Square_Social_Media_Only.png","datePublished":"2023-11-20T15:32:40+00:00","dateModified":"2023-11-22T20:50:45+00:00","breadcrumb":{"@id":"https:\/\/www.episcopalchurch.org\/es\/ministerios\/cuidado-de-la-creacion\/cop28\/#breadcrumb"},"inLanguage":"es-ES","potentialAction":[{"@type":"ReadAction","target":["https:\/\/www.episcopalchurch.org\/es\/ministerios\/cuidado-de-la-creacion\/cop28\/"]}]},{"@type":"ImageObject","inLanguage":"es-ES","@id":"https:\/\/www.episcopalchurch.org\/es\/ministerios\/cuidado-de-la-creacion\/cop28\/#primaryimage","url":"https:\/\/www.episcopalchurch.org\/wp-content\/uploads\/2020\/11\/Creation_Care_Square_Social_Media_Only.png","contentUrl":"https:\/\/www.episcopalchurch.org\/wp-content\/uploads\/2020\/11\/Creation_Care_Square_Social_Media_Only.png","width":751,"height":751},{"@type":"BreadcrumbList","@id":"https:\/\/www.episcopalchurch.org\/es\/ministerios\/cuidado-de-la-creacion\/cop28\/#breadcrumb","itemListElement":[{"@type":"ListItem","position":1,"name":"Home","item":"https:\/\/www.episcopalchurch.org\/"},{"@type":"ListItem","position":2,"name":"Ministerios","item":"https:\/\/www.episcopalchurch.org\/es\/ministerios\/"},{"@type":"ListItem","position":3,"name":"Cuidado de la Creaci\u00f3n","item":"https:\/\/www.episcopalchurch.org\/es\/ministerios\/cuidado-de-la-creacion\/"},{"@type":"ListItem","position":4,"name":"COP28"}]},{"@type":"WebSite","@id":"https:\/\/www.episcopalchurch.org\/#website","url":"https:\/\/www.episcopalchurch.org\/","name":"The Episcopal Church","description":"Welcomes You","publisher":{"@id":"https:\/\/www.episcopalchurch.org\/#organization"},"potentialAction":[{"@type":"SearchAction","target":{"@type":"EntryPoint","urlTemplate":"https:\/\/www.episcopalchurch.org\/?s={search_term_string}"},"query-input":{"@type":"PropertyValueSpecification","valueRequired":true,"valueName":"search_term_string"}}],"inLanguage":"es-ES"},{"@type":"Organization","@id":"https:\/\/www.episcopalchurch.org\/#organization","name":"The Episcopal Church","url":"https:\/\/www.episcopalchurch.org\/","logo":{"@type":"ImageObject","inLanguage":"es-ES","@id":"https:\/\/www.episcopalchurch.org\/#\/schema\/logo\/image\/","url":"https:\/\/www.episcopalchurch.org\/wp-content\/uploads\/2021\/01\/vertical_episcopal_logo.jpg","contentUrl":"https:\/\/www.episcopalchurch.org\/wp-content\/uploads\/2021\/01\/vertical_episcopal_logo.jpg","width":770,"height":662,"caption":"The Episcopal Church"},"image":{"@id":"https:\/\/www.episcopalchurch.org\/#\/schema\/logo\/image\/"},"sameAs":["https:\/\/www.facebook.com\/episcopalian","https:\/\/x.com\/iamepiscopalian","https:\/\/www.youtube.com\/channel\/UCdVJpxCtK41c_-p6EaE4_2A"]}]}},"taxonomy_info":[],"featured_image_src_large":["https:\/\/www.episcopalchurch.org\/wp-content\/uploads\/2020\/11\/Creation_Care_Square_Social_Media_Only.png",751,751,false],"author_info":{"display_name":"Scott Rands","author_link":"https:\/\/www.episcopalchurch.org\/es\/author\/srandsepiscopalchurch-org\/"},"comment_info":"","uagb_featured_image_src":{"full":["https:\/\/www.episcopalchurch.org\/wp-content\/uploads\/2020\/11\/Creation_Care_Square_Social_Media_Only.png",751,751,false],"thumbnail":["https:\/\/www.episcopalchurch.org\/wp-content\/uploads\/2020\/11\/Creation_Care_Square_Social_Media_Only-150x150.png",150,150,true],"medium":["https:\/\/www.episcopalchurch.org\/wp-content\/uploads\/2020\/11\/Creation_Care_Square_Social_Media_Only-300x300.png",300,300,true],"medium_large":["https:\/\/www.episcopalchurch.org\/wp-content\/uploads\/2020\/11\/Creation_Care_Square_Social_Media_Only.png",751,751,false],"large":["https:\/\/www.episcopalchurch.org\/wp-content\/uploads\/2020\/11\/Creation_Care_Square_Social_Media_Only.png",751,751,false],"1536x1536":["https:\/\/www.episcopalchurch.org\/wp-content\/uploads\/2020\/11\/Creation_Care_Square_Social_Media_Only.png",751,751,false],"2048x2048":["https:\/\/www.episcopalchurch.org\/wp-content\/uploads\/2020\/11\/Creation_Care_Square_Social_Media_Only.png",751,751,false],"menu":["https:\/\/www.episcopalchurch.org\/wp-content\/uploads\/2020\/11\/Creation_Care_Square_Social_Media_Only-330x200.png",330,200,true],"hero":["https:\/\/www.episcopalchurch.org\/wp-content\/uploads\/2020\/11\/Creation_Care_Square_Social_Media_Only-751x550.png",751,550,true],"callout-image":["https:\/\/www.episcopalchurch.org\/wp-content\/uploads\/2020\/11\/Creation_Care_Square_Social_Media_Only-480x480.png",480,480,true]},"uagb_author_info":{"display_name":"Scott Rands","author_link":"https:\/\/www.episcopalchurch.org\/es\/author\/srandsepiscopalchurch-org\/"},"uagb_comment_info":0,"uagb_excerpt":"Conferencia de las Naciones Unidas sobre el Cambio Clim\u00e1tico (COP28)&nbsp; A ra\u00edz de la hist\u00f3rica cumbre del Acuerdo de Par\u00eds en 2015, el Obispo Presidente de la Iglesia Episcopal envi\u00f3 una delegaci\u00f3n a la Conferencia de las Partes (COP), la cumbre anual de las Naciones Unidas sobre el cambio clim\u00e1tico. La 28\u00aa sesi\u00f3n de la&hellip;","_links":{"self":[{"href":"https:\/\/www.episcopalchurch.org\/es\/wp-json\/wp\/v2\/pages\/297798","targetHints":{"allow":["GET"]}}],"collection":[{"href":"https:\/\/www.episcopalchurch.org\/es\/wp-json\/wp\/v2\/pages"}],"about":[{"href":"https:\/\/www.episcopalchurch.org\/es\/wp-json\/wp\/v2\/types\/page"}],"author":[{"embeddable":true,"href":"https:\/\/www.episcopalchurch.org\/es\/wp-json\/wp\/v2\/users\/12"}],"replies":[{"embeddable":true,"href":"https:\/\/www.episcopalchurch.org\/es\/wp-json\/wp\/v2\/comments?post=297798"}],"version-history":[{"count":0,"href":"https:\/\/www.episcopalchurch.org\/es\/wp-json\/wp\/v2\/pages\/297798\/revisions"}],"up":[{"embeddable":true,"href":"https:\/\/www.episcopalchurch.org\/es\/wp-json\/wp\/v2\/pages\/177437"}],"wp:featuredmedia":[{"embeddable":true,"href":"https:\/\/www.episcopalchurch.org\/es\/wp-json\/wp\/v2\/media\/198084"}],"wp:attachment":[{"href":"https:\/\/www.episcopalchurch.org\/es\/wp-json\/wp\/v2\/media?parent=297798"}],"curies":[{"name":"wp","href":"https:\/\/api.w.org\/{rel}","templated":true}]}}