{"id":162383,"date":"2016-05-05T03:26:12","date_gmt":"2016-05-05T07:26:12","guid":{"rendered":"http:\/\/episcopalchurch:8888\/sermon\/dia-de-la-ascension-c-2016\/"},"modified":"2021-08-12T13:04:35","modified_gmt":"2021-08-12T17:04:35","slug":"dia-de-la-ascension-c-2016","status":"publish","type":"sermon","link":"https:\/\/www.episcopalchurch.org\/es\/sermon\/dia-de-la-ascension-c-2016\/","title":{"rendered":"D\u00eda de la Ascensi\u00f3n (C) &#8211; 2016"},"content":{"rendered":"\n<p>La forma en la que nos comportamos como personas de fe a veces parece un misterio. Muchas personas vienen y van de la iglesia con poco sentido de compromiso. A veces llegamos por necesidad en otras ocasiones se nos nota m\u00e1s en los tiempos de reflexi\u00f3n como por ejemplo durante las \u00e9pocas de adviento y de cuaresma. Esto se manifiesta en varias formas:<\/p>\n\n\n\n<p>observan una actitud de reflexi\u00f3n diaria, usan el Oficio Diario y saben qu\u00e9 lecturas toca leer.<\/p>\n\n\n\n<p>tienden a detenerse un poco para Jes\u00fas el d\u00eda que utilizan para acercarse al templo a adorar y dar gracias por sus bendiciones.<\/p>\n\n\n\n<p>prestan atenci\u00f3n a los momentos lit\u00fargicos que bien pudi\u00e9ramos llamar fuertes, cuando se cambia de una estaci\u00f3n a la otra. Esos son los d\u00edas que quieren asistir al templo.<\/p>\n\n\n\n<p>asisten a los cultos cuando pueden.<\/p>\n\n\n\n<p>sienten que dando y haciendo es la mejor forma de dar testimonio.<\/p>\n\n\n\n<p>no saben qu\u00e9 est\u00e1 sucediendo, pero se definen como parte de la comunidad de fe y esto es v\u00e1lido.<\/p>\n\n\n\n<p>\u00bfHaz escuchado a alguien decir\u2026?<\/p>\n\n\n\n<p>\u201csoy cristiano pero, no soy miembro de una iglesia\u201d. O \u201csoy cristiano pero no soy practicante\u201d. O incluso, \u201cCreo en Dios pero no me gusta ir a la iglesia\u201d.<\/p>\n\n\n\n<p>Todas estas explicaciones cuentan una historia de unas personas que declaran, de una forma u otra, que creen en Dios.<\/p>\n\n\n\n<p>En el libro de los Hechos de los Ap\u00f3stoles los reunidos con Jes\u00fas le preguntan:<\/p>\n\n\n\n<p>\u201c\u00bfVas a restablecer en este momento el reino de Israel?\u201d Jes\u00fas les responde:<\/p>\n\n\n\n<p>\u201c\u2026cuando el Esp\u00edritu Santo venga sobre ustedes, recibir\u00e1n poder y saldr\u00e1n a dar testimonio de m\u00ed\u201d.<\/p>\n\n\n\n<p>\u00bfQui\u00e9nes eran las personas que estaban reunidas con Jes\u00fas ese d\u00eda?<\/p>\n\n\n\n<p>De cierto, no sabemos mucho de los detalles de la vida de cada persona que estuvo all\u00ed, ni tampoco sabemos c\u00f3mo estaban aprendiendo a vivir su fe.<\/p>\n\n\n\n<p>Aunque no sabemos qui\u00e9nes estaban alrededor de Jes\u00fas, conocemos muchas historias de los evangelios donde Jes\u00fas tuvo encuentros con personas que muchos hubieran ignorado. Podemos ubicar en ese grupo no s\u00f3lo a los disc\u00edpulos, sino tambi\u00e9n a quienes nosotros no esperamos que est\u00e9n. Especialmente esas personas despreciadas, que en alg\u00fan momento hemos evitado mirar o ayudar, por la raz\u00f3n que sea.<\/p>\n\n\n\n<p>La Iglesia Cristiana se forma de muchas comunidades y las comunidades a su vez de personas. Como cristianos podemos usar estos momentos del a\u00f1o lit\u00fargico, los que nos recuerdan qui\u00e9nes somos, para ser transformados. Nuestro punto de partida para esta transformaci\u00f3n radica en nuestra identidad cristiana. Ser\u00e1 muy dif\u00edcil lograr cambios si no reconocemos qui\u00e9nes somos.<\/p>\n\n\n\n<p>Ese d\u00eda de la ascensi\u00f3n los que estaban presentes sab\u00edan cu\u00e1l era su punto de partida y qu\u00e9 quer\u00edan. Como cristianas y cristianos \u00bfqu\u00e9 queremos?<\/p>\n\n\n\n<p>No nos basta con estar en el mismo lugar con Jes\u00fas, tenemos que saber por qu\u00e9 estamos all\u00ed y para qu\u00e9. De otra manera no sabremos qu\u00e9 sucede y siendo ignorantes en la fe no podemos testimoniar qui\u00e9n es Jes\u00fas en nuestras vidas.<\/p>\n\n\n\n<p>Los disc\u00edpulos no ten\u00edan manera de saber que Jes\u00fas en alg\u00fan momento iniciar\u00eda su ascenso al cielo, pero ya le hab\u00edan reconocido como Cristo Resucitado y esto nos dice que sab\u00edan por qu\u00e9 estaban all\u00ed.<\/p>\n\n\n\n<p>Las personas presentes dieron testimonio de lo que vieron.<\/p>\n\n\n\n<p>Hoy nosotros tenemos el privilegio de contar con un libro que es el resultado de un trabajo continuo de generaci\u00f3n a generaci\u00f3n en compromiso y fidelidad a Dios, dando testimonio de su grandeza. La Biblia es un resultado tangible de lo que puede suceder cuando hemos sido buenos testigos y decidimos dar testimonio con nuestras palabras y acciones. Al navegar la internet es f\u00e1cil encontrarse con definiciones para estos dos t\u00e9rminos: Testigo y Testimonio.<\/p>\n\n\n\n<p>Primera definici\u00f3n de \u201ctestigo\u201d:<\/p>\n\n\n\n<p>Una persona que est\u00e1 presente en un acto o en una acci\u00f3n, con o sin intenci\u00f3n de dar testimonio de lo que ha ocurrido.<\/p>\n\n\n\n<p>La segunda definici\u00f3n de \u201ctestigo\u201d es la siguiente:<\/p>\n\n\n\n<p>\u2026la persona que ha presenciado un hecho determinado o sabe alguna cosa y declara en un juicio dando testimonio de ello.<\/p>\n\n\n\n<p>Ahora la palabra \u201ctestimonio\u201d:<\/p>\n\n\n\n<p>Primera definici\u00f3n:<\/p>\n\n\n\n<p>Es una declaraci\u00f3n que hace una persona para demostrar o asegurar la veracidad de un hecho por haber sido testigo de \u00e9l.<\/p>\n\n\n\n<p>Segunda definici\u00f3n:<\/p>\n\n\n\n<p>Es una prueba que sirve para confirmar la verdad o la existencia de una cosa.<\/p>\n\n\n\n<p>Quien ha estado presente y es testigo no tiene que testimoniar. Pero descrito est\u00e1 en las lecturas de hoy, lo que sucedi\u00f3 despu\u00e9s que vieron a nuestro Se\u00f1or Jes\u00fas subir a los cielos. San Lucas lo describe as\u00ed:<\/p>\n\n\n\n<p>\u201cY mientras los bendec\u00eda, se apart\u00f3 de ellos y fue llevado al cielo. Ellos, despu\u00e9s de adorarlo, volvieron a Jerusal\u00e9n muy contentos. Y estaban siempre en el templo, alabando a Dios\u201d.<\/p>\n\n\n\n<p>Cuando estamos muy motivados y algo nos conmueve nos gusta ser testigos y decidimos con mucha facilidad dar testimonio de lo vivido y de lo que sentimos, y m\u00e1s especial a\u00fan: c\u00f3mo eso ha cambiado nuestras vidas. Esa fue la experiencia que ellas y ellos vivieron y como resultado, nos dice la lectura al final: \u201csiempre estaban en el templo alabando a Dios\u201d.<\/p>\n\n\n\n<p>\u00bfPor qu\u00e9 voy al templo?<\/p>\n\n\n\n<p>\u00bfQu\u00e9 har\u00e9 hoy al salir de la Iglesia con eso que viv\u00ed?<\/p>\n\n\n\n<p>Cada individuo es un ser especial. Los pastores se enfocan con mucha frecuencia en los sermones, pero pudiera ser que, el c\u00f3mo me recibiste, fue lo que me cautiv\u00f3. Quiz\u00e1s fue el canto final o c\u00f3mo el grupo de ni\u00f1os actu\u00f3 en el drama que fue parte de la ofrenda a Dios ese d\u00eda.<\/p>\n\n\n\n<p>Quienes presenciaron la Ascensi\u00f3n de Jesucristo hab\u00edan sido escogidos por Dios pod\u00eda haber sido su prop\u00f3sito de vida. Por medio de ellos y ellas\u2014de su testimonio\u2014conocemos lo que sucedi\u00f3. Pero m\u00e1s a\u00fan, reconocemos que hoy nuestro llamado nos empuja a no s\u00f3lo ser actores principales y l\u00edderes del cristianismo, tenemos que ser tambi\u00e9n testigos, y dar testimonio de qui\u00e9n es Cristo y de la forma c\u00f3mo d\u00eda a d\u00eda sigue llen\u00e1ndonos de su luz y amor.<\/p>\n\n\n\n<p>Efesios cap\u00edtulo uno, vers\u00edculo dieciocho dice:<\/p>\n\n\n\n<p>Pido que Dios les ilumine la mente, para que sepan cu\u00e1l es la esperanza a la que han sido llamados, cu\u00e1n gloriosa y rica es la herencia que Dios da al pueblo santo\u2026\u201d<\/p>\n\n\n\n<p>Hoy no diremos cu\u00e1l es la herencia que Dios le ha dado a quienes forman parte de la Iglesia de este siglo, consideramos que en un tiempo tan importante el pueblo de Dios debe detenerse para internalizar la respuesta a la interrogante que nace de nuestra ep\u00edstola de hoy:<\/p>\n\n\n\n<p>\u00bfCu\u00e1l es la herencia que Dios me ha dado? \u00bfC\u00f3mo soy yo llamado a testimoniar esa herencia?<\/p>\n\n\n\n<p>\u201cY mientras los bendec\u00eda, se apart\u00f3 de ellos y fue llevado al cielo. Ellos, despu\u00e9s de adorarlo, volvieron a Jerusal\u00e9n muy contentos. Y estaban siempre en el templo, alabando a Dios\u201d.<\/p>\n\n\n\n<p>Cuando estamos muy motivados y algo nos conmueve nos gusta ser testigos y decidimos con&nbsp;mucha facilidad dar testimonio de lo vivido y de lo que sentimos, y m\u00e1s especial a\u00fan: c\u00f3mo eso&nbsp;ha cambiado nuestras vidas. Esa fue la experiencia que ellas y ellos vivieron y como resultado,nos dice la lectura al final: \u201csiempre estaban en el templo alabando a Dios\u201d.<\/p>\n\n\n\n<p>\u00bfPor qu\u00e9 voy al templo?<\/p>\n\n\n\n<p>\u00bfQu\u00e9 har\u00e9 hoy al salir de la Iglesia con eso que viv\u00ed?<\/p>\n\n\n\n<p>Cada individuo es un ser especial. Los pastores se enfocan con mucha frecuencia en los sermones, pero pudiera ser que, el c\u00f3mo me recibiste, fue lo que me cautiv\u00f3. Quiz\u00e1s fue el canto final o c\u00f3mo el grupo de ni\u00f1os actu\u00f3 en el drama que fue parte de la ofrenda a Dios ese d\u00eda.<\/p>\n\n\n\n<p>Quienes presenciaron la Ascensi\u00f3n de Jesucristo hab\u00edan<\/p>\n\n\n\n<p>sido escogidos por Dios pod\u00eda&nbsp;haber&nbsp;sido su prop\u00f3sito de vida. Por medio de ellos y ellas\u2014de su testimonio\u2014conocemos lo quesucedi\u00f3. Pero m\u00e1s a\u00fan,&nbsp;reconocemos que hoy nuestro llamado nos empuja a no s\u00f3lo&nbsp;ser actores&nbsp;principales y l\u00edderes del cristianismo, tenemos que ser tambi\u00e9n testigos, y dar testimonio de qui\u00e9n es Cristo y de la forma c\u00f3mo d\u00eda a d\u00eda sigue llen\u00e1ndonos de su luz y amor.<\/p>\n\n\n\n<p>Efesios cap\u00edtulo uno, vers\u00edculo dieciocho dice:<\/p>\n\n\n\n<p>Pido que Dios les ilumine la mente, para que sepan cu\u00e1l es la esperanza a la que han sido&nbsp;llamados, cu\u00e1n gloriosa y rica es la herencia que Dios da al pueblo santo\u2026\u201dHoy no diremos cu\u00e1l es la herencia que Dios le ha dado a quienes forman parte de la Iglesia de&nbsp;este siglo, consideramos que en un tiempo tan importante&nbsp;el pueblo de Dios debe detenerse para&nbsp;internalizar la respuesta a la interrogante que nace de nuestra ep\u00edstola de hoy:&nbsp;\u00bfCu\u00e1l es la herencia que Dios me ha dado? \u00bfC\u00f3mo soy yo llamado a testimoniar esa herencia?<\/p>\n","protected":false},"featured_media":201217,"template":"","meta":{"_acf_changed":false,"_uag_custom_page_level_css":"","_kad_blocks_custom_css":"","_kad_blocks_head_custom_js":"","_kad_blocks_body_custom_js":"","_kad_blocks_footer_custom_js":"","_kadence_starter_templates_imported_post":false,"_links_to":"","_links_to_target":""},"categories":[1141,1019],"class_list":["post-162383","sermon","type-sermon","status-publish","has-post-thumbnail","hentry","category-ascension-day","category-pascua-c"],"acf":{"sermon_date":"2016-05-06","drupal_id":"303496","sermon_language":"es","lectionary_id":false,"author_id":168979,"sermon_other_translation":false},"yoast_head":"<!-- This site is optimized with the Yoast SEO Premium plugin v24.6 (Yoast SEO v26.3) - https:\/\/yoast.com\/wordpress\/plugins\/seo\/ -->\n<title>D\u00eda de la Ascensi\u00f3n (C) - 2016 &#8211; The Episcopal Church<\/title>\n<meta name=\"robots\" content=\"index, follow, max-snippet:-1, max-image-preview:large, max-video-preview:-1\" \/>\n<link rel=\"canonical\" href=\"https:\/\/www.episcopalchurch.org\/es\/sermon\/dia-de-la-ascension-c-2016\/\" \/>\n<meta property=\"og:locale\" content=\"es_ES\" \/>\n<meta property=\"og:type\" content=\"article\" \/>\n<meta property=\"og:title\" content=\"D\u00eda de la Ascensi\u00f3n (C) - 2016\" \/>\n<meta property=\"og:description\" content=\"La forma en la que nos comportamos como personas de fe a veces parece un misterio. Muchas personas vienen y van de la iglesia con poco sentido de compromiso. A veces llegamos por necesidad en otras ocasiones se nos nota m\u00e1s en los tiempos de reflexi\u00f3n como por ejemplo durante las \u00e9pocas de adviento y [&hellip;]\" \/>\n<meta property=\"og:url\" content=\"https:\/\/www.episcopalchurch.org\/es\/sermon\/dia-de-la-ascension-c-2016\/\" \/>\n<meta property=\"og:site_name\" content=\"The Episcopal Church\" \/>\n<meta property=\"article:publisher\" content=\"https:\/\/www.facebook.com\/episcopalian\" \/>\n<meta property=\"article:modified_time\" content=\"2021-08-12T17:04:35+00:00\" \/>\n<meta property=\"og:image\" content=\"https:\/\/www.episcopalchurch.org\/wp-content\/uploads\/2020\/12\/Sermons_that_Work_Spanish_SQ.png\" \/>\n\t<meta property=\"og:image:width\" content=\"928\" \/>\n\t<meta property=\"og:image:height\" content=\"927\" \/>\n\t<meta property=\"og:image:type\" content=\"image\/png\" \/>\n<meta name=\"twitter:card\" content=\"summary_large_image\" \/>\n<meta name=\"twitter:site\" content=\"@iamepiscopalian\" \/>\n<meta name=\"twitter:label1\" content=\"Est. reading time\" \/>\n\t<meta name=\"twitter:data1\" content=\"7 minutes\" \/>\n<script type=\"application\/ld+json\" class=\"yoast-schema-graph\">{\"@context\":\"https:\/\/schema.org\",\"@graph\":[{\"@type\":\"WebPage\",\"@id\":\"https:\/\/www.episcopalchurch.org\/es\/sermon\/dia-de-la-ascension-c-2016\/\",\"url\":\"https:\/\/www.episcopalchurch.org\/es\/sermon\/dia-de-la-ascension-c-2016\/\",\"name\":\"D\u00eda de la Ascensi\u00f3n (C) - 2016 &#8211; The Episcopal Church\",\"isPartOf\":{\"@id\":\"https:\/\/www.episcopalchurch.org\/#website\"},\"primaryImageOfPage\":{\"@id\":\"https:\/\/www.episcopalchurch.org\/es\/sermon\/dia-de-la-ascension-c-2016\/#primaryimage\"},\"image\":{\"@id\":\"https:\/\/www.episcopalchurch.org\/es\/sermon\/dia-de-la-ascension-c-2016\/#primaryimage\"},\"thumbnailUrl\":\"https:\/\/www.episcopalchurch.org\/wp-content\/uploads\/2020\/12\/Sermons_that_Work_Spanish_SQ.png\",\"datePublished\":\"2016-05-05T07:26:12+00:00\",\"dateModified\":\"2021-08-12T17:04:35+00:00\",\"breadcrumb\":{\"@id\":\"https:\/\/www.episcopalchurch.org\/es\/sermon\/dia-de-la-ascension-c-2016\/#breadcrumb\"},\"inLanguage\":\"es-ES\",\"potentialAction\":[{\"@type\":\"ReadAction\",\"target\":[\"https:\/\/www.episcopalchurch.org\/es\/sermon\/dia-de-la-ascension-c-2016\/\"]}]},{\"@type\":\"ImageObject\",\"inLanguage\":\"es-ES\",\"@id\":\"https:\/\/www.episcopalchurch.org\/es\/sermon\/dia-de-la-ascension-c-2016\/#primaryimage\",\"url\":\"https:\/\/www.episcopalchurch.org\/wp-content\/uploads\/2020\/12\/Sermons_that_Work_Spanish_SQ.png\",\"contentUrl\":\"https:\/\/www.episcopalchurch.org\/wp-content\/uploads\/2020\/12\/Sermons_that_Work_Spanish_SQ.png\",\"width\":928,\"height\":927,\"caption\":\"Sermones Que Iluminan\"},{\"@type\":\"BreadcrumbList\",\"@id\":\"https:\/\/www.episcopalchurch.org\/es\/sermon\/dia-de-la-ascension-c-2016\/#breadcrumb\",\"itemListElement\":[{\"@type\":\"ListItem\",\"position\":1,\"name\":\"Home\",\"item\":\"https:\/\/www.episcopalchurch.org\/\"},{\"@type\":\"ListItem\",\"position\":2,\"name\":\"D\u00eda de la Ascensi\u00f3n (C) &#8211; 2016\"}]},{\"@type\":\"WebSite\",\"@id\":\"https:\/\/www.episcopalchurch.org\/#website\",\"url\":\"https:\/\/www.episcopalchurch.org\/\",\"name\":\"The Episcopal Church\",\"description\":\"Welcomes You\",\"publisher\":{\"@id\":\"https:\/\/www.episcopalchurch.org\/#organization\"},\"potentialAction\":[{\"@type\":\"SearchAction\",\"target\":{\"@type\":\"EntryPoint\",\"urlTemplate\":\"https:\/\/www.episcopalchurch.org\/?s={search_term_string}\"},\"query-input\":{\"@type\":\"PropertyValueSpecification\",\"valueRequired\":true,\"valueName\":\"search_term_string\"}}],\"inLanguage\":\"es-ES\"},{\"@type\":\"Organization\",\"@id\":\"https:\/\/www.episcopalchurch.org\/#organization\",\"name\":\"The Episcopal Church\",\"url\":\"https:\/\/www.episcopalchurch.org\/\",\"logo\":{\"@type\":\"ImageObject\",\"inLanguage\":\"es-ES\",\"@id\":\"https:\/\/www.episcopalchurch.org\/#\/schema\/logo\/image\/\",\"url\":\"https:\/\/www.episcopalchurch.org\/wp-content\/uploads\/2021\/01\/vertical_episcopal_logo.jpg\",\"contentUrl\":\"https:\/\/www.episcopalchurch.org\/wp-content\/uploads\/2021\/01\/vertical_episcopal_logo.jpg\",\"width\":770,\"height\":662,\"caption\":\"The Episcopal Church\"},\"image\":{\"@id\":\"https:\/\/www.episcopalchurch.org\/#\/schema\/logo\/image\/\"},\"sameAs\":[\"https:\/\/www.facebook.com\/episcopalian\",\"https:\/\/x.com\/iamepiscopalian\",\"https:\/\/www.youtube.com\/channel\/UCdVJpxCtK41c_-p6EaE4_2A\"]}]}<\/script>\n<!-- \/ Yoast SEO Premium plugin. -->","yoast_head_json":{"title":"D\u00eda de la Ascensi\u00f3n (C) - 2016 &#8211; The Episcopal Church","robots":{"index":"index","follow":"follow","max-snippet":"max-snippet:-1","max-image-preview":"max-image-preview:large","max-video-preview":"max-video-preview:-1"},"canonical":"https:\/\/www.episcopalchurch.org\/es\/sermon\/dia-de-la-ascension-c-2016\/","og_locale":"es_ES","og_type":"article","og_title":"D\u00eda de la Ascensi\u00f3n (C) - 2016","og_description":"La forma en la que nos comportamos como personas de fe a veces parece un misterio. Muchas personas vienen y van de la iglesia con poco sentido de compromiso. A veces llegamos por necesidad en otras ocasiones se nos nota m\u00e1s en los tiempos de reflexi\u00f3n como por ejemplo durante las \u00e9pocas de adviento y [&hellip;]","og_url":"https:\/\/www.episcopalchurch.org\/es\/sermon\/dia-de-la-ascension-c-2016\/","og_site_name":"The Episcopal Church","article_publisher":"https:\/\/www.facebook.com\/episcopalian","article_modified_time":"2021-08-12T17:04:35+00:00","og_image":[{"width":928,"height":927,"url":"https:\/\/www.episcopalchurch.org\/wp-content\/uploads\/2020\/12\/Sermons_that_Work_Spanish_SQ.png","type":"image\/png"}],"twitter_card":"summary_large_image","twitter_site":"@iamepiscopalian","twitter_misc":{"Est. reading time":"7 minutes"},"schema":{"@context":"https:\/\/schema.org","@graph":[{"@type":"WebPage","@id":"https:\/\/www.episcopalchurch.org\/es\/sermon\/dia-de-la-ascension-c-2016\/","url":"https:\/\/www.episcopalchurch.org\/es\/sermon\/dia-de-la-ascension-c-2016\/","name":"D\u00eda de la Ascensi\u00f3n (C) - 2016 &#8211; The Episcopal Church","isPartOf":{"@id":"https:\/\/www.episcopalchurch.org\/#website"},"primaryImageOfPage":{"@id":"https:\/\/www.episcopalchurch.org\/es\/sermon\/dia-de-la-ascension-c-2016\/#primaryimage"},"image":{"@id":"https:\/\/www.episcopalchurch.org\/es\/sermon\/dia-de-la-ascension-c-2016\/#primaryimage"},"thumbnailUrl":"https:\/\/www.episcopalchurch.org\/wp-content\/uploads\/2020\/12\/Sermons_that_Work_Spanish_SQ.png","datePublished":"2016-05-05T07:26:12+00:00","dateModified":"2021-08-12T17:04:35+00:00","breadcrumb":{"@id":"https:\/\/www.episcopalchurch.org\/es\/sermon\/dia-de-la-ascension-c-2016\/#breadcrumb"},"inLanguage":"es-ES","potentialAction":[{"@type":"ReadAction","target":["https:\/\/www.episcopalchurch.org\/es\/sermon\/dia-de-la-ascension-c-2016\/"]}]},{"@type":"ImageObject","inLanguage":"es-ES","@id":"https:\/\/www.episcopalchurch.org\/es\/sermon\/dia-de-la-ascension-c-2016\/#primaryimage","url":"https:\/\/www.episcopalchurch.org\/wp-content\/uploads\/2020\/12\/Sermons_that_Work_Spanish_SQ.png","contentUrl":"https:\/\/www.episcopalchurch.org\/wp-content\/uploads\/2020\/12\/Sermons_that_Work_Spanish_SQ.png","width":928,"height":927,"caption":"Sermones Que Iluminan"},{"@type":"BreadcrumbList","@id":"https:\/\/www.episcopalchurch.org\/es\/sermon\/dia-de-la-ascension-c-2016\/#breadcrumb","itemListElement":[{"@type":"ListItem","position":1,"name":"Home","item":"https:\/\/www.episcopalchurch.org\/"},{"@type":"ListItem","position":2,"name":"D\u00eda de la Ascensi\u00f3n (C) &#8211; 2016"}]},{"@type":"WebSite","@id":"https:\/\/www.episcopalchurch.org\/#website","url":"https:\/\/www.episcopalchurch.org\/","name":"The Episcopal Church","description":"Welcomes You","publisher":{"@id":"https:\/\/www.episcopalchurch.org\/#organization"},"potentialAction":[{"@type":"SearchAction","target":{"@type":"EntryPoint","urlTemplate":"https:\/\/www.episcopalchurch.org\/?s={search_term_string}"},"query-input":{"@type":"PropertyValueSpecification","valueRequired":true,"valueName":"search_term_string"}}],"inLanguage":"es-ES"},{"@type":"Organization","@id":"https:\/\/www.episcopalchurch.org\/#organization","name":"The Episcopal Church","url":"https:\/\/www.episcopalchurch.org\/","logo":{"@type":"ImageObject","inLanguage":"es-ES","@id":"https:\/\/www.episcopalchurch.org\/#\/schema\/logo\/image\/","url":"https:\/\/www.episcopalchurch.org\/wp-content\/uploads\/2021\/01\/vertical_episcopal_logo.jpg","contentUrl":"https:\/\/www.episcopalchurch.org\/wp-content\/uploads\/2021\/01\/vertical_episcopal_logo.jpg","width":770,"height":662,"caption":"The Episcopal Church"},"image":{"@id":"https:\/\/www.episcopalchurch.org\/#\/schema\/logo\/image\/"},"sameAs":["https:\/\/www.facebook.com\/episcopalian","https:\/\/x.com\/iamepiscopalian","https:\/\/www.youtube.com\/channel\/UCdVJpxCtK41c_-p6EaE4_2A"]}]}},"taxonomy_info":{"category":[{"value":1141,"label":"Ascension Day"},{"value":1019,"label":"Pascua C"}]},"featured_image_src_large":["https:\/\/www.episcopalchurch.org\/wp-content\/uploads\/2020\/12\/Sermons_that_Work_Spanish_SQ.png",928,927,false],"author_info":[],"comment_info":"","uagb_featured_image_src":{"full":["https:\/\/www.episcopalchurch.org\/wp-content\/uploads\/2020\/12\/Sermons_that_Work_Spanish_SQ.png",928,927,false],"thumbnail":["https:\/\/www.episcopalchurch.org\/wp-content\/uploads\/2020\/12\/Sermons_that_Work_Spanish_SQ-150x150.png",150,150,true],"medium":["https:\/\/www.episcopalchurch.org\/wp-content\/uploads\/2020\/12\/Sermons_that_Work_Spanish_SQ-300x300.png",300,300,true],"medium_large":["https:\/\/www.episcopalchurch.org\/wp-content\/uploads\/2020\/12\/Sermons_that_Work_Spanish_SQ-768x767.png",768,767,true],"large":["https:\/\/www.episcopalchurch.org\/wp-content\/uploads\/2020\/12\/Sermons_that_Work_Spanish_SQ.png",928,927,false],"1536x1536":["https:\/\/www.episcopalchurch.org\/wp-content\/uploads\/2020\/12\/Sermons_that_Work_Spanish_SQ.png",928,927,false],"2048x2048":["https:\/\/www.episcopalchurch.org\/wp-content\/uploads\/2020\/12\/Sermons_that_Work_Spanish_SQ.png",928,927,false],"menu":["https:\/\/www.episcopalchurch.org\/wp-content\/uploads\/2020\/12\/Sermons_that_Work_Spanish_SQ-330x200.png",330,200,true],"hero":["https:\/\/www.episcopalchurch.org\/wp-content\/uploads\/2020\/12\/Sermons_that_Work_Spanish_SQ-928x550.png",928,550,true],"callout-image":["https:\/\/www.episcopalchurch.org\/wp-content\/uploads\/2020\/12\/Sermons_that_Work_Spanish_SQ-480x479.png",480,479,true]},"uagb_author_info":{"display_name":"Scott Rands","author_link":"https:\/\/www.episcopalchurch.org\/es\/author\/"},"uagb_comment_info":0,"uagb_excerpt":"La forma en la que nos comportamos como personas de fe a veces parece un misterio. Muchas personas vienen y van de la iglesia con poco sentido de compromiso. A veces llegamos por necesidad en otras ocasiones se nos nota m\u00e1s en los tiempos de reflexi\u00f3n como por ejemplo durante las \u00e9pocas de adviento y&hellip;","_links":{"self":[{"href":"https:\/\/www.episcopalchurch.org\/es\/wp-json\/wp\/v2\/sermon\/162383","targetHints":{"allow":["GET"]}}],"collection":[{"href":"https:\/\/www.episcopalchurch.org\/es\/wp-json\/wp\/v2\/sermon"}],"about":[{"href":"https:\/\/www.episcopalchurch.org\/es\/wp-json\/wp\/v2\/types\/sermon"}],"wp:featuredmedia":[{"embeddable":true,"href":"https:\/\/www.episcopalchurch.org\/es\/wp-json\/wp\/v2\/media\/201217"}],"wp:attachment":[{"href":"https:\/\/www.episcopalchurch.org\/es\/wp-json\/wp\/v2\/media?parent=162383"}],"wp:term":[{"taxonomy":"category","embeddable":true,"href":"https:\/\/www.episcopalchurch.org\/es\/wp-json\/wp\/v2\/categories?post=162383"}],"curies":[{"name":"wp","href":"https:\/\/api.w.org\/{rel}","templated":true}]}}