{"id":162484,"date":"2012-12-09T15:52:21","date_gmt":"2012-12-09T20:52:21","guid":{"rendered":"http:\/\/episcopalchurch:8888\/sermon\/adviento-2-c-2012\/"},"modified":"2020-12-03T10:42:10","modified_gmt":"2020-12-03T15:42:10","slug":"adviento-2-c-2012","status":"publish","type":"sermon","link":"https:\/\/www.episcopalchurch.org\/es\/sermon\/adviento-2-c-2012\/","title":{"rendered":"Adviento 2 (C) &#8211; 2012"},"content":{"rendered":"<hr \/>\n<p>Celebramos el segundo domingo de adviento. Comenzamos un a\u00f1o m\u00e1s un nuevo camino hacia la Navidad. Un camino al encuentro de aquel Jes\u00fas que es la clave que da sentido a nuestra existencia.<\/p>\n\n<p>El domingo pasado inici\u00e1bamos el camino del adviento. Por esto, es favorable preguntarnos, \u00bfqu\u00e9 sentido tiene para nosotros como creyentes hoy? Son cuatro semanas, como cuatro etapas en el camino que nos lleva al misterio central. Un tiempo que deber\u00edamos vivirlo intensamente. Es la b\u00fasqueda de Dios. Una \u00e9poca de esperanza, porque al final del camino nos encontraremos con aquel que es la raz\u00f3n de nuestra espera.<\/p>\n\n<p>Las lecturas de hoy nos invitan a celebrar, a vivir la alegr\u00eda, a la acci\u00f3n de gracias, a la solidaridad, a animarnos en la esperanza y a prepararnos para recibir el cambio que Dios va a producir en nosotros y en el mundo.<\/p>\n\n<p>As\u00ed lo expresa Baruc en su libro animando a Jerusal\u00e9n que ha sufrido el terrible dolor del destierro: \u201cV\u00edstete la t\u00fanica de la victoria de Dios, y ponte en la cabeza la gloria del eterno. Pues el nombre eterno que Dios te da es: Paz en la justicia y gloria en el servicio a Dios\u201d (Baruc 5:2-4).<\/p>\n\n<p>El dolor y la destrucci\u00f3n causado por el destierro a Babilonia se convertir\u00e1 en gozo y alegr\u00eda por la noticia del regreso. Dios en persona es el que cambia el castigo en liberaci\u00f3n. El esplendor de Jerusal\u00e9n se extender\u00e1 por toda&nbsp; la tierra&nbsp; y recibir\u00e1 un nombre simb\u00f3lico que exprese la paz. Este nombre es fruto de la justicia y la gloria que recibe por adorar al \u00fanico Se\u00f1or.<\/p>\n\n<p>El anuncio del retorno glorioso despert\u00f3 la esperanza dormida. As\u00ed lo expresa Baruc con fuerza de voluntad: \u201cLev\u00e1ntate, Jerusal\u00e9n, col\u00f3cate en lugar alto, mira hacia el Oriente y ver\u00e1s c\u00f3mo vienen tus hijos de Oriente y Occidente, reunidos por orden del Dios santo, alegres al ver que Dios se acord\u00f3 de ellos\u201d (Baruc 5:5).<\/p>\n\n<p>El triste viaje de partida al destierro exigido por el enemigo queda sanado con la vuelta majestuosa que el Se\u00f1or realiza en su pueblo que cree y conf\u00eda. Este relato no termina en queja, sino en esperanza. Su proyecci\u00f3n apunta a los tiempos mesi\u00e1nicos.<\/p>\n\n<p>De esta esperanza y de este nuevo tiempo nos habla hoy el evangelio de Lucas, al presentarnos a Juan el Bautista como figura clave y protagonista del tiempo de adviento. Juan el Bautista es un profeta de transici\u00f3n y esperanza y dio esperanza. As\u00ed lo escribi\u00f3 Lucas en su evangelio: \u201cPor aquel tiempo, Dios habl\u00f3 en el desierto a Juan, el hijo de Zacar\u00edas, y pas\u00f3 por todos los lugares junto al r\u00edo Jord\u00e1n, diciendo a la gente que ellos deb\u00edan volverse a Dios y ser bautizados para que Dios les perdonara sus pecados\u201d (Lucas 3:2-4).<\/p>\n\n<p>Juan fue un hombre que suscit\u00f3 esperanza. Israel estaba decepcionado, pasivo. Hac\u00eda mucho tiempo que no se escuchaban palabras alentadoras. Ya no hab\u00eda profetas en Israel. Todo el mundo sent\u00eda la necesidad de un cambio, la necesidad de la llegada de un mes\u00edas, pero nadie pensaba que fuese posible. Nadie indicaba por d\u00f3nde podr\u00eda aparecer. Como si Dios se hubiese olvidado de su pueblo.<\/p>\n\n<p>Dios, siempre fiel cumple sus promesas en el tiempo y momento oportuno. As\u00ed lo se\u00f1ala Lucas: \u201cEra el a\u00f1o quince del gobierno del emperador Tiberio y Poncio Pilato era gobernador de Judea\u201d (Lucas 3:1).<\/p>\n\n<p>Lucas, tomando modelo de los muchos relatos prof\u00e9ticos del Antiguo Testamento, se preocupa como historiador, de hacer una presentaci\u00f3n de fechas, lo m\u00e1s preciso posible, de la actividad prof\u00e9tica de Juan el Bautista. Con esto pone fin a la misi\u00f3n transitoria de Juan y da paso al nuevo tiempo que inaugura Jes\u00fas.<\/p>\n\n<p>La misi\u00f3n de Juan como profeta del adviento de Dios est\u00e1 claramente definida. As\u00ed lo dice Lucas citando al profeta Isa\u00edas: \u201cUna voz grita en el desierto: preparen el camino del Se\u00f1or, \u00e1branle un camino recto. Todo valle ser\u00e1 rellenado. Todo cerro y colina ser\u00e1 nivelado, los caminos torcidos ser\u00e1n enderezados, y allanados los caminos disparejos. Todo el mundo ver\u00e1 la salvaci\u00f3n que Dios env\u00eda\u201d (Lucas 3:4-7).<\/p>\n\n<p>Juan nos habla de Dios y de los caminos para preparar su venida. Este es el tiempo propicio para escuchar la llamada de Dios a una vida nueva y transformada. La salvaci\u00f3n viene siempre de una palabra.&nbsp; De la palabra que es Dios mismo.<\/p>\n\n<p>Hoy necesitamos escuchar profundamente la voz de Dios. La humanidad sigue necesitando hombres y mujeres atentos a escuchar la voz de Dios que haga efecto en nuestras actitudes y comportamientos y nos conduzca a encontrar la verdad del camino, a transformar nuestras vidas desde dentro de nosotros mismos.<\/p>\n\n<p>Juan era un profeta; y m\u00e1s que un profeta. Era el mensajero que ven\u00eda preparando caminos y enderezando senderos. Para nosotros hoy es una invitaci\u00f3n a un esfuerzo personal y colectivo para que desde una visi\u00f3n cr\u00edtica de la realidad trabajemos m\u00e1s para crear las condiciones que favorezcan la justicia, la libertad y la solidaridad.<\/p>\n\n<p>San Pablo tambi\u00e9n, cuando escribe a los filipenses, se refiere a la solidaridad y lo expresa as\u00ed: \u201cSiempre que rezo por ustedes, lo hago con gran alegr\u00eda. Porque han sido colaboradores m\u00edos en la obra del evangelio, desde el primer d\u00eda hasta hoy\u201d (Filipenses 1:4-6).<\/p>\n\n<p>La solidaridad es una tarea necesaria en el adviento. Es la recepci\u00f3n en nuestra vida de una voz que nos impulsa a llenarnos de amor y compasi\u00f3n para compartir con los m\u00e1s necesitados. Solo as\u00ed podremos celebrar el verdadero sentido de la Navidad. La solidariedad es el nombre del futuro y el precio de la esperanza.<\/p>\n\n<p>Entre nosotros, que nos consideramos cristianos, decimos muchas veces que una corriente de esperanza, de b\u00fasqueda de algo y de alguien es la sustancia del adviento. Pero la realidad de lo que vivimos en nuestros ambientes es radicalmente distinta, al parecer ya no esperamos nada.<\/p>\n\n<p>Un camino de adviento es llevar a los hombres y mujeres al descubrimiento de la esperanza. Pues parece y estamos seguros, que una crisis de esperanza est\u00e1 afectando a nuestra humanidad, ya que le falta la fe en s\u00ed mismo y la confianza en la vida.<\/p>\n\n<p>A nuestras comunidades les falta la vivencia de ser comunidades de esperanza. Sin que tenga nada que ver con el lenguaje pol\u00edtico, podr\u00edamos decir que a nosotros y a nuestras comunidades nos falta un rearme de esperanza. La esperanza bien podr\u00eda ser una tarea prioritaria del adviento.<\/p>\n\n<p>De todo esto, tenemos una profunda esperanza y una fiel promesa, as\u00ed lo expresa san Lucas hoy: \u201cY todos ver\u00e1n la salvaci\u00f3n de Dios\u201d (Lucas 3:6).<\/p>\n\n<p>Que en este adviento, mientras esperamos y preparamos el retorno definitivo del Hijo de Dios, cambiemos nuestras amarguras en gozo y alegr\u00eda, aut\u00e9nticos frutos de la justicia y el amor.<\/p>\n","protected":false},"featured_media":201217,"template":"","meta":{"_acf_changed":false,"_uag_custom_page_level_css":"","_kad_blocks_custom_css":"","_kad_blocks_head_custom_js":"","_kad_blocks_body_custom_js":"","_kad_blocks_footer_custom_js":"","_kadence_starter_templates_imported_post":false,"_links_to":"","_links_to_target":""},"categories":[871,869],"class_list":["post-162484","sermon","type-sermon","status-publish","has-post-thumbnail","hentry","category-adviento-2c","category-adviento-c"],"acf":{"sermon_date":"2012-12-09","drupal_id":"304066","sermon_language":"es","lectionary_id":false,"author_id":168891},"yoast_head":"<!-- This site is optimized with the Yoast SEO Premium plugin v24.6 (Yoast SEO v26.3) - https:\/\/yoast.com\/wordpress\/plugins\/seo\/ -->\n<title>Adviento 2 (C) - 2012 &#8211; The Episcopal Church<\/title>\n<meta name=\"robots\" content=\"index, follow, max-snippet:-1, max-image-preview:large, max-video-preview:-1\" \/>\n<link rel=\"canonical\" href=\"https:\/\/www.episcopalchurch.org\/es\/sermon\/adviento-2-c-2012\/\" \/>\n<meta property=\"og:locale\" content=\"es_ES\" \/>\n<meta property=\"og:type\" content=\"article\" \/>\n<meta property=\"og:title\" content=\"Adviento 2 (C) - 2012\" \/>\n<meta property=\"og:description\" content=\"Celebramos el segundo domingo de adviento. Comenzamos un a\u00f1o m\u00e1s un nuevo camino hacia la Navidad. Un camino al encuentro de aquel Jes\u00fas que es la clave que da sentido a nuestra existencia. El domingo pasado inici\u00e1bamos el camino del adviento. Por esto, es favorable preguntarnos, \u00bfqu\u00e9 sentido tiene para nosotros como creyentes hoy? Son [&hellip;]\" \/>\n<meta property=\"og:url\" content=\"https:\/\/www.episcopalchurch.org\/es\/sermon\/adviento-2-c-2012\/\" \/>\n<meta property=\"og:site_name\" content=\"The Episcopal Church\" \/>\n<meta property=\"article:publisher\" content=\"https:\/\/www.facebook.com\/episcopalian\" \/>\n<meta property=\"article:modified_time\" content=\"2020-12-03T15:42:10+00:00\" \/>\n<meta property=\"og:image\" content=\"https:\/\/www.episcopalchurch.org\/wp-content\/uploads\/2020\/12\/Sermons_that_Work_Spanish_SQ.png\" \/>\n\t<meta property=\"og:image:width\" content=\"928\" \/>\n\t<meta property=\"og:image:height\" content=\"927\" \/>\n\t<meta property=\"og:image:type\" content=\"image\/png\" \/>\n<meta name=\"twitter:card\" content=\"summary_large_image\" \/>\n<meta name=\"twitter:site\" content=\"@iamepiscopalian\" \/>\n<meta name=\"twitter:label1\" content=\"Est. reading time\" \/>\n\t<meta name=\"twitter:data1\" content=\"6 minutes\" \/>\n<script type=\"application\/ld+json\" class=\"yoast-schema-graph\">{\"@context\":\"https:\/\/schema.org\",\"@graph\":[{\"@type\":\"WebPage\",\"@id\":\"https:\/\/www.episcopalchurch.org\/es\/sermon\/adviento-2-c-2012\/\",\"url\":\"https:\/\/www.episcopalchurch.org\/es\/sermon\/adviento-2-c-2012\/\",\"name\":\"Adviento 2 (C) - 2012 &#8211; The Episcopal Church\",\"isPartOf\":{\"@id\":\"https:\/\/www.episcopalchurch.org\/#website\"},\"primaryImageOfPage\":{\"@id\":\"https:\/\/www.episcopalchurch.org\/es\/sermon\/adviento-2-c-2012\/#primaryimage\"},\"image\":{\"@id\":\"https:\/\/www.episcopalchurch.org\/es\/sermon\/adviento-2-c-2012\/#primaryimage\"},\"thumbnailUrl\":\"https:\/\/www.episcopalchurch.org\/wp-content\/uploads\/2020\/12\/Sermons_that_Work_Spanish_SQ.png\",\"datePublished\":\"2012-12-09T20:52:21+00:00\",\"dateModified\":\"2020-12-03T15:42:10+00:00\",\"breadcrumb\":{\"@id\":\"https:\/\/www.episcopalchurch.org\/es\/sermon\/adviento-2-c-2012\/#breadcrumb\"},\"inLanguage\":\"es-ES\",\"potentialAction\":[{\"@type\":\"ReadAction\",\"target\":[\"https:\/\/www.episcopalchurch.org\/es\/sermon\/adviento-2-c-2012\/\"]}]},{\"@type\":\"ImageObject\",\"inLanguage\":\"es-ES\",\"@id\":\"https:\/\/www.episcopalchurch.org\/es\/sermon\/adviento-2-c-2012\/#primaryimage\",\"url\":\"https:\/\/www.episcopalchurch.org\/wp-content\/uploads\/2020\/12\/Sermons_that_Work_Spanish_SQ.png\",\"contentUrl\":\"https:\/\/www.episcopalchurch.org\/wp-content\/uploads\/2020\/12\/Sermons_that_Work_Spanish_SQ.png\",\"width\":928,\"height\":927,\"caption\":\"Sermones Que Iluminan\"},{\"@type\":\"BreadcrumbList\",\"@id\":\"https:\/\/www.episcopalchurch.org\/es\/sermon\/adviento-2-c-2012\/#breadcrumb\",\"itemListElement\":[{\"@type\":\"ListItem\",\"position\":1,\"name\":\"Home\",\"item\":\"https:\/\/www.episcopalchurch.org\/\"},{\"@type\":\"ListItem\",\"position\":2,\"name\":\"Adviento 2 (C) &#8211; 2012\"}]},{\"@type\":\"WebSite\",\"@id\":\"https:\/\/www.episcopalchurch.org\/#website\",\"url\":\"https:\/\/www.episcopalchurch.org\/\",\"name\":\"The Episcopal Church\",\"description\":\"Welcomes You\",\"publisher\":{\"@id\":\"https:\/\/www.episcopalchurch.org\/#organization\"},\"potentialAction\":[{\"@type\":\"SearchAction\",\"target\":{\"@type\":\"EntryPoint\",\"urlTemplate\":\"https:\/\/www.episcopalchurch.org\/?s={search_term_string}\"},\"query-input\":{\"@type\":\"PropertyValueSpecification\",\"valueRequired\":true,\"valueName\":\"search_term_string\"}}],\"inLanguage\":\"es-ES\"},{\"@type\":\"Organization\",\"@id\":\"https:\/\/www.episcopalchurch.org\/#organization\",\"name\":\"The Episcopal Church\",\"url\":\"https:\/\/www.episcopalchurch.org\/\",\"logo\":{\"@type\":\"ImageObject\",\"inLanguage\":\"es-ES\",\"@id\":\"https:\/\/www.episcopalchurch.org\/#\/schema\/logo\/image\/\",\"url\":\"https:\/\/www.episcopalchurch.org\/wp-content\/uploads\/2021\/01\/vertical_episcopal_logo.jpg\",\"contentUrl\":\"https:\/\/www.episcopalchurch.org\/wp-content\/uploads\/2021\/01\/vertical_episcopal_logo.jpg\",\"width\":770,\"height\":662,\"caption\":\"The Episcopal Church\"},\"image\":{\"@id\":\"https:\/\/www.episcopalchurch.org\/#\/schema\/logo\/image\/\"},\"sameAs\":[\"https:\/\/www.facebook.com\/episcopalian\",\"https:\/\/x.com\/iamepiscopalian\",\"https:\/\/www.youtube.com\/channel\/UCdVJpxCtK41c_-p6EaE4_2A\"]}]}<\/script>\n<!-- \/ Yoast SEO Premium plugin. -->","yoast_head_json":{"title":"Adviento 2 (C) - 2012 &#8211; The Episcopal Church","robots":{"index":"index","follow":"follow","max-snippet":"max-snippet:-1","max-image-preview":"max-image-preview:large","max-video-preview":"max-video-preview:-1"},"canonical":"https:\/\/www.episcopalchurch.org\/es\/sermon\/adviento-2-c-2012\/","og_locale":"es_ES","og_type":"article","og_title":"Adviento 2 (C) - 2012","og_description":"Celebramos el segundo domingo de adviento. Comenzamos un a\u00f1o m\u00e1s un nuevo camino hacia la Navidad. Un camino al encuentro de aquel Jes\u00fas que es la clave que da sentido a nuestra existencia. El domingo pasado inici\u00e1bamos el camino del adviento. Por esto, es favorable preguntarnos, \u00bfqu\u00e9 sentido tiene para nosotros como creyentes hoy? Son [&hellip;]","og_url":"https:\/\/www.episcopalchurch.org\/es\/sermon\/adviento-2-c-2012\/","og_site_name":"The Episcopal Church","article_publisher":"https:\/\/www.facebook.com\/episcopalian","article_modified_time":"2020-12-03T15:42:10+00:00","og_image":[{"width":928,"height":927,"url":"https:\/\/www.episcopalchurch.org\/wp-content\/uploads\/2020\/12\/Sermons_that_Work_Spanish_SQ.png","type":"image\/png"}],"twitter_card":"summary_large_image","twitter_site":"@iamepiscopalian","twitter_misc":{"Est. reading time":"6 minutes"},"schema":{"@context":"https:\/\/schema.org","@graph":[{"@type":"WebPage","@id":"https:\/\/www.episcopalchurch.org\/es\/sermon\/adviento-2-c-2012\/","url":"https:\/\/www.episcopalchurch.org\/es\/sermon\/adviento-2-c-2012\/","name":"Adviento 2 (C) - 2012 &#8211; The Episcopal Church","isPartOf":{"@id":"https:\/\/www.episcopalchurch.org\/#website"},"primaryImageOfPage":{"@id":"https:\/\/www.episcopalchurch.org\/es\/sermon\/adviento-2-c-2012\/#primaryimage"},"image":{"@id":"https:\/\/www.episcopalchurch.org\/es\/sermon\/adviento-2-c-2012\/#primaryimage"},"thumbnailUrl":"https:\/\/www.episcopalchurch.org\/wp-content\/uploads\/2020\/12\/Sermons_that_Work_Spanish_SQ.png","datePublished":"2012-12-09T20:52:21+00:00","dateModified":"2020-12-03T15:42:10+00:00","breadcrumb":{"@id":"https:\/\/www.episcopalchurch.org\/es\/sermon\/adviento-2-c-2012\/#breadcrumb"},"inLanguage":"es-ES","potentialAction":[{"@type":"ReadAction","target":["https:\/\/www.episcopalchurch.org\/es\/sermon\/adviento-2-c-2012\/"]}]},{"@type":"ImageObject","inLanguage":"es-ES","@id":"https:\/\/www.episcopalchurch.org\/es\/sermon\/adviento-2-c-2012\/#primaryimage","url":"https:\/\/www.episcopalchurch.org\/wp-content\/uploads\/2020\/12\/Sermons_that_Work_Spanish_SQ.png","contentUrl":"https:\/\/www.episcopalchurch.org\/wp-content\/uploads\/2020\/12\/Sermons_that_Work_Spanish_SQ.png","width":928,"height":927,"caption":"Sermones Que Iluminan"},{"@type":"BreadcrumbList","@id":"https:\/\/www.episcopalchurch.org\/es\/sermon\/adviento-2-c-2012\/#breadcrumb","itemListElement":[{"@type":"ListItem","position":1,"name":"Home","item":"https:\/\/www.episcopalchurch.org\/"},{"@type":"ListItem","position":2,"name":"Adviento 2 (C) &#8211; 2012"}]},{"@type":"WebSite","@id":"https:\/\/www.episcopalchurch.org\/#website","url":"https:\/\/www.episcopalchurch.org\/","name":"The Episcopal Church","description":"Welcomes You","publisher":{"@id":"https:\/\/www.episcopalchurch.org\/#organization"},"potentialAction":[{"@type":"SearchAction","target":{"@type":"EntryPoint","urlTemplate":"https:\/\/www.episcopalchurch.org\/?s={search_term_string}"},"query-input":{"@type":"PropertyValueSpecification","valueRequired":true,"valueName":"search_term_string"}}],"inLanguage":"es-ES"},{"@type":"Organization","@id":"https:\/\/www.episcopalchurch.org\/#organization","name":"The Episcopal Church","url":"https:\/\/www.episcopalchurch.org\/","logo":{"@type":"ImageObject","inLanguage":"es-ES","@id":"https:\/\/www.episcopalchurch.org\/#\/schema\/logo\/image\/","url":"https:\/\/www.episcopalchurch.org\/wp-content\/uploads\/2021\/01\/vertical_episcopal_logo.jpg","contentUrl":"https:\/\/www.episcopalchurch.org\/wp-content\/uploads\/2021\/01\/vertical_episcopal_logo.jpg","width":770,"height":662,"caption":"The Episcopal Church"},"image":{"@id":"https:\/\/www.episcopalchurch.org\/#\/schema\/logo\/image\/"},"sameAs":["https:\/\/www.facebook.com\/episcopalian","https:\/\/x.com\/iamepiscopalian","https:\/\/www.youtube.com\/channel\/UCdVJpxCtK41c_-p6EaE4_2A"]}]}},"taxonomy_info":{"category":[{"value":871,"label":"Adviento 2c"},{"value":869,"label":"Adviento C"}]},"featured_image_src_large":["https:\/\/www.episcopalchurch.org\/wp-content\/uploads\/2020\/12\/Sermons_that_Work_Spanish_SQ.png",928,927,false],"author_info":[],"comment_info":"","uagb_featured_image_src":{"full":["https:\/\/www.episcopalchurch.org\/wp-content\/uploads\/2020\/12\/Sermons_that_Work_Spanish_SQ.png",928,927,false],"thumbnail":["https:\/\/www.episcopalchurch.org\/wp-content\/uploads\/2020\/12\/Sermons_that_Work_Spanish_SQ-150x150.png",150,150,true],"medium":["https:\/\/www.episcopalchurch.org\/wp-content\/uploads\/2020\/12\/Sermons_that_Work_Spanish_SQ-300x300.png",300,300,true],"medium_large":["https:\/\/www.episcopalchurch.org\/wp-content\/uploads\/2020\/12\/Sermons_that_Work_Spanish_SQ-768x767.png",768,767,true],"large":["https:\/\/www.episcopalchurch.org\/wp-content\/uploads\/2020\/12\/Sermons_that_Work_Spanish_SQ.png",928,927,false],"1536x1536":["https:\/\/www.episcopalchurch.org\/wp-content\/uploads\/2020\/12\/Sermons_that_Work_Spanish_SQ.png",928,927,false],"2048x2048":["https:\/\/www.episcopalchurch.org\/wp-content\/uploads\/2020\/12\/Sermons_that_Work_Spanish_SQ.png",928,927,false],"menu":["https:\/\/www.episcopalchurch.org\/wp-content\/uploads\/2020\/12\/Sermons_that_Work_Spanish_SQ-330x200.png",330,200,true],"hero":["https:\/\/www.episcopalchurch.org\/wp-content\/uploads\/2020\/12\/Sermons_that_Work_Spanish_SQ-928x550.png",928,550,true],"callout-image":["https:\/\/www.episcopalchurch.org\/wp-content\/uploads\/2020\/12\/Sermons_that_Work_Spanish_SQ-480x479.png",480,479,true]},"uagb_author_info":{"display_name":"Christopher Sikkema","author_link":"https:\/\/www.episcopalchurch.org\/es\/author\/"},"uagb_comment_info":0,"uagb_excerpt":"Celebramos el segundo domingo de adviento. Comenzamos un a\u00f1o m\u00e1s un nuevo camino hacia la Navidad. Un camino al encuentro de aquel Jes\u00fas que es la clave que da sentido a nuestra existencia. El domingo pasado inici\u00e1bamos el camino del adviento. Por esto, es favorable preguntarnos, \u00bfqu\u00e9 sentido tiene para nosotros como creyentes hoy? Son&hellip;","_links":{"self":[{"href":"https:\/\/www.episcopalchurch.org\/es\/wp-json\/wp\/v2\/sermon\/162484","targetHints":{"allow":["GET"]}}],"collection":[{"href":"https:\/\/www.episcopalchurch.org\/es\/wp-json\/wp\/v2\/sermon"}],"about":[{"href":"https:\/\/www.episcopalchurch.org\/es\/wp-json\/wp\/v2\/types\/sermon"}],"wp:featuredmedia":[{"embeddable":true,"href":"https:\/\/www.episcopalchurch.org\/es\/wp-json\/wp\/v2\/media\/201217"}],"wp:attachment":[{"href":"https:\/\/www.episcopalchurch.org\/es\/wp-json\/wp\/v2\/media?parent=162484"}],"wp:term":[{"taxonomy":"category","embeddable":true,"href":"https:\/\/www.episcopalchurch.org\/es\/wp-json\/wp\/v2\/categories?post=162484"}],"curies":[{"name":"wp","href":"https:\/\/api.w.org\/{rel}","templated":true}]}}