{"id":255570,"date":"2021-10-24T21:07:06","date_gmt":"2021-10-25T01:07:06","guid":{"rendered":"https:\/\/www.episcopalchurch.org\/?post_type=sermon&#038;p=255570"},"modified":"2025-11-24T15:54:10","modified_gmt":"2025-11-24T20:54:10","slug":"adviento-1-c-28-de-noviembre-de-2021","status":"publish","type":"sermon","link":"https:\/\/www.episcopalchurch.org\/es\/sermon\/adviento-1-c-28-de-noviembre-de-2021\/","title":{"rendered":"Adviento 1 (C) \u2013 2021"},"content":{"rendered":"\n<p><strong><a href=\"https:\/\/www.episcopalchurch.org\/es\/lectionary\/adviento-1c\/\">LCR: Jerem\u00edas 33:14\u201316; Salmo 25:1\u201310 [= 25:1\u20139 LOC]; 1 Tesalonicenses 3:9\u201313; San Lucas 21:25\u201336<\/a><\/strong><\/p>\n\n\n<div class=\"wp-block-image\">\n<figure class=\"alignright size-large is-resized\"><img loading=\"lazy\" decoding=\"async\" width=\"1024\" height=\"536\" src=\"https:\/\/www.episcopalchurch.org\/wp-content\/uploads\/2021\/10\/Cover-ES-FB-7-1024x536.png\" alt=\"\" class=\"wp-image-255562\" style=\"width:512px;height:268px\" srcset=\"https:\/\/www.episcopalchurch.org\/wp-content\/uploads\/2021\/10\/Cover-ES-FB-7-1024x536.png 1024w, https:\/\/www.episcopalchurch.org\/wp-content\/uploads\/2021\/10\/Cover-ES-FB-7-300x157.png 300w, https:\/\/www.episcopalchurch.org\/wp-content\/uploads\/2021\/10\/Cover-ES-FB-7-768x402.png 768w, https:\/\/www.episcopalchurch.org\/wp-content\/uploads\/2021\/10\/Cover-ES-FB-7-480x251.png 480w, https:\/\/www.episcopalchurch.org\/wp-content\/uploads\/2021\/10\/Cover-ES-FB-7.png 1200w\" sizes=\"auto, (max-width: 1024px) 100vw, 1024px\" \/><\/figure><\/div>\n\n\n<p>Hoy, con el primer domingo de adviento, damos inicio a un nuevo a\u00f1o lit\u00fargico en nuestra Iglesia y en casi todas nuestras hermanas iglesias hist\u00f3ricas. \u00bfQu\u00e9 significado tiene este tiempo que antecede a la Navidad?<\/p>\n\n\n\n<p>La palabra adviento proviene del lat\u00edn y significa \u201cVenida del Redentor\u201d. Est\u00e1 comprendido por cuatro domingos, cuyas lecturas nos van a preparar, en actitud espera, arrepentimiento, perd\u00f3n y oraci\u00f3n, para el nacimiento de Nuestro Salvador y Se\u00f1or Jes\u00fas. Si ponemos especial atenci\u00f3n, nos vamos a dar cuenta del gran simbolismo con el que inicia, empezando por el cambio de color de los ornamentos lit\u00fargicos, de los cuales en tres domingos dominar\u00e1 el color morado y, en el otro, el rosado; notaremos los mismos colores en las cuatro velas de la corona de adviento -en ocasiones se agrega una blanca en el centro para el d\u00eda de Navidad-. A lo anterior, se unen las luces que ya adornan toda la Iglesia.<\/p>\n\n\n\n<p>Ahora bien, veamos c\u00f3mo nos preparamos en este tiempo, de casi un mes, para la \u201cVenida del Redentor\u201d. La gu\u00eda la encontramos en las lecturas de hoy.<\/p>\n\n\n\n<p>En el Salmo 25, vers\u00edculo 4, vemos la petici\u00f3n del salmista a Dios en actitud de oraci\u00f3n: \u201cEncam\u00edname en tu verdad, y ens\u00e9\u00f1ame; porque t\u00fa eres el Dios de mi salvaci\u00f3n; en ti he esperado todo el d\u00eda\u201d. Podr\u00edan surgir algunas preguntas en nuestro interior, por ejemplo: \u00bfC\u00f3mo es posible seguir el camino y ser instruido en la verdad del Se\u00f1or? \u00bfC\u00f3mo encontrar las respuestas que hemos esperado todo el d\u00eda o toda la vida? Y tal vez no s\u00f3lo eso, sino \u00bfC\u00f3mo podr\u00edamos vivir en la verdad de Dios y sentir la salvaci\u00f3n? Sin duda alguna, con Jes\u00fas encontramos respuestas a nuestras preguntas m\u00e1s inquietantes, a \u00e9stas y much\u00edsimas otras; preguntas sobre las cu\u00e1les podemos pasar toda nuestra vida respondiendo y viviendo la experiencia de la respuesta. Las preguntas y las respuestas no est\u00e1n acabadas y limitadas; cada d\u00eda podr\u00edamos volver sobre ellas, por a\u00f1os y generaciones.<\/p>\n\n\n\n<p>Tras esta reflexi\u00f3n, dirijamos ahora nuestra atenci\u00f3n en lo que Jes\u00fas nos dice en dos pasajes espec\u00edficos del Evangelio de Lucas que escuchamos en este d\u00eda. El primero se\u00f1ala: \u201cTengan cuidado y no dejen que sus corazones se hagan insensibles por los vicios, las borracheras y las preocupaciones de esta vida\u201d. Y es que cuando el coraz\u00f3n se vuelve insensible, es como si perdi\u00e9ramos la capacidad de sentir la presencia de Dios a trav\u00e9s de las diversas manifestaciones que \u00c9l hace a todo momento y en cada detalle, comenzando por el mayor milagro que experimentamos: la vida. Hemos escuchado decir que \u201ccada d\u00eda es un d\u00eda menos de vida y un d\u00eda m\u00e1s cerca de la muerte\u201d; \u00bfqu\u00e9 decir de esto? Si perdemos la sensibilidad no podremos descubrir la presencia de Dios en los peque\u00f1os detalles cotidianos: una suave brisa, el movimiento de las nubes, las sonrisas diarias y tantos acontecimientos con los que nos encontramos a diario. Ser sensible es tener nuestro coraz\u00f3n y mente en actitud atenta y agradecida ante las innumerables manifestaciones simples y aparentemente imperceptibles.<\/p>\n\n\n\n<p>En el segundo pasaje Jes\u00fas nos dice: \u201cEst\u00e9n ustedes preparados, orando en todo tiempo\u201d. \u00c9sta es la respuesta central en nuestra vida, como cristianos, para siempre tener el coraz\u00f3n sensible a la voz de Dios. Parece una soluci\u00f3n sencilla. Sin embargo, tambi\u00e9n nos pueden asaltar dudas acerca de lo que realmente es orar. Podemos resumir la oraci\u00f3n como una conversaci\u00f3n con Dios, espec\u00edficamente con la Persona de Jes\u00fas. Como toda conversaci\u00f3n, hay algunos elementos clave a tener en cuenta.<\/p>\n\n\n\n<p>En primer lugar, necesitamos tiempo para hablar. En ocasiones, podemos sentirnos abrumados u ocupados, y nos decirnos a nosotros mismos: \u201cno tengo tiempo\u201d. En realidad \u00bfno lo hay? Cuando estamos cansados es necesario pausar, cuando estamos preocupados es necesario pausar, cuando estamos molestos, agobiados, tristes, en cada momento que pareciera que el estr\u00e9s nos quita la paz, es necesario pausar. Pues, cuando hagamos esas pausas, oremos, hablemos con Jes\u00fas. Notaremos inmediatamente que s\u00ed tenemos tiempo; m\u00e1s de lo que podr\u00edamos imaginar. Nos dice el Evangelio: \u201corando todo el tiempo\u201d. Una historia, con respecto a Mart\u00edn Lutero, dice que una vez le preguntaron sobre qu\u00e9 har\u00eda el d\u00eda siguiente, a lo que contest\u00f3: \u201cTrabajo, trabajo de sol a sol. En verdad tengo tanto que hacer, que pasar\u00e9 las primeras tres horas en oraci\u00f3n\u201d.<\/p>\n\n\n\n<p>En segundo lugar, para conversar, debemos tener una actitud de escucha y, para ello, el silencio interior y exterior es necesario para una genuina conversaci\u00f3n. No olvidemos que Dios nos habla a trav\u00e9s de su Palabra, en la vivencia comunitaria de la fe con nuestras hermanas y hermanos, participando como bautizados en la m\u00e1xima expresi\u00f3n de oraci\u00f3n: la Santa Eucarist\u00eda, la acci\u00f3n de gracias.<\/p>\n\n\n\n<p>En tercer lugar, es necesario abrir nuestro coraz\u00f3n. Tal y como somos podemos pedir, agradecer, quejarnos, llorar; probablemente, en algunos momentos no tendremos las palabras, pero no debemos preocuparnos por ello, nuestro ser tambi\u00e9n habla a trav\u00e9s de nuestros sentimientos y emociones, y Dios los entiende, los siente incluso m\u00e1s all\u00e1 de nuestras limitadas perspectivas. \u00c9l nos cre\u00f3 y conoce nuestras entra\u00f1as.<\/p>\n\n\n\n<p>Por \u00faltimo, es menester continuar alimentando y profundizando nuestra relaci\u00f3n con el Se\u00f1or, incluso, en nuestros peores momentos; en ellos tambi\u00e9n podemos ver sus bendiciones y su presencia amorosa que nunca se aleja, porque, en definitiva, se trata de una relaci\u00f3n de amor.<\/p>\n\n\n\n<p>Finalmente, si es posible, cada uno de nosotros podr\u00eda disponer de una corona de adviento en casa. De esta manera ayudar\u00edamos a generar un ambiente propicio para prepararnos espiritualmente en este tiempo de espera, arrepentimiento, perd\u00f3n y oraci\u00f3n, con los signos que nos propone la Iglesia, y crearemos un espacio de recogimiento para disfrutar, en soledad o en familia, al ir encendiendo las velas, viendo c\u00f3mo se disipan, poco a poco, cada semana, las tinieblas, y contemplar la luz que Jes\u00fas encarnado trae con su nacimiento para iluminarlo todo.<\/p>\n\n\n\n<p><\/p>\n\n\n\n<div class=\"wp-block-file\"><a id=\"wp-block-file--media-8f968251-76e9-4cee-b76f-51427a69f9a9\" href=\"https:\/\/www.episcopalchurch.org\/wp-content\/uploads\/2021\/10\/Sermon-Adviento-1C-Spanish.docx\">Word \u2013 Adviento 1 (C)<\/a><a href=\"https:\/\/www.episcopalchurch.org\/wp-content\/uploads\/2021\/10\/Sermon-Adviento-1C-Spanish.docx\" class=\"wp-block-file__button wp-element-button\" download aria-describedby=\"wp-block-file--media-8f968251-76e9-4cee-b76f-51427a69f9a9\">Download<\/a><\/div>\n\n\n\n<div class=\"wp-block-file\"><a id=\"wp-block-file--media-bd4f2556-a13a-4df4-a823-a082ce2da9d6\" href=\"https:\/\/www.episcopalchurch.org\/wp-content\/uploads\/2021\/10\/Sermon-Adviento-1C-Spanish.pdf\">PDF \u2013 Adviento 1 (C)<\/a><a href=\"https:\/\/www.episcopalchurch.org\/wp-content\/uploads\/2021\/10\/Sermon-Adviento-1C-Spanish.pdf\" class=\"wp-block-file__button wp-element-button\" download aria-describedby=\"wp-block-file--media-bd4f2556-a13a-4df4-a823-a082ce2da9d6\">Download<\/a><\/div>\n","protected":false},"featured_media":201215,"template":"","meta":{"_acf_changed":true,"_uag_custom_page_level_css":"","_kad_blocks_custom_css":"","_kad_blocks_head_custom_js":"","_kad_blocks_body_custom_js":"","_kad_blocks_footer_custom_js":"","_kadence_starter_templates_imported_post":false,"_links_to":"","_links_to_target":""},"categories":[870,869],"class_list":["post-255570","sermon","type-sermon","status-publish","has-post-thumbnail","hentry","category-adviento-1c","category-adviento-c"],"acf":{"drupal_id":"","lectionary_id":false,"sermon_date":"2021-11-28","sermon_other_translation":false,"sermon_language":"","author_id":169007},"yoast_head":"<!-- This site is optimized with the Yoast SEO Premium plugin v24.6 (Yoast SEO v26.3) - https:\/\/yoast.com\/wordpress\/plugins\/seo\/ -->\n<title>Adviento 1 (C) \u2013 2021 &#8211; The Episcopal Church<\/title>\n<meta name=\"robots\" content=\"index, follow, max-snippet:-1, max-image-preview:large, max-video-preview:-1\" \/>\n<link rel=\"canonical\" href=\"https:\/\/www.episcopalchurch.org\/es\/sermon\/adviento-1-c-28-de-noviembre-de-2021\/\" \/>\n<meta property=\"og:locale\" content=\"es_ES\" \/>\n<meta property=\"og:type\" content=\"article\" \/>\n<meta property=\"og:title\" content=\"Adviento 1 (C) \u2013 28 de noviembre de 2021\" \/>\n<meta property=\"og:description\" content=\"LCR: Jerem\u00edas 33:14\u201316; Salmo 25:1\u201310 [= 25:1\u20139 LOC]; 1 Tesalonicenses 3:9\u201313; San Lucas 21:25\u201336 Hoy, con el primer domingo de adviento, damos inicio a un nuevo a\u00f1o lit\u00fargico en nuestra Iglesia y en casi todas nuestras hermanas iglesias hist\u00f3ricas. \u00bfQu\u00e9 significado tiene este tiempo que antecede a la Navidad? La palabra adviento proviene del lat\u00edn [&hellip;]\" \/>\n<meta property=\"og:url\" content=\"https:\/\/www.episcopalchurch.org\/es\/sermon\/adviento-1-c-28-de-noviembre-de-2021\/\" \/>\n<meta property=\"og:site_name\" content=\"The Episcopal Church\" \/>\n<meta property=\"article:publisher\" content=\"https:\/\/www.facebook.com\/episcopalian\" \/>\n<meta property=\"article:modified_time\" content=\"2025-11-24T20:54:10+00:00\" \/>\n<meta property=\"og:image\" content=\"https:\/\/www.episcopalchurch.org\/wp-content\/uploads\/2021\/10\/Cover-ES-FB-7.png\" \/>\n\t<meta property=\"og:image:width\" content=\"1200\" \/>\n\t<meta property=\"og:image:height\" content=\"628\" \/>\n\t<meta property=\"og:image:type\" content=\"image\/png\" \/>\n<meta name=\"twitter:card\" content=\"summary_large_image\" \/>\n<meta name=\"twitter:title\" content=\"Adviento 1 (C) \u2013 28 de noviembre de 2021\" \/>\n<meta name=\"twitter:image\" content=\"https:\/\/www.episcopalchurch.org\/wp-content\/uploads\/2021\/10\/Cover-ES-FB-7.png\" \/>\n<meta name=\"twitter:site\" content=\"@iamepiscopalian\" \/>\n<meta name=\"twitter:label1\" content=\"Est. reading time\" \/>\n\t<meta name=\"twitter:data1\" content=\"5 minutes\" \/>\n<script type=\"application\/ld+json\" class=\"yoast-schema-graph\">{\"@context\":\"https:\/\/schema.org\",\"@graph\":[{\"@type\":\"WebPage\",\"@id\":\"https:\/\/www.episcopalchurch.org\/es\/sermon\/adviento-1-c-28-de-noviembre-de-2021\/\",\"url\":\"https:\/\/www.episcopalchurch.org\/es\/sermon\/adviento-1-c-28-de-noviembre-de-2021\/\",\"name\":\"Adviento 1 (C) \u2013 2021 &#8211; The Episcopal Church\",\"isPartOf\":{\"@id\":\"https:\/\/www.episcopalchurch.org\/#website\"},\"primaryImageOfPage\":{\"@id\":\"https:\/\/www.episcopalchurch.org\/es\/sermon\/adviento-1-c-28-de-noviembre-de-2021\/#primaryimage\"},\"image\":{\"@id\":\"https:\/\/www.episcopalchurch.org\/es\/sermon\/adviento-1-c-28-de-noviembre-de-2021\/#primaryimage\"},\"thumbnailUrl\":\"https:\/\/www.episcopalchurch.org\/wp-content\/uploads\/2020\/12\/Sermons_that_Work_Spanish_SQ.png\",\"datePublished\":\"2021-10-25T01:07:06+00:00\",\"dateModified\":\"2025-11-24T20:54:10+00:00\",\"breadcrumb\":{\"@id\":\"https:\/\/www.episcopalchurch.org\/es\/sermon\/adviento-1-c-28-de-noviembre-de-2021\/#breadcrumb\"},\"inLanguage\":\"es-ES\",\"potentialAction\":[{\"@type\":\"ReadAction\",\"target\":[\"https:\/\/www.episcopalchurch.org\/es\/sermon\/adviento-1-c-28-de-noviembre-de-2021\/\"]}]},{\"@type\":\"ImageObject\",\"inLanguage\":\"es-ES\",\"@id\":\"https:\/\/www.episcopalchurch.org\/es\/sermon\/adviento-1-c-28-de-noviembre-de-2021\/#primaryimage\",\"url\":\"https:\/\/www.episcopalchurch.org\/wp-content\/uploads\/2020\/12\/Sermons_that_Work_Spanish_SQ.png\",\"contentUrl\":\"https:\/\/www.episcopalchurch.org\/wp-content\/uploads\/2020\/12\/Sermons_that_Work_Spanish_SQ.png\",\"width\":928,\"height\":927},{\"@type\":\"BreadcrumbList\",\"@id\":\"https:\/\/www.episcopalchurch.org\/es\/sermon\/adviento-1-c-28-de-noviembre-de-2021\/#breadcrumb\",\"itemListElement\":[{\"@type\":\"ListItem\",\"position\":1,\"name\":\"Home\",\"item\":\"https:\/\/www.episcopalchurch.org\/\"},{\"@type\":\"ListItem\",\"position\":2,\"name\":\"Adviento 1 (C) \u2013 2021\"}]},{\"@type\":\"WebSite\",\"@id\":\"https:\/\/www.episcopalchurch.org\/#website\",\"url\":\"https:\/\/www.episcopalchurch.org\/\",\"name\":\"The Episcopal Church\",\"description\":\"Welcomes You\",\"publisher\":{\"@id\":\"https:\/\/www.episcopalchurch.org\/#organization\"},\"potentialAction\":[{\"@type\":\"SearchAction\",\"target\":{\"@type\":\"EntryPoint\",\"urlTemplate\":\"https:\/\/www.episcopalchurch.org\/?s={search_term_string}\"},\"query-input\":{\"@type\":\"PropertyValueSpecification\",\"valueRequired\":true,\"valueName\":\"search_term_string\"}}],\"inLanguage\":\"es-ES\"},{\"@type\":\"Organization\",\"@id\":\"https:\/\/www.episcopalchurch.org\/#organization\",\"name\":\"The Episcopal Church\",\"url\":\"https:\/\/www.episcopalchurch.org\/\",\"logo\":{\"@type\":\"ImageObject\",\"inLanguage\":\"es-ES\",\"@id\":\"https:\/\/www.episcopalchurch.org\/#\/schema\/logo\/image\/\",\"url\":\"https:\/\/www.episcopalchurch.org\/wp-content\/uploads\/2021\/01\/vertical_episcopal_logo.jpg\",\"contentUrl\":\"https:\/\/www.episcopalchurch.org\/wp-content\/uploads\/2021\/01\/vertical_episcopal_logo.jpg\",\"width\":770,\"height\":662,\"caption\":\"The Episcopal Church\"},\"image\":{\"@id\":\"https:\/\/www.episcopalchurch.org\/#\/schema\/logo\/image\/\"},\"sameAs\":[\"https:\/\/www.facebook.com\/episcopalian\",\"https:\/\/x.com\/iamepiscopalian\",\"https:\/\/www.youtube.com\/channel\/UCdVJpxCtK41c_-p6EaE4_2A\"]}]}<\/script>\n<!-- \/ Yoast SEO Premium plugin. -->","yoast_head_json":{"title":"Adviento 1 (C) \u2013 2021 &#8211; The Episcopal Church","robots":{"index":"index","follow":"follow","max-snippet":"max-snippet:-1","max-image-preview":"max-image-preview:large","max-video-preview":"max-video-preview:-1"},"canonical":"https:\/\/www.episcopalchurch.org\/es\/sermon\/adviento-1-c-28-de-noviembre-de-2021\/","og_locale":"es_ES","og_type":"article","og_title":"Adviento 1 (C) \u2013 28 de noviembre de 2021","og_description":"LCR: Jerem\u00edas 33:14\u201316; Salmo 25:1\u201310 [= 25:1\u20139 LOC]; 1 Tesalonicenses 3:9\u201313; San Lucas 21:25\u201336 Hoy, con el primer domingo de adviento, damos inicio a un nuevo a\u00f1o lit\u00fargico en nuestra Iglesia y en casi todas nuestras hermanas iglesias hist\u00f3ricas. \u00bfQu\u00e9 significado tiene este tiempo que antecede a la Navidad? La palabra adviento proviene del lat\u00edn [&hellip;]","og_url":"https:\/\/www.episcopalchurch.org\/es\/sermon\/adviento-1-c-28-de-noviembre-de-2021\/","og_site_name":"The Episcopal Church","article_publisher":"https:\/\/www.facebook.com\/episcopalian","article_modified_time":"2025-11-24T20:54:10+00:00","og_image":[{"width":1200,"height":628,"url":"https:\/\/www.episcopalchurch.org\/wp-content\/uploads\/2021\/10\/Cover-ES-FB-7.png","type":"image\/png"}],"twitter_card":"summary_large_image","twitter_title":"Adviento 1 (C) \u2013 28 de noviembre de 2021","twitter_image":"https:\/\/www.episcopalchurch.org\/wp-content\/uploads\/2021\/10\/Cover-ES-FB-7.png","twitter_site":"@iamepiscopalian","twitter_misc":{"Est. reading time":"5 minutes"},"schema":{"@context":"https:\/\/schema.org","@graph":[{"@type":"WebPage","@id":"https:\/\/www.episcopalchurch.org\/es\/sermon\/adviento-1-c-28-de-noviembre-de-2021\/","url":"https:\/\/www.episcopalchurch.org\/es\/sermon\/adviento-1-c-28-de-noviembre-de-2021\/","name":"Adviento 1 (C) \u2013 2021 &#8211; The Episcopal Church","isPartOf":{"@id":"https:\/\/www.episcopalchurch.org\/#website"},"primaryImageOfPage":{"@id":"https:\/\/www.episcopalchurch.org\/es\/sermon\/adviento-1-c-28-de-noviembre-de-2021\/#primaryimage"},"image":{"@id":"https:\/\/www.episcopalchurch.org\/es\/sermon\/adviento-1-c-28-de-noviembre-de-2021\/#primaryimage"},"thumbnailUrl":"https:\/\/www.episcopalchurch.org\/wp-content\/uploads\/2020\/12\/Sermons_that_Work_Spanish_SQ.png","datePublished":"2021-10-25T01:07:06+00:00","dateModified":"2025-11-24T20:54:10+00:00","breadcrumb":{"@id":"https:\/\/www.episcopalchurch.org\/es\/sermon\/adviento-1-c-28-de-noviembre-de-2021\/#breadcrumb"},"inLanguage":"es-ES","potentialAction":[{"@type":"ReadAction","target":["https:\/\/www.episcopalchurch.org\/es\/sermon\/adviento-1-c-28-de-noviembre-de-2021\/"]}]},{"@type":"ImageObject","inLanguage":"es-ES","@id":"https:\/\/www.episcopalchurch.org\/es\/sermon\/adviento-1-c-28-de-noviembre-de-2021\/#primaryimage","url":"https:\/\/www.episcopalchurch.org\/wp-content\/uploads\/2020\/12\/Sermons_that_Work_Spanish_SQ.png","contentUrl":"https:\/\/www.episcopalchurch.org\/wp-content\/uploads\/2020\/12\/Sermons_that_Work_Spanish_SQ.png","width":928,"height":927},{"@type":"BreadcrumbList","@id":"https:\/\/www.episcopalchurch.org\/es\/sermon\/adviento-1-c-28-de-noviembre-de-2021\/#breadcrumb","itemListElement":[{"@type":"ListItem","position":1,"name":"Home","item":"https:\/\/www.episcopalchurch.org\/"},{"@type":"ListItem","position":2,"name":"Adviento 1 (C) \u2013 2021"}]},{"@type":"WebSite","@id":"https:\/\/www.episcopalchurch.org\/#website","url":"https:\/\/www.episcopalchurch.org\/","name":"The Episcopal Church","description":"Welcomes You","publisher":{"@id":"https:\/\/www.episcopalchurch.org\/#organization"},"potentialAction":[{"@type":"SearchAction","target":{"@type":"EntryPoint","urlTemplate":"https:\/\/www.episcopalchurch.org\/?s={search_term_string}"},"query-input":{"@type":"PropertyValueSpecification","valueRequired":true,"valueName":"search_term_string"}}],"inLanguage":"es-ES"},{"@type":"Organization","@id":"https:\/\/www.episcopalchurch.org\/#organization","name":"The Episcopal Church","url":"https:\/\/www.episcopalchurch.org\/","logo":{"@type":"ImageObject","inLanguage":"es-ES","@id":"https:\/\/www.episcopalchurch.org\/#\/schema\/logo\/image\/","url":"https:\/\/www.episcopalchurch.org\/wp-content\/uploads\/2021\/01\/vertical_episcopal_logo.jpg","contentUrl":"https:\/\/www.episcopalchurch.org\/wp-content\/uploads\/2021\/01\/vertical_episcopal_logo.jpg","width":770,"height":662,"caption":"The Episcopal Church"},"image":{"@id":"https:\/\/www.episcopalchurch.org\/#\/schema\/logo\/image\/"},"sameAs":["https:\/\/www.facebook.com\/episcopalian","https:\/\/x.com\/iamepiscopalian","https:\/\/www.youtube.com\/channel\/UCdVJpxCtK41c_-p6EaE4_2A"]}]}},"taxonomy_info":{"category":[{"value":870,"label":"Adviento 1c"},{"value":869,"label":"Adviento C"}]},"featured_image_src_large":["https:\/\/www.episcopalchurch.org\/wp-content\/uploads\/2020\/12\/Sermons_that_Work_Spanish_SQ.png",928,927,false],"author_info":[],"comment_info":"","uagb_featured_image_src":{"full":["https:\/\/www.episcopalchurch.org\/wp-content\/uploads\/2020\/12\/Sermons_that_Work_Spanish_SQ.png",928,927,false],"thumbnail":["https:\/\/www.episcopalchurch.org\/wp-content\/uploads\/2020\/12\/Sermons_that_Work_Spanish_SQ-150x150.png",150,150,true],"medium":["https:\/\/www.episcopalchurch.org\/wp-content\/uploads\/2020\/12\/Sermons_that_Work_Spanish_SQ-300x300.png",300,300,true],"medium_large":["https:\/\/www.episcopalchurch.org\/wp-content\/uploads\/2020\/12\/Sermons_that_Work_Spanish_SQ-768x767.png",768,767,true],"large":["https:\/\/www.episcopalchurch.org\/wp-content\/uploads\/2020\/12\/Sermons_that_Work_Spanish_SQ.png",928,927,false],"1536x1536":["https:\/\/www.episcopalchurch.org\/wp-content\/uploads\/2020\/12\/Sermons_that_Work_Spanish_SQ.png",928,927,false],"2048x2048":["https:\/\/www.episcopalchurch.org\/wp-content\/uploads\/2020\/12\/Sermons_that_Work_Spanish_SQ.png",928,927,false],"menu":["https:\/\/www.episcopalchurch.org\/wp-content\/uploads\/2020\/12\/Sermons_that_Work_Spanish_SQ-330x200.png",330,200,true],"hero":["https:\/\/www.episcopalchurch.org\/wp-content\/uploads\/2020\/12\/Sermons_that_Work_Spanish_SQ-928x550.png",928,550,true],"callout-image":["https:\/\/www.episcopalchurch.org\/wp-content\/uploads\/2020\/12\/Sermons_that_Work_Spanish_SQ-480x479.png",480,479,true]},"uagb_author_info":{"display_name":"Scott Rands","author_link":"https:\/\/www.episcopalchurch.org\/es\/author\/"},"uagb_comment_info":0,"uagb_excerpt":"LCR: Jerem\u00edas 33:14\u201316; Salmo 25:1\u201310 [= 25:1\u20139 LOC]; 1 Tesalonicenses 3:9\u201313; San Lucas 21:25\u201336 Hoy, con el primer domingo de adviento, damos inicio a un nuevo a\u00f1o lit\u00fargico en nuestra Iglesia y en casi todas nuestras hermanas iglesias hist\u00f3ricas. \u00bfQu\u00e9 significado tiene este tiempo que antecede a la Navidad? La palabra adviento proviene del lat\u00edn&hellip;","_links":{"self":[{"href":"https:\/\/www.episcopalchurch.org\/es\/wp-json\/wp\/v2\/sermon\/255570","targetHints":{"allow":["GET"]}}],"collection":[{"href":"https:\/\/www.episcopalchurch.org\/es\/wp-json\/wp\/v2\/sermon"}],"about":[{"href":"https:\/\/www.episcopalchurch.org\/es\/wp-json\/wp\/v2\/types\/sermon"}],"wp:featuredmedia":[{"embeddable":true,"href":"https:\/\/www.episcopalchurch.org\/es\/wp-json\/wp\/v2\/media\/201215"}],"wp:attachment":[{"href":"https:\/\/www.episcopalchurch.org\/es\/wp-json\/wp\/v2\/media?parent=255570"}],"wp:term":[{"taxonomy":"category","embeddable":true,"href":"https:\/\/www.episcopalchurch.org\/es\/wp-json\/wp\/v2\/categories?post=255570"}],"curies":[{"name":"wp","href":"https:\/\/api.w.org\/{rel}","templated":true}]}}