{"id":299587,"date":"2024-01-04T12:11:15","date_gmt":"2024-01-04T17:11:15","guid":{"rendered":"https:\/\/www.episcopalchurch.org\/?post_type=sermon&#038;p=299587"},"modified":"2024-01-04T12:11:21","modified_gmt":"2024-01-04T17:11:21","slug":"epifania-3-b-21-de-enero-de-2024","status":"publish","type":"sermon","link":"https:\/\/www.episcopalchurch.org\/es\/sermon\/epifania-3-b-21-de-enero-de-2024\/","title":{"rendered":"Epifan\u00eda 3 (B) \u2013 21 de enero de 2024"},"content":{"rendered":"\n<p><strong><a href=\"https:\/\/www.episcopalchurch.org\/es\/lectionary\/epifania-3b\/\">LCR: Jon\u00e1s 3:1\u20135, 10; Salmo 62:6\u201314; 1 Corintios 7:29\u201331; San Marcos 1:14\u201320<\/a><\/strong><\/p>\n\n\n<div class=\"wp-block-image\">\n<figure class=\"alignright size-large is-resized\"><img decoding=\"async\" src=\"https:\/\/www.episcopalchurch.org\/wp-content\/uploads\/2024\/01\/E3-2024-Sermon-Graphic-SP-1024x536.png\" alt=\"\" class=\"wp-image-299607\" style=\"width:512px\" width=\"512\" srcset=\"https:\/\/www.episcopalchurch.org\/wp-content\/uploads\/2024\/01\/E3-2024-Sermon-Graphic-SP-1024x536.png 1024w, https:\/\/www.episcopalchurch.org\/wp-content\/uploads\/2024\/01\/E3-2024-Sermon-Graphic-SP-300x157.png 300w, https:\/\/www.episcopalchurch.org\/wp-content\/uploads\/2024\/01\/E3-2024-Sermon-Graphic-SP-768x402.png 768w, https:\/\/www.episcopalchurch.org\/wp-content\/uploads\/2024\/01\/E3-2024-Sermon-Graphic-SP-480x251.png 480w, https:\/\/www.episcopalchurch.org\/wp-content\/uploads\/2024\/01\/E3-2024-Sermon-Graphic-SP.png 1200w\" sizes=\"(max-width: 1024px) 100vw, 1024px\" \/><\/figure><\/div>\n\n\n<p>Al comenzar el a\u00f1o, como cada tiempo nuevo, tenemos la oportunidad de realizar prop\u00f3sitos, de ponernos metas, alcanzar algo. Esos prop\u00f3sitos o resoluciones tambi\u00e9n los debemos aplicar a nuestra vida espiritual. Tenemos que procurar este a\u00f1o crecer en la gracia y conocimiento de Dios, para poder comprometernos m\u00e1s en su servicio. Es necesario fortalecer el cumplimiento de nuestras promesas y alianza bautismales sabiendo que el tiempo que se nos da es un espacio de transformaci\u00f3n para revestirnos del ser humano nuevo en la persona de Jes\u00fas.<\/p>\n\n\n\n<p>La conversi\u00f3n, el cambio, el progreso espiritual es una constante que nunca podremos agotar ya que frente a Dios siempre seremos pecadores y necesitados de su gracia y perd\u00f3n. De ah\u00ed que, en la proclamaci\u00f3n de las buenas noticias (Evangelio), Jes\u00fas hoy indica: \u201cVu\u00e9lvanse a Dios y acepten con fe sus buenas noticias\u201d, haciendo hincapi\u00e9 en el regreso a Dios (la conversi\u00f3n) como la condici\u00f3n necesaria para aceptar con fe las buenas noticias de Dios.<\/p>\n\n\n\n<p>El evangelio de Marcos, en este primer cap\u00edtulo, es expl\u00edcito al mostrar que en el ministerio de Jes\u00fas fue primordial anunciar las buenas noticias. Cuando Juan estaba en la c\u00e1rcel, comienza el ministerio de Jes\u00fas: \u201cDespu\u00e9s que metieron a Juan en la c\u00e1rcel, Jes\u00fas fue a Galilea a anunciar las buenas noticias de parte de Dios\u201d. La proclamaci\u00f3n, el anuncio de las buenas noticias, comienza en Galilea, el lugar donde Jes\u00fas creci\u00f3 y del cual era familiar. El hecho que ese primer anuncio es all\u00ed indica que esas buenas noticias y el encuentro con Dios son algo que sucede en la cotidianidad y regularidad de la vida que conocemos. Es en Galilea donde Jes\u00fas llama a sus primeros cuatro disc\u00edpulos y ser\u00e1 el lugar del destino final, de ah\u00ed que el \u00e1ngel dice a las mujeres: \u201c\u00c9l va a Galilea para reunirlos de nuevo; all\u00ed lo ver\u00e1n, tal como les dijo.\u201d. Es decir, la vocaci\u00f3n y ministerio mesi\u00e1nico de Jes\u00fas sale y regresa a Galilea. Lo mismo sucede con cada uno de nosotros, debemos reconocer que, en el d\u00eda a d\u00eda de nuestras circunstancias, nuestra propia Galilea, barrios, casas, relaciones, es donde Dios revela sus buenas noticias.<\/p>\n\n\n\n<p>Al anunciar las buenas noticias, Jes\u00fas est\u00e1 anunciando su propia presencia de liberaci\u00f3n del pecado y de la muerte. La vida de Jes\u00fas para el pueblo garantiza un nuevo comienzo en su relaci\u00f3n con Dios. La buena noticia es que Jes\u00fas vive en medio de ellos (Emanuel). Esa buena noticia no es exclusiva del pasado o de algunos elegidos. Todos los miembros del Cuerpo del Cristo y todos quienes hoy escuchan el evangelio <em>-buenas noticias-<\/em> son destinatarios del mismo anuncio. El Emanuel <em>-Dios con nosotros-<\/em> que celebramos encarnado en Jes\u00fas, es quien nos garantiza que no caminamos solos, que la gracia y el amor de Dios nos acompa\u00f1a. Su presencia perenne, que comparte con nosotros la buena noticia de Jes\u00fas, es m\u00e1s que suficiente para reconocer que nuestros prop\u00f3sitos o resoluciones espirituales, si est\u00e1n hechas con verdadera devoci\u00f3n y responsabilidad, encuentran eco favorable para nuestro progreso vocacional y espiritual.<\/p>\n\n\n\n<p>\u201cYa se cumpli\u00f3 el plazo se\u00f1alado, y el reino de Dios est\u00e1 cerca\u201d. El tiempo (<em>Kair\u00f3s<\/em>) o plazo se\u00f1alado, siempre est\u00e1 bajo el control de Dios. Incluso si los seres humanos siempre tenemos la tentaci\u00f3n de controlar el tiempo y conocer nuestro futuro. s\u00f3lo Dios conoce y decide sobre \u00e9l. Porque se cumpli\u00f3 el plazo se\u00f1alado, las profec\u00edas y la espera han terminado; el momento es ahora. Todos los que escuchan el anuncio de Jes\u00fas est\u00e1n invitados a experimentar el cumplimiento de las promesas de Dios y la cercan\u00eda del Reino.<\/p>\n\n\n\n<p>El anuncio de las buenas noticias, que hoy hace Jes\u00fas, requiere oyentes y personas que colaboren de manera activa. Es necesario aceptar la invitaci\u00f3n. El hecho que el Reino est\u00e1 cerca o el plazo se ha cumplido no significa que todos participen si no est\u00e1n dispuestos a aceptarlo y colaborar. No es suficiente estar cerca de la mina de oro si nunca se entra o recibir un regalo si nunca se abre. Lo mismo ocurre con las buenas noticias de la salvaci\u00f3n, la \u00fanica forma de acceder a ellas es a trav\u00e9s de la obediencia a lo que Jes\u00fas nos pide. De ah\u00ed la necesidad de convertirnos para alinear nuestros valores y obras con los del Reino de Dios.<\/p>\n\n\n\n<p>La llamada de los pescadores para seguir a Jes\u00fas como disc\u00edpulos recibe una respuesta positiva, inmediata y con compromiso. Estos pescadores dejaron todo, sus barcas, familias, profesiones, sus \u201cGalileas\u201d para embarcarse en una aventura diferente que transform\u00f3 sus vidas. Igualmente, cada uno de nosotros, en cuanto bautizados, somos llamados a crecer en la gracia de Dios, respondiendo con obediencia a su llamada cotidiana. En reconocimiento de que \u201cYa se cumpli\u00f3 el plazo se\u00f1alado, y el reino de Dios est\u00e1 cerca\u201d, estamos llamados a producir obras de conversi\u00f3n y compromiso, sabiendo que Dios mismo vive en medio de nosotros. Am\u00e9n.<\/p>\n\n\n\n<p><strong><em>El Rvdo. Dr. Fabi\u00e1n Villalobos<\/em><\/strong><em> es Rector en la Iglesia Episcopal Cristo en la Di\u00f3cesis de Dallas, Texas.<\/em><\/p>\n\n\n\n<div class=\"wp-block-file\"><a id=\"wp-block-file--media-40b5ada2-16fc-4b28-ba4e-9b8aad1327a6\" href=\"https:\/\/www.episcopalchurch.org\/wp-content\/uploads\/2024\/01\/Sermon-Epifania-3-Spanish.docx\">Word \u2013 Epifan\u00eda 3 (B)<\/a><a href=\"https:\/\/www.episcopalchurch.org\/wp-content\/uploads\/2024\/01\/Sermon-Epifania-3-Spanish.docx\" class=\"wp-block-file__button wp-element-button\" download aria-describedby=\"wp-block-file--media-40b5ada2-16fc-4b28-ba4e-9b8aad1327a6\">Download<\/a><\/div>\n\n\n\n<div class=\"wp-block-file\"><a id=\"wp-block-file--media-5ad67993-2fac-4a05-9bef-8dd724036674\" href=\"https:\/\/www.episcopalchurch.org\/wp-content\/uploads\/2024\/01\/Sermon-Epifania-3-Spanish.pdf\">PDF \u2013 Epifan\u00eda 3 (B)<\/a><a href=\"https:\/\/www.episcopalchurch.org\/wp-content\/uploads\/2024\/01\/Sermon-Epifania-3-Spanish.pdf\" class=\"wp-block-file__button wp-element-button\" download aria-describedby=\"wp-block-file--media-5ad67993-2fac-4a05-9bef-8dd724036674\">Download<\/a><\/div>\n","protected":false},"featured_media":201217,"template":"","meta":{"_acf_changed":false,"_uag_custom_page_level_css":"","_kad_blocks_custom_css":"","_kad_blocks_head_custom_js":"","_kad_blocks_body_custom_js":"","_kad_blocks_footer_custom_js":"","_kadence_starter_templates_imported_post":false,"_links_to":"","_links_to_target":""},"categories":[949,946],"class_list":["post-299587","sermon","type-sermon","status-publish","has-post-thumbnail","hentry","category-epifania-3b","category-epifania-b"],"acf":{"drupal_id":"","lectionary_id":false,"sermon_date":"2024-01-21","sermon_other_translation":false,"sermon_language":"","author_id":279279},"yoast_head":"<!-- This site is optimized with the Yoast SEO Premium plugin v24.6 (Yoast SEO v26.3) - https:\/\/yoast.com\/wordpress\/plugins\/seo\/ -->\n<title>Epifan\u00eda 3 (B) \u2013 21 de enero de 2024 &#8211; The Episcopal Church<\/title>\n<meta name=\"robots\" content=\"index, follow, max-snippet:-1, max-image-preview:large, max-video-preview:-1\" \/>\n<link rel=\"canonical\" href=\"https:\/\/www.episcopalchurch.org\/es\/sermon\/epifania-3-b-21-de-enero-de-2024\/\" \/>\n<meta property=\"og:locale\" content=\"es_ES\" \/>\n<meta property=\"og:type\" content=\"article\" \/>\n<meta property=\"og:title\" content=\"Epifan\u00eda 3 (B) \u2013 21 de enero de 2024\" \/>\n<meta property=\"og:description\" content=\"LCR: Jon\u00e1s 3:1\u20135, 10; Salmo 62:6\u201314; 1 Corintios 7:29\u201331; San Marcos 1:14\u201320 Al comenzar el a\u00f1o, como cada tiempo nuevo, tenemos la oportunidad de realizar prop\u00f3sitos, de ponernos metas, alcanzar algo. Esos prop\u00f3sitos o resoluciones tambi\u00e9n los debemos aplicar a nuestra vida espiritual. Tenemos que procurar este a\u00f1o crecer en la gracia y conocimiento de [&hellip;]\" \/>\n<meta property=\"og:url\" content=\"https:\/\/www.episcopalchurch.org\/es\/sermon\/epifania-3-b-21-de-enero-de-2024\/\" \/>\n<meta property=\"og:site_name\" content=\"The Episcopal Church\" \/>\n<meta property=\"article:publisher\" content=\"https:\/\/www.facebook.com\/episcopalian\" \/>\n<meta property=\"article:modified_time\" content=\"2024-01-04T17:11:21+00:00\" \/>\n<meta property=\"og:image\" content=\"https:\/\/www.episcopalchurch.org\/wp-content\/uploads\/2024\/01\/E3-2024-Sermon-Graphic-SP.png\" \/>\n\t<meta property=\"og:image:width\" content=\"1200\" \/>\n\t<meta property=\"og:image:height\" content=\"628\" \/>\n\t<meta property=\"og:image:type\" content=\"image\/png\" \/>\n<meta name=\"twitter:card\" content=\"summary_large_image\" \/>\n<meta name=\"twitter:title\" content=\"Epifan\u00eda 3 (B) \u2013 21 de enero de 2024\" \/>\n<meta name=\"twitter:image\" content=\"https:\/\/www.episcopalchurch.org\/wp-content\/uploads\/2024\/01\/E3-2024-Sermon-Graphic-SP.png\" \/>\n<meta name=\"twitter:site\" content=\"@iamepiscopalian\" \/>\n<meta name=\"twitter:label1\" content=\"Est. reading time\" \/>\n\t<meta name=\"twitter:data1\" content=\"4 minutes\" \/>\n<script type=\"application\/ld+json\" class=\"yoast-schema-graph\">{\"@context\":\"https:\/\/schema.org\",\"@graph\":[{\"@type\":\"WebPage\",\"@id\":\"https:\/\/www.episcopalchurch.org\/es\/sermon\/epifania-3-b-21-de-enero-de-2024\/\",\"url\":\"https:\/\/www.episcopalchurch.org\/es\/sermon\/epifania-3-b-21-de-enero-de-2024\/\",\"name\":\"Epifan\u00eda 3 (B) \u2013 21 de enero de 2024 &#8211; The Episcopal Church\",\"isPartOf\":{\"@id\":\"https:\/\/www.episcopalchurch.org\/#website\"},\"primaryImageOfPage\":{\"@id\":\"https:\/\/www.episcopalchurch.org\/es\/sermon\/epifania-3-b-21-de-enero-de-2024\/#primaryimage\"},\"image\":{\"@id\":\"https:\/\/www.episcopalchurch.org\/es\/sermon\/epifania-3-b-21-de-enero-de-2024\/#primaryimage\"},\"thumbnailUrl\":\"https:\/\/www.episcopalchurch.org\/wp-content\/uploads\/2020\/12\/Sermons_that_Work_Spanish_SQ.png\",\"datePublished\":\"2024-01-04T17:11:15+00:00\",\"dateModified\":\"2024-01-04T17:11:21+00:00\",\"breadcrumb\":{\"@id\":\"https:\/\/www.episcopalchurch.org\/es\/sermon\/epifania-3-b-21-de-enero-de-2024\/#breadcrumb\"},\"inLanguage\":\"es-ES\",\"potentialAction\":[{\"@type\":\"ReadAction\",\"target\":[\"https:\/\/www.episcopalchurch.org\/es\/sermon\/epifania-3-b-21-de-enero-de-2024\/\"]}]},{\"@type\":\"ImageObject\",\"inLanguage\":\"es-ES\",\"@id\":\"https:\/\/www.episcopalchurch.org\/es\/sermon\/epifania-3-b-21-de-enero-de-2024\/#primaryimage\",\"url\":\"https:\/\/www.episcopalchurch.org\/wp-content\/uploads\/2020\/12\/Sermons_that_Work_Spanish_SQ.png\",\"contentUrl\":\"https:\/\/www.episcopalchurch.org\/wp-content\/uploads\/2020\/12\/Sermons_that_Work_Spanish_SQ.png\",\"width\":928,\"height\":927,\"caption\":\"Sermones Que Iluminan\"},{\"@type\":\"BreadcrumbList\",\"@id\":\"https:\/\/www.episcopalchurch.org\/es\/sermon\/epifania-3-b-21-de-enero-de-2024\/#breadcrumb\",\"itemListElement\":[{\"@type\":\"ListItem\",\"position\":1,\"name\":\"Home\",\"item\":\"https:\/\/www.episcopalchurch.org\/\"},{\"@type\":\"ListItem\",\"position\":2,\"name\":\"Epifan\u00eda 3 (B) \u2013 21 de enero de 2024\"}]},{\"@type\":\"WebSite\",\"@id\":\"https:\/\/www.episcopalchurch.org\/#website\",\"url\":\"https:\/\/www.episcopalchurch.org\/\",\"name\":\"The Episcopal Church\",\"description\":\"Welcomes You\",\"publisher\":{\"@id\":\"https:\/\/www.episcopalchurch.org\/#organization\"},\"potentialAction\":[{\"@type\":\"SearchAction\",\"target\":{\"@type\":\"EntryPoint\",\"urlTemplate\":\"https:\/\/www.episcopalchurch.org\/?s={search_term_string}\"},\"query-input\":{\"@type\":\"PropertyValueSpecification\",\"valueRequired\":true,\"valueName\":\"search_term_string\"}}],\"inLanguage\":\"es-ES\"},{\"@type\":\"Organization\",\"@id\":\"https:\/\/www.episcopalchurch.org\/#organization\",\"name\":\"The Episcopal Church\",\"url\":\"https:\/\/www.episcopalchurch.org\/\",\"logo\":{\"@type\":\"ImageObject\",\"inLanguage\":\"es-ES\",\"@id\":\"https:\/\/www.episcopalchurch.org\/#\/schema\/logo\/image\/\",\"url\":\"https:\/\/www.episcopalchurch.org\/wp-content\/uploads\/2021\/01\/vertical_episcopal_logo.jpg\",\"contentUrl\":\"https:\/\/www.episcopalchurch.org\/wp-content\/uploads\/2021\/01\/vertical_episcopal_logo.jpg\",\"width\":770,\"height\":662,\"caption\":\"The Episcopal Church\"},\"image\":{\"@id\":\"https:\/\/www.episcopalchurch.org\/#\/schema\/logo\/image\/\"},\"sameAs\":[\"https:\/\/www.facebook.com\/episcopalian\",\"https:\/\/x.com\/iamepiscopalian\",\"https:\/\/www.youtube.com\/channel\/UCdVJpxCtK41c_-p6EaE4_2A\"]}]}<\/script>\n<!-- \/ Yoast SEO Premium plugin. -->","yoast_head_json":{"title":"Epifan\u00eda 3 (B) \u2013 21 de enero de 2024 &#8211; The Episcopal Church","robots":{"index":"index","follow":"follow","max-snippet":"max-snippet:-1","max-image-preview":"max-image-preview:large","max-video-preview":"max-video-preview:-1"},"canonical":"https:\/\/www.episcopalchurch.org\/es\/sermon\/epifania-3-b-21-de-enero-de-2024\/","og_locale":"es_ES","og_type":"article","og_title":"Epifan\u00eda 3 (B) \u2013 21 de enero de 2024","og_description":"LCR: Jon\u00e1s 3:1\u20135, 10; Salmo 62:6\u201314; 1 Corintios 7:29\u201331; San Marcos 1:14\u201320 Al comenzar el a\u00f1o, como cada tiempo nuevo, tenemos la oportunidad de realizar prop\u00f3sitos, de ponernos metas, alcanzar algo. Esos prop\u00f3sitos o resoluciones tambi\u00e9n los debemos aplicar a nuestra vida espiritual. Tenemos que procurar este a\u00f1o crecer en la gracia y conocimiento de [&hellip;]","og_url":"https:\/\/www.episcopalchurch.org\/es\/sermon\/epifania-3-b-21-de-enero-de-2024\/","og_site_name":"The Episcopal Church","article_publisher":"https:\/\/www.facebook.com\/episcopalian","article_modified_time":"2024-01-04T17:11:21+00:00","og_image":[{"width":1200,"height":628,"url":"https:\/\/www.episcopalchurch.org\/wp-content\/uploads\/2024\/01\/E3-2024-Sermon-Graphic-SP.png","type":"image\/png"}],"twitter_card":"summary_large_image","twitter_title":"Epifan\u00eda 3 (B) \u2013 21 de enero de 2024","twitter_image":"https:\/\/www.episcopalchurch.org\/wp-content\/uploads\/2024\/01\/E3-2024-Sermon-Graphic-SP.png","twitter_site":"@iamepiscopalian","twitter_misc":{"Est. reading time":"4 minutes"},"schema":{"@context":"https:\/\/schema.org","@graph":[{"@type":"WebPage","@id":"https:\/\/www.episcopalchurch.org\/es\/sermon\/epifania-3-b-21-de-enero-de-2024\/","url":"https:\/\/www.episcopalchurch.org\/es\/sermon\/epifania-3-b-21-de-enero-de-2024\/","name":"Epifan\u00eda 3 (B) \u2013 21 de enero de 2024 &#8211; The Episcopal Church","isPartOf":{"@id":"https:\/\/www.episcopalchurch.org\/#website"},"primaryImageOfPage":{"@id":"https:\/\/www.episcopalchurch.org\/es\/sermon\/epifania-3-b-21-de-enero-de-2024\/#primaryimage"},"image":{"@id":"https:\/\/www.episcopalchurch.org\/es\/sermon\/epifania-3-b-21-de-enero-de-2024\/#primaryimage"},"thumbnailUrl":"https:\/\/www.episcopalchurch.org\/wp-content\/uploads\/2020\/12\/Sermons_that_Work_Spanish_SQ.png","datePublished":"2024-01-04T17:11:15+00:00","dateModified":"2024-01-04T17:11:21+00:00","breadcrumb":{"@id":"https:\/\/www.episcopalchurch.org\/es\/sermon\/epifania-3-b-21-de-enero-de-2024\/#breadcrumb"},"inLanguage":"es-ES","potentialAction":[{"@type":"ReadAction","target":["https:\/\/www.episcopalchurch.org\/es\/sermon\/epifania-3-b-21-de-enero-de-2024\/"]}]},{"@type":"ImageObject","inLanguage":"es-ES","@id":"https:\/\/www.episcopalchurch.org\/es\/sermon\/epifania-3-b-21-de-enero-de-2024\/#primaryimage","url":"https:\/\/www.episcopalchurch.org\/wp-content\/uploads\/2020\/12\/Sermons_that_Work_Spanish_SQ.png","contentUrl":"https:\/\/www.episcopalchurch.org\/wp-content\/uploads\/2020\/12\/Sermons_that_Work_Spanish_SQ.png","width":928,"height":927,"caption":"Sermones Que Iluminan"},{"@type":"BreadcrumbList","@id":"https:\/\/www.episcopalchurch.org\/es\/sermon\/epifania-3-b-21-de-enero-de-2024\/#breadcrumb","itemListElement":[{"@type":"ListItem","position":1,"name":"Home","item":"https:\/\/www.episcopalchurch.org\/"},{"@type":"ListItem","position":2,"name":"Epifan\u00eda 3 (B) \u2013 21 de enero de 2024"}]},{"@type":"WebSite","@id":"https:\/\/www.episcopalchurch.org\/#website","url":"https:\/\/www.episcopalchurch.org\/","name":"The Episcopal Church","description":"Welcomes You","publisher":{"@id":"https:\/\/www.episcopalchurch.org\/#organization"},"potentialAction":[{"@type":"SearchAction","target":{"@type":"EntryPoint","urlTemplate":"https:\/\/www.episcopalchurch.org\/?s={search_term_string}"},"query-input":{"@type":"PropertyValueSpecification","valueRequired":true,"valueName":"search_term_string"}}],"inLanguage":"es-ES"},{"@type":"Organization","@id":"https:\/\/www.episcopalchurch.org\/#organization","name":"The Episcopal Church","url":"https:\/\/www.episcopalchurch.org\/","logo":{"@type":"ImageObject","inLanguage":"es-ES","@id":"https:\/\/www.episcopalchurch.org\/#\/schema\/logo\/image\/","url":"https:\/\/www.episcopalchurch.org\/wp-content\/uploads\/2021\/01\/vertical_episcopal_logo.jpg","contentUrl":"https:\/\/www.episcopalchurch.org\/wp-content\/uploads\/2021\/01\/vertical_episcopal_logo.jpg","width":770,"height":662,"caption":"The Episcopal Church"},"image":{"@id":"https:\/\/www.episcopalchurch.org\/#\/schema\/logo\/image\/"},"sameAs":["https:\/\/www.facebook.com\/episcopalian","https:\/\/x.com\/iamepiscopalian","https:\/\/www.youtube.com\/channel\/UCdVJpxCtK41c_-p6EaE4_2A"]}]}},"taxonomy_info":{"category":[{"value":949,"label":"Epifan\u00eda 3b"},{"value":946,"label":"Epifan\u00eda B"}]},"featured_image_src_large":["https:\/\/www.episcopalchurch.org\/wp-content\/uploads\/2020\/12\/Sermons_that_Work_Spanish_SQ.png",928,927,false],"author_info":[],"comment_info":"","uagb_featured_image_src":{"full":["https:\/\/www.episcopalchurch.org\/wp-content\/uploads\/2020\/12\/Sermons_that_Work_Spanish_SQ.png",928,927,false],"thumbnail":["https:\/\/www.episcopalchurch.org\/wp-content\/uploads\/2020\/12\/Sermons_that_Work_Spanish_SQ-150x150.png",150,150,true],"medium":["https:\/\/www.episcopalchurch.org\/wp-content\/uploads\/2020\/12\/Sermons_that_Work_Spanish_SQ-300x300.png",300,300,true],"medium_large":["https:\/\/www.episcopalchurch.org\/wp-content\/uploads\/2020\/12\/Sermons_that_Work_Spanish_SQ-768x767.png",768,767,true],"large":["https:\/\/www.episcopalchurch.org\/wp-content\/uploads\/2020\/12\/Sermons_that_Work_Spanish_SQ.png",928,927,false],"1536x1536":["https:\/\/www.episcopalchurch.org\/wp-content\/uploads\/2020\/12\/Sermons_that_Work_Spanish_SQ.png",928,927,false],"2048x2048":["https:\/\/www.episcopalchurch.org\/wp-content\/uploads\/2020\/12\/Sermons_that_Work_Spanish_SQ.png",928,927,false],"menu":["https:\/\/www.episcopalchurch.org\/wp-content\/uploads\/2020\/12\/Sermons_that_Work_Spanish_SQ-330x200.png",330,200,true],"hero":["https:\/\/www.episcopalchurch.org\/wp-content\/uploads\/2020\/12\/Sermons_that_Work_Spanish_SQ-928x550.png",928,550,true],"callout-image":["https:\/\/www.episcopalchurch.org\/wp-content\/uploads\/2020\/12\/Sermons_that_Work_Spanish_SQ-480x479.png",480,479,true]},"uagb_author_info":{"display_name":"Christopher Sikkema","author_link":"https:\/\/www.episcopalchurch.org\/es\/author\/"},"uagb_comment_info":0,"uagb_excerpt":"LCR: Jon\u00e1s 3:1\u20135, 10; Salmo 62:6\u201314; 1 Corintios 7:29\u201331; San Marcos 1:14\u201320 Al comenzar el a\u00f1o, como cada tiempo nuevo, tenemos la oportunidad de realizar prop\u00f3sitos, de ponernos metas, alcanzar algo. Esos prop\u00f3sitos o resoluciones tambi\u00e9n los debemos aplicar a nuestra vida espiritual. Tenemos que procurar este a\u00f1o crecer en la gracia y conocimiento de&hellip;","_links":{"self":[{"href":"https:\/\/www.episcopalchurch.org\/es\/wp-json\/wp\/v2\/sermon\/299587","targetHints":{"allow":["GET"]}}],"collection":[{"href":"https:\/\/www.episcopalchurch.org\/es\/wp-json\/wp\/v2\/sermon"}],"about":[{"href":"https:\/\/www.episcopalchurch.org\/es\/wp-json\/wp\/v2\/types\/sermon"}],"wp:featuredmedia":[{"embeddable":true,"href":"https:\/\/www.episcopalchurch.org\/es\/wp-json\/wp\/v2\/media\/201217"}],"wp:attachment":[{"href":"https:\/\/www.episcopalchurch.org\/es\/wp-json\/wp\/v2\/media?parent=299587"}],"wp:term":[{"taxonomy":"category","embeddable":true,"href":"https:\/\/www.episcopalchurch.org\/es\/wp-json\/wp\/v2\/categories?post=299587"}],"curies":[{"name":"wp","href":"https:\/\/api.w.org\/{rel}","templated":true}]}}