{"id":330585,"date":"2025-03-18T16:02:22","date_gmt":"2025-03-18T20:02:22","guid":{"rendered":"https:\/\/www.episcopalchurch.org\/?post_type=sermon&#038;p=330585"},"modified":"2025-11-25T10:58:40","modified_gmt":"2025-11-25T15:58:40","slug":"dia-de-pascua-c-20-de-abril-de-2025","status":"publish","type":"sermon","link":"https:\/\/www.episcopalchurch.org\/es\/sermon\/dia-de-pascua-c-20-de-abril-de-2025\/","title":{"rendered":"D\u00eda de Pascua (C) \u2013 2025"},"content":{"rendered":"\n<p><strong><a href=\"https:\/\/www.episcopalchurch.org\/es\/lectionary\/easter-day-c\/\">LCR: Hechos 10:34-43 o Isa\u00edas 65:17-25; Salmo 118:1-2, 14-24; 1 Corintios 15:19-26 o Hechos 10:34-43; San Juan 20:1-18 o San Lucas 24:1-12<\/a><\/strong><\/p>\n\n\n\n<hr class=\"wp-block-separator has-text-color has-yellow-color has-alpha-channel-opacity has-yellow-background-color has-background is-style-wide\"\/>\n\n\n\n<p><em>Profundice en el viaje de la Semana Santa y la Pascua con la recopilaci\u00f3n de sermones de este a\u00f1o. Cada serm\u00f3n, perfecto para el uso congregacional, grupos peque\u00f1os o reflexi\u00f3n personal, incluye dos preguntas para iniciar un debate y una exploraci\u00f3n significativos. Acceda a este recurso en <a href=\"https:\/\/www.episcopalchurch.org\/es\/sermones-que-iluminan\/\">sermonesqueiluminan.org<\/a>.<\/em><\/p>\n\n\n\n<hr class=\"wp-block-separator has-text-color has-yellow-color has-alpha-channel-opacity has-yellow-background-color has-background is-style-wide\"\/>\n\n\n<div class=\"wp-block-image\">\n<figure class=\"alignright size-large is-resized\"><img loading=\"lazy\" decoding=\"async\" width=\"1024\" height=\"536\" src=\"https:\/\/www.episcopalchurch.org\/wp-content\/uploads\/2025\/03\/ED-2025-Sermon-Graphic-SP-1024x536.png\" alt=\"\" class=\"wp-image-330598\" style=\"width:512px\" srcset=\"https:\/\/www.episcopalchurch.org\/wp-content\/uploads\/2025\/03\/ED-2025-Sermon-Graphic-SP-1024x536.png 1024w, https:\/\/www.episcopalchurch.org\/wp-content\/uploads\/2025\/03\/ED-2025-Sermon-Graphic-SP-300x157.png 300w, https:\/\/www.episcopalchurch.org\/wp-content\/uploads\/2025\/03\/ED-2025-Sermon-Graphic-SP-768x402.png 768w, https:\/\/www.episcopalchurch.org\/wp-content\/uploads\/2025\/03\/ED-2025-Sermon-Graphic-SP-480x251.png 480w, https:\/\/www.episcopalchurch.org\/wp-content\/uploads\/2025\/03\/ED-2025-Sermon-Graphic-SP.png 1200w\" sizes=\"auto, (max-width: 1024px) 100vw, 1024px\" \/><\/figure><\/div>\n\n\n<p>Hoy nos reunimos para celebrar el evento que ha marcado para siempre el curso de la humanidad.&nbsp; Pero \u00bfrealmente entendemos lo que esa historia implica?<\/p>\n\n\n\n<p>La ma\u00f1ana de Pascua no fue un amanecer sereno ni lleno de paz. Fue un amanecer lleno de confusi\u00f3n y asombro. Los disc\u00edpulos se enfrentaron a un mar de dudas y preguntas: \u00bfD\u00f3nde est\u00e1 el cuerpo? \u00bfQu\u00e9 significa esto para nosotros? La historia de Mar\u00eda Magdalena nos muestra una mujer profundamente quebrantada, envuelta en la oscuridad de la tristeza y la p\u00e9rdida, buscando desesperadamente a su Se\u00f1or. Y, en ese momento de desesperaci\u00f3n, algo maravilloso ocurre: Jes\u00fas la llama por su nombre: \u201cMar\u00eda\u201d.<\/p>\n\n\n\n<p>En la ma\u00f1ana de Pascua, la comunidad de los disc\u00edpulos a\u00fan trataba de dar sentido y de procesar lo que hab\u00edan vivido menos de setenta y dos horas antes, el Viernes Santo. Pero la continuidad que el Evangelio de Juan ofrece entre el Viernes Santo y la ma\u00f1ana de Pascua, es teol\u00f3gicamente rica, hay una frase que conecta todo de una manera perfecta cuando dice: \u201cMuy temprano, el primer d\u00eda de la semana, cuando todav\u00eda estaba oscuro, Mar\u00eda Magdalena fue al sepulcro\u201d.<\/p>\n\n\n\n<p>\u201cCuando todav\u00eda estaba oscuro\u201des la frase perfecta de Juan para conectar el Viernes Santo con la Pascua. \u201cCuando todav\u00eda estaba oscuro\u201d apunta no s\u00f3lo a la ausencia de luz, sino que adem\u00e1s describe el estado espiritual y emocional de Mar\u00eda Magdalena. Mar\u00eda, a\u00fan envuelta en las sombras del dolor y el sufrimiento en su alma despu\u00e9s de los eventos del Viernes Santo, fue al sepulcro, no s\u00f3lo lamentando la muerte de su maestro y amigo, sino tambi\u00e9n la muerte de aquel que hab\u00eda renovado y restaurado su alma cuando nadie m\u00e1s pudo hacerlo. Mar\u00eda va al sepulcro con el coraz\u00f3n en tinieblas a terminar de cuidar del cuerpo de aquel que, cuando m\u00e1s perdida ella estaba, le devolvi\u00f3 la vida. Mar\u00eda no pod\u00eda imaginar una vida sin Jes\u00fas. Por eso se qued\u00f3 all\u00ed, en el sepulcro, paralizada, y sus palabras reflejaban su desesperaci\u00f3n: \u00bfD\u00f3nde est\u00e1? \u00bfD\u00f3nde lo han llevado? Para Mar\u00eda a\u00fan estaba oscuro, incluso despu\u00e9s de la salida del sol.<\/p>\n\n\n\n<p>Si \u00e9se es nuestro caso en esta ma\u00f1ana, si estamos en un momento de la vida en el que no podemos sentir la alegr\u00eda de la Pascua; si estamos lamentando la muerte de un ser querido o atravesando el dolor de cualquier relaci\u00f3n rota, de la separaci\u00f3n familiar o cualquier tipo de p\u00e9rdida, el mensaje de pascua es para nosotros. As\u00ed se sent\u00eda Mar\u00eda Magdalena en su primera ma\u00f1ana de Pascua. La buena noticia es que \u00e9se no fue el final de su d\u00eda, y aunque fue al sepulcro en tinieblas regres\u00f3 con el resplandor del resucitado.<\/p>\n\n\n\n<p>La Pascua no s\u00f3lo trata de alegr\u00eda, aunque con ella viene la mayor de las alegr\u00edas y la mejor noticia del Evangelio. La Pascua trata principalmente de transformaci\u00f3n, sanaci\u00f3n, de nuestra necesidad real y personal de abrazar esa nueva vida que todos anhelamos, que todos necesitamos. Pero la historia de la Pascua tambi\u00e9n nos recuerda que abrazar la vida nueva que Jes\u00fas nos ofrece toma tiempo.<\/p>\n\n\n\n<p>En la historia que escuchamos hoy, tanto de Mar\u00eda como de los otros disc\u00edpulos, podemos ver c\u00f3mo les tom\u00f3 tiempo asimilar las buenas nuevas. Cuando Mar\u00eda vio que la piedra hab\u00eda sido removida, primero supuso que alguien hab\u00eda tomado el cuerpo, por lo que corri\u00f3 a contarle a Pedro y a los otros disc\u00edpulos. Es ah\u00ed cuando la narrativa se pone interesante. Despu\u00e9s del anuncio de Mar\u00eda, el disc\u00edpulo amado corri\u00f3 y lleg\u00f3 primero al sepulcro, pero no entr\u00f3; Pedro fue el primero en entrar, luego el disc\u00edpulo amado. Despu\u00e9s de eso ambos se fueron a casa, pero Mar\u00eda permaneci\u00f3 all\u00ed, llorando fuera del sepulcro.<\/p>\n\n\n\n<p>Mar\u00eda habla con los dos \u00e1ngeles, que ahora est\u00e1n en el sepulcro, y les pregunta por su Se\u00f1or. A\u00fan no entend\u00eda lo que estaba pasando, pero su amor por Jes\u00fas no hab\u00eda cambiado en absoluto, y ese amor encuentra, en medio del dolor y la desesperaci\u00f3n, palabras de consuelo. Los \u00e1ngeles le preguntaron: \u00bfPor qu\u00e9 lloras? Pero ella segu\u00eda cuestionando: \u00bfD\u00f3nde lo has llevado? Entonces se dio vuelta y vio al Se\u00f1or resucitado, de pie frente a ella. \u00c9l la salud\u00f3 con las mismas palabras que usaron los \u00e1ngeles: mujer, \u00bfpor qu\u00e9 lloras? Pero mar\u00eda a\u00fan sumida en su dolor no pod\u00eda ver que era \u00c9l. Quiz\u00e1s el cuerpo resucitado de Jes\u00fas se ve\u00eda diferente, quiz\u00e1 las l\u00e1grimas en sus ojos, quiz\u00e1s el dolor y la confusi\u00f3n estaban bloqueando su vista.<\/p>\n\n\n\n<p>Ella se dio vuelta -y con el verbo \u201cdarse vuelta\u201d Juan nos da la idea de que estaba lista para dejar el sepulcro. Jes\u00fas la llam\u00f3 por su nombre: \u00a1Mar\u00eda! y ella se volvi\u00f3, se detuvo al instante y lo reconoci\u00f3 por su voz. Cuando Mar\u00eda reconoce al maestro se empiezan a disipar sus tinieblas. En ese justo instante comenz\u00f3 Mar\u00eda a abrazar la vida, a recuperar su esperanza, a volver a ser ella misma. \u00a1Qu\u00e9 experiencia tan poderosa debi\u00f3 haber sido para Mar\u00eda escuchar su nombre en la voz del Se\u00f1or resucitado! El primer nombre pronunciado en la voz del Cristo resucitado: \u00a1Mar\u00eda!<\/p>\n\n\n\n<p>Todos, al igual que Mar\u00eda tenemos una necesidad profunda de encontrar a Jes\u00fas, de verlo con nuestros ojos y de o\u00edrle llamarnos por nuestro nombre. Dios sabe lo que hemos pasado; sabe en qu\u00e9 parte de nuestro coraz\u00f3n todav\u00eda est\u00e1 oscuro. \u00c9l puede sanar nuestro coraz\u00f3n roto. Puede sanar nuestras heridas m\u00e1s profundas. La resurrecci\u00f3n es transformadora y es tan real como el aire que respiramos.<\/p>\n\n\n\n<p>Si la luz de la Pascua apenas est\u00e1 comenzando a romper en los lugares m\u00e1s oscuros de nuestra vida, debemos saber que no estamos solos. Como en la primera ma\u00f1ana de la resurrecci\u00f3n, Dios env\u00eda sus \u00e1ngeles para que su mensaje llegue a nuestra vida. Jes\u00fas, resucitado de entre los muertos est\u00e1 aqu\u00ed para nosotros, para caminar a nuestro lado, para abrazarnos, para amarnos. \u00c9l venci\u00f3 la muerte y el mal. No hay nada en nuestra vida que \u00c9l no pueda cambiar. Incluso si no somos capaces de entender el sepulcro vac\u00edo, Cristo ha resucitado. \u00c9l nos ama y no hay nada que podamos hacer para cambiar eso, pero s\u00ed podemos acercarnos a \u00c9l y dejar que entre en los lugares m\u00e1s oscuros de nuestro coraz\u00f3n.<\/p>\n\n\n\n<p>Si hoy estamos felices y nuestra copa est\u00e1 rebosando dejemos que nuestros hermanos se alegren con nosotros. Abrazar la vida nueva lleva tiempo, lleva m\u00e1s de una ma\u00f1ana. La estaci\u00f3n de Pascua apenas comienza hoy. Dios nos est\u00e1 llamando por nuestro nombre, a creer que nuestra vida puede ser restaurada. El mensaje de la resurrecci\u00f3n es claro, simple y muy profundo: el dolor no es para siempre, la muerte no es para siempre, el sufrimiento no es para siempre; s\u00f3lo el amor de Dios y la nueva vida que \u00c9l nos trajo en Cristo es para siempre.<\/p>\n\n\n\n<p>Sabemos que la historia de la Pascua es verdadera no s\u00f3lo porque est\u00e9 escrita en nuestra Biblia, sino porque est\u00e1 escrita en nuestros corazones.<\/p>\n\n\n\n<p>\u00a1Aleluya Cristo ha resucitado. Es verdad, el Se\u00f1or ha resucitado, Aleluya!<\/p>\n\n\n\n<p><\/p>\n\n\n\n<div class=\"wp-block-file\"><a id=\"wp-block-file--media-363567ce-6c75-4fc9-9d87-b2052257c2e4\" href=\"https:\/\/www.episcopalchurch.org\/wp-content\/uploads\/2025\/03\/Sermon-Pascua-Spanish.docx\">Word \u2013 D\u00eda de Pascua (C)<\/a><a href=\"https:\/\/www.episcopalchurch.org\/wp-content\/uploads\/2025\/03\/Sermon-Pascua-Spanish.docx\" class=\"wp-block-file__button wp-element-button\" download aria-describedby=\"wp-block-file--media-363567ce-6c75-4fc9-9d87-b2052257c2e4\">Download<\/a><\/div>\n\n\n\n<div class=\"wp-block-file\"><a id=\"wp-block-file--media-a34f898f-e752-43fb-86ee-1c60b614b77e\" href=\"https:\/\/www.episcopalchurch.org\/wp-content\/uploads\/2025\/03\/Sermon-Pascua-Spanish.pdf\">PDF \u2013 D\u00eda de Pascua (C)<\/a><a href=\"https:\/\/www.episcopalchurch.org\/wp-content\/uploads\/2025\/03\/Sermon-Pascua-Spanish.pdf\" class=\"wp-block-file__button wp-element-button\" download aria-describedby=\"wp-block-file--media-a34f898f-e752-43fb-86ee-1c60b614b77e\">Download<\/a><\/div>\n","protected":false},"featured_media":0,"template":"","meta":{"_acf_changed":true,"_uag_custom_page_level_css":"","_kad_blocks_custom_css":"","_kad_blocks_head_custom_js":"","_kad_blocks_body_custom_js":"","_kad_blocks_footer_custom_js":"","_kadence_starter_templates_imported_post":false,"_links_to":"","_links_to_target":""},"categories":[1022,1019],"class_list":["post-330585","sermon","type-sermon","status-publish","hentry","category-dia-de-pascua-c","category-pascua-c"],"acf":{"drupal_id":"","lectionary_id":false,"sermon_date":"2025-04-20","sermon_other_translation":false,"sermon_language":"","author_id":169087},"yoast_head":"<!-- This site is optimized with the Yoast SEO Premium plugin v24.6 (Yoast SEO v26.3) - https:\/\/yoast.com\/wordpress\/plugins\/seo\/ -->\n<title>D\u00eda de Pascua (C) \u2013 2025 &#8211; The Episcopal Church<\/title>\n<meta name=\"robots\" content=\"index, follow, max-snippet:-1, max-image-preview:large, max-video-preview:-1\" \/>\n<link rel=\"canonical\" href=\"https:\/\/www.episcopalchurch.org\/es\/sermon\/dia-de-pascua-c-20-de-abril-de-2025\/\" \/>\n<meta property=\"og:locale\" content=\"es_ES\" \/>\n<meta property=\"og:type\" content=\"article\" \/>\n<meta property=\"og:title\" content=\"D\u00eda de Pascua (C) \u2013 2025\" \/>\n<meta property=\"og:description\" content=\"LCR: Hechos 10:34-43 o Isa\u00edas 65:17-25; Salmo 118:1-2, 14-24; 1 Corintios 15:19-26 o Hechos 10:34-43; San Juan 20:1-18 o San Lucas 24:1-12 Profundice en el viaje de la Semana Santa y la Pascua con la recopilaci\u00f3n de sermones de este a\u00f1o. Cada serm\u00f3n, perfecto para el uso congregacional, grupos peque\u00f1os o reflexi\u00f3n personal, incluye dos [&hellip;]\" \/>\n<meta property=\"og:url\" content=\"https:\/\/www.episcopalchurch.org\/es\/sermon\/dia-de-pascua-c-20-de-abril-de-2025\/\" \/>\n<meta property=\"og:site_name\" content=\"The Episcopal Church\" \/>\n<meta property=\"article:publisher\" content=\"https:\/\/www.facebook.com\/episcopalian\" \/>\n<meta property=\"article:modified_time\" content=\"2025-11-25T15:58:40+00:00\" \/>\n<meta property=\"og:image\" content=\"https:\/\/www.episcopalchurch.org\/wp-content\/uploads\/2025\/03\/ED-2025-Sermon-Graphic-SP.png\" \/>\n\t<meta property=\"og:image:width\" content=\"1200\" \/>\n\t<meta property=\"og:image:height\" content=\"628\" \/>\n\t<meta property=\"og:image:type\" content=\"image\/png\" \/>\n<meta name=\"twitter:card\" content=\"summary_large_image\" \/>\n<meta name=\"twitter:site\" content=\"@iamepiscopalian\" \/>\n<meta name=\"twitter:label1\" content=\"Est. reading time\" \/>\n\t<meta name=\"twitter:data1\" content=\"6 minutes\" \/>\n<script type=\"application\/ld+json\" class=\"yoast-schema-graph\">{\"@context\":\"https:\/\/schema.org\",\"@graph\":[{\"@type\":\"WebPage\",\"@id\":\"https:\/\/www.episcopalchurch.org\/es\/sermon\/dia-de-pascua-c-20-de-abril-de-2025\/\",\"url\":\"https:\/\/www.episcopalchurch.org\/es\/sermon\/dia-de-pascua-c-20-de-abril-de-2025\/\",\"name\":\"D\u00eda de Pascua (C) \u2013 2025 &#8211; The Episcopal Church\",\"isPartOf\":{\"@id\":\"https:\/\/www.episcopalchurch.org\/#website\"},\"primaryImageOfPage\":{\"@id\":\"https:\/\/www.episcopalchurch.org\/es\/sermon\/dia-de-pascua-c-20-de-abril-de-2025\/#primaryimage\"},\"image\":{\"@id\":\"https:\/\/www.episcopalchurch.org\/es\/sermon\/dia-de-pascua-c-20-de-abril-de-2025\/#primaryimage\"},\"thumbnailUrl\":\"https:\/\/www.episcopalchurch.org\/wp-content\/uploads\/2025\/03\/ED-2025-Sermon-Graphic-SP-1024x536.png\",\"datePublished\":\"2025-03-18T20:02:22+00:00\",\"dateModified\":\"2025-11-25T15:58:40+00:00\",\"breadcrumb\":{\"@id\":\"https:\/\/www.episcopalchurch.org\/es\/sermon\/dia-de-pascua-c-20-de-abril-de-2025\/#breadcrumb\"},\"inLanguage\":\"es-ES\",\"potentialAction\":[{\"@type\":\"ReadAction\",\"target\":[\"https:\/\/www.episcopalchurch.org\/es\/sermon\/dia-de-pascua-c-20-de-abril-de-2025\/\"]}]},{\"@type\":\"ImageObject\",\"inLanguage\":\"es-ES\",\"@id\":\"https:\/\/www.episcopalchurch.org\/es\/sermon\/dia-de-pascua-c-20-de-abril-de-2025\/#primaryimage\",\"url\":\"https:\/\/www.episcopalchurch.org\/wp-content\/uploads\/2025\/03\/ED-2025-Sermon-Graphic-SP-1024x536.png\",\"contentUrl\":\"https:\/\/www.episcopalchurch.org\/wp-content\/uploads\/2025\/03\/ED-2025-Sermon-Graphic-SP-1024x536.png\"},{\"@type\":\"BreadcrumbList\",\"@id\":\"https:\/\/www.episcopalchurch.org\/es\/sermon\/dia-de-pascua-c-20-de-abril-de-2025\/#breadcrumb\",\"itemListElement\":[{\"@type\":\"ListItem\",\"position\":1,\"name\":\"Home\",\"item\":\"https:\/\/www.episcopalchurch.org\/\"},{\"@type\":\"ListItem\",\"position\":2,\"name\":\"D\u00eda de Pascua (C) \u2013 2025\"}]},{\"@type\":\"WebSite\",\"@id\":\"https:\/\/www.episcopalchurch.org\/#website\",\"url\":\"https:\/\/www.episcopalchurch.org\/\",\"name\":\"The Episcopal Church\",\"description\":\"Welcomes You\",\"publisher\":{\"@id\":\"https:\/\/www.episcopalchurch.org\/#organization\"},\"potentialAction\":[{\"@type\":\"SearchAction\",\"target\":{\"@type\":\"EntryPoint\",\"urlTemplate\":\"https:\/\/www.episcopalchurch.org\/?s={search_term_string}\"},\"query-input\":{\"@type\":\"PropertyValueSpecification\",\"valueRequired\":true,\"valueName\":\"search_term_string\"}}],\"inLanguage\":\"es-ES\"},{\"@type\":\"Organization\",\"@id\":\"https:\/\/www.episcopalchurch.org\/#organization\",\"name\":\"The Episcopal Church\",\"url\":\"https:\/\/www.episcopalchurch.org\/\",\"logo\":{\"@type\":\"ImageObject\",\"inLanguage\":\"es-ES\",\"@id\":\"https:\/\/www.episcopalchurch.org\/#\/schema\/logo\/image\/\",\"url\":\"https:\/\/www.episcopalchurch.org\/wp-content\/uploads\/2021\/01\/vertical_episcopal_logo.jpg\",\"contentUrl\":\"https:\/\/www.episcopalchurch.org\/wp-content\/uploads\/2021\/01\/vertical_episcopal_logo.jpg\",\"width\":770,\"height\":662,\"caption\":\"The Episcopal Church\"},\"image\":{\"@id\":\"https:\/\/www.episcopalchurch.org\/#\/schema\/logo\/image\/\"},\"sameAs\":[\"https:\/\/www.facebook.com\/episcopalian\",\"https:\/\/x.com\/iamepiscopalian\",\"https:\/\/www.youtube.com\/channel\/UCdVJpxCtK41c_-p6EaE4_2A\"]}]}<\/script>\n<!-- \/ Yoast SEO Premium plugin. -->","yoast_head_json":{"title":"D\u00eda de Pascua (C) \u2013 2025 &#8211; The Episcopal Church","robots":{"index":"index","follow":"follow","max-snippet":"max-snippet:-1","max-image-preview":"max-image-preview:large","max-video-preview":"max-video-preview:-1"},"canonical":"https:\/\/www.episcopalchurch.org\/es\/sermon\/dia-de-pascua-c-20-de-abril-de-2025\/","og_locale":"es_ES","og_type":"article","og_title":"D\u00eda de Pascua (C) \u2013 2025","og_description":"LCR: Hechos 10:34-43 o Isa\u00edas 65:17-25; Salmo 118:1-2, 14-24; 1 Corintios 15:19-26 o Hechos 10:34-43; San Juan 20:1-18 o San Lucas 24:1-12 Profundice en el viaje de la Semana Santa y la Pascua con la recopilaci\u00f3n de sermones de este a\u00f1o. Cada serm\u00f3n, perfecto para el uso congregacional, grupos peque\u00f1os o reflexi\u00f3n personal, incluye dos [&hellip;]","og_url":"https:\/\/www.episcopalchurch.org\/es\/sermon\/dia-de-pascua-c-20-de-abril-de-2025\/","og_site_name":"The Episcopal Church","article_publisher":"https:\/\/www.facebook.com\/episcopalian","article_modified_time":"2025-11-25T15:58:40+00:00","og_image":[{"width":1200,"height":628,"url":"https:\/\/www.episcopalchurch.org\/wp-content\/uploads\/2025\/03\/ED-2025-Sermon-Graphic-SP.png","type":"image\/png"}],"twitter_card":"summary_large_image","twitter_site":"@iamepiscopalian","twitter_misc":{"Est. reading time":"6 minutes"},"schema":{"@context":"https:\/\/schema.org","@graph":[{"@type":"WebPage","@id":"https:\/\/www.episcopalchurch.org\/es\/sermon\/dia-de-pascua-c-20-de-abril-de-2025\/","url":"https:\/\/www.episcopalchurch.org\/es\/sermon\/dia-de-pascua-c-20-de-abril-de-2025\/","name":"D\u00eda de Pascua (C) \u2013 2025 &#8211; The Episcopal Church","isPartOf":{"@id":"https:\/\/www.episcopalchurch.org\/#website"},"primaryImageOfPage":{"@id":"https:\/\/www.episcopalchurch.org\/es\/sermon\/dia-de-pascua-c-20-de-abril-de-2025\/#primaryimage"},"image":{"@id":"https:\/\/www.episcopalchurch.org\/es\/sermon\/dia-de-pascua-c-20-de-abril-de-2025\/#primaryimage"},"thumbnailUrl":"https:\/\/www.episcopalchurch.org\/wp-content\/uploads\/2025\/03\/ED-2025-Sermon-Graphic-SP-1024x536.png","datePublished":"2025-03-18T20:02:22+00:00","dateModified":"2025-11-25T15:58:40+00:00","breadcrumb":{"@id":"https:\/\/www.episcopalchurch.org\/es\/sermon\/dia-de-pascua-c-20-de-abril-de-2025\/#breadcrumb"},"inLanguage":"es-ES","potentialAction":[{"@type":"ReadAction","target":["https:\/\/www.episcopalchurch.org\/es\/sermon\/dia-de-pascua-c-20-de-abril-de-2025\/"]}]},{"@type":"ImageObject","inLanguage":"es-ES","@id":"https:\/\/www.episcopalchurch.org\/es\/sermon\/dia-de-pascua-c-20-de-abril-de-2025\/#primaryimage","url":"https:\/\/www.episcopalchurch.org\/wp-content\/uploads\/2025\/03\/ED-2025-Sermon-Graphic-SP-1024x536.png","contentUrl":"https:\/\/www.episcopalchurch.org\/wp-content\/uploads\/2025\/03\/ED-2025-Sermon-Graphic-SP-1024x536.png"},{"@type":"BreadcrumbList","@id":"https:\/\/www.episcopalchurch.org\/es\/sermon\/dia-de-pascua-c-20-de-abril-de-2025\/#breadcrumb","itemListElement":[{"@type":"ListItem","position":1,"name":"Home","item":"https:\/\/www.episcopalchurch.org\/"},{"@type":"ListItem","position":2,"name":"D\u00eda de Pascua (C) \u2013 2025"}]},{"@type":"WebSite","@id":"https:\/\/www.episcopalchurch.org\/#website","url":"https:\/\/www.episcopalchurch.org\/","name":"The Episcopal Church","description":"Welcomes You","publisher":{"@id":"https:\/\/www.episcopalchurch.org\/#organization"},"potentialAction":[{"@type":"SearchAction","target":{"@type":"EntryPoint","urlTemplate":"https:\/\/www.episcopalchurch.org\/?s={search_term_string}"},"query-input":{"@type":"PropertyValueSpecification","valueRequired":true,"valueName":"search_term_string"}}],"inLanguage":"es-ES"},{"@type":"Organization","@id":"https:\/\/www.episcopalchurch.org\/#organization","name":"The Episcopal Church","url":"https:\/\/www.episcopalchurch.org\/","logo":{"@type":"ImageObject","inLanguage":"es-ES","@id":"https:\/\/www.episcopalchurch.org\/#\/schema\/logo\/image\/","url":"https:\/\/www.episcopalchurch.org\/wp-content\/uploads\/2021\/01\/vertical_episcopal_logo.jpg","contentUrl":"https:\/\/www.episcopalchurch.org\/wp-content\/uploads\/2021\/01\/vertical_episcopal_logo.jpg","width":770,"height":662,"caption":"The Episcopal Church"},"image":{"@id":"https:\/\/www.episcopalchurch.org\/#\/schema\/logo\/image\/"},"sameAs":["https:\/\/www.facebook.com\/episcopalian","https:\/\/x.com\/iamepiscopalian","https:\/\/www.youtube.com\/channel\/UCdVJpxCtK41c_-p6EaE4_2A"]}]}},"taxonomy_info":{"category":[{"value":1022,"label":"D\u00eda de Pascua C"},{"value":1019,"label":"Pascua C"}]},"featured_image_src_large":false,"author_info":[],"comment_info":"","uagb_featured_image_src":{"full":false,"thumbnail":false,"medium":false,"medium_large":false,"large":false,"1536x1536":false,"2048x2048":false,"menu":false,"hero":false,"callout-image":false},"uagb_author_info":{"display_name":"Scott Rands","author_link":"https:\/\/www.episcopalchurch.org\/es\/author\/"},"uagb_comment_info":0,"uagb_excerpt":"LCR: Hechos 10:34-43 o Isa\u00edas 65:17-25; Salmo 118:1-2, 14-24; 1 Corintios 15:19-26 o Hechos 10:34-43; San Juan 20:1-18 o San Lucas 24:1-12 Profundice en el viaje de la Semana Santa y la Pascua con la recopilaci\u00f3n de sermones de este a\u00f1o. Cada serm\u00f3n, perfecto para el uso congregacional, grupos peque\u00f1os o reflexi\u00f3n personal, incluye dos&hellip;","_links":{"self":[{"href":"https:\/\/www.episcopalchurch.org\/es\/wp-json\/wp\/v2\/sermon\/330585","targetHints":{"allow":["GET"]}}],"collection":[{"href":"https:\/\/www.episcopalchurch.org\/es\/wp-json\/wp\/v2\/sermon"}],"about":[{"href":"https:\/\/www.episcopalchurch.org\/es\/wp-json\/wp\/v2\/types\/sermon"}],"wp:attachment":[{"href":"https:\/\/www.episcopalchurch.org\/es\/wp-json\/wp\/v2\/media?parent=330585"}],"wp:term":[{"taxonomy":"category","embeddable":true,"href":"https:\/\/www.episcopalchurch.org\/es\/wp-json\/wp\/v2\/categories?post=330585"}],"curies":[{"name":"wp","href":"https:\/\/api.w.org\/{rel}","templated":true}]}}