{"id":341244,"date":"2025-12-02T10:34:04","date_gmt":"2025-12-02T15:34:04","guid":{"rendered":"https:\/\/www.episcopalchurch.org\/?post_type=sermon&#038;p=341244"},"modified":"2025-12-02T10:34:06","modified_gmt":"2025-12-02T15:34:06","slug":"navidad-1-28-de-diciembre-de-2025","status":"publish","type":"sermon","link":"https:\/\/www.episcopalchurch.org\/es\/sermon\/navidad-1-28-de-diciembre-de-2025\/","title":{"rendered":"Navidad 1 \u2013 28 de diciembre de 2025"},"content":{"rendered":"\n<p><strong>LCR:\u00a0<a href=\"https:\/\/www.episcopalchurch.org\/es\/lectionary\/navidad-1-a\/\">Isa\u00edas 61:10\u201362:3; Salmo 147 o 147:13\u201321 loc; G\u00e1latas 3:23\u201325; 4:4\u20137; San Juan 1:1\u201318<\/a><\/strong><\/p>\n\n\n<div class=\"wp-block-image\">\n<figure class=\"alignright size-large is-resized\"><img loading=\"lazy\" decoding=\"async\" width=\"1024\" height=\"576\" src=\"https:\/\/www.episcopalchurch.org\/wp-content\/uploads\/2025\/12\/1Nav-Sermon-Graphic-FB-SP-1024x576.png\" alt=\"\" class=\"wp-image-341251\" style=\"width:512px\" srcset=\"https:\/\/www.episcopalchurch.org\/wp-content\/uploads\/2025\/12\/1Nav-Sermon-Graphic-FB-SP-1024x576.png 1024w, https:\/\/www.episcopalchurch.org\/wp-content\/uploads\/2025\/12\/1Nav-Sermon-Graphic-FB-SP-300x169.png 300w, https:\/\/www.episcopalchurch.org\/wp-content\/uploads\/2025\/12\/1Nav-Sermon-Graphic-FB-SP-768x432.png 768w, https:\/\/www.episcopalchurch.org\/wp-content\/uploads\/2025\/12\/1Nav-Sermon-Graphic-FB-SP-1536x864.png 1536w, https:\/\/www.episcopalchurch.org\/wp-content\/uploads\/2025\/12\/1Nav-Sermon-Graphic-FB-SP-480x270.png 480w, https:\/\/www.episcopalchurch.org\/wp-content\/uploads\/2025\/12\/1Nav-Sermon-Graphic-FB-SP.png 1920w\" sizes=\"auto, (max-width: 1024px) 100vw, 1024px\" \/><\/figure><\/div>\n\n\n<p>Hace apenas unos d\u00edas est\u00e1bamos celebrando con cantos, abrazos, felicitaciones, luces, m\u00fasica, la Navidad, que Dios naci\u00f3 en un pesebre. \u00bfAlguna vez nos hemos detenido a pensar para qu\u00e9 o por qu\u00e9 el Dios eterno, el Omnipresente y Todopoderoso se har\u00eda una de las criaturas m\u00e1s microsc\u00f3picas y vulnerables del universo? Si hacemos un alto en medio de las fiestas, el bullicio, el consumo, y lo pensamos detenidamente, se trata de algo realmente incre\u00edble (por no decir imposible si no fuera por la fe que tenemos). Y es que Dios no gana nada y nada le suma pasar por esa humillaci\u00f3n; sin hacerlo simplemente seguir\u00eda siendo el mismo Dios eterno, omnipresente y Todopoderoso.&nbsp;<\/p>\n\n\n\n<p>En contraste, de nuestra parte, al contemplarlo en la escena del pesebre (en un establo para animales), seguramente le vemos fr\u00e1gil, peque\u00f1o, pobre, y hasta nos da \u201cpesar\u201d de las condiciones en las que naci\u00f3 ese beb\u00e9. Vemos que no puede haber un Dios m\u00e1s vulnerable que Jes\u00fas. Dios se hace tan peque\u00f1o que, hasta nosotros, siendo diminutos y vulnerables ante su grandeza, sentimos solidaridad por \u00e9l y su familia. As\u00ed de peque\u00f1o se hace Dios, de ese tama\u00f1o es su abajamiento.<\/p>\n\n\n\n<p>\u00c9ste es el milagro que nos narra Juan en el evangelio de este domingo: \u201cEn el principio ya exist\u00eda la Palabra; y aquel que es la Palabra estaba con Dios y era Dios\u201d -recordemos que tambi\u00e9n en el principio, seg\u00fan el libro del G\u00e9nesis, Dios lo cre\u00f3 todo por medio de su Palabra, es decir, por Cristo: \u201cDios hizo el mundo por medio de \u00e9l\u201d-. Esa Palabra, Cristo, camin\u00f3, comi\u00f3, creci\u00f3, habl\u00f3, rio, llor\u00f3, danz\u00f3, ense\u00f1\u00f3 entre nosotros: \u201cVino a su propio mundo&#8230; Aquel que es la Palabra se hizo hombre y vivi\u00f3 entre nosotros\u201d. Por eso en este d\u00eda reflexionamos en el milagro m\u00e1s grande (junto con la resurrecci\u00f3n) que ha hecho Dios por la humanidad. Sin embargo, la pregunta persiste: \u00bfPor qu\u00e9 lo hizo?&nbsp;<\/p>\n\n\n\n<p>La respuesta es tan repetitiva, pero es as\u00ed de simple: por puro amor: \u201cDios am\u00f3 tanto al mundo, que dio a su Hijo \u00fanico, para que todo aquel que cree en \u00e9l no muera, sino que tenga vida eterna\u201d (dir\u00e1 el mismo evangelio de Juan m\u00e1s adelante, en el cap. 3). El profeta Isa\u00edas, en el Primer Testamento, ya nos deja escuchar ese amor de Dios por su criatura: \u201cPor amor a ti, Si\u00f3n, no me quedar\u00e9 callado; por amor a ti, Jerusal\u00e9n, no descansar\u00e9 hasta que tu victoria brille como el amanecer y tu salvaci\u00f3n como una antorcha encendida. Las naciones ver\u00e1n tu salvaci\u00f3n, todos los reyes ver\u00e1n tu gloria. Entonces tendr\u00e1s un nombre nuevo que el Se\u00f1or mismo te dar\u00e1. T\u00fa ser\u00e1s una hermosa corona real en la mano del Se\u00f1or tu Dios\u201d.<\/p>\n\n\n\n<p>Dios no se qued\u00f3 viendo como la \u00fanica criatura que hizo a su imagen y semejanza se perd\u00eda. Porque \u00e9sa es nuestra historia; una historia de ceguedad y ca\u00eddas que nos han hecho vivir en la oscuridad, como esclavos, oprimi\u00e9ndonos unos a otros; una historia de odios, de exterminio, de divisi\u00f3n y discriminaci\u00f3n; hasta la misma religi\u00f3n se convirti\u00f3 en un sistema de esclavitud: \u201cla ley nos ten\u00eda presos&#8230; La ley era para nosotros como el esclavo que vigila a los ni\u00f1os\u201d. Pensemos como, incluso hoy, despu\u00e9s de Cristo, nos seguimos esclavizando, incluso con la religi\u00f3n: algunos siguen matando en nombre de Dios, otros discriminan en nombre de Dios, rechazan -en nombre de Dios- al que piensa diferente o ama diferente, se explota econ\u00f3micamente y se empobrece en nombre de Dios, se levantan muros de odios y divisiones en nombre de Dios.&nbsp;&nbsp;Aunque Dios envi\u00f3 mensajeros y profetas no atendimos su mensaje.&nbsp;<\/p>\n\n\n\n<p>Por eso decidi\u00f3 hacerse humano, enviar a su Hijo para que nos ense\u00f1ara como ser realmente imagen y semejanza, para liberarnos de las cadenas, para vencer la muerte, para hacernos hijos de ese Dios Todopoderoso: \u201cEn \u00e9l estaba la vida, y la vida era la luz de la humanidad. Esta luz brilla en las tinieblas, y las tinieblas no han podido apagarla\u2026 a quienes lo recibieron y creyeron en \u00e9l, les concedi\u00f3 el privilegio de llegar a ser hijos de Dios\u201d. Gracias a esa encarnaci\u00f3n y a la obra de salvaci\u00f3n es que hemos sido liberados: \u201ct\u00fa ya no eres esclavo, sino hijo de Dios; y por ser hijo suyo, es voluntad de Dios que seas tambi\u00e9n su heredero\u201d. \u00c9ste es el milagro operado en navidad. S\u00f3lo gloria y alabanza a Dios podemos dar por tanto amor.<\/p>\n\n\n\n<p>Por todo esto es que este mensaje y el sentido de la Natividad de Cristo como humano, de la encarnaci\u00f3n del mismo Dios, no puede quedar como el acontecimiento de un d\u00eda o de un tiempo lit\u00fargico, no puede quedarse en la contemplaci\u00f3n art\u00edstica o artesanal de un pesebre. Se hace necesario entender, en tiempos de oscuridad, guerra, genocidio, da\u00f1o del planeta, pobreza, odios, que la Navidad se trata de la Luz salvadora que habita entre nosotros tambi\u00e9n de hoy: \u201cEsta luz brilla en las tinieblas, y las tinieblas no han podido apagarla\u201d.&nbsp;<\/p>\n\n\n\n<p>Acerqu\u00e9monos a Jes\u00fas, fr\u00e1gil y peque\u00f1o, pero tambi\u00e9n eterno y Dios, pues s\u00f3lo por \u00e9l podemos ver la luz, obtener la salvaci\u00f3n, ser llamados hijos y conocer al Padre. Con la encarnaci\u00f3n \u00e9l nos trajo el cielo que era tan lejano; al hacerse humano-hermano nos acerc\u00f3 a Dios, y as\u00ed nos hizo hijos tambi\u00e9n, y lo puede, pues \u201cel Hijo \u00fanico, que es Dios y que vive en \u00edntima comuni\u00f3n con el Padre, es quien nos lo ha dado a conocer\u201d. Ese milagro nos gan\u00f3 la dignidad de hijos de Dios.&nbsp;<\/p>\n\n\n\n<p>Que nuestra oraci\u00f3n, en este tiempo y todos los d\u00edas, sea en el sentido que nos propone la liturgia en la Colecta: \u201cDios todopoderoso, t\u00fa has derramado sobre nosotros la nueva luz de tu Verbo encarnado: Concede que esta luz, que arde en nuestro coraz\u00f3n, resplandezca en nuestra vida\u201d. Am\u00e9n.<\/p>\n\n\n\n<p><strong><em>El Rvdo. Richard Acosta Rodr\u00edguez<\/em><\/strong><em>, es presb\u00edtero encargado de la Misi\u00f3n San Benito de Nursia, en la Di\u00f3cesis de Colombia; es docente e investigador en el campo de la Ecoteolog\u00eda b\u00edblica. Ha escrito varios libros y art\u00edculos. Es editor de Sermones Que Iluminan en espa\u00f1ol.<\/em><\/p>\n\n\n\n<div class=\"wp-block-file\"><a id=\"wp-block-file--media-61a4f1be-7bcd-4689-81ad-c036474d4bb6\" href=\"https:\/\/www.episcopalchurch.org\/wp-content\/uploads\/2025\/12\/Sermon-1-Navidad-Spanish.docx\">Word &#8211; Navidad 1<\/a><a href=\"https:\/\/www.episcopalchurch.org\/wp-content\/uploads\/2025\/12\/Sermon-1-Navidad-Spanish.docx\" class=\"wp-block-file__button wp-element-button\" download aria-describedby=\"wp-block-file--media-61a4f1be-7bcd-4689-81ad-c036474d4bb6\">Descargar<\/a><\/div>\n\n\n\n<div class=\"wp-block-file\"><a id=\"wp-block-file--media-51ac5122-365e-488d-92c3-2990de8525f5\" href=\"https:\/\/www.episcopalchurch.org\/wp-content\/uploads\/2025\/12\/Sermon-1-Navidad-Spanish.pdf\">PDF &#8211; Navidad 1<\/a><a href=\"https:\/\/www.episcopalchurch.org\/wp-content\/uploads\/2025\/12\/Sermon-1-Navidad-Spanish.pdf\" class=\"wp-block-file__button wp-element-button\" download aria-describedby=\"wp-block-file--media-51ac5122-365e-488d-92c3-2990de8525f5\">Descargar<\/a><\/div>\n","protected":false},"featured_media":0,"template":"","meta":{"_acf_changed":true,"_uag_custom_page_level_css":"","_kad_blocks_custom_css":"","_kad_blocks_head_custom_js":"","_kad_blocks_body_custom_js":"","_kad_blocks_footer_custom_js":"","_kadence_starter_templates_imported_post":false,"_links_to":"","_links_to_target":""},"categories":[876,878],"class_list":["post-341244","sermon","type-sermon","status-publish","hentry","category-navidad","category-navidad-1"],"acf":{"drupal_id":"","lectionary_id":false,"sermon_date":"2025-12-28","sermon_other_translation":false,"sermon_language":"","author_id":157956},"yoast_head":"<!-- This site is optimized with the Yoast SEO Premium plugin v24.6 (Yoast SEO v26.3) - https:\/\/yoast.com\/wordpress\/plugins\/seo\/ -->\n<title>Navidad 1 \u2013 28 de diciembre de 2025 &#8211; The Episcopal Church<\/title>\n<meta name=\"robots\" content=\"index, follow, max-snippet:-1, max-image-preview:large, max-video-preview:-1\" \/>\n<link rel=\"canonical\" href=\"https:\/\/www.episcopalchurch.org\/es\/sermon\/navidad-1-28-de-diciembre-de-2025\/\" \/>\n<meta property=\"og:locale\" content=\"es_ES\" \/>\n<meta property=\"og:type\" content=\"article\" \/>\n<meta property=\"og:title\" content=\"Navidad 1 \u2013 28 de diciembre de 2025\" \/>\n<meta property=\"og:description\" content=\"LCR:\u00a0Isa\u00edas 61:10\u201362:3; Salmo 147 o 147:13\u201321 loc; G\u00e1latas 3:23\u201325; 4:4\u20137; San Juan 1:1\u201318 Hace apenas unos d\u00edas est\u00e1bamos celebrando con cantos, abrazos, felicitaciones, luces, m\u00fasica, la Navidad, que Dios naci\u00f3 en un pesebre. \u00bfAlguna vez nos hemos detenido a pensar para qu\u00e9 o por qu\u00e9 el Dios eterno, el Omnipresente y Todopoderoso se har\u00eda una [&hellip;]\" \/>\n<meta property=\"og:url\" content=\"https:\/\/www.episcopalchurch.org\/es\/sermon\/navidad-1-28-de-diciembre-de-2025\/\" \/>\n<meta property=\"og:site_name\" content=\"The Episcopal Church\" \/>\n<meta property=\"article:publisher\" content=\"https:\/\/www.facebook.com\/episcopalian\" \/>\n<meta property=\"article:modified_time\" content=\"2025-12-02T15:34:06+00:00\" \/>\n<meta property=\"og:image\" content=\"https:\/\/www.episcopalchurch.org\/wp-content\/uploads\/2025\/12\/1Nav-Sermon-Graphic-FB-SP.png\" \/>\n\t<meta property=\"og:image:width\" content=\"1920\" \/>\n\t<meta property=\"og:image:height\" content=\"1080\" \/>\n\t<meta property=\"og:image:type\" content=\"image\/png\" \/>\n<meta name=\"twitter:card\" content=\"summary_large_image\" \/>\n<meta name=\"twitter:site\" content=\"@iamepiscopalian\" \/>\n<meta name=\"twitter:label1\" content=\"Est. reading time\" \/>\n\t<meta name=\"twitter:data1\" content=\"5 minutes\" \/>\n<script type=\"application\/ld+json\" class=\"yoast-schema-graph\">{\"@context\":\"https:\/\/schema.org\",\"@graph\":[{\"@type\":\"WebPage\",\"@id\":\"https:\/\/www.episcopalchurch.org\/es\/sermon\/navidad-1-28-de-diciembre-de-2025\/\",\"url\":\"https:\/\/www.episcopalchurch.org\/es\/sermon\/navidad-1-28-de-diciembre-de-2025\/\",\"name\":\"Navidad 1 \u2013 28 de diciembre de 2025 &#8211; The Episcopal Church\",\"isPartOf\":{\"@id\":\"https:\/\/www.episcopalchurch.org\/#website\"},\"primaryImageOfPage\":{\"@id\":\"https:\/\/www.episcopalchurch.org\/es\/sermon\/navidad-1-28-de-diciembre-de-2025\/#primaryimage\"},\"image\":{\"@id\":\"https:\/\/www.episcopalchurch.org\/es\/sermon\/navidad-1-28-de-diciembre-de-2025\/#primaryimage\"},\"thumbnailUrl\":\"https:\/\/www.episcopalchurch.org\/wp-content\/uploads\/2025\/12\/1Nav-Sermon-Graphic-FB-SP-1024x576.png\",\"datePublished\":\"2025-12-02T15:34:04+00:00\",\"dateModified\":\"2025-12-02T15:34:06+00:00\",\"breadcrumb\":{\"@id\":\"https:\/\/www.episcopalchurch.org\/es\/sermon\/navidad-1-28-de-diciembre-de-2025\/#breadcrumb\"},\"inLanguage\":\"es-ES\",\"potentialAction\":[{\"@type\":\"ReadAction\",\"target\":[\"https:\/\/www.episcopalchurch.org\/es\/sermon\/navidad-1-28-de-diciembre-de-2025\/\"]}]},{\"@type\":\"ImageObject\",\"inLanguage\":\"es-ES\",\"@id\":\"https:\/\/www.episcopalchurch.org\/es\/sermon\/navidad-1-28-de-diciembre-de-2025\/#primaryimage\",\"url\":\"https:\/\/www.episcopalchurch.org\/wp-content\/uploads\/2025\/12\/1Nav-Sermon-Graphic-FB-SP-1024x576.png\",\"contentUrl\":\"https:\/\/www.episcopalchurch.org\/wp-content\/uploads\/2025\/12\/1Nav-Sermon-Graphic-FB-SP-1024x576.png\"},{\"@type\":\"BreadcrumbList\",\"@id\":\"https:\/\/www.episcopalchurch.org\/es\/sermon\/navidad-1-28-de-diciembre-de-2025\/#breadcrumb\",\"itemListElement\":[{\"@type\":\"ListItem\",\"position\":1,\"name\":\"Home\",\"item\":\"https:\/\/www.episcopalchurch.org\/\"},{\"@type\":\"ListItem\",\"position\":2,\"name\":\"Navidad 1 \u2013 28 de diciembre de 2025\"}]},{\"@type\":\"WebSite\",\"@id\":\"https:\/\/www.episcopalchurch.org\/#website\",\"url\":\"https:\/\/www.episcopalchurch.org\/\",\"name\":\"The Episcopal Church\",\"description\":\"Welcomes You\",\"publisher\":{\"@id\":\"https:\/\/www.episcopalchurch.org\/#organization\"},\"potentialAction\":[{\"@type\":\"SearchAction\",\"target\":{\"@type\":\"EntryPoint\",\"urlTemplate\":\"https:\/\/www.episcopalchurch.org\/?s={search_term_string}\"},\"query-input\":{\"@type\":\"PropertyValueSpecification\",\"valueRequired\":true,\"valueName\":\"search_term_string\"}}],\"inLanguage\":\"es-ES\"},{\"@type\":\"Organization\",\"@id\":\"https:\/\/www.episcopalchurch.org\/#organization\",\"name\":\"The Episcopal Church\",\"url\":\"https:\/\/www.episcopalchurch.org\/\",\"logo\":{\"@type\":\"ImageObject\",\"inLanguage\":\"es-ES\",\"@id\":\"https:\/\/www.episcopalchurch.org\/#\/schema\/logo\/image\/\",\"url\":\"https:\/\/www.episcopalchurch.org\/wp-content\/uploads\/2021\/01\/vertical_episcopal_logo.jpg\",\"contentUrl\":\"https:\/\/www.episcopalchurch.org\/wp-content\/uploads\/2021\/01\/vertical_episcopal_logo.jpg\",\"width\":770,\"height\":662,\"caption\":\"The Episcopal Church\"},\"image\":{\"@id\":\"https:\/\/www.episcopalchurch.org\/#\/schema\/logo\/image\/\"},\"sameAs\":[\"https:\/\/www.facebook.com\/episcopalian\",\"https:\/\/x.com\/iamepiscopalian\",\"https:\/\/www.youtube.com\/channel\/UCdVJpxCtK41c_-p6EaE4_2A\"]}]}<\/script>\n<!-- \/ Yoast SEO Premium plugin. -->","yoast_head_json":{"title":"Navidad 1 \u2013 28 de diciembre de 2025 &#8211; The Episcopal Church","robots":{"index":"index","follow":"follow","max-snippet":"max-snippet:-1","max-image-preview":"max-image-preview:large","max-video-preview":"max-video-preview:-1"},"canonical":"https:\/\/www.episcopalchurch.org\/es\/sermon\/navidad-1-28-de-diciembre-de-2025\/","og_locale":"es_ES","og_type":"article","og_title":"Navidad 1 \u2013 28 de diciembre de 2025","og_description":"LCR:\u00a0Isa\u00edas 61:10\u201362:3; Salmo 147 o 147:13\u201321 loc; G\u00e1latas 3:23\u201325; 4:4\u20137; San Juan 1:1\u201318 Hace apenas unos d\u00edas est\u00e1bamos celebrando con cantos, abrazos, felicitaciones, luces, m\u00fasica, la Navidad, que Dios naci\u00f3 en un pesebre. \u00bfAlguna vez nos hemos detenido a pensar para qu\u00e9 o por qu\u00e9 el Dios eterno, el Omnipresente y Todopoderoso se har\u00eda una [&hellip;]","og_url":"https:\/\/www.episcopalchurch.org\/es\/sermon\/navidad-1-28-de-diciembre-de-2025\/","og_site_name":"The Episcopal Church","article_publisher":"https:\/\/www.facebook.com\/episcopalian","article_modified_time":"2025-12-02T15:34:06+00:00","og_image":[{"width":1920,"height":1080,"url":"https:\/\/www.episcopalchurch.org\/wp-content\/uploads\/2025\/12\/1Nav-Sermon-Graphic-FB-SP.png","type":"image\/png"}],"twitter_card":"summary_large_image","twitter_site":"@iamepiscopalian","twitter_misc":{"Est. reading time":"5 minutes"},"schema":{"@context":"https:\/\/schema.org","@graph":[{"@type":"WebPage","@id":"https:\/\/www.episcopalchurch.org\/es\/sermon\/navidad-1-28-de-diciembre-de-2025\/","url":"https:\/\/www.episcopalchurch.org\/es\/sermon\/navidad-1-28-de-diciembre-de-2025\/","name":"Navidad 1 \u2013 28 de diciembre de 2025 &#8211; The Episcopal Church","isPartOf":{"@id":"https:\/\/www.episcopalchurch.org\/#website"},"primaryImageOfPage":{"@id":"https:\/\/www.episcopalchurch.org\/es\/sermon\/navidad-1-28-de-diciembre-de-2025\/#primaryimage"},"image":{"@id":"https:\/\/www.episcopalchurch.org\/es\/sermon\/navidad-1-28-de-diciembre-de-2025\/#primaryimage"},"thumbnailUrl":"https:\/\/www.episcopalchurch.org\/wp-content\/uploads\/2025\/12\/1Nav-Sermon-Graphic-FB-SP-1024x576.png","datePublished":"2025-12-02T15:34:04+00:00","dateModified":"2025-12-02T15:34:06+00:00","breadcrumb":{"@id":"https:\/\/www.episcopalchurch.org\/es\/sermon\/navidad-1-28-de-diciembre-de-2025\/#breadcrumb"},"inLanguage":"es-ES","potentialAction":[{"@type":"ReadAction","target":["https:\/\/www.episcopalchurch.org\/es\/sermon\/navidad-1-28-de-diciembre-de-2025\/"]}]},{"@type":"ImageObject","inLanguage":"es-ES","@id":"https:\/\/www.episcopalchurch.org\/es\/sermon\/navidad-1-28-de-diciembre-de-2025\/#primaryimage","url":"https:\/\/www.episcopalchurch.org\/wp-content\/uploads\/2025\/12\/1Nav-Sermon-Graphic-FB-SP-1024x576.png","contentUrl":"https:\/\/www.episcopalchurch.org\/wp-content\/uploads\/2025\/12\/1Nav-Sermon-Graphic-FB-SP-1024x576.png"},{"@type":"BreadcrumbList","@id":"https:\/\/www.episcopalchurch.org\/es\/sermon\/navidad-1-28-de-diciembre-de-2025\/#breadcrumb","itemListElement":[{"@type":"ListItem","position":1,"name":"Home","item":"https:\/\/www.episcopalchurch.org\/"},{"@type":"ListItem","position":2,"name":"Navidad 1 \u2013 28 de diciembre de 2025"}]},{"@type":"WebSite","@id":"https:\/\/www.episcopalchurch.org\/#website","url":"https:\/\/www.episcopalchurch.org\/","name":"The Episcopal Church","description":"Welcomes You","publisher":{"@id":"https:\/\/www.episcopalchurch.org\/#organization"},"potentialAction":[{"@type":"SearchAction","target":{"@type":"EntryPoint","urlTemplate":"https:\/\/www.episcopalchurch.org\/?s={search_term_string}"},"query-input":{"@type":"PropertyValueSpecification","valueRequired":true,"valueName":"search_term_string"}}],"inLanguage":"es-ES"},{"@type":"Organization","@id":"https:\/\/www.episcopalchurch.org\/#organization","name":"The Episcopal Church","url":"https:\/\/www.episcopalchurch.org\/","logo":{"@type":"ImageObject","inLanguage":"es-ES","@id":"https:\/\/www.episcopalchurch.org\/#\/schema\/logo\/image\/","url":"https:\/\/www.episcopalchurch.org\/wp-content\/uploads\/2021\/01\/vertical_episcopal_logo.jpg","contentUrl":"https:\/\/www.episcopalchurch.org\/wp-content\/uploads\/2021\/01\/vertical_episcopal_logo.jpg","width":770,"height":662,"caption":"The Episcopal Church"},"image":{"@id":"https:\/\/www.episcopalchurch.org\/#\/schema\/logo\/image\/"},"sameAs":["https:\/\/www.facebook.com\/episcopalian","https:\/\/x.com\/iamepiscopalian","https:\/\/www.youtube.com\/channel\/UCdVJpxCtK41c_-p6EaE4_2A"]}]}},"taxonomy_info":{"category":[{"value":876,"label":"Navidad"},{"value":878,"label":"Navidad 1"}]},"featured_image_src_large":false,"author_info":[],"comment_info":"","uagb_featured_image_src":{"full":false,"thumbnail":false,"medium":false,"medium_large":false,"large":false,"1536x1536":false,"2048x2048":false,"menu":false,"hero":false,"callout-image":false},"uagb_author_info":{"display_name":"Scott Rands","author_link":"https:\/\/www.episcopalchurch.org\/es\/author\/"},"uagb_comment_info":0,"uagb_excerpt":"LCR:\u00a0Isa\u00edas 61:10\u201362:3; Salmo 147 o 147:13\u201321 loc; G\u00e1latas 3:23\u201325; 4:4\u20137; San Juan 1:1\u201318 Hace apenas unos d\u00edas est\u00e1bamos celebrando con cantos, abrazos, felicitaciones, luces, m\u00fasica, la Navidad, que Dios naci\u00f3 en un pesebre. \u00bfAlguna vez nos hemos detenido a pensar para qu\u00e9 o por qu\u00e9 el Dios eterno, el Omnipresente y Todopoderoso se har\u00eda una&hellip;","_links":{"self":[{"href":"https:\/\/www.episcopalchurch.org\/es\/wp-json\/wp\/v2\/sermon\/341244","targetHints":{"allow":["GET"]}}],"collection":[{"href":"https:\/\/www.episcopalchurch.org\/es\/wp-json\/wp\/v2\/sermon"}],"about":[{"href":"https:\/\/www.episcopalchurch.org\/es\/wp-json\/wp\/v2\/types\/sermon"}],"wp:attachment":[{"href":"https:\/\/www.episcopalchurch.org\/es\/wp-json\/wp\/v2\/media?parent=341244"}],"wp:term":[{"taxonomy":"category","embeddable":true,"href":"https:\/\/www.episcopalchurch.org\/es\/wp-json\/wp\/v2\/categories?post=341244"}],"curies":[{"name":"wp","href":"https:\/\/api.w.org\/{rel}","templated":true}]}}