{"id":344705,"date":"2026-03-11T11:01:59","date_gmt":"2026-03-11T15:01:59","guid":{"rendered":"https:\/\/www.episcopalchurch.org\/?post_type=sermon&#038;p=344705"},"modified":"2026-03-11T11:02:01","modified_gmt":"2026-03-11T15:02:01","slug":"domingo-de-ramos-a-29-de-marzo-de-2026","status":"publish","type":"sermon","link":"https:\/\/www.episcopalchurch.org\/es\/sermon\/domingo-de-ramos-a-29-de-marzo-de-2026\/","title":{"rendered":"Domingo de Ramos (A)\u00a0\u2013 29 de marzo de 2026"},"content":{"rendered":"\n<p><strong>LCR:\u00a0<\/strong><a href=\"https:\/\/www.episcopalchurch.org\/es\/lectionary\/domingo-de-ramos-palabra-a\/\"><strong>Isa\u00edas 50:4-9a; Salmo 31:9-16; Filipenses 2: 5-11; San Mateo 26:14-27:66<\/strong><\/a><\/p>\n\n\n\n<p>Hoy, domingo de Pasi\u00f3n, hemos entrado a nuestros templos con ramos de palmas reci\u00e9n cortadas o con plantas vivas olorosas y bendecidas recordando la entrada triunfal de Jes\u00fas a Jerusal\u00e9n montado en un burro, no en un carruaje como el rey que esperaban y deseaban mientras a su paso le tiraban sus mantos y lo vitoreaban, sino en un animal de labranza. Sus disc\u00edpulos y seguidores eran pastores, obreros, viudas y deambulantes que viv\u00edan al margen de su sociedad dominada y oprimida por poderes tanto pol\u00edticos como religiosos. El domingo de Pasi\u00f3n siempre nos sit\u00faa en el umbral sagrado de la llamada Semana Mayor o Semana Santa, en la que el mundo que cree y sigue las ense\u00f1anzas de Jes\u00fas, Dios hecho hombre, posa de nuevo su mirada en los horrendos eventos traum\u00e1ticos y dolorosos por los que \u00e9l fue v\u00edctima inocente.&nbsp;<\/p>\n\n\n\n<p>Jes\u00fas fue traicionado y, bajo las \u00f3rdenes del poder religioso y pol\u00edtico que quer\u00eda matarlo, fue capturado, arrestado, vituperado, torturado, condenado a muerte en cruz; fue expuesto al pueblo como escarnio y obligado a caminar hacia el Monte Calvario cargando el pesado madero para ser crucificado en medio de dos ladrones y sufrir una muerte lenta y atroz siendo inocente de toda culpa. Las lecturas que acabamos de escuchar nos invitan a detenernos y, en silencio, en oraci\u00f3n, a solas o en comunidad, reflexionar, entrar en lo profundo de nuestro esp\u00edritu para escarbar, sacar a la luz, prepararnos para esta semana de dolor, perd\u00f3n y b\u00fasqueda de m\u00e1s luz que mantenga viva nuestra fe y esperanza.&nbsp;<\/p>\n\n\n<div class=\"wp-block-image\">\n<figure class=\"alignright size-large is-resized\"><img loading=\"lazy\" decoding=\"async\" width=\"1024\" height=\"576\" src=\"https:\/\/www.episcopalchurch.org\/wp-content\/uploads\/2026\/03\/Domingo-de-Ramos-A-sermon-1024x576.png\" alt=\"\" class=\"wp-image-344709\" style=\"width:512px\" srcset=\"https:\/\/www.episcopalchurch.org\/wp-content\/uploads\/2026\/03\/Domingo-de-Ramos-A-sermon-1024x576.png 1024w, https:\/\/www.episcopalchurch.org\/wp-content\/uploads\/2026\/03\/Domingo-de-Ramos-A-sermon-300x169.png 300w, https:\/\/www.episcopalchurch.org\/wp-content\/uploads\/2026\/03\/Domingo-de-Ramos-A-sermon-768x432.png 768w, https:\/\/www.episcopalchurch.org\/wp-content\/uploads\/2026\/03\/Domingo-de-Ramos-A-sermon-1536x864.png 1536w, https:\/\/www.episcopalchurch.org\/wp-content\/uploads\/2026\/03\/Domingo-de-Ramos-A-sermon-480x270.png 480w, https:\/\/www.episcopalchurch.org\/wp-content\/uploads\/2026\/03\/Domingo-de-Ramos-A-sermon.png 1920w\" sizes=\"auto, (max-width: 1024px) 100vw, 1024px\" \/><\/figure><\/div>\n\n\n<p>Llenos de tristeza y ante la impotencia, que es la misma que vivimos con nuestros hermanos y hermanas en nuestra propia realidad, sigamos de cerca cada paso de Jes\u00fas. \u00c9l lleva en sus hombros el peso de nuestras faltas y las del resto de la humanidad que lo siguen condenando a morir encontrando las formas m\u00e1s cruentas para destruir de ra\u00edz lo indestructible: su naturaleza divina, su verdad, su amor infinito por cada uno de nosotros y nosotras, su sacrificio de morir para redimirnos, liberarnos y abrirnos las puertas a la vida eterna.&nbsp;<\/p>\n\n\n\n<p>Con oraciones fervientes pid\u00e1mosle al Esp\u00edritu de Dios nos acompa\u00f1e cada instante como lo hizo con su Hijo amado. Elevemos oraciones de alabanza y gratitud por su amorosa presencia que nunca nos abandona. Que su amor divino, nos prodigue la gu\u00eda para que nuestro esp\u00edritu no se distraiga y se mantenga firme en nuestro empe\u00f1o de que durante esta Semana Santa caminaremos al lado de Jes\u00fas por nuestra propia v\u00eda dolorosa hacia el Calvario. Que podamos o\u00edr las palabras de Jes\u00fas en la cruz perdonando nuestras faltas. Que sintamos su amor que nos libera, nos transforma y nos renueva para que llevemos al mundo la luz de Cristo que alumbra por siempre y entra triunfante la madrugada del domingo de Resurrecci\u00f3n.&nbsp;<\/p>\n\n\n\n<p>Con humildad roguemos a Dios nos infunda la fortaleza de su amor para cambiar de rumbo, si es que hemos ido por caminos opuestos a los que Dios nos ha instruido. Las palabras del profeta Isa\u00edas, que escuchamos hoy, nos exhortan a no dejar de consolar y dar aliento al que necesita descanso, estar atentos cada amanecer para escuchar con humildad y, al o\u00edrlo, estar dispuestos a aprender de los mensajes divinos, porque se nos ha dado entendimiento para no resistir o darle la espalda a lo que Dios nos pide. Que tengamos fe de que, si seguimos el mandato divino, nadie podr\u00e1 arremeter contra nosotros porque Dios est\u00e1 siempre a nuestro lado. \u00c9l es nuestro defensor, camina con nosotros y nosotras, en sus promesas y nuestra fe encontramos nuestra fortaleza.<\/p>\n\n\n\n<p>Armados del valor divino, con profunda piedad y coraz\u00f3n contrito, empecemos nuestro caminar junto a Jes\u00fas, nuestro amado hermano.&nbsp;\u00c9l lleva sobre sus hombros todo el peso de nuestro mundo presente quebrantado y dolido, que batalla m\u00e1s que nunca contra las fuerzas destructivas que encarnan ego\u00edsmos desmedidos, deseos de sentarse en la silla de todo poder, orgullo mal habido que rechaza leyes y derechos ya establecidos, carencia de amor y humildad hacia los dem\u00e1s y una total ausencia de estar dispuestos a unirse a las luchas que exige la justicia.&nbsp;<\/p>\n\n\n\n<p>Imaginemos la \u00daltima Cena tal como la describe el evangelista Mateo y recibamos el pan de vida y el c\u00e1liz de salvaci\u00f3n que alimenta nuestro cuerpo y alma para mantenernos despiertos y en esp\u00edritu y oraci\u00f3n. Estar presentes con Jes\u00fas en la inimaginable agon\u00eda de su espera. No olvidemos que esa es la espera de todas las almas de hombres, mujeres, adolescentes e infantes que, inocentes como Jes\u00fas de Nazareth, soportan despojados de sus derechos todo tipo de vej\u00e1menes con crueles e inhumanos maltratos a manos de autoridades con \u00f3rdenes que van en contra de leyes establecidas para proteger a todo ser humano sin importar lo que hayan o no hecho.<\/p>\n\n\n\n<p>Abracemos y enjuguemos las l\u00e1grimas de las \u201cVer\u00f3nicas\u201d que lloran a Jes\u00fas, siendo tambi\u00e9n para nosotros hoy en d\u00eda los desterrados de la tierra, nuestros hermanos y hermanas quienes atravesaron fronteras y obst\u00e1culos imposibles, para verse ahora condenados a volver o a esconderse sin saber c\u00f3mo van a sobrevivir su nuevo calvario. El rostro de Cristo en el lienzo de la Ver\u00f3nica es tambi\u00e9n el de los que sufren.<\/p>\n\n\n\n<p>Ayudemos a Jes\u00fas a llevar esa carga tan pesada quit\u00e1ndole de encima nuestras propias cargas. Pidamos perd\u00f3n y, al pie de la cruz, junto con Mar\u00eda, su Santa madre, y las otras mujeres, sigamos en silencio y escuchemos cada una de sus palabras, cada gemido, cada respiro hasta el postrero. Acompa\u00f1emos el cuerpo de Jes\u00fas al sepulcro vac\u00edo y velemos la inmensa tristeza de su partida junto a Mar\u00eda Magdalena y la otra mujer.&nbsp;<\/p>\n\n\n\n<p>Si bien es cierto que el vac\u00edo de su ausencia es profundo, en nuestras almas la luz de su esp\u00edritu sigue brillando en nosotros. Esa luz la llevaremos al mundo, nos dar\u00e1 la fuerza de resistir pac\u00edficamente hasta que, con la bandera de Cristo resucitado, podamos derrocar de sus cimientos todo lo que nos oprime en tantas partes de este mundo que Dios ha creado para nuestro bien y provecho. Am\u00e9n.<\/p>\n\n\n\n<p><strong><em>The Rev. Deacon Ema Rosero-Nordalm<\/em><\/strong><em>, of the Diocese of Massachusetts, serves Latino Communities in the U.S. and abroad as spiritual mentor, trainer, and supporting clergy establishing Latino Ministries. Presently, she serves at the Allston Abbey as a member of the Council of the San Oscar Romero Episcopal Neighborhood Ministry.&nbsp;<\/em><\/p>\n\n\n\n<div class=\"wp-block-file\"><a id=\"wp-block-file--media-4e2c72b0-857f-450d-b20e-a75135bc191b\" href=\"https:\/\/www.episcopalchurch.org\/wp-content\/uploads\/2026\/03\/Domingo-de-Ramos-A-sermon.docx\">Word &#8211; Domingo de Ramos A serm\u00f3n<\/a><a href=\"https:\/\/www.episcopalchurch.org\/wp-content\/uploads\/2026\/03\/Domingo-de-Ramos-A-sermon.docx\" class=\"wp-block-file__button wp-element-button\" download aria-describedby=\"wp-block-file--media-4e2c72b0-857f-450d-b20e-a75135bc191b\">Descargar<\/a><\/div>\n\n\n\n<div class=\"wp-block-file\"><a id=\"wp-block-file--media-b2501b21-34d1-4e4c-9563-f770d2cdcfdf\" href=\"https:\/\/www.episcopalchurch.org\/wp-content\/uploads\/2026\/03\/Domingo-de-Ramos-A-sermon.pdf\">PDF &#8211; Domingo de Ramos A serm\u00f3n<\/a><a href=\"https:\/\/www.episcopalchurch.org\/wp-content\/uploads\/2026\/03\/Domingo-de-Ramos-A-sermon.pdf\" class=\"wp-block-file__button wp-element-button\" download aria-describedby=\"wp-block-file--media-b2501b21-34d1-4e4c-9563-f770d2cdcfdf\">Descargar<\/a><\/div>\n","protected":false},"featured_media":0,"template":"","meta":{"_acf_changed":true,"_uag_custom_page_level_css":"","_kad_blocks_custom_css":"","_kad_blocks_head_custom_js":"","_kad_blocks_body_custom_js":"","_kad_blocks_footer_custom_js":"","_kadence_starter_templates_imported_post":false,"_links_to":"","_links_to_target":""},"categories":[960,898],"class_list":["post-344705","sermon","type-sermon","status-publish","hentry","category-domingo-de-ramos-a","category-semana-santa"],"acf":{"drupal_id":"","lectionary_id":false,"sermon_date":"2026-03-29","sermon_other_translation":false,"sermon_language":"","author_id":169008},"yoast_head":"<!-- This site is optimized with the Yoast SEO Premium plugin v24.6 (Yoast SEO v26.3) - https:\/\/yoast.com\/wordpress\/plugins\/seo\/ -->\n<title>Domingo de Ramos (A)\u00a0\u2013 29 de marzo de 2026 &#8211; The Episcopal Church<\/title>\n<meta name=\"robots\" content=\"index, follow, max-snippet:-1, max-image-preview:large, max-video-preview:-1\" \/>\n<link rel=\"canonical\" href=\"https:\/\/www.episcopalchurch.org\/es\/sermon\/domingo-de-ramos-a-29-de-marzo-de-2026\/\" \/>\n<meta property=\"og:locale\" content=\"es_ES\" \/>\n<meta property=\"og:type\" content=\"article\" \/>\n<meta property=\"og:title\" content=\"Domingo de Ramos (A)\u00a0\u2013 29 de marzo de 2026\" \/>\n<meta property=\"og:description\" content=\"LCR:\u00a0Isa\u00edas 50:4-9a; Salmo 31:9-16; Filipenses 2: 5-11; San Mateo 26:14-27:66 Hoy, domingo de Pasi\u00f3n, hemos entrado a nuestros templos con ramos de palmas reci\u00e9n cortadas o con plantas vivas olorosas y bendecidas recordando la entrada triunfal de Jes\u00fas a Jerusal\u00e9n montado en un burro, no en un carruaje como el rey que esperaban y deseaban [&hellip;]\" \/>\n<meta property=\"og:url\" content=\"https:\/\/www.episcopalchurch.org\/es\/sermon\/domingo-de-ramos-a-29-de-marzo-de-2026\/\" \/>\n<meta property=\"og:site_name\" content=\"The Episcopal Church\" \/>\n<meta property=\"article:publisher\" content=\"https:\/\/www.facebook.com\/episcopalian\" \/>\n<meta property=\"article:modified_time\" content=\"2026-03-11T15:02:01+00:00\" \/>\n<meta property=\"og:image\" content=\"https:\/\/www.episcopalchurch.org\/wp-content\/uploads\/2026\/03\/Domingo-de-Ramos-A-sermon.png\" \/>\n\t<meta property=\"og:image:width\" content=\"1920\" \/>\n\t<meta property=\"og:image:height\" content=\"1080\" \/>\n\t<meta property=\"og:image:type\" content=\"image\/png\" \/>\n<meta name=\"twitter:card\" content=\"summary_large_image\" \/>\n<meta name=\"twitter:site\" content=\"@iamepiscopalian\" \/>\n<meta name=\"twitter:label1\" content=\"Est. reading time\" \/>\n\t<meta name=\"twitter:data1\" content=\"5 minutes\" \/>\n<script type=\"application\/ld+json\" class=\"yoast-schema-graph\">{\"@context\":\"https:\/\/schema.org\",\"@graph\":[{\"@type\":\"WebPage\",\"@id\":\"https:\/\/www.episcopalchurch.org\/es\/sermon\/domingo-de-ramos-a-29-de-marzo-de-2026\/\",\"url\":\"https:\/\/www.episcopalchurch.org\/es\/sermon\/domingo-de-ramos-a-29-de-marzo-de-2026\/\",\"name\":\"Domingo de Ramos (A)\u00a0\u2013 29 de marzo de 2026 &#8211; The Episcopal Church\",\"isPartOf\":{\"@id\":\"https:\/\/www.episcopalchurch.org\/#website\"},\"primaryImageOfPage\":{\"@id\":\"https:\/\/www.episcopalchurch.org\/es\/sermon\/domingo-de-ramos-a-29-de-marzo-de-2026\/#primaryimage\"},\"image\":{\"@id\":\"https:\/\/www.episcopalchurch.org\/es\/sermon\/domingo-de-ramos-a-29-de-marzo-de-2026\/#primaryimage\"},\"thumbnailUrl\":\"https:\/\/www.episcopalchurch.org\/wp-content\/uploads\/2026\/03\/Domingo-de-Ramos-A-sermon-1024x576.png\",\"datePublished\":\"2026-03-11T15:01:59+00:00\",\"dateModified\":\"2026-03-11T15:02:01+00:00\",\"breadcrumb\":{\"@id\":\"https:\/\/www.episcopalchurch.org\/es\/sermon\/domingo-de-ramos-a-29-de-marzo-de-2026\/#breadcrumb\"},\"inLanguage\":\"es-ES\",\"potentialAction\":[{\"@type\":\"ReadAction\",\"target\":[\"https:\/\/www.episcopalchurch.org\/es\/sermon\/domingo-de-ramos-a-29-de-marzo-de-2026\/\"]}]},{\"@type\":\"ImageObject\",\"inLanguage\":\"es-ES\",\"@id\":\"https:\/\/www.episcopalchurch.org\/es\/sermon\/domingo-de-ramos-a-29-de-marzo-de-2026\/#primaryimage\",\"url\":\"https:\/\/www.episcopalchurch.org\/wp-content\/uploads\/2026\/03\/Domingo-de-Ramos-A-sermon-1024x576.png\",\"contentUrl\":\"https:\/\/www.episcopalchurch.org\/wp-content\/uploads\/2026\/03\/Domingo-de-Ramos-A-sermon-1024x576.png\"},{\"@type\":\"BreadcrumbList\",\"@id\":\"https:\/\/www.episcopalchurch.org\/es\/sermon\/domingo-de-ramos-a-29-de-marzo-de-2026\/#breadcrumb\",\"itemListElement\":[{\"@type\":\"ListItem\",\"position\":1,\"name\":\"Home\",\"item\":\"https:\/\/www.episcopalchurch.org\/\"},{\"@type\":\"ListItem\",\"position\":2,\"name\":\"Domingo de Ramos (A)\u00a0\u2013 29 de marzo de 2026\"}]},{\"@type\":\"WebSite\",\"@id\":\"https:\/\/www.episcopalchurch.org\/#website\",\"url\":\"https:\/\/www.episcopalchurch.org\/\",\"name\":\"The Episcopal Church\",\"description\":\"Welcomes You\",\"publisher\":{\"@id\":\"https:\/\/www.episcopalchurch.org\/#organization\"},\"potentialAction\":[{\"@type\":\"SearchAction\",\"target\":{\"@type\":\"EntryPoint\",\"urlTemplate\":\"https:\/\/www.episcopalchurch.org\/?s={search_term_string}\"},\"query-input\":{\"@type\":\"PropertyValueSpecification\",\"valueRequired\":true,\"valueName\":\"search_term_string\"}}],\"inLanguage\":\"es-ES\"},{\"@type\":\"Organization\",\"@id\":\"https:\/\/www.episcopalchurch.org\/#organization\",\"name\":\"The Episcopal Church\",\"url\":\"https:\/\/www.episcopalchurch.org\/\",\"logo\":{\"@type\":\"ImageObject\",\"inLanguage\":\"es-ES\",\"@id\":\"https:\/\/www.episcopalchurch.org\/#\/schema\/logo\/image\/\",\"url\":\"https:\/\/www.episcopalchurch.org\/wp-content\/uploads\/2021\/01\/vertical_episcopal_logo.jpg\",\"contentUrl\":\"https:\/\/www.episcopalchurch.org\/wp-content\/uploads\/2021\/01\/vertical_episcopal_logo.jpg\",\"width\":770,\"height\":662,\"caption\":\"The Episcopal Church\"},\"image\":{\"@id\":\"https:\/\/www.episcopalchurch.org\/#\/schema\/logo\/image\/\"},\"sameAs\":[\"https:\/\/www.facebook.com\/episcopalian\",\"https:\/\/x.com\/iamepiscopalian\",\"https:\/\/www.youtube.com\/channel\/UCdVJpxCtK41c_-p6EaE4_2A\"]}]}<\/script>\n<!-- \/ Yoast SEO Premium plugin. -->","yoast_head_json":{"title":"Domingo de Ramos (A)\u00a0\u2013 29 de marzo de 2026 &#8211; The Episcopal Church","robots":{"index":"index","follow":"follow","max-snippet":"max-snippet:-1","max-image-preview":"max-image-preview:large","max-video-preview":"max-video-preview:-1"},"canonical":"https:\/\/www.episcopalchurch.org\/es\/sermon\/domingo-de-ramos-a-29-de-marzo-de-2026\/","og_locale":"es_ES","og_type":"article","og_title":"Domingo de Ramos (A)\u00a0\u2013 29 de marzo de 2026","og_description":"LCR:\u00a0Isa\u00edas 50:4-9a; Salmo 31:9-16; Filipenses 2: 5-11; San Mateo 26:14-27:66 Hoy, domingo de Pasi\u00f3n, hemos entrado a nuestros templos con ramos de palmas reci\u00e9n cortadas o con plantas vivas olorosas y bendecidas recordando la entrada triunfal de Jes\u00fas a Jerusal\u00e9n montado en un burro, no en un carruaje como el rey que esperaban y deseaban [&hellip;]","og_url":"https:\/\/www.episcopalchurch.org\/es\/sermon\/domingo-de-ramos-a-29-de-marzo-de-2026\/","og_site_name":"The Episcopal Church","article_publisher":"https:\/\/www.facebook.com\/episcopalian","article_modified_time":"2026-03-11T15:02:01+00:00","og_image":[{"width":1920,"height":1080,"url":"https:\/\/www.episcopalchurch.org\/wp-content\/uploads\/2026\/03\/Domingo-de-Ramos-A-sermon.png","type":"image\/png"}],"twitter_card":"summary_large_image","twitter_site":"@iamepiscopalian","twitter_misc":{"Est. reading time":"5 minutes"},"schema":{"@context":"https:\/\/schema.org","@graph":[{"@type":"WebPage","@id":"https:\/\/www.episcopalchurch.org\/es\/sermon\/domingo-de-ramos-a-29-de-marzo-de-2026\/","url":"https:\/\/www.episcopalchurch.org\/es\/sermon\/domingo-de-ramos-a-29-de-marzo-de-2026\/","name":"Domingo de Ramos (A)\u00a0\u2013 29 de marzo de 2026 &#8211; The Episcopal Church","isPartOf":{"@id":"https:\/\/www.episcopalchurch.org\/#website"},"primaryImageOfPage":{"@id":"https:\/\/www.episcopalchurch.org\/es\/sermon\/domingo-de-ramos-a-29-de-marzo-de-2026\/#primaryimage"},"image":{"@id":"https:\/\/www.episcopalchurch.org\/es\/sermon\/domingo-de-ramos-a-29-de-marzo-de-2026\/#primaryimage"},"thumbnailUrl":"https:\/\/www.episcopalchurch.org\/wp-content\/uploads\/2026\/03\/Domingo-de-Ramos-A-sermon-1024x576.png","datePublished":"2026-03-11T15:01:59+00:00","dateModified":"2026-03-11T15:02:01+00:00","breadcrumb":{"@id":"https:\/\/www.episcopalchurch.org\/es\/sermon\/domingo-de-ramos-a-29-de-marzo-de-2026\/#breadcrumb"},"inLanguage":"es-ES","potentialAction":[{"@type":"ReadAction","target":["https:\/\/www.episcopalchurch.org\/es\/sermon\/domingo-de-ramos-a-29-de-marzo-de-2026\/"]}]},{"@type":"ImageObject","inLanguage":"es-ES","@id":"https:\/\/www.episcopalchurch.org\/es\/sermon\/domingo-de-ramos-a-29-de-marzo-de-2026\/#primaryimage","url":"https:\/\/www.episcopalchurch.org\/wp-content\/uploads\/2026\/03\/Domingo-de-Ramos-A-sermon-1024x576.png","contentUrl":"https:\/\/www.episcopalchurch.org\/wp-content\/uploads\/2026\/03\/Domingo-de-Ramos-A-sermon-1024x576.png"},{"@type":"BreadcrumbList","@id":"https:\/\/www.episcopalchurch.org\/es\/sermon\/domingo-de-ramos-a-29-de-marzo-de-2026\/#breadcrumb","itemListElement":[{"@type":"ListItem","position":1,"name":"Home","item":"https:\/\/www.episcopalchurch.org\/"},{"@type":"ListItem","position":2,"name":"Domingo de Ramos (A)\u00a0\u2013 29 de marzo de 2026"}]},{"@type":"WebSite","@id":"https:\/\/www.episcopalchurch.org\/#website","url":"https:\/\/www.episcopalchurch.org\/","name":"The Episcopal Church","description":"Welcomes You","publisher":{"@id":"https:\/\/www.episcopalchurch.org\/#organization"},"potentialAction":[{"@type":"SearchAction","target":{"@type":"EntryPoint","urlTemplate":"https:\/\/www.episcopalchurch.org\/?s={search_term_string}"},"query-input":{"@type":"PropertyValueSpecification","valueRequired":true,"valueName":"search_term_string"}}],"inLanguage":"es-ES"},{"@type":"Organization","@id":"https:\/\/www.episcopalchurch.org\/#organization","name":"The Episcopal Church","url":"https:\/\/www.episcopalchurch.org\/","logo":{"@type":"ImageObject","inLanguage":"es-ES","@id":"https:\/\/www.episcopalchurch.org\/#\/schema\/logo\/image\/","url":"https:\/\/www.episcopalchurch.org\/wp-content\/uploads\/2021\/01\/vertical_episcopal_logo.jpg","contentUrl":"https:\/\/www.episcopalchurch.org\/wp-content\/uploads\/2021\/01\/vertical_episcopal_logo.jpg","width":770,"height":662,"caption":"The Episcopal Church"},"image":{"@id":"https:\/\/www.episcopalchurch.org\/#\/schema\/logo\/image\/"},"sameAs":["https:\/\/www.facebook.com\/episcopalian","https:\/\/x.com\/iamepiscopalian","https:\/\/www.youtube.com\/channel\/UCdVJpxCtK41c_-p6EaE4_2A"]}]}},"taxonomy_info":{"category":[{"value":960,"label":"Domingo de Ramos A"},{"value":898,"label":"Semana Santa"}]},"featured_image_src_large":false,"author_info":[],"comment_info":"","uagb_featured_image_src":{"full":false,"thumbnail":false,"medium":false,"medium_large":false,"large":false,"1536x1536":false,"2048x2048":false,"menu":false,"hero":false,"callout-image":false},"uagb_author_info":{"display_name":"Scott Rands","author_link":"https:\/\/www.episcopalchurch.org\/es\/author\/"},"uagb_comment_info":0,"uagb_excerpt":"LCR:\u00a0Isa\u00edas 50:4-9a; Salmo 31:9-16; Filipenses 2: 5-11; San Mateo 26:14-27:66 Hoy, domingo de Pasi\u00f3n, hemos entrado a nuestros templos con ramos de palmas reci\u00e9n cortadas o con plantas vivas olorosas y bendecidas recordando la entrada triunfal de Jes\u00fas a Jerusal\u00e9n montado en un burro, no en un carruaje como el rey que esperaban y deseaban&hellip;","_links":{"self":[{"href":"https:\/\/www.episcopalchurch.org\/es\/wp-json\/wp\/v2\/sermon\/344705","targetHints":{"allow":["GET"]}}],"collection":[{"href":"https:\/\/www.episcopalchurch.org\/es\/wp-json\/wp\/v2\/sermon"}],"about":[{"href":"https:\/\/www.episcopalchurch.org\/es\/wp-json\/wp\/v2\/types\/sermon"}],"wp:attachment":[{"href":"https:\/\/www.episcopalchurch.org\/es\/wp-json\/wp\/v2\/media?parent=344705"}],"wp:term":[{"taxonomy":"category","embeddable":true,"href":"https:\/\/www.episcopalchurch.org\/es\/wp-json\/wp\/v2\/categories?post=344705"}],"curies":[{"name":"wp","href":"https:\/\/api.w.org\/{rel}","templated":true}]}}