{"id":345753,"date":"2026-04-20T12:17:38","date_gmt":"2026-04-20T16:17:38","guid":{"rendered":"https:\/\/www.episcopalchurch.org\/?post_type=sermon&#038;p=345753"},"modified":"2026-04-20T12:17:40","modified_gmt":"2026-04-20T16:17:40","slug":"pascua-5-a-3-de-maio-de-2026","status":"publish","type":"sermon","link":"https:\/\/www.episcopalchurch.org\/es\/sermon\/pascua-5-a-3-de-maio-de-2026\/","title":{"rendered":"Pascua 5 (A)\u00a0\u2013 3 de maio de 2026"},"content":{"rendered":"\n<p><strong>LCR:\u00a0<\/strong><a href=\"https:\/\/www.episcopalchurch.org\/es\/lectionary\/pascua-5a\/\"><strong>Hechos 7:55\u201360; Salmo 31:1\u20135,15\u201316; 1 San Pedro 2:2\u201310; San Juan 14:1\u201314.<\/strong><\/a><\/p>\n\n\n\n<p><em>\u201cLa Casa del Padre\u201d<\/em><\/p>\n\n\n\n<p>El evangelio para hoy comienza con palabras de consolaci\u00f3n y esperanza: \u201cNo se angustien ustedes. Crean en Dios y crean tambi\u00e9n en m\u00ed.&nbsp;En la casa de mi Padre hay muchos lugares donde vivir\u201d. Esta porci\u00f3n se encuentra despu\u00e9s de la \u00daltima Cena cuando Jes\u00fas predice la traici\u00f3n de Judas, la negaci\u00f3n de Pedro, y lava los pies a sus disc\u00edpulos dando ejemplo del servicio que debe distinguir a los seguidores de Jes\u00fas.<\/p>\n\n\n\n<p>Siendo que Jes\u00fas se est\u00e1 despidiendo de ellos y que las seguridades de los disc\u00edpulos parecen tambalearse, la invitaci\u00f3n a creer en Dios y en Cristo se convierten en certezas duraderas. Jes\u00fas es un maestro diferente, \u00e9l ofrece las herramientas que otros maestros no conocen, cuando pide: &#8220;Crean en Dios y crean tambi\u00e9n en m\u00ed&#8221;. Confirma que el remedio para el dolor, la ansiedad, la angustia y cualquier obst\u00e1culo humano est\u00e1 fuera de nuestras propias fuerzas. El principal impedimento que nos frena para tener paz en nuestro coraz\u00f3n es la incredulidad y la incapacidad de confiar y aceptar la presencia de Dios y su intervenci\u00f3n de una manera que es incomprensible y est\u00e1 fuera de nuestro control.<\/p>\n\n\n<div class=\"wp-block-image\">\n<figure class=\"alignright size-large is-resized\"><img loading=\"lazy\" decoding=\"async\" width=\"1024\" height=\"576\" src=\"https:\/\/www.episcopalchurch.org\/wp-content\/uploads\/2026\/04\/Pascua-5A-sermon-1024x576.png\" alt=\"\" class=\"wp-image-345754\" style=\"width:512px\" srcset=\"https:\/\/www.episcopalchurch.org\/wp-content\/uploads\/2026\/04\/Pascua-5A-sermon-1024x576.png 1024w, https:\/\/www.episcopalchurch.org\/wp-content\/uploads\/2026\/04\/Pascua-5A-sermon-300x169.png 300w, https:\/\/www.episcopalchurch.org\/wp-content\/uploads\/2026\/04\/Pascua-5A-sermon-768x432.png 768w, https:\/\/www.episcopalchurch.org\/wp-content\/uploads\/2026\/04\/Pascua-5A-sermon-1536x864.png 1536w, https:\/\/www.episcopalchurch.org\/wp-content\/uploads\/2026\/04\/Pascua-5A-sermon-480x270.png 480w, https:\/\/www.episcopalchurch.org\/wp-content\/uploads\/2026\/04\/Pascua-5A-sermon.png 1920w\" sizes=\"auto, (max-width: 1024px) 100vw, 1024px\" \/><\/figure><\/div>\n\n\n<p>El requisito de creer y confiar en Dios y en Jes\u00fas est\u00e1 a la base de nuestra relaci\u00f3n con \u00e9l y fundamenta toda nuestra vida cristiana y espiritual. Aun as\u00ed \u201ccreer y confiar\u201d no es siempre uno de nuestros atributos humanos m\u00e1s fuertes; las narraciones pascuales de la resurrecci\u00f3n confirman como la duda, el desconcierto y la incapacidad de entender, llevan inicialmente a los disc\u00edpulos a conclusiones de incredulidad y negaci\u00f3n. De aqu\u00ed que el resucitado tiene que aparecerse muchas veces y en diferentes ocasiones para que ellos puedan ver, tocar y experimentar que realmente es Jes\u00fas resucitado.<\/p>\n\n\n\n<p>Para los seguidores de Jes\u00fas el acto de creer, en cuanto reconocimiento de que Dios es real, est\u00e1 anclado en la comuni\u00f3n Trinitaria que reconoce a Dios como Padre, Hijo y Esp\u00edritu Santo. Cuando Jes\u00fas requiere que el disc\u00edpulo crea en Dios y crea en \u00c9l, anticipa su respuesta posterior a Felipe: &#8220;El que me ha visto a m\u00ed, ha visto al Padre&#8230; Cr\u00e9anme que yo estoy en el Padre y el Padre est\u00e1 en m\u00ed\u201d (Jn 14:9-11). Aquellos que conocen y conf\u00edan en Dios descubren c\u00f3mo la presencia espiritual y material de Dios impregna todas las realidades humanas hasta el punto de reagrupar todo lo que Dios es en un solo principio distintivo: el amor.<\/p>\n\n\n\n<p>Este amor se manifiesta en la convicci\u00f3n de que, incluso despu\u00e9s de su partida, Jes\u00fas sigue cuidando y pendiente de sus disc\u00edpulos cuando les promete a ellos y a todos los creyentes que va a regresar y que los llevar\u00e1 a un lugar que \u00e9l ha preparado en la Casa del Padre. La liturgia de la Iglesia ofrece y utiliza este Evangelio como texto sugerido para funerales y memoriales de difuntos, pues demuestra el amor infinito de Dios por sus hijos e hijas que supera la muerte misma. Este evangelio nos debe llenar de esperanza porque confirma que tendremos un lugar en la Casa del Padre, y debe reforzar nuestra fe sobre el lugar donde est\u00e1n nuestros hermanos y hermanas difuntos. Al contrario de considerar que nuestros seres queridos y los difuntos est\u00e1n en el reino del olvido y el abismo, escuchamos la descripci\u00f3n del buen lugar donde los encontraremos, en una de las muchas viviendas preparadas para ellos en la Casa del Padre.<\/p>\n\n\n\n<p>Para entrar en la Casa del Padre debemos creer. Tom\u00e1s expresa una pregunta que parece pr\u00e1ctica, pero que denota su incapacidad para confiar y creer: \u201cSe\u00f1or, no sabemos a d\u00f3nde vas, \u00bfc\u00f3mo vamos a saber el camino?\u201d (Jn14:5). La Casa del Padre es un lugar que Tom\u00e1s, los disc\u00edpulos y los creyentes no pueden describir o del cual conocen el camino, porque es un lugar futuro y definitivo al que s\u00f3lo se puede acceder a trav\u00e9s de nuestra relaci\u00f3n personal de \u201ccreer y confiar\u201d en el Padre y en Jes\u00fas. Tom\u00e1s busca un lugar f\u00edsico donde puede ir, imagina una ruta que lo lleva all\u00ed. Jes\u00fas deja muy claro que el \u00fanico acceso al Padre es a trav\u00e9s de Jes\u00fas mismo, de manera similar a lo que escuchamos la semana pasada cuando dijo: \u201cYo soy la puerta para las ovejas&#8221;. Jes\u00fas afirma: \u201cYo soy el camino, la verdad y la vida. Solamente por m\u00ed se puede llegar al Padre.\u201d (Jn 14:6).<\/p>\n\n\n\n<p>Frente a esta inmensa declaraci\u00f3n es importante para nosotros reconocer que el camino, la verdad y la vida de Jes\u00fas no son una alternativa u otra opci\u00f3n. \u00c9l es nuestra \u00fanica oportunidad si queremos entrar en la Casa del Padre, la \u00fanica respuesta a la felicidad humana y el objetivo principal en la vida para convertirse en todo lo que Dios nos ha creado para ser. Si no entendemos c\u00f3mo ser\u00e1 o cu\u00e1nto debemos creer es importante para nosotros escuchar y obedecer las palabras de Jes\u00fas: \u201cNo se angustien ustedes. Crean en Dios y crean tambi\u00e9n en m\u00ed.&nbsp;En la casa de mi Padre hay muchos lugares donde vivir\u201d (Jn 14:1-2). Esta petici\u00f3n y promesa es tambi\u00e9n nuestro destino final. Am\u00e9n.<\/p>\n\n\n\n<p><strong><em>El Rvdo. Dr. Fabi\u00e1n Villalobos<\/em><\/strong><em>&nbsp;es Rector en la Iglesia St. Peters Episcopal Church en Perth Amboy en la Di\u00f3cesis de New Jersey.<\/em><\/p>\n\n\n\n<div class=\"wp-block-file\"><a id=\"wp-block-file--media-43af9b39-fb79-4ce8-b3ba-36b79732f246\" href=\"https:\/\/www.episcopalchurch.org\/wp-content\/uploads\/2026\/04\/Pascua-5A-sermon.docx\">Word &#8211; Pascua 5A serm\u00f3n<\/a><a href=\"https:\/\/www.episcopalchurch.org\/wp-content\/uploads\/2026\/04\/Pascua-5A-sermon.docx\" class=\"wp-block-file__button wp-element-button\" download aria-describedby=\"wp-block-file--media-43af9b39-fb79-4ce8-b3ba-36b79732f246\">Descargar<\/a><\/div>\n\n\n\n<div class=\"wp-block-file\"><a id=\"wp-block-file--media-8d3cca9a-e329-407a-b571-5904810922c4\" href=\"https:\/\/www.episcopalchurch.org\/wp-content\/uploads\/2026\/04\/Pascua-5A-sermon.pdf\">PDF &#8211; Pascua 5A serm\u00f3n<\/a><a href=\"https:\/\/www.episcopalchurch.org\/wp-content\/uploads\/2026\/04\/Pascua-5A-sermon.pdf\" class=\"wp-block-file__button wp-element-button\" download aria-describedby=\"wp-block-file--media-8d3cca9a-e329-407a-b571-5904810922c4\">Descargar<\/a><\/div>\n","protected":false},"featured_media":0,"template":"","meta":{"_acf_changed":true,"_uag_custom_page_level_css":"","_kad_blocks_custom_css":"","_kad_blocks_head_custom_js":"","_kad_blocks_body_custom_js":"","_kad_blocks_footer_custom_js":"","_kadence_starter_templates_imported_post":false,"_links_to":"","_links_to_target":""},"categories":[911,904],"class_list":["post-345753","sermon","type-sermon","status-publish","hentry","category-pascua-5a","category-pascua-a"],"acf":{"drupal_id":"","lectionary_id":false,"sermon_date":"2026-05-03","sermon_other_translation":false,"sermon_language":"","author_id":279279},"yoast_head":"<!-- This site is optimized with the Yoast SEO Premium plugin v24.6 (Yoast SEO v26.3) - https:\/\/yoast.com\/wordpress\/plugins\/seo\/ -->\n<title>Pascua 5 (A)\u00a0\u2013 3 de maio de 2026 &#8211; The Episcopal Church<\/title>\n<meta name=\"robots\" content=\"index, follow, max-snippet:-1, max-image-preview:large, max-video-preview:-1\" \/>\n<link rel=\"canonical\" href=\"https:\/\/www.episcopalchurch.org\/es\/sermon\/pascua-5-a-3-de-maio-de-2026\/\" \/>\n<meta property=\"og:locale\" content=\"es_ES\" \/>\n<meta property=\"og:type\" content=\"article\" \/>\n<meta property=\"og:title\" content=\"Pascua 5 (A)\u00a0\u2013 3 de maio de 2026\" \/>\n<meta property=\"og:description\" content=\"LCR:\u00a0Hechos 7:55\u201360; Salmo 31:1\u20135,15\u201316; 1 San Pedro 2:2\u201310; San Juan 14:1\u201314. \u201cLa Casa del Padre\u201d El evangelio para hoy comienza con palabras de consolaci\u00f3n y esperanza: \u201cNo se angustien ustedes. Crean en Dios y crean tambi\u00e9n en m\u00ed.&nbsp;En la casa de mi Padre hay muchos lugares donde vivir\u201d. Esta porci\u00f3n se encuentra despu\u00e9s de la [&hellip;]\" \/>\n<meta property=\"og:url\" content=\"https:\/\/www.episcopalchurch.org\/es\/sermon\/pascua-5-a-3-de-maio-de-2026\/\" \/>\n<meta property=\"og:site_name\" content=\"The Episcopal Church\" \/>\n<meta property=\"article:publisher\" content=\"https:\/\/www.facebook.com\/episcopalian\" \/>\n<meta property=\"article:modified_time\" content=\"2026-04-20T16:17:40+00:00\" \/>\n<meta property=\"og:image\" content=\"https:\/\/www.episcopalchurch.org\/wp-content\/uploads\/2026\/04\/Pascua-5A-sermon.png\" \/>\n\t<meta property=\"og:image:width\" content=\"1920\" \/>\n\t<meta property=\"og:image:height\" content=\"1080\" \/>\n\t<meta property=\"og:image:type\" content=\"image\/png\" \/>\n<meta name=\"twitter:card\" content=\"summary_large_image\" \/>\n<meta name=\"twitter:site\" content=\"@iamepiscopalian\" \/>\n<meta name=\"twitter:label1\" content=\"Est. reading time\" \/>\n\t<meta name=\"twitter:data1\" content=\"5 minutes\" \/>\n<script type=\"application\/ld+json\" class=\"yoast-schema-graph\">{\"@context\":\"https:\/\/schema.org\",\"@graph\":[{\"@type\":\"WebPage\",\"@id\":\"https:\/\/www.episcopalchurch.org\/es\/sermon\/pascua-5-a-3-de-maio-de-2026\/\",\"url\":\"https:\/\/www.episcopalchurch.org\/es\/sermon\/pascua-5-a-3-de-maio-de-2026\/\",\"name\":\"Pascua 5 (A)\u00a0\u2013 3 de maio de 2026 &#8211; The Episcopal Church\",\"isPartOf\":{\"@id\":\"https:\/\/www.episcopalchurch.org\/#website\"},\"primaryImageOfPage\":{\"@id\":\"https:\/\/www.episcopalchurch.org\/es\/sermon\/pascua-5-a-3-de-maio-de-2026\/#primaryimage\"},\"image\":{\"@id\":\"https:\/\/www.episcopalchurch.org\/es\/sermon\/pascua-5-a-3-de-maio-de-2026\/#primaryimage\"},\"thumbnailUrl\":\"https:\/\/www.episcopalchurch.org\/wp-content\/uploads\/2026\/04\/Pascua-5A-sermon-1024x576.png\",\"datePublished\":\"2026-04-20T16:17:38+00:00\",\"dateModified\":\"2026-04-20T16:17:40+00:00\",\"breadcrumb\":{\"@id\":\"https:\/\/www.episcopalchurch.org\/es\/sermon\/pascua-5-a-3-de-maio-de-2026\/#breadcrumb\"},\"inLanguage\":\"es-ES\",\"potentialAction\":[{\"@type\":\"ReadAction\",\"target\":[\"https:\/\/www.episcopalchurch.org\/es\/sermon\/pascua-5-a-3-de-maio-de-2026\/\"]}]},{\"@type\":\"ImageObject\",\"inLanguage\":\"es-ES\",\"@id\":\"https:\/\/www.episcopalchurch.org\/es\/sermon\/pascua-5-a-3-de-maio-de-2026\/#primaryimage\",\"url\":\"https:\/\/www.episcopalchurch.org\/wp-content\/uploads\/2026\/04\/Pascua-5A-sermon-1024x576.png\",\"contentUrl\":\"https:\/\/www.episcopalchurch.org\/wp-content\/uploads\/2026\/04\/Pascua-5A-sermon-1024x576.png\"},{\"@type\":\"BreadcrumbList\",\"@id\":\"https:\/\/www.episcopalchurch.org\/es\/sermon\/pascua-5-a-3-de-maio-de-2026\/#breadcrumb\",\"itemListElement\":[{\"@type\":\"ListItem\",\"position\":1,\"name\":\"Home\",\"item\":\"https:\/\/www.episcopalchurch.org\/\"},{\"@type\":\"ListItem\",\"position\":2,\"name\":\"Pascua 5 (A)\u00a0\u2013 3 de maio de 2026\"}]},{\"@type\":\"WebSite\",\"@id\":\"https:\/\/www.episcopalchurch.org\/#website\",\"url\":\"https:\/\/www.episcopalchurch.org\/\",\"name\":\"The Episcopal Church\",\"description\":\"Welcomes You\",\"publisher\":{\"@id\":\"https:\/\/www.episcopalchurch.org\/#organization\"},\"potentialAction\":[{\"@type\":\"SearchAction\",\"target\":{\"@type\":\"EntryPoint\",\"urlTemplate\":\"https:\/\/www.episcopalchurch.org\/?s={search_term_string}\"},\"query-input\":{\"@type\":\"PropertyValueSpecification\",\"valueRequired\":true,\"valueName\":\"search_term_string\"}}],\"inLanguage\":\"es-ES\"},{\"@type\":\"Organization\",\"@id\":\"https:\/\/www.episcopalchurch.org\/#organization\",\"name\":\"The Episcopal Church\",\"url\":\"https:\/\/www.episcopalchurch.org\/\",\"logo\":{\"@type\":\"ImageObject\",\"inLanguage\":\"es-ES\",\"@id\":\"https:\/\/www.episcopalchurch.org\/#\/schema\/logo\/image\/\",\"url\":\"https:\/\/www.episcopalchurch.org\/wp-content\/uploads\/2021\/01\/vertical_episcopal_logo.jpg\",\"contentUrl\":\"https:\/\/www.episcopalchurch.org\/wp-content\/uploads\/2021\/01\/vertical_episcopal_logo.jpg\",\"width\":770,\"height\":662,\"caption\":\"The Episcopal Church\"},\"image\":{\"@id\":\"https:\/\/www.episcopalchurch.org\/#\/schema\/logo\/image\/\"},\"sameAs\":[\"https:\/\/www.facebook.com\/episcopalian\",\"https:\/\/x.com\/iamepiscopalian\",\"https:\/\/www.youtube.com\/channel\/UCdVJpxCtK41c_-p6EaE4_2A\"]}]}<\/script>\n<!-- \/ Yoast SEO Premium plugin. -->","yoast_head_json":{"title":"Pascua 5 (A)\u00a0\u2013 3 de maio de 2026 &#8211; The Episcopal Church","robots":{"index":"index","follow":"follow","max-snippet":"max-snippet:-1","max-image-preview":"max-image-preview:large","max-video-preview":"max-video-preview:-1"},"canonical":"https:\/\/www.episcopalchurch.org\/es\/sermon\/pascua-5-a-3-de-maio-de-2026\/","og_locale":"es_ES","og_type":"article","og_title":"Pascua 5 (A)\u00a0\u2013 3 de maio de 2026","og_description":"LCR:\u00a0Hechos 7:55\u201360; Salmo 31:1\u20135,15\u201316; 1 San Pedro 2:2\u201310; San Juan 14:1\u201314. \u201cLa Casa del Padre\u201d El evangelio para hoy comienza con palabras de consolaci\u00f3n y esperanza: \u201cNo se angustien ustedes. Crean en Dios y crean tambi\u00e9n en m\u00ed.&nbsp;En la casa de mi Padre hay muchos lugares donde vivir\u201d. Esta porci\u00f3n se encuentra despu\u00e9s de la [&hellip;]","og_url":"https:\/\/www.episcopalchurch.org\/es\/sermon\/pascua-5-a-3-de-maio-de-2026\/","og_site_name":"The Episcopal Church","article_publisher":"https:\/\/www.facebook.com\/episcopalian","article_modified_time":"2026-04-20T16:17:40+00:00","og_image":[{"width":1920,"height":1080,"url":"https:\/\/www.episcopalchurch.org\/wp-content\/uploads\/2026\/04\/Pascua-5A-sermon.png","type":"image\/png"}],"twitter_card":"summary_large_image","twitter_site":"@iamepiscopalian","twitter_misc":{"Est. reading time":"5 minutes"},"schema":{"@context":"https:\/\/schema.org","@graph":[{"@type":"WebPage","@id":"https:\/\/www.episcopalchurch.org\/es\/sermon\/pascua-5-a-3-de-maio-de-2026\/","url":"https:\/\/www.episcopalchurch.org\/es\/sermon\/pascua-5-a-3-de-maio-de-2026\/","name":"Pascua 5 (A)\u00a0\u2013 3 de maio de 2026 &#8211; The Episcopal Church","isPartOf":{"@id":"https:\/\/www.episcopalchurch.org\/#website"},"primaryImageOfPage":{"@id":"https:\/\/www.episcopalchurch.org\/es\/sermon\/pascua-5-a-3-de-maio-de-2026\/#primaryimage"},"image":{"@id":"https:\/\/www.episcopalchurch.org\/es\/sermon\/pascua-5-a-3-de-maio-de-2026\/#primaryimage"},"thumbnailUrl":"https:\/\/www.episcopalchurch.org\/wp-content\/uploads\/2026\/04\/Pascua-5A-sermon-1024x576.png","datePublished":"2026-04-20T16:17:38+00:00","dateModified":"2026-04-20T16:17:40+00:00","breadcrumb":{"@id":"https:\/\/www.episcopalchurch.org\/es\/sermon\/pascua-5-a-3-de-maio-de-2026\/#breadcrumb"},"inLanguage":"es-ES","potentialAction":[{"@type":"ReadAction","target":["https:\/\/www.episcopalchurch.org\/es\/sermon\/pascua-5-a-3-de-maio-de-2026\/"]}]},{"@type":"ImageObject","inLanguage":"es-ES","@id":"https:\/\/www.episcopalchurch.org\/es\/sermon\/pascua-5-a-3-de-maio-de-2026\/#primaryimage","url":"https:\/\/www.episcopalchurch.org\/wp-content\/uploads\/2026\/04\/Pascua-5A-sermon-1024x576.png","contentUrl":"https:\/\/www.episcopalchurch.org\/wp-content\/uploads\/2026\/04\/Pascua-5A-sermon-1024x576.png"},{"@type":"BreadcrumbList","@id":"https:\/\/www.episcopalchurch.org\/es\/sermon\/pascua-5-a-3-de-maio-de-2026\/#breadcrumb","itemListElement":[{"@type":"ListItem","position":1,"name":"Home","item":"https:\/\/www.episcopalchurch.org\/"},{"@type":"ListItem","position":2,"name":"Pascua 5 (A)\u00a0\u2013 3 de maio de 2026"}]},{"@type":"WebSite","@id":"https:\/\/www.episcopalchurch.org\/#website","url":"https:\/\/www.episcopalchurch.org\/","name":"The Episcopal Church","description":"Welcomes You","publisher":{"@id":"https:\/\/www.episcopalchurch.org\/#organization"},"potentialAction":[{"@type":"SearchAction","target":{"@type":"EntryPoint","urlTemplate":"https:\/\/www.episcopalchurch.org\/?s={search_term_string}"},"query-input":{"@type":"PropertyValueSpecification","valueRequired":true,"valueName":"search_term_string"}}],"inLanguage":"es-ES"},{"@type":"Organization","@id":"https:\/\/www.episcopalchurch.org\/#organization","name":"The Episcopal Church","url":"https:\/\/www.episcopalchurch.org\/","logo":{"@type":"ImageObject","inLanguage":"es-ES","@id":"https:\/\/www.episcopalchurch.org\/#\/schema\/logo\/image\/","url":"https:\/\/www.episcopalchurch.org\/wp-content\/uploads\/2021\/01\/vertical_episcopal_logo.jpg","contentUrl":"https:\/\/www.episcopalchurch.org\/wp-content\/uploads\/2021\/01\/vertical_episcopal_logo.jpg","width":770,"height":662,"caption":"The Episcopal Church"},"image":{"@id":"https:\/\/www.episcopalchurch.org\/#\/schema\/logo\/image\/"},"sameAs":["https:\/\/www.facebook.com\/episcopalian","https:\/\/x.com\/iamepiscopalian","https:\/\/www.youtube.com\/channel\/UCdVJpxCtK41c_-p6EaE4_2A"]}]}},"taxonomy_info":{"category":[{"value":911,"label":"Pascua 5a"},{"value":904,"label":"Pascua A"}]},"featured_image_src_large":false,"author_info":[],"comment_info":"","uagb_featured_image_src":{"full":false,"thumbnail":false,"medium":false,"medium_large":false,"large":false,"1536x1536":false,"2048x2048":false,"menu":false,"hero":false,"callout-image":false},"uagb_author_info":{"display_name":"Scott Rands","author_link":"https:\/\/www.episcopalchurch.org\/es\/author\/"},"uagb_comment_info":0,"uagb_excerpt":"LCR:\u00a0Hechos 7:55\u201360; Salmo 31:1\u20135,15\u201316; 1 San Pedro 2:2\u201310; San Juan 14:1\u201314. \u201cLa Casa del Padre\u201d El evangelio para hoy comienza con palabras de consolaci\u00f3n y esperanza: \u201cNo se angustien ustedes. Crean en Dios y crean tambi\u00e9n en m\u00ed.&nbsp;En la casa de mi Padre hay muchos lugares donde vivir\u201d. Esta porci\u00f3n se encuentra despu\u00e9s de la&hellip;","_links":{"self":[{"href":"https:\/\/www.episcopalchurch.org\/es\/wp-json\/wp\/v2\/sermon\/345753","targetHints":{"allow":["GET"]}}],"collection":[{"href":"https:\/\/www.episcopalchurch.org\/es\/wp-json\/wp\/v2\/sermon"}],"about":[{"href":"https:\/\/www.episcopalchurch.org\/es\/wp-json\/wp\/v2\/types\/sermon"}],"wp:attachment":[{"href":"https:\/\/www.episcopalchurch.org\/es\/wp-json\/wp\/v2\/media?parent=345753"}],"wp:term":[{"taxonomy":"category","embeddable":true,"href":"https:\/\/www.episcopalchurch.org\/es\/wp-json\/wp\/v2\/categories?post=345753"}],"curies":[{"name":"wp","href":"https:\/\/api.w.org\/{rel}","templated":true}]}}