{"id":345997,"date":"2026-04-27T12:50:38","date_gmt":"2026-04-27T16:50:38","guid":{"rendered":"https:\/\/www.episcopalchurch.org\/?post_type=sermon&#038;p=345997"},"modified":"2026-04-27T12:50:40","modified_gmt":"2026-04-27T16:50:40","slug":"pascua-7-a-17-de-maio-de-2026","status":"publish","type":"sermon","link":"https:\/\/www.episcopalchurch.org\/es\/sermon\/pascua-7-a-17-de-maio-de-2026\/","title":{"rendered":"Pascua 7 (A)\u00a0\u2013 17 de maio de 2026"},"content":{"rendered":"\n<p><strong>LCR:\u00a0<\/strong><a href=\"https:\/\/www.episcopalchurch.org\/es\/lectionary\/pascua-7a\/\"><strong>Hechos 1:6\u201314; Salmo 68:1\u201310, 33\u201336; 1 San Pedro 4:12\u201314; 5:6\u201311; San Juan 17:1\u201311<\/strong><\/a><\/p>\n\n\n\n<p>De vez en cuando uno escucha algo que en realidad no estaba destinado para uno, y aun as\u00ed ese algo termina afect\u00e1ndonos profundamente. Esto suele pasar en el pasillo de un hospital cuando alguien sale de una habitaci\u00f3n y empieza a orar por su familia, cuando un padre o una madre piensa que su hijo est\u00e1 dormido y susurra una oraci\u00f3n por \u00e9l o ella; pasa tambi\u00e9n en un ensayo de boda cuando, entre el estr\u00e9s y los nervios, alguien expresa en voz alta sus esperanzas y miedos. Estos momentos se dan a menudo en la vida de un sacerdote y se sienten sagrados porque dejan ver el amor que alguien siente por otra persona de una forma muy vulnerable y pura.<\/p>\n\n\n\n<p>En el Evangelio de hoy los disc\u00edpulos viven exactamente uno de esos momentos al escuchar a Jes\u00fas orar por ellos. \u00c9ste es uno de los pasajes m\u00e1s \u00edntimos de todo el Evangelio de Juan y deja ver el amor que Jes\u00fas siente por sus disc\u00edpulos de un modo expl\u00edcito y extraordinario. Jes\u00fas sabe que su tiempo est\u00e1 llegando a su fin. El cap\u00edtulo 17 es parte de lo que se conoce como el gran discurso de despedida. Jes\u00fas sabe que la cruz se acerca y pronto ya no caminar\u00e1 junto a sus disc\u00edpulos de la misma manera. Entonces hace algo extraordinario: ora por ellos en voz alta. Y los disc\u00edpulos lo escuchan.&nbsp;<\/p>\n\n\n<div class=\"wp-block-image\">\n<figure class=\"alignright size-large is-resized\"><img loading=\"lazy\" decoding=\"async\" width=\"1024\" height=\"576\" src=\"https:\/\/www.episcopalchurch.org\/wp-content\/uploads\/2026\/04\/Pascua-7A-sermon-1024x576.png\" alt=\"\" class=\"wp-image-345998\" style=\"width:512px\" srcset=\"https:\/\/www.episcopalchurch.org\/wp-content\/uploads\/2026\/04\/Pascua-7A-sermon-1024x576.png 1024w, https:\/\/www.episcopalchurch.org\/wp-content\/uploads\/2026\/04\/Pascua-7A-sermon-300x169.png 300w, https:\/\/www.episcopalchurch.org\/wp-content\/uploads\/2026\/04\/Pascua-7A-sermon-768x432.png 768w, https:\/\/www.episcopalchurch.org\/wp-content\/uploads\/2026\/04\/Pascua-7A-sermon-1536x864.png 1536w, https:\/\/www.episcopalchurch.org\/wp-content\/uploads\/2026\/04\/Pascua-7A-sermon-480x270.png 480w, https:\/\/www.episcopalchurch.org\/wp-content\/uploads\/2026\/04\/Pascua-7A-sermon.png 1920w\" sizes=\"auto, (max-width: 1024px) 100vw, 1024px\" \/><\/figure><\/div>\n\n\n<p>Imaginemos lo que debe sentirse escuchar a Jes\u00fas hablar con el Padre sobre nosotros. Escuchar nuestro nombre en la oraci\u00f3n de Cristo. Saber que somos objeto de su cuidado y amor. Jes\u00fas dice: \u201cHe dado a conocer tu nombre a los que me diste\u201d. Estas palabras resumen toda su misi\u00f3n. No s\u00f3lo vino a ense\u00f1ar sobre Dios, ni a dar consejos morales; vino a revelar, como nadie, el verdadero rostro de Dios. Cuando las personas miraban a Jes\u00fas -su compasi\u00f3n, valent\u00eda, paciencia, perd\u00f3n- estaban viendo en \u00e9l a Dios mismo. En Jes\u00fas, el car\u00e1cter de Dios se hace visible. En su oraci\u00f3n Jes\u00fas dice que los disc\u00edpulos recibieron esa revelaci\u00f3n. Ellos comprendieron que todo lo que Jes\u00fas ten\u00eda ven\u00eda de Dios. Y creyeron. Luego la oraci\u00f3n se vuelve todav\u00eda m\u00e1s \u00edntima y profunda: \u201cYo te ruego por ellos\u2026 Padre santo, cu\u00eddalos en tu nombre\u2026 para que sean uno, as\u00ed como nosotros somos uno\u201d.&nbsp;<\/p>\n\n\n\n<p>La oraci\u00f3n de Jes\u00fas tambi\u00e9n revela una verdad muy importante sobre la vida eterna. Muchos pensamos que la vida eterna es algo que comienza despu\u00e9s de la muerte, la imaginamos como una recompensa futura o como un destino celestial, pero en el Evangelio de Juan la vida eterna significa algo m\u00e1s profundo. Un poco antes, en esa misma oraci\u00f3n, Jes\u00fas da una definici\u00f3n clara de la vida eterna: \u201cQue te conozcan a ti, el \u00fanico Dios verdadero, y a Jesucristo, a quien has enviado\u201d. Jes\u00fas no dice que la vida eterna es simplemente vivir para siempre o escapar del mundo. Dice que la vida eterna es conocer a Dios. Y conocer aqu\u00ed no significa simplemente saber cosas acerca de Dios. Significa entrar en una relaci\u00f3n viva con \u00e9l, conocerlo como se conoce a un amigo, a un ser querido; como un hijo conoce a un padre que lo ama. Seg\u00fan la descripci\u00f3n de Jes\u00fas, la vida eterna es una relaci\u00f3n que comienza cuando una persona conf\u00eda en el amor de Dios revelado en Jesucristo. Eso deja claro que la vida eterna no empieza despu\u00e9s de morir, empieza con Jes\u00fas. Si tenemos los ojos abiertos, a veces podemos ver destellos de esa vida eterna en momentos muy simples.&nbsp;<\/p>\n\n\n\n<p>Hace algunos a\u00f1os un hombre estaba visitando a su abuela en un centro de cuidados paliativos. Ella hab\u00eda vivido una vida larga de fe sencilla. No era te\u00f3loga ni predicadora, pero hab\u00eda caminado con Dios con fidelidad. Una tarde \u00e9l le pregunt\u00f3 si ten\u00eda miedo de morir. Ella sonri\u00f3 y le dijo algo muy simple: \u201cNo mucho. He caminado con Dios toda mi vida. Solo voy a seguir caminando un poco m\u00e1s adelante por el mismo camino\u201d. Eso es vida eterna. No un salto repentino hacia lo desconocido, sino continuar una relaci\u00f3n que comenz\u00f3 cuando Jes\u00fas decidi\u00f3 amarnos y tendernos un puente hacia el Padre.<\/p>\n\n\n\n<p>Pero Jes\u00fas sabe algo m\u00e1s. Sabe que los disc\u00edpulos permanecer\u00e1n en un mundo complicado. Por esto dice en su oraci\u00f3n: \u201cYa no estoy en el mundo, pero ellos s\u00ed est\u00e1n en el mundo\u201d. En el Evangelio de Juan, la palabra \u201cmundo\u201d no se refiere simplemente al planeta; se refiere a los sistemas humanos que resisten a Dios: estructuras de orgullo, poder y miedo que apartan a las personas del amor de Dios. Jes\u00fas sabe que, incluso para sus disc\u00edpulos, seguirlo no siempre ser\u00e1 f\u00e1cil. De hecho, la comunidad cristiana que escuch\u00f3 este Evangelio lo sab\u00eda muy bien. Muchos hab\u00edan sido expulsados de la sinagoga por creer en Jes\u00fas y viv\u00edan en tensi\u00f3n con la sociedad que los rodeaba. Por eso Jes\u00fas ora: \u201cPadre santo, cu\u00eddalos\u201d. No pide que Dios los saque del mundo, sino que los proteja en medio del mundo. Esa diferencia es clave. Jes\u00fas no quiere que sus seguidores escapen de la realidad del mundo, quiere que en medio de esa realidad vivan fielmente.&nbsp;<\/p>\n\n\n\n<p>Ah\u00ed es donde la vida eterna se hace visible, porque la vida eterna no es escapar de esta vida donde Dios tambi\u00e9n nos ha colocado, sino vivirla de una manera diferente. Esa manera diferente se hace visible cuando alguien decide perdonar cuando guardar resentimiento ser\u00eda m\u00e1s f\u00e1cil, cuando alguien es generoso en un mundo que ense\u00f1a a acumular, cuando alguien muestra compasi\u00f3n en un ambiente lleno de indiferencia. En otras palabras, la vida eterna se hace visible a trav\u00e9s del amor que hemos recibido y aprendido en nuestra relaci\u00f3n con Jes\u00fas.&nbsp;<\/p>\n\n\n\n<p>Uno de los vers\u00edculos m\u00e1s importantes de esta oraci\u00f3n es: \u201cTodo lo m\u00edo es tuyo, y lo tuyo es m\u00edo; y en ellos he sido glorificado\u201d. Por primera vez, en el Evangelio, Jes\u00fas dice que su gloria se ve en la comunidad. No en edificios, no en instituciones, sino en las personas. Cuando los seguidores de Jes\u00fas viven el amor que \u00e9l ense\u00f1\u00f3, el mundo puede ver qui\u00e9n es Jes\u00fas. Por eso Jes\u00fas ora por la unidad de sus disc\u00edpulos: \u201cpara que sean uno, como nosotros somos uno\u201d. Esto no significa que todos piensen exactamente igual. Significa vivir con el mismo amor generoso que existe entre el Padre y el Hijo. Cuando ese amor aparece -aunque sea imperfectamente-, revela la vida misma de Dios. Jes\u00fas invita a sus disc\u00edpulos a participar en esa vida a trav\u00e9s del bautismo y del partir el pan en la comunidad.<\/p>\n\n\n\n<p>Esta oraci\u00f3n atraviesa los siglos y llega hasta nosotros, pero fue elevada por todos nosotros a\u00fan antes de la cruz y antes de la resurrecci\u00f3n; desde entonces Jes\u00fas ya est\u00e1 orando por la comunidad de creyentes. Ora para que conozcamos a Dios, para que permanezcamos fieles en el mundo, para que vivamos en amor y unidad, para que experimentemos el gozo de la vida eterna. No alg\u00fan d\u00eda, sino aqu\u00ed y ahora.&nbsp;<\/p>\n\n\n\n<p>\u00a1Esa es la oraci\u00f3n de Jes\u00fas por cada uno! \u00bfCu\u00e1l es nuestra oraci\u00f3n? \u00bfPor qu\u00e9 y por qui\u00e9n rezamos cada uno de nosotros?&nbsp;<\/p>\n\n\n\n<p><strong><em>El Rev. Andreis Diaz<\/em><\/strong><em>&nbsp;es Vice-Rector de Christ Church, Ponte Vedra Beach, Florida.&nbsp;&nbsp;<\/em><em>Di\u00f3cesis de la Florida.&nbsp;<\/em><\/p>\n\n\n\n<div class=\"wp-block-file\"><a id=\"wp-block-file--media-962fcce0-6a45-4398-87ce-e2194fcde6fa\" href=\"https:\/\/www.episcopalchurch.org\/wp-content\/uploads\/2026\/04\/Pascua-7A-sermon.docx\">Word &#8211; Pascua 7A serm\u00f3n<\/a><a href=\"https:\/\/www.episcopalchurch.org\/wp-content\/uploads\/2026\/04\/Pascua-7A-sermon.docx\" class=\"wp-block-file__button wp-element-button\" download aria-describedby=\"wp-block-file--media-962fcce0-6a45-4398-87ce-e2194fcde6fa\">Descargar<\/a><\/div>\n\n\n\n<div class=\"wp-block-file\"><a id=\"wp-block-file--media-320be9ec-1a86-42e3-a726-ab28549abcbe\" href=\"https:\/\/www.episcopalchurch.org\/wp-content\/uploads\/2026\/04\/Pascua-7A-sermon.pdf\">PDF &#8211; Pascua 7A serm\u00f3n<\/a><a href=\"https:\/\/www.episcopalchurch.org\/wp-content\/uploads\/2026\/04\/Pascua-7A-sermon.pdf\" class=\"wp-block-file__button wp-element-button\" download aria-describedby=\"wp-block-file--media-320be9ec-1a86-42e3-a726-ab28549abcbe\">Descargar<\/a><\/div>\n","protected":false},"featured_media":0,"template":"","meta":{"_acf_changed":true,"_uag_custom_page_level_css":"","_kad_blocks_custom_css":"","_kad_blocks_head_custom_js":"","_kad_blocks_body_custom_js":"","_kad_blocks_footer_custom_js":"","_kadence_starter_templates_imported_post":false,"_links_to":"","_links_to_target":""},"categories":[913,904],"class_list":["post-345997","sermon","type-sermon","status-publish","hentry","category-pascua-7a","category-pascua-a"],"acf":{"drupal_id":"","lectionary_id":false,"sermon_date":"2026-05-17","sermon_other_translation":false,"sermon_language":"","author_id":169087},"yoast_head":"<!-- This site is optimized with the Yoast SEO Premium plugin v24.6 (Yoast SEO v26.3) - https:\/\/yoast.com\/wordpress\/plugins\/seo\/ -->\n<title>Pascua 7 (A)\u00a0\u2013 17 de maio de 2026 &#8211; The Episcopal Church<\/title>\n<meta name=\"robots\" content=\"index, follow, max-snippet:-1, max-image-preview:large, max-video-preview:-1\" \/>\n<link rel=\"canonical\" href=\"https:\/\/www.episcopalchurch.org\/es\/sermon\/pascua-7-a-17-de-maio-de-2026\/\" \/>\n<meta property=\"og:locale\" content=\"es_ES\" \/>\n<meta property=\"og:type\" content=\"article\" \/>\n<meta property=\"og:title\" content=\"Pascua 7 (A)\u00a0\u2013 17 de maio de 2026\" \/>\n<meta property=\"og:description\" content=\"LCR:\u00a0Hechos 1:6\u201314; Salmo 68:1\u201310, 33\u201336; 1 San Pedro 4:12\u201314; 5:6\u201311; San Juan 17:1\u201311 De vez en cuando uno escucha algo que en realidad no estaba destinado para uno, y aun as\u00ed ese algo termina afect\u00e1ndonos profundamente. Esto suele pasar en el pasillo de un hospital cuando alguien sale de una habitaci\u00f3n y empieza a orar [&hellip;]\" \/>\n<meta property=\"og:url\" content=\"https:\/\/www.episcopalchurch.org\/es\/sermon\/pascua-7-a-17-de-maio-de-2026\/\" \/>\n<meta property=\"og:site_name\" content=\"The Episcopal Church\" \/>\n<meta property=\"article:publisher\" content=\"https:\/\/www.facebook.com\/episcopalian\" \/>\n<meta property=\"article:modified_time\" content=\"2026-04-27T16:50:40+00:00\" \/>\n<meta property=\"og:image\" content=\"https:\/\/www.episcopalchurch.org\/wp-content\/uploads\/2026\/04\/Pascua-7A-sermon.png\" \/>\n\t<meta property=\"og:image:width\" content=\"1920\" \/>\n\t<meta property=\"og:image:height\" content=\"1080\" \/>\n\t<meta property=\"og:image:type\" content=\"image\/png\" \/>\n<meta name=\"twitter:card\" content=\"summary_large_image\" \/>\n<meta name=\"twitter:site\" content=\"@iamepiscopalian\" \/>\n<meta name=\"twitter:label1\" content=\"Est. reading time\" \/>\n\t<meta name=\"twitter:data1\" content=\"6 minutes\" \/>\n<script type=\"application\/ld+json\" class=\"yoast-schema-graph\">{\"@context\":\"https:\/\/schema.org\",\"@graph\":[{\"@type\":\"WebPage\",\"@id\":\"https:\/\/www.episcopalchurch.org\/es\/sermon\/pascua-7-a-17-de-maio-de-2026\/\",\"url\":\"https:\/\/www.episcopalchurch.org\/es\/sermon\/pascua-7-a-17-de-maio-de-2026\/\",\"name\":\"Pascua 7 (A)\u00a0\u2013 17 de maio de 2026 &#8211; The Episcopal Church\",\"isPartOf\":{\"@id\":\"https:\/\/www.episcopalchurch.org\/#website\"},\"primaryImageOfPage\":{\"@id\":\"https:\/\/www.episcopalchurch.org\/es\/sermon\/pascua-7-a-17-de-maio-de-2026\/#primaryimage\"},\"image\":{\"@id\":\"https:\/\/www.episcopalchurch.org\/es\/sermon\/pascua-7-a-17-de-maio-de-2026\/#primaryimage\"},\"thumbnailUrl\":\"https:\/\/www.episcopalchurch.org\/wp-content\/uploads\/2026\/04\/Pascua-7A-sermon-1024x576.png\",\"datePublished\":\"2026-04-27T16:50:38+00:00\",\"dateModified\":\"2026-04-27T16:50:40+00:00\",\"breadcrumb\":{\"@id\":\"https:\/\/www.episcopalchurch.org\/es\/sermon\/pascua-7-a-17-de-maio-de-2026\/#breadcrumb\"},\"inLanguage\":\"es-ES\",\"potentialAction\":[{\"@type\":\"ReadAction\",\"target\":[\"https:\/\/www.episcopalchurch.org\/es\/sermon\/pascua-7-a-17-de-maio-de-2026\/\"]}]},{\"@type\":\"ImageObject\",\"inLanguage\":\"es-ES\",\"@id\":\"https:\/\/www.episcopalchurch.org\/es\/sermon\/pascua-7-a-17-de-maio-de-2026\/#primaryimage\",\"url\":\"https:\/\/www.episcopalchurch.org\/wp-content\/uploads\/2026\/04\/Pascua-7A-sermon-1024x576.png\",\"contentUrl\":\"https:\/\/www.episcopalchurch.org\/wp-content\/uploads\/2026\/04\/Pascua-7A-sermon-1024x576.png\"},{\"@type\":\"BreadcrumbList\",\"@id\":\"https:\/\/www.episcopalchurch.org\/es\/sermon\/pascua-7-a-17-de-maio-de-2026\/#breadcrumb\",\"itemListElement\":[{\"@type\":\"ListItem\",\"position\":1,\"name\":\"Home\",\"item\":\"https:\/\/www.episcopalchurch.org\/\"},{\"@type\":\"ListItem\",\"position\":2,\"name\":\"Pascua 7 (A)\u00a0\u2013 17 de maio de 2026\"}]},{\"@type\":\"WebSite\",\"@id\":\"https:\/\/www.episcopalchurch.org\/#website\",\"url\":\"https:\/\/www.episcopalchurch.org\/\",\"name\":\"The Episcopal Church\",\"description\":\"Welcomes You\",\"publisher\":{\"@id\":\"https:\/\/www.episcopalchurch.org\/#organization\"},\"potentialAction\":[{\"@type\":\"SearchAction\",\"target\":{\"@type\":\"EntryPoint\",\"urlTemplate\":\"https:\/\/www.episcopalchurch.org\/?s={search_term_string}\"},\"query-input\":{\"@type\":\"PropertyValueSpecification\",\"valueRequired\":true,\"valueName\":\"search_term_string\"}}],\"inLanguage\":\"es-ES\"},{\"@type\":\"Organization\",\"@id\":\"https:\/\/www.episcopalchurch.org\/#organization\",\"name\":\"The Episcopal Church\",\"url\":\"https:\/\/www.episcopalchurch.org\/\",\"logo\":{\"@type\":\"ImageObject\",\"inLanguage\":\"es-ES\",\"@id\":\"https:\/\/www.episcopalchurch.org\/#\/schema\/logo\/image\/\",\"url\":\"https:\/\/www.episcopalchurch.org\/wp-content\/uploads\/2021\/01\/vertical_episcopal_logo.jpg\",\"contentUrl\":\"https:\/\/www.episcopalchurch.org\/wp-content\/uploads\/2021\/01\/vertical_episcopal_logo.jpg\",\"width\":770,\"height\":662,\"caption\":\"The Episcopal Church\"},\"image\":{\"@id\":\"https:\/\/www.episcopalchurch.org\/#\/schema\/logo\/image\/\"},\"sameAs\":[\"https:\/\/www.facebook.com\/episcopalian\",\"https:\/\/x.com\/iamepiscopalian\",\"https:\/\/www.youtube.com\/channel\/UCdVJpxCtK41c_-p6EaE4_2A\"]}]}<\/script>\n<!-- \/ Yoast SEO Premium plugin. -->","yoast_head_json":{"title":"Pascua 7 (A)\u00a0\u2013 17 de maio de 2026 &#8211; The Episcopal Church","robots":{"index":"index","follow":"follow","max-snippet":"max-snippet:-1","max-image-preview":"max-image-preview:large","max-video-preview":"max-video-preview:-1"},"canonical":"https:\/\/www.episcopalchurch.org\/es\/sermon\/pascua-7-a-17-de-maio-de-2026\/","og_locale":"es_ES","og_type":"article","og_title":"Pascua 7 (A)\u00a0\u2013 17 de maio de 2026","og_description":"LCR:\u00a0Hechos 1:6\u201314; Salmo 68:1\u201310, 33\u201336; 1 San Pedro 4:12\u201314; 5:6\u201311; San Juan 17:1\u201311 De vez en cuando uno escucha algo que en realidad no estaba destinado para uno, y aun as\u00ed ese algo termina afect\u00e1ndonos profundamente. Esto suele pasar en el pasillo de un hospital cuando alguien sale de una habitaci\u00f3n y empieza a orar [&hellip;]","og_url":"https:\/\/www.episcopalchurch.org\/es\/sermon\/pascua-7-a-17-de-maio-de-2026\/","og_site_name":"The Episcopal Church","article_publisher":"https:\/\/www.facebook.com\/episcopalian","article_modified_time":"2026-04-27T16:50:40+00:00","og_image":[{"width":1920,"height":1080,"url":"https:\/\/www.episcopalchurch.org\/wp-content\/uploads\/2026\/04\/Pascua-7A-sermon.png","type":"image\/png"}],"twitter_card":"summary_large_image","twitter_site":"@iamepiscopalian","twitter_misc":{"Est. reading time":"6 minutes"},"schema":{"@context":"https:\/\/schema.org","@graph":[{"@type":"WebPage","@id":"https:\/\/www.episcopalchurch.org\/es\/sermon\/pascua-7-a-17-de-maio-de-2026\/","url":"https:\/\/www.episcopalchurch.org\/es\/sermon\/pascua-7-a-17-de-maio-de-2026\/","name":"Pascua 7 (A)\u00a0\u2013 17 de maio de 2026 &#8211; The Episcopal Church","isPartOf":{"@id":"https:\/\/www.episcopalchurch.org\/#website"},"primaryImageOfPage":{"@id":"https:\/\/www.episcopalchurch.org\/es\/sermon\/pascua-7-a-17-de-maio-de-2026\/#primaryimage"},"image":{"@id":"https:\/\/www.episcopalchurch.org\/es\/sermon\/pascua-7-a-17-de-maio-de-2026\/#primaryimage"},"thumbnailUrl":"https:\/\/www.episcopalchurch.org\/wp-content\/uploads\/2026\/04\/Pascua-7A-sermon-1024x576.png","datePublished":"2026-04-27T16:50:38+00:00","dateModified":"2026-04-27T16:50:40+00:00","breadcrumb":{"@id":"https:\/\/www.episcopalchurch.org\/es\/sermon\/pascua-7-a-17-de-maio-de-2026\/#breadcrumb"},"inLanguage":"es-ES","potentialAction":[{"@type":"ReadAction","target":["https:\/\/www.episcopalchurch.org\/es\/sermon\/pascua-7-a-17-de-maio-de-2026\/"]}]},{"@type":"ImageObject","inLanguage":"es-ES","@id":"https:\/\/www.episcopalchurch.org\/es\/sermon\/pascua-7-a-17-de-maio-de-2026\/#primaryimage","url":"https:\/\/www.episcopalchurch.org\/wp-content\/uploads\/2026\/04\/Pascua-7A-sermon-1024x576.png","contentUrl":"https:\/\/www.episcopalchurch.org\/wp-content\/uploads\/2026\/04\/Pascua-7A-sermon-1024x576.png"},{"@type":"BreadcrumbList","@id":"https:\/\/www.episcopalchurch.org\/es\/sermon\/pascua-7-a-17-de-maio-de-2026\/#breadcrumb","itemListElement":[{"@type":"ListItem","position":1,"name":"Home","item":"https:\/\/www.episcopalchurch.org\/"},{"@type":"ListItem","position":2,"name":"Pascua 7 (A)\u00a0\u2013 17 de maio de 2026"}]},{"@type":"WebSite","@id":"https:\/\/www.episcopalchurch.org\/#website","url":"https:\/\/www.episcopalchurch.org\/","name":"The Episcopal Church","description":"Welcomes You","publisher":{"@id":"https:\/\/www.episcopalchurch.org\/#organization"},"potentialAction":[{"@type":"SearchAction","target":{"@type":"EntryPoint","urlTemplate":"https:\/\/www.episcopalchurch.org\/?s={search_term_string}"},"query-input":{"@type":"PropertyValueSpecification","valueRequired":true,"valueName":"search_term_string"}}],"inLanguage":"es-ES"},{"@type":"Organization","@id":"https:\/\/www.episcopalchurch.org\/#organization","name":"The Episcopal Church","url":"https:\/\/www.episcopalchurch.org\/","logo":{"@type":"ImageObject","inLanguage":"es-ES","@id":"https:\/\/www.episcopalchurch.org\/#\/schema\/logo\/image\/","url":"https:\/\/www.episcopalchurch.org\/wp-content\/uploads\/2021\/01\/vertical_episcopal_logo.jpg","contentUrl":"https:\/\/www.episcopalchurch.org\/wp-content\/uploads\/2021\/01\/vertical_episcopal_logo.jpg","width":770,"height":662,"caption":"The Episcopal Church"},"image":{"@id":"https:\/\/www.episcopalchurch.org\/#\/schema\/logo\/image\/"},"sameAs":["https:\/\/www.facebook.com\/episcopalian","https:\/\/x.com\/iamepiscopalian","https:\/\/www.youtube.com\/channel\/UCdVJpxCtK41c_-p6EaE4_2A"]}]}},"taxonomy_info":{"category":[{"value":913,"label":"Pascua 7a"},{"value":904,"label":"Pascua A"}]},"featured_image_src_large":false,"author_info":[],"comment_info":"","uagb_featured_image_src":{"full":false,"thumbnail":false,"medium":false,"medium_large":false,"large":false,"1536x1536":false,"2048x2048":false,"menu":false,"hero":false,"callout-image":false},"uagb_author_info":{"display_name":"Scott Rands","author_link":"https:\/\/www.episcopalchurch.org\/es\/author\/"},"uagb_comment_info":0,"uagb_excerpt":"LCR:\u00a0Hechos 1:6\u201314; Salmo 68:1\u201310, 33\u201336; 1 San Pedro 4:12\u201314; 5:6\u201311; San Juan 17:1\u201311 De vez en cuando uno escucha algo que en realidad no estaba destinado para uno, y aun as\u00ed ese algo termina afect\u00e1ndonos profundamente. Esto suele pasar en el pasillo de un hospital cuando alguien sale de una habitaci\u00f3n y empieza a orar&hellip;","_links":{"self":[{"href":"https:\/\/www.episcopalchurch.org\/es\/wp-json\/wp\/v2\/sermon\/345997","targetHints":{"allow":["GET"]}}],"collection":[{"href":"https:\/\/www.episcopalchurch.org\/es\/wp-json\/wp\/v2\/sermon"}],"about":[{"href":"https:\/\/www.episcopalchurch.org\/es\/wp-json\/wp\/v2\/types\/sermon"}],"wp:attachment":[{"href":"https:\/\/www.episcopalchurch.org\/es\/wp-json\/wp\/v2\/media?parent=345997"}],"wp:term":[{"taxonomy":"category","embeddable":true,"href":"https:\/\/www.episcopalchurch.org\/es\/wp-json\/wp\/v2\/categories?post=345997"}],"curies":[{"name":"wp","href":"https:\/\/api.w.org\/{rel}","templated":true}]}}