{"id":346007,"date":"2026-04-27T12:56:44","date_gmt":"2026-04-27T16:56:44","guid":{"rendered":"https:\/\/www.episcopalchurch.org\/?post_type=sermon&#038;p=346007"},"modified":"2026-04-27T12:56:46","modified_gmt":"2026-04-27T16:56:46","slug":"dia-de-pentecostes-a-24-de-maio-de-2026","status":"publish","type":"sermon","link":"https:\/\/www.episcopalchurch.org\/es\/sermon\/dia-de-pentecostes-a-24-de-maio-de-2026\/","title":{"rendered":"D\u00eda de Pentecost\u00e9s (A)\u00a0\u2013 24 de maio de 2026"},"content":{"rendered":"\n<p><strong>LCR:&nbsp;<\/strong><strong>Hechos 2:1\u201321 o N\u00fameros 11:24\u201330; Salmo 104:25\u201335,37; 1 Corintios 12:3b\u201313 o Hechos 2:1\u201321; San Juan 20:19\u201323 o&nbsp;San Juan 7:37\u201339.<\/strong><strong><\/strong><\/p>\n\n\n\n<p><em>\u201cSorpresa y asombro\u201d<\/em><\/p>\n\n\n\n<p>\u00a1Hoy celebramos Pentecost\u00e9s! Lo primero que se nos invita a sentir es eso mismo que sintieron los disc\u00edpulos y la comunidad de Jerusal\u00e9n:&nbsp;<strong>sorpresa y asombro<\/strong>. Porque Pentecost\u00e9s no es una celebraci\u00f3n ordenada y c\u00f3moda; es la irrupci\u00f3n del Esp\u00edritu Santo, y su presencia produce ruido, fuego, calor, multitud como lo describe los Hechos de los Ap\u00f3stoles. \u00bfPodemos sentir su presencia hoy en esta celebraci\u00f3n de Pentecost\u00e9s?<\/p>\n\n\n\n<p>La presencia del Esp\u00edritu causa una aparente confusi\u00f3n porque re\u00fane multitudes de personas que gritan llenas de j\u00fabilo y celebran con una alegr\u00eda desbordante; pero pronto el bullicio se convierte en entendimiento y comprensi\u00f3n en medio de la gran diversidad. Dice la palabra que la gente escuchaba el mensaje en sus propios idiomas. \u00a1La diversidad en armon\u00eda! eso s\u00f3lo lo hace la presencia del Esp\u00edritu Santo.<\/p>\n\n\n<div class=\"wp-block-image\">\n<figure class=\"alignright size-large is-resized\"><img loading=\"lazy\" decoding=\"async\" width=\"1024\" height=\"576\" src=\"https:\/\/www.episcopalchurch.org\/wp-content\/uploads\/2026\/04\/Dia-de-Pentecostes-A-sermon-1024x576.png\" alt=\"\" class=\"wp-image-346008\" style=\"width:512px\" srcset=\"https:\/\/www.episcopalchurch.org\/wp-content\/uploads\/2026\/04\/Dia-de-Pentecostes-A-sermon-1024x576.png 1024w, https:\/\/www.episcopalchurch.org\/wp-content\/uploads\/2026\/04\/Dia-de-Pentecostes-A-sermon-300x169.png 300w, https:\/\/www.episcopalchurch.org\/wp-content\/uploads\/2026\/04\/Dia-de-Pentecostes-A-sermon-768x432.png 768w, https:\/\/www.episcopalchurch.org\/wp-content\/uploads\/2026\/04\/Dia-de-Pentecostes-A-sermon-1536x864.png 1536w, https:\/\/www.episcopalchurch.org\/wp-content\/uploads\/2026\/04\/Dia-de-Pentecostes-A-sermon-480x270.png 480w, https:\/\/www.episcopalchurch.org\/wp-content\/uploads\/2026\/04\/Dia-de-Pentecostes-A-sermon.png 1920w\" sizes=\"auto, (max-width: 1024px) 100vw, 1024px\" \/><\/figure><\/div>\n\n\n<p>Sabemos que Pentecost\u00e9s era una fiesta concurrida, muy importante para el pueblo jud\u00edo. Llegaban gentes de todas partes, como en nuestras ferias y fiestas, por lo tanto, hablaban distintas lenguas; hab\u00eda diferentes culturas con diversas historias y maneras de ver el mundo. Era una fiesta religiosa y cultural, y tal vez comercial, profundamente&nbsp;multinacional, multicultural y multiling\u00fce. Y en medio de esa diversidad sucedi\u00f3 algo inesperado. No es que todos empiecen a hablar el mismo idioma. No desaparecen las diferencias, no se uniforman todos; es algo mucho m\u00e1s profundo: todos, en la diversidad, comienzan a entenderse. Eso s\u00f3lo lo hace el Esp\u00edritu de Dios.<\/p>\n\n\n\n<p>La presencia del Esp\u00edritu no es la eliminaci\u00f3n de la diversidad, sino la capacidad de vivirla en unidad. Esto contrasta con otra historia b\u00edblica: la torre de Babel. All\u00e1 la diversidad significaba divisi\u00f3n, confusi\u00f3n, ruptura, desconfianza y separaci\u00f3n. Pentecost\u00e9s es todo lo contrario: personas diferentes que, hablando distinto, se comprenden. La diversidad jam\u00e1s es un problema. Lo que es problema es la ausencia del Esp\u00edritu. Cuando el Esp\u00edritu est\u00e1 presente hay entendimiento, respeto, escucha y comunidad. Cuando el Esp\u00edritu est\u00e1 ausente abunda el miedo, la ruptura aumenta, se acent\u00faa la exclusi\u00f3n y el rechazo se convierte en una manera de ser.&nbsp;<\/p>\n\n\n\n<p>Hoy, al ver nuestra comunidad, \u00bfpodemos celebrar con alegr\u00eda<strong>&nbsp;<\/strong>su diversidad? \u00bfQu\u00e9 nos sorprende y asombra aqu\u00ed? Si hoy, en esta iglesia se abraza lo distinto, eso no es casualidad, eso es presencia del Esp\u00edritu de Dios. Pentecost\u00e9s para nosotros no es solamente el recibimiento de la Ley Antigua, es tambi\u00e9n el nacimiento de una nueva Iglesia. Pero no de cualquier iglesia, sino la de Jes\u00fas, la del Esp\u00edritu Santo. Y la Iglesia del Esp\u00edritu es la de la diversidad, una que se pregunta con honestidad \u00bfC\u00f3mo estamos sirviendo a la causa de Jes\u00fas en su mundo rico y diverso? El Esp\u00edritu tiene fuerza y nos empuja \u201chasta los confines del mundo\u201d. No hacia lo c\u00f3modo, lo conocido, lo igual, sino hacia el encuentro con el otro. El otro que habla distinto, piensa diferente, ama de otra manera, pero que ama, vive, cree y celebra su fe a su manera.&nbsp;<\/p>\n\n\n\n<p>Hoy hablamos mucho de diversidad: de g\u00e9nero, culturas, estrato social y econ\u00f3mico, de espiritualidades, maneras de pensar, celebrar y creer. Y s\u00ed, a veces comprender y celebrar esa diversidad se hace dif\u00edcil. Sabemos que entre personas que hablan el mismo idioma no se entienden; familias que hablan el mismo idioma se destruyen y fragmentan; comunidades se dividen, no por el idioma, la cultura o la fe, sino por razones pol\u00edticas, econ\u00f3micas, por la manera de comprender y vivir la sexualidad, por el rol de la mujer y del hombre, por las pol\u00edticas y leyes migratorias, y temas como la guerra de Estados Unidos, Israel, Ir\u00e1n, Ucrania, Rusia.<\/p>\n\n\n\n<p>Hoy hay muchas herramientas para comunicarnos, como la inteligencia artificial, los aud\u00edfonos que nos traducen, las aplicaciones que nos permiten escuchar todo en varios idiomas, interpretes por todas partes y, aun as\u00ed, con todas esas herramientas, la comunicaci\u00f3n sigue siendo imperfecta, escasa y a veces dominante. El mundo no quiere comprenderse a pesar de que aumentan los medios de comunicaci\u00f3n. \u00bfPor qu\u00e9? Porque entenderse no es s\u00f3lo cuesti\u00f3n de palabras, sino del Esp\u00edritu. Pentecost\u00e9s nos ense\u00f1a esto: No se trata s\u00f3lo de lenguas, sino de corazones abiertos. No es cuesti\u00f3n de hablar, sino tambi\u00e9n de escuchar al otro. No se trata de imponer, se trata de reconocer la voz del otro como otro, que lo necesito para ser y vivir. Todas las voces importan, incluso la del d\u00e9bil y despreciado.<\/p>\n\n\n\n<p>Hoy el Evangelio de Juan nos da otra imagen de Iglesia. Al comienzo nos sit\u00faa en una iglesia encerrada, con miedo, con las puertas cerradas: la iglesia sin el Esp\u00edritu. Sabemos claramente que una iglesia sin la gu\u00eda del Esp\u00edritu es una iglesia muerta. Pero luego nos dice Juan que Jes\u00fas entra y dice: \u201cLa paz est\u00e9 con ustedes\u201d. Y luego sopla y les infunde el Esp\u00edritu, el mismo de la creaci\u00f3n, para una nueva creaci\u00f3n, un nuevo inicio. La paz y el Esp\u00edritu van juntos. Esto es fundamental: No puede haber una Iglesia que promueva la guerra y diga que sigue a Jes\u00fas. La Iglesia pierde su esencia cuando justifica la violencia, incluso por razones religiosas. La historia nos recuerda momentos en que la Iglesia us\u00f3 la fuerza, la imposici\u00f3n, la exclusi\u00f3n. Pero hoy, con humildad debemos decir que eso fue un error, fue anti-testimonio. El Esp\u00edritu nos gu\u00eda por el camino del di\u00e1logo, la reconciliaci\u00f3n, el perd\u00f3n y la paz. En otras palabras, al entendimiento. Porque Jes\u00fas no dijo: defi\u00e9ndanse y ganen la guerra que yo estoy con ustedes todos los d\u00edas; \u00e9l dijo:&nbsp;\u201cLa paz est\u00e9 con ustedes\u201d y \u201cUstedes son mis testigos\u201d del amor y de la paz. Luego a\u00f1adi\u00f3: \u201cReciban el Esp\u00edritu Santo\u2026 a quienes perdonen\u2026\u201d. La Iglesia de Jes\u00fas y de sus seguidores es una Iglesia del<strong>&nbsp;<\/strong>perd\u00f3n, que tambi\u00e9n es don del Esp\u00edritu. No hay comunidad diversa sin perd\u00f3n.<\/p>\n\n\n\n<p>Pentecost\u00e9s nos invita a algo nuevo y radical: A construir una nueva humanidad, una nueva manera de ser Iglesia, de relacionarnos y convivir; una Iglesia y un mundo donde la diversidad no se tolera, sino que se celebra; donde las diferencias no se esconden, se honran y se respetan; donde las voces no se silencian, se escuchan. Cada vez que alguien diferente es bienvenido, que alguien es escuchado, que elegimos la paz en lugar del conflicto, que celebramos la diversidad, el Esp\u00edritu est\u00e1 presente, es Pentecost\u00e9s, hay Iglesia, hay celebraci\u00f3n.<\/p>\n\n\n\n<p>Salgamos hoy con la certeza de no tener miedo. No cerremos las puertas a la diversidad, no aceptemos ni fomentemos la exclusi\u00f3n. Porque somos la Iglesia de Jes\u00fas, la del Esp\u00edritu. Y donde est\u00e1 el Esp\u00edritu hay vida, unidad y diversidad; hay comprensi\u00f3n, entendimiento y paz; hay profundo asombro y grandes sorpresas. As\u00ed es la obra del Esp\u00edritu. Am\u00e9n.<\/p>\n\n\n\n<p><strong><em>El Rev. Fabio Sotelo<\/em><\/strong><em>&nbsp;es rector de la Iglesia San Eduardo, en Lawrenceville, Georgia, una parroquia biling\u00fce. El recibi\u00f3 una maestr\u00eda en Filosof\u00eda y Literatura en la Universidad Santo Tomas de Bogot\u00e1, Colombia, una maestr\u00eda en Teolog\u00eda en la Universidad de Santa Mar\u00eda, Emmitsburg, Maryland y actualmente prepara su tesis doctoral en Liturgia en la Universidad del Sur, Suwannee, Tennessee.<\/em><\/p>\n\n\n\n<div class=\"wp-block-file\"><a id=\"wp-block-file--media-901bbfd4-f991-40be-a9fe-431ed775b66b\" href=\"https:\/\/www.episcopalchurch.org\/wp-content\/uploads\/2026\/04\/Dia-de-Pentecostes-A-sermon.docx\">Word &#8211; D\u00eda de Pentecost\u00e9s A serm\u00f3n<\/a><a href=\"https:\/\/www.episcopalchurch.org\/wp-content\/uploads\/2026\/04\/Dia-de-Pentecostes-A-sermon.docx\" class=\"wp-block-file__button wp-element-button\" download aria-describedby=\"wp-block-file--media-901bbfd4-f991-40be-a9fe-431ed775b66b\">Descargar<\/a><\/div>\n\n\n\n<div class=\"wp-block-file\"><a id=\"wp-block-file--media-db32b357-6df5-42cc-8146-fa2d0f8a5b8d\" href=\"https:\/\/www.episcopalchurch.org\/wp-content\/uploads\/2026\/04\/Dia-de-Pentecostes-A-sermon.pdf\">PDF &#8211; D\u00eda de Pentecost\u00e9s A serm\u00f3n<\/a><a href=\"https:\/\/www.episcopalchurch.org\/wp-content\/uploads\/2026\/04\/Dia-de-Pentecostes-A-sermon.pdf\" class=\"wp-block-file__button wp-element-button\" download aria-describedby=\"wp-block-file--media-db32b357-6df5-42cc-8146-fa2d0f8a5b8d\">Descargar<\/a><\/div>\n","protected":false},"featured_media":0,"template":"","meta":{"_acf_changed":true,"_uag_custom_page_level_css":"","_kad_blocks_custom_css":"","_kad_blocks_head_custom_js":"","_kad_blocks_body_custom_js":"","_kad_blocks_footer_custom_js":"","_kadence_starter_templates_imported_post":false,"_links_to":"","_links_to_target":""},"categories":[917,904],"class_list":["post-346007","sermon","type-sermon","status-publish","hentry","category-dia-de-pentecostes-a","category-pascua-a"],"acf":{"drupal_id":"","lectionary_id":false,"sermon_date":"2026-05-24","sermon_other_translation":false,"sermon_language":"","author_id":168893},"yoast_head":"<!-- This site is optimized with the Yoast SEO Premium plugin v24.6 (Yoast SEO v26.3) - https:\/\/yoast.com\/wordpress\/plugins\/seo\/ -->\n<title>D\u00eda de Pentecost\u00e9s (A)\u00a0\u2013 24 de maio de 2026 &#8211; The Episcopal Church<\/title>\n<meta name=\"robots\" content=\"index, follow, max-snippet:-1, max-image-preview:large, max-video-preview:-1\" \/>\n<link rel=\"canonical\" href=\"https:\/\/www.episcopalchurch.org\/es\/sermon\/dia-de-pentecostes-a-24-de-maio-de-2026\/\" \/>\n<meta property=\"og:locale\" content=\"es_ES\" \/>\n<meta property=\"og:type\" content=\"article\" \/>\n<meta property=\"og:title\" content=\"D\u00eda de Pentecost\u00e9s (A)\u00a0\u2013 24 de maio de 2026\" \/>\n<meta property=\"og:description\" content=\"LCR:&nbsp;Hechos 2:1\u201321 o N\u00fameros 11:24\u201330; Salmo 104:25\u201335,37; 1 Corintios 12:3b\u201313 o Hechos 2:1\u201321; San Juan 20:19\u201323 o&nbsp;San Juan 7:37\u201339. \u201cSorpresa y asombro\u201d \u00a1Hoy celebramos Pentecost\u00e9s! Lo primero que se nos invita a sentir es eso mismo que sintieron los disc\u00edpulos y la comunidad de Jerusal\u00e9n:&nbsp;sorpresa y asombro. Porque Pentecost\u00e9s no es una celebraci\u00f3n ordenada y [&hellip;]\" \/>\n<meta property=\"og:url\" content=\"https:\/\/www.episcopalchurch.org\/es\/sermon\/dia-de-pentecostes-a-24-de-maio-de-2026\/\" \/>\n<meta property=\"og:site_name\" content=\"The Episcopal Church\" \/>\n<meta property=\"article:publisher\" content=\"https:\/\/www.facebook.com\/episcopalian\" \/>\n<meta property=\"article:modified_time\" content=\"2026-04-27T16:56:46+00:00\" \/>\n<meta property=\"og:image\" content=\"https:\/\/www.episcopalchurch.org\/wp-content\/uploads\/2026\/04\/Dia-de-Pentecostes-A-sermon.png\" \/>\n\t<meta property=\"og:image:width\" content=\"1920\" \/>\n\t<meta property=\"og:image:height\" content=\"1080\" \/>\n\t<meta property=\"og:image:type\" content=\"image\/png\" \/>\n<meta name=\"twitter:card\" content=\"summary_large_image\" \/>\n<meta name=\"twitter:site\" content=\"@iamepiscopalian\" \/>\n<meta name=\"twitter:label1\" content=\"Est. reading time\" \/>\n\t<meta name=\"twitter:data1\" content=\"6 minutes\" \/>\n<script type=\"application\/ld+json\" class=\"yoast-schema-graph\">{\"@context\":\"https:\/\/schema.org\",\"@graph\":[{\"@type\":\"WebPage\",\"@id\":\"https:\/\/www.episcopalchurch.org\/es\/sermon\/dia-de-pentecostes-a-24-de-maio-de-2026\/\",\"url\":\"https:\/\/www.episcopalchurch.org\/es\/sermon\/dia-de-pentecostes-a-24-de-maio-de-2026\/\",\"name\":\"D\u00eda de Pentecost\u00e9s (A)\u00a0\u2013 24 de maio de 2026 &#8211; The Episcopal Church\",\"isPartOf\":{\"@id\":\"https:\/\/www.episcopalchurch.org\/#website\"},\"primaryImageOfPage\":{\"@id\":\"https:\/\/www.episcopalchurch.org\/es\/sermon\/dia-de-pentecostes-a-24-de-maio-de-2026\/#primaryimage\"},\"image\":{\"@id\":\"https:\/\/www.episcopalchurch.org\/es\/sermon\/dia-de-pentecostes-a-24-de-maio-de-2026\/#primaryimage\"},\"thumbnailUrl\":\"https:\/\/www.episcopalchurch.org\/wp-content\/uploads\/2026\/04\/Dia-de-Pentecostes-A-sermon-1024x576.png\",\"datePublished\":\"2026-04-27T16:56:44+00:00\",\"dateModified\":\"2026-04-27T16:56:46+00:00\",\"breadcrumb\":{\"@id\":\"https:\/\/www.episcopalchurch.org\/es\/sermon\/dia-de-pentecostes-a-24-de-maio-de-2026\/#breadcrumb\"},\"inLanguage\":\"es-ES\",\"potentialAction\":[{\"@type\":\"ReadAction\",\"target\":[\"https:\/\/www.episcopalchurch.org\/es\/sermon\/dia-de-pentecostes-a-24-de-maio-de-2026\/\"]}]},{\"@type\":\"ImageObject\",\"inLanguage\":\"es-ES\",\"@id\":\"https:\/\/www.episcopalchurch.org\/es\/sermon\/dia-de-pentecostes-a-24-de-maio-de-2026\/#primaryimage\",\"url\":\"https:\/\/www.episcopalchurch.org\/wp-content\/uploads\/2026\/04\/Dia-de-Pentecostes-A-sermon-1024x576.png\",\"contentUrl\":\"https:\/\/www.episcopalchurch.org\/wp-content\/uploads\/2026\/04\/Dia-de-Pentecostes-A-sermon-1024x576.png\"},{\"@type\":\"BreadcrumbList\",\"@id\":\"https:\/\/www.episcopalchurch.org\/es\/sermon\/dia-de-pentecostes-a-24-de-maio-de-2026\/#breadcrumb\",\"itemListElement\":[{\"@type\":\"ListItem\",\"position\":1,\"name\":\"Home\",\"item\":\"https:\/\/www.episcopalchurch.org\/\"},{\"@type\":\"ListItem\",\"position\":2,\"name\":\"D\u00eda de Pentecost\u00e9s (A)\u00a0\u2013 24 de maio de 2026\"}]},{\"@type\":\"WebSite\",\"@id\":\"https:\/\/www.episcopalchurch.org\/#website\",\"url\":\"https:\/\/www.episcopalchurch.org\/\",\"name\":\"The Episcopal Church\",\"description\":\"Welcomes You\",\"publisher\":{\"@id\":\"https:\/\/www.episcopalchurch.org\/#organization\"},\"potentialAction\":[{\"@type\":\"SearchAction\",\"target\":{\"@type\":\"EntryPoint\",\"urlTemplate\":\"https:\/\/www.episcopalchurch.org\/?s={search_term_string}\"},\"query-input\":{\"@type\":\"PropertyValueSpecification\",\"valueRequired\":true,\"valueName\":\"search_term_string\"}}],\"inLanguage\":\"es-ES\"},{\"@type\":\"Organization\",\"@id\":\"https:\/\/www.episcopalchurch.org\/#organization\",\"name\":\"The Episcopal Church\",\"url\":\"https:\/\/www.episcopalchurch.org\/\",\"logo\":{\"@type\":\"ImageObject\",\"inLanguage\":\"es-ES\",\"@id\":\"https:\/\/www.episcopalchurch.org\/#\/schema\/logo\/image\/\",\"url\":\"https:\/\/www.episcopalchurch.org\/wp-content\/uploads\/2021\/01\/vertical_episcopal_logo.jpg\",\"contentUrl\":\"https:\/\/www.episcopalchurch.org\/wp-content\/uploads\/2021\/01\/vertical_episcopal_logo.jpg\",\"width\":770,\"height\":662,\"caption\":\"The Episcopal Church\"},\"image\":{\"@id\":\"https:\/\/www.episcopalchurch.org\/#\/schema\/logo\/image\/\"},\"sameAs\":[\"https:\/\/www.facebook.com\/episcopalian\",\"https:\/\/x.com\/iamepiscopalian\",\"https:\/\/www.youtube.com\/channel\/UCdVJpxCtK41c_-p6EaE4_2A\"]}]}<\/script>\n<!-- \/ Yoast SEO Premium plugin. -->","yoast_head_json":{"title":"D\u00eda de Pentecost\u00e9s (A)\u00a0\u2013 24 de maio de 2026 &#8211; The Episcopal Church","robots":{"index":"index","follow":"follow","max-snippet":"max-snippet:-1","max-image-preview":"max-image-preview:large","max-video-preview":"max-video-preview:-1"},"canonical":"https:\/\/www.episcopalchurch.org\/es\/sermon\/dia-de-pentecostes-a-24-de-maio-de-2026\/","og_locale":"es_ES","og_type":"article","og_title":"D\u00eda de Pentecost\u00e9s (A)\u00a0\u2013 24 de maio de 2026","og_description":"LCR:&nbsp;Hechos 2:1\u201321 o N\u00fameros 11:24\u201330; Salmo 104:25\u201335,37; 1 Corintios 12:3b\u201313 o Hechos 2:1\u201321; San Juan 20:19\u201323 o&nbsp;San Juan 7:37\u201339. \u201cSorpresa y asombro\u201d \u00a1Hoy celebramos Pentecost\u00e9s! Lo primero que se nos invita a sentir es eso mismo que sintieron los disc\u00edpulos y la comunidad de Jerusal\u00e9n:&nbsp;sorpresa y asombro. Porque Pentecost\u00e9s no es una celebraci\u00f3n ordenada y [&hellip;]","og_url":"https:\/\/www.episcopalchurch.org\/es\/sermon\/dia-de-pentecostes-a-24-de-maio-de-2026\/","og_site_name":"The Episcopal Church","article_publisher":"https:\/\/www.facebook.com\/episcopalian","article_modified_time":"2026-04-27T16:56:46+00:00","og_image":[{"width":1920,"height":1080,"url":"https:\/\/www.episcopalchurch.org\/wp-content\/uploads\/2026\/04\/Dia-de-Pentecostes-A-sermon.png","type":"image\/png"}],"twitter_card":"summary_large_image","twitter_site":"@iamepiscopalian","twitter_misc":{"Est. reading time":"6 minutes"},"schema":{"@context":"https:\/\/schema.org","@graph":[{"@type":"WebPage","@id":"https:\/\/www.episcopalchurch.org\/es\/sermon\/dia-de-pentecostes-a-24-de-maio-de-2026\/","url":"https:\/\/www.episcopalchurch.org\/es\/sermon\/dia-de-pentecostes-a-24-de-maio-de-2026\/","name":"D\u00eda de Pentecost\u00e9s (A)\u00a0\u2013 24 de maio de 2026 &#8211; The Episcopal Church","isPartOf":{"@id":"https:\/\/www.episcopalchurch.org\/#website"},"primaryImageOfPage":{"@id":"https:\/\/www.episcopalchurch.org\/es\/sermon\/dia-de-pentecostes-a-24-de-maio-de-2026\/#primaryimage"},"image":{"@id":"https:\/\/www.episcopalchurch.org\/es\/sermon\/dia-de-pentecostes-a-24-de-maio-de-2026\/#primaryimage"},"thumbnailUrl":"https:\/\/www.episcopalchurch.org\/wp-content\/uploads\/2026\/04\/Dia-de-Pentecostes-A-sermon-1024x576.png","datePublished":"2026-04-27T16:56:44+00:00","dateModified":"2026-04-27T16:56:46+00:00","breadcrumb":{"@id":"https:\/\/www.episcopalchurch.org\/es\/sermon\/dia-de-pentecostes-a-24-de-maio-de-2026\/#breadcrumb"},"inLanguage":"es-ES","potentialAction":[{"@type":"ReadAction","target":["https:\/\/www.episcopalchurch.org\/es\/sermon\/dia-de-pentecostes-a-24-de-maio-de-2026\/"]}]},{"@type":"ImageObject","inLanguage":"es-ES","@id":"https:\/\/www.episcopalchurch.org\/es\/sermon\/dia-de-pentecostes-a-24-de-maio-de-2026\/#primaryimage","url":"https:\/\/www.episcopalchurch.org\/wp-content\/uploads\/2026\/04\/Dia-de-Pentecostes-A-sermon-1024x576.png","contentUrl":"https:\/\/www.episcopalchurch.org\/wp-content\/uploads\/2026\/04\/Dia-de-Pentecostes-A-sermon-1024x576.png"},{"@type":"BreadcrumbList","@id":"https:\/\/www.episcopalchurch.org\/es\/sermon\/dia-de-pentecostes-a-24-de-maio-de-2026\/#breadcrumb","itemListElement":[{"@type":"ListItem","position":1,"name":"Home","item":"https:\/\/www.episcopalchurch.org\/"},{"@type":"ListItem","position":2,"name":"D\u00eda de Pentecost\u00e9s (A)\u00a0\u2013 24 de maio de 2026"}]},{"@type":"WebSite","@id":"https:\/\/www.episcopalchurch.org\/#website","url":"https:\/\/www.episcopalchurch.org\/","name":"The Episcopal Church","description":"Welcomes You","publisher":{"@id":"https:\/\/www.episcopalchurch.org\/#organization"},"potentialAction":[{"@type":"SearchAction","target":{"@type":"EntryPoint","urlTemplate":"https:\/\/www.episcopalchurch.org\/?s={search_term_string}"},"query-input":{"@type":"PropertyValueSpecification","valueRequired":true,"valueName":"search_term_string"}}],"inLanguage":"es-ES"},{"@type":"Organization","@id":"https:\/\/www.episcopalchurch.org\/#organization","name":"The Episcopal Church","url":"https:\/\/www.episcopalchurch.org\/","logo":{"@type":"ImageObject","inLanguage":"es-ES","@id":"https:\/\/www.episcopalchurch.org\/#\/schema\/logo\/image\/","url":"https:\/\/www.episcopalchurch.org\/wp-content\/uploads\/2021\/01\/vertical_episcopal_logo.jpg","contentUrl":"https:\/\/www.episcopalchurch.org\/wp-content\/uploads\/2021\/01\/vertical_episcopal_logo.jpg","width":770,"height":662,"caption":"The Episcopal Church"},"image":{"@id":"https:\/\/www.episcopalchurch.org\/#\/schema\/logo\/image\/"},"sameAs":["https:\/\/www.facebook.com\/episcopalian","https:\/\/x.com\/iamepiscopalian","https:\/\/www.youtube.com\/channel\/UCdVJpxCtK41c_-p6EaE4_2A"]}]}},"taxonomy_info":{"category":[{"value":917,"label":"D\u00eda de Pentecost\u00e9s A"},{"value":904,"label":"Pascua A"}]},"featured_image_src_large":false,"author_info":[],"comment_info":"","uagb_featured_image_src":{"full":false,"thumbnail":false,"medium":false,"medium_large":false,"large":false,"1536x1536":false,"2048x2048":false,"menu":false,"hero":false,"callout-image":false},"uagb_author_info":{"display_name":"Scott Rands","author_link":"https:\/\/www.episcopalchurch.org\/es\/author\/"},"uagb_comment_info":0,"uagb_excerpt":"LCR:&nbsp;Hechos 2:1\u201321 o N\u00fameros 11:24\u201330; Salmo 104:25\u201335,37; 1 Corintios 12:3b\u201313 o Hechos 2:1\u201321; San Juan 20:19\u201323 o&nbsp;San Juan 7:37\u201339. \u201cSorpresa y asombro\u201d \u00a1Hoy celebramos Pentecost\u00e9s! Lo primero que se nos invita a sentir es eso mismo que sintieron los disc\u00edpulos y la comunidad de Jerusal\u00e9n:&nbsp;sorpresa y asombro. Porque Pentecost\u00e9s no es una celebraci\u00f3n ordenada y&hellip;","_links":{"self":[{"href":"https:\/\/www.episcopalchurch.org\/es\/wp-json\/wp\/v2\/sermon\/346007","targetHints":{"allow":["GET"]}}],"collection":[{"href":"https:\/\/www.episcopalchurch.org\/es\/wp-json\/wp\/v2\/sermon"}],"about":[{"href":"https:\/\/www.episcopalchurch.org\/es\/wp-json\/wp\/v2\/types\/sermon"}],"wp:attachment":[{"href":"https:\/\/www.episcopalchurch.org\/es\/wp-json\/wp\/v2\/media?parent=346007"}],"wp:term":[{"taxonomy":"category","embeddable":true,"href":"https:\/\/www.episcopalchurch.org\/es\/wp-json\/wp\/v2\/categories?post=346007"}],"curies":[{"name":"wp","href":"https:\/\/api.w.org\/{rel}","templated":true}]}}